{"id":20708,"date":"2020-10-30T12:36:26","date_gmt":"2020-10-30T12:36:26","guid":{"rendered":"https:\/\/resiplus.dagocreativo.com\/integracions-resiplus\/"},"modified":"2026-04-23T15:56:56","modified_gmt":"2026-04-23T14:56:56","slug":"integracions-resiplus","status":"publish","type":"page","link":"https:\/\/addinformatica.com\/ca\/integracions-resiplus\/","title":{"rendered":"Integracions"},"content":{"rendered":"\n\n\t<section class=\"section\" id=\"section_1959018758\">\n\t\t<div class=\"section-bg fill\" >\n\t\t\t\t\t\t\t\t\t\n\t\t\t\n\n\t\t<\/div>\n\n\t\t\n\n\t\t<div class=\"section-content relative\">\n\t\t\t\n\n\t<div id=\"text-3912437908\" class=\"text\">\n\t\t\n\n<h4><b>INTEGRACIONS<\/b><\/h4>\n\t\t\n<style>\n#text-3912437908 {\n  text-align: center;\n  color: rgb(0,0,0);\n}\n#text-3912437908 > * {\n  color: rgb(0,0,0);\n}\n<\/style>\n\t<\/div>\n\t\n\t<div id=\"gap-540416516\" class=\"gap-element clearfix\" style=\"display:block; height:auto;\">\n\t\t\n<style>\n#gap-540416516 {\n  padding-top: 30px;\n}\n<\/style>\n\t<\/div>\n\t\n\n\t<div id=\"text-744479462\" class=\"text subheader-text\">\n\t\t\n\n<p>Hi ha un programari que faci tot el que necessiteu? i que ho faci b\u00e9? Resi<b>Plus<\/b><sup>\u00ae<\/sup>; una soluci\u00f3 global que &nbsp;<b>integra amb tot el que pugui necessitar.<\/b><\/p>\n\t\t\n<style>\n#text-744479462 {\n  text-align: center;\n  color: rgb(0,0,0);\n}\n#text-744479462 > * {\n  color: rgb(0,0,0);\n}\n<\/style>\n\t<\/div>\n\t\n\t<div id=\"gap-1625910170\" class=\"gap-element clearfix\" style=\"display:block; height:auto;\">\n\t\t\n<style>\n#gap-1625910170 {\n  padding-top: 30px;\n}\n<\/style>\n\t<\/div>\n\t\n\n<div class=\"row align-middle\"  id=\"row-1593550972\">\n\n\n\t<div id=\"col-745128369\" class=\"col medium-6 small-12 large-6\"  >\n\t\t\t\t<div class=\"col-inner text-center\"  >\n\t\t\t\n\t\t\t\n\n\t<div class=\"img has-hover x md-x lg-x y md-y lg-y\" id=\"image_578075795\">\n\t\t\t\t\t\t\t\t<div class=\"img-inner dark\" >\n\t\t\t<img loading=\"lazy\" decoding=\"async\" width=\"756\" height=\"638\" src=\"https:\/\/addinformatica.com\/wp-content\/uploads\/2021\/03\/integraciones-3.png\" class=\"attachment-original size-original\" alt=\"\" srcset=\"https:\/\/addinformatica.com\/wp-content\/uploads\/2021\/03\/integraciones-3.png 756w, https:\/\/addinformatica.com\/wp-content\/uploads\/2021\/03\/integraciones-3-300x253.png 300w\" sizes=\"auto, (max-width: 756px) 100vw, 756px\" \/>\t\t\t\t\t\t\n\t\t\t\t\t<\/div>\n\t\t\t\t\t\t\t\t\n<style>\n#image_578075795 {\n  width: 90%;\n}\n<\/style>\n\t<\/div>\n\t\n\n\n\t\t<\/div>\n\t\t\t\t\t<\/div>\n\n\t\n\n\t<div id=\"col-1982229190\" class=\"col medium-6 small-12 large-6\"  >\n\t\t\t\t<div class=\"col-inner\"  >\n\t\t\t\n\t\t\t\n\n\t<div class=\"img has-hover logo-integraciones x md-x lg-x y md-y lg-y\" id=\"image_811072253\">\n\t\t\t\t\t\t\t\t<div class=\"img-inner dark\" >\n\t\t\t<img loading=\"lazy\" decoding=\"async\" width=\"314\" height=\"113\" src=\"https:\/\/addinformatica.com\/wp-content\/uploads\/2021\/09\/resiplus-parte-equipo-ca.png\" class=\"attachment-original size-original\" alt=\"\" srcset=\"https:\/\/addinformatica.com\/wp-content\/uploads\/2021\/09\/resiplus-parte-equipo-ca.png 314w, https:\/\/addinformatica.com\/wp-content\/uploads\/2021\/09\/resiplus-parte-equipo-ca-300x108.png 300w\" sizes=\"auto, (max-width: 314px) 100vw, 314px\" \/>\t\t\t\t\t\t\n\t\t\t\t\t<\/div>\n\t\t\t\t\t\t\t\t\n<style>\n#image_811072253 {\n  width: 30%;\n}\n<\/style>\n\t<\/div>\n\t\n\n\t<div id=\"text-3828705172\" class=\"text\">\n\t\t\n\n<p>Aprofiteu al m\u00e0xim els vostres dispositius i aplicacions espec\u00edfiques, treballeu amb tot l&#8217;equip de forma centralitzada i optimitzeu els temps i la inversi\u00f3 realitzada. El nostre sistema integra amb els principals prove\u00efdors del sector, permetent que la informaci\u00f3 flueixi entre diferents solucions.<\/p>\n\t\t\n<style>\n#text-3828705172 {\n  text-align: left;\n  color: rgb(0,0,0);\n}\n#text-3828705172 > * {\n  color: rgb(0,0,0);\n}\n<\/style>\n\t<\/div>\n\t\n\n\t\t<\/div>\n\t\t\t\t\t<\/div>\n\n\t\n\n<\/div>\n\n\t\t<\/div>\n\n\t\t\n<style>\n#section_1959018758 {\n  padding-top: 30px;\n  padding-bottom: 30px;\n  background-color: rgb(235, 235, 235);\n}\n<\/style>\n\t<\/section>\n\t\n\n\t<section class=\"section desktop\" id=\"section_698834772\">\n\t\t<div class=\"section-bg fill\" >\n\t\t\t\t\t\t\t\t\t\n\t\t\t\n\n\t\t<\/div>\n\n\t\t\n\n\t\t<div class=\"section-content relative\">\n\t\t\t\n\n<div class=\"row\"  id=\"row-305919601\">\n\n\n\t<div id=\"col-1472986050\" class=\"col medium-6 small-12 large-6\"  >\n\t\t\t\t<div class=\"col-inner text-left\"  >\n\t\t\t\n\t\t\t\n\n<div class=\"container section-title-container integraciones-clasificador\" ><h4 class=\"section-title section-title-center\"><b aria-hidden=\"true\"><\/b><span class=\"section-title-main\" style=\"color:rgb(69, 48, 160);\">telemonitoritzaci\u00f3<\/span><b aria-hidden=\"true\"><\/b><\/h4><\/div>\n\n<div class=\"row\"  id=\"row-578655407\">\n\n\n\t<div id=\"col-2118494924\" class=\"col medium-6 small-12 large-6\"  >\n\t\t\t\t<div class=\"col-inner text-left\"  >\n\t\t\t\n\t\t\t\n\n\t<div class=\"box has-hover integracion-item  has-hover box-text-bottom\" >\n\n\t\t<div class=\"box-image\" >\n\t\t\t\t\t\t<div class=\"\" >\n\t\t\t\t<img loading=\"lazy\" decoding=\"async\" width=\"480\" height=\"339\" src=\"https:\/\/addinformatica.com\/wp-content\/uploads\/2022\/02\/lifehub.jpg\" class=\"attachment-original size-original\" alt=\"\" srcset=\"https:\/\/addinformatica.com\/wp-content\/uploads\/2022\/02\/lifehub.jpg 480w, https:\/\/addinformatica.com\/wp-content\/uploads\/2022\/02\/lifehub-300x212.jpg 300w\" sizes=\"auto, (max-width: 480px) 100vw, 480px\" \/>\t\t\t\t\t\t\t\t\t\t\t<\/div>\n\t\t\t\t\t<\/div>\n\n\t\t<div class=\"box-text text-left\" style=\"background-color:rgb(255, 255, 255);padding:25px 25px 25px 25px;\">\n\t\t\t<div class=\"box-text-inner\">\n\t\t\t\t\n\n\t<div id=\"text-572363760\" class=\"text\">\n\t\t\n\n<p>L&#8217;Estaci\u00f3 de Telemedicina Lifehub Pro \u00e9s l&#8217;eina perfecta per optimitzar les rutines de presa de constants vitals i proves diagn\u00f2stiques dels residents al pla de cures d&#8217;infermeria; \u00e9s ideal per planificar accions de medicina preventiva i la seva aliada en el proc\u00e9s de digitalitzaci\u00f3 del Centre Residencial.<\/p>\n<p>Les Estacions Lifehub s&#8217;integren directament amb Resi<b>Plus<\/b><sup>\u00ae<\/sup>, sense necessitat de contractar serveis amb tercers.<\/p>\n<p>Totes les nostres estacions inclouen electrocardiograma cl\u00ednic digital de 12 derivacions i monitors de tensi\u00f3 arterial, saturaci\u00f3 d&#8217;oxigen a la sang i temperatura, aix\u00ed com formularis per captura manual de dades.<\/p>\n<p>L&#8217;arquitectura modular permet ampliar en qualsevol moment la capacitat de diagn\u00f2stic incloent: monitor de glucosa, b\u00e0scula, estetoscopi digital, espir\u00f2metre, dermatoscopi, otoscopi, c\u00e0mera d&#8217;exploraci\u00f3 general, iriscopi i qualsevol altra sonda o sistema d&#8217;adquisici\u00f3 de constants vitals o dades que la resid\u00e8ncia proposi i sigui viable. Sempre amb una interf\u00edcie d&#8217;usuari homogeni per a totes les sondes, completament integrat i molt f\u00e0cil d&#8217;utilitzar.<\/p>\n<p>Opcionalment les nostres estacions Lifehub Pro poden proporcionar serveis de control remot complet, incloent v\u00eddeo, per ser incorporats a serveis de teleconsulta i optimitzar recursos de personal m\u00e8dic sense necessitat de despla\u00e7aments.<\/p>\n<p>&nbsp;<\/p>\n<p><a href=\"https:\/\/biodatadevices.es\/\" target=\"_blank\" rel=\"noreferrer noopener\">biodatadevices.es<\/a><\/p>\n\t\t\n<style>\n#text-572363760 {\n  text-align: left;\n  color: rgb(0,0,0);\n}\n#text-572363760 > * {\n  color: rgb(0,0,0);\n}\n<\/style>\n\t<\/div>\n\t\n\n\t\t\t<\/div>\n\t\t<\/div>\n\t<\/div>\n\t\n\t<div class=\"box has-hover integracion-item  has-hover box-text-bottom\" >\n\n\t\t<div class=\"box-image\" >\n\t\t\t\t\t\t<div class=\"\" >\n\t\t\t\t<img loading=\"lazy\" decoding=\"async\" width=\"750\" height=\"530\" src=\"https:\/\/addinformatica.com\/wp-content\/uploads\/2020\/10\/medicip.jpg\" class=\"attachment-original size-original\" alt=\"\" srcset=\"https:\/\/addinformatica.com\/wp-content\/uploads\/2020\/10\/medicip.jpg 750w, https:\/\/addinformatica.com\/wp-content\/uploads\/2020\/10\/medicip-300x212.jpg 300w\" sizes=\"auto, (max-width: 750px) 100vw, 750px\" \/>\t\t\t\t\t\t\t\t\t\t\t<\/div>\n\t\t\t\t\t<\/div>\n\n\t\t<div class=\"box-text text-left\" style=\"background-color:rgb(255, 255, 255);padding:25px 25px 25px 25px;\">\n\t\t\t<div class=\"box-text-inner\">\n\t\t\t\t\n\n\t<div id=\"text-2500466540\" class=\"text\">\n\t\t\n\n<p>Medicip Health integra amb Resi<b>Plus<\/b><sup>\u00ae<\/sup> el monitor multiparam\u00e8tric de Baxter, que permet la presa de constants vitals del resident en temps real i la seva disponibilitat per part del personal del centre per a la seva posterior avaluaci\u00f3. Permet controlar la temperatura, el pols, la tensi\u00f3 arterial i la saturaci\u00f3 d&#8217;oxigen. Tot es bolca de forma autom\u00e0tica, es registra el personal sanitari que n&#8217;ha fet la presa i l&#8217;hora exacta.<\/p>\n<p>\u00a0<\/p>\n<p><a href=\"https:\/\/www.mediciphealth.com\/\" target=\"_blank\" rel=\"noreferrer noopener\">mediciphealth.com<\/a><\/p>\n\t\t\n<style>\n#text-2500466540 {\n  text-align: left;\n  color: rgb(0,0,0);\n}\n#text-2500466540 > * {\n  color: rgb(0,0,0);\n}\n<\/style>\n\t<\/div>\n\t\n\n\t\t\t<\/div>\n\t\t<\/div>\n\t<\/div>\n\t\n\n\t\t<\/div>\n\t\t\t\t\t<\/div>\n\n\t\n\n\t<div id=\"col-816567730\" class=\"col medium-6 small-12 large-6\"  >\n\t\t\t\t<div class=\"col-inner\"  >\n\t\t\t\n\t\t\t\n\n\t<div class=\"box has-hover integracion-item  has-hover box-text-bottom\" >\n\n\t\t<div class=\"box-image\" >\n\t\t\t\t\t\t<div class=\"\" >\n\t\t\t\t<img loading=\"lazy\" decoding=\"async\" width=\"480\" height=\"339\" src=\"https:\/\/addinformatica.com\/wp-content\/uploads\/2021\/03\/telemedcare-480x339-1.jpg\" class=\"attachment-original size-original\" alt=\"\" srcset=\"https:\/\/addinformatica.com\/wp-content\/uploads\/2021\/03\/telemedcare-480x339-1.jpg 480w, https:\/\/addinformatica.com\/wp-content\/uploads\/2021\/03\/telemedcare-480x339-1-300x212.jpg 300w\" sizes=\"auto, (max-width: 480px) 100vw, 480px\" \/>\t\t\t\t\t\t\t\t\t\t\t<\/div>\n\t\t\t\t\t<\/div>\n\n\t\t<div class=\"box-text text-left\" style=\"background-color:rgb(255, 255, 255);padding:25px 25px 25px 25px;\">\n\t\t\t<div class=\"box-text-inner\">\n\t\t\t\t\n\n\t<div id=\"text-4292460884\" class=\"text\">\n\t\t\n\n<p>Integra Resi<b>Plus<\/b><sup>\u00ae<\/sup>&nbsp;amb la seva aplicaci\u00f3 TMC Nurse, que permet la presa de constants vitals del resident en temps real i la seva disponibilitat per part del personal del centre per a la seva posterior avaluaci\u00f3. Permet controlar tensi\u00f3, saturaci\u00f3 i temperatura a l&#8217;opci\u00f3 b\u00e0sica, integrant b\u00e0scula, gluc\u00f2metre, espir\u00f2metre i ECG com a opcional.<\/p>\n<p>&nbsp;<\/p>\n<p><a href=\"https:\/\/www.telemedcare.com\/\" target=\"_blank\" rel=\"noreferrer noopener\">telemedcare.com<\/a><\/p>\n\t\t\n<style>\n#text-4292460884 {\n  text-align: left;\n  color: rgb(0,0,0);\n}\n#text-4292460884 > * {\n  color: rgb(0,0,0);\n}\n<\/style>\n\t<\/div>\n\t\n\n\t\t\t<\/div>\n\t\t<\/div>\n\t<\/div>\n\t\n\t<div class=\"box has-hover integracion-item  has-hover box-text-bottom\" >\n\n\t\t<div class=\"box-image\" >\n\t\t\t\t\t\t<div class=\"\" >\n\t\t\t\t<img loading=\"lazy\" decoding=\"async\" width=\"480\" height=\"339\" src=\"https:\/\/addinformatica.com\/wp-content\/uploads\/2021\/03\/predictassistance-480x339-1.jpg\" class=\"attachment-original size-original\" alt=\"\" srcset=\"https:\/\/addinformatica.com\/wp-content\/uploads\/2021\/03\/predictassistance-480x339-1.jpg 480w, https:\/\/addinformatica.com\/wp-content\/uploads\/2021\/03\/predictassistance-480x339-1-300x212.jpg 300w\" sizes=\"auto, (max-width: 480px) 100vw, 480px\" \/>\t\t\t\t\t\t\t\t\t\t\t<\/div>\n\t\t\t\t\t<\/div>\n\n\t\t<div class=\"box-text text-left\" style=\"background-color:rgb(255, 255, 255);padding:25px 25px 25px 25px;\">\n\t\t\t<div class=\"box-text-inner\">\n\t\t\t\t\n\n\t<div id=\"text-125451339\" class=\"text\">\n\t\t\n\n<p>Realitzar telemonitoritzaci\u00f3 de la salut de residents directament des de Resi<b>Plus<\/b><sup>\u00ae<\/sup>, prevenir i detectar crisis amb Intel\u00b7lig\u00e8ncia artificial.<\/p>\n<p>Amb Predictassistance, usant polseres o pegats de sensors m\u00e8dics que porta el resident, mesura temperatura, saturaci\u00f3 oxigen, tensi\u00f3, hidrataci\u00f3 i altres constants de forma autom\u00e0tica, i accedeixi a les dades directament i autom\u00e0ticament des de Resi<b>Plus<\/b><sup>\u00ae<\/sup>. Tamb\u00e9 permet detectar canvis posturals nocturns o caigudes.<\/p>\n<p>&nbsp;<\/p>\n<p><a href=\"https:\/\/predictassistance.com\/\" target=\"_blank\" rel=\"noreferrer noopener\">predictassistance.com<\/a><\/p>\n\t\t\n<style>\n#text-125451339 {\n  text-align: left;\n  color: rgb(0,0,0);\n}\n#text-125451339 > * {\n  color: rgb(0,0,0);\n}\n<\/style>\n\t<\/div>\n\t\n\n\t\t\t<\/div>\n\t\t<\/div>\n\t<\/div>\n\t\n\t<div class=\"box has-hover integracion-item  has-hover box-text-bottom\" >\n\n\t\t<div class=\"box-image\" >\n\t\t\t\t\t\t<div class=\"\" >\n\t\t\t\t<img loading=\"lazy\" decoding=\"async\" width=\"480\" height=\"339\" src=\"https:\/\/addinformatica.com\/wp-content\/uploads\/2023\/06\/televes.jpg\" class=\"attachment-original size-original\" alt=\"\" srcset=\"https:\/\/addinformatica.com\/wp-content\/uploads\/2023\/06\/televes.jpg 480w, https:\/\/addinformatica.com\/wp-content\/uploads\/2023\/06\/televes-300x212.jpg 300w\" sizes=\"auto, (max-width: 480px) 100vw, 480px\" \/>\t\t\t\t\t\t\t\t\t\t\t<\/div>\n\t\t\t\t\t<\/div>\n\n\t\t<div class=\"box-text text-left\" style=\"background-color:rgb(255, 255, 255);padding:25px 25px 25px 25px;\">\n\t\t\t<div class=\"box-text-inner\">\n\t\t\t\t\n\n\t<div id=\"text-3333705542\" class=\"text\">\n\t\t\n\n<p>El Monitor Multiparam\u00e8tric de Telev\u00e9s \u00e9s la soluci\u00f3 en mobilitat que permet digitalitzar la recollida d&#8217;informaci\u00f3 cl\u00ednique i del pla de cures, en entorns professionals basada en est\u00e0ndards i integrable amb els sistemes d&#8217;informaci\u00f3 sociosanitaris. Tota informaci\u00f3 recollida pel Monitor es visualitza en temps real en  Resi<b>Plus<\/b><sup>\u00ae<\/sup>.<\/p>\n<p>\u00a0<\/p>\n<p><a href=\"https:\/\/hospital.televes.com\/\" target=\"_blank\" rel=\"noreferrer noopener\">hospital.televes.com<\/a><\/p>\n\t\t\n<style>\n#text-3333705542 {\n  text-align: left;\n  color: rgb(0,0,0);\n}\n#text-3333705542 > * {\n  color: rgb(0,0,0);\n}\n<\/style>\n\t<\/div>\n\t\n\n\t\t\t<\/div>\n\t\t<\/div>\n\t<\/div>\n\t\n\n\t\t<\/div>\n\t\t\t\t\t<\/div>\n\n\t\n\n<\/div>\n\n\t\t<\/div>\n\t\t\t\t\t<\/div>\n\n\t\n\n\t<div id=\"col-216824055\" class=\"col medium-6 small-12 large-6\"  >\n\t\t\t\t<div class=\"col-inner\"  >\n\t\t\t\n\t\t\t\n\n<div class=\"container section-title-container integraciones-clasificador\" ><h4 class=\"section-title section-title-center\"><b aria-hidden=\"true\"><\/b><span class=\"section-title-main\" style=\"color:rgb(69, 48, 160);\">medicaci\u00f3<\/span><b aria-hidden=\"true\"><\/b><\/h4><\/div>\n\n<div class=\"row\"  id=\"row-190750143\">\n\n\n\t<div id=\"col-1641886099\" class=\"col medium-6 small-12 large-6\"  >\n\t\t\t\t<div class=\"col-inner\"  >\n\t\t\t\n\t\t\t\n\n\t<div class=\"box has-hover integracion-item  has-hover box-text-bottom\" >\n\n\t\t<div class=\"box-image\" >\n\t\t\t\t\t\t<div class=\"\" >\n\t\t\t\t<img loading=\"lazy\" decoding=\"async\" width=\"750\" height=\"530\" src=\"https:\/\/addinformatica.com\/wp-content\/uploads\/2022\/09\/farmadosis.jpg\" class=\"attachment-original size-original\" alt=\"\" srcset=\"https:\/\/addinformatica.com\/wp-content\/uploads\/2022\/09\/farmadosis.jpg 750w, https:\/\/addinformatica.com\/wp-content\/uploads\/2022\/09\/farmadosis-300x212.jpg 300w\" sizes=\"auto, (max-width: 750px) 100vw, 750px\" \/>\t\t\t\t\t\t\t\t\t\t\t<\/div>\n\t\t\t\t\t<\/div>\n\n\t\t<div class=\"box-text text-left\" style=\"background-color:rgb(255, 255, 255);padding:25px 25px 25px 25px;\">\n\t\t\t<div class=\"box-text-inner\">\n\t\t\t\t\n\n\t<div id=\"text-1756018776\" class=\"text\">\n\t\t\n\n<p>Grup Farmadosis s&#8217;integra amb Resi<b>Plus<\/b><sup>\u00ae<\/sup> a trav\u00e9s del seu programari AMCO+, facilitant la preparaci\u00f3 de la medicaci\u00f3 de cada resident, personalitzant els tractaments i les posologies amb l&#8217;objectiu d&#8217;afavorir les activitats assistencials, minimitzant els errors i les interaccions. <\/p>\n<p>AMCO+ ajuda a la creaci\u00f3 d&#8217;un entorn per als professionals sanitaris que permet fer un seguiment i localitzaci\u00f3 en tot moment dels medicaments a qualsevol part del cicle (recepci\u00f3, emmagatzematge, dispensaci\u00f3, verificaci\u00f3, distribuci\u00f3 i entrega al pacient final), garantint el control farmacoterap\u00e8utic per a un millor seguiment i adher\u00e8ncia al tractament <\/p>\n<p>&nbsp;<\/p>\n<p><a href=\"https:\/\/www.farmadosis.com\/\" target=\"_blank\" rel=\"noreferrer noopener\">farmadosis.com<\/a><\/p>\n\t\t\n<style>\n#text-1756018776 {\n  text-align: left;\n  color: rgb(0,0,0);\n}\n#text-1756018776 > * {\n  color: rgb(0,0,0);\n}\n<\/style>\n\t<\/div>\n\t\n\n\t\t\t<\/div>\n\t\t<\/div>\n\t<\/div>\n\t\n\t<div class=\"box has-hover integracion-item  has-hover box-text-bottom\" >\n\n\t\t<div class=\"box-image\" >\n\t\t\t\t\t\t<div class=\"\" >\n\t\t\t\t<img loading=\"lazy\" decoding=\"async\" width=\"750\" height=\"530\" src=\"https:\/\/addinformatica.com\/wp-content\/uploads\/2020\/11\/automatizacion-farmaceutica.jpg\" class=\"attachment-original size-original\" alt=\"\" srcset=\"https:\/\/addinformatica.com\/wp-content\/uploads\/2020\/11\/automatizacion-farmaceutica.jpg 750w, https:\/\/addinformatica.com\/wp-content\/uploads\/2020\/11\/automatizacion-farmaceutica-300x212.jpg 300w\" sizes=\"auto, (max-width: 750px) 100vw, 750px\" \/>\t\t\t\t\t\t\t\t\t\t\t<\/div>\n\t\t\t\t\t<\/div>\n\n\t\t<div class=\"box-text text-left\" style=\"background-color:rgb(255, 255, 255);padding:25px 25px 25px 25px;\">\n\t\t\t<div class=\"box-text-inner\">\n\t\t\t\t\n\n\t<div id=\"text-3510169884\" class=\"text\">\n\t\t\n\n<p>Integraci\u00f3 de Resid\u00e8ncies, Geri\u00e0trics, Centres de Dia,.. amb els seus pacients, tractaments, posologies i particularitats que han de ser tractades des del Servei de Farm\u00e0cia que dispensa la medicaci\u00f3 i el material sanitari. Altes-Baixes, ingressos hospitalaris, gesti\u00f3 de receptes i copagaments. Integraci\u00f3 amb APP per a control de medicaci\u00f3 dispensada i Canvis en els tractaments. M\u00f2dul d&#8217;atenci\u00f3 farmac\u00e8utica i seguiment farmacoterap\u00e8utic de cada pacient.<\/p>\n<p>&nbsp;<\/p>\n<p><a href=\"https:\/\/www.robotfarmacia.es\/\" target=\"_blank\" rel=\"noreferrer noopener\">robotfarmacia.es<\/a><\/p>\n\t\t\n<style>\n#text-3510169884 {\n  text-align: left;\n  color: rgb(0,0,0);\n}\n#text-3510169884 > * {\n  color: rgb(0,0,0);\n}\n<\/style>\n\t<\/div>\n\t\n\n\t\t\t<\/div>\n\t\t<\/div>\n\t<\/div>\n\t\n\t<div id=\"text-218500532\" class=\"text\">\n\t\t\n\n\n\t\t\n<style>\n#text-218500532 {\n  text-align: left;\n  color: rgb(0, 0, 0);\n}\n#text-218500532 > * {\n  color: rgb(0, 0, 0);\n}\n<\/style>\n\t<\/div>\n\t\n\n\t\t<\/div>\n\t\t\t\t\t<\/div>\n\n\t\n\n\t<div id=\"col-1946962890\" class=\"col medium-6 small-12 large-6\"  >\n\t\t\t\t<div class=\"col-inner\"  >\n\t\t\t\n\t\t\t\n\n\t<div class=\"box has-hover integracion-item  has-hover box-text-bottom\" >\n\n\t\t<div class=\"box-image\" >\n\t\t\t\t\t\t<div class=\"\" >\n\t\t\t\t<img loading=\"lazy\" decoding=\"async\" width=\"750\" height=\"530\" src=\"https:\/\/addinformatica.com\/wp-content\/uploads\/2020\/10\/ti-medi.jpg\" class=\"attachment-original size-original\" alt=\"\" srcset=\"https:\/\/addinformatica.com\/wp-content\/uploads\/2020\/10\/ti-medi.jpg 750w, https:\/\/addinformatica.com\/wp-content\/uploads\/2020\/10\/ti-medi-300x212.jpg 300w\" sizes=\"auto, (max-width: 750px) 100vw, 750px\" \/>\t\t\t\t\t\t\t\t\t\t\t<\/div>\n\t\t\t\t\t<\/div>\n\n\t\t<div class=\"box-text text-left\" style=\"background-color:rgb(255, 255, 255);padding:25px 25px 25px 25px;\">\n\t\t\t<div class=\"box-text-inner\">\n\t\t\t\t\n\n\t<div id=\"text-1052377093\" class=\"text\">\n\t\t\n\n<p>Integra Resi<b>Plus<\/b><sup>\u00ae <\/sup>amb l&#8217;oficina de farm\u00e0cia per a la gesti\u00f3 de tractaments. Canvis de medicaci\u00f3 integrats amb la farm\u00e0cia per a la seva validaci\u00f3 i posterior preparaci\u00f3 de la medicaci\u00f3 personalitzada. Missatgeria interna i generaci\u00f3 de comandes entre el centre i la farm\u00e0cia. Validaci\u00f3 de preses, permetent tancar el cicle del medicament i garantint una tra\u00e7abilitat integral.<\/p>\n<p>&nbsp;<\/p>\n<p><a href=\"https:\/\/ti-medi.com\/\" target=\"_blank\" rel=\"noreferrer noopener\">ti-medi.com<\/a><\/p>\n\t\t\n<style>\n#text-1052377093 {\n  text-align: left;\n  color: rgb(0,0,0);\n}\n#text-1052377093 > * {\n  color: rgb(0,0,0);\n}\n<\/style>\n\t<\/div>\n\t\n\n\t\t\t<\/div>\n\t\t<\/div>\n\t<\/div>\n\t\n\t<div class=\"box has-hover integracion-item  has-hover box-text-bottom\" >\n\n\t\t<div class=\"box-image\" >\n\t\t\t\t\t\t<div class=\"\" >\n\t\t\t\t<img loading=\"lazy\" decoding=\"async\" width=\"480\" height=\"339\" src=\"https:\/\/addinformatica.com\/wp-content\/uploads\/2026\/03\/idoose.jpg\" class=\"attachment-original size-original\" alt=\"\" srcset=\"https:\/\/addinformatica.com\/wp-content\/uploads\/2026\/03\/idoose.jpg 480w, https:\/\/addinformatica.com\/wp-content\/uploads\/2026\/03\/idoose-300x212.jpg 300w\" sizes=\"auto, (max-width: 480px) 100vw, 480px\" \/>\t\t\t\t\t\t\t\t\t\t\t<\/div>\n\t\t\t\t\t<\/div>\n\n\t\t<div class=\"box-text text-left\" style=\"background-color:rgb(255, 255, 255);padding:25px 25px 25px 25px;\">\n\t\t\t<div class=\"box-text-inner\">\n\t\t\t\t\n\n\t<div id=\"text-2638681046\" class=\"text\">\n\t\t\n\n<p>iDOOSE s&#8217;integra de manera nativa amb Resi<b>Plus<\/b><sup>\u00ae<\/sup>, garantint que qualsevol canvi realitzat en el programa de la resid\u00e8ncia es reflecteixi autom\u00e0ticament en la farm\u00e0cia per a la preparaci\u00f3 de la medicaci\u00f3 personalitzada de cada resident. Gr\u00e0cies a aquesta integraci\u00f3, els tractaments i posologies s&#8217;actualitzen a l&#8217;instant, minimitzant errors i assegurant que cada pacient rebi la medicaci\u00f3 correcta. Tot el cicle del medicament queda tra\u00e7able, des de la gesti\u00f3 de receptes i canvis de tractament fins al lliurament al resident, optimitzant el temps del personal sanitari i permetent un enfocament m\u00e9s assistencial. La comunicaci\u00f3 entre centre i farm\u00e0cia es realitza de manera fluida, amb validaci\u00f3 de preses i comandes integrades, oferint un control farmacoterap\u00e8utic segur i eficient. Amb iDOOSE i Resi<b>Plus<\/b><sup>\u00ae<\/sup>, la gesti\u00f3 de la medicaci\u00f3 \u00e9s \u00e0gil, de confian\u00e7a i centrada en la seguretat del pacient.<\/p>\n<p>\u00a0<\/p>\n<p><a href=\"https:\/\/www.idoose.com\/\" target=\"_blank\" rel=\"noreferrer noopener\">idoose.com<\/a><\/p>\n\t\t\n<style>\n#text-2638681046 {\n  text-align: left;\n  color: rgb(0,0,0);\n}\n#text-2638681046 > * {\n  color: rgb(0,0,0);\n}\n<\/style>\n\t<\/div>\n\t\n\n\t\t\t<\/div>\n\t\t<\/div>\n\t<\/div>\n\t\n\n\t\t<\/div>\n\t\t\t\t\t<\/div>\n\n\t\n\n<\/div>\n\n\t\t<\/div>\n\t\t\t\t\t<\/div>\n\n\t\n\n<\/div>\n<div class=\"container section-title-container integraciones-clasificador\" ><h4 class=\"section-title section-title-center\"><b aria-hidden=\"true\"><\/b><span class=\"section-title-main\" style=\"color:rgb(69, 48, 160);\">sistema de trucades<\/span><b aria-hidden=\"true\"><\/b><\/h4><\/div>\n\n<div class=\"row\"  id=\"row-2124724054\">\n\n\n\t<div id=\"col-1585334803\" class=\"col medium-3 small-12 large-3\"  >\n\t\t\t\t<div class=\"col-inner\"  >\n\t\t\t\n\t\t\t\n\n\t<div class=\"box has-hover integracion-item  has-hover box-text-bottom\" >\n\n\t\t<div class=\"box-image\" >\n\t\t\t\t\t\t<div class=\"\" >\n\t\t\t\t<img loading=\"lazy\" decoding=\"async\" width=\"480\" height=\"339\" src=\"https:\/\/addinformatica.com\/wp-content\/uploads\/2021\/03\/gerion-480x339-1.jpg\" class=\"attachment-original size-original\" alt=\"\" srcset=\"https:\/\/addinformatica.com\/wp-content\/uploads\/2021\/03\/gerion-480x339-1.jpg 480w, https:\/\/addinformatica.com\/wp-content\/uploads\/2021\/03\/gerion-480x339-1-300x212.jpg 300w\" sizes=\"auto, (max-width: 480px) 100vw, 480px\" \/>\t\t\t\t\t\t\t\t\t\t\t<\/div>\n\t\t\t\t\t<\/div>\n\n\t\t<div class=\"box-text text-left\" style=\"background-color:rgb(255, 255, 255);padding:25px 25px 25px 25px;\">\n\t\t\t<div class=\"box-text-inner\">\n\t\t\t\t\n\n\t<div id=\"text-1458241501\" class=\"text\">\n\t\t\n\n<p>Geri\u00f3 IP s&#8217;integra amb Resi<b>Plus<\/b><sup>\u00ae<\/sup>&nbsp;relacionant els residents, dades generals, habitaci\u00f3 i llit, considerant els moviments de places i trasllats temporals.<\/p>\n<p>S&#8217;integra amb el m\u00f2dul de cures i tasques d&#8217;infermeria o auxiliars, a trav\u00e9s del m\u00f2dul Resi<b>Plus<\/b><sup>\u00ae<\/sup>&nbsp;Tablet.<\/p>\n<p>Geri\u00f3 IP s&#8217;integra amb Resi<b>Plus<\/b><sup>\u00ae<\/sup>, amb sistemes d&#8217;avisos sense fil, cercapersones, smartphones, Tablets, pantalles LED i displays LCD.<\/p>\n<p>Geri\u00f3 IP permet la integraci\u00f3 dels esdeveniments de trucades a infermeria, rondes d&#8217;auxiliars, alarmes m\u00e8diques, intervencions a les habitacions, zones comunes, etc.<\/p>\n<p>Permet la integraci\u00f3 de personal del centre, accessos identificats i identificaci\u00f3 d&#8217;assist\u00e8ncies.<\/p>\n<p>Integraci\u00f3 IP amb sistemes de v\u00eddeo, v\u00eddeo-vigil\u00e0ncia, r\u00e0dio, telefonia, interfonia i megafonia.<\/p>\n<p>&nbsp;<\/p>\n<p><a href=\"https:\/\/gerion.info\/\" target=\"_blank\" rel=\"noreferrer noopener\">gerion.info\/<\/a><\/p>\n\t\t\n<style>\n#text-1458241501 {\n  text-align: left;\n  color: rgb(0,0,0);\n}\n#text-1458241501 > * {\n  color: rgb(0,0,0);\n}\n<\/style>\n\t<\/div>\n\t\n\n\t\t\t<\/div>\n\t\t<\/div>\n\t<\/div>\n\t\n\t<div class=\"box has-hover integracion-item  has-hover box-text-bottom\" >\n\n\t\t<div class=\"box-image\" >\n\t\t\t\t\t\t<div class=\"\" >\n\t\t\t\t<img loading=\"lazy\" decoding=\"async\" width=\"750\" height=\"530\" src=\"https:\/\/addinformatica.com\/wp-content\/uploads\/2020\/10\/pulsayvoy.jpg\" class=\"attachment-original size-original\" alt=\"\" srcset=\"https:\/\/addinformatica.com\/wp-content\/uploads\/2020\/10\/pulsayvoy.jpg 750w, https:\/\/addinformatica.com\/wp-content\/uploads\/2020\/10\/pulsayvoy-300x212.jpg 300w\" sizes=\"auto, (max-width: 750px) 100vw, 750px\" \/>\t\t\t\t\t\t\t\t\t\t\t<\/div>\n\t\t\t\t\t<\/div>\n\n\t\t<div class=\"box-text text-left\" style=\"background-color:rgb(255, 255, 255);padding:25px 25px 25px 25px;\">\n\t\t\t<div class=\"box-text-inner\">\n\t\t\t\t\n\n\t<div id=\"text-4254907438\" class=\"text\">\n\t\t\n\n<p>Integraci\u00f3 amb Resi<b>Plus<\/b><sup>\u00ae<\/sup>, pla\u00e7a i canvis d&#8217;habitaci\u00f3. Avisos dels timbres d&#8217;habitacions i banys. Rondes i observacions de cada resident. Registres d&#8217;alertes i atencions.<\/p>\n<p>&nbsp;<\/p>\n<p><a href=\"https:\/\/www.pulsayvoy.com\/\" target=\"_blank\" rel=\"noreferrer noopener\">pulsayvoy.com<\/a><\/p>\n\t\t\n<style>\n#text-4254907438 {\n  text-align: left;\n  color: rgb(0,0,0);\n}\n#text-4254907438 > * {\n  color: rgb(0,0,0);\n}\n<\/style>\n\t<\/div>\n\t\n\n\t\t\t<\/div>\n\t\t<\/div>\n\t<\/div>\n\t\n\t<div class=\"box has-hover integracion-item  has-hover box-text-bottom\" >\n\n\t\t<div class=\"box-image\" >\n\t\t\t\t\t\t<div class=\"\" >\n\t\t\t\t<img loading=\"lazy\" decoding=\"async\" width=\"750\" height=\"530\" src=\"https:\/\/addinformatica.com\/wp-content\/uploads\/2020\/10\/alcad.jpg\" class=\"attachment-original size-original\" alt=\"\" srcset=\"https:\/\/addinformatica.com\/wp-content\/uploads\/2020\/10\/alcad.jpg 750w, https:\/\/addinformatica.com\/wp-content\/uploads\/2020\/10\/alcad-300x212.jpg 300w\" sizes=\"auto, (max-width: 750px) 100vw, 750px\" \/>\t\t\t\t\t\t\t\t\t\t\t<\/div>\n\t\t\t\t\t<\/div>\n\n\t\t<div class=\"box-text text-left\" style=\"background-color:rgb(255, 255, 255);padding:25px 25px 25px 25px;\">\n\t\t\t<div class=\"box-text-inner\">\n\t\t\t\t\n\n\t<div id=\"text-396756125\" class=\"text\">\n\t\t\n\n<p>Integraci\u00f3 amb Resi<b>Plus<\/b><sup>\u00ae<\/sup>, Residents, alta-baixes, assignaci\u00f3 i canvi d&#8217;habitacions. Registres i controls d&#8217;auxiliars i infermeria.<\/p>\n<p>&nbsp;<\/p>\n<p><a href=\"https:\/\/www.alcadelectronics.com\/\" target=\"_blank\" rel=\"noreferrer noopener\">alcadelectronics.com<\/a><\/p>\n\t\t\n<style>\n#text-396756125 {\n  text-align: left;\n  color: rgb(0,0,0);\n}\n#text-396756125 > * {\n  color: rgb(0,0,0);\n}\n<\/style>\n\t<\/div>\n\t\n\n\t\t\t<\/div>\n\t\t<\/div>\n\t<\/div>\n\t\n\n\t\t<\/div>\n\t\t\t\t\t<\/div>\n\n\t\n\n\t<div id=\"col-876879608\" class=\"col medium-3 small-12 large-3\"  >\n\t\t\t\t<div class=\"col-inner\"  >\n\t\t\t\n\t\t\t\n\n\t<div class=\"box has-hover integracion-item  has-hover box-text-bottom\" >\n\n\t\t<div class=\"box-image\" >\n\t\t\t\t\t\t<div class=\"\" >\n\t\t\t\t<img loading=\"lazy\" decoding=\"async\" width=\"300\" height=\"212\" src=\"https:\/\/addinformatica.com\/wp-content\/uploads\/2025\/02\/ibernex-logo.jpg\" class=\"attachment-original size-original\" alt=\"\" \/>\t\t\t\t\t\t\t\t\t\t\t<\/div>\n\t\t\t\t\t<\/div>\n\n\t\t<div class=\"box-text text-left\" style=\"background-color:rgb(255, 255, 255);padding:25px 25px 25px 25px;\">\n\t\t\t<div class=\"box-text-inner\">\n\t\t\t\t\n\n\t<div id=\"text-3277885287\" class=\"text\">\n\t\t\n\n<p>Integra Resi<b>Plus<\/b><sup>\u00ae<\/sup>&nbsp;amb totes les solucions: sistema pacient infermera, control d&#8217;errants, localitzaci\u00f3, gesti\u00f3 de bugaderies i controls d&#8217;acc\u00e9s i pres\u00e8ncia. L&#8217;abast de la integraci\u00f3 \u00e9s el seg\u00fcent: Importaci\u00f3 de la informaci\u00f3 dels residents (alta-baixes, informaci\u00f3 personal, assignaci\u00f3 i canvis d&#8217;habitacions, informaci\u00f3 de persones de contacte), importaci\u00f3 de la informaci\u00f3 dels treballadors (altes\/baixes, informaci\u00f3 personal, grups de treballadors), importaci\u00f3 de les habitacions i llits registrats, sincronitzaci\u00f3 autom\u00e0tica amb el planificador de cures (importaci\u00f3 i exportaci\u00f3 de l&#8217;activitat planificada), exportaci\u00f3 de tota l&#8217;activitat no programada (controls propis i seguiments) i exportaci\u00f3 a ResiPlus de tota la informaci\u00f3 de les alarmes i alertes de les diferents solucions que formen part de l&#8217;expedient de cada resident.<\/p>\n<p>&nbsp;<\/p>\n<p><a href=\"https:\/\/ibernex.es\/\" target=\"_blank\" rel=\"noreferrer noopener\">ibernex.es<\/a><\/p>\n\t\t\n<style>\n#text-3277885287 {\n  text-align: left;\n  color: rgb(0,0,0);\n}\n#text-3277885287 > * {\n  color: rgb(0,0,0);\n}\n<\/style>\n\t<\/div>\n\t\n\n\t\t\t<\/div>\n\t\t<\/div>\n\t<\/div>\n\t\n\t<div class=\"box has-hover integracion-item  has-hover box-text-bottom\" >\n\n\t\t<div class=\"box-image\" >\n\t\t\t\t\t\t<div class=\"\" >\n\t\t\t\t<img loading=\"lazy\" decoding=\"async\" width=\"750\" height=\"530\" src=\"https:\/\/addinformatica.com\/wp-content\/uploads\/2020\/10\/medicip.jpg\" class=\"attachment-original size-original\" alt=\"\" srcset=\"https:\/\/addinformatica.com\/wp-content\/uploads\/2020\/10\/medicip.jpg 750w, https:\/\/addinformatica.com\/wp-content\/uploads\/2020\/10\/medicip-300x212.jpg 300w\" sizes=\"auto, (max-width: 750px) 100vw, 750px\" \/>\t\t\t\t\t\t\t\t\t\t\t<\/div>\n\t\t\t\t\t<\/div>\n\n\t\t<div class=\"box-text text-left\" style=\"background-color:rgb(255, 255, 255);padding:25px 25px 25px 25px;\">\n\t\t\t<div class=\"box-text-inner\">\n\t\t\t\t\n\n\t<div id=\"text-1714869272\" class=\"text\">\n\t\t\n\n<p>Medicip Health integra amb Resi<b>Plus<\/b><sup>\u00ae<\/sup> els sistemes de trucada assistencial, sensors de pres\u00e8ncia al llit, control d&#8217;accessos, pres\u00e8ncia, errants i tra\u00e7abilitat t\u00e8xtil per evitar p\u00e8rdues de roba. Importaci\u00f3 autom\u00e0tica de la informaci\u00f3 de residents, altes, baixes, estat, canvis d\u2019habitacions; informaci\u00f3 de treballadors altes, baixes, modificacions, informaci\u00f3 personal, perfils, estructura del centre, places.<br \/>\nSincronitzaci\u00f3 autom\u00e0tica de controls\/registres configurables i propis. Cura i registres planificats. La soluci\u00f3 de bugaderia facilita la gesti\u00f3 d\u2019informaci\u00f3 de residents, reassignaci\u00f3 de places, inventari personal de peces de roba. El sistema evita p\u00e8rdues de la roba, redueix conflictes, ajuda a trobar roba perduda, i optimitzar la feina dedicada a la classificaci\u00f3 i entrega de les peces de roba.<\/p>\n<p>\u00a0<\/p>\n<p><a href=\"https:\/\/www.mediciphealth.com\/\" target=\"_blank\" rel=\"noreferrer noopener\">mediciphealth.com<\/a><\/p>\n\t\t\n<style>\n#text-1714869272 {\n  text-align: left;\n  color: rgb(0,0,0);\n}\n#text-1714869272 > * {\n  color: rgb(0,0,0);\n}\n<\/style>\n\t<\/div>\n\t\n\n\t\t\t<\/div>\n\t\t<\/div>\n\t<\/div>\n\t\n\n\t\t<\/div>\n\t\t\t\t\t<\/div>\n\n\t\n\n\t<div id=\"col-1807032323\" class=\"col medium-3 small-12 large-3\"  >\n\t\t\t\t<div class=\"col-inner\"  >\n\t\t\t\n\t\t\t\n\n\t<div class=\"box has-hover integracion-item  has-hover box-text-bottom\" >\n\n\t\t<div class=\"box-image\" >\n\t\t\t\t\t\t<div class=\"\" >\n\t\t\t\t<img loading=\"lazy\" decoding=\"async\" width=\"480\" height=\"339\" src=\"https:\/\/addinformatica.com\/wp-content\/uploads\/2021\/03\/iseco-480x339-1.jpg\" class=\"attachment-original size-original\" alt=\"\" srcset=\"https:\/\/addinformatica.com\/wp-content\/uploads\/2021\/03\/iseco-480x339-1.jpg 480w, https:\/\/addinformatica.com\/wp-content\/uploads\/2021\/03\/iseco-480x339-1-300x212.jpg 300w\" sizes=\"auto, (max-width: 480px) 100vw, 480px\" \/>\t\t\t\t\t\t\t\t\t\t\t<\/div>\n\t\t\t\t\t<\/div>\n\n\t\t<div class=\"box-text text-left\" style=\"background-color:rgb(255, 255, 255);padding:25px 25px 25px 25px;\">\n\t\t\t<div class=\"box-text-inner\">\n\t\t\t\t\n\n\t<div id=\"text-3225377543\" class=\"text\">\n\t\t\n\n<p>Integra Resi<b>Plus<\/b><sup>\u00ae<\/sup> amb CALAS i comunica amb tots els sistemes que t\u00e9 associats: pacient infermera, errants i bugaderia. Amb la integraci\u00f3 es gestiona tota la informaci\u00f3 de manera unificada: Residents, Treballadors, Habitacions, Llits, Grups de treball, Pla de Cures individualitzat, Tasques Associades als perfils dels treballadors, Seguiments i Tractaments. Permet consultar i informar, des del terminal d&#8217;habitaci\u00f3, les tasques planificades del pla de cures. Mostrant solament les que s&#8217;han de realitzar en aquest moment en funci\u00f3 del perfil de l&#8217;auxiliar. Igualment permet consultar en el terminal d&#8217;habitaci\u00f3 la informaci\u00f3 m\u00e8dica, i els tractaments. Gestiona els seguiments des del terminal, podent ser informats a l&#8217;habitaci\u00f3, introduint-ho mitjan\u00e7ant marcaci\u00f3 per veu. Tota aquesta informaci\u00f3 es registra autom\u00e0ticament en ResiPlus tant associat a la tasca com en el men\u00fa de Seguiments.<\/p>\n<p>\u00a0<\/p>\n<p><a href=\"https:\/\/isecosistemas.com\/\" target=\"_blank\" rel=\"noreferrer noopener\">isecosistemas.es<\/a><\/p>\n\t\t\n<style>\n#text-3225377543 {\n  text-align: left;\n  color: rgb(0,0,0);\n}\n#text-3225377543 > * {\n  color: rgb(0,0,0);\n}\n<\/style>\n\t<\/div>\n\t\n\n\t\t\t<\/div>\n\t\t<\/div>\n\t<\/div>\n\t\n\t<div class=\"box has-hover integracion-item  has-hover box-text-bottom\" >\n\n\t\t<div class=\"box-image\" >\n\t\t\t\t\t\t<div class=\"\" >\n\t\t\t\t<img loading=\"lazy\" decoding=\"async\" width=\"750\" height=\"530\" src=\"https:\/\/addinformatica.com\/wp-content\/uploads\/2020\/10\/buscatel.jpg\" class=\"attachment-original size-original\" alt=\"\" srcset=\"https:\/\/addinformatica.com\/wp-content\/uploads\/2020\/10\/buscatel.jpg 750w, https:\/\/addinformatica.com\/wp-content\/uploads\/2020\/10\/buscatel-300x212.jpg 300w\" sizes=\"auto, (max-width: 750px) 100vw, 750px\" \/>\t\t\t\t\t\t\t\t\t\t\t<\/div>\n\t\t\t\t\t<\/div>\n\n\t\t<div class=\"box-text text-left\" style=\"background-color:rgb(255, 255, 255);padding:25px 25px 25px 25px;\">\n\t\t\t<div class=\"box-text-inner\">\n\t\t\t\t\n\n\t<div id=\"text-2729814674\" class=\"text\">\n\t\t\n\n<p>Integra amb Resi<b>Plus<\/b><sup>\u00ae<\/sup> Tablet donant acc\u00e9s directe a la nostra aplicaci\u00f3. Es pot accedir a residents amb les dades generals de contacte, controls, seguiments, tractament, patologies, activitats, cures programades i tota aquella funcionalitat que es vagi incorporant a Resi<b>Plus<\/b><sup>\u00ae<\/sup> &nbsp;Tablet.<\/p>\n<p>&nbsp;<\/p>\n<p><a href=\"https:\/\/www.buscatel.es\/\" target=\"_blank\" rel=\"noreferrer noopener\">buscatel.es<\/a><\/p>\n\t\t\n<style>\n#text-2729814674 {\n  text-align: left;\n  color: rgb(0,0,0);\n}\n#text-2729814674 > * {\n  color: rgb(0,0,0);\n}\n<\/style>\n\t<\/div>\n\t\n\n\t\t\t<\/div>\n\t\t<\/div>\n\t<\/div>\n\t\n\n\t\t<\/div>\n\t\t\t\t\n<style>\n#col-1807032323 > .col-inner {\n  padding: 0px 0px 0px 0px;\n}\n<\/style>\n\t<\/div>\n\n\t\n\n\t<div id=\"col-1306679591\" class=\"col medium-3 small-12 large-3\"  >\n\t\t\t\t<div class=\"col-inner\"  >\n\t\t\t\n\t\t\t\n\n\t<div class=\"box has-hover integracion-item  has-hover box-text-bottom\" >\n\n\t\t<div class=\"box-image\" >\n\t\t\t\t\t\t<div class=\"\" >\n\t\t\t\t<img loading=\"lazy\" decoding=\"async\" width=\"750\" height=\"530\" src=\"https:\/\/addinformatica.com\/wp-content\/uploads\/2013\/10\/gerdisman.jpg\" class=\"attachment-original size-original\" alt=\"\" srcset=\"https:\/\/addinformatica.com\/wp-content\/uploads\/2013\/10\/gerdisman.jpg 750w, https:\/\/addinformatica.com\/wp-content\/uploads\/2013\/10\/gerdisman-300x212.jpg 300w\" sizes=\"auto, (max-width: 750px) 100vw, 750px\" \/>\t\t\t\t\t\t\t\t\t\t\t<\/div>\n\t\t\t\t\t<\/div>\n\n\t\t<div class=\"box-text text-left\" style=\"background-color:rgb(255, 255, 255);padding:25px 25px 25px 25px;\">\n\t\t\t<div class=\"box-text-inner\">\n\t\t\t\t\n\n\t<div id=\"text-399317814\" class=\"text\">\n\t\t\n\n<p>Integra Resi<b>Plus<\/b><sup>\u00ae<\/sup>&nbsp;amb sistema pacient infermeria. Sincronitza Residents, alta-baixes, habitacions. Registre d&#8217;alarmes d&#8217;habitacions i relaci\u00f3 d&#8217;accions efectuades pel personal del centre.<\/p>\n<p>&nbsp;<\/p>\n<p><a href=\"https:\/\/gerdisman.es\/\" target=\"_blank\" rel=\"noreferrer noopener\">gerdisman.es (en construcci\u00f3)<\/a><\/p>\n\t\t\n<style>\n#text-399317814 {\n  text-align: left;\n  color: rgb(0,0,0);\n}\n#text-399317814 > * {\n  color: rgb(0,0,0);\n}\n<\/style>\n\t<\/div>\n\t\n\n\t\t\t<\/div>\n\t\t<\/div>\n\t<\/div>\n\t\n\t<div class=\"box has-hover integracion-item  has-hover box-text-bottom\" >\n\n\t\t<div class=\"box-image\" >\n\t\t\t\t\t\t<div class=\"\" >\n\t\t\t\t<img loading=\"lazy\" decoding=\"async\" width=\"750\" height=\"530\" src=\"https:\/\/addinformatica.com\/wp-content\/uploads\/2021\/04\/honeywell.jpg\" class=\"attachment-original size-original\" alt=\"\" srcset=\"https:\/\/addinformatica.com\/wp-content\/uploads\/2021\/04\/honeywell.jpg 750w, https:\/\/addinformatica.com\/wp-content\/uploads\/2021\/04\/honeywell-300x212.jpg 300w\" sizes=\"auto, (max-width: 750px) 100vw, 750px\" \/>\t\t\t\t\t\t\t\t\t\t\t<\/div>\n\t\t\t\t\t<\/div>\n\n\t\t<div class=\"box-text text-left\" style=\"background-color:rgb(255, 255, 255);padding:25px 25px 25px 25px;\">\n\t\t\t<div class=\"box-text-inner\">\n\t\t\t\t\n\n\t<div id=\"text-2979093313\" class=\"text\">\n\t\t\n\n<p>Integra Resi<b>Plus<\/b><sup>\u00ae<\/sup> amb Systevo Call Ackermann, facilitant la gesti\u00f3 de les activitats assistencials directament a l&#8217;habitaci\u00f3 del resident, afavorint la documentaci\u00f3 de les tasques, reduint despla\u00e7aments i minimitzant errors.<br>Permet la sincronitzaci\u00f3 bidireccional autom\u00e0tica amb el planificador de tasques. Mitjan\u00e7ant el terminal t\u00e0ctil Systevo Touch IP de l&#8217;habitaci\u00f3, el personal s&#8217;identifica mitjan\u00e7ant targeta RFID o PIN-Code, obtenint acc\u00e9s a les activitats planificades per al resident i avaluant si est\u00e0 autoritzat per realitzar-les.<br>Registre d&#8217;activitats i introducci\u00f3 de par\u00e0metres del resident (temperatura, etc\u2026) directament al terminal d&#8217;habitaci\u00f3. Tamb\u00e9 permet afegir altres activitats no planificades. La informaci\u00f3 introdu\u00efda se sincronitza i es registra autom\u00e0ticament a Resi<b>Plus<\/b><sup>\u00ae<\/sup>, juntament amb la identificaci\u00f3 del cuidador que realitza l&#8217;activitat.<\/p>\n<p>&nbsp;<\/p>\n<p><a href=\"https:\/\/www.ackermann-clino.com\" target=\"_blank\" rel=\"noreferrer noopener\">ackermann-clino.com<\/a><\/p>\n\t\t\n<style>\n#text-2979093313 {\n  text-align: left;\n  color: rgb(0,0,0);\n}\n#text-2979093313 > * {\n  color: rgb(0,0,0);\n}\n<\/style>\n\t<\/div>\n\t\n\n\t\t\t<\/div>\n\t\t<\/div>\n\t<\/div>\n\t\n\t<div class=\"box has-hover integracion-item  has-hover box-text-bottom\" >\n\n\t\t<div class=\"box-image\" >\n\t\t\t\t\t\t<div class=\"\" >\n\t\t\t\t<img loading=\"lazy\" decoding=\"async\" width=\"750\" height=\"530\" src=\"https:\/\/addinformatica.com\/wp-content\/uploads\/2026\/04\/said.jpg\" class=\"attachment-original size-original\" alt=\"\" srcset=\"https:\/\/addinformatica.com\/wp-content\/uploads\/2026\/04\/said.jpg 750w, https:\/\/addinformatica.com\/wp-content\/uploads\/2026\/04\/said-300x212.jpg 300w\" sizes=\"auto, (max-width: 750px) 100vw, 750px\" \/>\t\t\t\t\t\t\t\t\t\t\t<\/div>\n\t\t\t\t\t<\/div>\n\n\t\t<div class=\"box-text text-left\" style=\"background-color:rgb(255, 255, 255);padding:25px 25px 25px 25px;\">\n\t\t\t<div class=\"box-text-inner\">\n\t\t\t\t\n\n\t<div id=\"text-1622874147\" class=\"text\">\n\t\t\n\n<p>SAID s&#8217;integra amb Resi<b>Plus<\/b><sup>\u00ae<\/sup> per permetre que, des dels m\u00f2bils Android d&#8217;assist\u00e8ncia, es gestionin tant les trucades com els controls, seguiments i tasques de ResiPlus Mobile. Amb un \u00fanic inici de sessi\u00f3 a l&#8217;app SAID Assist, els auxiliars accedeixen directament a tota la funcionalitat de tots dos sistemes. Les dades de les trucades se sincronitzen autom\u00e0ticament en l&#8217;historial de cada persona usu\u00e0ria, optimitzant la inversi\u00f3 en eliminar la necessitat de terminals fixos i espec\u00edfics a les habitacions.<\/p>\n<p>\u00a0<\/p>\n<p><a href=\"https:\/\/said.integraciondigital.es\/\" target=\"_blank\" rel=\"noreferrer noopener\">said.integraciondigital.es<\/a><\/p>\n\n\t\t\n<style>\n#text-1622874147 {\n  text-align: left;\n  color: rgb(0,0,0);\n}\n#text-1622874147 > * {\n  color: rgb(0,0,0);\n}\n<\/style>\n\t<\/div>\n\t\n\n\t\t\t<\/div>\n\t\t<\/div>\n\t<\/div>\n\t\n\n\t\t<\/div>\n\t\t\t\t\t<\/div>\n\n\t\n\n<\/div>\n<div class=\"container section-title-container integraciones-clasificador\" ><h4 class=\"section-title section-title-center\"><b aria-hidden=\"true\"><\/b><span class=\"section-title-main\" style=\"color:rgb(69, 48, 160);\">administraci\u00f3 p\u00fablica<\/span><b aria-hidden=\"true\"><\/b><\/h4><\/div>\n\n<div class=\"row\"  id=\"row-430939860\">\n\n\n\t<div id=\"col-1151761601\" class=\"col medium-3 small-12 large-3\"  >\n\t\t\t\t<div class=\"col-inner\"  >\n\t\t\t\n\t\t\t\n\n\t<div class=\"box has-hover integracion-item  has-hover box-text-bottom\" >\n\n\t\t<div class=\"box-image\" >\n\t\t\t\t\t\t<div class=\"\" >\n\t\t\t\t<img loading=\"lazy\" decoding=\"async\" width=\"750\" height=\"530\" src=\"https:\/\/addinformatica.com\/wp-content\/uploads\/2021\/01\/osakidetza.jpg\" class=\"attachment-original size-original\" alt=\"\" srcset=\"https:\/\/addinformatica.com\/wp-content\/uploads\/2021\/01\/osakidetza.jpg 750w, https:\/\/addinformatica.com\/wp-content\/uploads\/2021\/01\/osakidetza-300x212.jpg 300w\" sizes=\"auto, (max-width: 750px) 100vw, 750px\" \/>\t\t\t\t\t\t\t\t\t\t\t<\/div>\n\t\t\t\t\t<\/div>\n\n\t\t<div class=\"box-text text-left\" style=\"background-color:rgb(255, 255, 255);padding:25px 25px 25px 25px;\">\n\t\t\t<div class=\"box-text-inner\">\n\t\t\t\t\n\n\t<div id=\"text-525812346\" class=\"text\">\n\t\t\n\n<p>Integra Resi<b>Plus<\/b><sup>\u00ae<\/sup> amb la prescripci\u00f3 electr\u00f2nica d&#8217;Osakidetza (Presbide<sup>\u00ae<\/sup>). Disposar d\u00b4una hist\u00f2ria farmacoterap\u00e8utica revisada i actualitzada que millora la seguretat del pacient. Obtenir una llista completa dels medicaments que est\u00e0 prenent el pacient, dosi i pauta. Tenir en compte les al\u00b7l\u00e8rgies, intoler\u00e0ncies o efectes adversos. Consulteu i descarregueu el full de tractament actiu. Utilitzar ajudes a la prescripci\u00f3, valorar si hi ha interaccions.<\/p>\n\t\t\n<style>\n#text-525812346 {\n  text-align: left;\n  color: rgb(0,0,0);\n}\n#text-525812346 > * {\n  color: rgb(0,0,0);\n}\n<\/style>\n\t<\/div>\n\t\n\n\t\t\t<\/div>\n\t\t<\/div>\n\t<\/div>\n\t\n\n\t\t<\/div>\n\t\t\t\t\t<\/div>\n\n\t\n\n\t<div id=\"col-608393784\" class=\"col medium-3 small-12 large-3\"  >\n\t\t\t\t<div class=\"col-inner\"  >\n\t\t\t\n\t\t\t\n\n\t<div class=\"box has-hover integracion-item  has-hover box-text-bottom\" >\n\n\t\t<div class=\"box-image\" >\n\t\t\t\t\t\t<div class=\"\" >\n\t\t\t\t<img loading=\"lazy\" decoding=\"async\" width=\"750\" height=\"530\" src=\"https:\/\/addinformatica.com\/wp-content\/uploads\/2024\/10\/tiketbai.jpg\" class=\"attachment-original size-original\" alt=\"\" srcset=\"https:\/\/addinformatica.com\/wp-content\/uploads\/2024\/10\/tiketbai.jpg 750w, https:\/\/addinformatica.com\/wp-content\/uploads\/2024\/10\/tiketbai-300x212.jpg 300w\" sizes=\"auto, (max-width: 750px) 100vw, 750px\" \/>\t\t\t\t\t\t\t\t\t\t\t<\/div>\n\t\t\t\t\t<\/div>\n\n\t\t<div class=\"box-text text-left\" style=\"background-color:rgb(255, 255, 255);padding:25px 25px 25px 25px;\">\n\t\t\t<div class=\"box-text-inner\">\n\t\t\t\t\n\n\t<div id=\"text-1649138774\" class=\"text\">\n\t\t\n\n<p>Resi<b>Plus<\/b><sup>\u00ae<\/sup> enlla\u00e7a amb TicektBAI, facilitant el compliment de les obligacions tribut\u00e0ries a l&#8217;hora d&#8217;emetre factures.<\/p>\n\t\t\n<style>\n#text-1649138774 {\n  text-align: left;\n  color: rgb(0,0,0);\n}\n#text-1649138774 > * {\n  color: rgb(0,0,0);\n}\n<\/style>\n\t<\/div>\n\t\n\n\t\t\t<\/div>\n\t\t<\/div>\n\t<\/div>\n\t\n\n\t\t<\/div>\n\t\t\t\t\t<\/div>\n\n\t\n\n<\/div>\n<div class=\"row\"  id=\"row-1467538365\">\n\n\n\t<div id=\"col-1450271794\" class=\"col small-12 large-12\"  >\n\t\t\t\t<div class=\"col-inner\"  >\n\t\t\t\n\t\t\t\n\n<div class=\"container section-title-container integraciones-clasificador\" ><h4 class=\"section-title section-title-center\"><b aria-hidden=\"true\"><\/b><span class=\"section-title-main\" style=\"color:rgb(69, 48, 160);\">ENLLA\u00c7 COMPTABLE<\/span><b aria-hidden=\"true\"><\/b><\/h4><\/div>\n\n<div class=\"row\"  id=\"row-715041707\">\n\n\n\t<div id=\"col-539047393\" class=\"col medium-3 small-12 large-3\"  >\n\t\t\t\t<div class=\"col-inner\"  >\n\t\t\t\n\t\t\t\n\n\t<div class=\"box has-hover integracion-item  has-hover box-text-bottom\" >\n\n\t\t<div class=\"box-image\" >\n\t\t\t\t\t\t<div class=\"\" >\n\t\t\t\t<img loading=\"lazy\" decoding=\"async\" width=\"750\" height=\"530\" src=\"https:\/\/addinformatica.com\/wp-content\/uploads\/2021\/01\/sage.jpg\" class=\"attachment-original size-original\" alt=\"\" srcset=\"https:\/\/addinformatica.com\/wp-content\/uploads\/2021\/01\/sage.jpg 750w, https:\/\/addinformatica.com\/wp-content\/uploads\/2021\/01\/sage-300x212.jpg 300w\" sizes=\"auto, (max-width: 750px) 100vw, 750px\" \/>\t\t\t\t\t\t\t\t\t\t\t<\/div>\n\t\t\t\t\t<\/div>\n\n\t\t<div class=\"box-text text-left\" style=\"background-color:rgb(255, 255, 255);padding:25px 25px 25px 25px;\">\n\t\t\t<div class=\"box-text-inner\">\n\t\t\t\t\n\n\t<div id=\"text-727560265\" class=\"text\">\n\t\t\n\n<p>Fitxers XDiario i XSubCtas (Contaplus). Compatible amb SAGE. Consultar versions.<br>Estructura fitxer Logic Win. Adaptable amb aplicacions de SAGE.<\/p>\n\t\t\n<style>\n#text-727560265 {\n  text-align: left;\n  color: rgb(0,0,0);\n}\n#text-727560265 > * {\n  color: rgb(0,0,0);\n}\n<\/style>\n\t<\/div>\n\t\n\n\t\t\t<\/div>\n\t\t<\/div>\n\t<\/div>\n\t\n\n\t\t<\/div>\n\t\t\t\t\t<\/div>\n\n\t\n\n\t<div id=\"col-589758641\" class=\"col medium-3 small-12 large-3\"  >\n\t\t\t\t<div class=\"col-inner\"  >\n\t\t\t\n\t\t\t\n\n\t<div class=\"box has-hover integracion-item  has-hover box-text-bottom\" >\n\n\t\t<div class=\"box-image\" >\n\t\t\t\t\t\t<div class=\"\" >\n\t\t\t\t<img loading=\"lazy\" decoding=\"async\" width=\"750\" height=\"530\" src=\"https:\/\/addinformatica.com\/wp-content\/uploads\/2021\/01\/wolters.jpg\" class=\"attachment-original size-original\" alt=\"\" srcset=\"https:\/\/addinformatica.com\/wp-content\/uploads\/2021\/01\/wolters.jpg 750w, https:\/\/addinformatica.com\/wp-content\/uploads\/2021\/01\/wolters-300x212.jpg 300w\" sizes=\"auto, (max-width: 750px) 100vw, 750px\" \/>\t\t\t\t\t\t\t\t\t\t\t<\/div>\n\t\t\t\t\t<\/div>\n\n\t\t<div class=\"box-text text-left\" style=\"background-color:rgb(255, 255, 255);padding:25px 25px 25px 25px;\">\n\t\t\t<div class=\"box-text-inner\">\n\t\t\t\t\n\n\t<div id=\"text-3245757104\" class=\"text\">\n\t\t\n\n<p>Fitxer SUENLACE.DAT (Format 4). Compatible amb Wolters Kluwer. Consulteu versions.<\/p>\n\t\t\n<style>\n#text-3245757104 {\n  text-align: left;\n  color: rgb(0,0,0);\n}\n#text-3245757104 > * {\n  color: rgb(0,0,0);\n}\n<\/style>\n\t<\/div>\n\t\n\n\t\t\t<\/div>\n\t\t<\/div>\n\t<\/div>\n\t\n\n\t\t<\/div>\n\t\t\t\t\t<\/div>\n\n\t\n\n<\/div>\n\n\t\t<\/div>\n\t\t\t\t\t<\/div>\n\n\t\n\n<\/div>\n<div class=\"row\"  id=\"row-1536198406\">\n\n\n\t<div id=\"col-1271671324\" class=\"col small-12 large-12\"  >\n\t\t\t\t<div class=\"col-inner\"  >\n\t\t\t\n\t\t\t\n\n<div class=\"container section-title-container integraciones-clasificador\" ><h4 class=\"section-title section-title-center\"><b aria-hidden=\"true\"><\/b><span class=\"section-title-main\" style=\"color:rgb(69, 48, 160);\">altres integracions<\/span><b aria-hidden=\"true\"><\/b><\/h4><\/div>\n\n<div class=\"row\"  id=\"row-1423497003\">\n\n\n\t<div id=\"col-316771208\" class=\"col medium-3 small-12 large-3\"  >\n\t\t\t\t<div class=\"col-inner\"  >\n\t\t\t\n\t\t\t\n\n\t<div class=\"box has-hover integracion-item  has-hover box-text-bottom\" >\n\n\t\t<div class=\"box-image\" >\n\t\t\t\t\t\t<div class=\"\" >\n\t\t\t\t<img loading=\"lazy\" decoding=\"async\" width=\"480\" height=\"339\" src=\"https:\/\/addinformatica.com\/wp-content\/uploads\/2021\/03\/nutriplaner-480x339-1.jpg\" class=\"attachment-original size-original\" alt=\"\" srcset=\"https:\/\/addinformatica.com\/wp-content\/uploads\/2021\/03\/nutriplaner-480x339-1.jpg 480w, https:\/\/addinformatica.com\/wp-content\/uploads\/2021\/03\/nutriplaner-480x339-1-300x212.jpg 300w\" sizes=\"auto, (max-width: 480px) 100vw, 480px\" \/>\t\t\t\t\t\t\t\t\t\t\t<\/div>\n\t\t\t\t\t<\/div>\n\n\t\t<div class=\"box-text text-left\" style=\"background-color:rgb(255, 255, 255);padding:25px 25px 25px 25px;\">\n\t\t\t<div class=\"box-text-inner\">\n\t\t\t\t\n\n\t<div id=\"text-1896392407\" class=\"text\">\n\t\t\n\n<p>Integra amb Resi<b>Plus<\/b><sup>\u00ae<\/sup>&nbsp;alta i baixa de Residents amb les seves corresponents dietes, permetent obtenir:<\/p>\n<p>Calibraci\u00f3 nutricional i gesti\u00f3 de preus de productes, plats i men\u00fas.<\/p>\n<p>Gesti\u00f3 de la documentaci\u00f3 nutricional per a compliment de la normativa de seguretat i higiene aliment\u00e0ria.<\/p>\n<p>Gesti\u00f3 aliment\u00e0ria de cuina per generar comandes d&#8217;elaboraci\u00f3 i control d&#8217;historial diet\u00e8tic del resident.<\/p>\n<p>Valoraci\u00f3 nutricional i identificaci\u00f3 de residents vulnerables<\/p>\n<p>Consulta t\u00e8cnica a la biblioteca nutricional.<\/p>\n<p><a href=\"https:\/\/www.edasnut.es\/\" target=\"_blank\" rel=\"noreferrer noopener\">edasnut.es<\/a><\/p>\n\t\t\n<style>\n#text-1896392407 {\n  text-align: left;\n  color: rgb(0,0,0);\n}\n#text-1896392407 > * {\n  color: rgb(0,0,0);\n}\n<\/style>\n\t<\/div>\n\t\n\n\t\t\t<\/div>\n\t\t<\/div>\n\t<\/div>\n\t\n\t<div class=\"box has-hover integracion-item  has-hover box-text-bottom\" >\n\n\t\t<div class=\"box-image\" >\n\t\t\t\t\t\t<div class=\"\" >\n\t\t\t\t<img loading=\"lazy\" decoding=\"async\" width=\"750\" height=\"530\" src=\"https:\/\/addinformatica.com\/wp-content\/uploads\/2024\/03\/validateid.jpg\" class=\"attachment-original size-original\" alt=\"\" srcset=\"https:\/\/addinformatica.com\/wp-content\/uploads\/2024\/03\/validateid.jpg 750w, https:\/\/addinformatica.com\/wp-content\/uploads\/2024\/03\/validateid-300x212.jpg 300w\" sizes=\"auto, (max-width: 750px) 100vw, 750px\" \/>\t\t\t\t\t\t\t\t\t\t\t<\/div>\n\t\t\t\t\t<\/div>\n\n\t\t<div class=\"box-text text-left\" style=\"background-color:rgb(255, 255, 255);padding:25px 25px 25px 25px;\">\n\t\t\t<div class=\"box-text-inner\">\n\t\t\t\t\n\n\t<div id=\"text-1091631746\" class=\"text\">\n\t\t\n\n<p><b>VIDsigner<\/b> \u00e9s un servei de signatures digitals que permet als usuaris signar i validar documents electr\u00f2nicament de forma presencial i a dist\u00e0ncia. Es pot utilitzar per signar una \u00e0mplia gamma de documents, inclosos contractes, acords i altres documents legals, i <b>utilitza biometria i criptografia per garantir l&#8217;autenticitat i la integritat de les signatures electr\u00f2niques i del document.<br \/>\nEls usuaris ja no necessiten imprimir, signar i escanejar documents, ja que VIDsigner els permet signar documents des de qualsevol lloc i dispositiu<\/b> amb connexi\u00f3 a Internet. La plataforma simplifica la gesti\u00f3 del proc\u00e9s de signatura en permetre als usuaris fer un seguiment del proc\u00e9s de signatura i veure qui va signar el document.<\/p>\n<p><a href=\"https:\/\/www.validatedid.com\/es\" target=\"_blank\" rel=\"noreferrer noopener\">validatedid.com<\/a><\/p>\n\t\t\n<style>\n#text-1091631746 {\n  text-align: left;\n  color: rgb(0,0,0);\n}\n#text-1091631746 > * {\n  color: rgb(0,0,0);\n}\n<\/style>\n\t<\/div>\n\t\n\n\t\t\t<\/div>\n\t\t<\/div>\n\t<\/div>\n\t\n\n\t\t<\/div>\n\t\t\t\t\t<\/div>\n\n\t\n\n\t<div id=\"col-1562372214\" class=\"col medium-3 small-12 large-3\"  >\n\t\t\t\t<div class=\"col-inner\"  >\n\t\t\t\n\t\t\t\n\n\t<div class=\"box has-hover integracion-item  has-hover box-text-bottom\" >\n\n\t\t<div class=\"box-image\" >\n\t\t\t\t\t\t<div class=\"\" >\n\t\t\t\t<img loading=\"lazy\" decoding=\"async\" width=\"750\" height=\"530\" src=\"https:\/\/addinformatica.com\/wp-content\/uploads\/2021\/08\/laundryID.jpeg\" class=\"attachment-original size-original\" alt=\"\" srcset=\"https:\/\/addinformatica.com\/wp-content\/uploads\/2021\/08\/laundryID.jpeg 750w, https:\/\/addinformatica.com\/wp-content\/uploads\/2021\/08\/laundryID-300x212.jpeg 300w\" sizes=\"auto, (max-width: 750px) 100vw, 750px\" \/>\t\t\t\t\t\t\t\t\t\t\t<\/div>\n\t\t\t\t\t<\/div>\n\n\t\t<div class=\"box-text text-left\" style=\"background-color:rgb(255, 255, 255);padding:25px 25px 25px 25px;\">\n\t\t\t<div class=\"box-text-inner\">\n\t\t\t\t\n\n\t<div id=\"text-21743977\" class=\"text\">\n\t\t\n\n<p>Tra\u00e7abilitat de t\u00e8xtil. Integra amb Resi<strong>Plus<\/strong><sup>\u00ae<\/sup> l&#8217;alta i baixa de residents, aix\u00ed com els canvis d&#8217;habitaci\u00f3. Laundry ID evita les p\u00e8rdues de la roba, ajuda a trobar roba perduda, evita errors en els canvis dhabitaci\u00f3 i millora la qualitat del servei de la bugaderia fins i tot amb personal de nova contractaci\u00f3. Laundry ID tamb\u00e9 afavoreix la inclusi\u00f3 laboral de persones amb discapacitat<strong>.<\/strong><\/p>\n<p><a href=\"https:\/\/institutorobotica.org\/laundry-id\/\" target=\"_blank\" rel=\"noreferrer noopener\">institutorobotica.org<\/a><\/p>\n\t\t\n<style>\n#text-21743977 {\n  text-align: left;\n  color: rgb(0,0,0);\n}\n#text-21743977 > * {\n  color: rgb(0,0,0);\n}\n<\/style>\n\t<\/div>\n\t\n\n\t\t\t<\/div>\n\t\t<\/div>\n\t<\/div>\n\t\n\n\t\t<\/div>\n\t\t\t\t\t<\/div>\n\n\t\n\n\t<div id=\"col-2109206873\" class=\"col medium-3 small-12 large-3\"  >\n\t\t\t\t<div class=\"col-inner\"  >\n\t\t\t\n\t\t\t\n\n\t<div class=\"box has-hover integracion-item  has-hover box-text-bottom\" >\n\n\t\t<div class=\"box-image\" >\n\t\t\t\t\t\t<div class=\"\" >\n\t\t\t\t<img loading=\"lazy\" decoding=\"async\" width=\"480\" height=\"339\" src=\"https:\/\/addinformatica.com\/wp-content\/uploads\/2023\/05\/cognifit-480x339-1.jpg\" class=\"attachment-original size-original\" alt=\"\" srcset=\"https:\/\/addinformatica.com\/wp-content\/uploads\/2023\/05\/cognifit-480x339-1.jpg 480w, https:\/\/addinformatica.com\/wp-content\/uploads\/2023\/05\/cognifit-480x339-1-300x212.jpg 300w\" sizes=\"auto, (max-width: 480px) 100vw, 480px\" \/>\t\t\t\t\t\t\t\t\t\t\t<\/div>\n\t\t\t\t\t<\/div>\n\n\t\t<div class=\"box-text text-left\" style=\"background-color:rgb(255, 255, 255);padding:25px 25px 25px 25px;\">\n\t\t\t<div class=\"box-text-inner\">\n\t\t\t\t\n\n\t<div id=\"text-1748686234\" class=\"text\">\n\t\t\n\n<p>CogniFit \u00e9s una eina dissenyada per mesurar i millorar la salut cognitiva dels usuaris.<br \/>\nUna resid\u00e8ncia pot utilitzar CogniFit perqu\u00e8 els seus residents millorin les seves capacitats cognitives, aix\u00ed com per fer un seguiment individualitzat de la seva salut cognitiva i del seu progr\u00e9s.<br \/>\nA la plataforma de Resi<strong>Plus<\/strong><sup>\u00ae<\/sup> es guarden autom\u00e0ticament documents detallats amb els resultats.<br \/>\nCogniFit s&#8217;integra amb els residents de Resi<strong>Plus<\/strong><sup>\u00ae<\/sup> perqu\u00e8 puguin utilitzar la seva plataforma indefinidament, tant en ordinador com en tablets.<\/p>\n<p><a href=\"https:\/\/www.cognifit.com\/\" target=\"_blank\" rel=\"noreferrer noopener\">cognifit.com<\/a><\/p>\n\t\t\n<style>\n#text-1748686234 {\n  text-align: left;\n  color: rgb(0,0,0);\n}\n#text-1748686234 > * {\n  color: rgb(0,0,0);\n}\n<\/style>\n\t<\/div>\n\t\n\n\t\t\t<\/div>\n\t\t<\/div>\n\t<\/div>\n\t\n\n\t\t<\/div>\n\t\t\t\t\t<\/div>\n\n\t\n\n\t<div id=\"col-1054844638\" class=\"col medium-3 small-12 large-3\"  >\n\t\t\t\t<div class=\"col-inner\"  >\n\t\t\t\n\t\t\t\n\n\t<div class=\"box has-hover integracion-item  has-hover box-text-bottom\" >\n\n\t\t<div class=\"box-image\" >\n\t\t\t\t\t\t<div class=\"\" >\n\t\t\t\t<img loading=\"lazy\" decoding=\"async\" width=\"750\" height=\"530\" src=\"https:\/\/addinformatica.com\/wp-content\/uploads\/2023\/11\/cuiner.jpg\" class=\"attachment-original size-original\" alt=\"\" srcset=\"https:\/\/addinformatica.com\/wp-content\/uploads\/2023\/11\/cuiner.jpg 750w, https:\/\/addinformatica.com\/wp-content\/uploads\/2023\/11\/cuiner-300x212.jpg 300w\" sizes=\"auto, (max-width: 750px) 100vw, 750px\" \/>\t\t\t\t\t\t\t\t\t\t\t<\/div>\n\t\t\t\t\t<\/div>\n\n\t\t<div class=\"box-text text-left\" style=\"background-color:rgb(255, 255, 255);padding:25px 25px 25px 25px;\">\n\t\t\t<div class=\"box-text-inner\">\n\t\t\t\t\n\n\t<div id=\"text-692590163\" class=\"text\">\n\t\t\n\n<p>Amb la integraci\u00f3 de Cuiner i Resi<strong>Plus<\/strong><sup>\u00ae<\/sup> els centres residencials poden utilitzar el seu programari de venda i gesti\u00f3 per a restaurants, assignant als residents els serveis prestats a les seves instal\u00b7lacions.<\/p>\n<p>En qualsevol moment de la presa de comanda o abans de tancar-la, es pot assignar un resident mitjan\u00e7ant pulsaci\u00f3 directa del seu identificador intern o codi num\u00e8ric, o cercant per nom a trav\u00e9s d&#8217;una llista de tots els residents. En fer el c\u00e0rrec al resident es genera un albar\u00e0, ja que la factura la generar\u00e0 el mateix Resi<strong>Plus<\/strong><sup>\u00ae<\/sup>. La integraci\u00f3 permet anul\u00b7lacions i aquestes es veuen reflectides a Resi<strong>Plus<\/strong><sup>\u00ae<\/sup>. A m\u00e9s, s&#8217;acompanya d&#8217;una s\u00e8rie d&#8217;informes que permeten veure el resum i el detall del carregat a cada resident, de manera que facilita el seguiment de c\u00e0rrecs. Addicionalment, mitjan\u00e7ant una correcta configuraci\u00f3, la versi\u00f3 actual permet a un mateix TPV o Comandero canviar de departament en qualsevol moment i actuar amb una sala (taules) i carta diferents.<a href=\"https:\/\/cuiner.com\/\" target=\"_blank\" rel=\"noreferrer noopener\">cuiner.com<\/a><\/p>\n\t\t\n<style>\n#text-692590163 {\n  text-align: left;\n  color: rgb(0,0,0);\n}\n#text-692590163 > * {\n  color: rgb(0,0,0);\n}\n<\/style>\n\t<\/div>\n\t\n\n\t\t\t<\/div>\n\t\t<\/div>\n\t<\/div>\n\t\n\n\t\t<\/div>\n\t\t\t\t\t<\/div>\n\n\t\n\n<\/div>\n\n\t\t<\/div>\n\t\t\t\t\t<\/div>\n\n\t\n\n<\/div>\n\n\t\t<\/div>\n\n\t\t\n<style>\n#section_698834772 {\n  padding-top: 30px;\n  padding-bottom: 30px;\n  background-color: rgb(235, 235, 235);\n}\n<\/style>\n\t<\/section>\n\t\n\n\t<section class=\"section mobile\" id=\"section_2128274652\">\n\t\t<div class=\"section-bg fill\" >\n\t\t\t\t\t\t\t\t\t\n\t\t\t\n\n\t\t<\/div>\n\n\t\t\n\n\t\t<div class=\"section-content relative\">\n\t\t\t\n\n<div class=\"container section-title-container integraciones-clasificador\" ><h4 class=\"section-title section-title-center\"><b aria-hidden=\"true\"><\/b><span class=\"section-title-main\" style=\"color:rgb(69, 48, 160);\">telemonitoritzaci\u00f3<\/span><b aria-hidden=\"true\"><\/b><\/h4><\/div>\n\n<div class=\"row align-center\"  id=\"row-288257097\">\n\n\n\t<div id=\"col-1972165609\" class=\"col medium-6 small-12 large-6\"  >\n\t\t\t\t<div class=\"col-inner text-left\"  >\n\t\t\t\n\t\t\t\n\n\t<div class=\"box has-hover integracion-item  has-hover box-text-bottom\" >\n\n\t\t<div class=\"box-image\" >\n\t\t\t\t\t\t<div class=\"\" >\n\t\t\t\t<img loading=\"lazy\" decoding=\"async\" width=\"480\" height=\"339\" src=\"https:\/\/addinformatica.com\/wp-content\/uploads\/2022\/02\/lifehub.jpg\" class=\"attachment-original size-original\" alt=\"\" srcset=\"https:\/\/addinformatica.com\/wp-content\/uploads\/2022\/02\/lifehub.jpg 480w, https:\/\/addinformatica.com\/wp-content\/uploads\/2022\/02\/lifehub-300x212.jpg 300w\" sizes=\"auto, (max-width: 480px) 100vw, 480px\" \/>\t\t\t\t\t\t\t\t\t\t\t<\/div>\n\t\t\t\t\t<\/div>\n\n\t\t<div class=\"box-text text-left\" style=\"background-color:rgb(255, 255, 255);padding:25px 25px 25px 25px;\">\n\t\t\t<div class=\"box-text-inner\">\n\t\t\t\t\n\n\t<div id=\"text-1733592441\" class=\"text\">\n\t\t\n\n<p>L&#8217;Estaci\u00f3 de Telemedicina Lifehub Pro \u00e9s l&#8217;eina perfecta per optimitzar les rutines de presa de constants vitals i proves diagn\u00f2stiques dels residents al pla de cures d&#8217;infermeria; \u00e9s ideal per planificar accions de medicina preventiva i la seva aliada en el proc\u00e9s de digitalitzaci\u00f3 del Centre Residencial.<\/p>\n<p>Les Estacions Lifehub s&#8217;integren directament amb Resi<b>Plus<\/b><sup>\u00ae<\/sup>, sense necessitat de contractar serveis amb tercers.<\/p>\n<p>Totes les nostres estacions inclouen electrocardiograma cl\u00ednic digital de 12 derivacions i monitors de tensi\u00f3 arterial, saturaci\u00f3 d&#8217;oxigen a la sang i temperatura, aix\u00ed com formularis per captura manual de dades.<\/p>\n<p>L&#8217;arquitectura modular permet ampliar en qualsevol moment la capacitat de diagn\u00f2stic incloent: monitor de glucosa, b\u00e0scula, estetoscopi digital, espir\u00f2metre, dermatoscopi, otoscopi, c\u00e0mera d&#8217;exploraci\u00f3 general, iriscopi i qualsevol altra sonda o sistema d&#8217;adquisici\u00f3 de constants vitals o dades que la resid\u00e8ncia proposi i sigui viable. Sempre amb una interf\u00edcie d&#8217;usuari homogeni per a totes les sondes, completament integrat i molt f\u00e0cil d&#8217;utilitzar.<\/p>\n<p>Opcionalment les nostres estacions Lifehub Pro poden proporcionar serveis de control remot complet, incloent v\u00eddeo, per ser incorporats a serveis de teleconsulta i optimitzar recursos de personal m\u00e8dic sense necessitat de despla\u00e7aments.<\/p>\n<p>&nbsp;<\/p>\n<p><a href=\"https:\/\/biodatadevices.es\/\" target=\"_blank\" rel=\"noreferrer noopener\">biodatadevices.es<\/a><\/p>\n\t\t\n<style>\n#text-1733592441 {\n  text-align: left;\n  color: rgb(0,0,0);\n}\n#text-1733592441 > * {\n  color: rgb(0,0,0);\n}\n<\/style>\n\t<\/div>\n\t\n\n\t\t\t<\/div>\n\t\t<\/div>\n\t<\/div>\n\t\n\t<div class=\"box has-hover integracion-item  has-hover box-text-bottom\" >\n\n\t\t<div class=\"box-image\" >\n\t\t\t\t\t\t<div class=\"\" >\n\t\t\t\t<img loading=\"lazy\" decoding=\"async\" width=\"750\" height=\"530\" src=\"https:\/\/addinformatica.com\/wp-content\/uploads\/2020\/10\/medicip.jpg\" class=\"attachment-original size-original\" alt=\"\" srcset=\"https:\/\/addinformatica.com\/wp-content\/uploads\/2020\/10\/medicip.jpg 750w, https:\/\/addinformatica.com\/wp-content\/uploads\/2020\/10\/medicip-300x212.jpg 300w\" sizes=\"auto, (max-width: 750px) 100vw, 750px\" \/>\t\t\t\t\t\t\t\t\t\t\t<\/div>\n\t\t\t\t\t<\/div>\n\n\t\t<div class=\"box-text text-left\" style=\"background-color:rgb(255, 255, 255);padding:25px 25px 25px 25px;\">\n\t\t\t<div class=\"box-text-inner\">\n\t\t\t\t\n\n\t<div id=\"text-2801822067\" class=\"text\">\n\t\t\n\n<p>Medicip Health integra amb Resi<b>Plus<\/b><sup>\u00ae<\/sup> el monitor multiparam\u00e8tric de Baxter, que permet la presa de constants vitals del resident en temps real i la seva disponibilitat per part del personal del centre per a la seva posterior avaluaci\u00f3. Permet controlar la temperatura, el pols, la tensi\u00f3 arterial i la saturaci\u00f3 d&#8217;oxigen. Tot es bolca de forma autom\u00e0tica, es registra el personal sanitari que n&#8217;ha fet la presa i l&#8217;hora exacta.<\/p>\n<p>\u00a0<\/p>\n<p><a href=\"https:\/\/www.mediciphealth.com\/\" target=\"_blank\" rel=\"noreferrer noopener\">mediciphealth.com<\/a><\/p>\n\t\t\n<style>\n#text-2801822067 {\n  text-align: left;\n  color: rgb(0,0,0);\n}\n#text-2801822067 > * {\n  color: rgb(0,0,0);\n}\n<\/style>\n\t<\/div>\n\t\n\n\t\t\t<\/div>\n\t\t<\/div>\n\t<\/div>\n\t\n\n\t\t<\/div>\n\t\t\t\t\t<\/div>\n\n\t\n\n\t<div id=\"col-1702092657\" class=\"col medium-6 small-12 large-6\"  >\n\t\t\t\t<div class=\"col-inner\"  >\n\t\t\t\n\t\t\t\n\n\t<div class=\"box has-hover integracion-item  has-hover box-text-bottom\" >\n\n\t\t<div class=\"box-image\" >\n\t\t\t\t\t\t<div class=\"\" >\n\t\t\t\t<img loading=\"lazy\" decoding=\"async\" width=\"480\" height=\"339\" src=\"https:\/\/addinformatica.com\/wp-content\/uploads\/2021\/03\/telemedcare-480x339-1.jpg\" class=\"attachment-original size-original\" alt=\"\" srcset=\"https:\/\/addinformatica.com\/wp-content\/uploads\/2021\/03\/telemedcare-480x339-1.jpg 480w, https:\/\/addinformatica.com\/wp-content\/uploads\/2021\/03\/telemedcare-480x339-1-300x212.jpg 300w\" sizes=\"auto, (max-width: 480px) 100vw, 480px\" \/>\t\t\t\t\t\t\t\t\t\t\t<\/div>\n\t\t\t\t\t<\/div>\n\n\t\t<div class=\"box-text text-left\" style=\"background-color:rgb(255, 255, 255);padding:25px 25px 25px 25px;\">\n\t\t\t<div class=\"box-text-inner\">\n\t\t\t\t\n\n\t<div id=\"text-822312684\" class=\"text\">\n\t\t\n\n<p>Integra Resi<b>Plus<\/b><sup>\u00ae<\/sup>&nbsp;amb la seva aplicaci\u00f3 TMC Nurse, que permet la presa de constants vitals del resident en temps real i la seva disponibilitat per part del personal del centre per a la seva posterior avaluaci\u00f3. Permet controlar tensi\u00f3, saturaci\u00f3 i temperatura a l&#8217;opci\u00f3 b\u00e0sica, integrant b\u00e0scula, gluc\u00f2metre, espir\u00f2metre i ECG com a opcional.<\/p>\n<p>&nbsp;<\/p>\n<p><a href=\"https:\/\/www.telemedcare.com\/\" target=\"_blank\" rel=\"noreferrer noopener\">telemedcare.com\/<\/a><\/p>\n\t\t\n<style>\n#text-822312684 {\n  text-align: left;\n  color: rgb(0,0,0);\n}\n#text-822312684 > * {\n  color: rgb(0,0,0);\n}\n<\/style>\n\t<\/div>\n\t\n\n\t\t\t<\/div>\n\t\t<\/div>\n\t<\/div>\n\t\n\t<div class=\"box has-hover integracion-item  has-hover box-text-bottom\" >\n\n\t\t<div class=\"box-image\" >\n\t\t\t\t\t\t<div class=\"\" >\n\t\t\t\t<img loading=\"lazy\" decoding=\"async\" width=\"480\" height=\"339\" src=\"https:\/\/addinformatica.com\/wp-content\/uploads\/2021\/03\/predictassistance-480x339-1.jpg\" class=\"attachment-original size-original\" alt=\"\" srcset=\"https:\/\/addinformatica.com\/wp-content\/uploads\/2021\/03\/predictassistance-480x339-1.jpg 480w, https:\/\/addinformatica.com\/wp-content\/uploads\/2021\/03\/predictassistance-480x339-1-300x212.jpg 300w\" sizes=\"auto, (max-width: 480px) 100vw, 480px\" \/>\t\t\t\t\t\t\t\t\t\t\t<\/div>\n\t\t\t\t\t<\/div>\n\n\t\t<div class=\"box-text text-left\" style=\"background-color:rgb(255, 255, 255);padding:25px 25px 25px 25px;\">\n\t\t\t<div class=\"box-text-inner\">\n\t\t\t\t\n\n\t<div id=\"text-2024794827\" class=\"text\">\n\t\t\n\n<p>Realitzar telemonitoritzaci\u00f3 de la salut de residents directament des de Resi<b>Plus<\/b><sup>\u00ae<\/sup>, prevenir i detectar crisis amb Intel\u00b7lig\u00e8ncia artificial.<\/p>\n<p>Amb Predictassistance, usant polseres o pegats de sensors m\u00e8dics que porta el resident, mesura temperatura, saturaci\u00f3 oxigen, tensi\u00f3, hidrataci\u00f3 i altres constants de forma autom\u00e0tica, i accedeixi a les dades directament i autom\u00e0ticament des de Resi<b>Plus<\/b><sup>\u00ae<\/sup>. Tamb\u00e9 permet detectar canvis posturals nocturns o caigudes.<\/p>\n<p>&nbsp;<\/p>\n<p><a href=\"https:\/\/predictassistance.com\/\" target=\"_blank\" rel=\"noreferrer noopener\">predictassistance.com<\/a><\/p>\n\t\t\n<style>\n#text-2024794827 {\n  text-align: left;\n  color: rgb(0,0,0);\n}\n#text-2024794827 > * {\n  color: rgb(0,0,0);\n}\n<\/style>\n\t<\/div>\n\t\n\n\t\t\t<\/div>\n\t\t<\/div>\n\t<\/div>\n\t\n\n\t\t<\/div>\n\t\t\t\t\t<\/div>\n\n\t\n\n<\/div>\n<div class=\"container section-title-container integraciones-clasificador\" ><h4 class=\"section-title section-title-center\"><b aria-hidden=\"true\"><\/b><span class=\"section-title-main\" style=\"color:rgb(69, 48, 160);\">medicaci\u00f3n<\/span><b aria-hidden=\"true\"><\/b><\/h4><\/div>\n\n<div class=\"row align-center\"  id=\"row-142454121\">\n\n\n\t<div id=\"col-2091550423\" class=\"col medium-6 small-12 large-6\"  >\n\t\t\t\t<div class=\"col-inner\"  >\n\t\t\t\n\t\t\t\n\n\t<div class=\"box has-hover integracion-item  has-hover box-text-bottom\" >\n\n\t\t<div class=\"box-image\" >\n\t\t\t\t\t\t<div class=\"\" >\n\t\t\t\t<img loading=\"lazy\" decoding=\"async\" width=\"750\" height=\"530\" src=\"https:\/\/addinformatica.com\/wp-content\/uploads\/2020\/11\/automatizacion-farmaceutica.jpg\" class=\"attachment-original size-original\" alt=\"\" srcset=\"https:\/\/addinformatica.com\/wp-content\/uploads\/2020\/11\/automatizacion-farmaceutica.jpg 750w, https:\/\/addinformatica.com\/wp-content\/uploads\/2020\/11\/automatizacion-farmaceutica-300x212.jpg 300w\" sizes=\"auto, (max-width: 750px) 100vw, 750px\" \/>\t\t\t\t\t\t\t\t\t\t\t<\/div>\n\t\t\t\t\t<\/div>\n\n\t\t<div class=\"box-text text-left\" style=\"background-color:rgb(255, 255, 255);padding:25px 25px 25px 25px;\">\n\t\t\t<div class=\"box-text-inner\">\n\t\t\t\t\n\n\t<div id=\"text-81347441\" class=\"text\">\n\t\t\n\n<p>Integraci\u00f3 de Resid\u00e8ncies, Geri\u00e0trics, Centres de Dia,.. amb els seus pacients, tractaments, posologies i particularitats que han de ser tractades des del Servei de Farm\u00e0cia que dispensa la medicaci\u00f3 i el material sanitari. Altes-Baixes, ingressos hospitalaris, gesti\u00f3 de receptes i copagaments. Integraci\u00f3 amb APP per a control de medicaci\u00f3 dispensada i Canvis en els tractaments. M\u00f2dul d&#8217;atenci\u00f3 farmac\u00e8utica i seguiment farmacoterap\u00e8utic de cada pacient.<\/p>\n<p>&nbsp;<\/p>\n<p><a href=\"https:\/\/www.robotfarmacia.es\/\" target=\"_blank\" rel=\"noreferrer noopener\">robotfarmacia.es<\/a><\/p>\n\t\t\n<style>\n#text-81347441 {\n  text-align: left;\n  color: rgb(0,0,0);\n}\n#text-81347441 > * {\n  color: rgb(0,0,0);\n}\n<\/style>\n\t<\/div>\n\t\n\n\t\t\t<\/div>\n\t\t<\/div>\n\t<\/div>\n\t\n\t<div id=\"text-4126583031\" class=\"text\">\n\t\t\n\n\n\t\t\n<style>\n#text-4126583031 {\n  text-align: left;\n  color: rgb(0, 0, 0);\n}\n#text-4126583031 > * {\n  color: rgb(0, 0, 0);\n}\n<\/style>\n\t<\/div>\n\t\n\n\t\t<\/div>\n\t\t\t\t\t<\/div>\n\n\t\n\n\t<div id=\"col-689986320\" class=\"col medium-6 small-12 large-6\"  >\n\t\t\t\t<div class=\"col-inner\"  >\n\t\t\t\n\t\t\t\n\n\t<div class=\"box has-hover integracion-item  has-hover box-text-bottom\" >\n\n\t\t<div class=\"box-image\" >\n\t\t\t\t\t\t<div class=\"\" >\n\t\t\t\t<img loading=\"lazy\" decoding=\"async\" width=\"750\" height=\"530\" src=\"https:\/\/addinformatica.com\/wp-content\/uploads\/2020\/10\/ti-medi.jpg\" class=\"attachment-original size-original\" alt=\"\" srcset=\"https:\/\/addinformatica.com\/wp-content\/uploads\/2020\/10\/ti-medi.jpg 750w, https:\/\/addinformatica.com\/wp-content\/uploads\/2020\/10\/ti-medi-300x212.jpg 300w\" sizes=\"auto, (max-width: 750px) 100vw, 750px\" \/>\t\t\t\t\t\t\t\t\t\t\t<\/div>\n\t\t\t\t\t<\/div>\n\n\t\t<div class=\"box-text text-left\" style=\"background-color:rgb(255, 255, 255);padding:25px 25px 25px 25px;\">\n\t\t\t<div class=\"box-text-inner\">\n\t\t\t\t\n\n\t<div id=\"text-3926642442\" class=\"text\">\n\t\t\n\n<p>Integra Resi<b>Plus<\/b><sup>\u00ae <\/sup>amb l&#8217;oficina de farm\u00e0cia per a la gesti\u00f3 de tractaments. Canvis de medicaci\u00f3 integrats amb la farm\u00e0cia per a la seva validaci\u00f3 i posterior preparaci\u00f3 de la medicaci\u00f3 personalitzada. Missatgeria interna i generaci\u00f3 de comandes entre el centre i la farm\u00e0cia. Validaci\u00f3 de preses, permetent tancar el cicle del medicament i garantint una tra\u00e7abilitat integral.<\/p>\n<p>&nbsp;<\/p>\n<p><a href=\"https:\/\/ti-medi.com\/\" target=\"_blank\" rel=\"noreferrer noopener\">ti-medi.com<\/a><\/p>\n\t\t\n<style>\n#text-3926642442 {\n  text-align: left;\n  color: rgb(0,0,0);\n}\n#text-3926642442 > * {\n  color: rgb(0,0,0);\n}\n<\/style>\n\t<\/div>\n\t\n\n\t\t\t<\/div>\n\t\t<\/div>\n\t<\/div>\n\t\n\t<div id=\"text-3869877332\" class=\"text\">\n\t\t\n\n\n\t\t\n<style>\n#text-3869877332 {\n  text-align: left;\n  color: rgb(0, 0, 0);\n}\n#text-3869877332 > * {\n  color: rgb(0, 0, 0);\n}\n<\/style>\n\t<\/div>\n\t\n\n\t\t<\/div>\n\t\t\t\t\t<\/div>\n\n\t\n\n<\/div>\n<div class=\"container section-title-container integraciones-clasificador\" ><h4 class=\"section-title section-title-center\"><b aria-hidden=\"true\"><\/b><span class=\"section-title-main\" style=\"color:rgb(69, 48, 160);\">sistema de trucades<\/span><b aria-hidden=\"true\"><\/b><\/h4><\/div>\n\n<div class=\"row align-center\"  id=\"row-1928456067\">\n\n\n\t<div id=\"col-1794835835\" class=\"col medium-6 small-12 large-6\"  >\n\t\t\t\t<div class=\"col-inner\"  >\n\t\t\t\n\t\t\t\n\n\t<div class=\"box has-hover integracion-item  has-hover box-text-bottom\" >\n\n\t\t<div class=\"box-image\" >\n\t\t\t\t\t\t<div class=\"\" >\n\t\t\t\t<img loading=\"lazy\" decoding=\"async\" width=\"480\" height=\"339\" src=\"https:\/\/addinformatica.com\/wp-content\/uploads\/2021\/03\/gerion-480x339-1.jpg\" class=\"attachment-original size-original\" alt=\"\" srcset=\"https:\/\/addinformatica.com\/wp-content\/uploads\/2021\/03\/gerion-480x339-1.jpg 480w, https:\/\/addinformatica.com\/wp-content\/uploads\/2021\/03\/gerion-480x339-1-300x212.jpg 300w\" sizes=\"auto, (max-width: 480px) 100vw, 480px\" \/>\t\t\t\t\t\t\t\t\t\t\t<\/div>\n\t\t\t\t\t<\/div>\n\n\t\t<div class=\"box-text text-left\" style=\"background-color:rgb(255, 255, 255);padding:25px 25px 25px 25px;\">\n\t\t\t<div class=\"box-text-inner\">\n\t\t\t\t\n\n\t<div id=\"text-3805793763\" class=\"text\">\n\t\t\n\n<p>Geri\u00f3 IP s&#8217;integra amb Resi<b>Plus<\/b><sup>\u00ae<\/sup>&nbsp;relacionant els residents, dades generals, habitaci\u00f3 i llit, considerant els moviments de places i trasllats temporals.<\/p>\n<p>S&#8217;integra amb el m\u00f2dul de cures i tasques d&#8217;infermeria o auxiliars, a trav\u00e9s del m\u00f2dul Resi<b>Plus<\/b><sup>\u00ae<\/sup>&nbsp;Tablet.<\/p>\n<p>Geri\u00f3 IP s&#8217;integra amb Resi<b>Plus<\/b><sup>\u00ae<\/sup>, amb sistemes d&#8217;avisos sense fil, cercapersones, smartphones, Tablets, pantalles LED i displays LCD.<\/p>\n<p>Geri\u00f3 IP permet la integraci\u00f3 dels esdeveniments de trucades a infermeria, rondes d&#8217;auxiliars, alarmes m\u00e8diques, intervencions a les habitacions, zones comunes, etc.<\/p>\n<p>Permet la integraci\u00f3 de personal del centre, accessos identificats i identificaci\u00f3 d&#8217;assist\u00e8ncies.<\/p>\n<p>Integraci\u00f3 IP amb sistemes de v\u00eddeo, v\u00eddeo-vigil\u00e0ncia, r\u00e0dio, telefonia, interfonia i megafonia.<\/p>\n<p>&nbsp;<\/p>\n<p><a href=\"https:\/\/gerion.info\/\" target=\"_blank\" rel=\"noreferrer noopener\">gerion.info\/<\/a><\/p>\n\t\t\n<style>\n#text-3805793763 {\n  text-align: left;\n  color: rgb(0,0,0);\n}\n#text-3805793763 > * {\n  color: rgb(0,0,0);\n}\n<\/style>\n\t<\/div>\n\t\n\n\t\t\t<\/div>\n\t\t<\/div>\n\t<\/div>\n\t\n\t<div class=\"box has-hover integracion-item  has-hover box-text-bottom\" >\n\n\t\t<div class=\"box-image\" >\n\t\t\t\t\t\t<div class=\"\" >\n\t\t\t\t<img loading=\"lazy\" decoding=\"async\" width=\"480\" height=\"339\" src=\"https:\/\/addinformatica.com\/wp-content\/uploads\/2021\/03\/iseco-480x339-1.jpg\" class=\"attachment-original size-original\" alt=\"\" srcset=\"https:\/\/addinformatica.com\/wp-content\/uploads\/2021\/03\/iseco-480x339-1.jpg 480w, https:\/\/addinformatica.com\/wp-content\/uploads\/2021\/03\/iseco-480x339-1-300x212.jpg 300w\" sizes=\"auto, (max-width: 480px) 100vw, 480px\" \/>\t\t\t\t\t\t\t\t\t\t\t<\/div>\n\t\t\t\t\t<\/div>\n\n\t\t<div class=\"box-text text-left\" style=\"background-color:rgb(255, 255, 255);padding:25px 25px 25px 25px;\">\n\t\t\t<div class=\"box-text-inner\">\n\t\t\t\t\n\n\t<div id=\"text-483670262\" class=\"text\">\n\t\t\n\n<p>Integra Resi<b>Plus<\/b><sup>\u00ae<\/sup>&nbsp;amb el seu sistema CALAS, sincronitza Residents, dades generals, habitacions. Permet registrar cures planificades, seguiments i tasques de manteniment.<\/p>\n<p>\u00a0<\/p>\n<p><a href=\"https:\/\/isecosistemas.com\/\" target=\"_blank\" rel=\"noreferrer noopener\">isecosistemas.es<\/a><\/p>\n\t\t\n<style>\n#text-483670262 {\n  text-align: left;\n  color: rgb(0,0,0);\n}\n#text-483670262 > * {\n  color: rgb(0,0,0);\n}\n<\/style>\n\t<\/div>\n\t\n\n\t\t\t<\/div>\n\t\t<\/div>\n\t<\/div>\n\t\n\t<div class=\"box has-hover integracion-item  has-hover box-text-bottom\" >\n\n\t\t<div class=\"box-image\" >\n\t\t\t\t\t\t<div class=\"\" >\n\t\t\t\t<img loading=\"lazy\" decoding=\"async\" width=\"750\" height=\"530\" src=\"https:\/\/addinformatica.com\/wp-content\/uploads\/2020\/10\/pulsayvoy.jpg\" class=\"attachment-original size-original\" alt=\"\" srcset=\"https:\/\/addinformatica.com\/wp-content\/uploads\/2020\/10\/pulsayvoy.jpg 750w, https:\/\/addinformatica.com\/wp-content\/uploads\/2020\/10\/pulsayvoy-300x212.jpg 300w\" sizes=\"auto, (max-width: 750px) 100vw, 750px\" \/>\t\t\t\t\t\t\t\t\t\t\t<\/div>\n\t\t\t\t\t<\/div>\n\n\t\t<div class=\"box-text text-left\" style=\"background-color:rgb(255, 255, 255);padding:25px 25px 25px 25px;\">\n\t\t\t<div class=\"box-text-inner\">\n\t\t\t\t\n\n\t<div id=\"text-3454803170\" class=\"text\">\n\t\t\n\n<p>Integraci\u00f3 amb Resi<b>Plus<\/b><sup>\u00ae<\/sup>, pla\u00e7a i canvis d&#8217;habitaci\u00f3. Avisos dels timbres d&#8217;habitacions i banys. Rondes i observacions de cada resident. Registres d&#8217;alertes i atencions.<\/p>\n<p>&nbsp;<\/p>\n<p><a href=\"https:\/\/www.pulsayvoy.com\/\" target=\"_blank\" rel=\"noreferrer noopener\">pulsayvoy.com<\/a><\/p>\n\t\t\n<style>\n#text-3454803170 {\n  text-align: left;\n  color: rgb(0,0,0);\n}\n#text-3454803170 > * {\n  color: rgb(0,0,0);\n}\n<\/style>\n\t<\/div>\n\t\n\n\t\t\t<\/div>\n\t\t<\/div>\n\t<\/div>\n\t\n\t<div class=\"box has-hover integracion-item  has-hover box-text-bottom\" >\n\n\t\t<div class=\"box-image\" >\n\t\t\t\t\t\t<div class=\"\" >\n\t\t\t\t<img loading=\"lazy\" decoding=\"async\" width=\"750\" height=\"530\" src=\"https:\/\/addinformatica.com\/wp-content\/uploads\/2020\/10\/buscatel.jpg\" class=\"attachment-original size-original\" alt=\"\" srcset=\"https:\/\/addinformatica.com\/wp-content\/uploads\/2020\/10\/buscatel.jpg 750w, https:\/\/addinformatica.com\/wp-content\/uploads\/2020\/10\/buscatel-300x212.jpg 300w\" sizes=\"auto, (max-width: 750px) 100vw, 750px\" \/>\t\t\t\t\t\t\t\t\t\t\t<\/div>\n\t\t\t\t\t<\/div>\n\n\t\t<div class=\"box-text text-left\" style=\"background-color:rgb(255, 255, 255);padding:25px 25px 25px 25px;\">\n\t\t\t<div class=\"box-text-inner\">\n\t\t\t\t\n\n\t<div id=\"text-1047997647\" class=\"text\">\n\t\t\n\n<p>Integra amb Resi<b>Plus<\/b><sup>\u00ae<\/sup> Tablet donant acc\u00e9s directe a la nostra aplicaci\u00f3. Es pot accedir a residents amb les seves dades generals de contacte, controls, seguiments, tractament, patologies, activitats, cures programades i tota aquella funcionalitat que es vagi incorporant a Resi<b>Plus<\/b><sup>\u00ae<\/sup> &nbsp;Tablet.<\/p>\n<p>&nbsp;<\/p>\n<p><a href=\"https:\/\/www.buscatel.es\/\" target=\"_blank\" rel=\"noreferrer noopener\">buscatel.es<\/a><\/p>\n\t\t\n<style>\n#text-1047997647 {\n  text-align: left;\n  color: rgb(0,0,0);\n}\n#text-1047997647 > * {\n  color: rgb(0,0,0);\n}\n<\/style>\n\t<\/div>\n\t\n\n\t\t\t<\/div>\n\t\t<\/div>\n\t<\/div>\n\t\n\t<div class=\"box has-hover integracion-item  has-hover box-text-bottom\" >\n\n\t\t<div class=\"box-image\" >\n\t\t\t\t\t\t<div class=\"\" >\n\t\t\t\t<img loading=\"lazy\" decoding=\"async\" width=\"750\" height=\"530\" src=\"https:\/\/addinformatica.com\/wp-content\/uploads\/2026\/04\/said.jpg\" class=\"attachment-original size-original\" alt=\"\" srcset=\"https:\/\/addinformatica.com\/wp-content\/uploads\/2026\/04\/said.jpg 750w, https:\/\/addinformatica.com\/wp-content\/uploads\/2026\/04\/said-300x212.jpg 300w\" sizes=\"auto, (max-width: 750px) 100vw, 750px\" \/>\t\t\t\t\t\t\t\t\t\t\t<\/div>\n\t\t\t\t\t<\/div>\n\n\t\t<div class=\"box-text text-left\" style=\"background-color:rgb(255, 255, 255);padding:25px 25px 25px 25px;\">\n\t\t\t<div class=\"box-text-inner\">\n\t\t\t\t\n\n\t<div id=\"text-618824905\" class=\"text\">\n\t\t\n\n<p>SAID s&#8217;integra amb Resi<b>Plus<\/b><sup>\u00ae<\/sup> per permetre que, des dels m\u00f2bils Android d&#8217;assist\u00e8ncia, es gestionin tant les trucades com els controls, seguiments i tasques de ResiPlus Mobile. Amb un \u00fanic inici de sessi\u00f3 a l&#8217;app SAID Assist, els auxiliars accedeixen directament a tota la funcionalitat de tots dos sistemes. Les dades de les trucades se sincronitzen autom\u00e0ticament en l&#8217;historial de cada persona usu\u00e0ria, optimitzant la inversi\u00f3 en eliminar la necessitat de terminals fixos i espec\u00edfics a les habitacions.<\/p>\n<p>\u00a0<\/p>\n<p><a href=\"https:\/\/said.integraciondigital.es\/\" target=\"_blank\" rel=\"noreferrer noopener\">said.integraciondigital.es<\/a><\/p>\n\n\t\t\n<style>\n#text-618824905 {\n  text-align: left;\n  color: rgb(0,0,0);\n}\n#text-618824905 > * {\n  color: rgb(0,0,0);\n}\n<\/style>\n\t<\/div>\n\t\n\n\t\t\t<\/div>\n\t\t<\/div>\n\t<\/div>\n\t\n\n\t\t<\/div>\n\t\t\t\t\t<\/div>\n\n\t\n\n\t<div id=\"col-825628843\" class=\"col medium-6 small-12 large-6\"  >\n\t\t\t\t<div class=\"col-inner\"  >\n\t\t\t\n\t\t\t\n\n\t<div class=\"box has-hover integracion-item  has-hover box-text-bottom\" >\n\n\t\t<div class=\"box-image\" >\n\t\t\t\t\t\t<div class=\"\" >\n\t\t\t\t<img loading=\"lazy\" decoding=\"async\" width=\"300\" height=\"212\" src=\"https:\/\/addinformatica.com\/wp-content\/uploads\/2025\/02\/ibernex-logo.jpg\" class=\"attachment-original size-original\" alt=\"\" \/>\t\t\t\t\t\t\t\t\t\t\t<\/div>\n\t\t\t\t\t<\/div>\n\n\t\t<div class=\"box-text text-left\" style=\"background-color:rgb(255, 255, 255);padding:25px 25px 25px 25px;\">\n\t\t\t<div class=\"box-text-inner\">\n\t\t\t\t\n\n\t<div id=\"text-2959195566\" class=\"text\">\n\t\t\n\n<p>Integra Resi<b>Plus<\/b><sup>\u00ae<\/sup>&nbsp;amb totes les solucions: sistema pacient infermera, control d&#8217;errants, localitzaci\u00f3, gesti\u00f3 de bugaderies i controls d&#8217;acc\u00e9s i pres\u00e8ncia. L&#8217;abast de la integraci\u00f3 \u00e9s el seg\u00fcent: Importaci\u00f3 de la informaci\u00f3 dels residents (alta-baixes, informaci\u00f3 personal, assignaci\u00f3 i canvis d&#8217;habitacions, informaci\u00f3 de persones de contacte), importaci\u00f3 de la informaci\u00f3 dels treballadors (altes\/baixes, informaci\u00f3 personal, grups de treballadors), importaci\u00f3 de les habitacions i llits registrats, sincronitzaci\u00f3 autom\u00e0tica amb el planificador de cures (importaci\u00f3 i exportaci\u00f3 de l&#8217;activitat planificada), exportaci\u00f3 de tota l&#8217;activitat no programada (controls propis i seguiments) i exportaci\u00f3 a ResiPlus de tota la informaci\u00f3 de les alarmes i alertes de les diferents solucions que formen part de l&#8217;expedient de cada resident.<\/p>\n<p>&nbsp;<\/p>\n<p><a href=\"https:\/\/ibernex.es\/\" target=\"_blank\" rel=\"noreferrer noopener\">ibernex.es<\/a><\/p>\n\t\t\n<style>\n#text-2959195566 {\n  text-align: left;\n  color: rgb(0,0,0);\n}\n#text-2959195566 > * {\n  color: rgb(0,0,0);\n}\n<\/style>\n\t<\/div>\n\t\n\n\t\t\t<\/div>\n\t\t<\/div>\n\t<\/div>\n\t\n\t<div class=\"box has-hover integracion-item  has-hover box-text-bottom\" >\n\n\t\t<div class=\"box-image\" >\n\t\t\t\t\t\t<div class=\"\" >\n\t\t\t\t<img loading=\"lazy\" decoding=\"async\" width=\"750\" height=\"530\" src=\"https:\/\/addinformatica.com\/wp-content\/uploads\/2020\/10\/alcad.jpg\" class=\"attachment-original size-original\" alt=\"\" srcset=\"https:\/\/addinformatica.com\/wp-content\/uploads\/2020\/10\/alcad.jpg 750w, https:\/\/addinformatica.com\/wp-content\/uploads\/2020\/10\/alcad-300x212.jpg 300w\" sizes=\"auto, (max-width: 750px) 100vw, 750px\" \/>\t\t\t\t\t\t\t\t\t\t\t<\/div>\n\t\t\t\t\t<\/div>\n\n\t\t<div class=\"box-text text-left\" style=\"background-color:rgb(255, 255, 255);padding:25px 25px 25px 25px;\">\n\t\t\t<div class=\"box-text-inner\">\n\t\t\t\t\n\n\t<div id=\"text-2973094710\" class=\"text\">\n\t\t\n\n<p>Integraci\u00f3 amb Resi<b>Plus<\/b><sup>\u00ae<\/sup>, Residents, alta-baixes, assignaci\u00f3 i canvi d&#8217;habitacions. Registres i controls d&#8217;auxiliars i infermeria.<\/p>\n<p>&nbsp;<\/p>\n<p><a href=\"https:\/\/www.alcadelectronics.com\/\" target=\"_blank\" rel=\"noreferrer noopener\">alcadelectronics.com<\/a><\/p>\n\t\t\n<style>\n#text-2973094710 {\n  text-align: left;\n  color: rgb(0,0,0);\n}\n#text-2973094710 > * {\n  color: rgb(0,0,0);\n}\n<\/style>\n\t<\/div>\n\t\n\n\t\t\t<\/div>\n\t\t<\/div>\n\t<\/div>\n\t\n\t<div class=\"box has-hover integracion-item  has-hover box-text-bottom\" >\n\n\t\t<div class=\"box-image\" >\n\t\t\t\t\t\t<div class=\"\" >\n\t\t\t\t<img loading=\"lazy\" decoding=\"async\" width=\"750\" height=\"530\" src=\"https:\/\/addinformatica.com\/wp-content\/uploads\/2020\/10\/medicip.jpg\" class=\"attachment-original size-original\" alt=\"\" srcset=\"https:\/\/addinformatica.com\/wp-content\/uploads\/2020\/10\/medicip.jpg 750w, https:\/\/addinformatica.com\/wp-content\/uploads\/2020\/10\/medicip-300x212.jpg 300w\" sizes=\"auto, (max-width: 750px) 100vw, 750px\" \/>\t\t\t\t\t\t\t\t\t\t\t<\/div>\n\t\t\t\t\t<\/div>\n\n\t\t<div class=\"box-text text-left\" style=\"background-color:rgb(255, 255, 255);padding:25px 25px 25px 25px;\">\n\t\t\t<div class=\"box-text-inner\">\n\t\t\t\t\n\n\t<div id=\"text-2948836333\" class=\"text\">\n\t\t\n\n<p>Integraci\u00f3 de residents, altes-baixes, pla\u00e7a i canvis d&#8217;habitaci\u00f3.<\/p>\n<p>Registres planificats.<\/p>\n<p>Registres no programats, afegint registres com les alarmes de trucada infermera, rondes nocturnes i tots els registres propis configurats als residents, registrant el treballador que ho ha realitzat.<\/p>\n<p>Enlla\u00e7 dels residents vinculat a l&#8217;inventari de la bugaderia i els noms i c\u00e0rrecs dels treballadors.<\/p>\n<p>&nbsp;<\/p>\n<p><a href=\"https:\/\/www.mediciphealth.com\/\" target=\"_blank\" rel=\"noreferrer noopener\">mediciphealth.com<\/a><\/p>\n\t\t\n<style>\n#text-2948836333 {\n  text-align: left;\n  color: rgb(0,0,0);\n}\n#text-2948836333 > * {\n  color: rgb(0,0,0);\n}\n<\/style>\n\t<\/div>\n\t\n\n\t\t\t<\/div>\n\t\t<\/div>\n\t<\/div>\n\t\n\t<div class=\"box has-hover integracion-item  has-hover box-text-bottom\" >\n\n\t\t<div class=\"box-image\" >\n\t\t\t\t\t\t<div class=\"\" >\n\t\t\t\t<img loading=\"lazy\" decoding=\"async\" width=\"750\" height=\"530\" src=\"https:\/\/addinformatica.com\/wp-content\/uploads\/2013\/10\/gerdisman.jpg\" class=\"attachment-original size-original\" alt=\"\" srcset=\"https:\/\/addinformatica.com\/wp-content\/uploads\/2013\/10\/gerdisman.jpg 750w, https:\/\/addinformatica.com\/wp-content\/uploads\/2013\/10\/gerdisman-300x212.jpg 300w\" sizes=\"auto, (max-width: 750px) 100vw, 750px\" \/>\t\t\t\t\t\t\t\t\t\t\t<\/div>\n\t\t\t\t\t<\/div>\n\n\t\t<div class=\"box-text text-left\" style=\"background-color:rgb(255, 255, 255);padding:25px 25px 25px 25px;\">\n\t\t\t<div class=\"box-text-inner\">\n\t\t\t\t\n\n\t<div id=\"text-1351322799\" class=\"text\">\n\t\t\n\n<p>Integra Resi<b>Plus<\/b><sup>\u00ae<\/sup>&nbsp;amb sistema pacient infermeria. Sincronitza Residents, alta-baixes, habitacions. Registre d&#8217;alarmes d&#8217;habitacions i relaci\u00f3 d&#8217;accions efectuades pel personal del centre.<\/p>\n<p>&nbsp;<\/p>\n<p><a href=\"https:\/\/gerdisman.es\/\" target=\"_blank\" rel=\"noreferrer noopener\">gerdisman.es (en construcci\u00f3)<\/a><\/p>\n\t\t\n<style>\n#text-1351322799 {\n  text-align: left;\n  color: rgb(0,0,0);\n}\n#text-1351322799 > * {\n  color: rgb(0,0,0);\n}\n<\/style>\n\t<\/div>\n\t\n\n\t\t\t<\/div>\n\t\t<\/div>\n\t<\/div>\n\t\n\n\t\t<\/div>\n\t\t\t\t\t<\/div>\n\n\t\n\n<\/div>\n<div class=\"container section-title-container integraciones-clasificador\" ><h4 class=\"section-title section-title-center\"><b aria-hidden=\"true\"><\/b><span class=\"section-title-main\" style=\"color:rgb(69, 48, 160);\">administraci\u00f3 p\u00fablica<\/span><b aria-hidden=\"true\"><\/b><\/h4><\/div>\n\n<div class=\"row align-center\"  id=\"row-906009357\">\n\n\n\t<div id=\"col-802187050\" class=\"col medium-6 small-12 large-6\"  >\n\t\t\t\t<div class=\"col-inner\"  >\n\t\t\t\n\t\t\t\n\n\t<div class=\"box has-hover integracion-item  has-hover box-text-bottom\" >\n\n\t\t<div class=\"box-image\" >\n\t\t\t\t\t\t<div class=\"\" >\n\t\t\t\t<img loading=\"lazy\" decoding=\"async\" width=\"750\" height=\"530\" src=\"https:\/\/addinformatica.com\/wp-content\/uploads\/2021\/01\/osakidetza.jpg\" class=\"attachment-original size-original\" alt=\"\" srcset=\"https:\/\/addinformatica.com\/wp-content\/uploads\/2021\/01\/osakidetza.jpg 750w, https:\/\/addinformatica.com\/wp-content\/uploads\/2021\/01\/osakidetza-300x212.jpg 300w\" sizes=\"auto, (max-width: 750px) 100vw, 750px\" \/>\t\t\t\t\t\t\t\t\t\t\t<\/div>\n\t\t\t\t\t<\/div>\n\n\t\t<div class=\"box-text text-left\" style=\"background-color:rgb(255, 255, 255);padding:25px 25px 25px 25px;\">\n\t\t\t<div class=\"box-text-inner\">\n\t\t\t\t\n\n\t<div id=\"text-2225036482\" class=\"text\">\n\t\t\n\n<p>Integra Resi<b>Plus<\/b><sup>\u00ae<\/sup> amb la prescripci\u00f3 electr\u00f2nica d&#8217;Osakidetza (Presbide<sup>\u00ae<\/sup>). Disposar d\u00b4una hist\u00f2ria farmacoterap\u00e8utica revisada i actualitzada que millora la seguretat del pacient. Obtenir una llista completa dels medicaments que est\u00e0 prenent el pacient, dosi i pauta. Tenir en compte les al\u00b7l\u00e8rgies, intoler\u00e0ncies o efectes adversos. Consulteu i descarregueu el full de tractament actiu. Utilitzar ajudes a la prescripci\u00f3, valorar si hi ha interaccions.<\/p>\n\t\t\n<style>\n#text-2225036482 {\n  text-align: left;\n  color: rgb(0,0,0);\n}\n#text-2225036482 > * {\n  color: rgb(0,0,0);\n}\n<\/style>\n\t<\/div>\n\t\n\n\t\t\t<\/div>\n\t\t<\/div>\n\t<\/div>\n\t\n\n\t\t<\/div>\n\t\t\t\t\t<\/div>\n\n\t\n\n\t<div id=\"col-838370351\" class=\"col medium-6 small-12 large-6\"  >\n\t\t\t\t<div class=\"col-inner\"  >\n\t\t\t\n\t\t\t\n\n\t<div class=\"box has-hover integracion-item  has-hover box-text-bottom\" >\n\n\t\t<div class=\"box-image\" >\n\t\t\t\t\t\t<div class=\"\" >\n\t\t\t\t<img loading=\"lazy\" decoding=\"async\" width=\"750\" height=\"530\" src=\"https:\/\/addinformatica.com\/wp-content\/uploads\/2024\/10\/tiketbai.jpg\" class=\"attachment-original size-original\" alt=\"\" srcset=\"https:\/\/addinformatica.com\/wp-content\/uploads\/2024\/10\/tiketbai.jpg 750w, https:\/\/addinformatica.com\/wp-content\/uploads\/2024\/10\/tiketbai-300x212.jpg 300w\" sizes=\"auto, (max-width: 750px) 100vw, 750px\" \/>\t\t\t\t\t\t\t\t\t\t\t<\/div>\n\t\t\t\t\t<\/div>\n\n\t\t<div class=\"box-text text-left\" style=\"background-color:rgb(255, 255, 255);padding:25px 25px 25px 25px;\">\n\t\t\t<div class=\"box-text-inner\">\n\t\t\t\t\n\n\t<div id=\"text-1249904038\" class=\"text\">\n\t\t\n\n<p>Resi<b>Plus<\/b><sup>\u00ae<\/sup> enlla\u00e7a amb TicektBAI, facilitant el compliment de les obligacions tribut\u00e0ries a l&#8217;hora d&#8217;emetre factures.<\/p>\n\t\t\n<style>\n#text-1249904038 {\n  text-align: left;\n  color: rgb(0,0,0);\n}\n#text-1249904038 > * {\n  color: rgb(0,0,0);\n}\n<\/style>\n\t<\/div>\n\t\n\n\t\t\t<\/div>\n\t\t<\/div>\n\t<\/div>\n\t\n\n\t\t<\/div>\n\t\t\t\t\t<\/div>\n\n\t\n\n<\/div>\n<div class=\"container section-title-container integraciones-clasificador\" ><h4 class=\"section-title section-title-center\"><b aria-hidden=\"true\"><\/b><span class=\"section-title-main\" style=\"color:rgb(69, 48, 160);\">ENLLA\u00c7 COMPTABLE<\/span><b aria-hidden=\"true\"><\/b><\/h4><\/div>\n\n<div class=\"row align-center\"  id=\"row-852415723\">\n\n\n\t<div id=\"col-1373820267\" class=\"col medium-6 small-12 large-6\"  >\n\t\t\t\t<div class=\"col-inner\"  >\n\t\t\t\n\t\t\t\n\n\t<div class=\"box has-hover integracion-item  has-hover box-text-bottom\" >\n\n\t\t<div class=\"box-image\" >\n\t\t\t\t\t\t<div class=\"\" >\n\t\t\t\t<img loading=\"lazy\" decoding=\"async\" width=\"750\" height=\"530\" src=\"https:\/\/addinformatica.com\/wp-content\/uploads\/2021\/01\/sage.jpg\" class=\"attachment-original size-original\" alt=\"\" srcset=\"https:\/\/addinformatica.com\/wp-content\/uploads\/2021\/01\/sage.jpg 750w, https:\/\/addinformatica.com\/wp-content\/uploads\/2021\/01\/sage-300x212.jpg 300w\" sizes=\"auto, (max-width: 750px) 100vw, 750px\" \/>\t\t\t\t\t\t\t\t\t\t\t<\/div>\n\t\t\t\t\t<\/div>\n\n\t\t<div class=\"box-text text-left\" style=\"background-color:rgb(255, 255, 255);padding:25px 25px 25px 25px;\">\n\t\t\t<div class=\"box-text-inner\">\n\t\t\t\t\n\n\t<div id=\"text-1891763925\" class=\"text\">\n\t\t\n\n<p>Fitxers XDiario i XSubCtas (Contaplus). Compatible amb SAGE. Consultar versions.<br>Estructura fitxer Logic Win. Adaptable amb aplicacions de SAGE.<\/p>\n\t\t\n<style>\n#text-1891763925 {\n  text-align: left;\n  color: rgb(0,0,0);\n}\n#text-1891763925 > * {\n  color: rgb(0,0,0);\n}\n<\/style>\n\t<\/div>\n\t\n\n\t\t\t<\/div>\n\t\t<\/div>\n\t<\/div>\n\t\n\n\t\t<\/div>\n\t\t\t\t\t<\/div>\n\n\t\n\n\t<div id=\"col-1111950973\" class=\"col medium-6 small-12 large-6\"  >\n\t\t\t\t<div class=\"col-inner\"  >\n\t\t\t\n\t\t\t\n\n\t<div class=\"box has-hover integracion-item  has-hover box-text-bottom\" >\n\n\t\t<div class=\"box-image\" >\n\t\t\t\t\t\t<div class=\"\" >\n\t\t\t\t<img loading=\"lazy\" decoding=\"async\" width=\"750\" height=\"530\" src=\"https:\/\/addinformatica.com\/wp-content\/uploads\/2021\/01\/wolters.jpg\" class=\"attachment-original size-original\" alt=\"\" srcset=\"https:\/\/addinformatica.com\/wp-content\/uploads\/2021\/01\/wolters.jpg 750w, https:\/\/addinformatica.com\/wp-content\/uploads\/2021\/01\/wolters-300x212.jpg 300w\" sizes=\"auto, (max-width: 750px) 100vw, 750px\" \/>\t\t\t\t\t\t\t\t\t\t\t<\/div>\n\t\t\t\t\t<\/div>\n\n\t\t<div class=\"box-text text-left\" style=\"background-color:rgb(255, 255, 255);padding:25px 25px 25px 25px;\">\n\t\t\t<div class=\"box-text-inner\">\n\t\t\t\t\n\n\t<div id=\"text-3107000911\" class=\"text\">\n\t\t\n\n<p>Fitxer SUENLACE.DAT (Format 4). Compatible amb Wolters Kluwer. Consulteu versions.<\/p>\n\t\t\n<style>\n#text-3107000911 {\n  text-align: left;\n  color: rgb(0,0,0);\n}\n#text-3107000911 > * {\n  color: rgb(0,0,0);\n}\n<\/style>\n\t<\/div>\n\t\n\n\t\t\t<\/div>\n\t\t<\/div>\n\t<\/div>\n\t\n\n\t\t<\/div>\n\t\t\t\t\t<\/div>\n\n\t\n\n<\/div>\n<div class=\"container section-title-container integraciones-clasificador\" ><h4 class=\"section-title section-title-center\"><b aria-hidden=\"true\"><\/b><span class=\"section-title-main\" style=\"color:rgb(69, 48, 160);\">altres integracions<\/span><b aria-hidden=\"true\"><\/b><\/h4><\/div>\n\n<div class=\"row\"  id=\"row-1335525355\">\n\n\n\t<div id=\"col-538711185\" class=\"col medium-6 small-12 large-6\"  >\n\t\t\t\t<div class=\"col-inner text-left\"  >\n\t\t\t\n\t\t\t\n\n\t<div class=\"box has-hover integracion-item  has-hover box-text-bottom\" >\n\n\t\t<div class=\"box-image\" >\n\t\t\t\t\t\t<div class=\"\" >\n\t\t\t\t<img loading=\"lazy\" decoding=\"async\" width=\"480\" height=\"339\" src=\"https:\/\/addinformatica.com\/wp-content\/uploads\/2021\/03\/nutriplaner-480x339-1.jpg\" class=\"attachment-original size-original\" alt=\"\" srcset=\"https:\/\/addinformatica.com\/wp-content\/uploads\/2021\/03\/nutriplaner-480x339-1.jpg 480w, https:\/\/addinformatica.com\/wp-content\/uploads\/2021\/03\/nutriplaner-480x339-1-300x212.jpg 300w\" sizes=\"auto, (max-width: 480px) 100vw, 480px\" \/>\t\t\t\t\t\t\t\t\t\t\t<\/div>\n\t\t\t\t\t<\/div>\n\n\t\t<div class=\"box-text text-left\" style=\"background-color:rgb(255, 255, 255);padding:25px 25px 25px 25px;\">\n\t\t\t<div class=\"box-text-inner\">\n\t\t\t\t\n\n\t<div id=\"text-2474626962\" class=\"text\">\n\t\t\n\n<p>Integra amb Resi<b>Plus<\/b><sup>\u00ae<\/sup>&nbsp;alta i baixa de Residents amb les seves corresponents dietes, permetent obtenir:<\/p>\n<p>Calibraci\u00f3 nutricional i gesti\u00f3 de preus de productes, plats i men\u00fas.<\/p>\n<p>Gesti\u00f3 de la documentaci\u00f3 nutricional per a compliment de la normativa de seguretat i higiene aliment\u00e0ria.<\/p>\n<p>Gesti\u00f3 aliment\u00e0ria de cuina per generar comandes d&#8217;elaboraci\u00f3 i control d&#8217;historial diet\u00e8tic del resident.<\/p>\n<p>Valoraci\u00f3 nutricional i identificaci\u00f3 de residents vulnerables<\/p>\n<p>Consulta t\u00e8cnica a la biblioteca nutricional.<\/p>\n<p><a href=\"https:\/\/www.edasnut.es\/\" target=\"_blank\" rel=\"noreferrer noopener\">edasnut.es<\/a><\/p>\n\t\t\n<style>\n#text-2474626962 {\n  text-align: left;\n  color: rgb(0,0,0);\n}\n#text-2474626962 > * {\n  color: rgb(0,0,0);\n}\n<\/style>\n\t<\/div>\n\t\n\n\t\t\t<\/div>\n\t\t<\/div>\n\t<\/div>\n\t\n\t<div class=\"box has-hover integracion-item  has-hover box-text-bottom\" >\n\n\t\t<div class=\"box-image\" >\n\t\t\t\t\t\t<div class=\"\" >\n\t\t\t\t<img loading=\"lazy\" decoding=\"async\" width=\"480\" height=\"339\" src=\"https:\/\/addinformatica.com\/wp-content\/uploads\/2023\/05\/cognifit-480x339-1.jpg\" class=\"attachment-original size-original\" alt=\"\" srcset=\"https:\/\/addinformatica.com\/wp-content\/uploads\/2023\/05\/cognifit-480x339-1.jpg 480w, https:\/\/addinformatica.com\/wp-content\/uploads\/2023\/05\/cognifit-480x339-1-300x212.jpg 300w\" sizes=\"auto, (max-width: 480px) 100vw, 480px\" \/>\t\t\t\t\t\t\t\t\t\t\t<\/div>\n\t\t\t\t\t<\/div>\n\n\t\t<div class=\"box-text text-left\" style=\"background-color:rgb(255, 255, 255);padding:25px 25px 25px 25px;\">\n\t\t\t<div class=\"box-text-inner\">\n\t\t\t\t\n\n\t<div id=\"text-751138344\" class=\"text\">\n\t\t\n\n<p>CogniFit \u00e9s una eina dissenyada per mesurar i millorar la salut cognitiva dels usuaris.<br \/>\nUna resid\u00e8ncia pot utilitzar CogniFit perqu\u00e8 els seus residents millorin les seves capacitats cognitives, aix\u00ed com per fer un seguiment individualitzat de la seva salut cognitiva i del seu progr\u00e9s.<br \/>\nA la plataforma de Resi<strong>Plus<\/strong><sup>\u00ae<\/sup> es guarden autom\u00e0ticament documents detallats amb els resultats.<br \/>\nCogniFit s&#8217;integra amb els residents de Resi<strong>Plus<\/strong><sup>\u00ae<\/sup> perqu\u00e8 puguin utilitzar la seva plataforma indefinidament, tant en ordinador com en tablets.<\/p>\n<p><a href=\"https:\/\/www.cognifit.com\/\" target=\"_blank\" rel=\"noreferrer noopener\">cognifit.com<\/a><\/p>\n\t\t\n<style>\n#text-751138344 {\n  text-align: left;\n  color: rgb(0,0,0);\n}\n#text-751138344 > * {\n  color: rgb(0,0,0);\n}\n<\/style>\n\t<\/div>\n\t\n\n\t\t\t<\/div>\n\t\t<\/div>\n\t<\/div>\n\t\n\t<div class=\"box has-hover integracion-item  has-hover box-text-bottom\" >\n\n\t\t<div class=\"box-image\" >\n\t\t\t\t\t\t<div class=\"\" >\n\t\t\t\t<img loading=\"lazy\" decoding=\"async\" width=\"750\" height=\"530\" src=\"https:\/\/addinformatica.com\/wp-content\/uploads\/2024\/03\/validateid.jpg\" class=\"attachment-original size-original\" alt=\"\" srcset=\"https:\/\/addinformatica.com\/wp-content\/uploads\/2024\/03\/validateid.jpg 750w, https:\/\/addinformatica.com\/wp-content\/uploads\/2024\/03\/validateid-300x212.jpg 300w\" sizes=\"auto, (max-width: 750px) 100vw, 750px\" \/>\t\t\t\t\t\t\t\t\t\t\t<\/div>\n\t\t\t\t\t<\/div>\n\n\t\t<div class=\"box-text text-left\" style=\"background-color:rgb(255, 255, 255);padding:25px 25px 25px 25px;\">\n\t\t\t<div class=\"box-text-inner\">\n\t\t\t\t\n\n\t<div id=\"text-3894600951\" class=\"text\">\n\t\t\n\n<p><b>VIDsigner<\/b> \u00e9s un servei de signatures digitals que permet als usuaris signar i validar documents electr\u00f2nicament de forma presencial i a dist\u00e0ncia. Es pot utilitzar per signar una \u00e0mplia gamma de documents, inclosos contractes, acords i altres documents legals, i <b>utilitza biometria i criptografia per garantir l&#8217;autenticitat i la integritat de les signatures electr\u00f2niques i del document.<br \/>\nEls usuaris ja no necessiten imprimir, signar i escanejar documents, ja que VIDsigner els permet signar documents des de qualsevol lloc i dispositiu<\/b> amb connexi\u00f3 a Internet. La plataforma simplifica la gesti\u00f3 del proc\u00e9s de signatura en permetre als usuaris fer un seguiment del proc\u00e9s de signatura i veure qui va signar el document.<\/p>\n<p><a href=\"https:\/\/www.validatedid.com\/es\" target=\"_blank\" rel=\"noreferrer noopener\">validatedid.com<\/a><\/p>\n\t\t\n<style>\n#text-3894600951 {\n  text-align: left;\n  color: rgb(0,0,0);\n}\n#text-3894600951 > * {\n  color: rgb(0,0,0);\n}\n<\/style>\n\t<\/div>\n\t\n\n\t\t\t<\/div>\n\t\t<\/div>\n\t<\/div>\n\t\n\n\t\t<\/div>\n\t\t\t\t\t<\/div>\n\n\t\n\n\t<div id=\"col-408655378\" class=\"col medium-6 small-12 large-6\"  >\n\t\t\t\t<div class=\"col-inner text-left\"  >\n\t\t\t\n\t\t\t\n\n\t<div class=\"box has-hover integracion-item  has-hover box-text-bottom\" >\n\n\t\t<div class=\"box-image\" >\n\t\t\t\t\t\t<div class=\"\" >\n\t\t\t\t<img loading=\"lazy\" decoding=\"async\" width=\"750\" height=\"530\" src=\"https:\/\/addinformatica.com\/wp-content\/uploads\/2021\/08\/laundryID.jpeg\" class=\"attachment-original size-original\" alt=\"\" srcset=\"https:\/\/addinformatica.com\/wp-content\/uploads\/2021\/08\/laundryID.jpeg 750w, https:\/\/addinformatica.com\/wp-content\/uploads\/2021\/08\/laundryID-300x212.jpeg 300w\" sizes=\"auto, (max-width: 750px) 100vw, 750px\" \/>\t\t\t\t\t\t\t\t\t\t\t<\/div>\n\t\t\t\t\t<\/div>\n\n\t\t<div class=\"box-text text-left\" style=\"background-color:rgb(255, 255, 255);padding:25px 25px 25px 25px;\">\n\t\t\t<div class=\"box-text-inner\">\n\t\t\t\t\n\n\t<div id=\"text-3708130939\" class=\"text\">\n\t\t\n\n<p>Tra\u00e7abilitat de t\u00e8xtil. Integra amb Resi<strong>Plus<\/strong><sup>\u00ae<\/sup> l&#8217;alta i baixa de residents, aix\u00ed com els canvis d&#8217;habitaci\u00f3. Laundry ID evita les p\u00e8rdues de la roba, ajuda a trobar roba perduda, evita errors en els canvis dhabitaci\u00f3 i millora la qualitat del servei de la bugaderia fins i tot amb personal de nova contractaci\u00f3. Laundry ID tamb\u00e9 afavoreix la inclusi\u00f3 laboral de persones amb discapacitat<strong>.<\/strong><\/p>\n<p><a href=\"https:\/\/institutorobotica.org\/laundry-id\/\" target=\"_blank\" rel=\"noreferrer noopener\">institutorobotica.org<\/a><\/p>\n\t\t\n<style>\n#text-3708130939 {\n  text-align: left;\n  color: rgb(0,0,0);\n}\n#text-3708130939 > * {\n  color: rgb(0,0,0);\n}\n<\/style>\n\t<\/div>\n\t\n\n\t\t\t<\/div>\n\t\t<\/div>\n\t<\/div>\n\t\n\t<div class=\"box has-hover integracion-item  has-hover box-text-bottom\" >\n\n\t\t<div class=\"box-image\" >\n\t\t\t\t\t\t<div class=\"\" >\n\t\t\t\t<img loading=\"lazy\" decoding=\"async\" width=\"750\" height=\"530\" src=\"https:\/\/addinformatica.com\/wp-content\/uploads\/2023\/11\/cuiner.jpg\" class=\"attachment-original size-original\" alt=\"\" srcset=\"https:\/\/addinformatica.com\/wp-content\/uploads\/2023\/11\/cuiner.jpg 750w, https:\/\/addinformatica.com\/wp-content\/uploads\/2023\/11\/cuiner-300x212.jpg 300w\" sizes=\"auto, (max-width: 750px) 100vw, 750px\" \/>\t\t\t\t\t\t\t\t\t\t\t<\/div>\n\t\t\t\t\t<\/div>\n\n\t\t<div class=\"box-text text-left\" style=\"background-color:rgb(255, 255, 255);padding:25px 25px 25px 25px;\">\n\t\t\t<div class=\"box-text-inner\">\n\t\t\t\t\n\n\t<div id=\"text-798518801\" class=\"text\">\n\t\t\n\n<p>Amb la integraci\u00f3 de Cuiner i Resi<strong>Plus<\/strong><sup>\u00ae<\/sup> els centres residencials poden utilitzar el seu programari de venda i gesti\u00f3 per a restaurants, assignant als residents els serveis prestats a les seves instal\u00b7lacions.<\/p>\n<p>En qualsevol moment de la presa de comanda o abans de tancar-la, es pot assignar un resident mitjan\u00e7ant pulsaci\u00f3 directa del seu identificador intern o codi num\u00e8ric, o cercant per nom a trav\u00e9s d&#8217;una llista de tots els residents. En fer el c\u00e0rrec al resident es genera un albar\u00e0, ja que la factura la generar\u00e0 el mateix Resi<strong>Plus<\/strong><sup>\u00ae<\/sup>. La integraci\u00f3 permet anul\u00b7lacions i aquestes es veuen reflectides a Resi<strong>Plus<\/strong><sup>\u00ae<\/sup>. A m\u00e9s, s&#8217;acompanya d&#8217;una s\u00e8rie d&#8217;informes que permeten veure el resum i el detall del carregat a cada resident, de manera que facilita el seguiment de c\u00e0rrecs. Addicionalment, mitjan\u00e7ant una correcta configuraci\u00f3, la versi\u00f3 actual permet a un mateix TPV o Comandero canviar de departament en qualsevol moment i actuar amb una sala (taules) i carta diferents.<a href=\"https:\/\/cuiner.com\/\" target=\"_blank\" rel=\"noreferrer noopener\">cuiner.com<\/a><\/p>\n\t\t\n<style>\n#text-798518801 {\n  text-align: left;\n  color: rgb(0,0,0);\n}\n#text-798518801 > * {\n  color: rgb(0,0,0);\n}\n<\/style>\n\t<\/div>\n\t\n\n\t\t\t<\/div>\n\t\t<\/div>\n\t<\/div>\n\t\n\n\t\t<\/div>\n\t\t\t\t\t<\/div>\n\n\t\n\n<\/div>\n\n\t\t<\/div>\n\n\t\t\n<style>\n#section_2128274652 {\n  padding-top: 30px;\n  padding-bottom: 30px;\n  background-color: rgb(235, 235, 235);\n}\n<\/style>\n\t<\/section>\n\t\n\n","protected":false},"excerpt":{"rendered":"","protected":false},"author":1,"featured_media":0,"parent":0,"menu_order":0,"comment_status":"closed","ping_status":"closed","template":"page-blank.php","meta":{"_acf_changed":false,"footnotes":""},"class_list":["post-20708","page","type-page","status-publish","hentry"],"acf":[],"yoast_head":"<!-- This site is optimized with the Yoast SEO plugin v27.4 - https:\/\/yoast.com\/product\/yoast-seo-wordpress\/ -->\n<title>Integracions - ResiPlus<\/title>\n<meta name=\"robots\" content=\"index, follow, max-snippet:-1, max-image-preview:large, max-video-preview:-1\" \/>\n<link rel=\"canonical\" href=\"https:\/\/addinformatica.com\/ca\/integracions-resiplus\/\" \/>\n<meta property=\"og:locale\" content=\"ca_ES\" \/>\n<meta property=\"og:type\" content=\"article\" \/>\n<meta property=\"og:title\" content=\"Integracions - ResiPlus\" \/>\n<meta property=\"og:url\" content=\"https:\/\/addinformatica.com\/ca\/integracions-resiplus\/\" \/>\n<meta property=\"og:site_name\" content=\"ResiPlus\" \/>\n<meta property=\"article:modified_time\" content=\"2026-04-23T14:56:56+00:00\" \/>\n<meta name=\"twitter:card\" content=\"summary_large_image\" \/>\n<meta name=\"twitter:label1\" content=\"Temps estimat de lectura\" \/>\n\t<meta name=\"twitter:data1\" content=\"18 minuts\" \/>\n<script type=\"application\/ld+json\" class=\"yoast-schema-graph\">{\"@context\":\"https:\\\/\\\/schema.org\",\"@graph\":[{\"@type\":\"WebPage\",\"@id\":\"https:\\\/\\\/addinformatica.com\\\/ca\\\/integracions-resiplus\\\/\",\"url\":\"https:\\\/\\\/addinformatica.com\\\/ca\\\/integracions-resiplus\\\/\",\"name\":\"Integracions - ResiPlus\",\"isPartOf\":{\"@id\":\"https:\\\/\\\/addinformatica.com\\\/#website\"},\"datePublished\":\"2020-10-30T12:36:26+00:00\",\"dateModified\":\"2026-04-23T14:56:56+00:00\",\"breadcrumb\":{\"@id\":\"https:\\\/\\\/addinformatica.com\\\/ca\\\/integracions-resiplus\\\/#breadcrumb\"},\"inLanguage\":\"ca\",\"potentialAction\":[{\"@type\":\"ReadAction\",\"target\":[\"https:\\\/\\\/addinformatica.com\\\/ca\\\/integracions-resiplus\\\/\"]}]},{\"@type\":\"BreadcrumbList\",\"@id\":\"https:\\\/\\\/addinformatica.com\\\/ca\\\/integracions-resiplus\\\/#breadcrumb\",\"itemListElement\":[{\"@type\":\"ListItem\",\"position\":1,\"name\":\"Portada\",\"item\":\"https:\\\/\\\/addinformatica.com\\\/ca\\\/\"},{\"@type\":\"ListItem\",\"position\":2,\"name\":\"Integracions\"}]},{\"@type\":\"WebSite\",\"@id\":\"https:\\\/\\\/addinformatica.com\\\/#website\",\"url\":\"https:\\\/\\\/addinformatica.com\\\/\",\"name\":\"ResiPlus\",\"description\":\"Software de gesti\u00f3n de residencias, centros de d\u00eda y discapacitados | ResiPlus\",\"potentialAction\":[{\"@type\":\"SearchAction\",\"target\":{\"@type\":\"EntryPoint\",\"urlTemplate\":\"https:\\\/\\\/addinformatica.com\\\/?s={search_term_string}\"},\"query-input\":{\"@type\":\"PropertyValueSpecification\",\"valueRequired\":true,\"valueName\":\"search_term_string\"}}],\"inLanguage\":\"ca\"}]}<\/script>\n<!-- \/ Yoast SEO plugin. -->","yoast_head_json":{"title":"Integracions - ResiPlus","robots":{"index":"index","follow":"follow","max-snippet":"max-snippet:-1","max-image-preview":"max-image-preview:large","max-video-preview":"max-video-preview:-1"},"canonical":"https:\/\/addinformatica.com\/ca\/integracions-resiplus\/","og_locale":"ca_ES","og_type":"article","og_title":"Integracions - ResiPlus","og_url":"https:\/\/addinformatica.com\/ca\/integracions-resiplus\/","og_site_name":"ResiPlus","article_modified_time":"2026-04-23T14:56:56+00:00","twitter_card":"summary_large_image","twitter_misc":{"Temps estimat de lectura":"18 minuts"},"schema":{"@context":"https:\/\/schema.org","@graph":[{"@type":"WebPage","@id":"https:\/\/addinformatica.com\/ca\/integracions-resiplus\/","url":"https:\/\/addinformatica.com\/ca\/integracions-resiplus\/","name":"Integracions - ResiPlus","isPartOf":{"@id":"https:\/\/addinformatica.com\/#website"},"datePublished":"2020-10-30T12:36:26+00:00","dateModified":"2026-04-23T14:56:56+00:00","breadcrumb":{"@id":"https:\/\/addinformatica.com\/ca\/integracions-resiplus\/#breadcrumb"},"inLanguage":"ca","potentialAction":[{"@type":"ReadAction","target":["https:\/\/addinformatica.com\/ca\/integracions-resiplus\/"]}]},{"@type":"BreadcrumbList","@id":"https:\/\/addinformatica.com\/ca\/integracions-resiplus\/#breadcrumb","itemListElement":[{"@type":"ListItem","position":1,"name":"Portada","item":"https:\/\/addinformatica.com\/ca\/"},{"@type":"ListItem","position":2,"name":"Integracions"}]},{"@type":"WebSite","@id":"https:\/\/addinformatica.com\/#website","url":"https:\/\/addinformatica.com\/","name":"ResiPlus","description":"Software de gesti\u00f3n de residencias, centros de d\u00eda y discapacitados | ResiPlus","potentialAction":[{"@type":"SearchAction","target":{"@type":"EntryPoint","urlTemplate":"https:\/\/addinformatica.com\/?s={search_term_string}"},"query-input":{"@type":"PropertyValueSpecification","valueRequired":true,"valueName":"search_term_string"}}],"inLanguage":"ca"}]}},"_links":{"self":[{"href":"https:\/\/addinformatica.com\/ca\/wp-json\/wp\/v2\/pages\/20708","targetHints":{"allow":["GET"]}}],"collection":[{"href":"https:\/\/addinformatica.com\/ca\/wp-json\/wp\/v2\/pages"}],"about":[{"href":"https:\/\/addinformatica.com\/ca\/wp-json\/wp\/v2\/types\/page"}],"author":[{"embeddable":true,"href":"https:\/\/addinformatica.com\/ca\/wp-json\/wp\/v2\/users\/1"}],"replies":[{"embeddable":true,"href":"https:\/\/addinformatica.com\/ca\/wp-json\/wp\/v2\/comments?post=20708"}],"version-history":[{"count":5,"href":"https:\/\/addinformatica.com\/ca\/wp-json\/wp\/v2\/pages\/20708\/revisions"}],"predecessor-version":[{"id":59498,"href":"https:\/\/addinformatica.com\/ca\/wp-json\/wp\/v2\/pages\/20708\/revisions\/59498"}],"wp:attachment":[{"href":"https:\/\/addinformatica.com\/ca\/wp-json\/wp\/v2\/media?parent=20708"}],"curies":[{"name":"wp","href":"https:\/\/api.w.org\/{rel}","templated":true}]}}