{"id":20688,"date":"2014-08-22T14:51:51","date_gmt":"2014-08-22T14:51:51","guid":{"rendered":"https:\/\/resiplus.dagocreativo.com\/noticies\/"},"modified":"2024-04-09T07:06:48","modified_gmt":"2024-04-09T07:06:48","slug":"noticies","status":"publish","type":"page","link":"https:\/\/addinformatica.com\/ca\/noticies\/","title":{"rendered":"Actualitat"},"content":{"rendered":"\n\n\t<section class=\"section section-actualidad\" id=\"section_1686511754\">\n\t\t<div class=\"section-bg fill\" >\n\t\t\t\t\t\t\t\t\t\n\t\t\t\n\n\t\t<\/div>\n\n\t\t\n\n\t\t<div class=\"section-content relative\">\n\t\t\t\n\n<div class=\"row row-full-width noticias-section\"  id=\"row-1325222953\">\n\n\n\t<div id=\"col-1330853869\" class=\"col small-12 large-12\"  >\n\t\t\t\t<div class=\"col-inner\"  >\n\t\t\t\n\t\t\t\n\n\t<div id=\"text-2064105808\" class=\"text\">\n\t\t\n\n<h3><b>ACTUALITAT<\/b><br>MANTINGUI INFORMAT DE LES NOSTRES NOVETATS<\/h3>\n\t\t\n<style>\n#text-2064105808 {\n  line-height: 1.25;\n  text-align: center;\n  color: rgb(0,0,0);\n}\n#text-2064105808 > * {\n  color: rgb(0,0,0);\n}\n<\/style>\n\t<\/div>\n\t\n\t<div id=\"gap-1208040261\" class=\"gap-element clearfix\" style=\"display:block; height:auto;\">\n\t\t\n<style>\n#gap-1208040261 {\n  padding-top: 10px;\n}\n<\/style>\n\t<\/div>\n\t\n\n\n\t\t<div class=\"tabbed-content tab-actualidad tab-historias\">\n\t\t\t\n\t\t\t<ul class=\"nav nav-outline nav-uppercase nav-size-normal nav-center\" role=\"tablist\"><li id=\"tab-hist\u00d2ries-que-inspiren\" class=\"tab active has-icon\" role=\"presentation\"><a href=\"#tab_hist\u00d2ries-que-inspiren\" role=\"tab\" aria-selected=\"true\" aria-controls=\"tab_hist\u00d2ries-que-inspiren\"><span>HIST\u00d2RIES QUE INSPIREN<\/span><\/a><\/li>\n<li id=\"tab-som-r+\" class=\"tab has-icon\" role=\"presentation\"><a href=\"#tab_som-r+\" tabindex=\"-1\" role=\"tab\" aria-selected=\"false\" aria-controls=\"tab_som-r+\"><span>SOM R+<\/span><\/a><\/li>\n<li id=\"tab-noticies\" class=\"tab has-icon\" role=\"presentation\"><a href=\"#tab_noticies\" tabindex=\"-1\" role=\"tab\" aria-selected=\"false\" aria-controls=\"tab_noticies\"><span>NOTICIES<\/span><\/a><\/li><\/ul><div class=\"tab-panels\"><div id=\"tab_hist\u00d2ries-que-inspiren\" class=\"panel active entry-content\" role=\"tabpanel\" aria-labelledby=\"tab-hist\u00d2ries-que-inspiren\">\n\n<div class=\"row\"  id=\"row-901702560\">\n\n\n\t<div id=\"col-47165652\" class=\"col small-12 large-12\"  >\n\t\t\t\t<div class=\"col-inner\"  >\n\t\t\t\n\t\t\t\n\n\n\n<style type=\"text\/css\">.zoom-instagram.feed-31955{font-size:14px!important;padding:1px!important;}.zoom-instagram.feed-31955 .zoom-instagram-widget__items{display:grid!important;grid-template-columns:repeat(4,1fr);}.zoom-instagram.feed-31955 .zoom-instagram-widget__items{gap:30px!important;}.zoom-instagram.feed-31955 .wpz-insta-view-on-insta-button{background-color:#000000!important;}<\/style>\n<div class=\"zoom-instagram feed-31955 layout-grid columns-4 with-lightbox spacing-30 perpage-3\"><div class=\"zoom-instagram-widget__items-wrapper\"><ul class=\"zoom-instagram-widget__items zoom-instagram-widget__items--no-js layout-grid\" data-layout=\"grid\" data-lightbox=\"1\" data-spacing=\"30\" data-perpage=\"3\"><li class=\"zoom-instagram-widget__item media-icons-normal media-icons-hover\" data-media-type=\"video\"><div class=\"zoom-instagram-widget__item-inner-wrap\"><img class=\"zoom-instagram-link zoom-instagram-link-new\"  data-src=\"https:\/\/addinformatica.com\/wp-content\/uploads\/2014\/08\/522399260_672990282427474_6467382831238526341_n-53-360x640.jpg\" data-mfp-src=\"18404218057118473\" width=\"360\" height=\"640\" alt=\"Repost | Historias que Inspiran | @lainfopositiva\" \/><div class=\"hover-layout zoom-instagram-widget__overlay zoom-instagram-widget__black \"><svg class=\"svg-icon\" shape-rendering=\"geometricPrecision\"><use xlink:href=\"https:\/\/addinformatica.com\/wp-content\/plugins\/instagram-widget-by-wpzoom\/dist\/images\/frontend\/wpzoom-instagram-icons.svg#video\"><\/use><\/svg><div class=\"zoom-instagram-icon-wrap\"><a class=\"zoom-svg-instagram-stroke\" href=\"https:\/\/www.instagram.com\/reel\/DMXaYPuu3r2\/\" rel=\"noopener nofollow\" target=\"_blank\" title=\"Repost | Historias que Inspiran | @lainfopositiva\"><\/a><\/div><a class=\"zoom-instagram-link\" data-src=\"https:\/\/addinformatica.com\/wp-content\/uploads\/2014\/08\/522399260_672990282427474_6467382831238526341_n-53-360x640.jpg\" data-mfp-src=\"18404218057118473\" href=\"https:\/\/www.instagram.com\/reel\/DMXaYPuu3r2\/\" target=\"_blank\" rel=\"noopener nofollow\" title=\"Repost | Historias que Inspiran | @lainfopositiva\"><\/a><\/div><\/div><\/li><li class=\"zoom-instagram-widget__item media-icons-normal media-icons-hover\" data-media-type=\"video\"><div class=\"zoom-instagram-widget__item-inner-wrap\"><img class=\"zoom-instagram-link zoom-instagram-link-new\"  data-src=\"https:\/\/addinformatica.com\/wp-content\/uploads\/2014\/08\/522466288_602889132543185_8844189155092602538_n-53-361x640.jpg\" data-mfp-src=\"18299517406217176\" width=\"361\" height=\"640\" alt=\"Repost |  Historias que Inspiran | @todonoticias\" \/><div class=\"hover-layout zoom-instagram-widget__overlay zoom-instagram-widget__black \"><svg class=\"svg-icon\" shape-rendering=\"geometricPrecision\"><use xlink:href=\"https:\/\/addinformatica.com\/wp-content\/plugins\/instagram-widget-by-wpzoom\/dist\/images\/frontend\/wpzoom-instagram-icons.svg#video\"><\/use><\/svg><div class=\"zoom-instagram-icon-wrap\"><a class=\"zoom-svg-instagram-stroke\" href=\"https:\/\/www.instagram.com\/reel\/DMXZwk4uPWJ\/\" rel=\"noopener nofollow\" target=\"_blank\" title=\"Repost |  Historias que Inspiran | @todonoticias\"><\/a><\/div><a class=\"zoom-instagram-link\" data-src=\"https:\/\/addinformatica.com\/wp-content\/uploads\/2014\/08\/522466288_602889132543185_8844189155092602538_n-53-361x640.jpg\" data-mfp-src=\"18299517406217176\" href=\"https:\/\/www.instagram.com\/reel\/DMXZwk4uPWJ\/\" target=\"_blank\" rel=\"noopener nofollow\" title=\"Repost |  Historias que Inspiran | @todonoticias\"><\/a><\/div><\/div><\/li><li class=\"zoom-instagram-widget__item media-icons-normal media-icons-hover\" data-media-type=\"image\"><div class=\"zoom-instagram-widget__item-inner-wrap\"><img class=\"zoom-instagram-link zoom-instagram-link-new\"  data-src=\"https:\/\/addinformatica.com\/wp-content\/uploads\/2014\/08\/503505573_17905083474193097_2824338091968606936_n-505-640x640.jpg\" data-mfp-src=\"18082780171764340\" width=\"640\" height=\"640\" alt=\"Repost | Historias que Inspiran | @telemetro @euronewses \n\nhttps:\/\/www.youtube.com\/watch?v=pWIeFkEYglA\" \/><div class=\"hover-layout zoom-instagram-widget__overlay zoom-instagram-widget__black \"><div class=\"zoom-instagram-icon-wrap\"><a class=\"zoom-svg-instagram-stroke\" href=\"https:\/\/www.instagram.com\/p\/DLQx-oRODgV\/\" rel=\"noopener nofollow\" target=\"_blank\" title=\"Repost | Historias que Inspiran | @telemetro @euronewses \n\nhttps:\/\/www.youtube.com\/watch?v=pWIeFkEYglA\"><\/a><\/div><a class=\"zoom-instagram-link\" data-src=\"https:\/\/addinformatica.com\/wp-content\/uploads\/2014\/08\/503505573_17905083474193097_2824338091968606936_n-505-640x640.jpg\" data-mfp-src=\"18082780171764340\" href=\"https:\/\/www.instagram.com\/p\/DLQx-oRODgV\/\" target=\"_blank\" rel=\"noopener nofollow\" title=\"Repost | Historias que Inspiran | @telemetro @euronewses \n\nhttps:\/\/www.youtube.com\/watch?v=pWIeFkEYglA\"><\/a><\/div><\/div><\/li><li class=\"zoom-instagram-widget__item media-icons-normal media-icons-hover\" data-media-type=\"video\"><div class=\"zoom-instagram-widget__item-inner-wrap\"><img class=\"zoom-instagram-link zoom-instagram-link-new\"  data-src=\"https:\/\/addinformatica.com\/wp-content\/uploads\/2014\/08\/504475222_1036198892029262_3676769543857746492_n-53-361x640.jpg\" data-mfp-src=\"18084690763673264\" width=\"361\" height=\"640\" alt=\"\" \/><div class=\"hover-layout zoom-instagram-widget__overlay zoom-instagram-widget__black \"><svg class=\"svg-icon\" shape-rendering=\"geometricPrecision\"><use xlink:href=\"https:\/\/addinformatica.com\/wp-content\/plugins\/instagram-widget-by-wpzoom\/dist\/images\/frontend\/wpzoom-instagram-icons.svg#video\"><\/use><\/svg><div class=\"zoom-instagram-icon-wrap\"><a class=\"zoom-svg-instagram-stroke\" href=\"https:\/\/www.instagram.com\/reel\/DK9TJ05u216\/\" rel=\"noopener nofollow\" target=\"_blank\" title=\"\"><\/a><\/div><a class=\"zoom-instagram-link\" data-src=\"https:\/\/addinformatica.com\/wp-content\/uploads\/2014\/08\/504475222_1036198892029262_3676769543857746492_n-53-361x640.jpg\" data-mfp-src=\"18084690763673264\" href=\"https:\/\/www.instagram.com\/reel\/DK9TJ05u216\/\" target=\"_blank\" rel=\"noopener nofollow\" title=\"\"><\/a><\/div><\/div><\/li><li class=\"zoom-instagram-widget__item media-icons-normal media-icons-hover\" data-media-type=\"video\"><div class=\"zoom-instagram-widget__item-inner-wrap\"><img class=\"zoom-instagram-link zoom-instagram-link-new\"  data-src=\"https:\/\/addinformatica.com\/wp-content\/uploads\/2014\/08\/479927471_518334110861551_538663049007677112_n-53-360x640.jpg\" data-mfp-src=\"18034118012243103\" width=\"360\" height=\"640\" alt=\"Repost | Historias que Inspiran |  Fuente: @lachicadelbrunch\" \/><div class=\"hover-layout zoom-instagram-widget__overlay zoom-instagram-widget__black \"><svg class=\"svg-icon\" shape-rendering=\"geometricPrecision\"><use xlink:href=\"https:\/\/addinformatica.com\/wp-content\/plugins\/instagram-widget-by-wpzoom\/dist\/images\/frontend\/wpzoom-instagram-icons.svg#video\"><\/use><\/svg><div class=\"zoom-instagram-icon-wrap\"><a class=\"zoom-svg-instagram-stroke\" href=\"https:\/\/www.instagram.com\/reel\/DGV8elgOB9i\/\" rel=\"noopener nofollow\" target=\"_blank\" title=\"Repost | Historias que Inspiran |  Fuente: @lachicadelbrunch\"><\/a><\/div><a class=\"zoom-instagram-link\" data-src=\"https:\/\/addinformatica.com\/wp-content\/uploads\/2014\/08\/479927471_518334110861551_538663049007677112_n-53-360x640.jpg\" data-mfp-src=\"18034118012243103\" href=\"https:\/\/www.instagram.com\/reel\/DGV8elgOB9i\/\" target=\"_blank\" rel=\"noopener nofollow\" title=\"Repost | Historias que Inspiran |  Fuente: @lachicadelbrunch\"><\/a><\/div><\/div><\/li><li class=\"zoom-instagram-widget__item media-icons-normal media-icons-hover\" data-media-type=\"video\"><div class=\"zoom-instagram-widget__item-inner-wrap\"><img class=\"zoom-instagram-link zoom-instagram-link-new\"  data-src=\"https:\/\/addinformatica.com\/wp-content\/uploads\/2014\/08\/503001588_687672000901489_3927741898457267073_n-500-361x640.jpg\" data-mfp-src=\"18305006923162936\" width=\"361\" height=\"640\" alt=\"Repost | Historias que Inspiran | @lacarabuenadelmundo\" \/><div class=\"hover-layout zoom-instagram-widget__overlay zoom-instagram-widget__black \"><svg class=\"svg-icon\" shape-rendering=\"geometricPrecision\"><use xlink:href=\"https:\/\/addinformatica.com\/wp-content\/plugins\/instagram-widget-by-wpzoom\/dist\/images\/frontend\/wpzoom-instagram-icons.svg#video\"><\/use><\/svg><div class=\"zoom-instagram-icon-wrap\"><a class=\"zoom-svg-instagram-stroke\" href=\"https:\/\/www.instagram.com\/reel\/DBh4VXQOWW2\/\" rel=\"noopener nofollow\" target=\"_blank\" title=\"Repost | Historias que Inspiran | @lacarabuenadelmundo\"><\/a><\/div><a class=\"zoom-instagram-link\" data-src=\"https:\/\/addinformatica.com\/wp-content\/uploads\/2014\/08\/503001588_687672000901489_3927741898457267073_n-500-361x640.jpg\" data-mfp-src=\"18305006923162936\" href=\"https:\/\/www.instagram.com\/reel\/DBh4VXQOWW2\/\" target=\"_blank\" rel=\"noopener nofollow\" title=\"Repost | Historias que Inspiran | @lacarabuenadelmundo\"><\/a><\/div><\/div><\/li><li class=\"zoom-instagram-widget__item media-icons-normal media-icons-hover\" data-media-type=\"video\"><div class=\"zoom-instagram-widget__item-inner-wrap\"><img class=\"zoom-instagram-link zoom-instagram-link-new\"  data-src=\"https:\/\/addinformatica.com\/wp-content\/uploads\/2014\/08\/501501114_1677384266232903_6805325443243527440_n-504-360x640.jpg\" data-mfp-src=\"17881829625118142\" width=\"360\" height=\"640\" alt=\"Repost | Historias que Inspiran | @oysho_community\" \/><div class=\"hover-layout zoom-instagram-widget__overlay zoom-instagram-widget__black \"><svg class=\"svg-icon\" shape-rendering=\"geometricPrecision\"><use xlink:href=\"https:\/\/addinformatica.com\/wp-content\/plugins\/instagram-widget-by-wpzoom\/dist\/images\/frontend\/wpzoom-instagram-icons.svg#video\"><\/use><\/svg><div class=\"zoom-instagram-icon-wrap\"><a class=\"zoom-svg-instagram-stroke\" href=\"https:\/\/www.instagram.com\/reel\/DBh4DDwuuu4\/\" rel=\"noopener nofollow\" target=\"_blank\" title=\"Repost | Historias que Inspiran | @oysho_community\"><\/a><\/div><a class=\"zoom-instagram-link\" data-src=\"https:\/\/addinformatica.com\/wp-content\/uploads\/2014\/08\/501501114_1677384266232903_6805325443243527440_n-504-360x640.jpg\" data-mfp-src=\"17881829625118142\" href=\"https:\/\/www.instagram.com\/reel\/DBh4DDwuuu4\/\" target=\"_blank\" rel=\"noopener nofollow\" title=\"Repost | Historias que Inspiran | @oysho_community\"><\/a><\/div><\/div><\/li><li class=\"zoom-instagram-widget__item media-icons-normal media-icons-hover\" data-media-type=\"video\"><div class=\"zoom-instagram-widget__item-inner-wrap\"><img class=\"zoom-instagram-link zoom-instagram-link-new\"  data-src=\"https:\/\/addinformatica.com\/wp-content\/uploads\/2014\/08\/504090546_717143740798997_6857663497612931368_n-500.jpg\" data-mfp-src=\"17967609218653680\" width=\"320\" height=\"568\" alt=\"Repost |  Historias que Inspiran | fuente: @nitrocircus\" \/><div class=\"hover-layout zoom-instagram-widget__overlay zoom-instagram-widget__black \"><svg class=\"svg-icon\" shape-rendering=\"geometricPrecision\"><use xlink:href=\"https:\/\/addinformatica.com\/wp-content\/plugins\/instagram-widget-by-wpzoom\/dist\/images\/frontend\/wpzoom-instagram-icons.svg#video\"><\/use><\/svg><div class=\"zoom-instagram-icon-wrap\"><a class=\"zoom-svg-instagram-stroke\" href=\"https:\/\/www.instagram.com\/reel\/C_yM_THOsaj\/\" rel=\"noopener nofollow\" target=\"_blank\" title=\"Repost |  Historias que Inspiran | fuente: @nitrocircus\"><\/a><\/div><a class=\"zoom-instagram-link\" data-src=\"https:\/\/addinformatica.com\/wp-content\/uploads\/2014\/08\/504090546_717143740798997_6857663497612931368_n-500.jpg\" data-mfp-src=\"17967609218653680\" href=\"https:\/\/www.instagram.com\/reel\/C_yM_THOsaj\/\" target=\"_blank\" rel=\"noopener nofollow\" title=\"Repost |  Historias que Inspiran | fuente: @nitrocircus\"><\/a><\/div><\/div><\/li><li class=\"zoom-instagram-widget__item media-icons-normal media-icons-hover\" data-media-type=\"image\"><div class=\"zoom-instagram-widget__item-inner-wrap\"><img class=\"zoom-instagram-link zoom-instagram-link-new\"  data-src=\"https:\/\/addinformatica.com\/wp-content\/uploads\/2014\/08\/459230123_1055859356543172_8191364002124440538_n-825-640x640.jpg\" data-mfp-src=\"18040345859044324\" width=\"640\" height=\"640\" alt=\"https:\/\/www.instagram.com\/p\/C_imZ1YumIj\/?igsh=Mmh1bzJleHAxa3Qz\n\nRepost | Historias que Inspiran | fuente: @cajadepizza2\" \/><div class=\"hover-layout zoom-instagram-widget__overlay zoom-instagram-widget__black \"><div class=\"zoom-instagram-icon-wrap\"><a class=\"zoom-svg-instagram-stroke\" href=\"https:\/\/www.instagram.com\/p\/C_yMvZEu5sl\/\" rel=\"noopener nofollow\" target=\"_blank\" title=\"https:\/\/www.instagram.com\/p\/C_imZ1YumIj\/?igsh=Mmh1bzJleHAxa3Qz\n\nRepost | Historias que Inspiran | fuente: @cajadepizza2\"><\/a><\/div><a class=\"zoom-instagram-link\" data-src=\"https:\/\/addinformatica.com\/wp-content\/uploads\/2014\/08\/459230123_1055859356543172_8191364002124440538_n-825-640x640.jpg\" data-mfp-src=\"18040345859044324\" href=\"https:\/\/www.instagram.com\/p\/C_yMvZEu5sl\/\" target=\"_blank\" rel=\"noopener nofollow\" title=\"https:\/\/www.instagram.com\/p\/C_imZ1YumIj\/?igsh=Mmh1bzJleHAxa3Qz\n\nRepost | Historias que Inspiran | fuente: @cajadepizza2\"><\/a><\/div><\/div><\/li><li class=\"zoom-instagram-widget__item media-icons-normal media-icons-hover\" data-media-type=\"video\"><div class=\"zoom-instagram-widget__item-inner-wrap\"><img class=\"zoom-instagram-link zoom-instagram-link-new\"  data-src=\"https:\/\/addinformatica.com\/wp-content\/uploads\/2014\/08\/451389675_1059255082289064_3306162353370570634_n-360x640.jpg\" data-mfp-src=\"18056934772639164\" width=\"360\" height=\"640\" alt=\"Repost | Historias que Inspiran | Fuente:@residenciasanjeronimo\" \/><div class=\"hover-layout zoom-instagram-widget__overlay zoom-instagram-widget__black \"><svg class=\"svg-icon\" shape-rendering=\"geometricPrecision\"><use xlink:href=\"https:\/\/addinformatica.com\/wp-content\/plugins\/instagram-widget-by-wpzoom\/dist\/images\/frontend\/wpzoom-instagram-icons.svg#video\"><\/use><\/svg><div class=\"zoom-instagram-icon-wrap\"><a class=\"zoom-svg-instagram-stroke\" href=\"https:\/\/www.instagram.com\/reel\/C-BDEa0OFIN\/\" rel=\"noopener nofollow\" target=\"_blank\" title=\"Repost | Historias que Inspiran | Fuente:@residenciasanjeronimo\"><\/a><\/div><a class=\"zoom-instagram-link\" data-src=\"https:\/\/addinformatica.com\/wp-content\/uploads\/2014\/08\/451389675_1059255082289064_3306162353370570634_n-360x640.jpg\" data-mfp-src=\"18056934772639164\" href=\"https:\/\/www.instagram.com\/reel\/C-BDEa0OFIN\/\" target=\"_blank\" rel=\"noopener nofollow\" title=\"Repost | Historias que Inspiran | Fuente:@residenciasanjeronimo\"><\/a><\/div><\/div><\/li><li class=\"zoom-instagram-widget__item media-icons-normal media-icons-hover\" data-media-type=\"video\"><div class=\"zoom-instagram-widget__item-inner-wrap\"><img class=\"zoom-instagram-link zoom-instagram-link-new\"  data-src=\"https:\/\/addinformatica.com\/wp-content\/uploads\/2014\/08\/502944320_1865141934219969_3787393415626631928_n-500.jpg\" data-mfp-src=\"18037066124007990\" width=\"320\" height=\"568\" alt=\"Repost| Historias que inspiran | fuente: @datosfantasticos\" \/><div class=\"hover-layout zoom-instagram-widget__overlay zoom-instagram-widget__black \"><svg class=\"svg-icon\" shape-rendering=\"geometricPrecision\"><use xlink:href=\"https:\/\/addinformatica.com\/wp-content\/plugins\/instagram-widget-by-wpzoom\/dist\/images\/frontend\/wpzoom-instagram-icons.svg#video\"><\/use><\/svg><div class=\"zoom-instagram-icon-wrap\"><a class=\"zoom-svg-instagram-stroke\" href=\"https:\/\/www.instagram.com\/reel\/C9yQTF8OcKd\/\" rel=\"noopener nofollow\" target=\"_blank\" title=\"Repost| Historias que inspiran | fuente: @datosfantasticos\"><\/a><\/div><a class=\"zoom-instagram-link\" data-src=\"https:\/\/addinformatica.com\/wp-content\/uploads\/2014\/08\/502944320_1865141934219969_3787393415626631928_n-500.jpg\" data-mfp-src=\"18037066124007990\" href=\"https:\/\/www.instagram.com\/reel\/C9yQTF8OcKd\/\" target=\"_blank\" rel=\"noopener nofollow\" title=\"Repost| Historias que inspiran | fuente: @datosfantasticos\"><\/a><\/div><\/div><\/li><li class=\"zoom-instagram-widget__item media-icons-normal media-icons-hover\" data-media-type=\"video\"><div class=\"zoom-instagram-widget__item-inner-wrap\"><img class=\"zoom-instagram-link zoom-instagram-link-new\"  data-src=\"https:\/\/addinformatica.com\/wp-content\/uploads\/2014\/08\/503713927_1953295685518609_3558198868228165534_n-52-288x640.jpg\" data-mfp-src=\"18061627084577826\" width=\"288\" height=\"640\" alt=\"Repost | Historias que inspiran | Fuente: @thebrightside.official\" \/><div class=\"hover-layout zoom-instagram-widget__overlay zoom-instagram-widget__black \"><svg class=\"svg-icon\" shape-rendering=\"geometricPrecision\"><use xlink:href=\"https:\/\/addinformatica.com\/wp-content\/plugins\/instagram-widget-by-wpzoom\/dist\/images\/frontend\/wpzoom-instagram-icons.svg#video\"><\/use><\/svg><div class=\"zoom-instagram-icon-wrap\"><a class=\"zoom-svg-instagram-stroke\" href=\"https:\/\/www.instagram.com\/reel\/C72Bx-9usxZ\/\" rel=\"noopener nofollow\" target=\"_blank\" title=\"Repost | Historias que inspiran | Fuente: @thebrightside.official\"><\/a><\/div><a class=\"zoom-instagram-link\" data-src=\"https:\/\/addinformatica.com\/wp-content\/uploads\/2014\/08\/503713927_1953295685518609_3558198868228165534_n-52-288x640.jpg\" data-mfp-src=\"18061627084577826\" href=\"https:\/\/www.instagram.com\/reel\/C72Bx-9usxZ\/\" target=\"_blank\" rel=\"noopener nofollow\" title=\"Repost | Historias que inspiran | Fuente: @thebrightside.official\"><\/a><\/div><\/div><\/li><li class=\"zoom-instagram-widget__item media-icons-normal media-icons-hover\" data-media-type=\"video\"><div class=\"zoom-instagram-widget__item-inner-wrap\"><img class=\"zoom-instagram-link zoom-instagram-link-new\"  data-src=\"https:\/\/addinformatica.com\/wp-content\/uploads\/2014\/08\/503441666_982938427248435_4031057211211892208_n-52-288x640.jpg\" data-mfp-src=\"18006903305579352\" width=\"288\" height=\"640\" alt=\"Repost |  Historias que inspiran | Fuente: @lainfopositiva\" \/><div class=\"hover-layout zoom-instagram-widget__overlay zoom-instagram-widget__black \"><svg class=\"svg-icon\" shape-rendering=\"geometricPrecision\"><use xlink:href=\"https:\/\/addinformatica.com\/wp-content\/plugins\/instagram-widget-by-wpzoom\/dist\/images\/frontend\/wpzoom-instagram-icons.svg#video\"><\/use><\/svg><div class=\"zoom-instagram-icon-wrap\"><a class=\"zoom-svg-instagram-stroke\" href=\"https:\/\/www.instagram.com\/reel\/C72BVeiOmNm\/\" rel=\"noopener nofollow\" target=\"_blank\" title=\"Repost |  Historias que inspiran | Fuente: @lainfopositiva\"><\/a><\/div><a class=\"zoom-instagram-link\" data-src=\"https:\/\/addinformatica.com\/wp-content\/uploads\/2014\/08\/503441666_982938427248435_4031057211211892208_n-52-288x640.jpg\" data-mfp-src=\"18006903305579352\" href=\"https:\/\/www.instagram.com\/reel\/C72BVeiOmNm\/\" target=\"_blank\" rel=\"noopener nofollow\" title=\"Repost |  Historias que inspiran | Fuente: @lainfopositiva\"><\/a><\/div><\/div><\/li><li class=\"zoom-instagram-widget__item media-icons-normal media-icons-hover\" data-media-type=\"video\"><div class=\"zoom-instagram-widget__item-inner-wrap\"><img class=\"zoom-instagram-link zoom-instagram-link-new\"  data-src=\"https:\/\/addinformatica.com\/wp-content\/uploads\/2014\/08\/501126899_679941078076773_5261004978591914637_n-52-288x640.jpg\" data-mfp-src=\"18025733015113100\" width=\"288\" height=\"640\" alt=\"Repost | Historias que inspiran | Fuente: @celia_.jose_\" \/><div class=\"hover-layout zoom-instagram-widget__overlay zoom-instagram-widget__black \"><svg class=\"svg-icon\" shape-rendering=\"geometricPrecision\"><use xlink:href=\"https:\/\/addinformatica.com\/wp-content\/plugins\/instagram-widget-by-wpzoom\/dist\/images\/frontend\/wpzoom-instagram-icons.svg#video\"><\/use><\/svg><div class=\"zoom-instagram-icon-wrap\"><a class=\"zoom-svg-instagram-stroke\" href=\"https:\/\/www.instagram.com\/reel\/C6qqIrfO2cF\/\" rel=\"noopener nofollow\" target=\"_blank\" title=\"Repost | Historias que inspiran | Fuente: @celia_.jose_\"><\/a><\/div><a class=\"zoom-instagram-link\" data-src=\"https:\/\/addinformatica.com\/wp-content\/uploads\/2014\/08\/501126899_679941078076773_5261004978591914637_n-52-288x640.jpg\" data-mfp-src=\"18025733015113100\" href=\"https:\/\/www.instagram.com\/reel\/C6qqIrfO2cF\/\" target=\"_blank\" rel=\"noopener nofollow\" title=\"Repost | Historias que inspiran | Fuente: @celia_.jose_\"><\/a><\/div><\/div><\/li><li class=\"zoom-instagram-widget__item media-icons-normal media-icons-hover\" data-media-type=\"video\"><div class=\"zoom-instagram-widget__item-inner-wrap\"><img class=\"zoom-instagram-link zoom-instagram-link-new\"  data-src=\"https:\/\/addinformatica.com\/wp-content\/uploads\/2014\/08\/435465372_1091741001881572_2598187829913864306_n.jpg\" data-mfp-src=\"17938249679811435\" width=\"320\" height=\"569\" alt=\"Repost | Historias que inspiran |\nFuente: @shalinisaraswhati\" \/><div class=\"hover-layout zoom-instagram-widget__overlay zoom-instagram-widget__black \"><svg class=\"svg-icon\" shape-rendering=\"geometricPrecision\"><use xlink:href=\"https:\/\/addinformatica.com\/wp-content\/plugins\/instagram-widget-by-wpzoom\/dist\/images\/frontend\/wpzoom-instagram-icons.svg#video\"><\/use><\/svg><div class=\"zoom-instagram-icon-wrap\"><a class=\"zoom-svg-instagram-stroke\" href=\"https:\/\/www.instagram.com\/reel\/C5YQUQRu8T6\/\" rel=\"noopener nofollow\" target=\"_blank\" title=\"Repost | Historias que inspiran |\nFuente: @shalinisaraswhati\"><\/a><\/div><a class=\"zoom-instagram-link\" data-src=\"https:\/\/addinformatica.com\/wp-content\/uploads\/2014\/08\/435465372_1091741001881572_2598187829913864306_n.jpg\" data-mfp-src=\"17938249679811435\" href=\"https:\/\/www.instagram.com\/reel\/C5YQUQRu8T6\/\" target=\"_blank\" rel=\"noopener nofollow\" title=\"Repost | Historias que inspiran |\nFuente: @shalinisaraswhati\"><\/a><\/div><\/div><\/li><li class=\"zoom-instagram-widget__item media-icons-normal media-icons-hover\" data-media-type=\"video\"><div class=\"zoom-instagram-widget__item-inner-wrap\"><img class=\"zoom-instagram-link zoom-instagram-link-new\"  data-src=\"https:\/\/addinformatica.com\/wp-content\/uploads\/2014\/08\/435525092_811181661055732_1060688850009318140_n.jpg\" data-mfp-src=\"17925486608854223\" width=\"320\" height=\"569\" alt=\"Repost | Historias que inspiran.. | Fuente: @conejocorre\" \/><div class=\"hover-layout zoom-instagram-widget__overlay zoom-instagram-widget__black \"><svg class=\"svg-icon\" shape-rendering=\"geometricPrecision\"><use xlink:href=\"https:\/\/addinformatica.com\/wp-content\/plugins\/instagram-widget-by-wpzoom\/dist\/images\/frontend\/wpzoom-instagram-icons.svg#video\"><\/use><\/svg><div class=\"zoom-instagram-icon-wrap\"><a class=\"zoom-svg-instagram-stroke\" href=\"https:\/\/www.instagram.com\/reel\/C5YPecru51j\/\" rel=\"noopener nofollow\" target=\"_blank\" title=\"Repost | Historias que inspiran.. | Fuente: @conejocorre\"><\/a><\/div><a class=\"zoom-instagram-link\" data-src=\"https:\/\/addinformatica.com\/wp-content\/uploads\/2014\/08\/435525092_811181661055732_1060688850009318140_n.jpg\" data-mfp-src=\"17925486608854223\" href=\"https:\/\/www.instagram.com\/reel\/C5YPecru51j\/\" target=\"_blank\" rel=\"noopener nofollow\" title=\"Repost | Historias que inspiran.. | Fuente: @conejocorre\"><\/a><\/div><\/div><\/li><li class=\"zoom-instagram-widget__item media-icons-normal media-icons-hover\" data-media-type=\"video\"><div class=\"zoom-instagram-widget__item-inner-wrap\"><img class=\"zoom-instagram-link zoom-instagram-link-new\"  data-src=\"https:\/\/addinformatica.com\/wp-content\/uploads\/2014\/08\/435516882_306889405547797_214585023908694011_n.jpg\" data-mfp-src=\"18016731167017961\" width=\"320\" height=\"569\" alt=\"Repost | Historias que inspiran |\nFuente: @silvia_cristin22\" \/><div class=\"hover-layout zoom-instagram-widget__overlay zoom-instagram-widget__black \"><svg class=\"svg-icon\" shape-rendering=\"geometricPrecision\"><use xlink:href=\"https:\/\/addinformatica.com\/wp-content\/plugins\/instagram-widget-by-wpzoom\/dist\/images\/frontend\/wpzoom-instagram-icons.svg#video\"><\/use><\/svg><div class=\"zoom-instagram-icon-wrap\"><a class=\"zoom-svg-instagram-stroke\" href=\"https:\/\/www.instagram.com\/reel\/C5YOkTTO4bh\/\" rel=\"noopener nofollow\" target=\"_blank\" title=\"Repost | Historias que inspiran |\nFuente: @silvia_cristin22\"><\/a><\/div><a class=\"zoom-instagram-link\" data-src=\"https:\/\/addinformatica.com\/wp-content\/uploads\/2014\/08\/435516882_306889405547797_214585023908694011_n.jpg\" data-mfp-src=\"18016731167017961\" href=\"https:\/\/www.instagram.com\/reel\/C5YOkTTO4bh\/\" target=\"_blank\" rel=\"noopener nofollow\" title=\"Repost | Historias que inspiran |\nFuente: @silvia_cristin22\"><\/a><\/div><\/div><\/li><li class=\"zoom-instagram-widget__item media-icons-normal media-icons-hover\" data-media-type=\"video\"><div class=\"zoom-instagram-widget__item-inner-wrap\"><img class=\"zoom-instagram-link zoom-instagram-link-new\"  data-src=\"https:\/\/addinformatica.com\/wp-content\/uploads\/2014\/08\/435453933_1489037394980666_1731063405097810496_n.jpg\" data-mfp-src=\"18022876694082918\" width=\"320\" height=\"569\" alt=\"Repost | Historias que inspiran | \n\nFuente: @breakingbetaofficial\" \/><div class=\"hover-layout zoom-instagram-widget__overlay zoom-instagram-widget__black \"><svg class=\"svg-icon\" shape-rendering=\"geometricPrecision\"><use xlink:href=\"https:\/\/addinformatica.com\/wp-content\/plugins\/instagram-widget-by-wpzoom\/dist\/images\/frontend\/wpzoom-instagram-icons.svg#video\"><\/use><\/svg><div class=\"zoom-instagram-icon-wrap\"><a class=\"zoom-svg-instagram-stroke\" href=\"https:\/\/www.instagram.com\/reel\/C5YOFJEu8Eg\/\" rel=\"noopener nofollow\" target=\"_blank\" title=\"Repost | Historias que inspiran | \n\nFuente: @breakingbetaofficial\"><\/a><\/div><a class=\"zoom-instagram-link\" data-src=\"https:\/\/addinformatica.com\/wp-content\/uploads\/2014\/08\/435453933_1489037394980666_1731063405097810496_n.jpg\" data-mfp-src=\"18022876694082918\" href=\"https:\/\/www.instagram.com\/reel\/C5YOFJEu8Eg\/\" target=\"_blank\" rel=\"noopener nofollow\" title=\"Repost | Historias que inspiran | \n\nFuente: @breakingbetaofficial\"><\/a><\/div><\/div><\/li><li class=\"zoom-instagram-widget__item media-icons-normal media-icons-hover\" data-media-type=\"video\"><div class=\"zoom-instagram-widget__item-inner-wrap\"><img class=\"zoom-instagram-link zoom-instagram-link-new\"  data-src=\"https:\/\/addinformatica.com\/wp-content\/uploads\/2014\/08\/435457188_1420969191875828_7822014567635714294_n-288x640.jpg\" data-mfp-src=\"17948380466789169\" width=\"288\" height=\"640\" alt=\"Repost | Historias que inspiran | \nFuente: @callitdesingco\" \/><div class=\"hover-layout zoom-instagram-widget__overlay zoom-instagram-widget__black \"><svg class=\"svg-icon\" shape-rendering=\"geometricPrecision\"><use xlink:href=\"https:\/\/addinformatica.com\/wp-content\/plugins\/instagram-widget-by-wpzoom\/dist\/images\/frontend\/wpzoom-instagram-icons.svg#video\"><\/use><\/svg><div class=\"zoom-instagram-icon-wrap\"><a class=\"zoom-svg-instagram-stroke\" href=\"https:\/\/www.instagram.com\/reel\/C5YN7FfOVBR\/\" rel=\"noopener nofollow\" target=\"_blank\" title=\"Repost | Historias que inspiran | \nFuente: @callitdesingco\"><\/a><\/div><a class=\"zoom-instagram-link\" data-src=\"https:\/\/addinformatica.com\/wp-content\/uploads\/2014\/08\/435457188_1420969191875828_7822014567635714294_n-288x640.jpg\" data-mfp-src=\"17948380466789169\" href=\"https:\/\/www.instagram.com\/reel\/C5YN7FfOVBR\/\" target=\"_blank\" rel=\"noopener nofollow\" title=\"Repost | Historias que inspiran | \nFuente: @callitdesingco\"><\/a><\/div><\/div><\/li><li class=\"zoom-instagram-widget__item media-icons-normal media-icons-hover\" data-media-type=\"video\"><div class=\"zoom-instagram-widget__item-inner-wrap\"><img class=\"zoom-instagram-link zoom-instagram-link-new\"  data-src=\"https:\/\/addinformatica.com\/wp-content\/uploads\/2014\/08\/435480890_774759344721265_8230982267187959730_n-288x640.jpg\" data-mfp-src=\"18229733335264737\" width=\"288\" height=\"640\" alt=\"Repost\n\nHistorias que inspiran\n\nFuente: @boardretailersassociation\" \/><div class=\"hover-layout zoom-instagram-widget__overlay zoom-instagram-widget__black \"><svg class=\"svg-icon\" shape-rendering=\"geometricPrecision\"><use xlink:href=\"https:\/\/addinformatica.com\/wp-content\/plugins\/instagram-widget-by-wpzoom\/dist\/images\/frontend\/wpzoom-instagram-icons.svg#video\"><\/use><\/svg><div class=\"zoom-instagram-icon-wrap\"><a class=\"zoom-svg-instagram-stroke\" href=\"https:\/\/www.instagram.com\/reel\/C5YNZ-TOBC6\/\" rel=\"noopener nofollow\" target=\"_blank\" title=\"Repost\n\nHistorias que inspiran\n\nFuente: @boardretailersassociation\"><\/a><\/div><a class=\"zoom-instagram-link\" data-src=\"https:\/\/addinformatica.com\/wp-content\/uploads\/2014\/08\/435480890_774759344721265_8230982267187959730_n-288x640.jpg\" data-mfp-src=\"18229733335264737\" href=\"https:\/\/www.instagram.com\/reel\/C5YNZ-TOBC6\/\" target=\"_blank\" rel=\"noopener nofollow\" title=\"Repost\n\nHistorias que inspiran\n\nFuente: @boardretailersassociation\"><\/a><\/div><\/div><\/li><li class=\"zoom-instagram-widget__item media-icons-normal media-icons-hover\" data-media-type=\"image\"><div class=\"zoom-instagram-widget__item-inner-wrap\"><img class=\"zoom-instagram-link zoom-instagram-link-new\"  data-src=\"https:\/\/addinformatica.com\/wp-content\/uploads\/2014\/08\/435560188_432170149188941_5508873627639002368_n-932-640x640.jpg\" data-mfp-src=\"18343738300099194\" width=\"640\" height=\"640\" alt=\"Repost | Historias que inspiran |\n\nFuente@lavozdegalicia\" \/><div class=\"hover-layout zoom-instagram-widget__overlay zoom-instagram-widget__black \"><div class=\"zoom-instagram-icon-wrap\"><a class=\"zoom-svg-instagram-stroke\" href=\"https:\/\/www.instagram.com\/p\/C5YMq1lOxLP\/\" rel=\"noopener nofollow\" target=\"_blank\" title=\"Repost | Historias que inspiran |\n\nFuente@lavozdegalicia\"><\/a><\/div><a class=\"zoom-instagram-link\" data-src=\"https:\/\/addinformatica.com\/wp-content\/uploads\/2014\/08\/435560188_432170149188941_5508873627639002368_n-932-640x640.jpg\" data-mfp-src=\"18343738300099194\" href=\"https:\/\/www.instagram.com\/p\/C5YMq1lOxLP\/\" target=\"_blank\" rel=\"noopener nofollow\" title=\"Repost | Historias que inspiran |\n\nFuente@lavozdegalicia\"><\/a><\/div><\/div><\/li><li class=\"zoom-instagram-widget__item media-icons-normal media-icons-hover\" data-media-type=\"video\"><div class=\"zoom-instagram-widget__item-inner-wrap\"><img class=\"zoom-instagram-link zoom-instagram-link-new\"  data-src=\"https:\/\/addinformatica.com\/wp-content\/uploads\/2014\/08\/435511028_738373498422163_9136915988595948453_n.jpg\" data-mfp-src=\"18007693649374493\" width=\"320\" height=\"569\" alt=\"Repost | Historias que inspiran | Fuente @conejocorre\" \/><div class=\"hover-layout zoom-instagram-widget__overlay zoom-instagram-widget__black \"><svg class=\"svg-icon\" shape-rendering=\"geometricPrecision\"><use xlink:href=\"https:\/\/addinformatica.com\/wp-content\/plugins\/instagram-widget-by-wpzoom\/dist\/images\/frontend\/wpzoom-instagram-icons.svg#video\"><\/use><\/svg><div class=\"zoom-instagram-icon-wrap\"><a class=\"zoom-svg-instagram-stroke\" href=\"https:\/\/www.instagram.com\/reel\/C5W0TgaOgOl\/\" rel=\"noopener nofollow\" target=\"_blank\" title=\"Repost | Historias que inspiran | Fuente @conejocorre\"><\/a><\/div><a class=\"zoom-instagram-link\" data-src=\"https:\/\/addinformatica.com\/wp-content\/uploads\/2014\/08\/435511028_738373498422163_9136915988595948453_n.jpg\" data-mfp-src=\"18007693649374493\" href=\"https:\/\/www.instagram.com\/reel\/C5W0TgaOgOl\/\" target=\"_blank\" rel=\"noopener nofollow\" title=\"Repost | Historias que inspiran | Fuente @conejocorre\"><\/a><\/div><\/div><\/li><li class=\"zoom-instagram-widget__item media-icons-normal media-icons-hover\" data-media-type=\"image\"><div class=\"zoom-instagram-widget__item-inner-wrap\"><img class=\"zoom-instagram-link zoom-instagram-link-new\"  data-src=\"https:\/\/addinformatica.com\/wp-content\/uploads\/2014\/08\/435550811_298496123270440_7427888274693829802_n-932-640x640.jpg\" data-mfp-src=\"17909455751930611\" width=\"640\" height=\"640\" alt=\"Repost | Historias que inspiran |\nFuente: @austerra_society\" \/><div class=\"hover-layout zoom-instagram-widget__overlay zoom-instagram-widget__black \"><div class=\"zoom-instagram-icon-wrap\"><a class=\"zoom-svg-instagram-stroke\" href=\"https:\/\/www.instagram.com\/p\/C5WjYv8OtN8\/\" rel=\"noopener nofollow\" target=\"_blank\" title=\"Repost | Historias que inspiran |\nFuente: @austerra_society\"><\/a><\/div><a class=\"zoom-instagram-link\" data-src=\"https:\/\/addinformatica.com\/wp-content\/uploads\/2014\/08\/435550811_298496123270440_7427888274693829802_n-932-640x640.jpg\" data-mfp-src=\"17909455751930611\" href=\"https:\/\/www.instagram.com\/p\/C5WjYv8OtN8\/\" target=\"_blank\" rel=\"noopener nofollow\" title=\"Repost | Historias que inspiran |\nFuente: @austerra_society\"><\/a><\/div><\/div><\/li><li class=\"zoom-instagram-widget__item media-icons-normal media-icons-hover\" data-media-type=\"video\"><div class=\"zoom-instagram-widget__item-inner-wrap\"><img class=\"zoom-instagram-link zoom-instagram-link-new\"  data-src=\"https:\/\/addinformatica.com\/wp-content\/uploads\/2014\/08\/435520836_436276402258969_5594218854321230817_n.jpg\" data-mfp-src=\"17859495294113787\" width=\"320\" height=\"569\" alt=\"Repost | Historias que inspiran | \n\nFuente: @ellafontanals\" \/><div class=\"hover-layout zoom-instagram-widget__overlay zoom-instagram-widget__black \"><svg class=\"svg-icon\" shape-rendering=\"geometricPrecision\"><use xlink:href=\"https:\/\/addinformatica.com\/wp-content\/plugins\/instagram-widget-by-wpzoom\/dist\/images\/frontend\/wpzoom-instagram-icons.svg#video\"><\/use><\/svg><div class=\"zoom-instagram-icon-wrap\"><a class=\"zoom-svg-instagram-stroke\" href=\"https:\/\/www.instagram.com\/reel\/C5WiCGqO8s9\/\" rel=\"noopener nofollow\" target=\"_blank\" title=\"Repost | Historias que inspiran | \n\nFuente: @ellafontanals\"><\/a><\/div><a class=\"zoom-instagram-link\" data-src=\"https:\/\/addinformatica.com\/wp-content\/uploads\/2014\/08\/435520836_436276402258969_5594218854321230817_n.jpg\" data-mfp-src=\"17859495294113787\" href=\"https:\/\/www.instagram.com\/reel\/C5WiCGqO8s9\/\" target=\"_blank\" rel=\"noopener nofollow\" title=\"Repost | Historias que inspiran | \n\nFuente: @ellafontanals\"><\/a><\/div><\/div><\/li><li class=\"zoom-instagram-widget__item media-icons-normal media-icons-hover\" data-media-type=\"video\"><div class=\"zoom-instagram-widget__item-inner-wrap\"><img class=\"zoom-instagram-link zoom-instagram-link-new\"  data-src=\"https:\/\/addinformatica.com\/wp-content\/uploads\/2014\/08\/435037923_1136550850805778_5925645063634830815_n.jpg\" data-mfp-src=\"18060316510546647\" width=\"320\" height=\"569\" alt=\"Repost | Historias que inspiran | \n\nFuente: @the_griffin_brothers__\" \/><div class=\"hover-layout zoom-instagram-widget__overlay zoom-instagram-widget__black \"><svg class=\"svg-icon\" shape-rendering=\"geometricPrecision\"><use xlink:href=\"https:\/\/addinformatica.com\/wp-content\/plugins\/instagram-widget-by-wpzoom\/dist\/images\/frontend\/wpzoom-instagram-icons.svg#video\"><\/use><\/svg><div class=\"zoom-instagram-icon-wrap\"><a class=\"zoom-svg-instagram-stroke\" href=\"https:\/\/www.instagram.com\/reel\/C5WhX7gOslS\/\" rel=\"noopener nofollow\" target=\"_blank\" title=\"Repost | Historias que inspiran | \n\nFuente: @the_griffin_brothers__\"><\/a><\/div><a class=\"zoom-instagram-link\" data-src=\"https:\/\/addinformatica.com\/wp-content\/uploads\/2014\/08\/435037923_1136550850805778_5925645063634830815_n.jpg\" data-mfp-src=\"18060316510546647\" href=\"https:\/\/www.instagram.com\/reel\/C5WhX7gOslS\/\" target=\"_blank\" rel=\"noopener nofollow\" title=\"Repost | Historias que inspiran | \n\nFuente: @the_griffin_brothers__\"><\/a><\/div><\/div><\/li><li class=\"zoom-instagram-widget__item media-icons-normal media-icons-hover\" data-media-type=\"video\"><div class=\"zoom-instagram-widget__item-inner-wrap\"><img class=\"zoom-instagram-link zoom-instagram-link-new\"  data-src=\"https:\/\/addinformatica.com\/wp-content\/uploads\/2014\/08\/435460890_1125219168524510_6139406192032222621_n-288x640.jpg\" data-mfp-src=\"18004404071220660\" width=\"288\" height=\"640\" alt=\"Repost | Historias que inspiran | \n\nFuente: @la100fm\" \/><div class=\"hover-layout zoom-instagram-widget__overlay zoom-instagram-widget__black \"><svg class=\"svg-icon\" shape-rendering=\"geometricPrecision\"><use xlink:href=\"https:\/\/addinformatica.com\/wp-content\/plugins\/instagram-widget-by-wpzoom\/dist\/images\/frontend\/wpzoom-instagram-icons.svg#video\"><\/use><\/svg><div class=\"zoom-instagram-icon-wrap\"><a class=\"zoom-svg-instagram-stroke\" href=\"https:\/\/www.instagram.com\/reel\/C5WhGpWu1mt\/\" rel=\"noopener nofollow\" target=\"_blank\" title=\"Repost | Historias que inspiran | \n\nFuente: @la100fm\"><\/a><\/div><a class=\"zoom-instagram-link\" data-src=\"https:\/\/addinformatica.com\/wp-content\/uploads\/2014\/08\/435460890_1125219168524510_6139406192032222621_n-288x640.jpg\" data-mfp-src=\"18004404071220660\" href=\"https:\/\/www.instagram.com\/reel\/C5WhGpWu1mt\/\" target=\"_blank\" rel=\"noopener nofollow\" title=\"Repost | Historias que inspiran | \n\nFuente: @la100fm\"><\/a><\/div><\/div><\/li><li class=\"zoom-instagram-widget__item media-icons-normal media-icons-hover\" data-media-type=\"video\"><div class=\"zoom-instagram-widget__item-inner-wrap\"><img class=\"zoom-instagram-link zoom-instagram-link-new\"  data-src=\"https:\/\/addinformatica.com\/wp-content\/uploads\/2014\/08\/435469517_961827785540738_8850578174706484724_n.jpg\" data-mfp-src=\"18040565116776266\" width=\"320\" height=\"569\" alt=\"Repost | Historias que inspiran | \n\nFuente @lachicadelbrunch\" \/><div class=\"hover-layout zoom-instagram-widget__overlay zoom-instagram-widget__black \"><svg class=\"svg-icon\" shape-rendering=\"geometricPrecision\"><use xlink:href=\"https:\/\/addinformatica.com\/wp-content\/plugins\/instagram-widget-by-wpzoom\/dist\/images\/frontend\/wpzoom-instagram-icons.svg#video\"><\/use><\/svg><div class=\"zoom-instagram-icon-wrap\"><a class=\"zoom-svg-instagram-stroke\" href=\"https:\/\/www.instagram.com\/reel\/C5Wgi7QunWK\/\" rel=\"noopener nofollow\" target=\"_blank\" title=\"Repost | Historias que inspiran | \n\nFuente @lachicadelbrunch\"><\/a><\/div><a class=\"zoom-instagram-link\" data-src=\"https:\/\/addinformatica.com\/wp-content\/uploads\/2014\/08\/435469517_961827785540738_8850578174706484724_n.jpg\" data-mfp-src=\"18040565116776266\" href=\"https:\/\/www.instagram.com\/reel\/C5Wgi7QunWK\/\" target=\"_blank\" rel=\"noopener nofollow\" title=\"Repost | Historias que inspiran | \n\nFuente @lachicadelbrunch\"><\/a><\/div><\/div><\/li><li class=\"zoom-instagram-widget__item media-icons-normal media-icons-hover\" data-media-type=\"video\"><div class=\"zoom-instagram-widget__item-inner-wrap\"><img class=\"zoom-instagram-link zoom-instagram-link-new\"  data-src=\"https:\/\/addinformatica.com\/wp-content\/uploads\/2014\/08\/435453932_3703893669883900_4205027084506211660_n.jpg\" data-mfp-src=\"17856766317138669\" width=\"320\" height=\"569\" alt=\"Repost | Historias que inspiran | \n\nFuente: @whatsartig\" \/><div class=\"hover-layout zoom-instagram-widget__overlay zoom-instagram-widget__black \"><svg class=\"svg-icon\" shape-rendering=\"geometricPrecision\"><use xlink:href=\"https:\/\/addinformatica.com\/wp-content\/plugins\/instagram-widget-by-wpzoom\/dist\/images\/frontend\/wpzoom-instagram-icons.svg#video\"><\/use><\/svg><div class=\"zoom-instagram-icon-wrap\"><a class=\"zoom-svg-instagram-stroke\" href=\"https:\/\/www.instagram.com\/reel\/C5WeWttOhdg\/\" rel=\"noopener nofollow\" target=\"_blank\" title=\"Repost | Historias que inspiran | \n\nFuente: @whatsartig\"><\/a><\/div><a class=\"zoom-instagram-link\" data-src=\"https:\/\/addinformatica.com\/wp-content\/uploads\/2014\/08\/435453932_3703893669883900_4205027084506211660_n.jpg\" data-mfp-src=\"17856766317138669\" href=\"https:\/\/www.instagram.com\/reel\/C5WeWttOhdg\/\" target=\"_blank\" rel=\"noopener nofollow\" title=\"Repost | Historias que inspiran | \n\nFuente: @whatsartig\"><\/a><\/div><\/div><\/li><li class=\"zoom-instagram-widget__item media-icons-normal media-icons-hover\" data-media-type=\"image\"><div class=\"zoom-instagram-widget__item-inner-wrap\"><img class=\"zoom-instagram-link zoom-instagram-link-new\"  data-src=\"https:\/\/addinformatica.com\/wp-content\/uploads\/2014\/08\/435465193_1821730964919702_5207983348394110452_n-932-512x640.jpg\" data-mfp-src=\"17943951917795339\" width=\"512\" height=\"640\" alt=\"Repost | Historias que inspiran | \n\nhttps:\/\/www.instagram.com\/reel\/C4Dl110undl\/?igsh=NncxazYyMGlubHU1\n\nFuente: @yogalifestyleok\" \/><div class=\"hover-layout zoom-instagram-widget__overlay zoom-instagram-widget__black \"><div class=\"zoom-instagram-icon-wrap\"><a class=\"zoom-svg-instagram-stroke\" href=\"https:\/\/www.instagram.com\/p\/C5Wd_teOPex\/\" rel=\"noopener nofollow\" target=\"_blank\" title=\"Repost | Historias que inspiran | \n\nhttps:\/\/www.instagram.com\/reel\/C4Dl110undl\/?igsh=NncxazYyMGlubHU1\n\nFuente: @yogalifestyleok\"><\/a><\/div><a class=\"zoom-instagram-link\" data-src=\"https:\/\/addinformatica.com\/wp-content\/uploads\/2014\/08\/435465193_1821730964919702_5207983348394110452_n-932-512x640.jpg\" data-mfp-src=\"17943951917795339\" href=\"https:\/\/www.instagram.com\/p\/C5Wd_teOPex\/\" target=\"_blank\" rel=\"noopener nofollow\" title=\"Repost | Historias que inspiran | \n\nhttps:\/\/www.instagram.com\/reel\/C4Dl110undl\/?igsh=NncxazYyMGlubHU1\n\nFuente: @yogalifestyleok\"><\/a><\/div><\/div><\/li><li class=\"zoom-instagram-widget__item media-icons-normal media-icons-hover\" data-media-type=\"video\"><div class=\"zoom-instagram-widget__item-inner-wrap\"><img class=\"zoom-instagram-link zoom-instagram-link-new\"  data-src=\"https:\/\/addinformatica.com\/wp-content\/uploads\/2014\/08\/435450796_1853809921724608_7207984205976035094_n.jpg\" data-mfp-src=\"18221841757273585\" width=\"320\" height=\"569\" alt=\"Repost | Historias que inspiran | \n\nFuente: @yogadailyflow\" \/><div class=\"hover-layout zoom-instagram-widget__overlay zoom-instagram-widget__black \"><svg class=\"svg-icon\" shape-rendering=\"geometricPrecision\"><use xlink:href=\"https:\/\/addinformatica.com\/wp-content\/plugins\/instagram-widget-by-wpzoom\/dist\/images\/frontend\/wpzoom-instagram-icons.svg#video\"><\/use><\/svg><div class=\"zoom-instagram-icon-wrap\"><a class=\"zoom-svg-instagram-stroke\" href=\"https:\/\/www.instagram.com\/reel\/C5Wc-91u4wF\/\" rel=\"noopener nofollow\" target=\"_blank\" title=\"Repost | Historias que inspiran | \n\nFuente: @yogadailyflow\"><\/a><\/div><a class=\"zoom-instagram-link\" data-src=\"https:\/\/addinformatica.com\/wp-content\/uploads\/2014\/08\/435450796_1853809921724608_7207984205976035094_n.jpg\" data-mfp-src=\"18221841757273585\" href=\"https:\/\/www.instagram.com\/reel\/C5Wc-91u4wF\/\" target=\"_blank\" rel=\"noopener nofollow\" title=\"Repost | Historias que inspiran | \n\nFuente: @yogadailyflow\"><\/a><\/div><\/div><\/li><li class=\"zoom-instagram-widget__item media-icons-normal media-icons-hover\" data-media-type=\"video\"><div class=\"zoom-instagram-widget__item-inner-wrap\"><img class=\"zoom-instagram-link zoom-instagram-link-new\"  data-src=\"https:\/\/addinformatica.com\/wp-content\/uploads\/2014\/08\/435104210_1828761410881774_4341141670457999442_n.jpg\" data-mfp-src=\"18091341994421942\" width=\"320\" height=\"569\" alt=\"Repost | Historias que inspiran | \n\nFuente: @somerfitcoaching\" \/><div class=\"hover-layout zoom-instagram-widget__overlay zoom-instagram-widget__black \"><svg class=\"svg-icon\" shape-rendering=\"geometricPrecision\"><use xlink:href=\"https:\/\/addinformatica.com\/wp-content\/plugins\/instagram-widget-by-wpzoom\/dist\/images\/frontend\/wpzoom-instagram-icons.svg#video\"><\/use><\/svg><div class=\"zoom-instagram-icon-wrap\"><a class=\"zoom-svg-instagram-stroke\" href=\"https:\/\/www.instagram.com\/reel\/C5Wcactulo0\/\" rel=\"noopener nofollow\" target=\"_blank\" title=\"Repost | Historias que inspiran | \n\nFuente: @somerfitcoaching\"><\/a><\/div><a class=\"zoom-instagram-link\" data-src=\"https:\/\/addinformatica.com\/wp-content\/uploads\/2014\/08\/435104210_1828761410881774_4341141670457999442_n.jpg\" data-mfp-src=\"18091341994421942\" href=\"https:\/\/www.instagram.com\/reel\/C5Wcactulo0\/\" target=\"_blank\" rel=\"noopener nofollow\" title=\"Repost | Historias que inspiran | \n\nFuente: @somerfitcoaching\"><\/a><\/div><\/div><\/li><li class=\"zoom-instagram-widget__item media-icons-normal media-icons-hover\" data-media-type=\"image\"><div class=\"zoom-instagram-widget__item-inner-wrap\"><img class=\"zoom-instagram-link zoom-instagram-link-new\"  data-src=\"https:\/\/addinformatica.com\/wp-content\/uploads\/2014\/08\/435456556_1114033629906931_3875414686862061259_n-932-512x640.jpg\" data-mfp-src=\"18056883745505928\" width=\"512\" height=\"640\" alt=\"Repost | Historias que inspiran | \n\nhttps:\/\/www.instagram.com\/p\/C3xi9fPrFjW\/\n\nFuente: @javiernutricionok\" \/><div class=\"hover-layout zoom-instagram-widget__overlay zoom-instagram-widget__black \"><div class=\"zoom-instagram-icon-wrap\"><a class=\"zoom-svg-instagram-stroke\" href=\"https:\/\/www.instagram.com\/p\/C5Vi2B9OAZC\/\" rel=\"noopener nofollow\" target=\"_blank\" title=\"Repost | Historias que inspiran | \n\nhttps:\/\/www.instagram.com\/p\/C3xi9fPrFjW\/\n\nFuente: @javiernutricionok\"><\/a><\/div><a class=\"zoom-instagram-link\" data-src=\"https:\/\/addinformatica.com\/wp-content\/uploads\/2014\/08\/435456556_1114033629906931_3875414686862061259_n-932-512x640.jpg\" data-mfp-src=\"18056883745505928\" href=\"https:\/\/www.instagram.com\/p\/C5Vi2B9OAZC\/\" target=\"_blank\" rel=\"noopener nofollow\" title=\"Repost | Historias que inspiran | \n\nhttps:\/\/www.instagram.com\/p\/C3xi9fPrFjW\/\n\nFuente: @javiernutricionok\"><\/a><\/div><\/div><\/li><li class=\"zoom-instagram-widget__item media-icons-normal media-icons-hover\" data-media-type=\"video\"><div class=\"zoom-instagram-widget__item-inner-wrap\"><img class=\"zoom-instagram-link zoom-instagram-link-new\"  data-src=\"https:\/\/addinformatica.com\/wp-content\/uploads\/2014\/08\/435490262_449849400715423_8868678902589652183_n.jpg\" data-mfp-src=\"18048196702565673\" width=\"320\" height=\"569\" alt=\"Repost | Historias que inspiran | \n\nFuente: @javiernutricionok\" \/><div class=\"hover-layout zoom-instagram-widget__overlay zoom-instagram-widget__black \"><svg class=\"svg-icon\" shape-rendering=\"geometricPrecision\"><use xlink:href=\"https:\/\/addinformatica.com\/wp-content\/plugins\/instagram-widget-by-wpzoom\/dist\/images\/frontend\/wpzoom-instagram-icons.svg#video\"><\/use><\/svg><div class=\"zoom-instagram-icon-wrap\"><a class=\"zoom-svg-instagram-stroke\" href=\"https:\/\/www.instagram.com\/reel\/C5ViKm-u1-L\/\" rel=\"noopener nofollow\" target=\"_blank\" title=\"Repost | Historias que inspiran | \n\nFuente: @javiernutricionok\"><\/a><\/div><a class=\"zoom-instagram-link\" data-src=\"https:\/\/addinformatica.com\/wp-content\/uploads\/2014\/08\/435490262_449849400715423_8868678902589652183_n.jpg\" data-mfp-src=\"18048196702565673\" href=\"https:\/\/www.instagram.com\/reel\/C5ViKm-u1-L\/\" target=\"_blank\" rel=\"noopener nofollow\" title=\"Repost | Historias que inspiran | \n\nFuente: @javiernutricionok\"><\/a><\/div><\/div><\/li><li class=\"zoom-instagram-widget__item media-icons-normal media-icons-hover\" data-media-type=\"carousel_album\"><div class=\"zoom-instagram-widget__item-inner-wrap\"><img class=\"zoom-instagram-link zoom-instagram-link-new\"  data-src=\"https:\/\/addinformatica.com\/wp-content\/uploads\/2014\/08\/435474345_323753277025871_4470708828409353229_n-932-640x640.jpg\" data-mfp-src=\"18027030542306421\" width=\"640\" height=\"640\" alt=\"Repost | Historias que inspiran | \n\nFuente: @sierra__prime\" \/><div class=\"hover-layout zoom-instagram-widget__overlay zoom-instagram-widget__black \"><svg class=\"svg-icon\" shape-rendering=\"geometricPrecision\"><use xlink:href=\"https:\/\/addinformatica.com\/wp-content\/plugins\/instagram-widget-by-wpzoom\/dist\/images\/frontend\/wpzoom-instagram-icons.svg#carousel_album\"><\/use><\/svg><div class=\"zoom-instagram-icon-wrap\"><a class=\"zoom-svg-instagram-stroke\" href=\"https:\/\/www.instagram.com\/p\/C5Vhq6JOymy\/\" rel=\"noopener nofollow\" target=\"_blank\" title=\"Repost | Historias que inspiran | \n\nFuente: @sierra__prime\"><\/a><\/div><a class=\"zoom-instagram-link\" data-src=\"https:\/\/addinformatica.com\/wp-content\/uploads\/2014\/08\/435474345_323753277025871_4470708828409353229_n-932-640x640.jpg\" data-mfp-src=\"18027030542306421\" href=\"https:\/\/www.instagram.com\/p\/C5Vhq6JOymy\/\" target=\"_blank\" rel=\"noopener nofollow\" title=\"Repost | Historias que inspiran | \n\nFuente: @sierra__prime\"><\/a><\/div><\/div><\/li><li class=\"zoom-instagram-widget__item media-icons-normal media-icons-hover\" data-media-type=\"image\"><div class=\"zoom-instagram-widget__item-inner-wrap\"><img class=\"zoom-instagram-link zoom-instagram-link-new\"  data-src=\"https:\/\/addinformatica.com\/wp-content\/uploads\/2014\/08\/435104200_394146670249157_6411793400826869630_n-932-512x640.jpg\" data-mfp-src=\"18023809532072565\" width=\"512\" height=\"640\" alt=\"Repost | Historias que inspiran | \n\nAna cumpli\u00f3 100 a\u00f1os y sus vecinos la sorprendieron festej\u00e1ndolo en el barrio....\n\nAna Marciana Nazaruc, la mujer que celebr\u00f3 este viernes un hito extraordinario en su vida: alcanzar los 100 a\u00f1os de edad. Pero m\u00e1s all\u00e1 de ser un simple acontecimiento, la historia de Ana es un testimonio vivo de dedicaci\u00f3n, humildad y solidaridad. Nacida el 28 de marzo de 1924, Ana es la mayor de tres hermanas que dedicaron sus vidas al arte de la costura. Juntas, vivieron toda su existencia en la misma casa, una construcci\u00f3n que ha sido testigo de sus risas, sus sue\u00f1os y sus historias compartidas\n\nFuente: @canalsietebb\" \/><div class=\"hover-layout zoom-instagram-widget__overlay zoom-instagram-widget__black \"><div class=\"zoom-instagram-icon-wrap\"><a class=\"zoom-svg-instagram-stroke\" href=\"https:\/\/www.instagram.com\/p\/C5VhFdYujYl\/\" rel=\"noopener nofollow\" target=\"_blank\" title=\"Repost | Historias que inspiran | \n\nAna cumpli\u00f3 100 a\u00f1os y sus vecinos la sorprendieron festej\u00e1ndolo en el barrio....\n\nAna Marciana Nazaruc, la mujer que celebr\u00f3 este viernes un hito extraordinario en su vida: alcanzar los 100 a\u00f1os de edad. Pero m\u00e1s all\u00e1 de ser un simple acontecimiento, la historia de Ana es un testimonio vivo de dedicaci\u00f3n, humildad y solidaridad. Nacida el 28 de marzo de 1924, Ana es la mayor de tres hermanas que dedicaron sus vidas al arte de la costura. Juntas, vivieron toda su existencia en la misma casa, una construcci\u00f3n que ha sido testigo de sus risas, sus sue\u00f1os y sus historias compartidas\n\nFuente: @canalsietebb\"><\/a><\/div><a class=\"zoom-instagram-link\" data-src=\"https:\/\/addinformatica.com\/wp-content\/uploads\/2014\/08\/435104200_394146670249157_6411793400826869630_n-932-512x640.jpg\" data-mfp-src=\"18023809532072565\" href=\"https:\/\/www.instagram.com\/p\/C5VhFdYujYl\/\" target=\"_blank\" rel=\"noopener nofollow\" title=\"Repost | Historias que inspiran | \n\nAna cumpli\u00f3 100 a\u00f1os y sus vecinos la sorprendieron festej\u00e1ndolo en el barrio....\n\nAna Marciana Nazaruc, la mujer que celebr\u00f3 este viernes un hito extraordinario en su vida: alcanzar los 100 a\u00f1os de edad. Pero m\u00e1s all\u00e1 de ser un simple acontecimiento, la historia de Ana es un testimonio vivo de dedicaci\u00f3n, humildad y solidaridad. Nacida el 28 de marzo de 1924, Ana es la mayor de tres hermanas que dedicaron sus vidas al arte de la costura. Juntas, vivieron toda su existencia en la misma casa, una construcci\u00f3n que ha sido testigo de sus risas, sus sue\u00f1os y sus historias compartidas\n\nFuente: @canalsietebb\"><\/a><\/div><\/div><\/li><\/ul><\/div><div class=\"zoom-instagram-widget__footer\"><a href=\"https:\/\/www.instagram.com\/resiplushistoriasqueinspiran\" target=\"_blank\" rel=\"noopener nofollow\" class=\"wpz-button wpz-button-primary wpz-insta-view-on-insta-button\"><span class=\"button-icon zoom-svg-instagram-stroke\"><\/span> VER EN INSTAGRAM<\/a><\/div><div class=\"wpz-insta-lightbox-wrapper mfp-hide\"><div class=\"swiper\"><div class=\"swiper-wrapper\"><div data-uid=\"18404218057118473\" class=\"swiper-slide wpz-insta-lightbox-item\"><div class=\"wpz-insta-lightbox\"><div class=\"image-wrapper\"><video controls muted preload=\"none\"><source src=\"https:\/\/scontent-mad2-1.cdninstagram.com\/o1\/v\/t2\/f2\/m86\/AQNelQ-g81BEh5mNByT7LypbECrYDAeYeu85xUu7X_39kt9Vj5z_qqs0aKfgeSG8XtAdJaR9QsMXW_xbpIpXF1PSV4nd5rAR1RVhRug.mp4?_nc_cat=100&#038;_nc_sid=5e9851&#038;_nc_ht=scontent-mad2-1.cdninstagram.com&#038;_nc_ohc=3ZQmRfzZJqgQ7kNvwH10_2Y&#038;efg=eyJ2ZW5jb2RlX3RhZyI6Inhwdl9wcm9ncmVzc2l2ZS5JTlNUQUdSQU0uQ0xJUFMuQzMuMzYwLmRhc2hfYmFzZWxpbmVfM192MSIsInhwdl9hc3NldF9pZCI6MTM4MDYxNzczOTcwOTYwNSwiYXNzZXRfYWdlX2RheXMiOjI4NCwidmlfdXNlY2FzZV9pZCI6MTAwOTksImR1cmF0aW9uX3MiOjM0LCJ1cmxnZW5fc291cmNlIjoid3d3In0%3D&#038;ccb=17-1&#038;vs=a2fb65d5d1b1e825&#038;_nc_vs=HBksFQIYUmlnX3hwdl9yZWVsc19wZXJtYW5lbnRfc3JfcHJvZC81QjREQTExQjg5RTg2QUVGQzExQzkzMkQyQjBEMzlCQl92aWRlb19kYXNoaW5pdC5tcDQVAALIARIAFQIYR2lnX3hwdl9yZWVsc19wZXJtYW5lbnRfc3JfcHJvZC8xMDM3MDc4NjU4NDQ4MzY0XzkxNTQ0NDYwNzI1OTg5NDYwMzYubXA0FQICyAESACgAGAAbAogHdXNlX29pbAExEnByb2dyZXNzaXZlX3JlY2lwZQExFQAAJsqykd_D6vMEFQIoAkMzLBdAMW7ZFocrAhgSZGFzaF9iYXNlbGluZV8zX3YxEQB1_gdl5p0BAA&#038;_nc_gid=RS8sTk4GWVGeeoPJ6fySnQ&#038;edm=ANo9K5cEAAAA&#038;_nc_zt=28&#038;_nc_tpa=Q5bMBQGo-At3VH5111R7hS8j5UDcojB2z-kQNBYzZq1-SArTTr4jwjTEIV8wN40wTfZtZrECDW5LkFGq&#038;oh=00_Af5cwVXTlPxbXWvxyFwhXn3qR20vY8AN954XFgO6ujgrjQ&#038;oe=69F76DCD\" type=\"video\/mp4\"\/><\/video><\/div>\n\t\t\t\t\t<div class=\"details-wrapper\">\n\t\t\t\t\t<div class=\"wpz-insta-header\">\n\t\t\t\t\t\t<div class=\"wpz-insta-avatar\">\n\t\t\t\t\t\t\t<img loading=\"lazy\" decoding=\"async\" src=\"https:\/\/addinformatica.com\/wp-content\/uploads\/2024\/07\/434559985_431600116016550_858542568941584981_n-150x150.jpg\" alt=\"@resiplushistoriasqueinspiran\" width=\"42\" height=\"42\"\/>\n\t\t\t\t\t\t<\/div>\n\t\t\t\t\t\t<div class=\"wpz-insta-buttons\">\n\t\t\t\t\t\t\t<div class=\"wpz-insta-username\">\n\t\t\t\t\t\t\t\t<a rel=\"noopener\" target=\"_blank\" href=\"https:\/\/instagram.com\/resiplushistoriasqueinspiran\">@resiplushistoriasqueinspiran<\/a>\n\t\t\t\t\t\t\t<\/div>\n\t\t\t\t\t\t\t<div>&bull;<\/div>\n\t\t\t\t\t\t\t<div class=\"wpz-insta-follow\">\n\t\t\t\t\t\t\t\t<a target=\"_blank\" rel=\"noopener\"\n\t\t\t\t\t\t\t\thref=\"https:\/\/instagram.com\/resiplushistoriasqueinspiran?ref=badge\">\n\t\t\t\t\t\t\t\t\tFollow\n\t\t\t\t\t\t\t\t<\/a>\n\t\t\t\t\t\t\t<\/div>\n\t\t\t\t\t\t<\/div>\n\t\t\t\t\t<\/div><div class=\"wpz-insta-caption\">Repost | Historias que Inspiran | @lainfopositiva<\/div><div class=\"wpz-insta-date\">9 mesos ago<\/div><div class=\"view-post\">\n\t\t\t\t\t<a href=\"https:\/\/www.instagram.com\/reel\/DMXaYPuu3r2\/\" target=\"_blank\" rel=\"noopener\"><span class=\"dashicons dashicons-instagram\"><\/span>View on Instagram<\/a>\n\t\t\t\t\t<span class=\"delimiter\">|<\/span>\n\t\t\t\t\t<div class=\"wpz-insta-pagination\">1\/35<\/div>\n\t\t\t\t\t<\/div><\/div><\/div><\/div><div data-uid=\"18299517406217176\" class=\"swiper-slide wpz-insta-lightbox-item\"><div class=\"wpz-insta-lightbox\"><div class=\"image-wrapper\"><video controls muted preload=\"none\"><source src=\"https:\/\/scontent-mad1-1.cdninstagram.com\/o1\/v\/t2\/f2\/m86\/AQOjcFoZvMNavaAYjrnY2s-_NHwq9HEgNIaBRJcFJUBH-mnfEK7tKLdUuAmK6u8WQZESX7kh2ATZTmrpu7ruzE4wWFAaVh3JGBiLIOY.mp4?_nc_cat=101&#038;_nc_sid=5e9851&#038;_nc_ht=scontent-mad1-1.cdninstagram.com&#038;_nc_ohc=PCHxVRSNkg0Q7kNvwHqerVu&#038;efg=eyJ2ZW5jb2RlX3RhZyI6Inhwdl9wcm9ncmVzc2l2ZS5JTlNUQUdSQU0uQ0xJUFMuQzMuMzYwLmRhc2hfYmFzZWxpbmVfM192MSIsInhwdl9hc3NldF9pZCI6NjY5NTA5MDA2MTA3OTQ5LCJhc3NldF9hZ2VfZGF5cyI6Mjg0LCJ2aV91c2VjYXNlX2lkIjoxMDA5OSwiZHVyYXRpb25fcyI6MTA4LCJ1cmxnZW5fc291cmNlIjoid3d3In0%3D&#038;ccb=17-1&#038;vs=38e2c9d994726931&#038;_nc_vs=HBksFQIYUmlnX3hwdl9yZWVsc19wZXJtYW5lbnRfc3JfcHJvZC8xQjQzOEUzNzc2NUQ4NDMzQURDMEE5QzA3MUNBRTZBQ192aWRlb19kYXNoaW5pdC5tcDQVAALIARIAFQIYR2lnX3hwdl9yZWVsc19wZXJtYW5lbnRfc3JfcHJvZC8xMTM2OTI2MjUxNzkwNTYxXzcwOTc1MDc1MTc2MzYwNDY3MzgubXA0FQICyAESACgAGAAbAogHdXNlX29pbAExEnByb2dyZXNzaXZlX3JlY2lwZQExFQAAJtqU3efGurACFQIoAkMzLBdAWwS8an752xgSZGFzaF9iYXNlbGluZV8zX3YxEQB1_gdl5p0BAA&#038;_nc_gid=RS8sTk4GWVGeeoPJ6fySnQ&#038;edm=ANo9K5cEAAAA&#038;_nc_zt=28&#038;_nc_tpa=Q5bMBQEn1mMjXuSkt-58Y5M7swS67CDSBrxmXW6fKe3aUunzLWtGAJvWsTLpzV0UX9H_cmWvjBj1RcbI&#038;oh=00_Af4lrc6d29s02zkMwzQOInER_wTzOgi1o9Gl1HZZptSUyA&#038;oe=69F780CE\" type=\"video\/mp4\"\/><\/video><\/div>\n\t\t\t\t\t<div class=\"details-wrapper\">\n\t\t\t\t\t<div class=\"wpz-insta-header\">\n\t\t\t\t\t\t<div class=\"wpz-insta-avatar\">\n\t\t\t\t\t\t\t<img loading=\"lazy\" decoding=\"async\" src=\"https:\/\/addinformatica.com\/wp-content\/uploads\/2024\/07\/434559985_431600116016550_858542568941584981_n-150x150.jpg\" alt=\"@resiplushistoriasqueinspiran\" width=\"42\" height=\"42\"\/>\n\t\t\t\t\t\t<\/div>\n\t\t\t\t\t\t<div class=\"wpz-insta-buttons\">\n\t\t\t\t\t\t\t<div class=\"wpz-insta-username\">\n\t\t\t\t\t\t\t\t<a rel=\"noopener\" target=\"_blank\" href=\"https:\/\/instagram.com\/resiplushistoriasqueinspiran\">@resiplushistoriasqueinspiran<\/a>\n\t\t\t\t\t\t\t<\/div>\n\t\t\t\t\t\t\t<div>&bull;<\/div>\n\t\t\t\t\t\t\t<div class=\"wpz-insta-follow\">\n\t\t\t\t\t\t\t\t<a target=\"_blank\" rel=\"noopener\"\n\t\t\t\t\t\t\t\thref=\"https:\/\/instagram.com\/resiplushistoriasqueinspiran?ref=badge\">\n\t\t\t\t\t\t\t\t\tFollow\n\t\t\t\t\t\t\t\t<\/a>\n\t\t\t\t\t\t\t<\/div>\n\t\t\t\t\t\t<\/div>\n\t\t\t\t\t<\/div><div class=\"wpz-insta-caption\">Repost |  Historias que Inspiran | @todonoticias<\/div><div class=\"wpz-insta-date\">9 mesos ago<\/div><div class=\"view-post\">\n\t\t\t\t\t<a href=\"https:\/\/www.instagram.com\/reel\/DMXZwk4uPWJ\/\" target=\"_blank\" rel=\"noopener\"><span class=\"dashicons dashicons-instagram\"><\/span>View on Instagram<\/a>\n\t\t\t\t\t<span class=\"delimiter\">|<\/span>\n\t\t\t\t\t<div class=\"wpz-insta-pagination\">2\/35<\/div>\n\t\t\t\t\t<\/div><\/div><\/div><\/div><div data-uid=\"18082780171764340\" class=\"swiper-slide wpz-insta-lightbox-item\"><div class=\"wpz-insta-lightbox\"><div class=\"image-wrapper\"><img class=\"wpzoom-swiper-image swiper-lazy\" data-src=\"https:\/\/addinformatica.com\/wp-content\/uploads\/2014\/08\/503505573_17905083474193097_2824338091968606936_n-505.jpg\" alt=\"Repost | Historias que Inspiran | @telemetro @euronewses \n\nhttps:\/\/www.youtube.com\/watch?v=pWIeFkEYglA\"\/><div class=\"swiper-lazy-preloader swiper-lazy-preloader-white\"><\/div><\/div>\n\t\t\t\t\t<div class=\"details-wrapper\">\n\t\t\t\t\t<div class=\"wpz-insta-header\">\n\t\t\t\t\t\t<div class=\"wpz-insta-avatar\">\n\t\t\t\t\t\t\t<img loading=\"lazy\" decoding=\"async\" src=\"https:\/\/addinformatica.com\/wp-content\/uploads\/2024\/07\/434559985_431600116016550_858542568941584981_n-150x150.jpg\" alt=\"@resiplushistoriasqueinspiran\" width=\"42\" height=\"42\"\/>\n\t\t\t\t\t\t<\/div>\n\t\t\t\t\t\t<div class=\"wpz-insta-buttons\">\n\t\t\t\t\t\t\t<div class=\"wpz-insta-username\">\n\t\t\t\t\t\t\t\t<a rel=\"noopener\" target=\"_blank\" href=\"https:\/\/instagram.com\/resiplushistoriasqueinspiran\">@resiplushistoriasqueinspiran<\/a>\n\t\t\t\t\t\t\t<\/div>\n\t\t\t\t\t\t\t<div>&bull;<\/div>\n\t\t\t\t\t\t\t<div class=\"wpz-insta-follow\">\n\t\t\t\t\t\t\t\t<a target=\"_blank\" rel=\"noopener\"\n\t\t\t\t\t\t\t\thref=\"https:\/\/instagram.com\/resiplushistoriasqueinspiran?ref=badge\">\n\t\t\t\t\t\t\t\t\tFollow\n\t\t\t\t\t\t\t\t<\/a>\n\t\t\t\t\t\t\t<\/div>\n\t\t\t\t\t\t<\/div>\n\t\t\t\t\t<\/div><div class=\"wpz-insta-caption\">Repost | Historias que Inspiran | @telemetro @euronewses \n\nhttps:\/\/www.youtube.com\/watch?v=pWIeFkEYglA<\/div><div class=\"wpz-insta-date\">10 mesos ago<\/div><div class=\"view-post\">\n\t\t\t\t\t<a href=\"https:\/\/www.instagram.com\/p\/DLQx-oRODgV\/\" target=\"_blank\" rel=\"noopener\"><span class=\"dashicons dashicons-instagram\"><\/span>View on Instagram<\/a>\n\t\t\t\t\t<span class=\"delimiter\">|<\/span>\n\t\t\t\t\t<div class=\"wpz-insta-pagination\">3\/35<\/div>\n\t\t\t\t\t<\/div><\/div><\/div><\/div><div data-uid=\"18084690763673264\" class=\"swiper-slide wpz-insta-lightbox-item\"><div class=\"wpz-insta-lightbox\"><div class=\"image-wrapper\"><video controls muted preload=\"none\"><source src=\"https:\/\/scontent-mad2-1.cdninstagram.com\/o1\/v\/t2\/f2\/m86\/AQPXfIMQYaS0HDIc6r9M7Yx-LhyP9C2bK2Gfc6VS_FQKReTu3wvbGyY94wXQZXzpiuAOfFw4PoVFlWTp8KHTiIbsgvJCk2ShsSF7M2Q.mp4?_nc_cat=111&#038;_nc_sid=5e9851&#038;_nc_ht=scontent-mad2-1.cdninstagram.com&#038;_nc_ohc=KxJOdwbbeUcQ7kNvwGQluK2&#038;efg=eyJ2ZW5jb2RlX3RhZyI6Inhwdl9wcm9ncmVzc2l2ZS5JTlNUQUdSQU0uQ0xJUFMuQzMuMzYwLmRhc2hfYmFzZWxpbmVfM192MSIsInhwdl9hc3NldF9pZCI6MTM2MDc4NDI0MTg4ODgzNCwiYXNzZXRfYWdlX2RheXMiOjMxOSwidmlfdXNlY2FzZV9pZCI6MTAwOTksImR1cmF0aW9uX3MiOjIzLCJ1cmxnZW5fc291cmNlIjoid3d3In0%3D&#038;ccb=17-1&#038;vs=595a295ec3f86b8e&#038;_nc_vs=HBksFQIYUmlnX3hwdl9yZWVsc19wZXJtYW5lbnRfc3JfcHJvZC85QjQ5RTJEQzUyRDc3RDJFMDkxQTY4REI4ODk5QUFCRF92aWRlb19kYXNoaW5pdC5tcDQVAALIARIAFQIYR2lnX3hwdl9yZWVsc19wZXJtYW5lbnRfc3JfcHJvZC8xMTMyODE1NjY1Mjg2NDEwXzExNDA3MzEyMzczMjQ3NzU1OTUubXA0FQICyAESACgAGAAbAogHdXNlX29pbAExEnByb2dyZXNzaXZlX3JlY2lwZQExFQAAJoS51NWI6OoEFQIoAkMzLBdAN92yLQ5WBBgSZGFzaF9iYXNlbGluZV8zX3YxEQB1_gdl5p0BAA&#038;_nc_gid=RS8sTk4GWVGeeoPJ6fySnQ&#038;edm=ANo9K5cEAAAA&#038;_nc_zt=28&#038;_nc_tpa=Q5bMBQEDsbrMsijKGUnWzJCsfuMR8Dwi7dCGtAVNL8-vf0Q52I-7WRATc9aL6lEyzkCKGY5p_WTmXvGW&#038;oh=00_Af7_QYDJPUUNtuC0fSV_NiUmIfhO-zRmLA4FnCICxs-moA&#038;oe=69F74A6C\" type=\"video\/mp4\"\/><\/video><\/div>\n\t\t\t\t\t<div class=\"details-wrapper\">\n\t\t\t\t\t<div class=\"wpz-insta-header\">\n\t\t\t\t\t\t<div class=\"wpz-insta-avatar\">\n\t\t\t\t\t\t\t<img loading=\"lazy\" decoding=\"async\" src=\"https:\/\/addinformatica.com\/wp-content\/uploads\/2024\/07\/434559985_431600116016550_858542568941584981_n-150x150.jpg\" alt=\"@resiplushistoriasqueinspiran\" width=\"42\" height=\"42\"\/>\n\t\t\t\t\t\t<\/div>\n\t\t\t\t\t\t<div class=\"wpz-insta-buttons\">\n\t\t\t\t\t\t\t<div class=\"wpz-insta-username\">\n\t\t\t\t\t\t\t\t<a rel=\"noopener\" target=\"_blank\" href=\"https:\/\/instagram.com\/resiplushistoriasqueinspiran\">@resiplushistoriasqueinspiran<\/a>\n\t\t\t\t\t\t\t<\/div>\n\t\t\t\t\t\t\t<div>&bull;<\/div>\n\t\t\t\t\t\t\t<div class=\"wpz-insta-follow\">\n\t\t\t\t\t\t\t\t<a target=\"_blank\" rel=\"noopener\"\n\t\t\t\t\t\t\t\thref=\"https:\/\/instagram.com\/resiplushistoriasqueinspiran?ref=badge\">\n\t\t\t\t\t\t\t\t\tFollow\n\t\t\t\t\t\t\t\t<\/a>\n\t\t\t\t\t\t\t<\/div>\n\t\t\t\t\t\t<\/div>\n\t\t\t\t\t<\/div><div class=\"wpz-insta-date\">11 mesos ago<\/div><div class=\"view-post\">\n\t\t\t\t\t<a href=\"https:\/\/www.instagram.com\/reel\/DK9TJ05u216\/\" target=\"_blank\" rel=\"noopener\"><span class=\"dashicons dashicons-instagram\"><\/span>View on Instagram<\/a>\n\t\t\t\t\t<span class=\"delimiter\">|<\/span>\n\t\t\t\t\t<div class=\"wpz-insta-pagination\">4\/35<\/div>\n\t\t\t\t\t<\/div><\/div><\/div><\/div><div data-uid=\"18034118012243103\" class=\"swiper-slide wpz-insta-lightbox-item\"><div class=\"wpz-insta-lightbox\"><div class=\"image-wrapper\"><video controls muted preload=\"none\"><source src=\"https:\/\/scontent-mad2-1.cdninstagram.com\/o1\/v\/t2\/f2\/m86\/AQPwTeXLvTCIi3we90yhyqbXWfhJfbbWhKTRX3wrJxYJkzaXqzS7N1Abtgh_FxTPnVwFkp7aesZq874Yy8O20vBI_Ed87IMTcNTD0-k.mp4?_nc_cat=108&#038;_nc_sid=5e9851&#038;_nc_ht=scontent-mad2-1.cdninstagram.com&#038;_nc_ohc=0LyWwL64hXwQ7kNvwELeygV&#038;efg=eyJ2ZW5jb2RlX3RhZyI6Inhwdl9wcm9ncmVzc2l2ZS5JTlNUQUdSQU0uQ0xJUFMuQzMuMzYwLmRhc2hfYmFzZWxpbmVfM192MSIsInhwdl9hc3NldF9pZCI6MzIwNDUwNjg4NjM1NTk5NCwiYXNzZXRfYWdlX2RheXMiOjQzNCwidmlfdXNlY2FzZV9pZCI6MTAwOTksImR1cmF0aW9uX3MiOjYxLCJ1cmxnZW5fc291cmNlIjoid3d3In0%3D&#038;ccb=17-1&#038;vs=a37b256ca1813411&#038;_nc_vs=HBksFQIYUmlnX3hwdl9yZWVsc19wZXJtYW5lbnRfc3JfcHJvZC81NDREQjEyMUY4NDMzNzQ2MkIyMDlEN0ExMUUzRTQ4Ql92aWRlb19kYXNoaW5pdC5tcDQVAALIARIAFQIYRmlnX3hwdl9yZWVsc19wZXJtYW5lbnRfc3JfcHJvZC85NzQyOTk0Nzc1NTcxNDlfNDk4NjUyNDY3MTEyNjk4MDk3MC5tcDQVAgLIARIAKAAYABsCiAd1c2Vfb2lsATEScHJvZ3Jlc3NpdmVfcmVjaXBlATEVAAAmtPCh6uyesQsVAigCQzMsF0BOrtkWhysCGBJkYXNoX2Jhc2VsaW5lXzNfdjERAHX-B2XmnQEA&#038;_nc_gid=RS8sTk4GWVGeeoPJ6fySnQ&#038;edm=ANo9K5cEAAAA&#038;_nc_zt=28&#038;_nc_tpa=Q5bMBQFEKby5qbOiMNGC_qle2eIc7z2-grXfkUqLgo3KesQuFrynwjra6GcKE1cgYDx9U3g5lVxOK6VA&#038;oh=00_Af6hB_q9xHsaFL1zni4S21blRfIghBL3iQ9DvqlOiRafJA&#038;oe=69F780B9\" type=\"video\/mp4\"\/><\/video><\/div>\n\t\t\t\t\t<div class=\"details-wrapper\">\n\t\t\t\t\t<div class=\"wpz-insta-header\">\n\t\t\t\t\t\t<div class=\"wpz-insta-avatar\">\n\t\t\t\t\t\t\t<img loading=\"lazy\" decoding=\"async\" src=\"https:\/\/addinformatica.com\/wp-content\/uploads\/2024\/07\/434559985_431600116016550_858542568941584981_n-150x150.jpg\" alt=\"@resiplushistoriasqueinspiran\" width=\"42\" height=\"42\"\/>\n\t\t\t\t\t\t<\/div>\n\t\t\t\t\t\t<div class=\"wpz-insta-buttons\">\n\t\t\t\t\t\t\t<div class=\"wpz-insta-username\">\n\t\t\t\t\t\t\t\t<a rel=\"noopener\" target=\"_blank\" href=\"https:\/\/instagram.com\/resiplushistoriasqueinspiran\">@resiplushistoriasqueinspiran<\/a>\n\t\t\t\t\t\t\t<\/div>\n\t\t\t\t\t\t\t<div>&bull;<\/div>\n\t\t\t\t\t\t\t<div class=\"wpz-insta-follow\">\n\t\t\t\t\t\t\t\t<a target=\"_blank\" rel=\"noopener\"\n\t\t\t\t\t\t\t\thref=\"https:\/\/instagram.com\/resiplushistoriasqueinspiran?ref=badge\">\n\t\t\t\t\t\t\t\t\tFollow\n\t\t\t\t\t\t\t\t<\/a>\n\t\t\t\t\t\t\t<\/div>\n\t\t\t\t\t\t<\/div>\n\t\t\t\t\t<\/div><div class=\"wpz-insta-caption\">Repost | Historias que Inspiran |  Fuente: @lachicadelbrunch<\/div><div class=\"wpz-insta-date\">1 any ago<\/div><div class=\"view-post\">\n\t\t\t\t\t<a href=\"https:\/\/www.instagram.com\/reel\/DGV8elgOB9i\/\" target=\"_blank\" rel=\"noopener\"><span class=\"dashicons dashicons-instagram\"><\/span>View on Instagram<\/a>\n\t\t\t\t\t<span class=\"delimiter\">|<\/span>\n\t\t\t\t\t<div class=\"wpz-insta-pagination\">5\/35<\/div>\n\t\t\t\t\t<\/div><\/div><\/div><\/div><div data-uid=\"18305006923162936\" class=\"swiper-slide wpz-insta-lightbox-item\"><div class=\"wpz-insta-lightbox\"><div class=\"image-wrapper\"><video controls muted preload=\"none\"><source src=\"https:\/\/scontent-mad2-1.cdninstagram.com\/o1\/v\/t2\/f2\/m86\/AQPb1mtIhrMzFwvz_zJYvp9gl2L0asFrInN9nLxvlDo_Ir-3a154q-PdNUAcDrYxkLdBi2guzfwQhcvnEg2bMRJN3lTGsbwp307pexQ.mp4?_nc_cat=108&#038;_nc_sid=5e9851&#038;_nc_ht=scontent-mad2-1.cdninstagram.com&#038;_nc_ohc=6iC8vdPUrGAQ7kNvwEcjEAd&#038;efg=eyJ2ZW5jb2RlX3RhZyI6Inhwdl9wcm9ncmVzc2l2ZS5JTlNUQUdSQU0uQ0xJUFMuQzMuMzYwLmRhc2hfYmFzZWxpbmVfM192MSIsInhwdl9hc3NldF9pZCI6NTIyNDkxNjc0MDg2MTkwLCJhc3NldF9hZ2VfZGF5cyI6NTU0LCJ2aV91c2VjYXNlX2lkIjoxMDA5OSwiZHVyYXRpb25fcyI6MjgsInVybGdlbl9zb3VyY2UiOiJ3d3cifQ%3D%3D&#038;ccb=17-1&#038;vs=f755775796651b4d&#038;_nc_vs=HBkcFQIYUmlnX3hwdl9yZWVsc19wZXJtYW5lbnRfc3JfcHJvZC80NDQzMEVBRjI3QkJFRUVGNkZDQzQ4RTIzRTY2MEVCMl92aWRlb19kYXNoaW5pdC5tcDQVAALIARIAKAAYABsCiAd1c2Vfb2lsATEScHJvZ3Jlc3NpdmVfcmVjaXBlATEVAAAm3KyOqoLN7QEVAigCQzMsF0A8zMzMzMzNGBJkYXNoX2Jhc2VsaW5lXzNfdjERAHX-B2XmnQEA&#038;_nc_gid=RS8sTk4GWVGeeoPJ6fySnQ&#038;edm=ANo9K5cEAAAA&#038;_nc_zt=28&#038;_nc_tpa=Q5bMBQEc-o5EJDVnZeIuUhAAV8ZauS5YPCQPRve97tR01ujL7OkjlOIRsvLJGKgWMOdxYCABnkKnyMDE&#038;oh=00_Af4qiROL6QE8MgXPSo2KJmEwoXOUqkm4mtn3rwlWa3YBMQ&#038;oe=69F75755\" type=\"video\/mp4\"\/><\/video><\/div>\n\t\t\t\t\t<div class=\"details-wrapper\">\n\t\t\t\t\t<div class=\"wpz-insta-header\">\n\t\t\t\t\t\t<div class=\"wpz-insta-avatar\">\n\t\t\t\t\t\t\t<img loading=\"lazy\" decoding=\"async\" src=\"https:\/\/addinformatica.com\/wp-content\/uploads\/2024\/07\/434559985_431600116016550_858542568941584981_n-150x150.jpg\" alt=\"@resiplushistoriasqueinspiran\" width=\"42\" height=\"42\"\/>\n\t\t\t\t\t\t<\/div>\n\t\t\t\t\t\t<div class=\"wpz-insta-buttons\">\n\t\t\t\t\t\t\t<div class=\"wpz-insta-username\">\n\t\t\t\t\t\t\t\t<a rel=\"noopener\" target=\"_blank\" href=\"https:\/\/instagram.com\/resiplushistoriasqueinspiran\">@resiplushistoriasqueinspiran<\/a>\n\t\t\t\t\t\t\t<\/div>\n\t\t\t\t\t\t\t<div>&bull;<\/div>\n\t\t\t\t\t\t\t<div class=\"wpz-insta-follow\">\n\t\t\t\t\t\t\t\t<a target=\"_blank\" rel=\"noopener\"\n\t\t\t\t\t\t\t\thref=\"https:\/\/instagram.com\/resiplushistoriasqueinspiran?ref=badge\">\n\t\t\t\t\t\t\t\t\tFollow\n\t\t\t\t\t\t\t\t<\/a>\n\t\t\t\t\t\t\t<\/div>\n\t\t\t\t\t\t<\/div>\n\t\t\t\t\t<\/div><div class=\"wpz-insta-caption\">Repost | Historias que Inspiran | @lacarabuenadelmundo<\/div><div class=\"wpz-insta-date\">2 anys ago<\/div><div class=\"view-post\">\n\t\t\t\t\t<a href=\"https:\/\/www.instagram.com\/reel\/DBh4VXQOWW2\/\" target=\"_blank\" rel=\"noopener\"><span class=\"dashicons dashicons-instagram\"><\/span>View on Instagram<\/a>\n\t\t\t\t\t<span class=\"delimiter\">|<\/span>\n\t\t\t\t\t<div class=\"wpz-insta-pagination\">6\/35<\/div>\n\t\t\t\t\t<\/div><\/div><\/div><\/div><div data-uid=\"17881829625118142\" class=\"swiper-slide wpz-insta-lightbox-item\"><div class=\"wpz-insta-lightbox\"><div class=\"image-wrapper\"><video controls muted preload=\"none\"><source src=\"https:\/\/scontent-mad1-1.cdninstagram.com\/o1\/v\/t2\/f2\/m86\/AQMK8oRZZ8hyKEKkiTp-vtOxomrS9i3A5jQE3slXdmlihRKb3mUpghcisoj19mujveAagWwT5KXdVAGriYgiRO2jmCczEmv4tHeB5jE.mp4?_nc_cat=107&#038;_nc_sid=5e9851&#038;_nc_ht=scontent-mad1-1.cdninstagram.com&#038;_nc_ohc=aSq1GqqQMoQQ7kNvwFft2ph&#038;efg=eyJ2ZW5jb2RlX3RhZyI6Inhwdl9wcm9ncmVzc2l2ZS5JTlNUQUdSQU0uQ0xJUFMuQzMuMzYwLmRhc2hfYmFzZWxpbmVfM192MSIsInhwdl9hc3NldF9pZCI6MTUzMDIzNjk2NDI4MDk2OCwiYXNzZXRfYWdlX2RheXMiOjU1NCwidmlfdXNlY2FzZV9pZCI6MTAwOTksImR1cmF0aW9uX3MiOjczLCJ1cmxnZW5fc291cmNlIjoid3d3In0%3D&#038;ccb=17-1&#038;vs=6b29e955324cc940&#038;_nc_vs=HBksFQIYUmlnX3hwdl9yZWVsc19wZXJtYW5lbnRfc3JfcHJvZC9FNTQxMkY3Rjc0RkVENUNEQTY0Rjc0MkJCMzFBOUU4Rl92aWRlb19kYXNoaW5pdC5tcDQVAALIARIAFQIYRmlnX3hwdl9yZWVsc19wZXJtYW5lbnRfc3JfcHJvZC81NjY3NTM4MjU4MjYxMzRfNzg0MTk4NjA1MTE4MTg2NDA4MS5tcDQVAgLIARIAKAAYABsCiAd1c2Vfb2lsATEScHJvZ3Jlc3NpdmVfcmVjaXBlATEVAAAmkOrs6sHvtwUVAigCQzMsF0BSXCj1wo9cGBJkYXNoX2Jhc2VsaW5lXzNfdjERAHX-B2XmnQEA&#038;_nc_gid=RS8sTk4GWVGeeoPJ6fySnQ&#038;edm=ANo9K5cEAAAA&#038;_nc_zt=28&#038;_nc_tpa=Q5bMBQH81-LdZMXWOODt2CY5Hk4_ZUHv5_yp6ATyOuBLTCdY8td6iKDvm8lFSMoeUZVQL19YmiMSiX4E&#038;oh=00_Af4nKPy4yMZUpjCOXP_l8TUjMzCbpSYjVLATbpTAXeDiTw&#038;oe=69F7603C\" type=\"video\/mp4\"\/><\/video><\/div>\n\t\t\t\t\t<div class=\"details-wrapper\">\n\t\t\t\t\t<div class=\"wpz-insta-header\">\n\t\t\t\t\t\t<div class=\"wpz-insta-avatar\">\n\t\t\t\t\t\t\t<img loading=\"lazy\" decoding=\"async\" src=\"https:\/\/addinformatica.com\/wp-content\/uploads\/2024\/07\/434559985_431600116016550_858542568941584981_n-150x150.jpg\" alt=\"@resiplushistoriasqueinspiran\" width=\"42\" height=\"42\"\/>\n\t\t\t\t\t\t<\/div>\n\t\t\t\t\t\t<div class=\"wpz-insta-buttons\">\n\t\t\t\t\t\t\t<div class=\"wpz-insta-username\">\n\t\t\t\t\t\t\t\t<a rel=\"noopener\" target=\"_blank\" href=\"https:\/\/instagram.com\/resiplushistoriasqueinspiran\">@resiplushistoriasqueinspiran<\/a>\n\t\t\t\t\t\t\t<\/div>\n\t\t\t\t\t\t\t<div>&bull;<\/div>\n\t\t\t\t\t\t\t<div class=\"wpz-insta-follow\">\n\t\t\t\t\t\t\t\t<a target=\"_blank\" rel=\"noopener\"\n\t\t\t\t\t\t\t\thref=\"https:\/\/instagram.com\/resiplushistoriasqueinspiran?ref=badge\">\n\t\t\t\t\t\t\t\t\tFollow\n\t\t\t\t\t\t\t\t<\/a>\n\t\t\t\t\t\t\t<\/div>\n\t\t\t\t\t\t<\/div>\n\t\t\t\t\t<\/div><div class=\"wpz-insta-caption\">Repost | Historias que Inspiran | @oysho_community<\/div><div class=\"wpz-insta-date\">2 anys ago<\/div><div class=\"view-post\">\n\t\t\t\t\t<a href=\"https:\/\/www.instagram.com\/reel\/DBh4DDwuuu4\/\" target=\"_blank\" rel=\"noopener\"><span class=\"dashicons dashicons-instagram\"><\/span>View on Instagram<\/a>\n\t\t\t\t\t<span class=\"delimiter\">|<\/span>\n\t\t\t\t\t<div class=\"wpz-insta-pagination\">7\/35<\/div>\n\t\t\t\t\t<\/div><\/div><\/div><\/div><div data-uid=\"17967609218653680\" class=\"swiper-slide wpz-insta-lightbox-item\"><div class=\"wpz-insta-lightbox\"><div class=\"image-wrapper\"><video controls muted preload=\"none\"><source src=\"https:\/\/scontent-mad1-1.cdninstagram.com\/o1\/v\/t2\/f2\/m86\/AQPeSup0WWyYfQwrh9ywz9gu3IFucq9CRJxdicqqpDy2BVw8xDLYY8T_Ms0_7DMOqauH_1FBaPLqgTBVlj-J6bLd0agr3opnRLSSq_E.mp4?_nc_cat=107&#038;_nc_sid=5e9851&#038;_nc_ht=scontent-mad1-1.cdninstagram.com&#038;_nc_ohc=olDIQVVDtH8Q7kNvwECabNx&#038;efg=eyJ2ZW5jb2RlX3RhZyI6Inhwdl9wcm9ncmVzc2l2ZS5JTlNUQUdSQU0uQ0xJUFMuQzMuMzYwLmRhc2hfYmFzZWxpbmVfM192MSIsInhwdl9hc3NldF9pZCI6NTMyNjczODk5MjQ1OTgzLCJhc3NldF9hZ2VfZGF5cyI6NTk3LCJ2aV91c2VjYXNlX2lkIjoxMDA5OSwiZHVyYXRpb25fcyI6MTcsInVybGdlbl9zb3VyY2UiOiJ3d3cifQ%3D%3D&#038;ccb=17-1&#038;vs=d34ffce114e56a20&#038;_nc_vs=HBkcFQIYUmlnX3hwdl9yZWVsc19wZXJtYW5lbnRfc3JfcHJvZC9CNTRDODg2RTZFNTA2Q0NBQzAwRjI3NTgyOTgzRjRCN192aWRlb19kYXNoaW5pdC5tcDQVAALIARIAKAAYABsCiAd1c2Vfb2lsATEScHJvZ3Jlc3NpdmVfcmVjaXBlATEVAAAmvsbd6Nmd8gEVAigCQzMsF0AxzMzMzMzNGBJkYXNoX2Jhc2VsaW5lXzNfdjERAHX-B2XmnQEA&#038;_nc_gid=RS8sTk4GWVGeeoPJ6fySnQ&#038;edm=ANo9K5cEAAAA&#038;_nc_zt=28&#038;_nc_tpa=Q5bMBQE4x8a0nmtXgEUQybt_itqDhDQFZufQPPGGF0YmdkufG2KRcxTGMECg0h45UV6jPj6zwNguIeTL&#038;oh=00_Af5e460mCpZzTFpS8PT4hTc76XE3uJiCLXdOIZYHp_IoGg&#038;oe=69F765EC\" type=\"video\/mp4\"\/><\/video><\/div>\n\t\t\t\t\t<div class=\"details-wrapper\">\n\t\t\t\t\t<div class=\"wpz-insta-header\">\n\t\t\t\t\t\t<div class=\"wpz-insta-avatar\">\n\t\t\t\t\t\t\t<img loading=\"lazy\" decoding=\"async\" src=\"https:\/\/addinformatica.com\/wp-content\/uploads\/2024\/07\/434559985_431600116016550_858542568941584981_n-150x150.jpg\" alt=\"@resiplushistoriasqueinspiran\" width=\"42\" height=\"42\"\/>\n\t\t\t\t\t\t<\/div>\n\t\t\t\t\t\t<div class=\"wpz-insta-buttons\">\n\t\t\t\t\t\t\t<div class=\"wpz-insta-username\">\n\t\t\t\t\t\t\t\t<a rel=\"noopener\" target=\"_blank\" href=\"https:\/\/instagram.com\/resiplushistoriasqueinspiran\">@resiplushistoriasqueinspiran<\/a>\n\t\t\t\t\t\t\t<\/div>\n\t\t\t\t\t\t\t<div>&bull;<\/div>\n\t\t\t\t\t\t\t<div class=\"wpz-insta-follow\">\n\t\t\t\t\t\t\t\t<a target=\"_blank\" rel=\"noopener\"\n\t\t\t\t\t\t\t\thref=\"https:\/\/instagram.com\/resiplushistoriasqueinspiran?ref=badge\">\n\t\t\t\t\t\t\t\t\tFollow\n\t\t\t\t\t\t\t\t<\/a>\n\t\t\t\t\t\t\t<\/div>\n\t\t\t\t\t\t<\/div>\n\t\t\t\t\t<\/div><div class=\"wpz-insta-caption\">Repost |  Historias que Inspiran | fuente: @nitrocircus<\/div><div class=\"wpz-insta-date\">2 anys ago<\/div><div class=\"view-post\">\n\t\t\t\t\t<a href=\"https:\/\/www.instagram.com\/reel\/C_yM_THOsaj\/\" target=\"_blank\" rel=\"noopener\"><span class=\"dashicons dashicons-instagram\"><\/span>View on Instagram<\/a>\n\t\t\t\t\t<span class=\"delimiter\">|<\/span>\n\t\t\t\t\t<div class=\"wpz-insta-pagination\">8\/35<\/div>\n\t\t\t\t\t<\/div><\/div><\/div><\/div><div data-uid=\"18040345859044324\" class=\"swiper-slide wpz-insta-lightbox-item\"><div class=\"wpz-insta-lightbox\"><div class=\"image-wrapper\"><img class=\"wpzoom-swiper-image swiper-lazy\" data-src=\"https:\/\/addinformatica.com\/wp-content\/uploads\/2014\/08\/459230123_1055859356543172_8191364002124440538_n-825.jpg\" alt=\"https:\/\/www.instagram.com\/p\/C_imZ1YumIj\/?igsh=Mmh1bzJleHAxa3Qz\n\nRepost | Historias que Inspiran | fuente: @cajadepizza2\"\/><div class=\"swiper-lazy-preloader swiper-lazy-preloader-white\"><\/div><\/div>\n\t\t\t\t\t<div class=\"details-wrapper\">\n\t\t\t\t\t<div class=\"wpz-insta-header\">\n\t\t\t\t\t\t<div class=\"wpz-insta-avatar\">\n\t\t\t\t\t\t\t<img loading=\"lazy\" decoding=\"async\" src=\"https:\/\/addinformatica.com\/wp-content\/uploads\/2024\/07\/434559985_431600116016550_858542568941584981_n-150x150.jpg\" alt=\"@resiplushistoriasqueinspiran\" width=\"42\" height=\"42\"\/>\n\t\t\t\t\t\t<\/div>\n\t\t\t\t\t\t<div class=\"wpz-insta-buttons\">\n\t\t\t\t\t\t\t<div class=\"wpz-insta-username\">\n\t\t\t\t\t\t\t\t<a rel=\"noopener\" target=\"_blank\" href=\"https:\/\/instagram.com\/resiplushistoriasqueinspiran\">@resiplushistoriasqueinspiran<\/a>\n\t\t\t\t\t\t\t<\/div>\n\t\t\t\t\t\t\t<div>&bull;<\/div>\n\t\t\t\t\t\t\t<div class=\"wpz-insta-follow\">\n\t\t\t\t\t\t\t\t<a target=\"_blank\" rel=\"noopener\"\n\t\t\t\t\t\t\t\thref=\"https:\/\/instagram.com\/resiplushistoriasqueinspiran?ref=badge\">\n\t\t\t\t\t\t\t\t\tFollow\n\t\t\t\t\t\t\t\t<\/a>\n\t\t\t\t\t\t\t<\/div>\n\t\t\t\t\t\t<\/div>\n\t\t\t\t\t<\/div><div class=\"wpz-insta-caption\">https:\/\/www.instagram.com\/p\/C_imZ1YumIj\/?igsh=Mmh1bzJleHAxa3Qz\n\nRepost | Historias que Inspiran | fuente: @cajadepizza2<\/div><div class=\"wpz-insta-date\">2 anys ago<\/div><div class=\"view-post\">\n\t\t\t\t\t<a href=\"https:\/\/www.instagram.com\/p\/C_yMvZEu5sl\/\" target=\"_blank\" rel=\"noopener\"><span class=\"dashicons dashicons-instagram\"><\/span>View on Instagram<\/a>\n\t\t\t\t\t<span class=\"delimiter\">|<\/span>\n\t\t\t\t\t<div class=\"wpz-insta-pagination\">9\/35<\/div>\n\t\t\t\t\t<\/div><\/div><\/div><\/div><div data-uid=\"18056934772639164\" class=\"swiper-slide wpz-insta-lightbox-item\"><div class=\"wpz-insta-lightbox\"><div class=\"image-wrapper\"><video controls muted preload=\"none\"><source src=\"https:\/\/scontent-mad2-1.cdninstagram.com\/o1\/v\/t2\/f2\/m86\/AQPugagLE48z1VVYkfLvWn919iz6YXCctRGVbzkggfdVDIAZTvCwaZUCwkUxZo0vz0UX4rP_HlRm-Fb_OmcFNal68siV0yEXrQfBhQE.mp4?_nc_cat=100&#038;_nc_sid=5e9851&#038;_nc_ht=scontent-mad2-1.cdninstagram.com&#038;_nc_ohc=Q1qqXlKMnWkQ7kNvwHyN3Cw&#038;efg=eyJ2ZW5jb2RlX3RhZyI6Inhwdl9wcm9ncmVzc2l2ZS5JTlNUQUdSQU0uQ0xJUFMuQzMuMzYwLmRhc2hfYmFzZWxpbmVfM192MSIsInhwdl9hc3NldF9pZCI6NjIwNDg1NDYxMjk3MTY5OCwiYXNzZXRfYWdlX2RheXMiOjY0MSwidmlfdXNlY2FzZV9pZCI6MTAwOTksImR1cmF0aW9uX3MiOjE4MCwidXJsZ2VuX3NvdXJjZSI6Ind3dyJ9&#038;ccb=17-1&#038;vs=62ab0eb478815562&#038;_nc_vs=HBksFQIYUmlnX3hwdl9yZWVsc19wZXJtYW5lbnRfc3JfcHJvZC82NzREN0NGNjVDNjQ3RjU2Q0E5MTc4M0M2QUMyOUU4OF92aWRlb19kYXNoaW5pdC5tcDQVAALIARIAFQIYRmlnX3hwdl9yZWVsc19wZXJtYW5lbnRfc3JfcHJvZC84NTUzNDQ2MDYwMzUyMzZfNzI5NzQzNzQyNDAyNjg5Mjc0MS5tcDQVAgLIARIAKAAYABsCiAd1c2Vfb2lsATEScHJvZ3Jlc3NpdmVfcmVjaXBlATEVAAAm5MK2sYnShRYVAigCQzMsF0BmfpeNT987GBJkYXNoX2Jhc2VsaW5lXzNfdjERAHX-B2XmnQEA&#038;_nc_gid=RS8sTk4GWVGeeoPJ6fySnQ&#038;edm=ANo9K5cEAAAA&#038;_nc_zt=28&#038;_nc_tpa=Q5bMBQHg44Z8SpwfbgcYCuv1kvbNaE9UhzTI7qnk1FpfQG_P5JemwFGOtbejGu3ZJjvmELaZPpplMfpK&#038;oh=00_Af6EHHDVpC7unJ-ofag2r1ZdF2i93gOZ6p9EX42gzq5nsA&#038;oe=69F76CC1\" type=\"video\/mp4\"\/><\/video><\/div>\n\t\t\t\t\t<div class=\"details-wrapper\">\n\t\t\t\t\t<div class=\"wpz-insta-header\">\n\t\t\t\t\t\t<div class=\"wpz-insta-avatar\">\n\t\t\t\t\t\t\t<img loading=\"lazy\" decoding=\"async\" src=\"https:\/\/addinformatica.com\/wp-content\/uploads\/2024\/07\/434559985_431600116016550_858542568941584981_n-150x150.jpg\" alt=\"@resiplushistoriasqueinspiran\" width=\"42\" height=\"42\"\/>\n\t\t\t\t\t\t<\/div>\n\t\t\t\t\t\t<div class=\"wpz-insta-buttons\">\n\t\t\t\t\t\t\t<div class=\"wpz-insta-username\">\n\t\t\t\t\t\t\t\t<a rel=\"noopener\" target=\"_blank\" href=\"https:\/\/instagram.com\/resiplushistoriasqueinspiran\">@resiplushistoriasqueinspiran<\/a>\n\t\t\t\t\t\t\t<\/div>\n\t\t\t\t\t\t\t<div>&bull;<\/div>\n\t\t\t\t\t\t\t<div class=\"wpz-insta-follow\">\n\t\t\t\t\t\t\t\t<a target=\"_blank\" rel=\"noopener\"\n\t\t\t\t\t\t\t\thref=\"https:\/\/instagram.com\/resiplushistoriasqueinspiran?ref=badge\">\n\t\t\t\t\t\t\t\t\tFollow\n\t\t\t\t\t\t\t\t<\/a>\n\t\t\t\t\t\t\t<\/div>\n\t\t\t\t\t\t<\/div>\n\t\t\t\t\t<\/div><div class=\"wpz-insta-caption\">Repost | Historias que Inspiran | Fuente:@residenciasanjeronimo<\/div><div class=\"wpz-insta-date\">2 anys ago<\/div><div class=\"view-post\">\n\t\t\t\t\t<a href=\"https:\/\/www.instagram.com\/reel\/C-BDEa0OFIN\/\" target=\"_blank\" rel=\"noopener\"><span class=\"dashicons dashicons-instagram\"><\/span>View on Instagram<\/a>\n\t\t\t\t\t<span class=\"delimiter\">|<\/span>\n\t\t\t\t\t<div class=\"wpz-insta-pagination\">10\/35<\/div>\n\t\t\t\t\t<\/div><\/div><\/div><\/div><div data-uid=\"18037066124007990\" class=\"swiper-slide wpz-insta-lightbox-item\"><div class=\"wpz-insta-lightbox\"><div class=\"image-wrapper\"><video controls muted preload=\"none\"><source src=\"https:\/\/scontent-mad2-1.cdninstagram.com\/o1\/v\/t2\/f2\/m86\/AQOeBZn0MhWrmOicrtnDDfFmg0dKAsNdkvHHRHVbyPm_KYPO8uxzEM7SLy8kPaMBhpK6c8rjcWMkzJ2kkrki8mfdy0JrJqlm6flHsMk.mp4?_nc_cat=111&#038;_nc_sid=5e9851&#038;_nc_ht=scontent-mad2-1.cdninstagram.com&#038;_nc_ohc=KaMSCxfwr6oQ7kNvwFfsAFN&#038;efg=eyJ2ZW5jb2RlX3RhZyI6Inhwdl9wcm9ncmVzc2l2ZS5JTlNUQUdSQU0uQ0xJUFMuQzMuMzYwLmRhc2hfYmFzZWxpbmVfM192MSIsInhwdl9hc3NldF9pZCI6MTY0MDM4MzI4MDAyOTE3MCwiYXNzZXRfYWdlX2RheXMiOjY0NywidmlfdXNlY2FzZV9pZCI6MTAwOTksImR1cmF0aW9uX3MiOjQwLCJ1cmxnZW5fc291cmNlIjoid3d3In0%3D&#038;ccb=17-1&#038;vs=9629509e720c3e90&#038;_nc_vs=HBksFQIYUmlnX3hwdl9yZWVsc19wZXJtYW5lbnRfc3JfcHJvZC8yNzREMTE4RDk3QzNFNkZGRDdDMUU5RkJFNjVGQkU5Rl92aWRlb19kYXNoaW5pdC5tcDQVAALIARIAFQIYRmlnX3hwdl9yZWVsc19wZXJtYW5lbnRfc3JfcHJvZC80NjcxMjIxNjYwMzY5MTBfNTg3MTUwNDM3NDkxOTE5NTY3NS5tcDQVAgLIARIAKAAYABsCiAd1c2Vfb2lsATEScHJvZ3Jlc3NpdmVfcmVjaXBlATEVAAAm5Pec6-_66QUVAigCQzMsF0BESHKwIMScGBJkYXNoX2Jhc2VsaW5lXzNfdjERAHX-B2XmnQEA&#038;_nc_gid=RS8sTk4GWVGeeoPJ6fySnQ&#038;edm=ANo9K5cEAAAA&#038;_nc_zt=28&#038;_nc_tpa=Q5bMBQHFHn8yulVYF4bw9lyEX6yh0E5T8z0cwzl-2WgAWq0mQ0ZMyLCIdIkN87V6vqSgBaxFPgskbxgE&#038;oh=00_Af5VXADq6-iiw_tAAHsifFbq3sCxdOt5EvOH3Rf5psfvVg&#038;oe=69F778F0\" type=\"video\/mp4\"\/><\/video><\/div>\n\t\t\t\t\t<div class=\"details-wrapper\">\n\t\t\t\t\t<div class=\"wpz-insta-header\">\n\t\t\t\t\t\t<div class=\"wpz-insta-avatar\">\n\t\t\t\t\t\t\t<img loading=\"lazy\" decoding=\"async\" src=\"https:\/\/addinformatica.com\/wp-content\/uploads\/2024\/07\/434559985_431600116016550_858542568941584981_n-150x150.jpg\" alt=\"@resiplushistoriasqueinspiran\" width=\"42\" height=\"42\"\/>\n\t\t\t\t\t\t<\/div>\n\t\t\t\t\t\t<div class=\"wpz-insta-buttons\">\n\t\t\t\t\t\t\t<div class=\"wpz-insta-username\">\n\t\t\t\t\t\t\t\t<a rel=\"noopener\" target=\"_blank\" href=\"https:\/\/instagram.com\/resiplushistoriasqueinspiran\">@resiplushistoriasqueinspiran<\/a>\n\t\t\t\t\t\t\t<\/div>\n\t\t\t\t\t\t\t<div>&bull;<\/div>\n\t\t\t\t\t\t\t<div class=\"wpz-insta-follow\">\n\t\t\t\t\t\t\t\t<a target=\"_blank\" rel=\"noopener\"\n\t\t\t\t\t\t\t\thref=\"https:\/\/instagram.com\/resiplushistoriasqueinspiran?ref=badge\">\n\t\t\t\t\t\t\t\t\tFollow\n\t\t\t\t\t\t\t\t<\/a>\n\t\t\t\t\t\t\t<\/div>\n\t\t\t\t\t\t<\/div>\n\t\t\t\t\t<\/div><div class=\"wpz-insta-caption\">Repost| Historias que inspiran | fuente: @datosfantasticos<\/div><div class=\"wpz-insta-date\">2 anys ago<\/div><div class=\"view-post\">\n\t\t\t\t\t<a href=\"https:\/\/www.instagram.com\/reel\/C9yQTF8OcKd\/\" target=\"_blank\" rel=\"noopener\"><span class=\"dashicons dashicons-instagram\"><\/span>View on Instagram<\/a>\n\t\t\t\t\t<span class=\"delimiter\">|<\/span>\n\t\t\t\t\t<div class=\"wpz-insta-pagination\">11\/35<\/div>\n\t\t\t\t\t<\/div><\/div><\/div><\/div><div data-uid=\"18061627084577826\" class=\"swiper-slide wpz-insta-lightbox-item\"><div class=\"wpz-insta-lightbox\"><div class=\"image-wrapper\"><video controls muted preload=\"none\"><source src=\"https:\/\/scontent-mad1-1.cdninstagram.com\/o1\/v\/t2\/f2\/m82\/AQMfieAASLAdCm9_koX8E-D5T7WK7kIp_NwuKKeFtlkFSDMSd4FLzm61mp16qb3oKgvkr9HlwYZQsXcDplpNpmxNhQpEpkfi-JBtSKI.mp4?_nc_cat=106&#038;_nc_sid=5e9851&#038;_nc_ht=scontent-mad1-1.cdninstagram.com&#038;_nc_ohc=tuYNHovsp4QQ7kNvwF7UYON&#038;efg=eyJ2ZW5jb2RlX3RhZyI6Inhwdl9wcm9ncmVzc2l2ZS5JTlNUQUdSQU0uQ0xJUFMuQzMuNzIwLmRhc2hfYmFzZWxpbmVfMV92MSIsInhwdl9hc3NldF9pZCI6MTY4OTQyNzE2NTIzODc5NywiYXNzZXRfYWdlX2RheXMiOjY5NSwidmlfdXNlY2FzZV9pZCI6MTAwOTksImR1cmF0aW9uX3MiOjQ0LCJ1cmxnZW5fc291cmNlIjoid3d3In0%3D&#038;ccb=17-1&#038;vs=e081b4795ec55bed&#038;_nc_vs=HBksFQIYT2lnX3hwdl9yZWVsc19wZXJtYW5lbnRfcHJvZC83NzRGRTJDMEVDNUJERjRGQjg2QUNFMUVBNjE0NThCN192aWRlb19kYXNoaW5pdC5tcDQVAALIARIAFQIYR2lnX3hwdl9yZWVsc19wZXJtYW5lbnRfc3JfcHJvZC8xMDA5ODkyNzYwNDgwNDIzXzMzNTc2OTQ2MDEzNDIxMTk0OTMubXA0FQICyAESACgAGAAbAogHdXNlX29pbAExEnByb2dyZXNzaXZlX3JlY2lwZQExFQAAJprY9qDNoYAGFQIoAkMzLBdARbHrhR64UhgSZGFzaF9iYXNlbGluZV8xX3YxEQB1_gdl5p0BAA&#038;_nc_gid=RS8sTk4GWVGeeoPJ6fySnQ&#038;edm=ANo9K5cEAAAA&#038;_nc_zt=28&#038;_nc_tpa=Q5bMBQHrZ9tXuGuSzP4y-tAfPIY2sGWRoDNAjXjE79u10KAPtnOJDWKudOZa1zH612bDS83V6Lc5oxpz&#038;oh=00_Af63_zpxgTLFK4dLWBrPK257FupxcKYyWGDnOIcyfGqBSw&#038;oe=69F77EAF\" type=\"video\/mp4\"\/><\/video><\/div>\n\t\t\t\t\t<div class=\"details-wrapper\">\n\t\t\t\t\t<div class=\"wpz-insta-header\">\n\t\t\t\t\t\t<div class=\"wpz-insta-avatar\">\n\t\t\t\t\t\t\t<img loading=\"lazy\" decoding=\"async\" src=\"https:\/\/addinformatica.com\/wp-content\/uploads\/2024\/07\/434559985_431600116016550_858542568941584981_n-150x150.jpg\" alt=\"@resiplushistoriasqueinspiran\" width=\"42\" height=\"42\"\/>\n\t\t\t\t\t\t<\/div>\n\t\t\t\t\t\t<div class=\"wpz-insta-buttons\">\n\t\t\t\t\t\t\t<div class=\"wpz-insta-username\">\n\t\t\t\t\t\t\t\t<a rel=\"noopener\" target=\"_blank\" href=\"https:\/\/instagram.com\/resiplushistoriasqueinspiran\">@resiplushistoriasqueinspiran<\/a>\n\t\t\t\t\t\t\t<\/div>\n\t\t\t\t\t\t\t<div>&bull;<\/div>\n\t\t\t\t\t\t\t<div class=\"wpz-insta-follow\">\n\t\t\t\t\t\t\t\t<a target=\"_blank\" rel=\"noopener\"\n\t\t\t\t\t\t\t\thref=\"https:\/\/instagram.com\/resiplushistoriasqueinspiran?ref=badge\">\n\t\t\t\t\t\t\t\t\tFollow\n\t\t\t\t\t\t\t\t<\/a>\n\t\t\t\t\t\t\t<\/div>\n\t\t\t\t\t\t<\/div>\n\t\t\t\t\t<\/div><div class=\"wpz-insta-caption\">Repost | Historias que inspiran | Fuente: @thebrightside.official<\/div><div class=\"wpz-insta-date\">2 anys ago<\/div><div class=\"view-post\">\n\t\t\t\t\t<a href=\"https:\/\/www.instagram.com\/reel\/C72Bx-9usxZ\/\" target=\"_blank\" rel=\"noopener\"><span class=\"dashicons dashicons-instagram\"><\/span>View on Instagram<\/a>\n\t\t\t\t\t<span class=\"delimiter\">|<\/span>\n\t\t\t\t\t<div class=\"wpz-insta-pagination\">12\/35<\/div>\n\t\t\t\t\t<\/div><\/div><\/div><\/div><div data-uid=\"18006903305579352\" class=\"swiper-slide wpz-insta-lightbox-item\"><div class=\"wpz-insta-lightbox\"><div class=\"image-wrapper\"><video controls muted preload=\"none\"><source src=\"https:\/\/scontent-mad2-1.cdninstagram.com\/o1\/v\/t2\/f2\/m82\/AQMFawUx1HWgSwz4SHlqS70ZxKdX81YtU1jWnsoC_nfSY2cboC0LZM2ES1pUYEeK8gj-vP55RqI3s5Ogw522LWf1ceQ63N5baP1D6Dc.mp4?_nc_cat=104&#038;_nc_sid=5e9851&#038;_nc_ht=scontent-mad2-1.cdninstagram.com&#038;_nc_ohc=YGDJwGYwJ0oQ7kNvwEgnPBX&#038;efg=eyJ2ZW5jb2RlX3RhZyI6Inhwdl9wcm9ncmVzc2l2ZS5JTlNUQUdSQU0uQ0xJUFMuQzMuNzIwLmRhc2hfYmFzZWxpbmVfMV92MSIsInhwdl9hc3NldF9pZCI6NzUxNDc0MzUzNzI4MTc4LCJhc3NldF9hZ2VfZGF5cyI6Njk1LCJ2aV91c2VjYXNlX2lkIjoxMDA5OSwiZHVyYXRpb25fcyI6MzAsInVybGdlbl9zb3VyY2UiOiJ3d3cifQ%3D%3D&#038;ccb=17-1&#038;vs=ddefbf265c910e1f&#038;_nc_vs=HBksFQIYT2lnX3hwdl9yZWVsc19wZXJtYW5lbnRfcHJvZC8xNjQxMEFCM0YwQUNDMzg2ODAwNDk3NThBODk1M0VCRl92aWRlb19kYXNoaW5pdC5tcDQVAALIARIAFQIYR2lnX3hwdl9yZWVsc19wZXJtYW5lbnRfc3JfcHJvZC8xMTM3NTI2MDg0MjQwMTY4XzY1MTc4ODc4MDA1MzY0ODc2ODIubXA0FQICyAESACgAGAAbAogHdXNlX29pbAExEnByb2dyZXNzaXZlX3JlY2lwZQExFQAAJuSqy57I3dUCFQIoAkMzLBdAPZN0vGp--hgSZGFzaF9iYXNlbGluZV8xX3YxEQB1_gdl5p0BAA&#038;_nc_gid=RS8sTk4GWVGeeoPJ6fySnQ&#038;edm=ANo9K5cEAAAA&#038;_nc_zt=28&#038;_nc_tpa=Q5bMBQGfUj61wX8p3hPsYa_5YNhBHjnmnr5YpOEKi0OwHmhd5mK2dhIg_dGqNcp8FjT5kmE1wnmiig7s&#038;oh=00_Af4fgMMSryWRyeTtOCXWMEgPjIL-tEokm4kj2mFazDY6qQ&#038;oe=69F75179\" type=\"video\/mp4\"\/><\/video><\/div>\n\t\t\t\t\t<div class=\"details-wrapper\">\n\t\t\t\t\t<div class=\"wpz-insta-header\">\n\t\t\t\t\t\t<div class=\"wpz-insta-avatar\">\n\t\t\t\t\t\t\t<img loading=\"lazy\" decoding=\"async\" src=\"https:\/\/addinformatica.com\/wp-content\/uploads\/2024\/07\/434559985_431600116016550_858542568941584981_n-150x150.jpg\" alt=\"@resiplushistoriasqueinspiran\" width=\"42\" height=\"42\"\/>\n\t\t\t\t\t\t<\/div>\n\t\t\t\t\t\t<div class=\"wpz-insta-buttons\">\n\t\t\t\t\t\t\t<div class=\"wpz-insta-username\">\n\t\t\t\t\t\t\t\t<a rel=\"noopener\" target=\"_blank\" href=\"https:\/\/instagram.com\/resiplushistoriasqueinspiran\">@resiplushistoriasqueinspiran<\/a>\n\t\t\t\t\t\t\t<\/div>\n\t\t\t\t\t\t\t<div>&bull;<\/div>\n\t\t\t\t\t\t\t<div class=\"wpz-insta-follow\">\n\t\t\t\t\t\t\t\t<a target=\"_blank\" rel=\"noopener\"\n\t\t\t\t\t\t\t\thref=\"https:\/\/instagram.com\/resiplushistoriasqueinspiran?ref=badge\">\n\t\t\t\t\t\t\t\t\tFollow\n\t\t\t\t\t\t\t\t<\/a>\n\t\t\t\t\t\t\t<\/div>\n\t\t\t\t\t\t<\/div>\n\t\t\t\t\t<\/div><div class=\"wpz-insta-caption\">Repost |  Historias que inspiran | Fuente: @lainfopositiva<\/div><div class=\"wpz-insta-date\">2 anys ago<\/div><div class=\"view-post\">\n\t\t\t\t\t<a href=\"https:\/\/www.instagram.com\/reel\/C72BVeiOmNm\/\" target=\"_blank\" rel=\"noopener\"><span class=\"dashicons dashicons-instagram\"><\/span>View on Instagram<\/a>\n\t\t\t\t\t<span class=\"delimiter\">|<\/span>\n\t\t\t\t\t<div class=\"wpz-insta-pagination\">13\/35<\/div>\n\t\t\t\t\t<\/div><\/div><\/div><\/div><div data-uid=\"18025733015113100\" class=\"swiper-slide wpz-insta-lightbox-item\"><div class=\"wpz-insta-lightbox\"><div class=\"image-wrapper\"><video controls muted preload=\"none\"><source src=\"https:\/\/scontent-mad1-1.cdninstagram.com\/o1\/v\/t2\/f2\/m82\/AQOJR4VE1cYGyN7gsofIxQvjaJ2IgRQNMfVPvBJUAgf4MQnelDzbGjI21qwzQJK3q3cJYftfVr9r7uRi8ZxDFCW7dT-WFABBXWfnRLs.mp4?_nc_cat=107&#038;_nc_sid=5e9851&#038;_nc_ht=scontent-mad1-1.cdninstagram.com&#038;_nc_ohc=h12tJsTRQ38Q7kNvwGEi3RX&#038;efg=eyJ2ZW5jb2RlX3RhZyI6Inhwdl9wcm9ncmVzc2l2ZS5JTlNUQUdSQU0uQ0xJUFMuQzMuNzIwLmRhc2hfYmFzZWxpbmVfMV92MSIsInhwdl9hc3NldF9pZCI6NDE5NjQ0MDkwNzczMTQxLCJhc3NldF9hZ2VfZGF5cyI6NzI0LCJ2aV91c2VjYXNlX2lkIjoxMDA5OSwiZHVyYXRpb25fcyI6NTksInVybGdlbl9zb3VyY2UiOiJ3d3cifQ%3D%3D&#038;ccb=17-1&#038;vs=e33e0263b18d210f&#038;_nc_vs=HBksFQIYT2lnX3hwdl9yZWVsc19wZXJtYW5lbnRfcHJvZC9FMDRGRkJEMkNBNDlCMjAzNUQwNjhBRTIzQUIzNjZCNV92aWRlb19kYXNoaW5pdC5tcDQVAALIARIAFQIYR2lnX3hwdl9yZWVsc19wZXJtYW5lbnRfc3JfcHJvZC8xMDc5OTg1MzM5NzM0MjExXzI5MDU4NjU1Mjg2NDM4ODUxNTUubXA0FQICyAESACgAGAAbAogHdXNlX29pbAExEnByb2dyZXNzaXZlX3JlY2lwZQExFQAAJqq6s4_A6r4BFQIoAkMzLBdATV5WBBiTdRgSZGFzaF9iYXNlbGluZV8xX3YxEQB1_gdl5p0BAA&#038;_nc_gid=RS8sTk4GWVGeeoPJ6fySnQ&#038;edm=ANo9K5cEAAAA&#038;_nc_zt=28&#038;_nc_tpa=Q5bMBQH3TiWO-P5WuDfioU3S9ItKDNfEJxq02-JsOmdCowCd65hknXcDqWvBFGQ91D-o3bL5riQelhaR&#038;oh=00_Af4aN0zO2Btr7JUDPDHIWMjR3vzKVuIaPsO0uyFyFaTlDg&#038;oe=69F76188\" type=\"video\/mp4\"\/><\/video><\/div>\n\t\t\t\t\t<div class=\"details-wrapper\">\n\t\t\t\t\t<div class=\"wpz-insta-header\">\n\t\t\t\t\t\t<div class=\"wpz-insta-avatar\">\n\t\t\t\t\t\t\t<img loading=\"lazy\" decoding=\"async\" src=\"https:\/\/addinformatica.com\/wp-content\/uploads\/2024\/07\/434559985_431600116016550_858542568941584981_n-150x150.jpg\" alt=\"@resiplushistoriasqueinspiran\" width=\"42\" height=\"42\"\/>\n\t\t\t\t\t\t<\/div>\n\t\t\t\t\t\t<div class=\"wpz-insta-buttons\">\n\t\t\t\t\t\t\t<div class=\"wpz-insta-username\">\n\t\t\t\t\t\t\t\t<a rel=\"noopener\" target=\"_blank\" href=\"https:\/\/instagram.com\/resiplushistoriasqueinspiran\">@resiplushistoriasqueinspiran<\/a>\n\t\t\t\t\t\t\t<\/div>\n\t\t\t\t\t\t\t<div>&bull;<\/div>\n\t\t\t\t\t\t\t<div class=\"wpz-insta-follow\">\n\t\t\t\t\t\t\t\t<a target=\"_blank\" rel=\"noopener\"\n\t\t\t\t\t\t\t\thref=\"https:\/\/instagram.com\/resiplushistoriasqueinspiran?ref=badge\">\n\t\t\t\t\t\t\t\t\tFollow\n\t\t\t\t\t\t\t\t<\/a>\n\t\t\t\t\t\t\t<\/div>\n\t\t\t\t\t\t<\/div>\n\t\t\t\t\t<\/div><div class=\"wpz-insta-caption\">Repost | Historias que inspiran | Fuente: @celia_.jose_<\/div><div class=\"wpz-insta-date\">2 anys ago<\/div><div class=\"view-post\">\n\t\t\t\t\t<a href=\"https:\/\/www.instagram.com\/reel\/C6qqIrfO2cF\/\" target=\"_blank\" rel=\"noopener\"><span class=\"dashicons dashicons-instagram\"><\/span>View on Instagram<\/a>\n\t\t\t\t\t<span class=\"delimiter\">|<\/span>\n\t\t\t\t\t<div class=\"wpz-insta-pagination\">14\/35<\/div>\n\t\t\t\t\t<\/div><\/div><\/div><\/div><div data-uid=\"17938249679811435\" class=\"swiper-slide wpz-insta-lightbox-item\"><div class=\"wpz-insta-lightbox\"><div class=\"image-wrapper\"><video controls muted preload=\"none\"><source src=\"https:\/\/scontent-mad2-1.cdninstagram.com\/o1\/v\/t2\/f2\/m82\/AQM-Vf59_X3s2egxhYFlxgP3IZjegyW5BlgSntsfoqHH4gHp-evBhZAk0ZOrCg6dAjBOPIsuUiU0syIZzqtYUnPwZRcISCUv-85zhh8.mp4?_nc_cat=104&#038;_nc_sid=5e9851&#038;_nc_ht=scontent-mad2-1.cdninstagram.com&#038;_nc_ohc=sb9AP5H5LkoQ7kNvwEdQKmV&#038;efg=eyJ2ZW5jb2RlX3RhZyI6Inhwdl9wcm9ncmVzc2l2ZS5JTlNUQUdSQU0uQ0xJUFMuQzMuNzIwLmRhc2hfYmFzZWxpbmVfMV92MSIsInhwdl9hc3NldF9pZCI6NDA4NDM3Mjk4NDk3NzUyLCJhc3NldF9hZ2VfZGF5cyI6NzU2LCJ2aV91c2VjYXNlX2lkIjoxMDA5OSwiZHVyYXRpb25fcyI6MjEsInVybGdlbl9zb3VyY2UiOiJ3d3cifQ%3D%3D&#038;ccb=17-1&#038;vs=64304e77594ee63&#038;_nc_vs=HBksFQIYT2lnX3hwdl9yZWVsc19wZXJtYW5lbnRfcHJvZC85OTRGQTA4Njk0NERFRDgwMjJCMTZBQzE1NTIwQUU5N192aWRlb19kYXNoaW5pdC5tcDQVAALIARIAFQIYOnBhc3N0aHJvdWdoX2V2ZXJzdG9yZS9HRmItX3huMGsxRlpBUEFDQUtTdm1BTkt1b0VNYnFfRUFBQUYVAgLIARIAKAAYABsCiAd1c2Vfb2lsATEScHJvZ3Jlc3NpdmVfcmVjaXBlATEVAAAmsKO4gZfeuQEVAigCQzMsF0A13bItDlYEGBJkYXNoX2Jhc2VsaW5lXzFfdjERAHX-B2XmnQEA&#038;_nc_gid=RS8sTk4GWVGeeoPJ6fySnQ&#038;edm=ANo9K5cEAAAA&#038;_nc_zt=28&#038;_nc_tpa=Q5bMBQGg-Zy81cbzerCJlpcZA6INnv-gbdd7eF5T33RJMG7nnBy6kc9B5Av_J71ELhlk3Wmhvclfc2l6&#038;oh=00_Af7Y0mbSz23mLd9C1JlajifQ_c74cdlmMJlNGrokhIgbMQ&#038;oe=69F75A3D\" type=\"video\/mp4\"\/><\/video><\/div>\n\t\t\t\t\t<div class=\"details-wrapper\">\n\t\t\t\t\t<div class=\"wpz-insta-header\">\n\t\t\t\t\t\t<div class=\"wpz-insta-avatar\">\n\t\t\t\t\t\t\t<img loading=\"lazy\" decoding=\"async\" src=\"https:\/\/addinformatica.com\/wp-content\/uploads\/2024\/07\/434559985_431600116016550_858542568941584981_n-150x150.jpg\" alt=\"@resiplushistoriasqueinspiran\" width=\"42\" height=\"42\"\/>\n\t\t\t\t\t\t<\/div>\n\t\t\t\t\t\t<div class=\"wpz-insta-buttons\">\n\t\t\t\t\t\t\t<div class=\"wpz-insta-username\">\n\t\t\t\t\t\t\t\t<a rel=\"noopener\" target=\"_blank\" href=\"https:\/\/instagram.com\/resiplushistoriasqueinspiran\">@resiplushistoriasqueinspiran<\/a>\n\t\t\t\t\t\t\t<\/div>\n\t\t\t\t\t\t\t<div>&bull;<\/div>\n\t\t\t\t\t\t\t<div class=\"wpz-insta-follow\">\n\t\t\t\t\t\t\t\t<a target=\"_blank\" rel=\"noopener\"\n\t\t\t\t\t\t\t\thref=\"https:\/\/instagram.com\/resiplushistoriasqueinspiran?ref=badge\">\n\t\t\t\t\t\t\t\t\tFollow\n\t\t\t\t\t\t\t\t<\/a>\n\t\t\t\t\t\t\t<\/div>\n\t\t\t\t\t\t<\/div>\n\t\t\t\t\t<\/div><div class=\"wpz-insta-caption\">Repost | Historias que inspiran |\nFuente: @shalinisaraswhati<\/div><div class=\"wpz-insta-date\">2 anys ago<\/div><div class=\"view-post\">\n\t\t\t\t\t<a href=\"https:\/\/www.instagram.com\/reel\/C5YQUQRu8T6\/\" target=\"_blank\" rel=\"noopener\"><span class=\"dashicons dashicons-instagram\"><\/span>View on Instagram<\/a>\n\t\t\t\t\t<span class=\"delimiter\">|<\/span>\n\t\t\t\t\t<div class=\"wpz-insta-pagination\">15\/35<\/div>\n\t\t\t\t\t<\/div><\/div><\/div><\/div><div data-uid=\"17925486608854223\" class=\"swiper-slide wpz-insta-lightbox-item\"><div class=\"wpz-insta-lightbox\"><div class=\"image-wrapper\"><video controls muted preload=\"none\"><source src=\"https:\/\/scontent-mad2-1.cdninstagram.com\/o1\/v\/t2\/f2\/m82\/AQNFnDyYDi7MWocawepnnhGYJRVA5kqCbm2uoO3iBmsgPiccnFvJirPw7E9SUNFf6PD0xs7-HEKczMuZonuOTqwXPFyncH74-6_mqw8.mp4?_nc_cat=110&#038;_nc_sid=5e9851&#038;_nc_ht=scontent-mad2-1.cdninstagram.com&#038;_nc_ohc=iwtLNu-oQyMQ7kNvwF-9p0r&#038;efg=eyJ2ZW5jb2RlX3RhZyI6Inhwdl9wcm9ncmVzc2l2ZS5JTlNUQUdSQU0uQ0xJUFMuQzMuNzIwLmRhc2hfYmFzZWxpbmVfMV92MSIsInhwdl9hc3NldF9pZCI6Nzg5NjE0NjM5NzQzNjg4LCJhc3NldF9hZ2VfZGF5cyI6NzU2LCJ2aV91c2VjYXNlX2lkIjoxMDA5OSwiZHVyYXRpb25fcyI6NjIsInVybGdlbl9zb3VyY2UiOiJ3d3cifQ%3D%3D&#038;ccb=17-1&#038;vs=a54c8ebf63c0a93a&#038;_nc_vs=HBksFQIYT2lnX3hwdl9yZWVsc19wZXJtYW5lbnRfcHJvZC9BNTQxQ0Y4QjlGRDg0RUQ1MUJCNTgyMUJERDE2RTJBQV92aWRlb19kYXNoaW5pdC5tcDQVAALIARIAFQIYOnBhc3N0aHJvdWdoX2V2ZXJzdG9yZS9HUGhSX1JuUmZuU0pFQThCQUJWWm5ieFUwT1lkYnFfRUFBQUYVAgLIARIAKAAYABsCiAd1c2Vfb2lsATEScHJvZ3Jlc3NpdmVfcmVjaXBlATEVAAAmkIvkwc-J5wIVAigCQzMsF0BPCHKwIMScGBJkYXNoX2Jhc2VsaW5lXzFfdjERAHX-B2XmnQEA&#038;_nc_gid=RS8sTk4GWVGeeoPJ6fySnQ&#038;edm=ANo9K5cEAAAA&#038;_nc_zt=28&#038;_nc_tpa=Q5bMBQGALgiAwXQy89vLYypSjIAlqJ0KKHBfjw7WNSCiQVOo3IAPMmc3zx2GAcuJ3IRq-dAtA4MlDhVI&#038;oh=00_Af65fnKG2QPz4NbStZZXXWqJoZV25xTyM3fn1bM9wjnt5g&#038;oe=69F77CCF\" type=\"video\/mp4\"\/><\/video><\/div>\n\t\t\t\t\t<div class=\"details-wrapper\">\n\t\t\t\t\t<div class=\"wpz-insta-header\">\n\t\t\t\t\t\t<div class=\"wpz-insta-avatar\">\n\t\t\t\t\t\t\t<img loading=\"lazy\" decoding=\"async\" src=\"https:\/\/addinformatica.com\/wp-content\/uploads\/2024\/07\/434559985_431600116016550_858542568941584981_n-150x150.jpg\" alt=\"@resiplushistoriasqueinspiran\" width=\"42\" height=\"42\"\/>\n\t\t\t\t\t\t<\/div>\n\t\t\t\t\t\t<div class=\"wpz-insta-buttons\">\n\t\t\t\t\t\t\t<div class=\"wpz-insta-username\">\n\t\t\t\t\t\t\t\t<a rel=\"noopener\" target=\"_blank\" href=\"https:\/\/instagram.com\/resiplushistoriasqueinspiran\">@resiplushistoriasqueinspiran<\/a>\n\t\t\t\t\t\t\t<\/div>\n\t\t\t\t\t\t\t<div>&bull;<\/div>\n\t\t\t\t\t\t\t<div class=\"wpz-insta-follow\">\n\t\t\t\t\t\t\t\t<a target=\"_blank\" rel=\"noopener\"\n\t\t\t\t\t\t\t\thref=\"https:\/\/instagram.com\/resiplushistoriasqueinspiran?ref=badge\">\n\t\t\t\t\t\t\t\t\tFollow\n\t\t\t\t\t\t\t\t<\/a>\n\t\t\t\t\t\t\t<\/div>\n\t\t\t\t\t\t<\/div>\n\t\t\t\t\t<\/div><div class=\"wpz-insta-caption\">Repost | Historias que inspiran.. | Fuente: @conejocorre<\/div><div class=\"wpz-insta-date\">2 anys ago<\/div><div class=\"view-post\">\n\t\t\t\t\t<a href=\"https:\/\/www.instagram.com\/reel\/C5YPecru51j\/\" target=\"_blank\" rel=\"noopener\"><span class=\"dashicons dashicons-instagram\"><\/span>View on Instagram<\/a>\n\t\t\t\t\t<span class=\"delimiter\">|<\/span>\n\t\t\t\t\t<div class=\"wpz-insta-pagination\">16\/35<\/div>\n\t\t\t\t\t<\/div><\/div><\/div><\/div><div data-uid=\"18016731167017961\" class=\"swiper-slide wpz-insta-lightbox-item\"><div class=\"wpz-insta-lightbox\"><div class=\"image-wrapper\"><video controls muted preload=\"none\"><source src=\"https:\/\/scontent-mad2-1.cdninstagram.com\/o1\/v\/t2\/f2\/m82\/AQNmjpHjfcx7Wxxq7c8ph4nA8KzhH-_iqkzDogEKZt0IpOYnnjRG1og-y5HRnhEB2djJh-BZJevOTk0klP3PvsVKApoPACgeOEdvNWM.mp4?_nc_cat=109&#038;_nc_sid=5e9851&#038;_nc_ht=scontent-mad2-1.cdninstagram.com&#038;_nc_ohc=I8mxaSJAHCUQ7kNvwF5jWZT&#038;efg=eyJ2ZW5jb2RlX3RhZyI6Inhwdl9wcm9ncmVzc2l2ZS5JTlNUQUdSQU0uQ0xJUFMuQzMuNzIwLmRhc2hfYmFzZWxpbmVfMV92MSIsInhwdl9hc3NldF9pZCI6NDM3OTUyMzYyMDkwMzg0LCJhc3NldF9hZ2VfZGF5cyI6NzU2LCJ2aV91c2VjYXNlX2lkIjoxMDA5OSwiZHVyYXRpb25fcyI6NTAsInVybGdlbl9zb3VyY2UiOiJ3d3cifQ%3D%3D&#038;ccb=17-1&#038;vs=762b2e3fa0d3b34c&#038;_nc_vs=HBksFQIYT2lnX3hwdl9yZWVsc19wZXJtYW5lbnRfcHJvZC8yOTRERjMzMkEyMzQ1N0M0OTA3MEUxNjY5NDU4NzU5MF92aWRlb19kYXNoaW5pdC5tcDQVAALIARIAFQIYOnBhc3N0aHJvdWdoX2V2ZXJzdG9yZS9HRHpLOFJuS3hNd2NXQlFFQU5EdGZYeXBzeFpkYnFfRUFBQUYVAgLIARIAKAAYABsCiAd1c2Vfb2lsATEScHJvZ3Jlc3NpdmVfcmVjaXBlATEVAAAmoL7Er5eUxwEVAigCQzMsF0BJDMzMzMzNGBJkYXNoX2Jhc2VsaW5lXzFfdjERAHX-B2XmnQEA&#038;_nc_gid=RS8sTk4GWVGeeoPJ6fySnQ&#038;edm=ANo9K5cEAAAA&#038;_nc_zt=28&#038;_nc_tpa=Q5bMBQHDttJKtRBXWZ6E4Jl_KAsuLQyy0vmGmt2k1vSj80uf59xZMP7wG1eNVFwwKQnoiUDUt-O-UAno&#038;oh=00_Af6B8wEVGA0aC_JdvdMArimcqzCY6-zqAXfLyBGxTFpk4Q&#038;oe=69F74E72\" type=\"video\/mp4\"\/><\/video><\/div>\n\t\t\t\t\t<div class=\"details-wrapper\">\n\t\t\t\t\t<div class=\"wpz-insta-header\">\n\t\t\t\t\t\t<div class=\"wpz-insta-avatar\">\n\t\t\t\t\t\t\t<img loading=\"lazy\" decoding=\"async\" src=\"https:\/\/addinformatica.com\/wp-content\/uploads\/2024\/07\/434559985_431600116016550_858542568941584981_n-150x150.jpg\" alt=\"@resiplushistoriasqueinspiran\" width=\"42\" height=\"42\"\/>\n\t\t\t\t\t\t<\/div>\n\t\t\t\t\t\t<div class=\"wpz-insta-buttons\">\n\t\t\t\t\t\t\t<div class=\"wpz-insta-username\">\n\t\t\t\t\t\t\t\t<a rel=\"noopener\" target=\"_blank\" href=\"https:\/\/instagram.com\/resiplushistoriasqueinspiran\">@resiplushistoriasqueinspiran<\/a>\n\t\t\t\t\t\t\t<\/div>\n\t\t\t\t\t\t\t<div>&bull;<\/div>\n\t\t\t\t\t\t\t<div class=\"wpz-insta-follow\">\n\t\t\t\t\t\t\t\t<a target=\"_blank\" rel=\"noopener\"\n\t\t\t\t\t\t\t\thref=\"https:\/\/instagram.com\/resiplushistoriasqueinspiran?ref=badge\">\n\t\t\t\t\t\t\t\t\tFollow\n\t\t\t\t\t\t\t\t<\/a>\n\t\t\t\t\t\t\t<\/div>\n\t\t\t\t\t\t<\/div>\n\t\t\t\t\t<\/div><div class=\"wpz-insta-caption\">Repost | Historias que inspiran |\nFuente: @silvia_cristin22<\/div><div class=\"wpz-insta-date\">2 anys ago<\/div><div class=\"view-post\">\n\t\t\t\t\t<a href=\"https:\/\/www.instagram.com\/reel\/C5YOkTTO4bh\/\" target=\"_blank\" rel=\"noopener\"><span class=\"dashicons dashicons-instagram\"><\/span>View on Instagram<\/a>\n\t\t\t\t\t<span class=\"delimiter\">|<\/span>\n\t\t\t\t\t<div class=\"wpz-insta-pagination\">17\/35<\/div>\n\t\t\t\t\t<\/div><\/div><\/div><\/div><div data-uid=\"18022876694082918\" class=\"swiper-slide wpz-insta-lightbox-item\"><div class=\"wpz-insta-lightbox\"><div class=\"image-wrapper\"><video controls muted preload=\"none\"><source src=\"https:\/\/scontent-mad1-1.cdninstagram.com\/o1\/v\/t2\/f2\/m82\/AQMB1jHADOclUdr8b-otxh4rdgmF3mMcH9d5LuF5f1rnfLQK1L2axohnqjd2hekW17pI6G-QqUUsYjuf3OWVC0V9ip2ygiKR9PcqH7Y.mp4?_nc_cat=107&#038;_nc_sid=5e9851&#038;_nc_ht=scontent-mad1-1.cdninstagram.com&#038;_nc_ohc=ngD0DgKq1p0Q7kNvwFl-_x1&#038;efg=eyJ2ZW5jb2RlX3RhZyI6Inhwdl9wcm9ncmVzc2l2ZS5JTlNUQUdSQU0uQ0xJUFMuQzMuNzIwLmRhc2hfYmFzZWxpbmVfMV92MSIsInhwdl9hc3NldF9pZCI6MTEzMzEyNTMxNDM2NjEwMiwiYXNzZXRfYWdlX2RheXMiOjc1NiwidmlfdXNlY2FzZV9pZCI6MTAwOTksImR1cmF0aW9uX3MiOjIwLCJ1cmxnZW5fc291cmNlIjoid3d3In0%3D&#038;ccb=17-1&#038;vs=f6365a5a9883e2b9&#038;_nc_vs=HBksFQIYT2lnX3hwdl9yZWVsc19wZXJtYW5lbnRfcHJvZC9FODRDRDJEMDRCNzI2MTYyODczRTAzMTc5REI3ODBBMF92aWRlb19kYXNoaW5pdC5tcDQVAALIARIAFQIYOnBhc3N0aHJvdWdoX2V2ZXJzdG9yZS9HRXVuX2huMmpjLXB6X2NDQU4wemY4QkdMR3BKYnFfRUFBQUYVAgLIARIAKAAYABsCiAd1c2Vfb2lsATEScHJvZ3Jlc3NpdmVfcmVjaXBlATEVAAAmrKrKvcmkgwQVAigCQzMsF0A0AAAAAAAAGBJkYXNoX2Jhc2VsaW5lXzFfdjERAHX-B2XmnQEA&#038;_nc_gid=RS8sTk4GWVGeeoPJ6fySnQ&#038;edm=ANo9K5cEAAAA&#038;_nc_zt=28&#038;_nc_tpa=Q5bMBQEj6JB9XFoVBHDPQuRyX90AyhWvG5DDNa5lYH2S1P1NbzjfgE7oGvMQYUYUZXuW0dCKAzTKOZBH&#038;oh=00_Af5jIiJ_c4G_3AEWgMDFxsbEvlcsVENn5j9vtrmjCw-Z3g&#038;oe=69F76924\" type=\"video\/mp4\"\/><\/video><\/div>\n\t\t\t\t\t<div class=\"details-wrapper\">\n\t\t\t\t\t<div class=\"wpz-insta-header\">\n\t\t\t\t\t\t<div class=\"wpz-insta-avatar\">\n\t\t\t\t\t\t\t<img loading=\"lazy\" decoding=\"async\" src=\"https:\/\/addinformatica.com\/wp-content\/uploads\/2024\/07\/434559985_431600116016550_858542568941584981_n-150x150.jpg\" alt=\"@resiplushistoriasqueinspiran\" width=\"42\" height=\"42\"\/>\n\t\t\t\t\t\t<\/div>\n\t\t\t\t\t\t<div class=\"wpz-insta-buttons\">\n\t\t\t\t\t\t\t<div class=\"wpz-insta-username\">\n\t\t\t\t\t\t\t\t<a rel=\"noopener\" target=\"_blank\" href=\"https:\/\/instagram.com\/resiplushistoriasqueinspiran\">@resiplushistoriasqueinspiran<\/a>\n\t\t\t\t\t\t\t<\/div>\n\t\t\t\t\t\t\t<div>&bull;<\/div>\n\t\t\t\t\t\t\t<div class=\"wpz-insta-follow\">\n\t\t\t\t\t\t\t\t<a target=\"_blank\" rel=\"noopener\"\n\t\t\t\t\t\t\t\thref=\"https:\/\/instagram.com\/resiplushistoriasqueinspiran?ref=badge\">\n\t\t\t\t\t\t\t\t\tFollow\n\t\t\t\t\t\t\t\t<\/a>\n\t\t\t\t\t\t\t<\/div>\n\t\t\t\t\t\t<\/div>\n\t\t\t\t\t<\/div><div class=\"wpz-insta-caption\">Repost | Historias que inspiran | \n\nFuente: @breakingbetaofficial<\/div><div class=\"wpz-insta-date\">2 anys ago<\/div><div class=\"view-post\">\n\t\t\t\t\t<a href=\"https:\/\/www.instagram.com\/reel\/C5YOFJEu8Eg\/\" target=\"_blank\" rel=\"noopener\"><span class=\"dashicons dashicons-instagram\"><\/span>View on Instagram<\/a>\n\t\t\t\t\t<span class=\"delimiter\">|<\/span>\n\t\t\t\t\t<div class=\"wpz-insta-pagination\">18\/35<\/div>\n\t\t\t\t\t<\/div><\/div><\/div><\/div><div data-uid=\"17948380466789169\" class=\"swiper-slide wpz-insta-lightbox-item\"><div class=\"wpz-insta-lightbox\"><div class=\"image-wrapper\"><video controls muted preload=\"none\"><source src=\"https:\/\/scontent-mad2-1.cdninstagram.com\/o1\/v\/t2\/f2\/m82\/AQO6i9Ozqfm7IJu1kszLmQXGQfsiiAxqDiH7QYUk9Z7xZua8gC8LnYd_-7InfJY-OlgL00DMatzU_IGEpRm6JKyq2nY9bG0PES-zv-g.mp4?_nc_cat=109&#038;_nc_sid=5e9851&#038;_nc_ht=scontent-mad2-1.cdninstagram.com&#038;_nc_ohc=0qF11BqTo-AQ7kNvwG7ltbR&#038;efg=eyJ2ZW5jb2RlX3RhZyI6Inhwdl9wcm9ncmVzc2l2ZS5JTlNUQUdSQU0uQ0xJUFMuQzMuNzIwLmRhc2hfYmFzZWxpbmVfMV92MSIsInhwdl9hc3NldF9pZCI6MTM4MzUxMjE5MjM2OTMxOSwiYXNzZXRfYWdlX2RheXMiOjc1NiwidmlfdXNlY2FzZV9pZCI6MTAwOTksImR1cmF0aW9uX3MiOjI0LCJ1cmxnZW5fc291cmNlIjoid3d3In0%3D&#038;ccb=17-1&#038;vs=e0cd6b119dfa3e62&#038;_nc_vs=HBksFQIYT2lnX3hwdl9yZWVsc19wZXJtYW5lbnRfcHJvZC9BMjQyMkUwM0JDM0M4NUNCNkQ4RkMwQkEyM0VGQzFBOV92aWRlb19kYXNoaW5pdC5tcDQVAALIARIAFQIYRmlnX3hwdl9yZWVsc19wZXJtYW5lbnRfc3JfcHJvZC80MzcwNzUyNDg4MjkyMjBfNzA0ODEwMjI1ODY4MzU0NTE5MS5tcDQVAgLIARIAKAAYABsCiAd1c2Vfb2lsATEScHJvZ3Jlc3NpdmVfcmVjaXBlATEVAAAmzoqmjIGT9QQVAigCQzMsF0A3g5WBBiTdGBJkYXNoX2Jhc2VsaW5lXzFfdjERAHX-B2XmnQEA&#038;_nc_gid=RS8sTk4GWVGeeoPJ6fySnQ&#038;edm=ANo9K5cEAAAA&#038;_nc_zt=28&#038;_nc_tpa=Q5bMBQHPlxIKjSD6ziLQgUuNd_RvCcqd_xPYbBjLmwrDdolrDxHVq-71xwH40e11Rj7zNLnL4T5K_vIh&#038;oh=00_Af6SLnPENDIh_9l8Q-JKpEc1xHcxaDZZyguTAjv5PnL-5A&#038;oe=69F75FEA\" type=\"video\/mp4\"\/><\/video><\/div>\n\t\t\t\t\t<div class=\"details-wrapper\">\n\t\t\t\t\t<div class=\"wpz-insta-header\">\n\t\t\t\t\t\t<div class=\"wpz-insta-avatar\">\n\t\t\t\t\t\t\t<img loading=\"lazy\" decoding=\"async\" src=\"https:\/\/addinformatica.com\/wp-content\/uploads\/2024\/07\/434559985_431600116016550_858542568941584981_n-150x150.jpg\" alt=\"@resiplushistoriasqueinspiran\" width=\"42\" height=\"42\"\/>\n\t\t\t\t\t\t<\/div>\n\t\t\t\t\t\t<div class=\"wpz-insta-buttons\">\n\t\t\t\t\t\t\t<div class=\"wpz-insta-username\">\n\t\t\t\t\t\t\t\t<a rel=\"noopener\" target=\"_blank\" href=\"https:\/\/instagram.com\/resiplushistoriasqueinspiran\">@resiplushistoriasqueinspiran<\/a>\n\t\t\t\t\t\t\t<\/div>\n\t\t\t\t\t\t\t<div>&bull;<\/div>\n\t\t\t\t\t\t\t<div class=\"wpz-insta-follow\">\n\t\t\t\t\t\t\t\t<a target=\"_blank\" rel=\"noopener\"\n\t\t\t\t\t\t\t\thref=\"https:\/\/instagram.com\/resiplushistoriasqueinspiran?ref=badge\">\n\t\t\t\t\t\t\t\t\tFollow\n\t\t\t\t\t\t\t\t<\/a>\n\t\t\t\t\t\t\t<\/div>\n\t\t\t\t\t\t<\/div>\n\t\t\t\t\t<\/div><div class=\"wpz-insta-caption\">Repost | Historias que inspiran | \nFuente: @callitdesingco<\/div><div class=\"wpz-insta-date\">2 anys ago<\/div><div class=\"view-post\">\n\t\t\t\t\t<a href=\"https:\/\/www.instagram.com\/reel\/C5YN7FfOVBR\/\" target=\"_blank\" rel=\"noopener\"><span class=\"dashicons dashicons-instagram\"><\/span>View on Instagram<\/a>\n\t\t\t\t\t<span class=\"delimiter\">|<\/span>\n\t\t\t\t\t<div class=\"wpz-insta-pagination\">19\/35<\/div>\n\t\t\t\t\t<\/div><\/div><\/div><\/div><div data-uid=\"18229733335264737\" class=\"swiper-slide wpz-insta-lightbox-item\"><div class=\"wpz-insta-lightbox\"><div class=\"image-wrapper\"><video controls muted preload=\"none\"><source src=\"https:\/\/scontent-mad2-1.cdninstagram.com\/o1\/v\/t2\/f2\/m82\/AQNaAD_C1SH8NHLSYb0n8sVVJPQGdrlxk0c_EU9g6oby0nMoHgtHmcjoGWTJrnsIcAs27hQTglniApDYa1KEnk02oRmCm9P8SLYO2lk.mp4?_nc_cat=110&#038;_nc_sid=5e9851&#038;_nc_ht=scontent-mad2-1.cdninstagram.com&#038;_nc_ohc=4GL2mffIVsQQ7kNvwE4jb3E&#038;efg=eyJ2ZW5jb2RlX3RhZyI6Inhwdl9wcm9ncmVzc2l2ZS5JTlNUQUdSQU0uQ0xJUFMuQzMuNzIwLmRhc2hfYmFzZWxpbmVfMV92MSIsInhwdl9hc3NldF9pZCI6NzMyNTY3MjE4OTkwOTc1LCJhc3NldF9hZ2VfZGF5cyI6NzU2LCJ2aV91c2VjYXNlX2lkIjoxMDA5OSwiZHVyYXRpb25fcyI6NjIsInVybGdlbl9zb3VyY2UiOiJ3d3cifQ%3D%3D&#038;ccb=17-1&#038;vs=ce05cc83dd92c82f&#038;_nc_vs=HBksFQIYT2lnX3hwdl9yZWVsc19wZXJtYW5lbnRfcHJvZC82ODQ5NjlFQUZBNzAxNjk4MzZDNjE4NDk1NTY0MkVBM192aWRlb19kYXNoaW5pdC5tcDQVAALIARIAFQIYR2lnX3hwdl9yZWVsc19wZXJtYW5lbnRfc3JfcHJvZC8yNjI2Mjc0OTg0MjE1NDUzXzE5NDc2MDgxNzQyMjk4MDI0NzAubXA0FQICyAESACgAGAAbAogHdXNlX29pbAExEnByb2dyZXNzaXZlX3JlY2lwZQExFQAAJv695Y2Dkc0CFQIoAkMzLBdATrFocrAgxRgSZGFzaF9iYXNlbGluZV8xX3YxEQB1_gdl5p0BAA&#038;_nc_gid=RS8sTk4GWVGeeoPJ6fySnQ&#038;edm=ANo9K5cEAAAA&#038;_nc_zt=28&#038;_nc_tpa=Q5bMBQHUDlM6BHTvHXhSCJrUjOxWKFYBmUCeK7L765AuZsEWoE8AJukgr4cNnbS2FVeS5cisjdyeSKIK&#038;oh=00_Af7Ke-DkpCWNZHtprjE_KBkXl_P1GgWOdkMlSHS3NpXYJw&#038;oe=69F7518F\" type=\"video\/mp4\"\/><\/video><\/div>\n\t\t\t\t\t<div class=\"details-wrapper\">\n\t\t\t\t\t<div class=\"wpz-insta-header\">\n\t\t\t\t\t\t<div class=\"wpz-insta-avatar\">\n\t\t\t\t\t\t\t<img loading=\"lazy\" decoding=\"async\" src=\"https:\/\/addinformatica.com\/wp-content\/uploads\/2024\/07\/434559985_431600116016550_858542568941584981_n-150x150.jpg\" alt=\"@resiplushistoriasqueinspiran\" width=\"42\" height=\"42\"\/>\n\t\t\t\t\t\t<\/div>\n\t\t\t\t\t\t<div class=\"wpz-insta-buttons\">\n\t\t\t\t\t\t\t<div class=\"wpz-insta-username\">\n\t\t\t\t\t\t\t\t<a rel=\"noopener\" target=\"_blank\" href=\"https:\/\/instagram.com\/resiplushistoriasqueinspiran\">@resiplushistoriasqueinspiran<\/a>\n\t\t\t\t\t\t\t<\/div>\n\t\t\t\t\t\t\t<div>&bull;<\/div>\n\t\t\t\t\t\t\t<div class=\"wpz-insta-follow\">\n\t\t\t\t\t\t\t\t<a target=\"_blank\" rel=\"noopener\"\n\t\t\t\t\t\t\t\thref=\"https:\/\/instagram.com\/resiplushistoriasqueinspiran?ref=badge\">\n\t\t\t\t\t\t\t\t\tFollow\n\t\t\t\t\t\t\t\t<\/a>\n\t\t\t\t\t\t\t<\/div>\n\t\t\t\t\t\t<\/div>\n\t\t\t\t\t<\/div><div class=\"wpz-insta-caption\">Repost\n\nHistorias que inspiran\n\nFuente: @boardretailersassociation<\/div><div class=\"wpz-insta-date\">2 anys ago<\/div><div class=\"view-post\">\n\t\t\t\t\t<a href=\"https:\/\/www.instagram.com\/reel\/C5YNZ-TOBC6\/\" target=\"_blank\" rel=\"noopener\"><span class=\"dashicons dashicons-instagram\"><\/span>View on Instagram<\/a>\n\t\t\t\t\t<span class=\"delimiter\">|<\/span>\n\t\t\t\t\t<div class=\"wpz-insta-pagination\">20\/35<\/div>\n\t\t\t\t\t<\/div><\/div><\/div><\/div><div data-uid=\"18343738300099194\" class=\"swiper-slide wpz-insta-lightbox-item\"><div class=\"wpz-insta-lightbox\"><div class=\"image-wrapper\"><img class=\"wpzoom-swiper-image swiper-lazy\" data-src=\"https:\/\/addinformatica.com\/wp-content\/uploads\/2014\/08\/435560188_432170149188941_5508873627639002368_n-932.jpg\" alt=\"Repost | Historias que inspiran |\n\nFuente@lavozdegalicia\"\/><div class=\"swiper-lazy-preloader swiper-lazy-preloader-white\"><\/div><\/div>\n\t\t\t\t\t<div class=\"details-wrapper\">\n\t\t\t\t\t<div class=\"wpz-insta-header\">\n\t\t\t\t\t\t<div class=\"wpz-insta-avatar\">\n\t\t\t\t\t\t\t<img loading=\"lazy\" decoding=\"async\" src=\"https:\/\/addinformatica.com\/wp-content\/uploads\/2024\/07\/434559985_431600116016550_858542568941584981_n-150x150.jpg\" alt=\"@resiplushistoriasqueinspiran\" width=\"42\" height=\"42\"\/>\n\t\t\t\t\t\t<\/div>\n\t\t\t\t\t\t<div class=\"wpz-insta-buttons\">\n\t\t\t\t\t\t\t<div class=\"wpz-insta-username\">\n\t\t\t\t\t\t\t\t<a rel=\"noopener\" target=\"_blank\" href=\"https:\/\/instagram.com\/resiplushistoriasqueinspiran\">@resiplushistoriasqueinspiran<\/a>\n\t\t\t\t\t\t\t<\/div>\n\t\t\t\t\t\t\t<div>&bull;<\/div>\n\t\t\t\t\t\t\t<div class=\"wpz-insta-follow\">\n\t\t\t\t\t\t\t\t<a target=\"_blank\" rel=\"noopener\"\n\t\t\t\t\t\t\t\thref=\"https:\/\/instagram.com\/resiplushistoriasqueinspiran?ref=badge\">\n\t\t\t\t\t\t\t\t\tFollow\n\t\t\t\t\t\t\t\t<\/a>\n\t\t\t\t\t\t\t<\/div>\n\t\t\t\t\t\t<\/div>\n\t\t\t\t\t<\/div><div class=\"wpz-insta-caption\">Repost | Historias que inspiran |\n\nFuente@lavozdegalicia<\/div><div class=\"wpz-insta-date\">2 anys ago<\/div><div class=\"view-post\">\n\t\t\t\t\t<a href=\"https:\/\/www.instagram.com\/p\/C5YMq1lOxLP\/\" target=\"_blank\" rel=\"noopener\"><span class=\"dashicons dashicons-instagram\"><\/span>View on Instagram<\/a>\n\t\t\t\t\t<span class=\"delimiter\">|<\/span>\n\t\t\t\t\t<div class=\"wpz-insta-pagination\">21\/35<\/div>\n\t\t\t\t\t<\/div><\/div><\/div><\/div><div data-uid=\"18007693649374493\" class=\"swiper-slide wpz-insta-lightbox-item\"><div class=\"wpz-insta-lightbox\"><div class=\"image-wrapper\"><video controls muted preload=\"none\"><source src=\"https:\/\/scontent-mad2-1.cdninstagram.com\/o1\/v\/t2\/f2\/m82\/AQP0vJwNpiz0MuEey8n-6sjacOA_5m01uAsTKSEZzm82jVubFmaE89GKgiHyqfiEpQgoxMfsDtJWKo9ioBPw-_4EA7iyKruSUuwbwIM.mp4?_nc_cat=109&#038;_nc_sid=5e9851&#038;_nc_ht=scontent-mad2-1.cdninstagram.com&#038;_nc_ohc=HDSCqj55gsQQ7kNvwGStcGy&#038;efg=eyJ2ZW5jb2RlX3RhZyI6Inhwdl9wcm9ncmVzc2l2ZS5JTlNUQUdSQU0uQ0xJUFMuQzMuNzIwLmRhc2hfYmFzZWxpbmVfMV92MSIsInhwdl9hc3NldF9pZCI6MzY4NTkxNjk1ODM5MzQzMSwiYXNzZXRfYWdlX2RheXMiOjc1NywidmlfdXNlY2FzZV9pZCI6MTAwOTksImR1cmF0aW9uX3MiOjM0LCJ1cmxnZW5fc291cmNlIjoid3d3In0%3D&#038;ccb=17-1&#038;vs=dedfe47ed4f9232f&#038;_nc_vs=HBksFQIYT2lnX3hwdl9yZWVsc19wZXJtYW5lbnRfcHJvZC81RDQxODIwQkVERTVFNTI4NkIxNDQwMDY0MTgzN0E4QV92aWRlb19kYXNoaW5pdC5tcDQVAALIARIAFQIYOnBhc3N0aHJvdWdoX2V2ZXJzdG9yZS9HQzJaX1JsbmdMZUR0R1lCQUY1VmFBX3hQODVuYnFfRUFBQUYVAgLIARIAKAAYABsCiAd1c2Vfb2lsATEScHJvZ3Jlc3NpdmVfcmVjaXBlATEVAAAmrpHQr82UjA0VAigCQzMsF0BBTMzMzMzNGBJkYXNoX2Jhc2VsaW5lXzFfdjERAHX-B2XmnQEA&#038;_nc_gid=RS8sTk4GWVGeeoPJ6fySnQ&#038;edm=ANo9K5cEAAAA&#038;_nc_zt=28&#038;_nc_tpa=Q5bMBQEIZ25LEqiQMFzSl1yJQOd3z4hmuB_gXsE__jfvxitEaxAQVZwbzrGwJ8tY2yKOdEnRffFtK48a&#038;oh=00_Af57tIB5gfQsn45EEl1YdPgkyreZTO0r2FUPRGO8HgZW6g&#038;oe=69F75D2A\" type=\"video\/mp4\"\/><\/video><\/div>\n\t\t\t\t\t<div class=\"details-wrapper\">\n\t\t\t\t\t<div class=\"wpz-insta-header\">\n\t\t\t\t\t\t<div class=\"wpz-insta-avatar\">\n\t\t\t\t\t\t\t<img loading=\"lazy\" decoding=\"async\" src=\"https:\/\/addinformatica.com\/wp-content\/uploads\/2024\/07\/434559985_431600116016550_858542568941584981_n-150x150.jpg\" alt=\"@resiplushistoriasqueinspiran\" width=\"42\" height=\"42\"\/>\n\t\t\t\t\t\t<\/div>\n\t\t\t\t\t\t<div class=\"wpz-insta-buttons\">\n\t\t\t\t\t\t\t<div class=\"wpz-insta-username\">\n\t\t\t\t\t\t\t\t<a rel=\"noopener\" target=\"_blank\" href=\"https:\/\/instagram.com\/resiplushistoriasqueinspiran\">@resiplushistoriasqueinspiran<\/a>\n\t\t\t\t\t\t\t<\/div>\n\t\t\t\t\t\t\t<div>&bull;<\/div>\n\t\t\t\t\t\t\t<div class=\"wpz-insta-follow\">\n\t\t\t\t\t\t\t\t<a target=\"_blank\" rel=\"noopener\"\n\t\t\t\t\t\t\t\thref=\"https:\/\/instagram.com\/resiplushistoriasqueinspiran?ref=badge\">\n\t\t\t\t\t\t\t\t\tFollow\n\t\t\t\t\t\t\t\t<\/a>\n\t\t\t\t\t\t\t<\/div>\n\t\t\t\t\t\t<\/div>\n\t\t\t\t\t<\/div><div class=\"wpz-insta-caption\">Repost | Historias que inspiran | Fuente @conejocorre<\/div><div class=\"wpz-insta-date\">2 anys ago<\/div><div class=\"view-post\">\n\t\t\t\t\t<a href=\"https:\/\/www.instagram.com\/reel\/C5W0TgaOgOl\/\" target=\"_blank\" rel=\"noopener\"><span class=\"dashicons dashicons-instagram\"><\/span>View on Instagram<\/a>\n\t\t\t\t\t<span class=\"delimiter\">|<\/span>\n\t\t\t\t\t<div class=\"wpz-insta-pagination\">22\/35<\/div>\n\t\t\t\t\t<\/div><\/div><\/div><\/div><div data-uid=\"17909455751930611\" class=\"swiper-slide wpz-insta-lightbox-item\"><div class=\"wpz-insta-lightbox\"><div class=\"image-wrapper\"><img class=\"wpzoom-swiper-image swiper-lazy\" data-src=\"https:\/\/addinformatica.com\/wp-content\/uploads\/2014\/08\/435550811_298496123270440_7427888274693829802_n-932.jpg\" alt=\"Repost | Historias que inspiran |\nFuente: @austerra_society\"\/><div class=\"swiper-lazy-preloader swiper-lazy-preloader-white\"><\/div><\/div>\n\t\t\t\t\t<div class=\"details-wrapper\">\n\t\t\t\t\t<div class=\"wpz-insta-header\">\n\t\t\t\t\t\t<div class=\"wpz-insta-avatar\">\n\t\t\t\t\t\t\t<img loading=\"lazy\" decoding=\"async\" src=\"https:\/\/addinformatica.com\/wp-content\/uploads\/2024\/07\/434559985_431600116016550_858542568941584981_n-150x150.jpg\" alt=\"@resiplushistoriasqueinspiran\" width=\"42\" height=\"42\"\/>\n\t\t\t\t\t\t<\/div>\n\t\t\t\t\t\t<div class=\"wpz-insta-buttons\">\n\t\t\t\t\t\t\t<div class=\"wpz-insta-username\">\n\t\t\t\t\t\t\t\t<a rel=\"noopener\" target=\"_blank\" href=\"https:\/\/instagram.com\/resiplushistoriasqueinspiran\">@resiplushistoriasqueinspiran<\/a>\n\t\t\t\t\t\t\t<\/div>\n\t\t\t\t\t\t\t<div>&bull;<\/div>\n\t\t\t\t\t\t\t<div class=\"wpz-insta-follow\">\n\t\t\t\t\t\t\t\t<a target=\"_blank\" rel=\"noopener\"\n\t\t\t\t\t\t\t\thref=\"https:\/\/instagram.com\/resiplushistoriasqueinspiran?ref=badge\">\n\t\t\t\t\t\t\t\t\tFollow\n\t\t\t\t\t\t\t\t<\/a>\n\t\t\t\t\t\t\t<\/div>\n\t\t\t\t\t\t<\/div>\n\t\t\t\t\t<\/div><div class=\"wpz-insta-caption\">Repost | Historias que inspiran |\nFuente: @austerra_society<\/div><div class=\"wpz-insta-date\">2 anys ago<\/div><div class=\"view-post\">\n\t\t\t\t\t<a href=\"https:\/\/www.instagram.com\/p\/C5WjYv8OtN8\/\" target=\"_blank\" rel=\"noopener\"><span class=\"dashicons dashicons-instagram\"><\/span>View on Instagram<\/a>\n\t\t\t\t\t<span class=\"delimiter\">|<\/span>\n\t\t\t\t\t<div class=\"wpz-insta-pagination\">23\/35<\/div>\n\t\t\t\t\t<\/div><\/div><\/div><\/div><div data-uid=\"17859495294113787\" class=\"swiper-slide wpz-insta-lightbox-item\"><div class=\"wpz-insta-lightbox\"><div class=\"image-wrapper\"><video controls muted preload=\"none\"><source src=\"https:\/\/scontent-mad2-1.cdninstagram.com\/o1\/v\/t2\/f2\/m82\/AQO3nzMgUxGO4q0KixQBAzLSm6SpsCxzyo8ttOUeOy5INB0tRrRbtZqTwvKattECtnEijojqlVbRsd4_GUmWGha7U2OOPKQXH2-H1JA.mp4?_nc_cat=100&#038;_nc_sid=5e9851&#038;_nc_ht=scontent-mad2-1.cdninstagram.com&#038;_nc_ohc=aoW7lKD-decQ7kNvwGHepYN&#038;efg=eyJ2ZW5jb2RlX3RhZyI6Inhwdl9wcm9ncmVzc2l2ZS5JTlNUQUdSQU0uQ0xJUFMuQzMuNzIwLmRhc2hfYmFzZWxpbmVfMV92MSIsInhwdl9hc3NldF9pZCI6Mzg1MzI2NzkxMDc2MDkwLCJhc3NldF9hZ2VfZGF5cyI6NzU3LCJ2aV91c2VjYXNlX2lkIjoxMDA5OSwiZHVyYXRpb25fcyI6NzAsInVybGdlbl9zb3VyY2UiOiJ3d3cifQ%3D%3D&#038;ccb=17-1&#038;vs=34f744436fe089e8&#038;_nc_vs=HBksFQIYT2lnX3hwdl9yZWVsc19wZXJtYW5lbnRfcHJvZC9BQjQ3REQ5QUFBODhBODAyMTFEQkE5RjY3NjkzMERCNl92aWRlb19kYXNoaW5pdC5tcDQVAALIARIAFQIYOnBhc3N0aHJvdWdoX2V2ZXJzdG9yZS9HQmtpX2hsdUtaVVQ0WWtCQUJFbXZxSTcwcnRYYnFfRUFBQUYVAgLIARIAKAAYABsCiAd1c2Vfb2lsATEScHJvZ3Jlc3NpdmVfcmVjaXBlATEVAAAm9KOJqPycrwEVAigCQzMsF0BRu7ZFocrBGBJkYXNoX2Jhc2VsaW5lXzFfdjERAHX-B2XmnQEA&#038;_nc_gid=RS8sTk4GWVGeeoPJ6fySnQ&#038;edm=ANo9K5cEAAAA&#038;_nc_zt=28&#038;_nc_tpa=Q5bMBQEQ7JM3ec80GJeCdQvprw0K2xyRW1B23MimD6oi-CdvgDBssqA6OMqvb1B5xC7n4tIznCXUaXuE&#038;oh=00_Af5mpbC4JAlbc4Ze9uoo8br_HQ6RVMnVd-vX5NCFy3KlnA&#038;oe=69F773D5\" type=\"video\/mp4\"\/><\/video><\/div>\n\t\t\t\t\t<div class=\"details-wrapper\">\n\t\t\t\t\t<div class=\"wpz-insta-header\">\n\t\t\t\t\t\t<div class=\"wpz-insta-avatar\">\n\t\t\t\t\t\t\t<img loading=\"lazy\" decoding=\"async\" src=\"https:\/\/addinformatica.com\/wp-content\/uploads\/2024\/07\/434559985_431600116016550_858542568941584981_n-150x150.jpg\" alt=\"@resiplushistoriasqueinspiran\" width=\"42\" height=\"42\"\/>\n\t\t\t\t\t\t<\/div>\n\t\t\t\t\t\t<div class=\"wpz-insta-buttons\">\n\t\t\t\t\t\t\t<div class=\"wpz-insta-username\">\n\t\t\t\t\t\t\t\t<a rel=\"noopener\" target=\"_blank\" href=\"https:\/\/instagram.com\/resiplushistoriasqueinspiran\">@resiplushistoriasqueinspiran<\/a>\n\t\t\t\t\t\t\t<\/div>\n\t\t\t\t\t\t\t<div>&bull;<\/div>\n\t\t\t\t\t\t\t<div class=\"wpz-insta-follow\">\n\t\t\t\t\t\t\t\t<a target=\"_blank\" rel=\"noopener\"\n\t\t\t\t\t\t\t\thref=\"https:\/\/instagram.com\/resiplushistoriasqueinspiran?ref=badge\">\n\t\t\t\t\t\t\t\t\tFollow\n\t\t\t\t\t\t\t\t<\/a>\n\t\t\t\t\t\t\t<\/div>\n\t\t\t\t\t\t<\/div>\n\t\t\t\t\t<\/div><div class=\"wpz-insta-caption\">Repost | Historias que inspiran | \n\nFuente: @ellafontanals<\/div><div class=\"wpz-insta-date\">2 anys ago<\/div><div class=\"view-post\">\n\t\t\t\t\t<a href=\"https:\/\/www.instagram.com\/reel\/C5WiCGqO8s9\/\" target=\"_blank\" rel=\"noopener\"><span class=\"dashicons dashicons-instagram\"><\/span>View on Instagram<\/a>\n\t\t\t\t\t<span class=\"delimiter\">|<\/span>\n\t\t\t\t\t<div class=\"wpz-insta-pagination\">24\/35<\/div>\n\t\t\t\t\t<\/div><\/div><\/div><\/div><div data-uid=\"18060316510546647\" class=\"swiper-slide wpz-insta-lightbox-item\"><div class=\"wpz-insta-lightbox\"><div class=\"image-wrapper\"><video controls muted preload=\"none\"><source src=\"https:\/\/scontent-mad1-1.cdninstagram.com\/o1\/v\/t2\/f2\/m82\/AQNesLifOZ5aG_GTF4U8NNCya4H6lM_lzjC693T9N6ufdGkW0DEB70SjoV56tbTONGoHEWKjul-DHdv77vg7iTyz9ETDYkueeh1vJyY.mp4?_nc_cat=102&#038;_nc_sid=5e9851&#038;_nc_ht=scontent-mad1-1.cdninstagram.com&#038;_nc_ohc=oXgH4NW7_B0Q7kNvwH7ook2&#038;efg=eyJ2ZW5jb2RlX3RhZyI6Inhwdl9wcm9ncmVzc2l2ZS5JTlNUQUdSQU0uQ0xJUFMuQzMuNzIwLmRhc2hfYmFzZWxpbmVfMV92MSIsInhwdl9hc3NldF9pZCI6MTY5OTQyNzA4MDg2MzUxMywiYXNzZXRfYWdlX2RheXMiOjc1NywidmlfdXNlY2FzZV9pZCI6MTAwOTksImR1cmF0aW9uX3MiOjI5LCJ1cmxnZW5fc291cmNlIjoid3d3In0%3D&#038;ccb=17-1&#038;vs=97225e9055724f88&#038;_nc_vs=HBksFQIYT2lnX3hwdl9yZWVsc19wZXJtYW5lbnRfcHJvZC8zMDQ4QkI2REJBQjY0MEQyMkE3MzkzMjlEQThBMkVCQl92aWRlb19kYXNoaW5pdC5tcDQVAALIARIAFQIYOnBhc3N0aHJvdWdoX2V2ZXJzdG9yZS9HTGQ5N3htSVpxanZkNDhEQUVHaG00NUlzVFk2YnFfRUFBQUYVAgLIARIAKAAYABsCiAd1c2Vfb2lsATEScHJvZ3Jlc3NpdmVfcmVjaXBlATEVAAAmsvzPt9bnhAYVAigCQzMsF0A9szMzMzMzGBJkYXNoX2Jhc2VsaW5lXzFfdjERAHX-B2XmnQEA&#038;_nc_gid=RS8sTk4GWVGeeoPJ6fySnQ&#038;edm=ANo9K5cEAAAA&#038;_nc_zt=28&#038;_nc_tpa=Q5bMBQEOrVk5GzcwNrjvV4NuY2NNiSjCBvNcDflxqC0SEk7XtlkjvqXc647awk9yAtpiYumRv-MGCa60&#038;oh=00_Af6mfW2XU_Pe3saZVwZOEpwnWjJNFSAs9smQkLOttBUpNA&#038;oe=69F75167\" type=\"video\/mp4\"\/><\/video><\/div>\n\t\t\t\t\t<div class=\"details-wrapper\">\n\t\t\t\t\t<div class=\"wpz-insta-header\">\n\t\t\t\t\t\t<div class=\"wpz-insta-avatar\">\n\t\t\t\t\t\t\t<img loading=\"lazy\" decoding=\"async\" src=\"https:\/\/addinformatica.com\/wp-content\/uploads\/2024\/07\/434559985_431600116016550_858542568941584981_n-150x150.jpg\" alt=\"@resiplushistoriasqueinspiran\" width=\"42\" height=\"42\"\/>\n\t\t\t\t\t\t<\/div>\n\t\t\t\t\t\t<div class=\"wpz-insta-buttons\">\n\t\t\t\t\t\t\t<div class=\"wpz-insta-username\">\n\t\t\t\t\t\t\t\t<a rel=\"noopener\" target=\"_blank\" href=\"https:\/\/instagram.com\/resiplushistoriasqueinspiran\">@resiplushistoriasqueinspiran<\/a>\n\t\t\t\t\t\t\t<\/div>\n\t\t\t\t\t\t\t<div>&bull;<\/div>\n\t\t\t\t\t\t\t<div class=\"wpz-insta-follow\">\n\t\t\t\t\t\t\t\t<a target=\"_blank\" rel=\"noopener\"\n\t\t\t\t\t\t\t\thref=\"https:\/\/instagram.com\/resiplushistoriasqueinspiran?ref=badge\">\n\t\t\t\t\t\t\t\t\tFollow\n\t\t\t\t\t\t\t\t<\/a>\n\t\t\t\t\t\t\t<\/div>\n\t\t\t\t\t\t<\/div>\n\t\t\t\t\t<\/div><div class=\"wpz-insta-caption\">Repost | Historias que inspiran | \n\nFuente: @the_griffin_brothers__<\/div><div class=\"wpz-insta-date\">2 anys ago<\/div><div class=\"view-post\">\n\t\t\t\t\t<a href=\"https:\/\/www.instagram.com\/reel\/C5WhX7gOslS\/\" target=\"_blank\" rel=\"noopener\"><span class=\"dashicons dashicons-instagram\"><\/span>View on Instagram<\/a>\n\t\t\t\t\t<span class=\"delimiter\">|<\/span>\n\t\t\t\t\t<div class=\"wpz-insta-pagination\">25\/35<\/div>\n\t\t\t\t\t<\/div><\/div><\/div><\/div><div data-uid=\"18004404071220660\" class=\"swiper-slide wpz-insta-lightbox-item\"><div class=\"wpz-insta-lightbox\"><div class=\"image-wrapper\"><video controls muted preload=\"none\"><source src=\"https:\/\/scontent-mad2-1.cdninstagram.com\/o1\/v\/t2\/f2\/m82\/AQMp-iA8tspF7ZBR8jITcdsN7vdUURjK0mZoRL27DWqyensehQXwFO5xKtMvx5lao2pSTw54FAyOzl_Fam_y8m6lyN4wHKscdjbYo3s.mp4?_nc_cat=108&#038;_nc_sid=5e9851&#038;_nc_ht=scontent-mad2-1.cdninstagram.com&#038;_nc_ohc=Z-rooOyTEU4Q7kNvwELkkHv&#038;efg=eyJ2ZW5jb2RlX3RhZyI6Inhwdl9wcm9ncmVzc2l2ZS5JTlNUQUdSQU0uQ0xJUFMuQzMuNzIwLmRhc2hfYmFzZWxpbmVfMV92MSIsInhwdl9hc3NldF9pZCI6NDIwNDM5OTQzOTEzMjAxLCJhc3NldF9hZ2VfZGF5cyI6NzU3LCJ2aV91c2VjYXNlX2lkIjoxMDA5OSwiZHVyYXRpb25fcyI6MjYsInVybGdlbl9zb3VyY2UiOiJ3d3cifQ%3D%3D&#038;ccb=17-1&#038;vs=e06fe2d04eb3908b&#038;_nc_vs=HBksFQIYT2lnX3hwdl9yZWVsc19wZXJtYW5lbnRfcHJvZC9EMTQyRUJGRTdCODk5NEUyMjFFN0FGNkJGRDk0NkE4RF92aWRlb19kYXNoaW5pdC5tcDQVAALIARIAFQIYR2lnX3hwdl9yZWVsc19wZXJtYW5lbnRfc3JfcHJvZC8xMTc3Nzk1Nzk2NDcxMDM1XzIwNDI2OTc3MTIyNTMxNjQ0ODMubXA0FQICyAESACgAGAAbAogHdXNlX29pbAExEnByb2dyZXNzaXZlX3JlY2lwZQExFQAAJuL7jNjpmL8BFQIoAkMzLBdAOXKwIMSbphgSZGFzaF9iYXNlbGluZV8xX3YxEQB1_gdl5p0BAA&#038;_nc_gid=RS8sTk4GWVGeeoPJ6fySnQ&#038;edm=ANo9K5cEAAAA&#038;_nc_zt=28&#038;_nc_tpa=Q5bMBQHDxeWNCewjhkYAjx0BO2gZzv0geBA2WoKunYMvv207Jf3BFgMXVZ8Oq3Kqlok7qlH1qZxr7kcI&#038;oh=00_Af7WBajpMzWw0J9fk2vjONXeKWolCgEoqfptbnhF9zg32A&#038;oe=69F77F15\" type=\"video\/mp4\"\/><\/video><\/div>\n\t\t\t\t\t<div class=\"details-wrapper\">\n\t\t\t\t\t<div class=\"wpz-insta-header\">\n\t\t\t\t\t\t<div class=\"wpz-insta-avatar\">\n\t\t\t\t\t\t\t<img loading=\"lazy\" decoding=\"async\" src=\"https:\/\/addinformatica.com\/wp-content\/uploads\/2024\/07\/434559985_431600116016550_858542568941584981_n-150x150.jpg\" alt=\"@resiplushistoriasqueinspiran\" width=\"42\" height=\"42\"\/>\n\t\t\t\t\t\t<\/div>\n\t\t\t\t\t\t<div class=\"wpz-insta-buttons\">\n\t\t\t\t\t\t\t<div class=\"wpz-insta-username\">\n\t\t\t\t\t\t\t\t<a rel=\"noopener\" target=\"_blank\" href=\"https:\/\/instagram.com\/resiplushistoriasqueinspiran\">@resiplushistoriasqueinspiran<\/a>\n\t\t\t\t\t\t\t<\/div>\n\t\t\t\t\t\t\t<div>&bull;<\/div>\n\t\t\t\t\t\t\t<div class=\"wpz-insta-follow\">\n\t\t\t\t\t\t\t\t<a target=\"_blank\" rel=\"noopener\"\n\t\t\t\t\t\t\t\thref=\"https:\/\/instagram.com\/resiplushistoriasqueinspiran?ref=badge\">\n\t\t\t\t\t\t\t\t\tFollow\n\t\t\t\t\t\t\t\t<\/a>\n\t\t\t\t\t\t\t<\/div>\n\t\t\t\t\t\t<\/div>\n\t\t\t\t\t<\/div><div class=\"wpz-insta-caption\">Repost | Historias que inspiran | \n\nFuente: @la100fm<\/div><div class=\"wpz-insta-date\">2 anys ago<\/div><div class=\"view-post\">\n\t\t\t\t\t<a href=\"https:\/\/www.instagram.com\/reel\/C5WhGpWu1mt\/\" target=\"_blank\" rel=\"noopener\"><span class=\"dashicons dashicons-instagram\"><\/span>View on Instagram<\/a>\n\t\t\t\t\t<span class=\"delimiter\">|<\/span>\n\t\t\t\t\t<div class=\"wpz-insta-pagination\">26\/35<\/div>\n\t\t\t\t\t<\/div><\/div><\/div><\/div><div data-uid=\"18040565116776266\" class=\"swiper-slide wpz-insta-lightbox-item\"><div class=\"wpz-insta-lightbox\"><div class=\"image-wrapper\"><video controls muted preload=\"none\"><source src=\"https:\/\/scontent-mad1-1.cdninstagram.com\/o1\/v\/t2\/f2\/m82\/AQNIqOgl3MJUqVKM9_xEyR6yDqwapBvw_A4cYN7FGpIjcLVzxifZJk_COxgzSe9oG2OzL5QwK9S1tTGS6VEnRrFafLIFY8uJabrsjQk.mp4?_nc_cat=107&#038;_nc_sid=5e9851&#038;_nc_ht=scontent-mad1-1.cdninstagram.com&#038;_nc_ohc=y02RXLseHTEQ7kNvwGtI1Bo&#038;efg=eyJ2ZW5jb2RlX3RhZyI6Inhwdl9wcm9ncmVzc2l2ZS5JTlNUQUdSQU0uQ0xJUFMuQzMuNzIwLmRhc2hfYmFzZWxpbmVfMV92MSIsInhwdl9hc3NldF9pZCI6Nzc1NzU3MzA1MDk5ODcyMCwiYXNzZXRfYWdlX2RheXMiOjc1NywidmlfdXNlY2FzZV9pZCI6MTAwOTksImR1cmF0aW9uX3MiOjc4LCJ1cmxnZW5fc291cmNlIjoid3d3In0%3D&#038;ccb=17-1&#038;vs=7261e465646b9df9&#038;_nc_vs=HBksFQIYT2lnX3hwdl9yZWVsc19wZXJtYW5lbnRfcHJvZC9BQTQxQTBDNjVERkUxRjE5NDhBNEY0QUMyMDFEQkNBNl92aWRlb19kYXNoaW5pdC5tcDQVAALIARIAFQIYOnBhc3N0aHJvdWdoX2V2ZXJzdG9yZS9HT2hMN1JuX3prV25wbFlOQUo2c1pveDhfVFpZYnFfRUFBQUYVAgLIARIAKAAYABsCiAd1c2Vfb2lsATEScHJvZ3Jlc3NpdmVfcmVjaXBlATEVAAAmgP-woJfexxsVAigCQzMsF0BTrMzMzMzNGBJkYXNoX2Jhc2VsaW5lXzFfdjERAHX-B2XmnQEA&#038;_nc_gid=RS8sTk4GWVGeeoPJ6fySnQ&#038;edm=ANo9K5cEAAAA&#038;_nc_zt=28&#038;_nc_tpa=Q5bMBQFXdhH1h0s8Lc6JhC2SEcnZAJgy3g2oGY7wQcldadAvsCnqJewgOocC-9FYrKcnf7h814ocB6qO&#038;oh=00_Af4jQMoz3tK0vg1NGu1lymhX9AURwHWi1sqZgTwglsyaUQ&#038;oe=69F7639C\" type=\"video\/mp4\"\/><\/video><\/div>\n\t\t\t\t\t<div class=\"details-wrapper\">\n\t\t\t\t\t<div class=\"wpz-insta-header\">\n\t\t\t\t\t\t<div class=\"wpz-insta-avatar\">\n\t\t\t\t\t\t\t<img loading=\"lazy\" decoding=\"async\" src=\"https:\/\/addinformatica.com\/wp-content\/uploads\/2024\/07\/434559985_431600116016550_858542568941584981_n-150x150.jpg\" alt=\"@resiplushistoriasqueinspiran\" width=\"42\" height=\"42\"\/>\n\t\t\t\t\t\t<\/div>\n\t\t\t\t\t\t<div class=\"wpz-insta-buttons\">\n\t\t\t\t\t\t\t<div class=\"wpz-insta-username\">\n\t\t\t\t\t\t\t\t<a rel=\"noopener\" target=\"_blank\" href=\"https:\/\/instagram.com\/resiplushistoriasqueinspiran\">@resiplushistoriasqueinspiran<\/a>\n\t\t\t\t\t\t\t<\/div>\n\t\t\t\t\t\t\t<div>&bull;<\/div>\n\t\t\t\t\t\t\t<div class=\"wpz-insta-follow\">\n\t\t\t\t\t\t\t\t<a target=\"_blank\" rel=\"noopener\"\n\t\t\t\t\t\t\t\thref=\"https:\/\/instagram.com\/resiplushistoriasqueinspiran?ref=badge\">\n\t\t\t\t\t\t\t\t\tFollow\n\t\t\t\t\t\t\t\t<\/a>\n\t\t\t\t\t\t\t<\/div>\n\t\t\t\t\t\t<\/div>\n\t\t\t\t\t<\/div><div class=\"wpz-insta-caption\">Repost | Historias que inspiran | \n\nFuente @lachicadelbrunch<\/div><div class=\"wpz-insta-date\">2 anys ago<\/div><div class=\"view-post\">\n\t\t\t\t\t<a href=\"https:\/\/www.instagram.com\/reel\/C5Wgi7QunWK\/\" target=\"_blank\" rel=\"noopener\"><span class=\"dashicons dashicons-instagram\"><\/span>View on Instagram<\/a>\n\t\t\t\t\t<span class=\"delimiter\">|<\/span>\n\t\t\t\t\t<div class=\"wpz-insta-pagination\">27\/35<\/div>\n\t\t\t\t\t<\/div><\/div><\/div><\/div><div data-uid=\"17856766317138669\" class=\"swiper-slide wpz-insta-lightbox-item\"><div class=\"wpz-insta-lightbox\"><div class=\"image-wrapper\"><video controls muted preload=\"none\"><source src=\"https:\/\/scontent-mad2-1.cdninstagram.com\/o1\/v\/t2\/f2\/m82\/AQPGQAQh4pWiEHf00SmrFTpXbUNtL3Bs9ntMQZHgZXW_E4oppCiGe5d4_fZ5d9lZyCrzyew0FpczvSFFfdTCNkgighhDKXUtxbcwvVM.mp4?_nc_cat=104&#038;_nc_sid=5e9851&#038;_nc_ht=scontent-mad2-1.cdninstagram.com&#038;_nc_ohc=e7dwrk67B_0Q7kNvwH7vcZs&#038;efg=eyJ2ZW5jb2RlX3RhZyI6Inhwdl9wcm9ncmVzc2l2ZS5JTlNUQUdSQU0uQ0xJUFMuQzMuNDgwLmRhc2hfYmFzZWxpbmVfMV92MSIsInhwdl9hc3NldF9pZCI6NzY3MzI1MjI1MzY2MjI2LCJhc3NldF9hZ2VfZGF5cyI6NzU3LCJ2aV91c2VjYXNlX2lkIjoxMDA5OSwiZHVyYXRpb25fcyI6NzMsInVybGdlbl9zb3VyY2UiOiJ3d3cifQ%3D%3D&#038;ccb=17-1&#038;vs=7fd98e8865225721&#038;_nc_vs=HBksFQIYT2lnX3hwdl9yZWVsc19wZXJtYW5lbnRfcHJvZC82QjQ5MUVCREM2OERGRkM1RDQyNDkyREVCQkIyNzM4RF92aWRlb19kYXNoaW5pdC5tcDQVAALIARIAFQIYOnBhc3N0aHJvdWdoX2V2ZXJzdG9yZS9HRWZZX2hsT0wtYU04Rm9EQUVvREQ2dlYtU2h5YnFfRUFBQUYVAgLIARIAKAAYABsCiAd1c2Vfb2lsATEScHJvZ3Jlc3NpdmVfcmVjaXBlATEVAAAmpMvht5r43AIVAigCQzMsF0BSRmZmZmZmGBJkYXNoX2Jhc2VsaW5lXzFfdjERAHX-B2XmnQEA&#038;_nc_gid=RS8sTk4GWVGeeoPJ6fySnQ&#038;edm=ANo9K5cEAAAA&#038;_nc_zt=28&#038;_nc_tpa=Q5bMBQGuz9Brl_L6EVCvSPmIfdURrZRMU_IFaRHS7LFAmFde-dmErLxUssDA6Tc2O7qheUbPgaXvgDKx&#038;oh=00_Af4Vp0cFzPiq7bLj5BDUuwjcN4PMtibO75CJr8XMSSQB3A&#038;oe=69F770A9\" type=\"video\/mp4\"\/><\/video><\/div>\n\t\t\t\t\t<div class=\"details-wrapper\">\n\t\t\t\t\t<div class=\"wpz-insta-header\">\n\t\t\t\t\t\t<div class=\"wpz-insta-avatar\">\n\t\t\t\t\t\t\t<img loading=\"lazy\" decoding=\"async\" src=\"https:\/\/addinformatica.com\/wp-content\/uploads\/2024\/07\/434559985_431600116016550_858542568941584981_n-150x150.jpg\" alt=\"@resiplushistoriasqueinspiran\" width=\"42\" height=\"42\"\/>\n\t\t\t\t\t\t<\/div>\n\t\t\t\t\t\t<div class=\"wpz-insta-buttons\">\n\t\t\t\t\t\t\t<div class=\"wpz-insta-username\">\n\t\t\t\t\t\t\t\t<a rel=\"noopener\" target=\"_blank\" href=\"https:\/\/instagram.com\/resiplushistoriasqueinspiran\">@resiplushistoriasqueinspiran<\/a>\n\t\t\t\t\t\t\t<\/div>\n\t\t\t\t\t\t\t<div>&bull;<\/div>\n\t\t\t\t\t\t\t<div class=\"wpz-insta-follow\">\n\t\t\t\t\t\t\t\t<a target=\"_blank\" rel=\"noopener\"\n\t\t\t\t\t\t\t\thref=\"https:\/\/instagram.com\/resiplushistoriasqueinspiran?ref=badge\">\n\t\t\t\t\t\t\t\t\tFollow\n\t\t\t\t\t\t\t\t<\/a>\n\t\t\t\t\t\t\t<\/div>\n\t\t\t\t\t\t<\/div>\n\t\t\t\t\t<\/div><div class=\"wpz-insta-caption\">Repost | Historias que inspiran | \n\nFuente: @whatsartig<\/div><div class=\"wpz-insta-date\">2 anys ago<\/div><div class=\"view-post\">\n\t\t\t\t\t<a href=\"https:\/\/www.instagram.com\/reel\/C5WeWttOhdg\/\" target=\"_blank\" rel=\"noopener\"><span class=\"dashicons dashicons-instagram\"><\/span>View on Instagram<\/a>\n\t\t\t\t\t<span class=\"delimiter\">|<\/span>\n\t\t\t\t\t<div class=\"wpz-insta-pagination\">28\/35<\/div>\n\t\t\t\t\t<\/div><\/div><\/div><\/div><div data-uid=\"17943951917795339\" class=\"swiper-slide wpz-insta-lightbox-item\"><div class=\"wpz-insta-lightbox\"><div class=\"image-wrapper\"><img class=\"wpzoom-swiper-image swiper-lazy\" data-src=\"https:\/\/addinformatica.com\/wp-content\/uploads\/2014\/08\/435465193_1821730964919702_5207983348394110452_n-932.jpg\" alt=\"Repost | Historias que inspiran | \n\nhttps:\/\/www.instagram.com\/reel\/C4Dl110undl\/?igsh=NncxazYyMGlubHU1\n\nFuente: @yogalifestyleok\"\/><div class=\"swiper-lazy-preloader swiper-lazy-preloader-white\"><\/div><\/div>\n\t\t\t\t\t<div class=\"details-wrapper\">\n\t\t\t\t\t<div class=\"wpz-insta-header\">\n\t\t\t\t\t\t<div class=\"wpz-insta-avatar\">\n\t\t\t\t\t\t\t<img loading=\"lazy\" decoding=\"async\" src=\"https:\/\/addinformatica.com\/wp-content\/uploads\/2024\/07\/434559985_431600116016550_858542568941584981_n-150x150.jpg\" alt=\"@resiplushistoriasqueinspiran\" width=\"42\" height=\"42\"\/>\n\t\t\t\t\t\t<\/div>\n\t\t\t\t\t\t<div class=\"wpz-insta-buttons\">\n\t\t\t\t\t\t\t<div class=\"wpz-insta-username\">\n\t\t\t\t\t\t\t\t<a rel=\"noopener\" target=\"_blank\" href=\"https:\/\/instagram.com\/resiplushistoriasqueinspiran\">@resiplushistoriasqueinspiran<\/a>\n\t\t\t\t\t\t\t<\/div>\n\t\t\t\t\t\t\t<div>&bull;<\/div>\n\t\t\t\t\t\t\t<div class=\"wpz-insta-follow\">\n\t\t\t\t\t\t\t\t<a target=\"_blank\" rel=\"noopener\"\n\t\t\t\t\t\t\t\thref=\"https:\/\/instagram.com\/resiplushistoriasqueinspiran?ref=badge\">\n\t\t\t\t\t\t\t\t\tFollow\n\t\t\t\t\t\t\t\t<\/a>\n\t\t\t\t\t\t\t<\/div>\n\t\t\t\t\t\t<\/div>\n\t\t\t\t\t<\/div><div class=\"wpz-insta-caption\">Repost | Historias que inspiran | \n\nhttps:\/\/www.instagram.com\/reel\/C4Dl110undl\/?igsh=NncxazYyMGlubHU1\n\nFuente: @yogalifestyleok<\/div><div class=\"wpz-insta-date\">2 anys ago<\/div><div class=\"view-post\">\n\t\t\t\t\t<a href=\"https:\/\/www.instagram.com\/p\/C5Wd_teOPex\/\" target=\"_blank\" rel=\"noopener\"><span class=\"dashicons dashicons-instagram\"><\/span>View on Instagram<\/a>\n\t\t\t\t\t<span class=\"delimiter\">|<\/span>\n\t\t\t\t\t<div class=\"wpz-insta-pagination\">29\/35<\/div>\n\t\t\t\t\t<\/div><\/div><\/div><\/div><div data-uid=\"18221841757273585\" class=\"swiper-slide wpz-insta-lightbox-item\"><div class=\"wpz-insta-lightbox\"><div class=\"image-wrapper\"><video controls muted preload=\"none\"><source src=\"https:\/\/scontent-mad1-1.cdninstagram.com\/o1\/v\/t2\/f2\/m82\/AQNUzwPx-gauffINHAfgaKaVQx56cCYynFVlic1fzj7f-wSgQnjrmvQizn1xZMY0flZeWg-3NNWd3gayRDFADmhvy-9QOov0nwY3nm0.mp4?_nc_cat=101&#038;_nc_sid=5e9851&#038;_nc_ht=scontent-mad1-1.cdninstagram.com&#038;_nc_ohc=hx_F_evGEx8Q7kNvwGM-X7V&#038;efg=eyJ2ZW5jb2RlX3RhZyI6Inhwdl9wcm9ncmVzc2l2ZS5JTlNUQUdSQU0uQ0xJUFMuQzMuNzIwLmRhc2hfYmFzZWxpbmVfMV92MSIsInhwdl9hc3NldF9pZCI6NDA5NTgwODY4NDY1NDg3LCJhc3NldF9hZ2VfZGF5cyI6NzU3LCJ2aV91c2VjYXNlX2lkIjoxMDA5OSwiZHVyYXRpb25fcyI6MzIsInVybGdlbl9zb3VyY2UiOiJ3d3cifQ%3D%3D&#038;ccb=17-1&#038;vs=2790861cf9af7688&#038;_nc_vs=HBksFQIYT2lnX3hwdl9yZWVsc19wZXJtYW5lbnRfcHJvZC9DNTQ3QUZBNjUwNzI2M0I3MDIzQUIyQzkwMDQ3MUM4Q192aWRlb19kYXNoaW5pdC5tcDQVAALIARIAFQIYOnBhc3N0aHJvdWdoX2V2ZXJzdG9yZS9HTmF4X1JtajJ2Rmh0UXdGQUticzF5cktwUkl4YnFfRUFBQUYVAgLIARIAKAAYABsCiAd1c2Vfb2lsATEScHJvZ3Jlc3NpdmVfcmVjaXBlATEVAAAmns3fot-gugEVAigCQzMsF0A_90vGp--eGBJkYXNoX2Jhc2VsaW5lXzFfdjERAHX-B2XmnQEA&#038;_nc_gid=RS8sTk4GWVGeeoPJ6fySnQ&#038;edm=ANo9K5cEAAAA&#038;_nc_zt=28&#038;_nc_tpa=Q5bMBQHccGXLiAb81ECcGvXalAO2uVbXkM9C4IuqV52L-R9bDBJ6NNAXWl9-6UctZDqbDT2kWZTplxLg&#038;oh=00_Af6pEeuh013FZ9BjhZoGHGFpdN-daAC9Hua7XnaOF1Rv9A&#038;oe=69F769D6\" type=\"video\/mp4\"\/><\/video><\/div>\n\t\t\t\t\t<div class=\"details-wrapper\">\n\t\t\t\t\t<div class=\"wpz-insta-header\">\n\t\t\t\t\t\t<div class=\"wpz-insta-avatar\">\n\t\t\t\t\t\t\t<img loading=\"lazy\" decoding=\"async\" src=\"https:\/\/addinformatica.com\/wp-content\/uploads\/2024\/07\/434559985_431600116016550_858542568941584981_n-150x150.jpg\" alt=\"@resiplushistoriasqueinspiran\" width=\"42\" height=\"42\"\/>\n\t\t\t\t\t\t<\/div>\n\t\t\t\t\t\t<div class=\"wpz-insta-buttons\">\n\t\t\t\t\t\t\t<div class=\"wpz-insta-username\">\n\t\t\t\t\t\t\t\t<a rel=\"noopener\" target=\"_blank\" href=\"https:\/\/instagram.com\/resiplushistoriasqueinspiran\">@resiplushistoriasqueinspiran<\/a>\n\t\t\t\t\t\t\t<\/div>\n\t\t\t\t\t\t\t<div>&bull;<\/div>\n\t\t\t\t\t\t\t<div class=\"wpz-insta-follow\">\n\t\t\t\t\t\t\t\t<a target=\"_blank\" rel=\"noopener\"\n\t\t\t\t\t\t\t\thref=\"https:\/\/instagram.com\/resiplushistoriasqueinspiran?ref=badge\">\n\t\t\t\t\t\t\t\t\tFollow\n\t\t\t\t\t\t\t\t<\/a>\n\t\t\t\t\t\t\t<\/div>\n\t\t\t\t\t\t<\/div>\n\t\t\t\t\t<\/div><div class=\"wpz-insta-caption\">Repost | Historias que inspiran | \n\nFuente: @yogadailyflow<\/div><div class=\"wpz-insta-date\">2 anys ago<\/div><div class=\"view-post\">\n\t\t\t\t\t<a href=\"https:\/\/www.instagram.com\/reel\/C5Wc-91u4wF\/\" target=\"_blank\" rel=\"noopener\"><span class=\"dashicons dashicons-instagram\"><\/span>View on Instagram<\/a>\n\t\t\t\t\t<span class=\"delimiter\">|<\/span>\n\t\t\t\t\t<div class=\"wpz-insta-pagination\">30\/35<\/div>\n\t\t\t\t\t<\/div><\/div><\/div><\/div><div data-uid=\"18091341994421942\" class=\"swiper-slide wpz-insta-lightbox-item\"><div class=\"wpz-insta-lightbox\"><div class=\"image-wrapper\"><video controls muted preload=\"none\"><source src=\"https:\/\/scontent-mad1-1.cdninstagram.com\/o1\/v\/t2\/f2\/m82\/AQNgm6xZxxgtRfPN1EKhpiIgI1dvKII2XpGYH0y8PbcyFPX-CTBN54yR4a4mvtl8xfB1YOvHKMnaCUSO1EY6knz8HHWZvSW-Ws0kt44.mp4?_nc_cat=106&#038;_nc_sid=5e9851&#038;_nc_ht=scontent-mad1-1.cdninstagram.com&#038;_nc_ohc=IOoV-4NFKOMQ7kNvwGy6dHb&#038;efg=eyJ2ZW5jb2RlX3RhZyI6Inhwdl9wcm9ncmVzc2l2ZS5JTlNUQUdSQU0uQ0xJUFMuQzMuNzIwLmRhc2hfYmFzZWxpbmVfMV92MSIsInhwdl9hc3NldF9pZCI6MTA0MDkwNTU2NzU5NjgxOSwiYXNzZXRfYWdlX2RheXMiOjc1NywidmlfdXNlY2FzZV9pZCI6MTAwOTksImR1cmF0aW9uX3MiOjI5LCJ1cmxnZW5fc291cmNlIjoid3d3In0%3D&#038;ccb=17-1&#038;vs=e11812be3d7d1a67&#038;_nc_vs=HBksFQIYT2lnX3hwdl9yZWVsc19wZXJtYW5lbnRfcHJvZC8zMjQwNjAwOUEwOEUyNkRFMzk1MjAwQjczRTQ1NDk5RF92aWRlb19kYXNoaW5pdC5tcDQVAALIARIAFQIYOnBhc3N0aHJvdWdoX2V2ZXJzdG9yZS9HSWw1X2huUEpGMVMwMXNCQUM4MTQwY1JJNjFyYnFfRUFBQUYVAgLIARIAKAAYABsCiAd1c2Vfb2lsATEScHJvZ3Jlc3NpdmVfcmVjaXBlATEVAAAmpsTP6das2QMVAigCQzMsF0A9ZmZmZmZmGBJkYXNoX2Jhc2VsaW5lXzFfdjERAHX-B2XmnQEA&#038;_nc_gid=RS8sTk4GWVGeeoPJ6fySnQ&#038;edm=ANo9K5cEAAAA&#038;_nc_zt=28&#038;_nc_tpa=Q5bMBQEagWsfXoPntwCOydT6EcgPAjrly4iAx-U2kn0Wcnz-iA8U9_Kexa4IYkCbqUQst7erg32Xii1B&#038;oh=00_Af6ExRUSJiXGLKRkcZJrIemcz_5nKT6_NIemkZHhhvQjnA&#038;oe=69F779A7\" type=\"video\/mp4\"\/><\/video><\/div>\n\t\t\t\t\t<div class=\"details-wrapper\">\n\t\t\t\t\t<div class=\"wpz-insta-header\">\n\t\t\t\t\t\t<div class=\"wpz-insta-avatar\">\n\t\t\t\t\t\t\t<img loading=\"lazy\" decoding=\"async\" src=\"https:\/\/addinformatica.com\/wp-content\/uploads\/2024\/07\/434559985_431600116016550_858542568941584981_n-150x150.jpg\" alt=\"@resiplushistoriasqueinspiran\" width=\"42\" height=\"42\"\/>\n\t\t\t\t\t\t<\/div>\n\t\t\t\t\t\t<div class=\"wpz-insta-buttons\">\n\t\t\t\t\t\t\t<div class=\"wpz-insta-username\">\n\t\t\t\t\t\t\t\t<a rel=\"noopener\" target=\"_blank\" href=\"https:\/\/instagram.com\/resiplushistoriasqueinspiran\">@resiplushistoriasqueinspiran<\/a>\n\t\t\t\t\t\t\t<\/div>\n\t\t\t\t\t\t\t<div>&bull;<\/div>\n\t\t\t\t\t\t\t<div class=\"wpz-insta-follow\">\n\t\t\t\t\t\t\t\t<a target=\"_blank\" rel=\"noopener\"\n\t\t\t\t\t\t\t\thref=\"https:\/\/instagram.com\/resiplushistoriasqueinspiran?ref=badge\">\n\t\t\t\t\t\t\t\t\tFollow\n\t\t\t\t\t\t\t\t<\/a>\n\t\t\t\t\t\t\t<\/div>\n\t\t\t\t\t\t<\/div>\n\t\t\t\t\t<\/div><div class=\"wpz-insta-caption\">Repost | Historias que inspiran | \n\nFuente: @somerfitcoaching<\/div><div class=\"wpz-insta-date\">2 anys ago<\/div><div class=\"view-post\">\n\t\t\t\t\t<a href=\"https:\/\/www.instagram.com\/reel\/C5Wcactulo0\/\" target=\"_blank\" rel=\"noopener\"><span class=\"dashicons dashicons-instagram\"><\/span>View on Instagram<\/a>\n\t\t\t\t\t<span class=\"delimiter\">|<\/span>\n\t\t\t\t\t<div class=\"wpz-insta-pagination\">31\/35<\/div>\n\t\t\t\t\t<\/div><\/div><\/div><\/div><div data-uid=\"18056883745505928\" class=\"swiper-slide wpz-insta-lightbox-item\"><div class=\"wpz-insta-lightbox\"><div class=\"image-wrapper\"><img class=\"wpzoom-swiper-image swiper-lazy\" data-src=\"https:\/\/addinformatica.com\/wp-content\/uploads\/2014\/08\/435456556_1114033629906931_3875414686862061259_n-932.jpg\" alt=\"Repost | Historias que inspiran | \n\nhttps:\/\/www.instagram.com\/p\/C3xi9fPrFjW\/\n\nFuente: @javiernutricionok\"\/><div class=\"swiper-lazy-preloader swiper-lazy-preloader-white\"><\/div><\/div>\n\t\t\t\t\t<div class=\"details-wrapper\">\n\t\t\t\t\t<div class=\"wpz-insta-header\">\n\t\t\t\t\t\t<div class=\"wpz-insta-avatar\">\n\t\t\t\t\t\t\t<img loading=\"lazy\" decoding=\"async\" src=\"https:\/\/addinformatica.com\/wp-content\/uploads\/2024\/07\/434559985_431600116016550_858542568941584981_n-150x150.jpg\" alt=\"@resiplushistoriasqueinspiran\" width=\"42\" height=\"42\"\/>\n\t\t\t\t\t\t<\/div>\n\t\t\t\t\t\t<div class=\"wpz-insta-buttons\">\n\t\t\t\t\t\t\t<div class=\"wpz-insta-username\">\n\t\t\t\t\t\t\t\t<a rel=\"noopener\" target=\"_blank\" href=\"https:\/\/instagram.com\/resiplushistoriasqueinspiran\">@resiplushistoriasqueinspiran<\/a>\n\t\t\t\t\t\t\t<\/div>\n\t\t\t\t\t\t\t<div>&bull;<\/div>\n\t\t\t\t\t\t\t<div class=\"wpz-insta-follow\">\n\t\t\t\t\t\t\t\t<a target=\"_blank\" rel=\"noopener\"\n\t\t\t\t\t\t\t\thref=\"https:\/\/instagram.com\/resiplushistoriasqueinspiran?ref=badge\">\n\t\t\t\t\t\t\t\t\tFollow\n\t\t\t\t\t\t\t\t<\/a>\n\t\t\t\t\t\t\t<\/div>\n\t\t\t\t\t\t<\/div>\n\t\t\t\t\t<\/div><div class=\"wpz-insta-caption\">Repost | Historias que inspiran | \n\nhttps:\/\/www.instagram.com\/p\/C3xi9fPrFjW\/\n\nFuente: @javiernutricionok<\/div><div class=\"wpz-insta-date\">2 anys ago<\/div><div class=\"view-post\">\n\t\t\t\t\t<a href=\"https:\/\/www.instagram.com\/p\/C5Vi2B9OAZC\/\" target=\"_blank\" rel=\"noopener\"><span class=\"dashicons dashicons-instagram\"><\/span>View on Instagram<\/a>\n\t\t\t\t\t<span class=\"delimiter\">|<\/span>\n\t\t\t\t\t<div class=\"wpz-insta-pagination\">32\/35<\/div>\n\t\t\t\t\t<\/div><\/div><\/div><\/div><div data-uid=\"18048196702565673\" class=\"swiper-slide wpz-insta-lightbox-item\"><div class=\"wpz-insta-lightbox\"><div class=\"image-wrapper\"><video controls muted preload=\"none\"><source src=\"https:\/\/scontent-mad1-1.cdninstagram.com\/o1\/v\/t2\/f2\/m82\/AQMokHHn8d74xNrZ9O93YZuSdQvaojhxXzLFPFApsYXLhu2_FDqCrAdwGKDfD0hlpJM6h7kM8ViRtqJz_VVVcc-jhFJiIsBBDbScIlc.mp4?_nc_cat=103&#038;_nc_sid=5e9851&#038;_nc_ht=scontent-mad1-1.cdninstagram.com&#038;_nc_ohc=mo075QgJaEgQ7kNvwE61VYP&#038;efg=eyJ2ZW5jb2RlX3RhZyI6Inhwdl9wcm9ncmVzc2l2ZS5JTlNUQUdSQU0uQ0xJUFMuQzMuNzIwLmRhc2hfYmFzZWxpbmVfMV92MSIsInhwdl9hc3NldF9pZCI6Mjg0Njk0ODU0Njc2MDY2LCJhc3NldF9hZ2VfZGF5cyI6NzU3LCJ2aV91c2VjYXNlX2lkIjoxMDA5OSwiZHVyYXRpb25fcyI6NzIsInVybGdlbl9zb3VyY2UiOiJ3d3cifQ%3D%3D&#038;ccb=17-1&#038;vs=28e8950278027cad&#038;_nc_vs=HBksFQIYT2lnX3hwdl9yZWVsc19wZXJtYW5lbnRfcHJvZC8zRDQ1QUE5QjJCREM1NTJEQzc1RTc4RTYzRjMyMEY5NV92aWRlb19kYXNoaW5pdC5tcDQVAALIARIAFQIYOnBhc3N0aHJvdWdoX2V2ZXJzdG9yZS9HSXN6N3hsNW5Qb1Ytc1lHQU5Xa3Z5QTMtUWNMYnFfRUFBQUYVAgLIARIAKAAYABsCiAd1c2Vfb2lsATEScHJvZ3Jlc3NpdmVfcmVjaXBlATEVAAAmxLn1-rW7gQEVAigCQzMsF0BSBDlYEGJOGBJkYXNoX2Jhc2VsaW5lXzFfdjERAHX-B2XmnQEA&#038;_nc_gid=RS8sTk4GWVGeeoPJ6fySnQ&#038;edm=ANo9K5cEAAAA&#038;_nc_zt=28&#038;_nc_tpa=Q5bMBQGcMTnwRt-51nTcLzfSXrVxf6hT1xRPeXoi2wNVfWe--TT8RbIAmfBUk06AChEE58jow1Xsknw6&#038;oh=00_Af68kCytcsmhMcWcDUWqu4u8uLiVnETWsD__UiAqP-4clQ&#038;oe=69F76C94\" type=\"video\/mp4\"\/><\/video><\/div>\n\t\t\t\t\t<div class=\"details-wrapper\">\n\t\t\t\t\t<div class=\"wpz-insta-header\">\n\t\t\t\t\t\t<div class=\"wpz-insta-avatar\">\n\t\t\t\t\t\t\t<img loading=\"lazy\" decoding=\"async\" src=\"https:\/\/addinformatica.com\/wp-content\/uploads\/2024\/07\/434559985_431600116016550_858542568941584981_n-150x150.jpg\" alt=\"@resiplushistoriasqueinspiran\" width=\"42\" height=\"42\"\/>\n\t\t\t\t\t\t<\/div>\n\t\t\t\t\t\t<div class=\"wpz-insta-buttons\">\n\t\t\t\t\t\t\t<div class=\"wpz-insta-username\">\n\t\t\t\t\t\t\t\t<a rel=\"noopener\" target=\"_blank\" href=\"https:\/\/instagram.com\/resiplushistoriasqueinspiran\">@resiplushistoriasqueinspiran<\/a>\n\t\t\t\t\t\t\t<\/div>\n\t\t\t\t\t\t\t<div>&bull;<\/div>\n\t\t\t\t\t\t\t<div class=\"wpz-insta-follow\">\n\t\t\t\t\t\t\t\t<a target=\"_blank\" rel=\"noopener\"\n\t\t\t\t\t\t\t\thref=\"https:\/\/instagram.com\/resiplushistoriasqueinspiran?ref=badge\">\n\t\t\t\t\t\t\t\t\tFollow\n\t\t\t\t\t\t\t\t<\/a>\n\t\t\t\t\t\t\t<\/div>\n\t\t\t\t\t\t<\/div>\n\t\t\t\t\t<\/div><div class=\"wpz-insta-caption\">Repost | Historias que inspiran | \n\nFuente: @javiernutricionok<\/div><div class=\"wpz-insta-date\">2 anys ago<\/div><div class=\"view-post\">\n\t\t\t\t\t<a href=\"https:\/\/www.instagram.com\/reel\/C5ViKm-u1-L\/\" target=\"_blank\" rel=\"noopener\"><span class=\"dashicons dashicons-instagram\"><\/span>View on Instagram<\/a>\n\t\t\t\t\t<span class=\"delimiter\">|<\/span>\n\t\t\t\t\t<div class=\"wpz-insta-pagination\">33\/35<\/div>\n\t\t\t\t\t<\/div><\/div><\/div><\/div><div data-uid=\"18027030542306421\" class=\"swiper-slide wpz-insta-lightbox-item\"><div class=\"wpz-insta-lightbox\"><div class=\"image-wrapper\"><div class=\"swiper\" style=\"height: 100%;\"><div class=\"swiper-wrapper wpz-insta-album-images\"><div class=\"swiper-slide wpz-insta-album-image\" data-media-type=\"image\"><img class=\"wpzoom-swiper-image swiper-lazy\" data-src=\"https:\/\/scontent-mad1-1.cdninstagram.com\/v\/t51.82787-15\/658176262_18405736156197810_1833549883360986131_n.webp?stp=dst-jpg_e35_tt6&#038;_nc_cat=107&#038;ccb=7-5&#038;_nc_sid=18de74&#038;efg=eyJlZmdfdGFnIjoiQ0FST1VTRUxfSVRFTS5iZXN0X2ltYWdlX3VybGdlbi5DMyJ9&#038;_nc_ohc=K3JACkiJBm4Q7kNvwGZfi5g&#038;_nc_oc=Adq-gnQS-OGKtlJ28O_SsYDPPzgi1JiiSAT3C-0skwL_ed7a_7o6RjUZNY2knkb-2VI&#038;_nc_zt=23&#038;_nc_ht=scontent-mad1-1.cdninstagram.com&#038;edm=ANo9K5cEAAAA&#038;_nc_gid=RS8sTk4GWVGeeoPJ6fySnQ&#038;_nc_tpa=Q5bMBQH0RIMJSv8mQPrvNRplCiD406-2zMSXUB4QFH7eoQ56-XdMeS0mf2_DVTymlWdOmIqYXI0DB3x0&#038;oh=00_Af4uqEZ35utOPUdinKV8msv69HOkLcopuCvBbRkKPJRgwA&#038;oe=69FB3DE5\" alt=\"Repost | Historias que inspiran | \n\nFuente: @sierra__prime\"\/><div class=\"swiper-lazy-preloader swiper-lazy-preloader-white\"><\/div><\/div><div class=\"swiper-slide wpz-insta-album-image\" data-media-type=\"image\"><img class=\"wpzoom-swiper-image swiper-lazy\" data-src=\"https:\/\/scontent-mad1-1.cdninstagram.com\/v\/t51.82787-15\/655141131_18103244113916546_3401401211352476891_n.webp?stp=dst-jpg_e35_tt6&#038;_nc_cat=105&#038;ccb=7-5&#038;_nc_sid=18de74&#038;efg=eyJlZmdfdGFnIjoiQ0FST1VTRUxfSVRFTS5iZXN0X2ltYWdlX3VybGdlbi5DMyJ9&#038;_nc_ohc=-sop371EwtgQ7kNvwGVYG0t&#038;_nc_oc=AdqJlxy7A-3IqiD1nSl1uPEn37rekeT1UAL-2FJ7gZSoy5qIKO-yHKlX1PGbarraM3U&#038;_nc_zt=23&#038;_nc_ht=scontent-mad1-1.cdninstagram.com&#038;edm=ANo9K5cEAAAA&#038;_nc_gid=RS8sTk4GWVGeeoPJ6fySnQ&#038;_nc_tpa=Q5bMBQHT_11R6QiYJhLBtf3DT_pI0JRqd1fQ9MzkQNXK1T0FRptFMDkpL2oC7OIH6JgunTJV_-CEnwAi&#038;oh=00_Af4tzeUcJ9tSRG1B7e9iNIs3kIs7sq2IC-Rl0p348BOLng&#038;oe=69FB515D\" alt=\"Repost | Historias que inspiran | \n\nFuente: @sierra__prime\"\/><div class=\"swiper-lazy-preloader swiper-lazy-preloader-white\"><\/div><\/div><div class=\"swiper-slide wpz-insta-album-image\" data-media-type=\"image\"><img class=\"wpzoom-swiper-image swiper-lazy\" data-src=\"https:\/\/scontent-mad2-1.cdninstagram.com\/v\/t51.82787-15\/655277107_18093899306092468_7294388090058738957_n.webp?stp=dst-jpg_e35_tt6&#038;_nc_cat=108&#038;ccb=7-5&#038;_nc_sid=18de74&#038;efg=eyJlZmdfdGFnIjoiQ0FST1VTRUxfSVRFTS5iZXN0X2ltYWdlX3VybGdlbi5DMyJ9&#038;_nc_ohc=j3v0O66MYlgQ7kNvwEZCnl_&#038;_nc_oc=Adq0nQj6txbxDK0GG6yvhCDfHgPa99OILCusfoF-kiiRidzWtZYLOLmCEN-nNOlMt6M&#038;_nc_zt=23&#038;_nc_ht=scontent-mad2-1.cdninstagram.com&#038;edm=ANo9K5cEAAAA&#038;_nc_gid=RS8sTk4GWVGeeoPJ6fySnQ&#038;_nc_tpa=Q5bMBQFbd-k2Z4s_VPpxhOloRh7P7UMS3pHSZF-vDzu8-VrQ8HsOWQQhV6JSZHp9SD8osuNCUi18VVXA&#038;oh=00_Af48xnY2Eo5ZaOzsgwr9m-Us_xBGbSBTWdYpC-GaCSJPWg&#038;oe=69FB4716\" alt=\"Repost | Historias que inspiran | \n\nFuente: @sierra__prime\"\/><div class=\"swiper-lazy-preloader swiper-lazy-preloader-white\"><\/div><\/div><\/div><div class=\"swiper-pagination\"><\/div><div class=\"swiper-button-prev\"><\/div><div class=\"swiper-button-next\"><\/div><\/div><\/div>\n\t\t\t\t\t<div class=\"details-wrapper\">\n\t\t\t\t\t<div class=\"wpz-insta-header\">\n\t\t\t\t\t\t<div class=\"wpz-insta-avatar\">\n\t\t\t\t\t\t\t<img loading=\"lazy\" decoding=\"async\" src=\"https:\/\/addinformatica.com\/wp-content\/uploads\/2024\/07\/434559985_431600116016550_858542568941584981_n-150x150.jpg\" alt=\"@resiplushistoriasqueinspiran\" width=\"42\" height=\"42\"\/>\n\t\t\t\t\t\t<\/div>\n\t\t\t\t\t\t<div class=\"wpz-insta-buttons\">\n\t\t\t\t\t\t\t<div class=\"wpz-insta-username\">\n\t\t\t\t\t\t\t\t<a rel=\"noopener\" target=\"_blank\" href=\"https:\/\/instagram.com\/resiplushistoriasqueinspiran\">@resiplushistoriasqueinspiran<\/a>\n\t\t\t\t\t\t\t<\/div>\n\t\t\t\t\t\t\t<div>&bull;<\/div>\n\t\t\t\t\t\t\t<div class=\"wpz-insta-follow\">\n\t\t\t\t\t\t\t\t<a target=\"_blank\" rel=\"noopener\"\n\t\t\t\t\t\t\t\thref=\"https:\/\/instagram.com\/resiplushistoriasqueinspiran?ref=badge\">\n\t\t\t\t\t\t\t\t\tFollow\n\t\t\t\t\t\t\t\t<\/a>\n\t\t\t\t\t\t\t<\/div>\n\t\t\t\t\t\t<\/div>\n\t\t\t\t\t<\/div><div class=\"wpz-insta-caption\">Repost | Historias que inspiran | \n\nFuente: @sierra__prime<\/div><div class=\"wpz-insta-date\">2 anys ago<\/div><div class=\"view-post\">\n\t\t\t\t\t<a href=\"https:\/\/www.instagram.com\/p\/C5Vhq6JOymy\/\" target=\"_blank\" rel=\"noopener\"><span class=\"dashicons dashicons-instagram\"><\/span>View on Instagram<\/a>\n\t\t\t\t\t<span class=\"delimiter\">|<\/span>\n\t\t\t\t\t<div class=\"wpz-insta-pagination\">34\/35<\/div>\n\t\t\t\t\t<\/div><\/div><\/div><\/div><div data-uid=\"18023809532072565\" class=\"swiper-slide wpz-insta-lightbox-item\"><div class=\"wpz-insta-lightbox\"><div class=\"image-wrapper\"><img class=\"wpzoom-swiper-image swiper-lazy\" data-src=\"https:\/\/addinformatica.com\/wp-content\/uploads\/2014\/08\/435104200_394146670249157_6411793400826869630_n-932.jpg\" alt=\"Repost | Historias que inspiran | \n\nAna cumpli\u00f3 100 a\u00f1os y sus vecinos la sorprendieron festej\u00e1ndolo en el barrio....\n\nAna Marciana Nazaruc, la mujer que celebr\u00f3 este viernes un hito extraordinario en su vida: alcanzar los 100 a\u00f1os de edad. Pero m\u00e1s all\u00e1 de ser un simple acontecimiento, la historia de Ana es un testimonio vivo de dedicaci\u00f3n, humildad y solidaridad. Nacida el 28 de marzo de 1924, Ana es la mayor de tres hermanas que dedicaron sus vidas al arte de la costura. Juntas, vivieron toda su existencia en la misma casa, una construcci\u00f3n que ha sido testigo de sus risas, sus sue\u00f1os y sus historias compartidas\n\nFuente: @canalsietebb\"\/><div class=\"swiper-lazy-preloader swiper-lazy-preloader-white\"><\/div><\/div>\n\t\t\t\t\t<div class=\"details-wrapper\">\n\t\t\t\t\t<div class=\"wpz-insta-header\">\n\t\t\t\t\t\t<div class=\"wpz-insta-avatar\">\n\t\t\t\t\t\t\t<img loading=\"lazy\" decoding=\"async\" src=\"https:\/\/addinformatica.com\/wp-content\/uploads\/2024\/07\/434559985_431600116016550_858542568941584981_n-150x150.jpg\" alt=\"@resiplushistoriasqueinspiran\" width=\"42\" height=\"42\"\/>\n\t\t\t\t\t\t<\/div>\n\t\t\t\t\t\t<div class=\"wpz-insta-buttons\">\n\t\t\t\t\t\t\t<div class=\"wpz-insta-username\">\n\t\t\t\t\t\t\t\t<a rel=\"noopener\" target=\"_blank\" href=\"https:\/\/instagram.com\/resiplushistoriasqueinspiran\">@resiplushistoriasqueinspiran<\/a>\n\t\t\t\t\t\t\t<\/div>\n\t\t\t\t\t\t\t<div>&bull;<\/div>\n\t\t\t\t\t\t\t<div class=\"wpz-insta-follow\">\n\t\t\t\t\t\t\t\t<a target=\"_blank\" rel=\"noopener\"\n\t\t\t\t\t\t\t\thref=\"https:\/\/instagram.com\/resiplushistoriasqueinspiran?ref=badge\">\n\t\t\t\t\t\t\t\t\tFollow\n\t\t\t\t\t\t\t\t<\/a>\n\t\t\t\t\t\t\t<\/div>\n\t\t\t\t\t\t<\/div>\n\t\t\t\t\t<\/div><div class=\"wpz-insta-caption\">Repost | Historias que inspiran | \n\nAna cumpli\u00f3 100 a\u00f1os y sus vecinos la sorprendieron festej\u00e1ndolo en el barrio....\n\nAna Marciana Nazaruc, la mujer que celebr\u00f3 este viernes un hito extraordinario en su vida: alcanzar los 100 a\u00f1os de edad. Pero m\u00e1s all\u00e1 de ser un simple acontecimiento, la historia de Ana es un testimonio vivo de dedicaci\u00f3n, humildad y solidaridad. Nacida el 28 de marzo de 1924, Ana es la mayor de tres hermanas que dedicaron sus vidas al arte de la costura. Juntas, vivieron toda su existencia en la misma casa, una construcci\u00f3n que ha sido testigo de sus risas, sus sue\u00f1os y sus historias compartidas\n\nFuente: @canalsietebb<\/div><div class=\"wpz-insta-date\">2 anys ago<\/div><div class=\"view-post\">\n\t\t\t\t\t<a href=\"https:\/\/www.instagram.com\/p\/C5VhFdYujYl\/\" target=\"_blank\" rel=\"noopener\"><span class=\"dashicons dashicons-instagram\"><\/span>View on Instagram<\/a>\n\t\t\t\t\t<span class=\"delimiter\">|<\/span>\n\t\t\t\t\t<div class=\"wpz-insta-pagination\">35\/35<\/div>\n\t\t\t\t\t<\/div><\/div><\/div><\/div><\/div><div class=\"swiper-button-prev\"><\/div><div class=\"swiper-button-next\"><\/div><\/div><\/div><\/div>\n\n\n\t\t<\/div>\n\t\t\t\t\t<\/div>\n\n\t\n\n<\/div>\n\n<\/div>\n<div id=\"tab_som-r+\" class=\"panel entry-content\" role=\"tabpanel\" aria-labelledby=\"tab-som-r+\">\n\n\n  \n    <div class=\"row large-columns-4 medium-columns-1 small-columns-1\" >\n  <div class=\"col post-item\" >\n\t\t\t<div class=\"col-inner\">\n\t\t\t\t<div class=\"box box-normal box-text-bottom box-blog-post has-hover\">\n            \t\t\t\t\t<div class=\"box-image\" >\n  \t\t\t\t\t\t<div class=\"image-cover\" style=\"padding-top:100%;\">\n\t\t\t\t\t\t\t<a href=\"https:\/\/addinformatica.com\/ca\/som-resiplus\/som-les-lletres-de-la-nostra-historia-de-vida\/\" class=\"plain\" aria-label=\"Som les lletres de la nostra hist\u00f2ria de vida\">\n\t\t\t\t\t\t\t\t<img loading=\"lazy\" decoding=\"async\" width=\"1917\" height=\"1906\" src=\"https:\/\/addinformatica.com\/wp-content\/uploads\/2022\/07\/banner-web-video-4.png\" class=\"attachment-original size-original wp-post-image\" alt=\"\" srcset=\"https:\/\/addinformatica.com\/wp-content\/uploads\/2022\/07\/banner-web-video-4.png 1917w, https:\/\/addinformatica.com\/wp-content\/uploads\/2022\/07\/banner-web-video-4-300x298.png 300w, https:\/\/addinformatica.com\/wp-content\/uploads\/2022\/07\/banner-web-video-4-1024x1018.png 1024w, https:\/\/addinformatica.com\/wp-content\/uploads\/2022\/07\/banner-web-video-4-150x150.png 150w, https:\/\/addinformatica.com\/wp-content\/uploads\/2022\/07\/banner-web-video-4-768x764.png 768w, https:\/\/addinformatica.com\/wp-content\/uploads\/2022\/07\/banner-web-video-4-1536x1527.png 1536w\" sizes=\"auto, (max-width: 1917px) 100vw, 1917px\" \/>\t\t\t\t\t\t\t<\/a>\n  \t\t\t\t\t\t\t  \t\t\t\t\t\t\t  \t\t\t\t\t\t<\/div>\n  \t\t\t\t\t\t  \t\t\t\t\t<\/div>\n          \t\t\t\t\t<div class=\"box-text text-left is-small\" style=\"padding:0px 0px 0px 0px;\">\n\t\t\t\t\t<div class=\"box-text-inner blog-post-inner\">\n\n\t\t\t\t\t\n\t\t\t\t\t\t\t\t\t\t<h5 class=\"post-title is-large \">\n\t\t\t\t\t\t<a href=\"https:\/\/addinformatica.com\/ca\/som-resiplus\/som-les-lletres-de-la-nostra-historia-de-vida\/\" class=\"plain\">Som les lletres de la nostra hist\u00f2ria de vida<\/a>\n\t\t\t\t\t<\/h5>\n\t\t\t\t\t\t\t\t\t\t<div class=\"is-divider\"><\/div>\n\t\t\t\t\t\t\t\t\t\t<p class=\"from_the_blog_excerpt \">\n\t\t\t\t\t\tEn la seva hist\u00f2ria, ResiPlus\u00ae ha empr\u00e8s el [...]\t\t\t\t\t<\/p>\n\t\t\t\t\t                    \n\t\t\t\t\t\n\t\t\t\t\t\n\t\t\t\t\t<\/div>\n\t\t\t\t\t<\/div>\n\t\t\t\t\t\t\t\t\t<\/div>\n\t\t\t<\/div>\n\t\t<\/div><div class=\"col post-item\" >\n\t\t\t<div class=\"col-inner\">\n\t\t\t\t<div class=\"box box-normal box-text-bottom box-blog-post has-hover\">\n            \t\t\t\t\t<div class=\"box-image\" >\n  \t\t\t\t\t\t<div class=\"image-cover\" style=\"padding-top:100%;\">\n\t\t\t\t\t\t\t<a href=\"https:\/\/addinformatica.com\/ca\/som-resiplus\/cada-trucada-compta-cada-consulta-suma\/\" class=\"plain\" aria-label=\"Cada trucada compta\u2026 Cada consulta suma\u2026\">\n\t\t\t\t\t\t\t\t<img loading=\"lazy\" decoding=\"async\" width=\"676\" height=\"672\" src=\"https:\/\/addinformatica.com\/wp-content\/uploads\/2022\/01\/Somos-R_-VIDEO-3.png\" class=\"attachment-original size-original wp-post-image\" alt=\"\" srcset=\"https:\/\/addinformatica.com\/wp-content\/uploads\/2022\/01\/Somos-R_-VIDEO-3.png 676w, https:\/\/addinformatica.com\/wp-content\/uploads\/2022\/01\/Somos-R_-VIDEO-3-300x298.png 300w, https:\/\/addinformatica.com\/wp-content\/uploads\/2022\/01\/Somos-R_-VIDEO-3-150x150.png 150w\" sizes=\"auto, (max-width: 676px) 100vw, 676px\" \/>\t\t\t\t\t\t\t<\/a>\n  \t\t\t\t\t\t\t  \t\t\t\t\t\t\t  \t\t\t\t\t\t<\/div>\n  \t\t\t\t\t\t  \t\t\t\t\t<\/div>\n          \t\t\t\t\t<div class=\"box-text text-left is-small\" style=\"padding:0px 0px 0px 0px;\">\n\t\t\t\t\t<div class=\"box-text-inner blog-post-inner\">\n\n\t\t\t\t\t\n\t\t\t\t\t\t\t\t\t\t<h5 class=\"post-title is-large \">\n\t\t\t\t\t\t<a href=\"https:\/\/addinformatica.com\/ca\/som-resiplus\/cada-trucada-compta-cada-consulta-suma\/\" class=\"plain\">Cada trucada compta\u2026 Cada consulta suma\u2026<\/a>\n\t\t\t\t\t<\/h5>\n\t\t\t\t\t\t\t\t\t\t<div class=\"is-divider\"><\/div>\n\t\t\t\t\t\t\t\t\t\t<p class=\"from_the_blog_excerpt \">\n\t\t\t\t\t\t\t\t\t\t\t<\/p>\n\t\t\t\t\t                    \n\t\t\t\t\t\n\t\t\t\t\t\n\t\t\t\t\t<\/div>\n\t\t\t\t\t<\/div>\n\t\t\t\t\t\t\t\t\t<\/div>\n\t\t\t<\/div>\n\t\t<\/div><div class=\"col post-item\" >\n\t\t\t<div class=\"col-inner\">\n\t\t\t\t<div class=\"box box-normal box-text-bottom box-blog-post has-hover\">\n            \t\t\t\t\t<div class=\"box-image\" >\n  \t\t\t\t\t\t<div class=\"image-cover\" style=\"padding-top:100%;\">\n\t\t\t\t\t\t\t<a href=\"https:\/\/addinformatica.com\/ca\/som-resiplus\/dia-a-dia-duna-residencia-amb-resiplus\/\" class=\"plain\" aria-label=\"Dia a dia d&#8217;una resid\u00e8ncia amb ResiPlus\">\n\t\t\t\t\t\t\t\t<img loading=\"lazy\" decoding=\"async\" width=\"689\" height=\"504\" src=\"https:\/\/addinformatica.com\/wp-content\/uploads\/2021\/11\/Captura-de-pantalla-2021-11-11-a-las-18.30.23.png\" class=\"attachment-original size-original wp-post-image\" alt=\"\" srcset=\"https:\/\/addinformatica.com\/wp-content\/uploads\/2021\/11\/Captura-de-pantalla-2021-11-11-a-las-18.30.23.png 689w, https:\/\/addinformatica.com\/wp-content\/uploads\/2021\/11\/Captura-de-pantalla-2021-11-11-a-las-18.30.23-300x219.png 300w\" sizes=\"auto, (max-width: 689px) 100vw, 689px\" \/>\t\t\t\t\t\t\t<\/a>\n  \t\t\t\t\t\t\t  \t\t\t\t\t\t\t  \t\t\t\t\t\t<\/div>\n  \t\t\t\t\t\t  \t\t\t\t\t<\/div>\n          \t\t\t\t\t<div class=\"box-text text-left is-small\" style=\"padding:0px 0px 0px 0px;\">\n\t\t\t\t\t<div class=\"box-text-inner blog-post-inner\">\n\n\t\t\t\t\t\n\t\t\t\t\t\t\t\t\t\t<h5 class=\"post-title is-large \">\n\t\t\t\t\t\t<a href=\"https:\/\/addinformatica.com\/ca\/som-resiplus\/dia-a-dia-duna-residencia-amb-resiplus\/\" class=\"plain\">Dia a dia d&#8217;una resid\u00e8ncia amb ResiPlus<\/a>\n\t\t\t\t\t<\/h5>\n\t\t\t\t\t\t\t\t\t\t<div class=\"is-divider\"><\/div>\n\t\t\t\t\t\t\t\t\t\t<p class=\"from_the_blog_excerpt \">\n\t\t\t\t\t\t\t\t\t\t\t<\/p>\n\t\t\t\t\t                    \n\t\t\t\t\t\n\t\t\t\t\t\n\t\t\t\t\t<\/div>\n\t\t\t\t\t<\/div>\n\t\t\t\t\t\t\t\t\t<\/div>\n\t\t\t<\/div>\n\t\t<\/div><div class=\"col post-item\" >\n\t\t\t<div class=\"col-inner\">\n\t\t\t\t<div class=\"box box-normal box-text-bottom box-blog-post has-hover\">\n            \t\t\t\t\t<div class=\"box-image\" >\n  \t\t\t\t\t\t<div class=\"image-cover\" style=\"padding-top:100%;\">\n\t\t\t\t\t\t\t<a href=\"https:\/\/addinformatica.com\/ca\/som-resiplus\/som-resiplus\/\" class=\"plain\" aria-label=\"Som ResiPlus\">\n\t\t\t\t\t\t\t\t<img loading=\"lazy\" decoding=\"async\" width=\"12163\" height=\"7470\" src=\"https:\/\/addinformatica.com\/wp-content\/uploads\/2021\/09\/BANNER-SOMO-R-24.png\" class=\"attachment-original size-original wp-post-image\" alt=\"\" srcset=\"https:\/\/addinformatica.com\/wp-content\/uploads\/2021\/09\/BANNER-SOMO-R-24.png 12163w, https:\/\/addinformatica.com\/wp-content\/uploads\/2021\/09\/BANNER-SOMO-R-24-300x184.png 300w, https:\/\/addinformatica.com\/wp-content\/uploads\/2021\/09\/BANNER-SOMO-R-24-1024x629.png 1024w, https:\/\/addinformatica.com\/wp-content\/uploads\/2021\/09\/BANNER-SOMO-R-24-768x472.png 768w, https:\/\/addinformatica.com\/wp-content\/uploads\/2021\/09\/BANNER-SOMO-R-24-1536x943.png 1536w, https:\/\/addinformatica.com\/wp-content\/uploads\/2021\/09\/BANNER-SOMO-R-24-2048x1258.png 2048w\" sizes=\"auto, (max-width: 12163px) 100vw, 12163px\" \/>\t\t\t\t\t\t\t<\/a>\n  \t\t\t\t\t\t\t  \t\t\t\t\t\t\t  \t\t\t\t\t\t<\/div>\n  \t\t\t\t\t\t  \t\t\t\t\t<\/div>\n          \t\t\t\t\t<div class=\"box-text text-left is-small\" style=\"padding:0px 0px 0px 0px;\">\n\t\t\t\t\t<div class=\"box-text-inner blog-post-inner\">\n\n\t\t\t\t\t\n\t\t\t\t\t\t\t\t\t\t<h5 class=\"post-title is-large \">\n\t\t\t\t\t\t<a href=\"https:\/\/addinformatica.com\/ca\/som-resiplus\/som-resiplus\/\" class=\"plain\">Som ResiPlus<\/a>\n\t\t\t\t\t<\/h5>\n\t\t\t\t\t\t\t\t\t\t<div class=\"is-divider\"><\/div>\n\t\t\t\t\t\t\t\t\t\t<p class=\"from_the_blog_excerpt \">\n\t\t\t\t\t\tAcompanya&#8217;ns en les nostres petites i divertides hist\u00f2ries [...]\t\t\t\t\t<\/p>\n\t\t\t\t\t                    \n\t\t\t\t\t\n\t\t\t\t\t\n\t\t\t\t\t<\/div>\n\t\t\t\t\t<\/div>\n\t\t\t\t\t\t\t\t\t<\/div>\n\t\t\t<\/div>\n\t\t<\/div><\/div>\n\n\n<\/div>\n<div id=\"tab_noticies\" class=\"panel entry-content\" role=\"tabpanel\" aria-labelledby=\"tab-noticies\">\n\n\n  \n    <div class=\"row large-columns-4 medium-columns-1 small-columns-1\" >\n  <div class=\"col post-item\" >\n\t\t\t<div class=\"col-inner\">\n\t\t\t\t<div class=\"box box-normal box-text-bottom box-blog-post has-hover\">\n            \t\t\t\t\t<div class=\"box-image\" >\n  \t\t\t\t\t\t<div class=\"image-cover\" style=\"padding-top:100%;\">\n\t\t\t\t\t\t\t<a href=\"https:\/\/addinformatica.com\/ca\/noticies\/com-es-pot-fomentar-lhabit-de-la-lectura-en-nens-i-adolescents\/\" class=\"plain\" aria-label=\"Com es pot fomentar l&#8217;h\u00e0bit de la lectura en nens i adolescents?\">\n\t\t\t\t\t\t\t\t<img loading=\"lazy\" decoding=\"async\" width=\"1200\" height=\"800\" src=\"https:\/\/addinformatica.com\/wp-content\/uploads\/2026\/03\/como-fomentar-el-habito-de-la-lectura-en-ninos-y-adolescentes.jpg\" class=\"attachment-original size-original wp-post-image\" alt=\"\" srcset=\"https:\/\/addinformatica.com\/wp-content\/uploads\/2026\/03\/como-fomentar-el-habito-de-la-lectura-en-ninos-y-adolescentes.jpg 1200w, https:\/\/addinformatica.com\/wp-content\/uploads\/2026\/03\/como-fomentar-el-habito-de-la-lectura-en-ninos-y-adolescentes-300x200.jpg 300w, https:\/\/addinformatica.com\/wp-content\/uploads\/2026\/03\/como-fomentar-el-habito-de-la-lectura-en-ninos-y-adolescentes-1024x683.jpg 1024w, https:\/\/addinformatica.com\/wp-content\/uploads\/2026\/03\/como-fomentar-el-habito-de-la-lectura-en-ninos-y-adolescentes-768x512.jpg 768w\" sizes=\"auto, (max-width: 1200px) 100vw, 1200px\" \/>\t\t\t\t\t\t\t<\/a>\n  \t\t\t\t\t\t\t  \t\t\t\t\t\t\t  \t\t\t\t\t\t<\/div>\n  \t\t\t\t\t\t  \t\t\t\t\t<\/div>\n          \t\t\t\t\t<div class=\"box-text text-left is-small\" style=\"padding:0px 0px 0px 0px;\">\n\t\t\t\t\t<div class=\"box-text-inner blog-post-inner\">\n\n\t\t\t\t\t\n\t\t\t\t\t\t\t\t\t\t<h5 class=\"post-title is-large \">\n\t\t\t\t\t\t<a href=\"https:\/\/addinformatica.com\/ca\/noticies\/com-es-pot-fomentar-lhabit-de-la-lectura-en-nens-i-adolescents\/\" class=\"plain\">Com es pot fomentar l&#8217;h\u00e0bit de la lectura en nens i adolescents?<\/a>\n\t\t\t\t\t<\/h5>\n\t\t\t\t\t\t\t\t\t\t<div class=\"is-divider\"><\/div>\n\t\t\t\t\t\t\t\t\t\t<p class=\"from_the_blog_excerpt \">\n\t\t\t\t\t\tLa lectura \u00e9s considerada una poderosa eina per [...]\t\t\t\t\t<\/p>\n\t\t\t\t\t                    \n\t\t\t\t\t\n\t\t\t\t\t\n\t\t\t\t\t<\/div>\n\t\t\t\t\t<\/div>\n\t\t\t\t\t\t\t\t\t<\/div>\n\t\t\t<\/div>\n\t\t<\/div><div class=\"col post-item\" >\n\t\t\t<div class=\"col-inner\">\n\t\t\t\t<div class=\"box box-normal box-text-bottom box-blog-post has-hover\">\n            \t\t\t\t\t<div class=\"box-image\" >\n  \t\t\t\t\t\t<div class=\"image-cover\" style=\"padding-top:100%;\">\n\t\t\t\t\t\t\t<a href=\"https:\/\/addinformatica.com\/ca\/noticies\/dia-internacional-de-lautisme-continua-la-feina-cap-a-una-societat-mes-inclusiva\/\" class=\"plain\" aria-label=\"Dia Internacional de l&#8217;Autisme: continua la feina cap a una societat m\u00e9s inclusiva\">\n\t\t\t\t\t\t\t\t<img loading=\"lazy\" decoding=\"async\" width=\"1200\" height=\"800\" src=\"https:\/\/addinformatica.com\/wp-content\/uploads\/2026\/03\/dia-internacional-del-autismo-continua-el-trabajo-hacia-una-sociedad-mas-inclusiva.jpg\" class=\"attachment-original size-original wp-post-image\" alt=\"\" srcset=\"https:\/\/addinformatica.com\/wp-content\/uploads\/2026\/03\/dia-internacional-del-autismo-continua-el-trabajo-hacia-una-sociedad-mas-inclusiva.jpg 1200w, https:\/\/addinformatica.com\/wp-content\/uploads\/2026\/03\/dia-internacional-del-autismo-continua-el-trabajo-hacia-una-sociedad-mas-inclusiva-300x200.jpg 300w, https:\/\/addinformatica.com\/wp-content\/uploads\/2026\/03\/dia-internacional-del-autismo-continua-el-trabajo-hacia-una-sociedad-mas-inclusiva-1024x683.jpg 1024w, https:\/\/addinformatica.com\/wp-content\/uploads\/2026\/03\/dia-internacional-del-autismo-continua-el-trabajo-hacia-una-sociedad-mas-inclusiva-768x512.jpg 768w\" sizes=\"auto, (max-width: 1200px) 100vw, 1200px\" \/>\t\t\t\t\t\t\t<\/a>\n  \t\t\t\t\t\t\t  \t\t\t\t\t\t\t  \t\t\t\t\t\t<\/div>\n  \t\t\t\t\t\t  \t\t\t\t\t<\/div>\n          \t\t\t\t\t<div class=\"box-text text-left is-small\" style=\"padding:0px 0px 0px 0px;\">\n\t\t\t\t\t<div class=\"box-text-inner blog-post-inner\">\n\n\t\t\t\t\t\n\t\t\t\t\t\t\t\t\t\t<h5 class=\"post-title is-large \">\n\t\t\t\t\t\t<a href=\"https:\/\/addinformatica.com\/ca\/noticies\/dia-internacional-de-lautisme-continua-la-feina-cap-a-una-societat-mes-inclusiva\/\" class=\"plain\">Dia Internacional de l&#8217;Autisme: continua la feina cap a una societat m\u00e9s inclusiva<\/a>\n\t\t\t\t\t<\/h5>\n\t\t\t\t\t\t\t\t\t\t<div class=\"is-divider\"><\/div>\n\t\t\t\t\t\t\t\t\t\t<p class=\"from_the_blog_excerpt \">\n\t\t\t\t\t\tDes del 2008, el Dia Mundial de la [...]\t\t\t\t\t<\/p>\n\t\t\t\t\t                    \n\t\t\t\t\t\n\t\t\t\t\t\n\t\t\t\t\t<\/div>\n\t\t\t\t\t<\/div>\n\t\t\t\t\t\t\t\t\t<\/div>\n\t\t\t<\/div>\n\t\t<\/div><div class=\"col post-item\" >\n\t\t\t<div class=\"col-inner\">\n\t\t\t\t<div class=\"box box-normal box-text-bottom box-blog-post has-hover\">\n            \t\t\t\t\t<div class=\"box-image\" >\n  \t\t\t\t\t\t<div class=\"image-cover\" style=\"padding-top:100%;\">\n\t\t\t\t\t\t\t<a href=\"https:\/\/addinformatica.com\/ca\/noticies\/dia-internacional-del-treball-social-2026-construint-esperanca-i-harmonia-per-a-un-mon-millor\/\" class=\"plain\" aria-label=\"Dia Internacional del Treball Social 2026: construint esperan\u00e7a i harmonia per a un m\u00f3n millor\">\n\t\t\t\t\t\t\t\t<img loading=\"lazy\" decoding=\"async\" width=\"1200\" height=\"799\" src=\"https:\/\/addinformatica.com\/wp-content\/uploads\/2026\/03\/dia-internacional-del-trabajo-social-2026-construyendo-esperanza-y-armonia-para-un-mundo-mejor.jpg\" class=\"attachment-original size-original wp-post-image\" alt=\"\" srcset=\"https:\/\/addinformatica.com\/wp-content\/uploads\/2026\/03\/dia-internacional-del-trabajo-social-2026-construyendo-esperanza-y-armonia-para-un-mundo-mejor.jpg 1200w, https:\/\/addinformatica.com\/wp-content\/uploads\/2026\/03\/dia-internacional-del-trabajo-social-2026-construyendo-esperanza-y-armonia-para-un-mundo-mejor-300x200.jpg 300w, https:\/\/addinformatica.com\/wp-content\/uploads\/2026\/03\/dia-internacional-del-trabajo-social-2026-construyendo-esperanza-y-armonia-para-un-mundo-mejor-1024x682.jpg 1024w, https:\/\/addinformatica.com\/wp-content\/uploads\/2026\/03\/dia-internacional-del-trabajo-social-2026-construyendo-esperanza-y-armonia-para-un-mundo-mejor-768x511.jpg 768w\" sizes=\"auto, (max-width: 1200px) 100vw, 1200px\" \/>\t\t\t\t\t\t\t<\/a>\n  \t\t\t\t\t\t\t  \t\t\t\t\t\t\t  \t\t\t\t\t\t<\/div>\n  \t\t\t\t\t\t  \t\t\t\t\t<\/div>\n          \t\t\t\t\t<div class=\"box-text text-left is-small\" style=\"padding:0px 0px 0px 0px;\">\n\t\t\t\t\t<div class=\"box-text-inner blog-post-inner\">\n\n\t\t\t\t\t\n\t\t\t\t\t\t\t\t\t\t<h5 class=\"post-title is-large \">\n\t\t\t\t\t\t<a href=\"https:\/\/addinformatica.com\/ca\/noticies\/dia-internacional-del-treball-social-2026-construint-esperanca-i-harmonia-per-a-un-mon-millor\/\" class=\"plain\">Dia Internacional del Treball Social 2026: construint esperan\u00e7a i harmonia per a un m\u00f3n millor<\/a>\n\t\t\t\t\t<\/h5>\n\t\t\t\t\t\t\t\t\t\t<div class=\"is-divider\"><\/div>\n\t\t\t\t\t\t\t\t\t\t<p class=\"from_the_blog_excerpt \">\n\t\t\t\t\t\tDes del 2007, cada tercer dimarts del mes [...]\t\t\t\t\t<\/p>\n\t\t\t\t\t                    \n\t\t\t\t\t\n\t\t\t\t\t\n\t\t\t\t\t<\/div>\n\t\t\t\t\t<\/div>\n\t\t\t\t\t\t\t\t\t<\/div>\n\t\t\t<\/div>\n\t\t<\/div><div class=\"col post-item\" >\n\t\t\t<div class=\"col-inner\">\n\t\t\t\t<div class=\"box box-normal box-text-bottom box-blog-post has-hover\">\n            \t\t\t\t\t<div class=\"box-image\" >\n  \t\t\t\t\t\t<div class=\"image-cover\" style=\"padding-top:100%;\">\n\t\t\t\t\t\t\t<a href=\"https:\/\/addinformatica.com\/ca\/noticies\/dia-internacional-de-la-dona-rememorant-el-passat-de-lluita-i-enfocant-un-futur-mes-just\/\" class=\"plain\" aria-label=\"Dia Internacional de la Dona: rememorant el passat de lluita i enfocant un futur m\u00e9s just\">\n\t\t\t\t\t\t\t\t<img loading=\"lazy\" decoding=\"async\" width=\"1200\" height=\"800\" src=\"https:\/\/addinformatica.com\/wp-content\/uploads\/2026\/03\/dia-internacional-de-la-mujer-rememorando-el-pasado-de-lucha-y-enfocando-un-futuro-mas-justo.jpg\" class=\"attachment-original size-original wp-post-image\" alt=\"\" srcset=\"https:\/\/addinformatica.com\/wp-content\/uploads\/2026\/03\/dia-internacional-de-la-mujer-rememorando-el-pasado-de-lucha-y-enfocando-un-futuro-mas-justo.jpg 1200w, https:\/\/addinformatica.com\/wp-content\/uploads\/2026\/03\/dia-internacional-de-la-mujer-rememorando-el-pasado-de-lucha-y-enfocando-un-futuro-mas-justo-300x200.jpg 300w, https:\/\/addinformatica.com\/wp-content\/uploads\/2026\/03\/dia-internacional-de-la-mujer-rememorando-el-pasado-de-lucha-y-enfocando-un-futuro-mas-justo-1024x683.jpg 1024w, https:\/\/addinformatica.com\/wp-content\/uploads\/2026\/03\/dia-internacional-de-la-mujer-rememorando-el-pasado-de-lucha-y-enfocando-un-futuro-mas-justo-768x512.jpg 768w\" sizes=\"auto, (max-width: 1200px) 100vw, 1200px\" \/>\t\t\t\t\t\t\t<\/a>\n  \t\t\t\t\t\t\t  \t\t\t\t\t\t\t  \t\t\t\t\t\t<\/div>\n  \t\t\t\t\t\t  \t\t\t\t\t<\/div>\n          \t\t\t\t\t<div class=\"box-text text-left is-small\" style=\"padding:0px 0px 0px 0px;\">\n\t\t\t\t\t<div class=\"box-text-inner blog-post-inner\">\n\n\t\t\t\t\t\n\t\t\t\t\t\t\t\t\t\t<h5 class=\"post-title is-large \">\n\t\t\t\t\t\t<a href=\"https:\/\/addinformatica.com\/ca\/noticies\/dia-internacional-de-la-dona-rememorant-el-passat-de-lluita-i-enfocant-un-futur-mes-just\/\" class=\"plain\">Dia Internacional de la Dona: rememorant el passat de lluita i enfocant un futur m\u00e9s just<\/a>\n\t\t\t\t\t<\/h5>\n\t\t\t\t\t\t\t\t\t\t<div class=\"is-divider\"><\/div>\n\t\t\t\t\t\t\t\t\t\t<p class=\"from_the_blog_excerpt \">\n\t\t\t\t\t\tEl 8 de mar\u00e7 de cada any es [...]\t\t\t\t\t<\/p>\n\t\t\t\t\t                    \n\t\t\t\t\t\n\t\t\t\t\t\n\t\t\t\t\t<\/div>\n\t\t\t\t\t<\/div>\n\t\t\t\t\t\t\t\t\t<\/div>\n\t\t\t<\/div>\n\t\t<\/div><div class=\"col post-item\" >\n\t\t\t<div class=\"col-inner\">\n\t\t\t\t<div class=\"box box-normal box-text-bottom box-blog-post has-hover\">\n            \t\t\t\t\t<div class=\"box-image\" >\n  \t\t\t\t\t\t<div class=\"image-cover\" style=\"padding-top:100%;\">\n\t\t\t\t\t\t\t<a href=\"https:\/\/addinformatica.com\/ca\/noticies\/add-informatica-exposara-al-vii-congres-nacional-de-dependencia-i-sanitat-2026-les-potencialitats-de-resiplus\/\" class=\"plain\" aria-label=\"ADD inform\u00e0tica exposar\u00e0 al VII Congr\u00e9s Nacional de Depend\u00e8ncia i Sanitat 2026 les potencialitats de Resiplus\">\n\t\t\t\t\t\t\t\t<img loading=\"lazy\" decoding=\"async\" width=\"1200\" height=\"900\" src=\"https:\/\/addinformatica.com\/wp-content\/uploads\/2026\/02\/destacada-congreso-dependencia-2026.jpg\" class=\"attachment-original size-original wp-post-image\" alt=\"\" srcset=\"https:\/\/addinformatica.com\/wp-content\/uploads\/2026\/02\/destacada-congreso-dependencia-2026.jpg 1200w, https:\/\/addinformatica.com\/wp-content\/uploads\/2026\/02\/destacada-congreso-dependencia-2026-300x225.jpg 300w, https:\/\/addinformatica.com\/wp-content\/uploads\/2026\/02\/destacada-congreso-dependencia-2026-1024x768.jpg 1024w, https:\/\/addinformatica.com\/wp-content\/uploads\/2026\/02\/destacada-congreso-dependencia-2026-768x576.jpg 768w\" sizes=\"auto, (max-width: 1200px) 100vw, 1200px\" \/>\t\t\t\t\t\t\t<\/a>\n  \t\t\t\t\t\t\t  \t\t\t\t\t\t\t  \t\t\t\t\t\t<\/div>\n  \t\t\t\t\t\t  \t\t\t\t\t<\/div>\n          \t\t\t\t\t<div class=\"box-text text-left is-small\" style=\"padding:0px 0px 0px 0px;\">\n\t\t\t\t\t<div class=\"box-text-inner blog-post-inner\">\n\n\t\t\t\t\t\n\t\t\t\t\t\t\t\t\t\t<h5 class=\"post-title is-large \">\n\t\t\t\t\t\t<a href=\"https:\/\/addinformatica.com\/ca\/noticies\/add-informatica-exposara-al-vii-congres-nacional-de-dependencia-i-sanitat-2026-les-potencialitats-de-resiplus\/\" class=\"plain\">ADD inform\u00e0tica exposar\u00e0 al VII Congr\u00e9s Nacional de Depend\u00e8ncia i Sanitat 2026 les potencialitats de Resiplus<\/a>\n\t\t\t\t\t<\/h5>\n\t\t\t\t\t\t\t\t\t\t<div class=\"is-divider\"><\/div>\n\t\t\t\t\t\t\t\t\t\t<p class=\"from_the_blog_excerpt \">\n\t\t\t\t\t\tA ADD inform\u00e0tica ens sentim orgullosos d&#8217;anunciar que [...]\t\t\t\t\t<\/p>\n\t\t\t\t\t                    \n\t\t\t\t\t\n\t\t\t\t\t\n\t\t\t\t\t<\/div>\n\t\t\t\t\t<\/div>\n\t\t\t\t\t\t\t\t\t<\/div>\n\t\t\t<\/div>\n\t\t<\/div><div class=\"col post-item\" >\n\t\t\t<div class=\"col-inner\">\n\t\t\t\t<div class=\"box box-normal box-text-bottom box-blog-post has-hover\">\n            \t\t\t\t\t<div class=\"box-image\" >\n  \t\t\t\t\t\t<div class=\"image-cover\" style=\"padding-top:100%;\">\n\t\t\t\t\t\t\t<a href=\"https:\/\/addinformatica.com\/ca\/noticies\/esperanca-a-cada-batec-un-tribut-a-la-resiliencia-al-dia-internacional-contra-el-cancer\/\" class=\"plain\" aria-label=\"Esperan\u00e7a a cada batec: Un tribut a la resili\u00e8ncia al Dia Internacional contra el C\u00e0ncer\">\n\t\t\t\t\t\t\t\t<img loading=\"lazy\" decoding=\"async\" width=\"1200\" height=\"800\" src=\"https:\/\/addinformatica.com\/wp-content\/uploads\/2026\/02\/organizaciones-que-acompanyan-angeles-en-el-camino.jpg\" class=\"attachment-original size-original wp-post-image\" alt=\"\" srcset=\"https:\/\/addinformatica.com\/wp-content\/uploads\/2026\/02\/organizaciones-que-acompanyan-angeles-en-el-camino.jpg 1200w, https:\/\/addinformatica.com\/wp-content\/uploads\/2026\/02\/organizaciones-que-acompanyan-angeles-en-el-camino-300x200.jpg 300w, https:\/\/addinformatica.com\/wp-content\/uploads\/2026\/02\/organizaciones-que-acompanyan-angeles-en-el-camino-1024x683.jpg 1024w, https:\/\/addinformatica.com\/wp-content\/uploads\/2026\/02\/organizaciones-que-acompanyan-angeles-en-el-camino-768x512.jpg 768w\" sizes=\"auto, (max-width: 1200px) 100vw, 1200px\" \/>\t\t\t\t\t\t\t<\/a>\n  \t\t\t\t\t\t\t  \t\t\t\t\t\t\t  \t\t\t\t\t\t<\/div>\n  \t\t\t\t\t\t  \t\t\t\t\t<\/div>\n          \t\t\t\t\t<div class=\"box-text text-left is-small\" style=\"padding:0px 0px 0px 0px;\">\n\t\t\t\t\t<div class=\"box-text-inner blog-post-inner\">\n\n\t\t\t\t\t\n\t\t\t\t\t\t\t\t\t\t<h5 class=\"post-title is-large \">\n\t\t\t\t\t\t<a href=\"https:\/\/addinformatica.com\/ca\/noticies\/esperanca-a-cada-batec-un-tribut-a-la-resiliencia-al-dia-internacional-contra-el-cancer\/\" class=\"plain\">Esperan\u00e7a a cada batec: Un tribut a la resili\u00e8ncia al Dia Internacional contra el C\u00e0ncer<\/a>\n\t\t\t\t\t<\/h5>\n\t\t\t\t\t\t\t\t\t\t<div class=\"is-divider\"><\/div>\n\t\t\t\t\t\t\t\t\t\t<p class=\"from_the_blog_excerpt \">\n\t\t\t\t\t\tEl 4 de febrer no \u00e9s una data [...]\t\t\t\t\t<\/p>\n\t\t\t\t\t                    \n\t\t\t\t\t\n\t\t\t\t\t\n\t\t\t\t\t<\/div>\n\t\t\t\t\t<\/div>\n\t\t\t\t\t\t\t\t\t<\/div>\n\t\t\t<\/div>\n\t\t<\/div><div class=\"col post-item\" >\n\t\t\t<div class=\"col-inner\">\n\t\t\t\t<div class=\"box box-normal box-text-bottom box-blog-post has-hover\">\n            \t\t\t\t\t<div class=\"box-image\" >\n  \t\t\t\t\t\t<div class=\"image-cover\" style=\"padding-top:100%;\">\n\t\t\t\t\t\t\t<a href=\"https:\/\/addinformatica.com\/ca\/noticies\/aquests-son-els-guanyadors-del-13e-concurs-navcia-2025-2026\/\" class=\"plain\" aria-label=\"Aquests s\u00f3n els guanyadors del 13\u00e8 Concurs NAV&#038;CIA 2025-2026\">\n\t\t\t\t\t\t\t\t<img loading=\"lazy\" decoding=\"async\" width=\"850\" height=\"577\" src=\"https:\/\/addinformatica.com\/wp-content\/uploads\/2025\/11\/Navcia-2025-26-popup-CA.jpg\" class=\"attachment-original size-original wp-post-image\" alt=\"\" srcset=\"https:\/\/addinformatica.com\/wp-content\/uploads\/2025\/11\/Navcia-2025-26-popup-CA.jpg 850w, https:\/\/addinformatica.com\/wp-content\/uploads\/2025\/11\/Navcia-2025-26-popup-CA-300x204.jpg 300w, https:\/\/addinformatica.com\/wp-content\/uploads\/2025\/11\/Navcia-2025-26-popup-CA-768x521.jpg 768w\" sizes=\"auto, (max-width: 850px) 100vw, 850px\" \/>\t\t\t\t\t\t\t<\/a>\n  \t\t\t\t\t\t\t  \t\t\t\t\t\t\t  \t\t\t\t\t\t<\/div>\n  \t\t\t\t\t\t  \t\t\t\t\t<\/div>\n          \t\t\t\t\t<div class=\"box-text text-left is-small\" style=\"padding:0px 0px 0px 0px;\">\n\t\t\t\t\t<div class=\"box-text-inner blog-post-inner\">\n\n\t\t\t\t\t\n\t\t\t\t\t\t\t\t\t\t<h5 class=\"post-title is-large \">\n\t\t\t\t\t\t<a href=\"https:\/\/addinformatica.com\/ca\/noticies\/aquests-son-els-guanyadors-del-13e-concurs-navcia-2025-2026\/\" class=\"plain\">Aquests s\u00f3n els guanyadors del 13\u00e8 Concurs NAV&#038;CIA 2025-2026<\/a>\n\t\t\t\t\t<\/h5>\n\t\t\t\t\t\t\t\t\t\t<div class=\"is-divider\"><\/div>\n\t\t\t\t\t\t\t\t\t\t<p class=\"from_the_blog_excerpt \">\n\t\t\t\t\t\t\t\t\t\t\t<\/p>\n\t\t\t\t\t                    \n\t\t\t\t\t\n\t\t\t\t\t\n\t\t\t\t\t<\/div>\n\t\t\t\t\t<\/div>\n\t\t\t\t\t\t\t\t\t<\/div>\n\t\t\t<\/div>\n\t\t<\/div><div class=\"col post-item\" >\n\t\t\t<div class=\"col-inner\">\n\t\t\t\t<div class=\"box box-normal box-text-bottom box-blog-post has-hover\">\n            \t\t\t\t\t<div class=\"box-image\" >\n  \t\t\t\t\t\t<div class=\"image-cover\" style=\"padding-top:100%;\">\n\t\t\t\t\t\t\t<a href=\"https:\/\/addinformatica.com\/ca\/noticies\/abordatge-multidisciplinar-clau-per-a-la-deteccio-precoc-i-maneig-de-la-fragilitat-en-persones-grans\/\" class=\"plain\" aria-label=\"Abordatge multidisciplinar: clau per a la detecci\u00f3 preco\u00e7 i maneig de la fragilitat en persones grans\">\n\t\t\t\t\t\t\t\t<img loading=\"lazy\" decoding=\"async\" width=\"1200\" height=\"801\" src=\"https:\/\/addinformatica.com\/wp-content\/uploads\/2025\/11\/el-abordaje-multidisplinar-como-clave-para-la-deteccion-precoz-y-manejo-de-la-fragilidad-en-personas-mayores.jpg\" class=\"attachment-original size-original wp-post-image\" alt=\"\" srcset=\"https:\/\/addinformatica.com\/wp-content\/uploads\/2025\/11\/el-abordaje-multidisplinar-como-clave-para-la-deteccion-precoz-y-manejo-de-la-fragilidad-en-personas-mayores.jpg 1200w, https:\/\/addinformatica.com\/wp-content\/uploads\/2025\/11\/el-abordaje-multidisplinar-como-clave-para-la-deteccion-precoz-y-manejo-de-la-fragilidad-en-personas-mayores-300x200.jpg 300w, https:\/\/addinformatica.com\/wp-content\/uploads\/2025\/11\/el-abordaje-multidisplinar-como-clave-para-la-deteccion-precoz-y-manejo-de-la-fragilidad-en-personas-mayores-1024x684.jpg 1024w, https:\/\/addinformatica.com\/wp-content\/uploads\/2025\/11\/el-abordaje-multidisplinar-como-clave-para-la-deteccion-precoz-y-manejo-de-la-fragilidad-en-personas-mayores-768x513.jpg 768w\" sizes=\"auto, (max-width: 1200px) 100vw, 1200px\" \/>\t\t\t\t\t\t\t<\/a>\n  \t\t\t\t\t\t\t  \t\t\t\t\t\t\t  \t\t\t\t\t\t<\/div>\n  \t\t\t\t\t\t  \t\t\t\t\t<\/div>\n          \t\t\t\t\t<div class=\"box-text text-left is-small\" style=\"padding:0px 0px 0px 0px;\">\n\t\t\t\t\t<div class=\"box-text-inner blog-post-inner\">\n\n\t\t\t\t\t\n\t\t\t\t\t\t\t\t\t\t<h5 class=\"post-title is-large \">\n\t\t\t\t\t\t<a href=\"https:\/\/addinformatica.com\/ca\/noticies\/abordatge-multidisciplinar-clau-per-a-la-deteccio-precoc-i-maneig-de-la-fragilitat-en-persones-grans\/\" class=\"plain\">Abordatge multidisciplinar: clau per a la detecci\u00f3 preco\u00e7 i maneig de la fragilitat en persones grans<\/a>\n\t\t\t\t\t<\/h5>\n\t\t\t\t\t\t\t\t\t\t<div class=\"is-divider\"><\/div>\n\t\t\t\t\t\t\t\t\t\t<p class=\"from_the_blog_excerpt \">\n\t\t\t\t\t\tL&#8217;envelliment comporta nombrosos reptes. Un dels m\u00e9s importants [...]\t\t\t\t\t<\/p>\n\t\t\t\t\t                    \n\t\t\t\t\t\n\t\t\t\t\t\n\t\t\t\t\t<\/div>\n\t\t\t\t\t<\/div>\n\t\t\t\t\t\t\t\t\t<\/div>\n\t\t\t<\/div>\n\t\t<\/div><div class=\"col post-item\" >\n\t\t\t<div class=\"col-inner\">\n\t\t\t\t<div class=\"box box-normal box-text-bottom box-blog-post has-hover\">\n            \t\t\t\t\t<div class=\"box-image\" >\n  \t\t\t\t\t\t<div class=\"image-cover\" style=\"padding-top:100%;\">\n\t\t\t\t\t\t\t<a href=\"https:\/\/addinformatica.com\/ca\/noticies\/dia-mundial-de-lorfe-una-crida-a-la-consciencia-lempatia-i-laccio\/\" class=\"plain\" aria-label=\"Dia Mundial de l&#8217;Orfe: una crida a la consci\u00e8ncia, l&#8217;empatia i l&#8217;acci\u00f3\">\n\t\t\t\t\t\t\t\t<img loading=\"lazy\" decoding=\"async\" width=\"1200\" height=\"799\" src=\"https:\/\/addinformatica.com\/wp-content\/uploads\/2025\/11\/dia-mundial-del-huerfano-es-un-llamado-a-la-conciencia-y-la-accion.jpg\" class=\"attachment-original size-original wp-post-image\" alt=\"\" srcset=\"https:\/\/addinformatica.com\/wp-content\/uploads\/2025\/11\/dia-mundial-del-huerfano-es-un-llamado-a-la-conciencia-y-la-accion.jpg 1200w, https:\/\/addinformatica.com\/wp-content\/uploads\/2025\/11\/dia-mundial-del-huerfano-es-un-llamado-a-la-conciencia-y-la-accion-300x200.jpg 300w, https:\/\/addinformatica.com\/wp-content\/uploads\/2025\/11\/dia-mundial-del-huerfano-es-un-llamado-a-la-conciencia-y-la-accion-1024x682.jpg 1024w, https:\/\/addinformatica.com\/wp-content\/uploads\/2025\/11\/dia-mundial-del-huerfano-es-un-llamado-a-la-conciencia-y-la-accion-768x511.jpg 768w\" sizes=\"auto, (max-width: 1200px) 100vw, 1200px\" \/>\t\t\t\t\t\t\t<\/a>\n  \t\t\t\t\t\t\t  \t\t\t\t\t\t\t  \t\t\t\t\t\t<\/div>\n  \t\t\t\t\t\t  \t\t\t\t\t<\/div>\n          \t\t\t\t\t<div class=\"box-text text-left is-small\" style=\"padding:0px 0px 0px 0px;\">\n\t\t\t\t\t<div class=\"box-text-inner blog-post-inner\">\n\n\t\t\t\t\t\n\t\t\t\t\t\t\t\t\t\t<h5 class=\"post-title is-large \">\n\t\t\t\t\t\t<a href=\"https:\/\/addinformatica.com\/ca\/noticies\/dia-mundial-de-lorfe-una-crida-a-la-consciencia-lempatia-i-laccio\/\" class=\"plain\">Dia Mundial de l&#8217;Orfe: una crida a la consci\u00e8ncia, l&#8217;empatia i l&#8217;acci\u00f3<\/a>\n\t\t\t\t\t<\/h5>\n\t\t\t\t\t\t\t\t\t\t<div class=\"is-divider\"><\/div>\n\t\t\t\t\t\t\t\t\t\t<p class=\"from_the_blog_excerpt \">\n\t\t\t\t\t\tEl Dia Mundial de l&#8217;orfe se celebra cada [...]\t\t\t\t\t<\/p>\n\t\t\t\t\t                    \n\t\t\t\t\t\n\t\t\t\t\t\n\t\t\t\t\t<\/div>\n\t\t\t\t\t<\/div>\n\t\t\t\t\t\t\t\t\t<\/div>\n\t\t\t<\/div>\n\t\t<\/div><div class=\"col post-item\" >\n\t\t\t<div class=\"col-inner\">\n\t\t\t\t<div class=\"box box-normal box-text-bottom box-blog-post has-hover\">\n            \t\t\t\t\t<div class=\"box-image\" >\n  \t\t\t\t\t\t<div class=\"image-cover\" style=\"padding-top:100%;\">\n\t\t\t\t\t\t\t<a href=\"https:\/\/addinformatica.com\/ca\/noticies\/dia-internacional-de-la-salut-mental-i-com-tenir-ne-cura-des-de-la-infancia\/\" class=\"plain\" aria-label=\"Dia internacional de la salut mental i com tenir-ne cura des de la inf\u00e0ncia\">\n\t\t\t\t\t\t\t\t<img loading=\"lazy\" decoding=\"async\" width=\"1200\" height=\"800\" src=\"https:\/\/addinformatica.com\/wp-content\/uploads\/2025\/10\/dia-internacional-de-la-salud-mental-y-como-cuidarla-desde-la-infancia.jpg\" class=\"attachment-original size-original wp-post-image\" alt=\"\" srcset=\"https:\/\/addinformatica.com\/wp-content\/uploads\/2025\/10\/dia-internacional-de-la-salud-mental-y-como-cuidarla-desde-la-infancia.jpg 1200w, https:\/\/addinformatica.com\/wp-content\/uploads\/2025\/10\/dia-internacional-de-la-salud-mental-y-como-cuidarla-desde-la-infancia-300x200.jpg 300w, https:\/\/addinformatica.com\/wp-content\/uploads\/2025\/10\/dia-internacional-de-la-salud-mental-y-como-cuidarla-desde-la-infancia-1024x683.jpg 1024w, https:\/\/addinformatica.com\/wp-content\/uploads\/2025\/10\/dia-internacional-de-la-salud-mental-y-como-cuidarla-desde-la-infancia-768x512.jpg 768w\" sizes=\"auto, (max-width: 1200px) 100vw, 1200px\" \/>\t\t\t\t\t\t\t<\/a>\n  \t\t\t\t\t\t\t  \t\t\t\t\t\t\t  \t\t\t\t\t\t<\/div>\n  \t\t\t\t\t\t  \t\t\t\t\t<\/div>\n          \t\t\t\t\t<div class=\"box-text text-left is-small\" style=\"padding:0px 0px 0px 0px;\">\n\t\t\t\t\t<div class=\"box-text-inner blog-post-inner\">\n\n\t\t\t\t\t\n\t\t\t\t\t\t\t\t\t\t<h5 class=\"post-title is-large \">\n\t\t\t\t\t\t<a href=\"https:\/\/addinformatica.com\/ca\/noticies\/dia-internacional-de-la-salut-mental-i-com-tenir-ne-cura-des-de-la-infancia\/\" class=\"plain\">Dia internacional de la salut mental i com tenir-ne cura des de la inf\u00e0ncia<\/a>\n\t\t\t\t\t<\/h5>\n\t\t\t\t\t\t\t\t\t\t<div class=\"is-divider\"><\/div>\n\t\t\t\t\t\t\t\t\t\t<p class=\"from_the_blog_excerpt \">\n\t\t\t\t\t\tEl Dia Internacional de la Salut Mental es [...]\t\t\t\t\t<\/p>\n\t\t\t\t\t                    \n\t\t\t\t\t\n\t\t\t\t\t\n\t\t\t\t\t<\/div>\n\t\t\t\t\t<\/div>\n\t\t\t\t\t\t\t\t\t<\/div>\n\t\t\t<\/div>\n\t\t<\/div><div class=\"col post-item\" >\n\t\t\t<div class=\"col-inner\">\n\t\t\t\t<div class=\"box box-normal box-text-bottom box-blog-post has-hover\">\n            \t\t\t\t\t<div class=\"box-image\" >\n  \t\t\t\t\t\t<div class=\"image-cover\" style=\"padding-top:100%;\">\n\t\t\t\t\t\t\t<a href=\"https:\/\/addinformatica.com\/ca\/noticies\/dia-internacional-de-la-gent-gran-2025-reconeixer-el-seu-rol-transformador-per-a-la-societat\/\" class=\"plain\" aria-label=\"Dia Internacional de la Gent Gran 2025: recon\u00e8ixer el seu rol transformador per a la societat\">\n\t\t\t\t\t\t\t\t<img loading=\"lazy\" decoding=\"async\" width=\"1200\" height=\"800\" src=\"https:\/\/addinformatica.com\/wp-content\/uploads\/2025\/10\/dia-internacional-de-las-personas-mayores-2025-reconocer-su-rol-transformador-para-la-sociedad.jpg\" class=\"attachment-original size-original wp-post-image\" alt=\"\" srcset=\"https:\/\/addinformatica.com\/wp-content\/uploads\/2025\/10\/dia-internacional-de-las-personas-mayores-2025-reconocer-su-rol-transformador-para-la-sociedad.jpg 1200w, https:\/\/addinformatica.com\/wp-content\/uploads\/2025\/10\/dia-internacional-de-las-personas-mayores-2025-reconocer-su-rol-transformador-para-la-sociedad-300x200.jpg 300w, https:\/\/addinformatica.com\/wp-content\/uploads\/2025\/10\/dia-internacional-de-las-personas-mayores-2025-reconocer-su-rol-transformador-para-la-sociedad-1024x683.jpg 1024w, https:\/\/addinformatica.com\/wp-content\/uploads\/2025\/10\/dia-internacional-de-las-personas-mayores-2025-reconocer-su-rol-transformador-para-la-sociedad-768x512.jpg 768w\" sizes=\"auto, (max-width: 1200px) 100vw, 1200px\" \/>\t\t\t\t\t\t\t<\/a>\n  \t\t\t\t\t\t\t  \t\t\t\t\t\t\t  \t\t\t\t\t\t<\/div>\n  \t\t\t\t\t\t  \t\t\t\t\t<\/div>\n          \t\t\t\t\t<div class=\"box-text text-left is-small\" style=\"padding:0px 0px 0px 0px;\">\n\t\t\t\t\t<div class=\"box-text-inner blog-post-inner\">\n\n\t\t\t\t\t\n\t\t\t\t\t\t\t\t\t\t<h5 class=\"post-title is-large \">\n\t\t\t\t\t\t<a href=\"https:\/\/addinformatica.com\/ca\/noticies\/dia-internacional-de-la-gent-gran-2025-reconeixer-el-seu-rol-transformador-per-a-la-societat\/\" class=\"plain\">Dia Internacional de la Gent Gran 2025: recon\u00e8ixer el seu rol transformador per a la societat<\/a>\n\t\t\t\t\t<\/h5>\n\t\t\t\t\t\t\t\t\t\t<div class=\"is-divider\"><\/div>\n\t\t\t\t\t\t\t\t\t\t<p class=\"from_the_blog_excerpt \">\n\t\t\t\t\t\tEl Dia Internacional de la Gent Gran se [...]\t\t\t\t\t<\/p>\n\t\t\t\t\t                    \n\t\t\t\t\t\n\t\t\t\t\t\n\t\t\t\t\t<\/div>\n\t\t\t\t\t<\/div>\n\t\t\t\t\t\t\t\t\t<\/div>\n\t\t\t<\/div>\n\t\t<\/div><div class=\"col post-item\" >\n\t\t\t<div class=\"col-inner\">\n\t\t\t\t<div class=\"box box-normal box-text-bottom box-blog-post has-hover\">\n            \t\t\t\t\t<div class=\"box-image\" >\n  \t\t\t\t\t\t<div class=\"image-cover\" style=\"padding-top:100%;\">\n\t\t\t\t\t\t\t<a href=\"https:\/\/addinformatica.com\/ca\/noticies\/regulacio-emocional-en-adolescents-tendencies-educatives-del-2025\/\" class=\"plain\" aria-label=\"Regulaci\u00f3 emocional en adolescents: tend\u00e8ncies educatives del 2025\">\n\t\t\t\t\t\t\t\t<img loading=\"lazy\" decoding=\"async\" width=\"1200\" height=\"800\" src=\"https:\/\/addinformatica.com\/wp-content\/uploads\/2025\/11\/regulacion-emocional-en-adolescentes-tendencias-educativas-de-2025.jpg\" class=\"attachment-original size-original wp-post-image\" alt=\"\" srcset=\"https:\/\/addinformatica.com\/wp-content\/uploads\/2025\/11\/regulacion-emocional-en-adolescentes-tendencias-educativas-de-2025.jpg 1200w, https:\/\/addinformatica.com\/wp-content\/uploads\/2025\/11\/regulacion-emocional-en-adolescentes-tendencias-educativas-de-2025-300x200.jpg 300w, https:\/\/addinformatica.com\/wp-content\/uploads\/2025\/11\/regulacion-emocional-en-adolescentes-tendencias-educativas-de-2025-1024x683.jpg 1024w, https:\/\/addinformatica.com\/wp-content\/uploads\/2025\/11\/regulacion-emocional-en-adolescentes-tendencias-educativas-de-2025-768x512.jpg 768w\" sizes=\"auto, (max-width: 1200px) 100vw, 1200px\" \/>\t\t\t\t\t\t\t<\/a>\n  \t\t\t\t\t\t\t  \t\t\t\t\t\t\t  \t\t\t\t\t\t<\/div>\n  \t\t\t\t\t\t  \t\t\t\t\t<\/div>\n          \t\t\t\t\t<div class=\"box-text text-left is-small\" style=\"padding:0px 0px 0px 0px;\">\n\t\t\t\t\t<div class=\"box-text-inner blog-post-inner\">\n\n\t\t\t\t\t\n\t\t\t\t\t\t\t\t\t\t<h5 class=\"post-title is-large \">\n\t\t\t\t\t\t<a href=\"https:\/\/addinformatica.com\/ca\/noticies\/regulacio-emocional-en-adolescents-tendencies-educatives-del-2025\/\" class=\"plain\">Regulaci\u00f3 emocional en adolescents: tend\u00e8ncies educatives del 2025<\/a>\n\t\t\t\t\t<\/h5>\n\t\t\t\t\t\t\t\t\t\t<div class=\"is-divider\"><\/div>\n\t\t\t\t\t\t\t\t\t\t<p class=\"from_the_blog_excerpt \">\n\t\t\t\t\t\tLa regulaci\u00f3 emocional \u00e9s una eina valuosa per [...]\t\t\t\t\t<\/p>\n\t\t\t\t\t                    \n\t\t\t\t\t\n\t\t\t\t\t\n\t\t\t\t\t<\/div>\n\t\t\t\t\t<\/div>\n\t\t\t\t\t\t\t\t\t<\/div>\n\t\t\t<\/div>\n\t\t<\/div><div class=\"col post-item\" >\n\t\t\t<div class=\"col-inner\">\n\t\t\t\t<div class=\"box box-normal box-text-bottom box-blog-post has-hover\">\n            \t\t\t\t\t<div class=\"box-image\" >\n  \t\t\t\t\t\t<div class=\"image-cover\" style=\"padding-top:100%;\">\n\t\t\t\t\t\t\t<a href=\"https:\/\/addinformatica.com\/ca\/noticies\/dia-internacional-de-les-persones-amb-discapacitat-per-una-societat-inclusiva-i-accessible-per-a-tothom\/\" class=\"plain\" aria-label=\"Dia internacional de les persones amb discapacitat: per una societat inclusiva i accessible per a tothom\">\n\t\t\t\t\t\t\t\t<img loading=\"lazy\" decoding=\"async\" width=\"1200\" height=\"800\" src=\"https:\/\/addinformatica.com\/wp-content\/uploads\/2025\/11\/dia-internacional-de-las-personas-con-discapacidad-por-una-sociedad-inclusiva-y-accesible-para-todos.jpg\" class=\"attachment-original size-original wp-post-image\" alt=\"\" srcset=\"https:\/\/addinformatica.com\/wp-content\/uploads\/2025\/11\/dia-internacional-de-las-personas-con-discapacidad-por-una-sociedad-inclusiva-y-accesible-para-todos.jpg 1200w, https:\/\/addinformatica.com\/wp-content\/uploads\/2025\/11\/dia-internacional-de-las-personas-con-discapacidad-por-una-sociedad-inclusiva-y-accesible-para-todos-300x200.jpg 300w, https:\/\/addinformatica.com\/wp-content\/uploads\/2025\/11\/dia-internacional-de-las-personas-con-discapacidad-por-una-sociedad-inclusiva-y-accesible-para-todos-1024x683.jpg 1024w, https:\/\/addinformatica.com\/wp-content\/uploads\/2025\/11\/dia-internacional-de-las-personas-con-discapacidad-por-una-sociedad-inclusiva-y-accesible-para-todos-768x512.jpg 768w\" sizes=\"auto, (max-width: 1200px) 100vw, 1200px\" \/>\t\t\t\t\t\t\t<\/a>\n  \t\t\t\t\t\t\t  \t\t\t\t\t\t\t  \t\t\t\t\t\t<\/div>\n  \t\t\t\t\t\t  \t\t\t\t\t<\/div>\n          \t\t\t\t\t<div class=\"box-text text-left is-small\" style=\"padding:0px 0px 0px 0px;\">\n\t\t\t\t\t<div class=\"box-text-inner blog-post-inner\">\n\n\t\t\t\t\t\n\t\t\t\t\t\t\t\t\t\t<h5 class=\"post-title is-large \">\n\t\t\t\t\t\t<a href=\"https:\/\/addinformatica.com\/ca\/noticies\/dia-internacional-de-les-persones-amb-discapacitat-per-una-societat-inclusiva-i-accessible-per-a-tothom\/\" class=\"plain\">Dia internacional de les persones amb discapacitat: per una societat inclusiva i accessible per a tothom<\/a>\n\t\t\t\t\t<\/h5>\n\t\t\t\t\t\t\t\t\t\t<div class=\"is-divider\"><\/div>\n\t\t\t\t\t\t\t\t\t\t<p class=\"from_the_blog_excerpt \">\n\t\t\t\t\t\tDes de l&#8217;any 1992 el m\u00f3n celebra el [...]\t\t\t\t\t<\/p>\n\t\t\t\t\t                    \n\t\t\t\t\t\n\t\t\t\t\t\n\t\t\t\t\t<\/div>\n\t\t\t\t\t<\/div>\n\t\t\t\t\t\t\t\t\t<\/div>\n\t\t\t<\/div>\n\t\t<\/div><div class=\"col post-item\" >\n\t\t\t<div class=\"col-inner\">\n\t\t\t\t<div class=\"box box-normal box-text-bottom box-blog-post has-hover\">\n            \t\t\t\t\t<div class=\"box-image\" >\n  \t\t\t\t\t\t<div class=\"image-cover\" style=\"padding-top:100%;\">\n\t\t\t\t\t\t\t<a href=\"https:\/\/addinformatica.com\/ca\/noticies\/finalitzat-el-13e-concurs-de-manualitats-nadalenques-navcia-2025-2026\/\" class=\"plain\" aria-label=\"Finalitzat el 13\u00e8 Concurs de manualitats Nadalenques NAV&#038;CIA 2025-2026\">\n\t\t\t\t\t\t\t\t<img loading=\"lazy\" decoding=\"async\" width=\"750\" height=\"750\" src=\"https:\/\/addinformatica.com\/wp-content\/uploads\/2025\/11\/3.jpg\" class=\"attachment-original size-original wp-post-image\" alt=\"\" srcset=\"https:\/\/addinformatica.com\/wp-content\/uploads\/2025\/11\/3.jpg 750w, https:\/\/addinformatica.com\/wp-content\/uploads\/2025\/11\/3-300x300.jpg 300w, https:\/\/addinformatica.com\/wp-content\/uploads\/2025\/11\/3-150x150.jpg 150w\" sizes=\"auto, (max-width: 750px) 100vw, 750px\" \/>\t\t\t\t\t\t\t<\/a>\n  \t\t\t\t\t\t\t  \t\t\t\t\t\t\t  \t\t\t\t\t\t<\/div>\n  \t\t\t\t\t\t  \t\t\t\t\t<\/div>\n          \t\t\t\t\t<div class=\"box-text text-left is-small\" style=\"padding:0px 0px 0px 0px;\">\n\t\t\t\t\t<div class=\"box-text-inner blog-post-inner\">\n\n\t\t\t\t\t\n\t\t\t\t\t\t\t\t\t\t<h5 class=\"post-title is-large \">\n\t\t\t\t\t\t<a href=\"https:\/\/addinformatica.com\/ca\/noticies\/finalitzat-el-13e-concurs-de-manualitats-nadalenques-navcia-2025-2026\/\" class=\"plain\">Finalitzat el 13\u00e8 Concurs de manualitats Nadalenques NAV&#038;CIA 2025-2026<\/a>\n\t\t\t\t\t<\/h5>\n\t\t\t\t\t\t\t\t\t\t<div class=\"is-divider\"><\/div>\n\t\t\t\t\t\t\t\t\t\t<p class=\"from_the_blog_excerpt \">\n\t\t\t\t\t\t\t\t\t\t\t<\/p>\n\t\t\t\t\t                    \n\t\t\t\t\t\n\t\t\t\t\t\n\t\t\t\t\t<\/div>\n\t\t\t\t\t<\/div>\n\t\t\t\t\t\t\t\t\t<\/div>\n\t\t\t<\/div>\n\t\t<\/div><div class=\"col post-item\" >\n\t\t\t<div class=\"col-inner\">\n\t\t\t\t<div class=\"box box-normal box-text-bottom box-blog-post has-hover\">\n            \t\t\t\t\t<div class=\"box-image\" >\n  \t\t\t\t\t\t<div class=\"image-cover\" style=\"padding-top:100%;\">\n\t\t\t\t\t\t\t<a href=\"https:\/\/addinformatica.com\/ca\/noticies\/finalitzada-la-i-etapa-del-13e-concurs-navcia-2025-2026\/\" class=\"plain\" aria-label=\"Finalitzada la I Etapa del 13\u00e8 Concurs NAV&#038;CIA 2025-2026\">\n\t\t\t\t\t\t\t\t<img loading=\"lazy\" decoding=\"async\" width=\"750\" height=\"750\" src=\"https:\/\/addinformatica.com\/wp-content\/uploads\/2025\/11\/3.jpg\" class=\"attachment-original size-original wp-post-image\" alt=\"\" srcset=\"https:\/\/addinformatica.com\/wp-content\/uploads\/2025\/11\/3.jpg 750w, https:\/\/addinformatica.com\/wp-content\/uploads\/2025\/11\/3-300x300.jpg 300w, https:\/\/addinformatica.com\/wp-content\/uploads\/2025\/11\/3-150x150.jpg 150w\" sizes=\"auto, (max-width: 750px) 100vw, 750px\" \/>\t\t\t\t\t\t\t<\/a>\n  \t\t\t\t\t\t\t  \t\t\t\t\t\t\t  \t\t\t\t\t\t<\/div>\n  \t\t\t\t\t\t  \t\t\t\t\t<\/div>\n          \t\t\t\t\t<div class=\"box-text text-left is-small\" style=\"padding:0px 0px 0px 0px;\">\n\t\t\t\t\t<div class=\"box-text-inner blog-post-inner\">\n\n\t\t\t\t\t\n\t\t\t\t\t\t\t\t\t\t<h5 class=\"post-title is-large \">\n\t\t\t\t\t\t<a href=\"https:\/\/addinformatica.com\/ca\/noticies\/finalitzada-la-i-etapa-del-13e-concurs-navcia-2025-2026\/\" class=\"plain\">Finalitzada la I Etapa del 13\u00e8 Concurs NAV&#038;CIA 2025-2026<\/a>\n\t\t\t\t\t<\/h5>\n\t\t\t\t\t\t\t\t\t\t<div class=\"is-divider\"><\/div>\n\t\t\t\t\t\t\t\t\t\t<p class=\"from_the_blog_excerpt \">\n\t\t\t\t\t\t\t\t\t\t\t<\/p>\n\t\t\t\t\t                    \n\t\t\t\t\t\n\t\t\t\t\t\n\t\t\t\t\t<\/div>\n\t\t\t\t\t<\/div>\n\t\t\t\t\t\t\t\t\t<\/div>\n\t\t\t<\/div>\n\t\t<\/div><div class=\"col post-item\" >\n\t\t\t<div class=\"col-inner\">\n\t\t\t\t<div class=\"box box-normal box-text-bottom box-blog-post has-hover\">\n            \t\t\t\t\t<div class=\"box-image\" >\n  \t\t\t\t\t\t<div class=\"image-cover\" style=\"padding-top:100%;\">\n\t\t\t\t\t\t\t<a href=\"https:\/\/addinformatica.com\/ca\/noticies\/13e-concurs-de-manualitats-nadalenques-navcia-2025-2026\/\" class=\"plain\" aria-label=\"13\u00e8 Concurs de Manualitats Nadalenques NAV&#038;CIA 2025-2026\">\n\t\t\t\t\t\t\t\t<img loading=\"lazy\" decoding=\"async\" width=\"750\" height=\"750\" src=\"https:\/\/addinformatica.com\/wp-content\/uploads\/2025\/11\/3.jpg\" class=\"attachment-original size-original wp-post-image\" alt=\"\" srcset=\"https:\/\/addinformatica.com\/wp-content\/uploads\/2025\/11\/3.jpg 750w, https:\/\/addinformatica.com\/wp-content\/uploads\/2025\/11\/3-300x300.jpg 300w, https:\/\/addinformatica.com\/wp-content\/uploads\/2025\/11\/3-150x150.jpg 150w\" sizes=\"auto, (max-width: 750px) 100vw, 750px\" \/>\t\t\t\t\t\t\t<\/a>\n  \t\t\t\t\t\t\t  \t\t\t\t\t\t\t  \t\t\t\t\t\t<\/div>\n  \t\t\t\t\t\t  \t\t\t\t\t<\/div>\n          \t\t\t\t\t<div class=\"box-text text-left is-small\" style=\"padding:0px 0px 0px 0px;\">\n\t\t\t\t\t<div class=\"box-text-inner blog-post-inner\">\n\n\t\t\t\t\t\n\t\t\t\t\t\t\t\t\t\t<h5 class=\"post-title is-large \">\n\t\t\t\t\t\t<a href=\"https:\/\/addinformatica.com\/ca\/noticies\/13e-concurs-de-manualitats-nadalenques-navcia-2025-2026\/\" class=\"plain\">13\u00e8 Concurs de Manualitats Nadalenques NAV&#038;CIA 2025-2026<\/a>\n\t\t\t\t\t<\/h5>\n\t\t\t\t\t\t\t\t\t\t<div class=\"is-divider\"><\/div>\n\t\t\t\t\t\t\t\t\t\t<p class=\"from_the_blog_excerpt \">\n\t\t\t\t\t\t\t\t\t\t\t<\/p>\n\t\t\t\t\t                    \n\t\t\t\t\t\n\t\t\t\t\t\n\t\t\t\t\t<\/div>\n\t\t\t\t\t<\/div>\n\t\t\t\t\t\t\t\t\t<\/div>\n\t\t\t<\/div>\n\t\t<\/div><div class=\"col post-item\" >\n\t\t\t<div class=\"col-inner\">\n\t\t\t\t<div class=\"box box-normal box-text-bottom box-blog-post has-hover\">\n            \t\t\t\t\t<div class=\"box-image\" >\n  \t\t\t\t\t\t<div class=\"image-cover\" style=\"padding-top:100%;\">\n\t\t\t\t\t\t\t<a href=\"https:\/\/addinformatica.com\/ca\/noticies\/com-estimular-la-creativitat-en-adolescents\/\" class=\"plain\" aria-label=\"Com estimular la creativitat en adolescents?\">\n\t\t\t\t\t\t\t\t<img loading=\"lazy\" decoding=\"async\" width=\"1200\" height=\"800\" src=\"https:\/\/addinformatica.com\/wp-content\/uploads\/2025\/09\/como-estimular-la-creatividad-en-adolescentes.jpg\" class=\"attachment-original size-original wp-post-image\" alt=\"\" srcset=\"https:\/\/addinformatica.com\/wp-content\/uploads\/2025\/09\/como-estimular-la-creatividad-en-adolescentes.jpg 1200w, https:\/\/addinformatica.com\/wp-content\/uploads\/2025\/09\/como-estimular-la-creatividad-en-adolescentes-300x200.jpg 300w, https:\/\/addinformatica.com\/wp-content\/uploads\/2025\/09\/como-estimular-la-creatividad-en-adolescentes-1024x683.jpg 1024w, https:\/\/addinformatica.com\/wp-content\/uploads\/2025\/09\/como-estimular-la-creatividad-en-adolescentes-768x512.jpg 768w\" sizes=\"auto, (max-width: 1200px) 100vw, 1200px\" \/>\t\t\t\t\t\t\t<\/a>\n  \t\t\t\t\t\t\t  \t\t\t\t\t\t\t  \t\t\t\t\t\t<\/div>\n  \t\t\t\t\t\t  \t\t\t\t\t<\/div>\n          \t\t\t\t\t<div class=\"box-text text-left is-small\" style=\"padding:0px 0px 0px 0px;\">\n\t\t\t\t\t<div class=\"box-text-inner blog-post-inner\">\n\n\t\t\t\t\t\n\t\t\t\t\t\t\t\t\t\t<h5 class=\"post-title is-large \">\n\t\t\t\t\t\t<a href=\"https:\/\/addinformatica.com\/ca\/noticies\/com-estimular-la-creativitat-en-adolescents\/\" class=\"plain\">Com estimular la creativitat en adolescents?<\/a>\n\t\t\t\t\t<\/h5>\n\t\t\t\t\t\t\t\t\t\t<div class=\"is-divider\"><\/div>\n\t\t\t\t\t\t\t\t\t\t<p class=\"from_the_blog_excerpt \">\n\t\t\t\t\t\tL&#8217;adolesc\u00e8ncia \u00e9s l&#8217;etapa del desenvolupament hum\u00e0 que s&#8217;ubica [...]\t\t\t\t\t<\/p>\n\t\t\t\t\t                    \n\t\t\t\t\t\n\t\t\t\t\t\n\t\t\t\t\t<\/div>\n\t\t\t\t\t<\/div>\n\t\t\t\t\t\t\t\t\t<\/div>\n\t\t\t<\/div>\n\t\t<\/div><div class=\"col post-item\" >\n\t\t\t<div class=\"col-inner\">\n\t\t\t\t<div class=\"box box-normal box-text-bottom box-blog-post has-hover\">\n            \t\t\t\t\t<div class=\"box-image\" >\n  \t\t\t\t\t\t<div class=\"image-cover\" style=\"padding-top:100%;\">\n\t\t\t\t\t\t\t<a href=\"https:\/\/addinformatica.com\/ca\/noticies\/beneficis-de-lesport-a-la-infancia-i-ladolescencia\/\" class=\"plain\" aria-label=\"Beneficis de l&#8217;esport a la inf\u00e0ncia i l&#8217;adolesc\u00e8ncia\">\n\t\t\t\t\t\t\t\t<img loading=\"lazy\" decoding=\"async\" width=\"1200\" height=\"800\" src=\"https:\/\/addinformatica.com\/wp-content\/uploads\/2025\/09\/beneficios-deporte-en-la-infancia-y-la-adolescencia.jpg\" class=\"attachment-original size-original wp-post-image\" alt=\"\" srcset=\"https:\/\/addinformatica.com\/wp-content\/uploads\/2025\/09\/beneficios-deporte-en-la-infancia-y-la-adolescencia.jpg 1200w, https:\/\/addinformatica.com\/wp-content\/uploads\/2025\/09\/beneficios-deporte-en-la-infancia-y-la-adolescencia-300x200.jpg 300w, https:\/\/addinformatica.com\/wp-content\/uploads\/2025\/09\/beneficios-deporte-en-la-infancia-y-la-adolescencia-1024x683.jpg 1024w, https:\/\/addinformatica.com\/wp-content\/uploads\/2025\/09\/beneficios-deporte-en-la-infancia-y-la-adolescencia-768x512.jpg 768w\" sizes=\"auto, (max-width: 1200px) 100vw, 1200px\" \/>\t\t\t\t\t\t\t<\/a>\n  \t\t\t\t\t\t\t  \t\t\t\t\t\t\t  \t\t\t\t\t\t<\/div>\n  \t\t\t\t\t\t  \t\t\t\t\t<\/div>\n          \t\t\t\t\t<div class=\"box-text text-left is-small\" style=\"padding:0px 0px 0px 0px;\">\n\t\t\t\t\t<div class=\"box-text-inner blog-post-inner\">\n\n\t\t\t\t\t\n\t\t\t\t\t\t\t\t\t\t<h5 class=\"post-title is-large \">\n\t\t\t\t\t\t<a href=\"https:\/\/addinformatica.com\/ca\/noticies\/beneficis-de-lesport-a-la-infancia-i-ladolescencia\/\" class=\"plain\">Beneficis de l&#8217;esport a la inf\u00e0ncia i l&#8217;adolesc\u00e8ncia<\/a>\n\t\t\t\t\t<\/h5>\n\t\t\t\t\t\t\t\t\t\t<div class=\"is-divider\"><\/div>\n\t\t\t\t\t\t\t\t\t\t<p class=\"from_the_blog_excerpt \">\n\t\t\t\t\t\tL&#8217;esport i l&#8217;activitat f\u00edsica s\u00f3n components essencials de [...]\t\t\t\t\t<\/p>\n\t\t\t\t\t                    \n\t\t\t\t\t\n\t\t\t\t\t\n\t\t\t\t\t<\/div>\n\t\t\t\t\t<\/div>\n\t\t\t\t\t\t\t\t\t<\/div>\n\t\t\t<\/div>\n\t\t<\/div><div class=\"col post-item\" >\n\t\t\t<div class=\"col-inner\">\n\t\t\t\t<div class=\"box box-normal box-text-bottom box-blog-post has-hover\">\n            \t\t\t\t\t<div class=\"box-image\" >\n  \t\t\t\t\t\t<div class=\"image-cover\" style=\"padding-top:100%;\">\n\t\t\t\t\t\t\t<a href=\"https:\/\/addinformatica.com\/ca\/noticies\/desfilada-de-san-jeronimo-una-desfilada-diferent-inclusiva-per-combatre-ledatisme-i-visibilitzar-el-comerc-local\/\" class=\"plain\" aria-label=\"Desfilada de San Jer\u00f3nimo, una desfilada diferent, inclusiva, per combatre l&#8217;edatisme i visibilitzar el comer\u00e7 local.\">\n\t\t\t\t\t\t\t\t<img loading=\"lazy\" decoding=\"async\" width=\"1024\" height=\"576\" src=\"https:\/\/addinformatica.com\/wp-content\/uploads\/2025\/08\/desfile-san-jeronimo-2.jpg\" class=\"attachment-original size-original wp-post-image\" alt=\"\" srcset=\"https:\/\/addinformatica.com\/wp-content\/uploads\/2025\/08\/desfile-san-jeronimo-2.jpg 1024w, https:\/\/addinformatica.com\/wp-content\/uploads\/2025\/08\/desfile-san-jeronimo-2-300x169.jpg 300w, https:\/\/addinformatica.com\/wp-content\/uploads\/2025\/08\/desfile-san-jeronimo-2-768x432.jpg 768w\" sizes=\"auto, (max-width: 1024px) 100vw, 1024px\" \/>\t\t\t\t\t\t\t<\/a>\n  \t\t\t\t\t\t\t  \t\t\t\t\t\t\t  \t\t\t\t\t\t<\/div>\n  \t\t\t\t\t\t  \t\t\t\t\t<\/div>\n          \t\t\t\t\t<div class=\"box-text text-left is-small\" style=\"padding:0px 0px 0px 0px;\">\n\t\t\t\t\t<div class=\"box-text-inner blog-post-inner\">\n\n\t\t\t\t\t\n\t\t\t\t\t\t\t\t\t\t<h5 class=\"post-title is-large \">\n\t\t\t\t\t\t<a href=\"https:\/\/addinformatica.com\/ca\/noticies\/desfilada-de-san-jeronimo-una-desfilada-diferent-inclusiva-per-combatre-ledatisme-i-visibilitzar-el-comerc-local\/\" class=\"plain\">Desfilada de San Jer\u00f3nimo, una desfilada diferent, inclusiva, per combatre l&#8217;edatisme i visibilitzar el comer\u00e7 local.<\/a>\n\t\t\t\t\t<\/h5>\n\t\t\t\t\t\t\t\t\t\t<div class=\"is-divider\"><\/div>\n\t\t\t\t\t\t\t\t\t\t<p class=\"from_the_blog_excerpt \">\n\t\t\t\t\t\tDes de ResiPlus\u00ae estem encantats de poder compartir [...]\t\t\t\t\t<\/p>\n\t\t\t\t\t                    \n\t\t\t\t\t\n\t\t\t\t\t\n\t\t\t\t\t<\/div>\n\t\t\t\t\t<\/div>\n\t\t\t\t\t\t\t\t\t<\/div>\n\t\t\t<\/div>\n\t\t<\/div><div class=\"col post-item\" >\n\t\t\t<div class=\"col-inner\">\n\t\t\t\t<div class=\"box box-normal box-text-bottom box-blog-post has-hover\">\n            \t\t\t\t\t<div class=\"box-image\" >\n  \t\t\t\t\t\t<div class=\"image-cover\" style=\"padding-top:100%;\">\n\t\t\t\t\t\t\t<a href=\"https:\/\/addinformatica.com\/ca\/noticies\/all-impiades-colisee-2025-es-consoliden-com-a-espai-per-unir-comunitats-a-traves-de-lesport\/\" class=\"plain\" aria-label=\"All-Impiades Colis\u00e9e 2025 es consoliden com a espai per unir comunitats a trav\u00e9s de l&#8217;esport\">\n\t\t\t\t\t\t\t\t<img loading=\"lazy\" decoding=\"async\" width=\"1200\" height=\"900\" src=\"https:\/\/addinformatica.com\/wp-content\/uploads\/2025\/08\/all-impiadas-colisee-2025-se-consolidan-como-espacio-para-unir-comunidades-a-traves-del-deporte-min.jpg\" class=\"attachment-original size-original wp-post-image\" alt=\"\" srcset=\"https:\/\/addinformatica.com\/wp-content\/uploads\/2025\/08\/all-impiadas-colisee-2025-se-consolidan-como-espacio-para-unir-comunidades-a-traves-del-deporte-min.jpg 1200w, https:\/\/addinformatica.com\/wp-content\/uploads\/2025\/08\/all-impiadas-colisee-2025-se-consolidan-como-espacio-para-unir-comunidades-a-traves-del-deporte-min-300x225.jpg 300w, https:\/\/addinformatica.com\/wp-content\/uploads\/2025\/08\/all-impiadas-colisee-2025-se-consolidan-como-espacio-para-unir-comunidades-a-traves-del-deporte-min-1024x768.jpg 1024w, https:\/\/addinformatica.com\/wp-content\/uploads\/2025\/08\/all-impiadas-colisee-2025-se-consolidan-como-espacio-para-unir-comunidades-a-traves-del-deporte-min-768x576.jpg 768w\" sizes=\"auto, (max-width: 1200px) 100vw, 1200px\" \/>\t\t\t\t\t\t\t<\/a>\n  \t\t\t\t\t\t\t  \t\t\t\t\t\t\t  \t\t\t\t\t\t<\/div>\n  \t\t\t\t\t\t  \t\t\t\t\t<\/div>\n          \t\t\t\t\t<div class=\"box-text text-left is-small\" style=\"padding:0px 0px 0px 0px;\">\n\t\t\t\t\t<div class=\"box-text-inner blog-post-inner\">\n\n\t\t\t\t\t\n\t\t\t\t\t\t\t\t\t\t<h5 class=\"post-title is-large \">\n\t\t\t\t\t\t<a href=\"https:\/\/addinformatica.com\/ca\/noticies\/all-impiades-colisee-2025-es-consoliden-com-a-espai-per-unir-comunitats-a-traves-de-lesport\/\" class=\"plain\">All-Impiades Colis\u00e9e 2025 es consoliden com a espai per unir comunitats a trav\u00e9s de l&#8217;esport<\/a>\n\t\t\t\t\t<\/h5>\n\t\t\t\t\t\t\t\t\t\t<div class=\"is-divider\"><\/div>\n\t\t\t\t\t\t\t\t\t\t<p class=\"from_the_blog_excerpt \">\n\t\t\t\t\t\tAquest 2025 les All-Impiades organitzades pel Grup Colis\u00e9e [...]\t\t\t\t\t<\/p>\n\t\t\t\t\t                    \n\t\t\t\t\t\n\t\t\t\t\t\n\t\t\t\t\t<\/div>\n\t\t\t\t\t<\/div>\n\t\t\t\t\t\t\t\t\t<\/div>\n\t\t\t<\/div>\n\t\t<\/div><div class=\"col post-item\" >\n\t\t\t<div class=\"col-inner\">\n\t\t\t\t<div class=\"box box-normal box-text-bottom box-blog-post has-hover\">\n            \t\t\t\t\t<div class=\"box-image\" >\n  \t\t\t\t\t\t<div class=\"image-cover\" style=\"padding-top:100%;\">\n\t\t\t\t\t\t\t<a href=\"https:\/\/addinformatica.com\/ca\/noticies\/tdah-a-la-infancia-i-ladolescencia-diagnostic-i-tractament-actualitzat\/\" class=\"plain\" aria-label=\"TDAH a la inf\u00e0ncia i l&#8217;adolesc\u00e8ncia: diagn\u00f2stic i tractament actualitzat\">\n\t\t\t\t\t\t\t\t<img loading=\"lazy\" decoding=\"async\" width=\"1200\" height=\"801\" src=\"https:\/\/addinformatica.com\/wp-content\/uploads\/2025\/08\/tdah-en-la-infancia-y-la-adolescencia.jpg\" class=\"attachment-original size-original wp-post-image\" alt=\"\" srcset=\"https:\/\/addinformatica.com\/wp-content\/uploads\/2025\/08\/tdah-en-la-infancia-y-la-adolescencia.jpg 1200w, https:\/\/addinformatica.com\/wp-content\/uploads\/2025\/08\/tdah-en-la-infancia-y-la-adolescencia-300x200.jpg 300w, https:\/\/addinformatica.com\/wp-content\/uploads\/2025\/08\/tdah-en-la-infancia-y-la-adolescencia-1024x684.jpg 1024w, https:\/\/addinformatica.com\/wp-content\/uploads\/2025\/08\/tdah-en-la-infancia-y-la-adolescencia-768x513.jpg 768w\" sizes=\"auto, (max-width: 1200px) 100vw, 1200px\" \/>\t\t\t\t\t\t\t<\/a>\n  \t\t\t\t\t\t\t  \t\t\t\t\t\t\t  \t\t\t\t\t\t<\/div>\n  \t\t\t\t\t\t  \t\t\t\t\t<\/div>\n          \t\t\t\t\t<div class=\"box-text text-left is-small\" style=\"padding:0px 0px 0px 0px;\">\n\t\t\t\t\t<div class=\"box-text-inner blog-post-inner\">\n\n\t\t\t\t\t\n\t\t\t\t\t\t\t\t\t\t<h5 class=\"post-title is-large \">\n\t\t\t\t\t\t<a href=\"https:\/\/addinformatica.com\/ca\/noticies\/tdah-a-la-infancia-i-ladolescencia-diagnostic-i-tractament-actualitzat\/\" class=\"plain\">TDAH a la inf\u00e0ncia i l&#8217;adolesc\u00e8ncia: diagn\u00f2stic i tractament actualitzat<\/a>\n\t\t\t\t\t<\/h5>\n\t\t\t\t\t\t\t\t\t\t<div class=\"is-divider\"><\/div>\n\t\t\t\t\t\t\t\t\t\t<p class=\"from_the_blog_excerpt \">\n\t\t\t\t\t\tEl trastorn per d\u00e8ficit datenci\u00f3 i hiperactivitat (TDAH) [...]\t\t\t\t\t<\/p>\n\t\t\t\t\t                    \n\t\t\t\t\t\n\t\t\t\t\t\n\t\t\t\t\t<\/div>\n\t\t\t\t\t<\/div>\n\t\t\t\t\t\t\t\t\t<\/div>\n\t\t\t<\/div>\n\t\t<\/div><div class=\"col post-item\" >\n\t\t\t<div class=\"col-inner\">\n\t\t\t\t<div class=\"box box-normal box-text-bottom box-blog-post has-hover\">\n            \t\t\t\t\t<div class=\"box-image\" >\n  \t\t\t\t\t\t<div class=\"image-cover\" style=\"padding-top:100%;\">\n\t\t\t\t\t\t\t<a href=\"https:\/\/addinformatica.com\/ca\/noticies\/dia-dels-avis-no-deixes-de-riure-perque-et-fas-vell-et-fas-vell-perque-deixes-de-riure\/\" class=\"plain\" aria-label=\"Dia dels avis: No deixes de riure perqu\u00e8 et fas vell, et fas vell perqu\u00e8 deixes de riure\">\n\t\t\t\t\t\t\t\t<img loading=\"lazy\" decoding=\"async\" width=\"1200\" height=\"800\" src=\"https:\/\/addinformatica.com\/wp-content\/uploads\/2025\/07\/por-que-celebrar-el-dia-de-los-abuelos-con-sentido-del-humor-y-risas.jpg\" class=\"attachment-original size-original wp-post-image\" alt=\"\" srcset=\"https:\/\/addinformatica.com\/wp-content\/uploads\/2025\/07\/por-que-celebrar-el-dia-de-los-abuelos-con-sentido-del-humor-y-risas.jpg 1200w, https:\/\/addinformatica.com\/wp-content\/uploads\/2025\/07\/por-que-celebrar-el-dia-de-los-abuelos-con-sentido-del-humor-y-risas-300x200.jpg 300w, https:\/\/addinformatica.com\/wp-content\/uploads\/2025\/07\/por-que-celebrar-el-dia-de-los-abuelos-con-sentido-del-humor-y-risas-1024x683.jpg 1024w, https:\/\/addinformatica.com\/wp-content\/uploads\/2025\/07\/por-que-celebrar-el-dia-de-los-abuelos-con-sentido-del-humor-y-risas-768x512.jpg 768w\" sizes=\"auto, (max-width: 1200px) 100vw, 1200px\" \/>\t\t\t\t\t\t\t<\/a>\n  \t\t\t\t\t\t\t  \t\t\t\t\t\t\t  \t\t\t\t\t\t<\/div>\n  \t\t\t\t\t\t  \t\t\t\t\t<\/div>\n          \t\t\t\t\t<div class=\"box-text text-left is-small\" style=\"padding:0px 0px 0px 0px;\">\n\t\t\t\t\t<div class=\"box-text-inner blog-post-inner\">\n\n\t\t\t\t\t\n\t\t\t\t\t\t\t\t\t\t<h5 class=\"post-title is-large \">\n\t\t\t\t\t\t<a href=\"https:\/\/addinformatica.com\/ca\/noticies\/dia-dels-avis-no-deixes-de-riure-perque-et-fas-vell-et-fas-vell-perque-deixes-de-riure\/\" class=\"plain\">Dia dels avis: No deixes de riure perqu\u00e8 et fas vell, et fas vell perqu\u00e8 deixes de riure<\/a>\n\t\t\t\t\t<\/h5>\n\t\t\t\t\t\t\t\t\t\t<div class=\"is-divider\"><\/div>\n\t\t\t\t\t\t\t\t\t\t<p class=\"from_the_blog_excerpt \">\n\t\t\t\t\t\tEl Dia dels Avis se celebra per honrar [...]\t\t\t\t\t<\/p>\n\t\t\t\t\t                    \n\t\t\t\t\t\n\t\t\t\t\t\n\t\t\t\t\t<\/div>\n\t\t\t\t\t<\/div>\n\t\t\t\t\t\t\t\t\t<\/div>\n\t\t\t<\/div>\n\t\t<\/div><div class=\"col post-item\" >\n\t\t\t<div class=\"col-inner\">\n\t\t\t\t<div class=\"box box-normal box-text-bottom box-blog-post has-hover\">\n            \t\t\t\t\t<div class=\"box-image\" >\n  \t\t\t\t\t\t<div class=\"image-cover\" style=\"padding-top:100%;\">\n\t\t\t\t\t\t\t<a href=\"https:\/\/addinformatica.com\/ca\/noticies\/com-millorar-lautoestima-en-nens-i-adolescents\/\" class=\"plain\" aria-label=\"Com millorar l&#8217;autoestima en nens i adolescents\">\n\t\t\t\t\t\t\t\t<img loading=\"lazy\" decoding=\"async\" width=\"1200\" height=\"900\" src=\"https:\/\/addinformatica.com\/wp-content\/uploads\/2025\/07\/como-mejorar-la-autoestima-en-ninyos-y-adolescentes.jpg\" class=\"attachment-original size-original wp-post-image\" alt=\"\" srcset=\"https:\/\/addinformatica.com\/wp-content\/uploads\/2025\/07\/como-mejorar-la-autoestima-en-ninyos-y-adolescentes.jpg 1200w, https:\/\/addinformatica.com\/wp-content\/uploads\/2025\/07\/como-mejorar-la-autoestima-en-ninyos-y-adolescentes-300x225.jpg 300w, https:\/\/addinformatica.com\/wp-content\/uploads\/2025\/07\/como-mejorar-la-autoestima-en-ninyos-y-adolescentes-1024x768.jpg 1024w, https:\/\/addinformatica.com\/wp-content\/uploads\/2025\/07\/como-mejorar-la-autoestima-en-ninyos-y-adolescentes-768x576.jpg 768w\" sizes=\"auto, (max-width: 1200px) 100vw, 1200px\" \/>\t\t\t\t\t\t\t<\/a>\n  \t\t\t\t\t\t\t  \t\t\t\t\t\t\t  \t\t\t\t\t\t<\/div>\n  \t\t\t\t\t\t  \t\t\t\t\t<\/div>\n          \t\t\t\t\t<div class=\"box-text text-left is-small\" style=\"padding:0px 0px 0px 0px;\">\n\t\t\t\t\t<div class=\"box-text-inner blog-post-inner\">\n\n\t\t\t\t\t\n\t\t\t\t\t\t\t\t\t\t<h5 class=\"post-title is-large \">\n\t\t\t\t\t\t<a href=\"https:\/\/addinformatica.com\/ca\/noticies\/com-millorar-lautoestima-en-nens-i-adolescents\/\" class=\"plain\">Com millorar l&#8217;autoestima en nens i adolescents<\/a>\n\t\t\t\t\t<\/h5>\n\t\t\t\t\t\t\t\t\t\t<div class=\"is-divider\"><\/div>\n\t\t\t\t\t\t\t\t\t\t<p class=\"from_the_blog_excerpt \">\n\t\t\t\t\t\tEn el desenvolupament ple de les persones hi [...]\t\t\t\t\t<\/p>\n\t\t\t\t\t                    \n\t\t\t\t\t\n\t\t\t\t\t\n\t\t\t\t\t<\/div>\n\t\t\t\t\t<\/div>\n\t\t\t\t\t\t\t\t\t<\/div>\n\t\t\t<\/div>\n\t\t<\/div><div class=\"col post-item\" >\n\t\t\t<div class=\"col-inner\">\n\t\t\t\t<div class=\"box box-normal box-text-bottom box-blog-post has-hover\">\n            \t\t\t\t\t<div class=\"box-image\" >\n  \t\t\t\t\t\t<div class=\"image-cover\" style=\"padding-top:100%;\">\n\t\t\t\t\t\t\t<a href=\"https:\/\/addinformatica.com\/ca\/noticies\/aliments-per-millorar-el-son-i-afavorir-el-desenvolupament-saludable-en-nens\/\" class=\"plain\" aria-label=\"Aliments per millorar el son i afavorir el desenvolupament saludable en nens\">\n\t\t\t\t\t\t\t\t<img loading=\"lazy\" decoding=\"async\" width=\"1200\" height=\"800\" src=\"https:\/\/addinformatica.com\/wp-content\/uploads\/2025\/06\/alimentos-para-mejorar-el-suenyo-y-favorecer-el-desarrollo-saludable-en-ninyos.jpg\" class=\"attachment-original size-original wp-post-image\" alt=\"\" srcset=\"https:\/\/addinformatica.com\/wp-content\/uploads\/2025\/06\/alimentos-para-mejorar-el-suenyo-y-favorecer-el-desarrollo-saludable-en-ninyos.jpg 1200w, https:\/\/addinformatica.com\/wp-content\/uploads\/2025\/06\/alimentos-para-mejorar-el-suenyo-y-favorecer-el-desarrollo-saludable-en-ninyos-300x200.jpg 300w, https:\/\/addinformatica.com\/wp-content\/uploads\/2025\/06\/alimentos-para-mejorar-el-suenyo-y-favorecer-el-desarrollo-saludable-en-ninyos-1024x683.jpg 1024w, https:\/\/addinformatica.com\/wp-content\/uploads\/2025\/06\/alimentos-para-mejorar-el-suenyo-y-favorecer-el-desarrollo-saludable-en-ninyos-768x512.jpg 768w\" sizes=\"auto, (max-width: 1200px) 100vw, 1200px\" \/>\t\t\t\t\t\t\t<\/a>\n  \t\t\t\t\t\t\t  \t\t\t\t\t\t\t  \t\t\t\t\t\t<\/div>\n  \t\t\t\t\t\t  \t\t\t\t\t<\/div>\n          \t\t\t\t\t<div class=\"box-text text-left is-small\" style=\"padding:0px 0px 0px 0px;\">\n\t\t\t\t\t<div class=\"box-text-inner blog-post-inner\">\n\n\t\t\t\t\t\n\t\t\t\t\t\t\t\t\t\t<h5 class=\"post-title is-large \">\n\t\t\t\t\t\t<a href=\"https:\/\/addinformatica.com\/ca\/noticies\/aliments-per-millorar-el-son-i-afavorir-el-desenvolupament-saludable-en-nens\/\" class=\"plain\">Aliments per millorar el son i afavorir el desenvolupament saludable en nens<\/a>\n\t\t\t\t\t<\/h5>\n\t\t\t\t\t\t\t\t\t\t<div class=\"is-divider\"><\/div>\n\t\t\t\t\t\t\t\t\t\t<p class=\"from_the_blog_excerpt \">\n\t\t\t\t\t\tUn somni tranquil i reparador \u00e9s fonamental per [...]\t\t\t\t\t<\/p>\n\t\t\t\t\t                    \n\t\t\t\t\t\n\t\t\t\t\t\n\t\t\t\t\t<\/div>\n\t\t\t\t\t<\/div>\n\t\t\t\t\t\t\t\t\t<\/div>\n\t\t\t<\/div>\n\t\t<\/div><div class=\"col post-item\" >\n\t\t\t<div class=\"col-inner\">\n\t\t\t\t<div class=\"box box-normal box-text-bottom box-blog-post has-hover\">\n            \t\t\t\t\t<div class=\"box-image\" >\n  \t\t\t\t\t\t<div class=\"image-cover\" style=\"padding-top:100%;\">\n\t\t\t\t\t\t\t<a href=\"https:\/\/addinformatica.com\/ca\/noticies\/grans-va-arribar-per-trencar-amb-els-estereotips-sobre-ledat-i-la-bellesa\/\" class=\"plain\" aria-label=\"GRANS va arribar per trencar amb els estereotips sobre l&#8217;edat i la bellesa\">\n\t\t\t\t\t\t\t\t<img loading=\"lazy\" decoding=\"async\" width=\"1280\" height=\"853\" src=\"https:\/\/addinformatica.com\/wp-content\/uploads\/2025\/06\/grandes-llego-para-romper-con-los-estereotipos-sobre-la-edad-y-la-belleza.jpg\" class=\"attachment-original size-original wp-post-image\" alt=\"\" srcset=\"https:\/\/addinformatica.com\/wp-content\/uploads\/2025\/06\/grandes-llego-para-romper-con-los-estereotipos-sobre-la-edad-y-la-belleza.jpg 1280w, https:\/\/addinformatica.com\/wp-content\/uploads\/2025\/06\/grandes-llego-para-romper-con-los-estereotipos-sobre-la-edad-y-la-belleza-300x200.jpg 300w, https:\/\/addinformatica.com\/wp-content\/uploads\/2025\/06\/grandes-llego-para-romper-con-los-estereotipos-sobre-la-edad-y-la-belleza-1024x682.jpg 1024w, https:\/\/addinformatica.com\/wp-content\/uploads\/2025\/06\/grandes-llego-para-romper-con-los-estereotipos-sobre-la-edad-y-la-belleza-768x512.jpg 768w\" sizes=\"auto, (max-width: 1280px) 100vw, 1280px\" \/>\t\t\t\t\t\t\t<\/a>\n  \t\t\t\t\t\t\t  \t\t\t\t\t\t\t  \t\t\t\t\t\t<\/div>\n  \t\t\t\t\t\t  \t\t\t\t\t<\/div>\n          \t\t\t\t\t<div class=\"box-text text-left is-small\" style=\"padding:0px 0px 0px 0px;\">\n\t\t\t\t\t<div class=\"box-text-inner blog-post-inner\">\n\n\t\t\t\t\t\n\t\t\t\t\t\t\t\t\t\t<h5 class=\"post-title is-large \">\n\t\t\t\t\t\t<a href=\"https:\/\/addinformatica.com\/ca\/noticies\/grans-va-arribar-per-trencar-amb-els-estereotips-sobre-ledat-i-la-bellesa\/\" class=\"plain\">GRANS va arribar per trencar amb els estereotips sobre l&#8217;edat i la bellesa<\/a>\n\t\t\t\t\t<\/h5>\n\t\t\t\t\t\t\t\t\t\t<div class=\"is-divider\"><\/div>\n\t\t\t\t\t\t\t\t\t\t<p class=\"from_the_blog_excerpt \">\n\t\t\t\t\t\tD&#8217;acord amb dades de l&#8217;Organitzaci\u00f3 Mundial de la [...]\t\t\t\t\t<\/p>\n\t\t\t\t\t                    \n\t\t\t\t\t\n\t\t\t\t\t\n\t\t\t\t\t<\/div>\n\t\t\t\t\t<\/div>\n\t\t\t\t\t\t\t\t\t<\/div>\n\t\t\t<\/div>\n\t\t<\/div><div class=\"col post-item\" >\n\t\t\t<div class=\"col-inner\">\n\t\t\t\t<div class=\"box box-normal box-text-bottom box-blog-post has-hover\">\n            \t\t\t\t\t<div class=\"box-image\" >\n  \t\t\t\t\t\t<div class=\"image-cover\" style=\"padding-top:100%;\">\n\t\t\t\t\t\t\t<a href=\"https:\/\/addinformatica.com\/ca\/noticies\/dia-internacional-de-la-infermeria-2025-prioritzant-el-benestar-i-la-salut-dels-infermers-i-les-infermeres\/\" class=\"plain\" aria-label=\"Dia Internacional de la Infermeria 2025: prioritzant el benestar i la salut dels infermers i les infermeres\">\n\t\t\t\t\t\t\t\t<img loading=\"lazy\" decoding=\"async\" width=\"1200\" height=\"800\" src=\"https:\/\/addinformatica.com\/wp-content\/uploads\/2025\/05\/cuando-y-por-que-se-celebra-el-dia-mundial-de-la-enfermeria.jpeg\" class=\"attachment-original size-original wp-post-image\" alt=\"\" srcset=\"https:\/\/addinformatica.com\/wp-content\/uploads\/2025\/05\/cuando-y-por-que-se-celebra-el-dia-mundial-de-la-enfermeria.jpeg 1200w, https:\/\/addinformatica.com\/wp-content\/uploads\/2025\/05\/cuando-y-por-que-se-celebra-el-dia-mundial-de-la-enfermeria-300x200.jpeg 300w, https:\/\/addinformatica.com\/wp-content\/uploads\/2025\/05\/cuando-y-por-que-se-celebra-el-dia-mundial-de-la-enfermeria-1024x683.jpeg 1024w, https:\/\/addinformatica.com\/wp-content\/uploads\/2025\/05\/cuando-y-por-que-se-celebra-el-dia-mundial-de-la-enfermeria-768x512.jpeg 768w\" sizes=\"auto, (max-width: 1200px) 100vw, 1200px\" \/>\t\t\t\t\t\t\t<\/a>\n  \t\t\t\t\t\t\t  \t\t\t\t\t\t\t  \t\t\t\t\t\t<\/div>\n  \t\t\t\t\t\t  \t\t\t\t\t<\/div>\n          \t\t\t\t\t<div class=\"box-text text-left is-small\" style=\"padding:0px 0px 0px 0px;\">\n\t\t\t\t\t<div class=\"box-text-inner blog-post-inner\">\n\n\t\t\t\t\t\n\t\t\t\t\t\t\t\t\t\t<h5 class=\"post-title is-large \">\n\t\t\t\t\t\t<a href=\"https:\/\/addinformatica.com\/ca\/noticies\/dia-internacional-de-la-infermeria-2025-prioritzant-el-benestar-i-la-salut-dels-infermers-i-les-infermeres\/\" class=\"plain\">Dia Internacional de la Infermeria 2025: prioritzant el benestar i la salut dels infermers i les infermeres<\/a>\n\t\t\t\t\t<\/h5>\n\t\t\t\t\t\t\t\t\t\t<div class=\"is-divider\"><\/div>\n\t\t\t\t\t\t\t\t\t\t<p class=\"from_the_blog_excerpt \">\n\t\t\t\t\t\tEl 12 de maig de cada any se [...]\t\t\t\t\t<\/p>\n\t\t\t\t\t                    \n\t\t\t\t\t\n\t\t\t\t\t\n\t\t\t\t\t<\/div>\n\t\t\t\t\t<\/div>\n\t\t\t\t\t\t\t\t\t<\/div>\n\t\t\t<\/div>\n\t\t<\/div><div class=\"col post-item\" >\n\t\t\t<div class=\"col-inner\">\n\t\t\t\t<div class=\"box box-normal box-text-bottom box-blog-post has-hover\">\n            \t\t\t\t\t<div class=\"box-image\" >\n  \t\t\t\t\t\t<div class=\"image-cover\" style=\"padding-top:100%;\">\n\t\t\t\t\t\t\t<a href=\"https:\/\/addinformatica.com\/ca\/noticies\/que-es-la-infancia-vulnerable-factors-que-laccentuen-i-les-estrategies-per-a-la-proteccio-dels-nostres-nens-i-adolescents\/\" class=\"plain\" aria-label=\"Qu\u00e8 \u00e9s la inf\u00e0ncia vulnerable: factors que l&#8217;accentuen i les estrat\u00e8gies per a la protecci\u00f3 dels nostres nens i adolescents\">\n\t\t\t\t\t\t\t\t<img loading=\"lazy\" decoding=\"async\" width=\"1200\" height=\"800\" src=\"https:\/\/addinformatica.com\/wp-content\/uploads\/2025\/05\/que-es-la-infancia-vulnerable.jpg\" class=\"attachment-original size-original wp-post-image\" alt=\"\" srcset=\"https:\/\/addinformatica.com\/wp-content\/uploads\/2025\/05\/que-es-la-infancia-vulnerable.jpg 1200w, https:\/\/addinformatica.com\/wp-content\/uploads\/2025\/05\/que-es-la-infancia-vulnerable-300x200.jpg 300w, https:\/\/addinformatica.com\/wp-content\/uploads\/2025\/05\/que-es-la-infancia-vulnerable-1024x683.jpg 1024w, https:\/\/addinformatica.com\/wp-content\/uploads\/2025\/05\/que-es-la-infancia-vulnerable-768x512.jpg 768w\" sizes=\"auto, (max-width: 1200px) 100vw, 1200px\" \/>\t\t\t\t\t\t\t<\/a>\n  \t\t\t\t\t\t\t  \t\t\t\t\t\t\t  \t\t\t\t\t\t<\/div>\n  \t\t\t\t\t\t  \t\t\t\t\t<\/div>\n          \t\t\t\t\t<div class=\"box-text text-left is-small\" style=\"padding:0px 0px 0px 0px;\">\n\t\t\t\t\t<div class=\"box-text-inner blog-post-inner\">\n\n\t\t\t\t\t\n\t\t\t\t\t\t\t\t\t\t<h5 class=\"post-title is-large \">\n\t\t\t\t\t\t<a href=\"https:\/\/addinformatica.com\/ca\/noticies\/que-es-la-infancia-vulnerable-factors-que-laccentuen-i-les-estrategies-per-a-la-proteccio-dels-nostres-nens-i-adolescents\/\" class=\"plain\">Qu\u00e8 \u00e9s la inf\u00e0ncia vulnerable: factors que l&#8217;accentuen i les estrat\u00e8gies per a la protecci\u00f3 dels nostres nens i adolescents<\/a>\n\t\t\t\t\t<\/h5>\n\t\t\t\t\t\t\t\t\t\t<div class=\"is-divider\"><\/div>\n\t\t\t\t\t\t\t\t\t\t<p class=\"from_the_blog_excerpt \">\n\t\t\t\t\t\tTots els nens, nenes i adolescents han de [...]\t\t\t\t\t<\/p>\n\t\t\t\t\t                    \n\t\t\t\t\t\n\t\t\t\t\t\n\t\t\t\t\t<\/div>\n\t\t\t\t\t<\/div>\n\t\t\t\t\t\t\t\t\t<\/div>\n\t\t\t<\/div>\n\t\t<\/div><div class=\"col post-item\" >\n\t\t\t<div class=\"col-inner\">\n\t\t\t\t<div class=\"box box-normal box-text-bottom box-blog-post has-hover\">\n            \t\t\t\t\t<div class=\"box-image\" >\n  \t\t\t\t\t\t<div class=\"image-cover\" style=\"padding-top:100%;\">\n\t\t\t\t\t\t\t<a href=\"https:\/\/addinformatica.com\/ca\/noticies\/serveis-socials-en-centres-de-discapacitat-que-son-i-com-funcionen\/\" class=\"plain\" aria-label=\"Serveis socials en centres de discapacitat: \u00bf qu\u00e8 s\u00f3n i com funcionen?\">\n\t\t\t\t\t\t\t\t<img loading=\"lazy\" decoding=\"async\" width=\"1200\" height=\"800\" src=\"https:\/\/addinformatica.com\/wp-content\/uploads\/2025\/06\/que-son-y-como-funcionan-los-servicios-sociales-en-centros-de-discapacidad.jpg\" class=\"attachment-original size-original wp-post-image\" alt=\"\" srcset=\"https:\/\/addinformatica.com\/wp-content\/uploads\/2025\/06\/que-son-y-como-funcionan-los-servicios-sociales-en-centros-de-discapacidad.jpg 1200w, https:\/\/addinformatica.com\/wp-content\/uploads\/2025\/06\/que-son-y-como-funcionan-los-servicios-sociales-en-centros-de-discapacidad-300x200.jpg 300w, https:\/\/addinformatica.com\/wp-content\/uploads\/2025\/06\/que-son-y-como-funcionan-los-servicios-sociales-en-centros-de-discapacidad-1024x683.jpg 1024w, https:\/\/addinformatica.com\/wp-content\/uploads\/2025\/06\/que-son-y-como-funcionan-los-servicios-sociales-en-centros-de-discapacidad-768x512.jpg 768w\" sizes=\"auto, (max-width: 1200px) 100vw, 1200px\" \/>\t\t\t\t\t\t\t<\/a>\n  \t\t\t\t\t\t\t  \t\t\t\t\t\t\t  \t\t\t\t\t\t<\/div>\n  \t\t\t\t\t\t  \t\t\t\t\t<\/div>\n          \t\t\t\t\t<div class=\"box-text text-left is-small\" style=\"padding:0px 0px 0px 0px;\">\n\t\t\t\t\t<div class=\"box-text-inner blog-post-inner\">\n\n\t\t\t\t\t\n\t\t\t\t\t\t\t\t\t\t<h5 class=\"post-title is-large \">\n\t\t\t\t\t\t<a href=\"https:\/\/addinformatica.com\/ca\/noticies\/serveis-socials-en-centres-de-discapacitat-que-son-i-com-funcionen\/\" class=\"plain\">Serveis socials en centres de discapacitat: \u00bf qu\u00e8 s\u00f3n i com funcionen?<\/a>\n\t\t\t\t\t<\/h5>\n\t\t\t\t\t\t\t\t\t\t<div class=\"is-divider\"><\/div>\n\t\t\t\t\t\t\t\t\t\t<p class=\"from_the_blog_excerpt \">\n\t\t\t\t\t\tEn general, els serveis socials tenen com a [...]\t\t\t\t\t<\/p>\n\t\t\t\t\t                    \n\t\t\t\t\t\n\t\t\t\t\t\n\t\t\t\t\t<\/div>\n\t\t\t\t\t<\/div>\n\t\t\t\t\t\t\t\t\t<\/div>\n\t\t\t<\/div>\n\t\t<\/div><div class=\"col post-item\" >\n\t\t\t<div class=\"col-inner\">\n\t\t\t\t<div class=\"box box-normal box-text-bottom box-blog-post has-hover\">\n            \t\t\t\t\t<div class=\"box-image\" >\n  \t\t\t\t\t\t<div class=\"image-cover\" style=\"padding-top:100%;\">\n\t\t\t\t\t\t\t<a href=\"https:\/\/addinformatica.com\/ca\/noticies\/linfinit-de-larc-de-sant-marti-cada-persona-autista-es-unica-i-diferent\/\" class=\"plain\" aria-label=\"L&#8217;infinit de l&#8217;arc de Sant Mart\u00ed Cada persona autista \u00e9s \u00fanica i diferent!\">\n\t\t\t\t\t\t\t\t<img loading=\"lazy\" decoding=\"async\" width=\"1200\" height=\"901\" src=\"https:\/\/addinformatica.com\/wp-content\/uploads\/2025\/04\/cuando-y-como-se-celebra-el-dia-mundial-del-autismo.jpg\" class=\"attachment-original size-original wp-post-image\" alt=\"\" srcset=\"https:\/\/addinformatica.com\/wp-content\/uploads\/2025\/04\/cuando-y-como-se-celebra-el-dia-mundial-del-autismo.jpg 1200w, https:\/\/addinformatica.com\/wp-content\/uploads\/2025\/04\/cuando-y-como-se-celebra-el-dia-mundial-del-autismo-300x225.jpg 300w, https:\/\/addinformatica.com\/wp-content\/uploads\/2025\/04\/cuando-y-como-se-celebra-el-dia-mundial-del-autismo-1024x769.jpg 1024w, https:\/\/addinformatica.com\/wp-content\/uploads\/2025\/04\/cuando-y-como-se-celebra-el-dia-mundial-del-autismo-768x577.jpg 768w\" sizes=\"auto, (max-width: 1200px) 100vw, 1200px\" \/>\t\t\t\t\t\t\t<\/a>\n  \t\t\t\t\t\t\t  \t\t\t\t\t\t\t  \t\t\t\t\t\t<\/div>\n  \t\t\t\t\t\t  \t\t\t\t\t<\/div>\n          \t\t\t\t\t<div class=\"box-text text-left is-small\" style=\"padding:0px 0px 0px 0px;\">\n\t\t\t\t\t<div class=\"box-text-inner blog-post-inner\">\n\n\t\t\t\t\t\n\t\t\t\t\t\t\t\t\t\t<h5 class=\"post-title is-large \">\n\t\t\t\t\t\t<a href=\"https:\/\/addinformatica.com\/ca\/noticies\/linfinit-de-larc-de-sant-marti-cada-persona-autista-es-unica-i-diferent\/\" class=\"plain\">L&#8217;infinit de l&#8217;arc de Sant Mart\u00ed Cada persona autista \u00e9s \u00fanica i diferent!<\/a>\n\t\t\t\t\t<\/h5>\n\t\t\t\t\t\t\t\t\t\t<div class=\"is-divider\"><\/div>\n\t\t\t\t\t\t\t\t\t\t<p class=\"from_the_blog_excerpt \">\n\t\t\t\t\t\tD&#8217;acord amb xifres i dades de l&#8217;Organitzaci\u00f3 Mundial [...]\t\t\t\t\t<\/p>\n\t\t\t\t\t                    \n\t\t\t\t\t\n\t\t\t\t\t\n\t\t\t\t\t<\/div>\n\t\t\t\t\t<\/div>\n\t\t\t\t\t\t\t\t\t<\/div>\n\t\t\t<\/div>\n\t\t<\/div><div class=\"col post-item\" >\n\t\t\t<div class=\"col-inner\">\n\t\t\t\t<div class=\"box box-normal box-text-bottom box-blog-post has-hover\">\n            \t\t\t\t\t<div class=\"box-image\" >\n  \t\t\t\t\t\t<div class=\"image-cover\" style=\"padding-top:100%;\">\n\t\t\t\t\t\t\t<a href=\"https:\/\/addinformatica.com\/ca\/noticies\/el-dia-internacional-del-treball-social-2025-cerca-enfortir-la-solidaritat-intergeneracional\/\" class=\"plain\" aria-label=\"El Dia Internacional del Treball Social 2025 cerca enfortir la solidaritat intergeneracional\">\n\t\t\t\t\t\t\t\t<img loading=\"lazy\" decoding=\"async\" width=\"1000\" height=\"667\" src=\"https:\/\/addinformatica.com\/wp-content\/uploads\/2025\/03\/el-dia-internacional-del-trabajo-social-2025-busca-fortalecer-la-solidaridad-internacional.jpg\" class=\"attachment-original size-original wp-post-image\" alt=\"\" srcset=\"https:\/\/addinformatica.com\/wp-content\/uploads\/2025\/03\/el-dia-internacional-del-trabajo-social-2025-busca-fortalecer-la-solidaridad-internacional.jpg 1000w, https:\/\/addinformatica.com\/wp-content\/uploads\/2025\/03\/el-dia-internacional-del-trabajo-social-2025-busca-fortalecer-la-solidaridad-internacional-300x200.jpg 300w, https:\/\/addinformatica.com\/wp-content\/uploads\/2025\/03\/el-dia-internacional-del-trabajo-social-2025-busca-fortalecer-la-solidaridad-internacional-768x512.jpg 768w\" sizes=\"auto, (max-width: 1000px) 100vw, 1000px\" \/>\t\t\t\t\t\t\t<\/a>\n  \t\t\t\t\t\t\t  \t\t\t\t\t\t\t  \t\t\t\t\t\t<\/div>\n  \t\t\t\t\t\t  \t\t\t\t\t<\/div>\n          \t\t\t\t\t<div class=\"box-text text-left is-small\" style=\"padding:0px 0px 0px 0px;\">\n\t\t\t\t\t<div class=\"box-text-inner blog-post-inner\">\n\n\t\t\t\t\t\n\t\t\t\t\t\t\t\t\t\t<h5 class=\"post-title is-large \">\n\t\t\t\t\t\t<a href=\"https:\/\/addinformatica.com\/ca\/noticies\/el-dia-internacional-del-treball-social-2025-cerca-enfortir-la-solidaritat-intergeneracional\/\" class=\"plain\">El Dia Internacional del Treball Social 2025 cerca enfortir la solidaritat intergeneracional<\/a>\n\t\t\t\t\t<\/h5>\n\t\t\t\t\t\t\t\t\t\t<div class=\"is-divider\"><\/div>\n\t\t\t\t\t\t\t\t\t\t<p class=\"from_the_blog_excerpt \">\n\t\t\t\t\t\tEl Dia Internacional del Treball Social se celebra [...]\t\t\t\t\t<\/p>\n\t\t\t\t\t                    \n\t\t\t\t\t\n\t\t\t\t\t\n\t\t\t\t\t<\/div>\n\t\t\t\t\t<\/div>\n\t\t\t\t\t\t\t\t\t<\/div>\n\t\t\t<\/div>\n\t\t<\/div><div class=\"col post-item\" >\n\t\t\t<div class=\"col-inner\">\n\t\t\t\t<div class=\"box box-normal box-text-bottom box-blog-post has-hover\">\n            \t\t\t\t\t<div class=\"box-image\" >\n  \t\t\t\t\t\t<div class=\"image-cover\" style=\"padding-top:100%;\">\n\t\t\t\t\t\t\t<a href=\"https:\/\/addinformatica.com\/ca\/noticies\/dia-internacional-de-la-dona-2025-per-mes-drets-igualtat-i-empoderament\/\" class=\"plain\" aria-label=\"Dia Internacional de la Dona 2025: per m\u00e9s drets, igualtat i empoderament\">\n\t\t\t\t\t\t\t\t<img loading=\"lazy\" decoding=\"async\" width=\"680\" height=\"453\" src=\"https:\/\/addinformatica.com\/wp-content\/uploads\/2025\/03\/dia-internacional-de-la-mujer-2025-por-mas-derechos-igualdad-y-empoderamiento.jpg\" class=\"attachment-original size-original wp-post-image\" alt=\"\" srcset=\"https:\/\/addinformatica.com\/wp-content\/uploads\/2025\/03\/dia-internacional-de-la-mujer-2025-por-mas-derechos-igualdad-y-empoderamiento.jpg 680w, https:\/\/addinformatica.com\/wp-content\/uploads\/2025\/03\/dia-internacional-de-la-mujer-2025-por-mas-derechos-igualdad-y-empoderamiento-300x200.jpg 300w\" sizes=\"auto, (max-width: 680px) 100vw, 680px\" \/>\t\t\t\t\t\t\t<\/a>\n  \t\t\t\t\t\t\t  \t\t\t\t\t\t\t  \t\t\t\t\t\t<\/div>\n  \t\t\t\t\t\t  \t\t\t\t\t<\/div>\n          \t\t\t\t\t<div class=\"box-text text-left is-small\" style=\"padding:0px 0px 0px 0px;\">\n\t\t\t\t\t<div class=\"box-text-inner blog-post-inner\">\n\n\t\t\t\t\t\n\t\t\t\t\t\t\t\t\t\t<h5 class=\"post-title is-large \">\n\t\t\t\t\t\t<a href=\"https:\/\/addinformatica.com\/ca\/noticies\/dia-internacional-de-la-dona-2025-per-mes-drets-igualtat-i-empoderament\/\" class=\"plain\">Dia Internacional de la Dona 2025: per m\u00e9s drets, igualtat i empoderament<\/a>\n\t\t\t\t\t<\/h5>\n\t\t\t\t\t\t\t\t\t\t<div class=\"is-divider\"><\/div>\n\t\t\t\t\t\t\t\t\t\t<p class=\"from_the_blog_excerpt \">\n\t\t\t\t\t\tEl Dia Internacional de la Dona se celebra [...]\t\t\t\t\t<\/p>\n\t\t\t\t\t                    \n\t\t\t\t\t\n\t\t\t\t\t\n\t\t\t\t\t<\/div>\n\t\t\t\t\t<\/div>\n\t\t\t\t\t\t\t\t\t<\/div>\n\t\t\t<\/div>\n\t\t<\/div><div class=\"col post-item\" >\n\t\t\t<div class=\"col-inner\">\n\t\t\t\t<div class=\"box box-normal box-text-bottom box-blog-post has-hover\">\n            \t\t\t\t\t<div class=\"box-image\" >\n  \t\t\t\t\t\t<div class=\"image-cover\" style=\"padding-top:100%;\">\n\t\t\t\t\t\t\t<a href=\"https:\/\/addinformatica.com\/ca\/noticies\/concurs-navcia-2024-units-per-la-magia-decembrina\/\" class=\"plain\" aria-label=\"Concurs Nav&amp;Cia 2024: units per la m\u00e0gia decembrina\">\n\t\t\t\t\t\t\t\t<img loading=\"lazy\" decoding=\"async\" width=\"850\" height=\"577\" src=\"https:\/\/addinformatica.com\/wp-content\/uploads\/2024\/11\/Navcia-2024-25-popup-ES.jpg\" class=\"attachment-original size-original wp-post-image\" alt=\"\" srcset=\"https:\/\/addinformatica.com\/wp-content\/uploads\/2024\/11\/Navcia-2024-25-popup-ES.jpg 850w, https:\/\/addinformatica.com\/wp-content\/uploads\/2024\/11\/Navcia-2024-25-popup-ES-300x204.jpg 300w, https:\/\/addinformatica.com\/wp-content\/uploads\/2024\/11\/Navcia-2024-25-popup-ES-768x521.jpg 768w\" sizes=\"auto, (max-width: 850px) 100vw, 850px\" \/>\t\t\t\t\t\t\t<\/a>\n  \t\t\t\t\t\t\t  \t\t\t\t\t\t\t  \t\t\t\t\t\t<\/div>\n  \t\t\t\t\t\t  \t\t\t\t\t<\/div>\n          \t\t\t\t\t<div class=\"box-text text-left is-small\" style=\"padding:0px 0px 0px 0px;\">\n\t\t\t\t\t<div class=\"box-text-inner blog-post-inner\">\n\n\t\t\t\t\t\n\t\t\t\t\t\t\t\t\t\t<h5 class=\"post-title is-large \">\n\t\t\t\t\t\t<a href=\"https:\/\/addinformatica.com\/ca\/noticies\/concurs-navcia-2024-units-per-la-magia-decembrina\/\" class=\"plain\">Concurs Nav&amp;Cia 2024: units per la m\u00e0gia decembrina<\/a>\n\t\t\t\t\t<\/h5>\n\t\t\t\t\t\t\t\t\t\t<div class=\"is-divider\"><\/div>\n\t\t\t\t\t\t\t\t\t\t<p class=\"from_the_blog_excerpt \">\n\t\t\t\t\t\tEl concurs de manualitats nadalenques NAV&amp;CIA \u00e9s organitzat [...]\t\t\t\t\t<\/p>\n\t\t\t\t\t                    \n\t\t\t\t\t\n\t\t\t\t\t\n\t\t\t\t\t<\/div>\n\t\t\t\t\t<\/div>\n\t\t\t\t\t\t\t\t\t<\/div>\n\t\t\t<\/div>\n\t\t<\/div><div class=\"col post-item\" >\n\t\t\t<div class=\"col-inner\">\n\t\t\t\t<div class=\"box box-normal box-text-bottom box-blog-post has-hover\">\n            \t\t\t\t\t<div class=\"box-image\" >\n  \t\t\t\t\t\t<div class=\"image-cover\" style=\"padding-top:100%;\">\n\t\t\t\t\t\t\t<a href=\"https:\/\/addinformatica.com\/ca\/noticies\/dia-mundial-contra-el-cancer-quan-se-celebra-i-per-que-es-important\/\" class=\"plain\" aria-label=\"Dia Mundial contra el C\u00e0ncer: quan se celebra i per qu\u00e8 \u00e9s important\">\n\t\t\t\t\t\t\t\t<img loading=\"lazy\" decoding=\"async\" width=\"1200\" height=\"800\" src=\"https:\/\/addinformatica.com\/wp-content\/uploads\/2025\/01\/por-que-se-celebra-el-dia-mundial-del-cancer.jpg\" class=\"attachment-original size-original wp-post-image\" alt=\"\" srcset=\"https:\/\/addinformatica.com\/wp-content\/uploads\/2025\/01\/por-que-se-celebra-el-dia-mundial-del-cancer.jpg 1200w, https:\/\/addinformatica.com\/wp-content\/uploads\/2025\/01\/por-que-se-celebra-el-dia-mundial-del-cancer-300x200.jpg 300w, https:\/\/addinformatica.com\/wp-content\/uploads\/2025\/01\/por-que-se-celebra-el-dia-mundial-del-cancer-1024x683.jpg 1024w, https:\/\/addinformatica.com\/wp-content\/uploads\/2025\/01\/por-que-se-celebra-el-dia-mundial-del-cancer-768x512.jpg 768w\" sizes=\"auto, (max-width: 1200px) 100vw, 1200px\" \/>\t\t\t\t\t\t\t<\/a>\n  \t\t\t\t\t\t\t  \t\t\t\t\t\t\t  \t\t\t\t\t\t<\/div>\n  \t\t\t\t\t\t  \t\t\t\t\t<\/div>\n          \t\t\t\t\t<div class=\"box-text text-left is-small\" style=\"padding:0px 0px 0px 0px;\">\n\t\t\t\t\t<div class=\"box-text-inner blog-post-inner\">\n\n\t\t\t\t\t\n\t\t\t\t\t\t\t\t\t\t<h5 class=\"post-title is-large \">\n\t\t\t\t\t\t<a href=\"https:\/\/addinformatica.com\/ca\/noticies\/dia-mundial-contra-el-cancer-quan-se-celebra-i-per-que-es-important\/\" class=\"plain\">Dia Mundial contra el C\u00e0ncer: quan se celebra i per qu\u00e8 \u00e9s important<\/a>\n\t\t\t\t\t<\/h5>\n\t\t\t\t\t\t\t\t\t\t<div class=\"is-divider\"><\/div>\n\t\t\t\t\t\t\t\t\t\t<p class=\"from_the_blog_excerpt \">\n\t\t\t\t\t\tEl Dia Mundial contra el C\u00e0ncer se celebra [...]\t\t\t\t\t<\/p>\n\t\t\t\t\t                    \n\t\t\t\t\t\n\t\t\t\t\t\n\t\t\t\t\t<\/div>\n\t\t\t\t\t<\/div>\n\t\t\t\t\t\t\t\t\t<\/div>\n\t\t\t<\/div>\n\t\t<\/div><div class=\"col post-item\" >\n\t\t\t<div class=\"col-inner\">\n\t\t\t\t<div class=\"box box-normal box-text-bottom box-blog-post has-hover\">\n            \t\t\t\t\t<div class=\"box-image\" >\n  \t\t\t\t\t\t<div class=\"image-cover\" style=\"padding-top:100%;\">\n\t\t\t\t\t\t\t<a href=\"https:\/\/addinformatica.com\/ca\/noticies\/la-importancia-de-la-musicoterapia-per-a-gent-gran-persones-amb-discapacitat-infants-i-adolescents\/\" class=\"plain\" aria-label=\"La import\u00e0ncia de la Musicoter\u00e0pia per a gent gran, persones amb discapacitat, infants i adolescents\">\n\t\t\t\t\t\t\t\t<img loading=\"lazy\" decoding=\"async\" width=\"1200\" height=\"800\" src=\"https:\/\/addinformatica.com\/wp-content\/uploads\/2025\/01\/musicoterpia3.jpg\" class=\"attachment-original size-original wp-post-image\" alt=\"\" srcset=\"https:\/\/addinformatica.com\/wp-content\/uploads\/2025\/01\/musicoterpia3.jpg 1200w, https:\/\/addinformatica.com\/wp-content\/uploads\/2025\/01\/musicoterpia3-300x200.jpg 300w, https:\/\/addinformatica.com\/wp-content\/uploads\/2025\/01\/musicoterpia3-1024x683.jpg 1024w, https:\/\/addinformatica.com\/wp-content\/uploads\/2025\/01\/musicoterpia3-768x512.jpg 768w\" sizes=\"auto, (max-width: 1200px) 100vw, 1200px\" \/>\t\t\t\t\t\t\t<\/a>\n  \t\t\t\t\t\t\t  \t\t\t\t\t\t\t  \t\t\t\t\t\t<\/div>\n  \t\t\t\t\t\t  \t\t\t\t\t<\/div>\n          \t\t\t\t\t<div class=\"box-text text-left is-small\" style=\"padding:0px 0px 0px 0px;\">\n\t\t\t\t\t<div class=\"box-text-inner blog-post-inner\">\n\n\t\t\t\t\t\n\t\t\t\t\t\t\t\t\t\t<h5 class=\"post-title is-large \">\n\t\t\t\t\t\t<a href=\"https:\/\/addinformatica.com\/ca\/noticies\/la-importancia-de-la-musicoterapia-per-a-gent-gran-persones-amb-discapacitat-infants-i-adolescents\/\" class=\"plain\">La import\u00e0ncia de la Musicoter\u00e0pia per a gent gran, persones amb discapacitat, infants i adolescents<\/a>\n\t\t\t\t\t<\/h5>\n\t\t\t\t\t\t\t\t\t\t<div class=\"is-divider\"><\/div>\n\t\t\t\t\t\t\t\t\t\t<p class=\"from_the_blog_excerpt \">\n\t\t\t\t\t\tLa musicoter\u00e0pia \u00e9s una disciplina que utilitza la [...]\t\t\t\t\t<\/p>\n\t\t\t\t\t                    \n\t\t\t\t\t\n\t\t\t\t\t\n\t\t\t\t\t<\/div>\n\t\t\t\t\t<\/div>\n\t\t\t\t\t\t\t\t\t<\/div>\n\t\t\t<\/div>\n\t\t<\/div><div class=\"col post-item\" >\n\t\t\t<div class=\"col-inner\">\n\t\t\t\t<div class=\"box box-normal box-text-bottom box-blog-post has-hover\">\n            \t\t\t\t\t<div class=\"box-image\" >\n  \t\t\t\t\t\t<div class=\"image-cover\" style=\"padding-top:100%;\">\n\t\t\t\t\t\t\t<a href=\"https:\/\/addinformatica.com\/ca\/noticies\/innovadores-terapies-no-farmacologiques-aconsegueixen-millorar-la-demencia-en-persones-grans\/\" class=\"plain\" aria-label=\"Innovadores ter\u00e0pies no farmacol\u00f2giques aconsegueixen millorar la dem\u00e8ncia en persones grans\">\n\t\t\t\t\t\t\t\t<img loading=\"lazy\" decoding=\"async\" width=\"1200\" height=\"800\" src=\"https:\/\/addinformatica.com\/wp-content\/uploads\/2025\/01\/estimulacion2.jpg\" class=\"attachment-original size-original wp-post-image\" alt=\"\" srcset=\"https:\/\/addinformatica.com\/wp-content\/uploads\/2025\/01\/estimulacion2.jpg 1200w, https:\/\/addinformatica.com\/wp-content\/uploads\/2025\/01\/estimulacion2-300x200.jpg 300w, https:\/\/addinformatica.com\/wp-content\/uploads\/2025\/01\/estimulacion2-1024x683.jpg 1024w, https:\/\/addinformatica.com\/wp-content\/uploads\/2025\/01\/estimulacion2-768x512.jpg 768w\" sizes=\"auto, (max-width: 1200px) 100vw, 1200px\" \/>\t\t\t\t\t\t\t<\/a>\n  \t\t\t\t\t\t\t  \t\t\t\t\t\t\t  \t\t\t\t\t\t<\/div>\n  \t\t\t\t\t\t  \t\t\t\t\t<\/div>\n          \t\t\t\t\t<div class=\"box-text text-left is-small\" style=\"padding:0px 0px 0px 0px;\">\n\t\t\t\t\t<div class=\"box-text-inner blog-post-inner\">\n\n\t\t\t\t\t\n\t\t\t\t\t\t\t\t\t\t<h5 class=\"post-title is-large \">\n\t\t\t\t\t\t<a href=\"https:\/\/addinformatica.com\/ca\/noticies\/innovadores-terapies-no-farmacologiques-aconsegueixen-millorar-la-demencia-en-persones-grans\/\" class=\"plain\">Innovadores ter\u00e0pies no farmacol\u00f2giques aconsegueixen millorar la dem\u00e8ncia en persones grans<\/a>\n\t\t\t\t\t<\/h5>\n\t\t\t\t\t\t\t\t\t\t<div class=\"is-divider\"><\/div>\n\t\t\t\t\t\t\t\t\t\t<p class=\"from_the_blog_excerpt \">\n\t\t\t\t\t\tLa dem\u00e8ncia, una de les principals causes de [...]\t\t\t\t\t<\/p>\n\t\t\t\t\t                    \n\t\t\t\t\t\n\t\t\t\t\t\n\t\t\t\t\t<\/div>\n\t\t\t\t\t<\/div>\n\t\t\t\t\t\t\t\t\t<\/div>\n\t\t\t<\/div>\n\t\t<\/div><div class=\"col post-item\" >\n\t\t\t<div class=\"col-inner\">\n\t\t\t\t<div class=\"box box-normal box-text-bottom box-blog-post has-hover\">\n            \t\t\t\t\t<div class=\"box-image\" >\n  \t\t\t\t\t\t<div class=\"image-cover\" style=\"padding-top:100%;\">\n\t\t\t\t\t\t\t<a href=\"https:\/\/addinformatica.com\/ca\/noticies\/aquests-son-els-guanyadors-del-12e-concurs-navcia-2024-2025\/\" class=\"plain\" aria-label=\"Aquests s\u00f3n els guanyadors del 12\u00e8 Concurs NAV&#038;cia 2024-2025\">\n\t\t\t\t\t\t\t\t<img loading=\"lazy\" decoding=\"async\" width=\"850\" height=\"577\" src=\"https:\/\/addinformatica.com\/wp-content\/uploads\/2024\/11\/Navcia-2024-25-popup-CA.jpg\" class=\"attachment-original size-original wp-post-image\" alt=\"\" srcset=\"https:\/\/addinformatica.com\/wp-content\/uploads\/2024\/11\/Navcia-2024-25-popup-CA.jpg 850w, https:\/\/addinformatica.com\/wp-content\/uploads\/2024\/11\/Navcia-2024-25-popup-CA-300x204.jpg 300w, https:\/\/addinformatica.com\/wp-content\/uploads\/2024\/11\/Navcia-2024-25-popup-CA-768x521.jpg 768w\" sizes=\"auto, (max-width: 850px) 100vw, 850px\" \/>\t\t\t\t\t\t\t<\/a>\n  \t\t\t\t\t\t\t  \t\t\t\t\t\t\t  \t\t\t\t\t\t<\/div>\n  \t\t\t\t\t\t  \t\t\t\t\t<\/div>\n          \t\t\t\t\t<div class=\"box-text text-left is-small\" style=\"padding:0px 0px 0px 0px;\">\n\t\t\t\t\t<div class=\"box-text-inner blog-post-inner\">\n\n\t\t\t\t\t\n\t\t\t\t\t\t\t\t\t\t<h5 class=\"post-title is-large \">\n\t\t\t\t\t\t<a href=\"https:\/\/addinformatica.com\/ca\/noticies\/aquests-son-els-guanyadors-del-12e-concurs-navcia-2024-2025\/\" class=\"plain\">Aquests s\u00f3n els guanyadors del 12\u00e8 Concurs NAV&#038;cia 2024-2025<\/a>\n\t\t\t\t\t<\/h5>\n\t\t\t\t\t\t\t\t\t\t<div class=\"is-divider\"><\/div>\n\t\t\t\t\t\t\t\t\t\t<p class=\"from_the_blog_excerpt \">\n\t\t\t\t\t\t\t\t\t\t\t<\/p>\n\t\t\t\t\t                    \n\t\t\t\t\t\n\t\t\t\t\t\n\t\t\t\t\t<\/div>\n\t\t\t\t\t<\/div>\n\t\t\t\t\t\t\t\t\t<\/div>\n\t\t\t<\/div>\n\t\t<\/div><div class=\"col post-item\" >\n\t\t\t<div class=\"col-inner\">\n\t\t\t\t<div class=\"box box-normal box-text-bottom box-blog-post has-hover\">\n            \t\t\t\t\t<div class=\"box-image\" >\n  \t\t\t\t\t\t<div class=\"image-cover\" style=\"padding-top:100%;\">\n\t\t\t\t\t\t\t<a href=\"https:\/\/addinformatica.com\/ca\/noticies\/alimentacio-en-residencies-un-menu-per-recordar-aliments-que-cuiden-la-memoria\/\" class=\"plain\" aria-label=\"Alimentaci\u00f3 en resid\u00e8ncies: Un men\u00fa per recordar, aliments que cuiden la mem\u00f2ria\">\n\t\t\t\t\t\t\t\t<img loading=\"lazy\" decoding=\"async\" width=\"680\" height=\"480\" src=\"https:\/\/addinformatica.com\/wp-content\/uploads\/2024\/11\/las-personas-mayores-deben-tener-una-alimentacion-balanceada-y-personalizada.jpg\" class=\"attachment-original size-original wp-post-image\" alt=\"\" srcset=\"https:\/\/addinformatica.com\/wp-content\/uploads\/2024\/11\/las-personas-mayores-deben-tener-una-alimentacion-balanceada-y-personalizada.jpg 680w, https:\/\/addinformatica.com\/wp-content\/uploads\/2024\/11\/las-personas-mayores-deben-tener-una-alimentacion-balanceada-y-personalizada-300x212.jpg 300w\" sizes=\"auto, (max-width: 680px) 100vw, 680px\" \/>\t\t\t\t\t\t\t<\/a>\n  \t\t\t\t\t\t\t  \t\t\t\t\t\t\t  \t\t\t\t\t\t<\/div>\n  \t\t\t\t\t\t  \t\t\t\t\t<\/div>\n          \t\t\t\t\t<div class=\"box-text text-left is-small\" style=\"padding:0px 0px 0px 0px;\">\n\t\t\t\t\t<div class=\"box-text-inner blog-post-inner\">\n\n\t\t\t\t\t\n\t\t\t\t\t\t\t\t\t\t<h5 class=\"post-title is-large \">\n\t\t\t\t\t\t<a href=\"https:\/\/addinformatica.com\/ca\/noticies\/alimentacio-en-residencies-un-menu-per-recordar-aliments-que-cuiden-la-memoria\/\" class=\"plain\">Alimentaci\u00f3 en resid\u00e8ncies: Un men\u00fa per recordar, aliments que cuiden la mem\u00f2ria<\/a>\n\t\t\t\t\t<\/h5>\n\t\t\t\t\t\t\t\t\t\t<div class=\"is-divider\"><\/div>\n\t\t\t\t\t\t\t\t\t\t<p class=\"from_the_blog_excerpt \">\n\t\t\t\t\t\tA qualsevol etapa de la vida, l&#8217;alimentaci\u00f3 \u00e9s [...]\t\t\t\t\t<\/p>\n\t\t\t\t\t                    \n\t\t\t\t\t\n\t\t\t\t\t\n\t\t\t\t\t<\/div>\n\t\t\t\t\t<\/div>\n\t\t\t\t\t\t\t\t\t<\/div>\n\t\t\t<\/div>\n\t\t<\/div><div class=\"col post-item\" >\n\t\t\t<div class=\"col-inner\">\n\t\t\t\t<div class=\"box box-normal box-text-bottom box-blog-post has-hover\">\n            \t\t\t\t\t<div class=\"box-image\" >\n  \t\t\t\t\t\t<div class=\"image-cover\" style=\"padding-top:100%;\">\n\t\t\t\t\t\t\t<a href=\"https:\/\/addinformatica.com\/ca\/noticies\/quan-se-celebra-el-dia-mundial-de-la-infancia-i-per-que-es-important\/\" class=\"plain\" aria-label=\"Quan se celebra el Dia Mundial de la Inf\u00e0ncia i per qu\u00e8 \u00e9s important\">\n\t\t\t\t\t\t\t\t<img loading=\"lazy\" decoding=\"async\" width=\"680\" height=\"453\" src=\"https:\/\/addinformatica.com\/wp-content\/uploads\/2024\/10\/cuando-se-celebra-el-dia-mundial-de-la-infancia-y-por-que-es-importante.jpg\" class=\"attachment-original size-original wp-post-image\" alt=\"\" srcset=\"https:\/\/addinformatica.com\/wp-content\/uploads\/2024\/10\/cuando-se-celebra-el-dia-mundial-de-la-infancia-y-por-que-es-importante.jpg 680w, https:\/\/addinformatica.com\/wp-content\/uploads\/2024\/10\/cuando-se-celebra-el-dia-mundial-de-la-infancia-y-por-que-es-importante-300x200.jpg 300w\" sizes=\"auto, (max-width: 680px) 100vw, 680px\" \/>\t\t\t\t\t\t\t<\/a>\n  \t\t\t\t\t\t\t  \t\t\t\t\t\t\t  \t\t\t\t\t\t<\/div>\n  \t\t\t\t\t\t  \t\t\t\t\t<\/div>\n          \t\t\t\t\t<div class=\"box-text text-left is-small\" style=\"padding:0px 0px 0px 0px;\">\n\t\t\t\t\t<div class=\"box-text-inner blog-post-inner\">\n\n\t\t\t\t\t\n\t\t\t\t\t\t\t\t\t\t<h5 class=\"post-title is-large \">\n\t\t\t\t\t\t<a href=\"https:\/\/addinformatica.com\/ca\/noticies\/quan-se-celebra-el-dia-mundial-de-la-infancia-i-per-que-es-important\/\" class=\"plain\">Quan se celebra el Dia Mundial de la Inf\u00e0ncia i per qu\u00e8 \u00e9s important<\/a>\n\t\t\t\t\t<\/h5>\n\t\t\t\t\t\t\t\t\t\t<div class=\"is-divider\"><\/div>\n\t\t\t\t\t\t\t\t\t\t<p class=\"from_the_blog_excerpt \">\n\t\t\t\t\t\tL&#8217;Organitzaci\u00f3 de les Nacions Unides (ONU) celebra el [...]\t\t\t\t\t<\/p>\n\t\t\t\t\t                    \n\t\t\t\t\t\n\t\t\t\t\t\n\t\t\t\t\t<\/div>\n\t\t\t\t\t<\/div>\n\t\t\t\t\t\t\t\t\t<\/div>\n\t\t\t<\/div>\n\t\t<\/div><div class=\"col post-item\" >\n\t\t\t<div class=\"col-inner\">\n\t\t\t\t<div class=\"box box-normal box-text-bottom box-blog-post has-hover\">\n            \t\t\t\t\t<div class=\"box-image\" >\n  \t\t\t\t\t\t<div class=\"image-cover\" style=\"padding-top:100%;\">\n\t\t\t\t\t\t\t<a href=\"https:\/\/addinformatica.com\/ca\/noticies\/3-de-desembre-dia-internacional-de-les-persones-amb-discapacitat\/\" class=\"plain\" aria-label=\"3 de desembre: Dia Internacional de les Persones amb Discapacitat\">\n\t\t\t\t\t\t\t\t<img loading=\"lazy\" decoding=\"async\" width=\"1200\" height=\"800\" src=\"https:\/\/addinformatica.com\/wp-content\/uploads\/2024\/10\/discapacidad-2024-1.jpg\" class=\"attachment-original size-original wp-post-image\" alt=\"\" srcset=\"https:\/\/addinformatica.com\/wp-content\/uploads\/2024\/10\/discapacidad-2024-1.jpg 1200w, https:\/\/addinformatica.com\/wp-content\/uploads\/2024\/10\/discapacidad-2024-1-300x200.jpg 300w, https:\/\/addinformatica.com\/wp-content\/uploads\/2024\/10\/discapacidad-2024-1-1024x683.jpg 1024w, https:\/\/addinformatica.com\/wp-content\/uploads\/2024\/10\/discapacidad-2024-1-768x512.jpg 768w\" sizes=\"auto, (max-width: 1200px) 100vw, 1200px\" \/>\t\t\t\t\t\t\t<\/a>\n  \t\t\t\t\t\t\t  \t\t\t\t\t\t\t  \t\t\t\t\t\t<\/div>\n  \t\t\t\t\t\t  \t\t\t\t\t<\/div>\n          \t\t\t\t\t<div class=\"box-text text-left is-small\" style=\"padding:0px 0px 0px 0px;\">\n\t\t\t\t\t<div class=\"box-text-inner blog-post-inner\">\n\n\t\t\t\t\t\n\t\t\t\t\t\t\t\t\t\t<h5 class=\"post-title is-large \">\n\t\t\t\t\t\t<a href=\"https:\/\/addinformatica.com\/ca\/noticies\/3-de-desembre-dia-internacional-de-les-persones-amb-discapacitat\/\" class=\"plain\">3 de desembre: Dia Internacional de les Persones amb Discapacitat<\/a>\n\t\t\t\t\t<\/h5>\n\t\t\t\t\t\t\t\t\t\t<div class=\"is-divider\"><\/div>\n\t\t\t\t\t\t\t\t\t\t<p class=\"from_the_blog_excerpt \">\n\t\t\t\t\t\tEl 3 de desembre se celebra el Dia [...]\t\t\t\t\t<\/p>\n\t\t\t\t\t                    \n\t\t\t\t\t\n\t\t\t\t\t\n\t\t\t\t\t<\/div>\n\t\t\t\t\t<\/div>\n\t\t\t\t\t\t\t\t\t<\/div>\n\t\t\t<\/div>\n\t\t<\/div><div class=\"col post-item\" >\n\t\t\t<div class=\"col-inner\">\n\t\t\t\t<div class=\"box box-normal box-text-bottom box-blog-post has-hover\">\n            \t\t\t\t\t<div class=\"box-image\" >\n  \t\t\t\t\t\t<div class=\"image-cover\" style=\"padding-top:100%;\">\n\t\t\t\t\t\t\t<a href=\"https:\/\/addinformatica.com\/ca\/noticies\/nutricio-i-exercici-son-clau-per-mantenir-la-salut-de-pacients-geriatrics\/\" class=\"plain\" aria-label=\"Nutrici\u00f3 i exercici s\u00f3n clau per mantenir la salut de pacients geri\u00e0trics\">\n\t\t\t\t\t\t\t\t<img loading=\"lazy\" decoding=\"async\" width=\"1200\" height=\"803\" src=\"https:\/\/addinformatica.com\/wp-content\/uploads\/2024\/10\/nutricion-ejercicio1.jpg\" class=\"attachment-original size-original wp-post-image\" alt=\"\" srcset=\"https:\/\/addinformatica.com\/wp-content\/uploads\/2024\/10\/nutricion-ejercicio1.jpg 1200w, https:\/\/addinformatica.com\/wp-content\/uploads\/2024\/10\/nutricion-ejercicio1-300x201.jpg 300w, https:\/\/addinformatica.com\/wp-content\/uploads\/2024\/10\/nutricion-ejercicio1-1024x685.jpg 1024w, https:\/\/addinformatica.com\/wp-content\/uploads\/2024\/10\/nutricion-ejercicio1-768x514.jpg 768w\" sizes=\"auto, (max-width: 1200px) 100vw, 1200px\" \/>\t\t\t\t\t\t\t<\/a>\n  \t\t\t\t\t\t\t  \t\t\t\t\t\t\t  \t\t\t\t\t\t<\/div>\n  \t\t\t\t\t\t  \t\t\t\t\t<\/div>\n          \t\t\t\t\t<div class=\"box-text text-left is-small\" style=\"padding:0px 0px 0px 0px;\">\n\t\t\t\t\t<div class=\"box-text-inner blog-post-inner\">\n\n\t\t\t\t\t\n\t\t\t\t\t\t\t\t\t\t<h5 class=\"post-title is-large \">\n\t\t\t\t\t\t<a href=\"https:\/\/addinformatica.com\/ca\/noticies\/nutricio-i-exercici-son-clau-per-mantenir-la-salut-de-pacients-geriatrics\/\" class=\"plain\">Nutrici\u00f3 i exercici s\u00f3n clau per mantenir la salut de pacients geri\u00e0trics<\/a>\n\t\t\t\t\t<\/h5>\n\t\t\t\t\t\t\t\t\t\t<div class=\"is-divider\"><\/div>\n\t\t\t\t\t\t\t\t\t\t<p class=\"from_the_blog_excerpt \">\n\t\t\t\t\t\tA mesura que les persones envelleixen, els seus [...]\t\t\t\t\t<\/p>\n\t\t\t\t\t                    \n\t\t\t\t\t\n\t\t\t\t\t\n\t\t\t\t\t<\/div>\n\t\t\t\t\t<\/div>\n\t\t\t\t\t\t\t\t\t<\/div>\n\t\t\t<\/div>\n\t\t<\/div><div class=\"col post-item\" >\n\t\t\t<div class=\"col-inner\">\n\t\t\t\t<div class=\"box box-normal box-text-bottom box-blog-post has-hover\">\n            \t\t\t\t\t<div class=\"box-image\" >\n  \t\t\t\t\t\t<div class=\"image-cover\" style=\"padding-top:100%;\">\n\t\t\t\t\t\t\t<a href=\"https:\/\/addinformatica.com\/ca\/noticies\/artistes-amb-discapacitat-inspirant-i-canviant-paradigmes-al-mon\/\" class=\"plain\" aria-label=\"Artistes amb discapacitat: inspirant i canviant paradigmes al m\u00f3n\">\n\t\t\t\t\t\t\t\t<img loading=\"lazy\" decoding=\"async\" width=\"1000\" height=\"621\" src=\"https:\/\/addinformatica.com\/wp-content\/uploads\/2024\/09\/artistas-con-discapacidad-inspirando-y-cambiando-paradigmas-en-el-mundo-yayoi-kusama.jpg\" class=\"attachment-original size-original wp-post-image\" alt=\"\" srcset=\"https:\/\/addinformatica.com\/wp-content\/uploads\/2024\/09\/artistas-con-discapacidad-inspirando-y-cambiando-paradigmas-en-el-mundo-yayoi-kusama.jpg 1000w, https:\/\/addinformatica.com\/wp-content\/uploads\/2024\/09\/artistas-con-discapacidad-inspirando-y-cambiando-paradigmas-en-el-mundo-yayoi-kusama-300x186.jpg 300w, https:\/\/addinformatica.com\/wp-content\/uploads\/2024\/09\/artistas-con-discapacidad-inspirando-y-cambiando-paradigmas-en-el-mundo-yayoi-kusama-768x477.jpg 768w\" sizes=\"auto, (max-width: 1000px) 100vw, 1000px\" \/>\t\t\t\t\t\t\t<\/a>\n  \t\t\t\t\t\t\t  \t\t\t\t\t\t\t  \t\t\t\t\t\t<\/div>\n  \t\t\t\t\t\t  \t\t\t\t\t<\/div>\n          \t\t\t\t\t<div class=\"box-text text-left is-small\" style=\"padding:0px 0px 0px 0px;\">\n\t\t\t\t\t<div class=\"box-text-inner blog-post-inner\">\n\n\t\t\t\t\t\n\t\t\t\t\t\t\t\t\t\t<h5 class=\"post-title is-large \">\n\t\t\t\t\t\t<a href=\"https:\/\/addinformatica.com\/ca\/noticies\/artistes-amb-discapacitat-inspirant-i-canviant-paradigmes-al-mon\/\" class=\"plain\">Artistes amb discapacitat: inspirant i canviant paradigmes al m\u00f3n<\/a>\n\t\t\t\t\t<\/h5>\n\t\t\t\t\t\t\t\t\t\t<div class=\"is-divider\"><\/div>\n\t\t\t\t\t\t\t\t\t\t<p class=\"from_the_blog_excerpt \">\n\t\t\t\t\t\tEls artistes tenen el poder de canviar la [...]\t\t\t\t\t<\/p>\n\t\t\t\t\t                    \n\t\t\t\t\t\n\t\t\t\t\t\n\t\t\t\t\t<\/div>\n\t\t\t\t\t<\/div>\n\t\t\t\t\t\t\t\t\t<\/div>\n\t\t\t<\/div>\n\t\t<\/div><div class=\"col post-item\" >\n\t\t\t<div class=\"col-inner\">\n\t\t\t\t<div class=\"box box-normal box-text-bottom box-blog-post has-hover\">\n            \t\t\t\t\t<div class=\"box-image\" >\n  \t\t\t\t\t\t<div class=\"image-cover\" style=\"padding-top:100%;\">\n\t\t\t\t\t\t\t<a href=\"https:\/\/addinformatica.com\/ca\/noticies\/dia-mundial-de-lalzheimer-una-data-per-coneixer-i-sensibilitzar-sobre-aquesta-malaltia\/\" class=\"plain\" aria-label=\"Dia Mundial de l&#8217;Alzheimer: una data per con\u00e8ixer i sensibilitzar sobre aquesta malaltia\">\n\t\t\t\t\t\t\t\t<img loading=\"lazy\" decoding=\"async\" width=\"900\" height=\"600\" src=\"https:\/\/addinformatica.com\/wp-content\/uploads\/2024\/09\/que-es-el-alzheimer-y-por-que-es-importante-conmemorar-esta-fecha.jpg\" class=\"attachment-original size-original wp-post-image\" alt=\"\" srcset=\"https:\/\/addinformatica.com\/wp-content\/uploads\/2024\/09\/que-es-el-alzheimer-y-por-que-es-importante-conmemorar-esta-fecha.jpg 900w, https:\/\/addinformatica.com\/wp-content\/uploads\/2024\/09\/que-es-el-alzheimer-y-por-que-es-importante-conmemorar-esta-fecha-300x200.jpg 300w, https:\/\/addinformatica.com\/wp-content\/uploads\/2024\/09\/que-es-el-alzheimer-y-por-que-es-importante-conmemorar-esta-fecha-768x512.jpg 768w\" sizes=\"auto, (max-width: 900px) 100vw, 900px\" \/>\t\t\t\t\t\t\t<\/a>\n  \t\t\t\t\t\t\t  \t\t\t\t\t\t\t  \t\t\t\t\t\t<\/div>\n  \t\t\t\t\t\t  \t\t\t\t\t<\/div>\n          \t\t\t\t\t<div class=\"box-text text-left is-small\" style=\"padding:0px 0px 0px 0px;\">\n\t\t\t\t\t<div class=\"box-text-inner blog-post-inner\">\n\n\t\t\t\t\t\n\t\t\t\t\t\t\t\t\t\t<h5 class=\"post-title is-large \">\n\t\t\t\t\t\t<a href=\"https:\/\/addinformatica.com\/ca\/noticies\/dia-mundial-de-lalzheimer-una-data-per-coneixer-i-sensibilitzar-sobre-aquesta-malaltia\/\" class=\"plain\">Dia Mundial de l&#8217;Alzheimer: una data per con\u00e8ixer i sensibilitzar sobre aquesta malaltia<\/a>\n\t\t\t\t\t<\/h5>\n\t\t\t\t\t\t\t\t\t\t<div class=\"is-divider\"><\/div>\n\t\t\t\t\t\t\t\t\t\t<p class=\"from_the_blog_excerpt \">\n\t\t\t\t\t\tEl Dia Mundial de l&#8217;Alzheimer se celebra el [...]\t\t\t\t\t<\/p>\n\t\t\t\t\t                    \n\t\t\t\t\t\n\t\t\t\t\t\n\t\t\t\t\t<\/div>\n\t\t\t\t\t<\/div>\n\t\t\t\t\t\t\t\t\t<\/div>\n\t\t\t<\/div>\n\t\t<\/div><div class=\"col post-item\" >\n\t\t\t<div class=\"col-inner\">\n\t\t\t\t<div class=\"box box-normal box-text-bottom box-blog-post has-hover\">\n            \t\t\t\t\t<div class=\"box-image\" >\n  \t\t\t\t\t\t<div class=\"image-cover\" style=\"padding-top:100%;\">\n\t\t\t\t\t\t\t<a href=\"https:\/\/addinformatica.com\/ca\/noticies\/adopta-un-abuelo-aprovecha-al-maximo-los-vinculos-intergeneracionales-y-la-tecnologia\/\" class=\"plain\" aria-label=\"Adopta Un Avi: aprofita al m\u00e0xim els enlla\u00e7os intergeneracionals i la tecnologia\">\n\t\t\t\t\t\t\t\t<img loading=\"lazy\" decoding=\"async\" width=\"1224\" height=\"576\" src=\"https:\/\/addinformatica.com\/wp-content\/uploads\/2024\/10\/que-es-adopta-un-abuelo.jpg\" class=\"attachment-original size-original wp-post-image\" alt=\"\" srcset=\"https:\/\/addinformatica.com\/wp-content\/uploads\/2024\/10\/que-es-adopta-un-abuelo.jpg 1224w, https:\/\/addinformatica.com\/wp-content\/uploads\/2024\/10\/que-es-adopta-un-abuelo-300x141.jpg 300w, https:\/\/addinformatica.com\/wp-content\/uploads\/2024\/10\/que-es-adopta-un-abuelo-1024x482.jpg 1024w, https:\/\/addinformatica.com\/wp-content\/uploads\/2024\/10\/que-es-adopta-un-abuelo-768x361.jpg 768w\" sizes=\"auto, (max-width: 1224px) 100vw, 1224px\" \/>\t\t\t\t\t\t\t<\/a>\n  \t\t\t\t\t\t\t  \t\t\t\t\t\t\t  \t\t\t\t\t\t<\/div>\n  \t\t\t\t\t\t  \t\t\t\t\t<\/div>\n          \t\t\t\t\t<div class=\"box-text text-left is-small\" style=\"padding:0px 0px 0px 0px;\">\n\t\t\t\t\t<div class=\"box-text-inner blog-post-inner\">\n\n\t\t\t\t\t\n\t\t\t\t\t\t\t\t\t\t<h5 class=\"post-title is-large \">\n\t\t\t\t\t\t<a href=\"https:\/\/addinformatica.com\/ca\/noticies\/adopta-un-abuelo-aprovecha-al-maximo-los-vinculos-intergeneracionales-y-la-tecnologia\/\" class=\"plain\">Adopta Un Avi: aprofita al m\u00e0xim els enlla\u00e7os intergeneracionals i la tecnologia<\/a>\n\t\t\t\t\t<\/h5>\n\t\t\t\t\t\t\t\t\t\t<div class=\"is-divider\"><\/div>\n\t\t\t\t\t\t\t\t\t\t<p class=\"from_the_blog_excerpt \">\n\t\t\t\t\t\tD&#8217;acord amb dades aportades per l&#8217;Organitzaci\u00f3 Mundial de [...]\t\t\t\t\t<\/p>\n\t\t\t\t\t                    \n\t\t\t\t\t\n\t\t\t\t\t\n\t\t\t\t\t<\/div>\n\t\t\t\t\t<\/div>\n\t\t\t\t\t\t\t\t\t<\/div>\n\t\t\t<\/div>\n\t\t<\/div><div class=\"col post-item\" >\n\t\t\t<div class=\"col-inner\">\n\t\t\t\t<div class=\"box box-normal box-text-bottom box-blog-post has-hover\">\n            \t\t\t\t\t<div class=\"box-image\" >\n  \t\t\t\t\t\t<div class=\"image-cover\" style=\"padding-top:100%;\">\n\t\t\t\t\t\t\t<a href=\"https:\/\/addinformatica.com\/ca\/noticies\/dia-internacional-de-la-gent-gran-dedicacio-i-atencio-per-envellir-amb-dignitat\/\" class=\"plain\" aria-label=\"Dia Internacional de la Gent Gran: dedicaci\u00f3 i atenci\u00f3 per envellir amb dignitat\">\n\t\t\t\t\t\t\t\t<img loading=\"lazy\" decoding=\"async\" width=\"680\" height=\"480\" src=\"https:\/\/addinformatica.com\/wp-content\/uploads\/2024\/09\/cuando-se-celebra-el-dia-de-las-personas-mayores.jpg\" class=\"attachment-original size-original wp-post-image\" alt=\"\" srcset=\"https:\/\/addinformatica.com\/wp-content\/uploads\/2024\/09\/cuando-se-celebra-el-dia-de-las-personas-mayores.jpg 680w, https:\/\/addinformatica.com\/wp-content\/uploads\/2024\/09\/cuando-se-celebra-el-dia-de-las-personas-mayores-300x212.jpg 300w\" sizes=\"auto, (max-width: 680px) 100vw, 680px\" \/>\t\t\t\t\t\t\t<\/a>\n  \t\t\t\t\t\t\t  \t\t\t\t\t\t\t  \t\t\t\t\t\t<\/div>\n  \t\t\t\t\t\t  \t\t\t\t\t<\/div>\n          \t\t\t\t\t<div class=\"box-text text-left is-small\" style=\"padding:0px 0px 0px 0px;\">\n\t\t\t\t\t<div class=\"box-text-inner blog-post-inner\">\n\n\t\t\t\t\t\n\t\t\t\t\t\t\t\t\t\t<h5 class=\"post-title is-large \">\n\t\t\t\t\t\t<a href=\"https:\/\/addinformatica.com\/ca\/noticies\/dia-internacional-de-la-gent-gran-dedicacio-i-atencio-per-envellir-amb-dignitat\/\" class=\"plain\">Dia Internacional de la Gent Gran: dedicaci\u00f3 i atenci\u00f3 per envellir amb dignitat<\/a>\n\t\t\t\t\t<\/h5>\n\t\t\t\t\t\t\t\t\t\t<div class=\"is-divider\"><\/div>\n\t\t\t\t\t\t\t\t\t\t<p class=\"from_the_blog_excerpt \">\n\t\t\t\t\t\tEl 14 de desembre del 1990, a l&#8217;Assemblea [...]\t\t\t\t\t<\/p>\n\t\t\t\t\t                    \n\t\t\t\t\t\n\t\t\t\t\t\n\t\t\t\t\t<\/div>\n\t\t\t\t\t<\/div>\n\t\t\t\t\t\t\t\t\t<\/div>\n\t\t\t<\/div>\n\t\t<\/div><div class=\"col post-item\" >\n\t\t\t<div class=\"col-inner\">\n\t\t\t\t<div class=\"box box-normal box-text-bottom box-blog-post has-hover\">\n            \t\t\t\t\t<div class=\"box-image\" >\n  \t\t\t\t\t\t<div class=\"image-cover\" style=\"padding-top:100%;\">\n\t\t\t\t\t\t\t<a href=\"https:\/\/addinformatica.com\/ca\/noticies\/coneix-els-beneficis-de-la-convivencia-intergeneracional\/\" class=\"plain\" aria-label=\"Coneix els beneficis de la conviv\u00e8ncia intergeneracional\">\n\t\t\t\t\t\t\t\t<img loading=\"lazy\" decoding=\"async\" width=\"1200\" height=\"900\" src=\"https:\/\/addinformatica.com\/wp-content\/uploads\/2024\/07\/programas-y-estrategias-de-convivencia-intergeneracional-en-espanya.jpg\" class=\"attachment-original size-original wp-post-image\" alt=\"\" srcset=\"https:\/\/addinformatica.com\/wp-content\/uploads\/2024\/07\/programas-y-estrategias-de-convivencia-intergeneracional-en-espanya.jpg 1200w, https:\/\/addinformatica.com\/wp-content\/uploads\/2024\/07\/programas-y-estrategias-de-convivencia-intergeneracional-en-espanya-300x225.jpg 300w, https:\/\/addinformatica.com\/wp-content\/uploads\/2024\/07\/programas-y-estrategias-de-convivencia-intergeneracional-en-espanya-1024x768.jpg 1024w, https:\/\/addinformatica.com\/wp-content\/uploads\/2024\/07\/programas-y-estrategias-de-convivencia-intergeneracional-en-espanya-768x576.jpg 768w\" sizes=\"auto, (max-width: 1200px) 100vw, 1200px\" \/>\t\t\t\t\t\t\t<\/a>\n  \t\t\t\t\t\t\t  \t\t\t\t\t\t\t  \t\t\t\t\t\t<\/div>\n  \t\t\t\t\t\t  \t\t\t\t\t<\/div>\n          \t\t\t\t\t<div class=\"box-text text-left is-small\" style=\"padding:0px 0px 0px 0px;\">\n\t\t\t\t\t<div class=\"box-text-inner blog-post-inner\">\n\n\t\t\t\t\t\n\t\t\t\t\t\t\t\t\t\t<h5 class=\"post-title is-large \">\n\t\t\t\t\t\t<a href=\"https:\/\/addinformatica.com\/ca\/noticies\/coneix-els-beneficis-de-la-convivencia-intergeneracional\/\" class=\"plain\">Coneix els beneficis de la conviv\u00e8ncia intergeneracional<\/a>\n\t\t\t\t\t<\/h5>\n\t\t\t\t\t\t\t\t\t\t<div class=\"is-divider\"><\/div>\n\t\t\t\t\t\t\t\t\t\t<p class=\"from_the_blog_excerpt \">\n\t\t\t\t\t\tQuan parlem de la cura de la depend\u00e8ncia [...]\t\t\t\t\t<\/p>\n\t\t\t\t\t                    \n\t\t\t\t\t\n\t\t\t\t\t\n\t\t\t\t\t<\/div>\n\t\t\t\t\t<\/div>\n\t\t\t\t\t\t\t\t\t<\/div>\n\t\t\t<\/div>\n\t\t<\/div><div class=\"col post-item\" >\n\t\t\t<div class=\"col-inner\">\n\t\t\t\t<div class=\"box box-normal box-text-bottom box-blog-post has-hover\">\n            \t\t\t\t\t<div class=\"box-image\" >\n  \t\t\t\t\t\t<div class=\"image-cover\" style=\"padding-top:100%;\">\n\t\t\t\t\t\t\t<a href=\"https:\/\/addinformatica.com\/ca\/noticies\/sindrome-de-down-una-visio-general\/\" class=\"plain\" aria-label=\"S\u00edndrome de Down: una visi\u00f3 general\">\n\t\t\t\t\t\t\t\t<img loading=\"lazy\" decoding=\"async\" width=\"1200\" height=\"901\" src=\"https:\/\/addinformatica.com\/wp-content\/uploads\/2024\/07\/Down1.jpg\" class=\"attachment-original size-original wp-post-image\" alt=\"\" srcset=\"https:\/\/addinformatica.com\/wp-content\/uploads\/2024\/07\/Down1.jpg 1200w, https:\/\/addinformatica.com\/wp-content\/uploads\/2024\/07\/Down1-300x225.jpg 300w, https:\/\/addinformatica.com\/wp-content\/uploads\/2024\/07\/Down1-1024x769.jpg 1024w, https:\/\/addinformatica.com\/wp-content\/uploads\/2024\/07\/Down1-768x577.jpg 768w\" sizes=\"auto, (max-width: 1200px) 100vw, 1200px\" \/>\t\t\t\t\t\t\t<\/a>\n  \t\t\t\t\t\t\t  \t\t\t\t\t\t\t  \t\t\t\t\t\t<\/div>\n  \t\t\t\t\t\t  \t\t\t\t\t<\/div>\n          \t\t\t\t\t<div class=\"box-text text-left is-small\" style=\"padding:0px 0px 0px 0px;\">\n\t\t\t\t\t<div class=\"box-text-inner blog-post-inner\">\n\n\t\t\t\t\t\n\t\t\t\t\t\t\t\t\t\t<h5 class=\"post-title is-large \">\n\t\t\t\t\t\t<a href=\"https:\/\/addinformatica.com\/ca\/noticies\/sindrome-de-down-una-visio-general\/\" class=\"plain\">S\u00edndrome de Down: una visi\u00f3 general<\/a>\n\t\t\t\t\t<\/h5>\n\t\t\t\t\t\t\t\t\t\t<div class=\"is-divider\"><\/div>\n\t\t\t\t\t\t\t\t\t\t<p class=\"from_the_blog_excerpt \">\n\t\t\t\t\t\tLa S\u00edndrome de Down \u00e9s una condici\u00f3 gen\u00e8tica [...]\t\t\t\t\t<\/p>\n\t\t\t\t\t                    \n\t\t\t\t\t\n\t\t\t\t\t\n\t\t\t\t\t<\/div>\n\t\t\t\t\t<\/div>\n\t\t\t\t\t\t\t\t\t<\/div>\n\t\t\t<\/div>\n\t\t<\/div><div class=\"col post-item\" >\n\t\t\t<div class=\"col-inner\">\n\t\t\t\t<div class=\"box box-normal box-text-bottom box-blog-post has-hover\">\n            \t\t\t\t\t<div class=\"box-image\" >\n  \t\t\t\t\t\t<div class=\"image-cover\" style=\"padding-top:100%;\">\n\t\t\t\t\t\t\t<a href=\"https:\/\/addinformatica.com\/ca\/noticies\/programari-resiplus-aplica-integracions-per-optimizar-latencion-a-la-dependencia\/\" class=\"plain\" aria-label=\"Programari ResiPlus aplica integracions per optimizar l&#8217;atenci\u00f3n a la depend\u00e8ncia\">\n\t\t\t\t\t\t\t\t<img loading=\"lazy\" decoding=\"async\" width=\"1200\" height=\"800\" src=\"https:\/\/addinformatica.com\/wp-content\/uploads\/2024\/07\/two-hands-trying-connect-couple-puzzle-piece-with-sunset-background.jpg\" class=\"attachment-original size-original wp-post-image\" alt=\"\" srcset=\"https:\/\/addinformatica.com\/wp-content\/uploads\/2024\/07\/two-hands-trying-connect-couple-puzzle-piece-with-sunset-background.jpg 1200w, https:\/\/addinformatica.com\/wp-content\/uploads\/2024\/07\/two-hands-trying-connect-couple-puzzle-piece-with-sunset-background-300x200.jpg 300w, https:\/\/addinformatica.com\/wp-content\/uploads\/2024\/07\/two-hands-trying-connect-couple-puzzle-piece-with-sunset-background-1024x683.jpg 1024w, https:\/\/addinformatica.com\/wp-content\/uploads\/2024\/07\/two-hands-trying-connect-couple-puzzle-piece-with-sunset-background-768x512.jpg 768w\" sizes=\"auto, (max-width: 1200px) 100vw, 1200px\" \/>\t\t\t\t\t\t\t<\/a>\n  \t\t\t\t\t\t\t  \t\t\t\t\t\t\t  \t\t\t\t\t\t<\/div>\n  \t\t\t\t\t\t  \t\t\t\t\t<\/div>\n          \t\t\t\t\t<div class=\"box-text text-left is-small\" style=\"padding:0px 0px 0px 0px;\">\n\t\t\t\t\t<div class=\"box-text-inner blog-post-inner\">\n\n\t\t\t\t\t\n\t\t\t\t\t\t\t\t\t\t<h5 class=\"post-title is-large \">\n\t\t\t\t\t\t<a href=\"https:\/\/addinformatica.com\/ca\/noticies\/programari-resiplus-aplica-integracions-per-optimizar-latencion-a-la-dependencia\/\" class=\"plain\">Programari ResiPlus aplica integracions per optimizar l&#8217;atenci\u00f3n a la depend\u00e8ncia<\/a>\n\t\t\t\t\t<\/h5>\n\t\t\t\t\t\t\t\t\t\t<div class=\"is-divider\"><\/div>\n\t\t\t\t\t\t\t\t\t\t<p class=\"from_the_blog_excerpt \">\n\t\t\t\t\t\tResiPlus\u00ae \u00e9s un reconegut programari de gesti\u00f3 de [...]\t\t\t\t\t<\/p>\n\t\t\t\t\t                    \n\t\t\t\t\t\n\t\t\t\t\t\n\t\t\t\t\t<\/div>\n\t\t\t\t\t<\/div>\n\t\t\t\t\t\t\t\t\t<\/div>\n\t\t\t<\/div>\n\t\t<\/div><div class=\"col post-item\" >\n\t\t\t<div class=\"col-inner\">\n\t\t\t\t<div class=\"box box-normal box-text-bottom box-blog-post has-hover\">\n            \t\t\t\t\t<div class=\"box-image\" >\n  \t\t\t\t\t\t<div class=\"image-cover\" style=\"padding-top:100%;\">\n\t\t\t\t\t\t\t<a href=\"https:\/\/addinformatica.com\/ca\/noticies\/el-26-de-juliol-se-celebra-el-dia-mundial-dels-avis\/\" class=\"plain\" aria-label=\"El 26 de juliol se celebra el Dia Mundial dels Avis\">\n\t\t\t\t\t\t\t\t<img loading=\"lazy\" decoding=\"async\" width=\"1200\" height=\"796\" src=\"https:\/\/addinformatica.com\/wp-content\/uploads\/2024\/07\/abuelos3.jpg\" class=\"attachment-original size-original wp-post-image\" alt=\"\" srcset=\"https:\/\/addinformatica.com\/wp-content\/uploads\/2024\/07\/abuelos3.jpg 1200w, https:\/\/addinformatica.com\/wp-content\/uploads\/2024\/07\/abuelos3-300x199.jpg 300w, https:\/\/addinformatica.com\/wp-content\/uploads\/2024\/07\/abuelos3-1024x679.jpg 1024w, https:\/\/addinformatica.com\/wp-content\/uploads\/2024\/07\/abuelos3-768x509.jpg 768w\" sizes=\"auto, (max-width: 1200px) 100vw, 1200px\" \/>\t\t\t\t\t\t\t<\/a>\n  \t\t\t\t\t\t\t  \t\t\t\t\t\t\t  \t\t\t\t\t\t<\/div>\n  \t\t\t\t\t\t  \t\t\t\t\t<\/div>\n          \t\t\t\t\t<div class=\"box-text text-left is-small\" style=\"padding:0px 0px 0px 0px;\">\n\t\t\t\t\t<div class=\"box-text-inner blog-post-inner\">\n\n\t\t\t\t\t\n\t\t\t\t\t\t\t\t\t\t<h5 class=\"post-title is-large \">\n\t\t\t\t\t\t<a href=\"https:\/\/addinformatica.com\/ca\/noticies\/el-26-de-juliol-se-celebra-el-dia-mundial-dels-avis\/\" class=\"plain\">El 26 de juliol se celebra el Dia Mundial dels Avis<\/a>\n\t\t\t\t\t<\/h5>\n\t\t\t\t\t\t\t\t\t\t<div class=\"is-divider\"><\/div>\n\t\t\t\t\t\t\t\t\t\t<p class=\"from_the_blog_excerpt \">\n\t\t\t\t\t\tEl 26 de juliol se celebra el Dia [...]\t\t\t\t\t<\/p>\n\t\t\t\t\t                    \n\t\t\t\t\t\n\t\t\t\t\t\n\t\t\t\t\t<\/div>\n\t\t\t\t\t<\/div>\n\t\t\t\t\t\t\t\t\t<\/div>\n\t\t\t<\/div>\n\t\t<\/div><div class=\"col post-item\" >\n\t\t\t<div class=\"col-inner\">\n\t\t\t\t<div class=\"box box-normal box-text-bottom box-blog-post has-hover\">\n            \t\t\t\t\t<div class=\"box-image\" >\n  \t\t\t\t\t\t<div class=\"image-cover\" style=\"padding-top:100%;\">\n\t\t\t\t\t\t\t<a href=\"https:\/\/addinformatica.com\/ca\/noticies\/les-gerolimpiades\/\" class=\"plain\" aria-label=\"Les Gerolimp\u00edades\">\n\t\t\t\t\t\t\t\t<img loading=\"lazy\" decoding=\"async\" width=\"1133\" height=\"836\" src=\"https:\/\/addinformatica.com\/wp-content\/uploads\/2024\/06\/2-junio-las-gerolimpiadas-1.jpg\" class=\"attachment-original size-original wp-post-image\" alt=\"\" srcset=\"https:\/\/addinformatica.com\/wp-content\/uploads\/2024\/06\/2-junio-las-gerolimpiadas-1.jpg 1133w, https:\/\/addinformatica.com\/wp-content\/uploads\/2024\/06\/2-junio-las-gerolimpiadas-1-300x221.jpg 300w, https:\/\/addinformatica.com\/wp-content\/uploads\/2024\/06\/2-junio-las-gerolimpiadas-1-1024x756.jpg 1024w, https:\/\/addinformatica.com\/wp-content\/uploads\/2024\/06\/2-junio-las-gerolimpiadas-1-768x567.jpg 768w\" sizes=\"auto, (max-width: 1133px) 100vw, 1133px\" \/>\t\t\t\t\t\t\t<\/a>\n  \t\t\t\t\t\t\t  \t\t\t\t\t\t\t  \t\t\t\t\t\t<\/div>\n  \t\t\t\t\t\t  \t\t\t\t\t<\/div>\n          \t\t\t\t\t<div class=\"box-text text-left is-small\" style=\"padding:0px 0px 0px 0px;\">\n\t\t\t\t\t<div class=\"box-text-inner blog-post-inner\">\n\n\t\t\t\t\t\n\t\t\t\t\t\t\t\t\t\t<h5 class=\"post-title is-large \">\n\t\t\t\t\t\t<a href=\"https:\/\/addinformatica.com\/ca\/noticies\/les-gerolimpiades\/\" class=\"plain\">Les Gerolimp\u00edades<\/a>\n\t\t\t\t\t<\/h5>\n\t\t\t\t\t\t\t\t\t\t<div class=\"is-divider\"><\/div>\n\t\t\t\t\t\t\t\t\t\t<p class=\"from_the_blog_excerpt \">\n\t\t\t\t\t\tLes persones en edat avan\u00e7ada requereixen activitat f\u00edsica [...]\t\t\t\t\t<\/p>\n\t\t\t\t\t                    \n\t\t\t\t\t\n\t\t\t\t\t\n\t\t\t\t\t<\/div>\n\t\t\t\t\t<\/div>\n\t\t\t\t\t\t\t\t\t<\/div>\n\t\t\t<\/div>\n\t\t<\/div><div class=\"col post-item\" >\n\t\t\t<div class=\"col-inner\">\n\t\t\t\t<div class=\"box box-normal box-text-bottom box-blog-post has-hover\">\n            \t\t\t\t\t<div class=\"box-image\" >\n  \t\t\t\t\t\t<div class=\"image-cover\" style=\"padding-top:100%;\">\n\t\t\t\t\t\t\t<a href=\"https:\/\/addinformatica.com\/ca\/noticies\/tencencies-entre-gent-gran-centres-residencials-per-assegurar-la-tranquillitat\/\" class=\"plain\" aria-label=\"Tenc\u00e8ncies entre gent gran: centres residencials per assegurar la tranquil\u00b7litat\">\n\t\t\t\t\t\t\t\t<img loading=\"lazy\" decoding=\"async\" width=\"1000\" height=\"667\" src=\"https:\/\/addinformatica.com\/wp-content\/uploads\/2024\/03\/tendencias-centros-residenciales.jpg\" class=\"attachment-original size-original wp-post-image\" alt=\"\" srcset=\"https:\/\/addinformatica.com\/wp-content\/uploads\/2024\/03\/tendencias-centros-residenciales.jpg 1000w, https:\/\/addinformatica.com\/wp-content\/uploads\/2024\/03\/tendencias-centros-residenciales-300x200.jpg 300w, https:\/\/addinformatica.com\/wp-content\/uploads\/2024\/03\/tendencias-centros-residenciales-768x512.jpg 768w\" sizes=\"auto, (max-width: 1000px) 100vw, 1000px\" \/>\t\t\t\t\t\t\t<\/a>\n  \t\t\t\t\t\t\t  \t\t\t\t\t\t\t  \t\t\t\t\t\t<\/div>\n  \t\t\t\t\t\t  \t\t\t\t\t<\/div>\n          \t\t\t\t\t<div class=\"box-text text-left is-small\" style=\"padding:0px 0px 0px 0px;\">\n\t\t\t\t\t<div class=\"box-text-inner blog-post-inner\">\n\n\t\t\t\t\t\n\t\t\t\t\t\t\t\t\t\t<h5 class=\"post-title is-large \">\n\t\t\t\t\t\t<a href=\"https:\/\/addinformatica.com\/ca\/noticies\/tencencies-entre-gent-gran-centres-residencials-per-assegurar-la-tranquillitat\/\" class=\"plain\">Tenc\u00e8ncies entre gent gran: centres residencials per assegurar la tranquil\u00b7litat<\/a>\n\t\t\t\t\t<\/h5>\n\t\t\t\t\t\t\t\t\t\t<div class=\"is-divider\"><\/div>\n\t\t\t\t\t\t\t\t\t\t<p class=\"from_the_blog_excerpt \">\n\t\t\t\t\t\tEls centres residencials per a gent gran s\u00f3n [...]\t\t\t\t\t<\/p>\n\t\t\t\t\t                    \n\t\t\t\t\t\n\t\t\t\t\t\n\t\t\t\t\t<\/div>\n\t\t\t\t\t<\/div>\n\t\t\t\t\t\t\t\t\t<\/div>\n\t\t\t<\/div>\n\t\t<\/div><div class=\"col post-item\" >\n\t\t\t<div class=\"col-inner\">\n\t\t\t\t<div class=\"box box-normal box-text-bottom box-blog-post has-hover\">\n            \t\t\t\t\t<div class=\"box-image\" >\n  \t\t\t\t\t\t<div class=\"image-cover\" style=\"padding-top:100%;\">\n\t\t\t\t\t\t\t<a href=\"https:\/\/addinformatica.com\/ca\/noticies\/de-quina-manera-es-garanteix-el-dret-a-ser-cuidat-i-protegit\/\" class=\"plain\" aria-label=\"De quina manera es garanteix el dret a ser cuidat i protegit?\">\n\t\t\t\t\t\t\t\t<img loading=\"lazy\" decoding=\"async\" width=\"1200\" height=\"801\" src=\"https:\/\/addinformatica.com\/wp-content\/uploads\/2024\/06\/que-se-debe-hacer-para-garantizar-el-derecho-a-ser-cuidado-y-protegido.jpg\" class=\"attachment-original size-original wp-post-image\" alt=\"\" srcset=\"https:\/\/addinformatica.com\/wp-content\/uploads\/2024\/06\/que-se-debe-hacer-para-garantizar-el-derecho-a-ser-cuidado-y-protegido.jpg 1200w, https:\/\/addinformatica.com\/wp-content\/uploads\/2024\/06\/que-se-debe-hacer-para-garantizar-el-derecho-a-ser-cuidado-y-protegido-300x200.jpg 300w, https:\/\/addinformatica.com\/wp-content\/uploads\/2024\/06\/que-se-debe-hacer-para-garantizar-el-derecho-a-ser-cuidado-y-protegido-1024x684.jpg 1024w, https:\/\/addinformatica.com\/wp-content\/uploads\/2024\/06\/que-se-debe-hacer-para-garantizar-el-derecho-a-ser-cuidado-y-protegido-768x513.jpg 768w\" sizes=\"auto, (max-width: 1200px) 100vw, 1200px\" \/>\t\t\t\t\t\t\t<\/a>\n  \t\t\t\t\t\t\t  \t\t\t\t\t\t\t  \t\t\t\t\t\t<\/div>\n  \t\t\t\t\t\t  \t\t\t\t\t<\/div>\n          \t\t\t\t\t<div class=\"box-text text-left is-small\" style=\"padding:0px 0px 0px 0px;\">\n\t\t\t\t\t<div class=\"box-text-inner blog-post-inner\">\n\n\t\t\t\t\t\n\t\t\t\t\t\t\t\t\t\t<h5 class=\"post-title is-large \">\n\t\t\t\t\t\t<a href=\"https:\/\/addinformatica.com\/ca\/noticies\/de-quina-manera-es-garanteix-el-dret-a-ser-cuidat-i-protegit\/\" class=\"plain\">De quina manera es garanteix el dret a ser cuidat i protegit?<\/a>\n\t\t\t\t\t<\/h5>\n\t\t\t\t\t\t\t\t\t\t<div class=\"is-divider\"><\/div>\n\t\t\t\t\t\t\t\t\t\t<p class=\"from_the_blog_excerpt \">\n\t\t\t\t\t\tHi ha sectors de la poblaci\u00f3 que s\u00f3n [...]\t\t\t\t\t<\/p>\n\t\t\t\t\t                    \n\t\t\t\t\t\n\t\t\t\t\t\n\t\t\t\t\t<\/div>\n\t\t\t\t\t<\/div>\n\t\t\t\t\t\t\t\t\t<\/div>\n\t\t\t<\/div>\n\t\t<\/div><div class=\"col post-item\" >\n\t\t\t<div class=\"col-inner\">\n\t\t\t\t<div class=\"box box-normal box-text-bottom box-blog-post has-hover\">\n            \t\t\t\t\t<div class=\"box-image\" >\n  \t\t\t\t\t\t<div class=\"image-cover\" style=\"padding-top:100%;\">\n\t\t\t\t\t\t\t<a href=\"https:\/\/addinformatica.com\/ca\/noticies\/que-significa-pobresa-infantil\/\" class=\"plain\" aria-label=\"Qu\u00e8 significa pobresa infantil?\">\n\t\t\t\t\t\t\t\t<img loading=\"lazy\" decoding=\"async\" width=\"2000\" height=\"1333\" src=\"https:\/\/addinformatica.com\/wp-content\/uploads\/2024\/05\/2-mayo-pobreza-infantil-significado.jpg\" class=\"attachment-original size-original wp-post-image\" alt=\"\" srcset=\"https:\/\/addinformatica.com\/wp-content\/uploads\/2024\/05\/2-mayo-pobreza-infantil-significado.jpg 2000w, https:\/\/addinformatica.com\/wp-content\/uploads\/2024\/05\/2-mayo-pobreza-infantil-significado-300x200.jpg 300w, https:\/\/addinformatica.com\/wp-content\/uploads\/2024\/05\/2-mayo-pobreza-infantil-significado-1024x682.jpg 1024w, https:\/\/addinformatica.com\/wp-content\/uploads\/2024\/05\/2-mayo-pobreza-infantil-significado-768x512.jpg 768w, https:\/\/addinformatica.com\/wp-content\/uploads\/2024\/05\/2-mayo-pobreza-infantil-significado-1536x1024.jpg 1536w\" sizes=\"auto, (max-width: 2000px) 100vw, 2000px\" \/>\t\t\t\t\t\t\t<\/a>\n  \t\t\t\t\t\t\t  \t\t\t\t\t\t\t  \t\t\t\t\t\t<\/div>\n  \t\t\t\t\t\t  \t\t\t\t\t<\/div>\n          \t\t\t\t\t<div class=\"box-text text-left is-small\" style=\"padding:0px 0px 0px 0px;\">\n\t\t\t\t\t<div class=\"box-text-inner blog-post-inner\">\n\n\t\t\t\t\t\n\t\t\t\t\t\t\t\t\t\t<h5 class=\"post-title is-large \">\n\t\t\t\t\t\t<a href=\"https:\/\/addinformatica.com\/ca\/noticies\/que-significa-pobresa-infantil\/\" class=\"plain\">Qu\u00e8 significa pobresa infantil?<\/a>\n\t\t\t\t\t<\/h5>\n\t\t\t\t\t\t\t\t\t\t<div class=\"is-divider\"><\/div>\n\t\t\t\t\t\t\t\t\t\t<p class=\"from_the_blog_excerpt \">\n\t\t\t\t\t\tLa infantesa \u00e9s una etapa crucial per al [...]\t\t\t\t\t<\/p>\n\t\t\t\t\t                    \n\t\t\t\t\t\n\t\t\t\t\t\n\t\t\t\t\t<\/div>\n\t\t\t\t\t<\/div>\n\t\t\t\t\t\t\t\t\t<\/div>\n\t\t\t<\/div>\n\t\t<\/div><div class=\"col post-item\" >\n\t\t\t<div class=\"col-inner\">\n\t\t\t\t<div class=\"box box-normal box-text-bottom box-blog-post has-hover\">\n            \t\t\t\t\t<div class=\"box-image\" >\n  \t\t\t\t\t\t<div class=\"image-cover\" style=\"padding-top:100%;\">\n\t\t\t\t\t\t\t<a href=\"https:\/\/addinformatica.com\/ca\/noticies\/vocacio-de-servei-un-homenatge-als-herois-de-la-salut-al-dia-mundial-de-la-infermeria\/\" class=\"plain\" aria-label=\"Vocaci\u00f3 de servei: Un homenatge als herois de la salut al Dia Mundial de la Infermeria\">\n\t\t\t\t\t\t\t\t<img loading=\"lazy\" decoding=\"async\" width=\"1200\" height=\"800\" src=\"https:\/\/addinformatica.com\/wp-content\/uploads\/2024\/05\/noticia-enfermeria-1.jpg\" class=\"attachment-original size-original wp-post-image\" alt=\"\" srcset=\"https:\/\/addinformatica.com\/wp-content\/uploads\/2024\/05\/noticia-enfermeria-1.jpg 1200w, https:\/\/addinformatica.com\/wp-content\/uploads\/2024\/05\/noticia-enfermeria-1-300x200.jpg 300w, https:\/\/addinformatica.com\/wp-content\/uploads\/2024\/05\/noticia-enfermeria-1-1024x683.jpg 1024w, https:\/\/addinformatica.com\/wp-content\/uploads\/2024\/05\/noticia-enfermeria-1-768x512.jpg 768w\" sizes=\"auto, (max-width: 1200px) 100vw, 1200px\" \/>\t\t\t\t\t\t\t<\/a>\n  \t\t\t\t\t\t\t  \t\t\t\t\t\t\t  \t\t\t\t\t\t<\/div>\n  \t\t\t\t\t\t  \t\t\t\t\t<\/div>\n          \t\t\t\t\t<div class=\"box-text text-left is-small\" style=\"padding:0px 0px 0px 0px;\">\n\t\t\t\t\t<div class=\"box-text-inner blog-post-inner\">\n\n\t\t\t\t\t\n\t\t\t\t\t\t\t\t\t\t<h5 class=\"post-title is-large \">\n\t\t\t\t\t\t<a href=\"https:\/\/addinformatica.com\/ca\/noticies\/vocacio-de-servei-un-homenatge-als-herois-de-la-salut-al-dia-mundial-de-la-infermeria\/\" class=\"plain\">Vocaci\u00f3 de servei: Un homenatge als herois de la salut al Dia Mundial de la Infermeria<\/a>\n\t\t\t\t\t<\/h5>\n\t\t\t\t\t\t\t\t\t\t<div class=\"is-divider\"><\/div>\n\t\t\t\t\t\t\t\t\t\t<p class=\"from_the_blog_excerpt \">\n\t\t\t\t\t\t12 de maig: Dia Mundial de la Infermeria [...]\t\t\t\t\t<\/p>\n\t\t\t\t\t                    \n\t\t\t\t\t\n\t\t\t\t\t\n\t\t\t\t\t<\/div>\n\t\t\t\t\t<\/div>\n\t\t\t\t\t\t\t\t\t<\/div>\n\t\t\t<\/div>\n\t\t<\/div><div class=\"col post-item\" >\n\t\t\t<div class=\"col-inner\">\n\t\t\t\t<div class=\"box box-normal box-text-bottom box-blog-post has-hover\">\n            \t\t\t\t\t<div class=\"box-image\" >\n  \t\t\t\t\t\t<div class=\"image-cover\" style=\"padding-top:100%;\">\n\t\t\t\t\t\t\t<a href=\"https:\/\/addinformatica.com\/ca\/noticies\/resiplus-integra-vidsigner-el-servei-de-signatures-electroniques-lider-a-europa\/\" class=\"plain\" aria-label=\"ResiPlus integra VIDsigner, el servei de signatures electr\u00f2niques l\u00edder a Europa\">\n\t\t\t\t\t\t\t\t<img loading=\"lazy\" decoding=\"async\" width=\"912\" height=\"912\" src=\"https:\/\/addinformatica.com\/wp-content\/uploads\/2024\/03\/destacada-vidsigner.jpg\" class=\"attachment-original size-original wp-post-image\" alt=\"\" srcset=\"https:\/\/addinformatica.com\/wp-content\/uploads\/2024\/03\/destacada-vidsigner.jpg 912w, https:\/\/addinformatica.com\/wp-content\/uploads\/2024\/03\/destacada-vidsigner-300x300.jpg 300w, https:\/\/addinformatica.com\/wp-content\/uploads\/2024\/03\/destacada-vidsigner-150x150.jpg 150w, https:\/\/addinformatica.com\/wp-content\/uploads\/2024\/03\/destacada-vidsigner-768x768.jpg 768w\" sizes=\"auto, (max-width: 912px) 100vw, 912px\" \/>\t\t\t\t\t\t\t<\/a>\n  \t\t\t\t\t\t\t  \t\t\t\t\t\t\t  \t\t\t\t\t\t<\/div>\n  \t\t\t\t\t\t  \t\t\t\t\t<\/div>\n          \t\t\t\t\t<div class=\"box-text text-left is-small\" style=\"padding:0px 0px 0px 0px;\">\n\t\t\t\t\t<div class=\"box-text-inner blog-post-inner\">\n\n\t\t\t\t\t\n\t\t\t\t\t\t\t\t\t\t<h5 class=\"post-title is-large \">\n\t\t\t\t\t\t<a href=\"https:\/\/addinformatica.com\/ca\/noticies\/resiplus-integra-vidsigner-el-servei-de-signatures-electroniques-lider-a-europa\/\" class=\"plain\">ResiPlus integra VIDsigner, el servei de signatures electr\u00f2niques l\u00edder a Europa<\/a>\n\t\t\t\t\t<\/h5>\n\t\t\t\t\t\t\t\t\t\t<div class=\"is-divider\"><\/div>\n\t\t\t\t\t\t\t\t\t\t<p class=\"from_the_blog_excerpt \">\n\t\t\t\t\t\tAdd Inform\u00e0tica, prove\u00efdor de refer\u00e8ncia a Espanya dins [...]\t\t\t\t\t<\/p>\n\t\t\t\t\t                    \n\t\t\t\t\t\n\t\t\t\t\t\n\t\t\t\t\t<\/div>\n\t\t\t\t\t<\/div>\n\t\t\t\t\t\t\t\t\t<\/div>\n\t\t\t<\/div>\n\t\t<\/div><div class=\"col post-item\" >\n\t\t\t<div class=\"col-inner\">\n\t\t\t\t<div class=\"box box-normal box-text-bottom box-blog-post has-hover\">\n            \t\t\t\t\t<div class=\"box-image\" >\n  \t\t\t\t\t\t<div class=\"image-cover\" style=\"padding-top:100%;\">\n\t\t\t\t\t\t\t<a href=\"https:\/\/addinformatica.com\/ca\/noticies\/histories-que-inspiren-el-colombia-william-alonso-rodriguez-campio-paralimpic-de-tir-amb-arc\/\" class=\"plain\" aria-label=\"Hist\u00f2ries que inspiren: El colombi\u00e0 William Alonso Rodr\u00edguez, campi\u00f3 paral\u00edmpic de tir amb arc\">\n\t\t\t\t\t\t\t\t<img loading=\"lazy\" decoding=\"async\" width=\"1200\" height=\"801\" src=\"https:\/\/addinformatica.com\/wp-content\/uploads\/2024\/04\/colombiano-es-campeon-paralimpico-de-tiro-con-arco.jpg\" class=\"attachment-original size-original wp-post-image\" alt=\"\" srcset=\"https:\/\/addinformatica.com\/wp-content\/uploads\/2024\/04\/colombiano-es-campeon-paralimpico-de-tiro-con-arco.jpg 1200w, https:\/\/addinformatica.com\/wp-content\/uploads\/2024\/04\/colombiano-es-campeon-paralimpico-de-tiro-con-arco-300x200.jpg 300w, https:\/\/addinformatica.com\/wp-content\/uploads\/2024\/04\/colombiano-es-campeon-paralimpico-de-tiro-con-arco-1024x684.jpg 1024w, https:\/\/addinformatica.com\/wp-content\/uploads\/2024\/04\/colombiano-es-campeon-paralimpico-de-tiro-con-arco-768x513.jpg 768w\" sizes=\"auto, (max-width: 1200px) 100vw, 1200px\" \/>\t\t\t\t\t\t\t<\/a>\n  \t\t\t\t\t\t\t  \t\t\t\t\t\t\t  \t\t\t\t\t\t<\/div>\n  \t\t\t\t\t\t  \t\t\t\t\t<\/div>\n          \t\t\t\t\t<div class=\"box-text text-left is-small\" style=\"padding:0px 0px 0px 0px;\">\n\t\t\t\t\t<div class=\"box-text-inner blog-post-inner\">\n\n\t\t\t\t\t\n\t\t\t\t\t\t\t\t\t\t<h5 class=\"post-title is-large \">\n\t\t\t\t\t\t<a href=\"https:\/\/addinformatica.com\/ca\/noticies\/histories-que-inspiren-el-colombia-william-alonso-rodriguez-campio-paralimpic-de-tir-amb-arc\/\" class=\"plain\">Hist\u00f2ries que inspiren: El colombi\u00e0 William Alonso Rodr\u00edguez, campi\u00f3 paral\u00edmpic de tir amb arc<\/a>\n\t\t\t\t\t<\/h5>\n\t\t\t\t\t\t\t\t\t\t<div class=\"is-divider\"><\/div>\n\t\t\t\t\t\t\t\t\t\t<p class=\"from_the_blog_excerpt \">\n\t\t\t\t\t\tAl m\u00f3n hi ha milions d&#8217; hist\u00f2ries inspiradores, [...]\t\t\t\t\t<\/p>\n\t\t\t\t\t                    \n\t\t\t\t\t\n\t\t\t\t\t\n\t\t\t\t\t<\/div>\n\t\t\t\t\t<\/div>\n\t\t\t\t\t\t\t\t\t<\/div>\n\t\t\t<\/div>\n\t\t<\/div><div class=\"col post-item\" >\n\t\t\t<div class=\"col-inner\">\n\t\t\t\t<div class=\"box box-normal box-text-bottom box-blog-post has-hover\">\n            \t\t\t\t\t<div class=\"box-image\" >\n  \t\t\t\t\t\t<div class=\"image-cover\" style=\"padding-top:100%;\">\n\t\t\t\t\t\t\t<a href=\"https:\/\/addinformatica.com\/ca\/noticies\/dia-mundial-de-la-salut\/\" class=\"plain\" aria-label=\"Dia mundial de la salut\">\n\t\t\t\t\t\t\t\t<img loading=\"lazy\" decoding=\"async\" width=\"1200\" height=\"800\" src=\"https:\/\/addinformatica.com\/wp-content\/uploads\/2024\/04\/dia-mundial-de-la-salud.jpg\" class=\"attachment-original size-original wp-post-image\" alt=\"\" srcset=\"https:\/\/addinformatica.com\/wp-content\/uploads\/2024\/04\/dia-mundial-de-la-salud.jpg 1200w, https:\/\/addinformatica.com\/wp-content\/uploads\/2024\/04\/dia-mundial-de-la-salud-300x200.jpg 300w, https:\/\/addinformatica.com\/wp-content\/uploads\/2024\/04\/dia-mundial-de-la-salud-1024x683.jpg 1024w, https:\/\/addinformatica.com\/wp-content\/uploads\/2024\/04\/dia-mundial-de-la-salud-768x512.jpg 768w\" sizes=\"auto, (max-width: 1200px) 100vw, 1200px\" \/>\t\t\t\t\t\t\t<\/a>\n  \t\t\t\t\t\t\t  \t\t\t\t\t\t\t  \t\t\t\t\t\t<\/div>\n  \t\t\t\t\t\t  \t\t\t\t\t<\/div>\n          \t\t\t\t\t<div class=\"box-text text-left is-small\" style=\"padding:0px 0px 0px 0px;\">\n\t\t\t\t\t<div class=\"box-text-inner blog-post-inner\">\n\n\t\t\t\t\t\n\t\t\t\t\t\t\t\t\t\t<h5 class=\"post-title is-large \">\n\t\t\t\t\t\t<a href=\"https:\/\/addinformatica.com\/ca\/noticies\/dia-mundial-de-la-salut\/\" class=\"plain\">Dia mundial de la salut<\/a>\n\t\t\t\t\t<\/h5>\n\t\t\t\t\t\t\t\t\t\t<div class=\"is-divider\"><\/div>\n\t\t\t\t\t\t\t\t\t\t<p class=\"from_the_blog_excerpt \">\n\t\t\t\t\t\tLa salut \u00e9s un dret fonamental de totes [...]\t\t\t\t\t<\/p>\n\t\t\t\t\t                    \n\t\t\t\t\t\n\t\t\t\t\t\n\t\t\t\t\t<\/div>\n\t\t\t\t\t<\/div>\n\t\t\t\t\t\t\t\t\t<\/div>\n\t\t\t<\/div>\n\t\t<\/div><div class=\"col post-item\" >\n\t\t\t<div class=\"col-inner\">\n\t\t\t\t<div class=\"box box-normal box-text-bottom box-blog-post has-hover\">\n            \t\t\t\t\t<div class=\"box-image\" >\n  \t\t\t\t\t\t<div class=\"image-cover\" style=\"padding-top:100%;\">\n\t\t\t\t\t\t\t<a href=\"https:\/\/addinformatica.com\/ca\/noticies\/bretxa-digital-desafiaments-de-lacces-a-internet-per-a-la-gent-gran\/\" class=\"plain\" aria-label=\"Bretxa digital: desafiaments de l&#8217;acc\u00e9s a Internet per a la gent gran\">\n\t\t\t\t\t\t\t\t<img loading=\"lazy\" decoding=\"async\" width=\"700\" height=\"398\" src=\"https:\/\/addinformatica.com\/wp-content\/uploads\/2024\/02\/brecha-digital-desafios-del-acceso-a-internet-para-las-personas-mayores.jpg\" class=\"attachment-original size-original wp-post-image\" alt=\"\" srcset=\"https:\/\/addinformatica.com\/wp-content\/uploads\/2024\/02\/brecha-digital-desafios-del-acceso-a-internet-para-las-personas-mayores.jpg 700w, https:\/\/addinformatica.com\/wp-content\/uploads\/2024\/02\/brecha-digital-desafios-del-acceso-a-internet-para-las-personas-mayores-300x171.jpg 300w\" sizes=\"auto, (max-width: 700px) 100vw, 700px\" \/>\t\t\t\t\t\t\t<\/a>\n  \t\t\t\t\t\t\t  \t\t\t\t\t\t\t  \t\t\t\t\t\t<\/div>\n  \t\t\t\t\t\t  \t\t\t\t\t<\/div>\n          \t\t\t\t\t<div class=\"box-text text-left is-small\" style=\"padding:0px 0px 0px 0px;\">\n\t\t\t\t\t<div class=\"box-text-inner blog-post-inner\">\n\n\t\t\t\t\t\n\t\t\t\t\t\t\t\t\t\t<h5 class=\"post-title is-large \">\n\t\t\t\t\t\t<a href=\"https:\/\/addinformatica.com\/ca\/noticies\/bretxa-digital-desafiaments-de-lacces-a-internet-per-a-la-gent-gran\/\" class=\"plain\">Bretxa digital: desafiaments de l&#8217;acc\u00e9s a Internet per a la gent gran<\/a>\n\t\t\t\t\t<\/h5>\n\t\t\t\t\t\t\t\t\t\t<div class=\"is-divider\"><\/div>\n\t\t\t\t\t\t\t\t\t\t<p class=\"from_the_blog_excerpt \">\n\t\t\t\t\t\tEn termes generals, i d&#8217;acord amb les dades [...]\t\t\t\t\t<\/p>\n\t\t\t\t\t                    \n\t\t\t\t\t\n\t\t\t\t\t\n\t\t\t\t\t<\/div>\n\t\t\t\t\t<\/div>\n\t\t\t\t\t\t\t\t\t<\/div>\n\t\t\t<\/div>\n\t\t<\/div><div class=\"col post-item\" >\n\t\t\t<div class=\"col-inner\">\n\t\t\t\t<div class=\"box box-normal box-text-bottom box-blog-post has-hover\">\n            \t\t\t\t\t<div class=\"box-image\" >\n  \t\t\t\t\t\t<div class=\"image-cover\" style=\"padding-top:100%;\">\n\t\t\t\t\t\t\t<a href=\"https:\/\/addinformatica.com\/ca\/noticies\/celebracio-de-pasqua-a-centres-infantils-despana\/\" class=\"plain\" aria-label=\"Celebraci\u00f3 de Pasqua a centres infantils d&#8217;Espa\u00f1a\">\n\t\t\t\t\t\t\t\t<img loading=\"lazy\" decoding=\"async\" width=\"1200\" height=\"800\" src=\"https:\/\/addinformatica.com\/wp-content\/uploads\/2024\/03\/los-huevos-de-pascua-representan-la-vida-y-la-fertilidad.jpg\" class=\"attachment-original size-original wp-post-image\" alt=\"\" srcset=\"https:\/\/addinformatica.com\/wp-content\/uploads\/2024\/03\/los-huevos-de-pascua-representan-la-vida-y-la-fertilidad.jpg 1200w, https:\/\/addinformatica.com\/wp-content\/uploads\/2024\/03\/los-huevos-de-pascua-representan-la-vida-y-la-fertilidad-300x200.jpg 300w, https:\/\/addinformatica.com\/wp-content\/uploads\/2024\/03\/los-huevos-de-pascua-representan-la-vida-y-la-fertilidad-1024x683.jpg 1024w, https:\/\/addinformatica.com\/wp-content\/uploads\/2024\/03\/los-huevos-de-pascua-representan-la-vida-y-la-fertilidad-768x512.jpg 768w\" sizes=\"auto, (max-width: 1200px) 100vw, 1200px\" \/>\t\t\t\t\t\t\t<\/a>\n  \t\t\t\t\t\t\t  \t\t\t\t\t\t\t  \t\t\t\t\t\t<\/div>\n  \t\t\t\t\t\t  \t\t\t\t\t<\/div>\n          \t\t\t\t\t<div class=\"box-text text-left is-small\" style=\"padding:0px 0px 0px 0px;\">\n\t\t\t\t\t<div class=\"box-text-inner blog-post-inner\">\n\n\t\t\t\t\t\n\t\t\t\t\t\t\t\t\t\t<h5 class=\"post-title is-large \">\n\t\t\t\t\t\t<a href=\"https:\/\/addinformatica.com\/ca\/noticies\/celebracio-de-pasqua-a-centres-infantils-despana\/\" class=\"plain\">Celebraci\u00f3 de Pasqua a centres infantils d&#8217;Espa\u00f1a<\/a>\n\t\t\t\t\t<\/h5>\n\t\t\t\t\t\t\t\t\t\t<div class=\"is-divider\"><\/div>\n\t\t\t\t\t\t\t\t\t\t<p class=\"from_the_blog_excerpt \">\n\t\t\t\t\t\tLa celebraci\u00f3 de la Pasqua a centres infantils [...]\t\t\t\t\t<\/p>\n\t\t\t\t\t                    \n\t\t\t\t\t\n\t\t\t\t\t\n\t\t\t\t\t<\/div>\n\t\t\t\t\t<\/div>\n\t\t\t\t\t\t\t\t\t<\/div>\n\t\t\t<\/div>\n\t\t<\/div><div class=\"col post-item\" >\n\t\t\t<div class=\"col-inner\">\n\t\t\t\t<div class=\"box box-normal box-text-bottom box-blog-post has-hover\">\n            \t\t\t\t\t<div class=\"box-image\" >\n  \t\t\t\t\t\t<div class=\"image-cover\" style=\"padding-top:100%;\">\n\t\t\t\t\t\t\t<a href=\"https:\/\/addinformatica.com\/ca\/noticies\/2n-i-3er-lloc-del-concurs-navcia-2023-2024-recreant-la-calor-de-la-llar-del-nadal\/\" class=\"plain\" aria-label=\"2n i 3er lloc del Concurs NAV&#038;CIA 2023-2024: recreant la calor de la llar del Nadal\">\n\t\t\t\t\t\t\t\t<img loading=\"lazy\" decoding=\"async\" width=\"948\" height=\"1264\" src=\"https:\/\/addinformatica.com\/wp-content\/uploads\/2024\/02\/residencia-de-la-cruz-roja-de-castro-de-rei-gano-el-segundo-lugar-del-concurso-navcia-2023-2024.jpg\" class=\"attachment-original size-original wp-post-image\" alt=\"\" srcset=\"https:\/\/addinformatica.com\/wp-content\/uploads\/2024\/02\/residencia-de-la-cruz-roja-de-castro-de-rei-gano-el-segundo-lugar-del-concurso-navcia-2023-2024.jpg 948w, https:\/\/addinformatica.com\/wp-content\/uploads\/2024\/02\/residencia-de-la-cruz-roja-de-castro-de-rei-gano-el-segundo-lugar-del-concurso-navcia-2023-2024-225x300.jpg 225w, https:\/\/addinformatica.com\/wp-content\/uploads\/2024\/02\/residencia-de-la-cruz-roja-de-castro-de-rei-gano-el-segundo-lugar-del-concurso-navcia-2023-2024-768x1024.jpg 768w\" sizes=\"auto, (max-width: 948px) 100vw, 948px\" \/>\t\t\t\t\t\t\t<\/a>\n  \t\t\t\t\t\t\t  \t\t\t\t\t\t\t  \t\t\t\t\t\t<\/div>\n  \t\t\t\t\t\t  \t\t\t\t\t<\/div>\n          \t\t\t\t\t<div class=\"box-text text-left is-small\" style=\"padding:0px 0px 0px 0px;\">\n\t\t\t\t\t<div class=\"box-text-inner blog-post-inner\">\n\n\t\t\t\t\t\n\t\t\t\t\t\t\t\t\t\t<h5 class=\"post-title is-large \">\n\t\t\t\t\t\t<a href=\"https:\/\/addinformatica.com\/ca\/noticies\/2n-i-3er-lloc-del-concurs-navcia-2023-2024-recreant-la-calor-de-la-llar-del-nadal\/\" class=\"plain\">2n i 3er lloc del Concurs NAV&#038;CIA 2023-2024: recreant la calor de la llar del Nadal<\/a>\n\t\t\t\t\t<\/h5>\n\t\t\t\t\t\t\t\t\t\t<div class=\"is-divider\"><\/div>\n\t\t\t\t\t\t\t\t\t\t<p class=\"from_the_blog_excerpt \">\n\t\t\t\t\t\tL&#8217; onzena edici\u00f3 del nostre Concurs de manualitats [...]\t\t\t\t\t<\/p>\n\t\t\t\t\t                    \n\t\t\t\t\t\n\t\t\t\t\t\n\t\t\t\t\t<\/div>\n\t\t\t\t\t<\/div>\n\t\t\t\t\t\t\t\t\t<\/div>\n\t\t\t<\/div>\n\t\t<\/div><div class=\"col post-item\" >\n\t\t\t<div class=\"col-inner\">\n\t\t\t\t<div class=\"box box-normal box-text-bottom box-blog-post has-hover\">\n            \t\t\t\t\t<div class=\"box-image\" >\n  \t\t\t\t\t\t<div class=\"image-cover\" style=\"padding-top:100%;\">\n\t\t\t\t\t\t\t<a href=\"https:\/\/addinformatica.com\/ca\/noticies\/dia-de-reis-a-centres-de-dependencia-com-celebrar-ho-i-per-que-es-important\/\" class=\"plain\" aria-label=\"Dia de Reis a Centres de Depend\u00e8ncia: com celebrar-ho i per qu\u00e8 \u00e9s important\">\n\t\t\t\t\t\t\t\t<img loading=\"lazy\" decoding=\"async\" width=\"1920\" height=\"1280\" src=\"https:\/\/addinformatica.com\/wp-content\/uploads\/2024\/01\/dia-de-reyes-en-centros-de-dependencia-como-celebrarlo-y-por-que-es-importante.jpg\" class=\"attachment-original size-original wp-post-image\" alt=\"\" srcset=\"https:\/\/addinformatica.com\/wp-content\/uploads\/2024\/01\/dia-de-reyes-en-centros-de-dependencia-como-celebrarlo-y-por-que-es-importante.jpg 1920w, https:\/\/addinformatica.com\/wp-content\/uploads\/2024\/01\/dia-de-reyes-en-centros-de-dependencia-como-celebrarlo-y-por-que-es-importante-300x200.jpg 300w, https:\/\/addinformatica.com\/wp-content\/uploads\/2024\/01\/dia-de-reyes-en-centros-de-dependencia-como-celebrarlo-y-por-que-es-importante-1024x683.jpg 1024w, https:\/\/addinformatica.com\/wp-content\/uploads\/2024\/01\/dia-de-reyes-en-centros-de-dependencia-como-celebrarlo-y-por-que-es-importante-768x512.jpg 768w, https:\/\/addinformatica.com\/wp-content\/uploads\/2024\/01\/dia-de-reyes-en-centros-de-dependencia-como-celebrarlo-y-por-que-es-importante-1536x1024.jpg 1536w\" sizes=\"auto, (max-width: 1920px) 100vw, 1920px\" \/>\t\t\t\t\t\t\t<\/a>\n  \t\t\t\t\t\t\t  \t\t\t\t\t\t\t  \t\t\t\t\t\t<\/div>\n  \t\t\t\t\t\t  \t\t\t\t\t<\/div>\n          \t\t\t\t\t<div class=\"box-text text-left is-small\" style=\"padding:0px 0px 0px 0px;\">\n\t\t\t\t\t<div class=\"box-text-inner blog-post-inner\">\n\n\t\t\t\t\t\n\t\t\t\t\t\t\t\t\t\t<h5 class=\"post-title is-large \">\n\t\t\t\t\t\t<a href=\"https:\/\/addinformatica.com\/ca\/noticies\/dia-de-reis-a-centres-de-dependencia-com-celebrar-ho-i-per-que-es-important\/\" class=\"plain\">Dia de Reis a Centres de Depend\u00e8ncia: com celebrar-ho i per qu\u00e8 \u00e9s important<\/a>\n\t\t\t\t\t<\/h5>\n\t\t\t\t\t\t\t\t\t\t<div class=\"is-divider\"><\/div>\n\t\t\t\t\t\t\t\t\t\t<p class=\"from_the_blog_excerpt \">\n\t\t\t\t\t\tEl 6 de gener de cada any se [...]\t\t\t\t\t<\/p>\n\t\t\t\t\t                    \n\t\t\t\t\t\n\t\t\t\t\t\n\t\t\t\t\t<\/div>\n\t\t\t\t\t<\/div>\n\t\t\t\t\t\t\t\t\t<\/div>\n\t\t\t<\/div>\n\t\t<\/div><div class=\"col post-item\" >\n\t\t\t<div class=\"col-inner\">\n\t\t\t\t<div class=\"box box-normal box-text-bottom box-blog-post has-hover\">\n            \t\t\t\t\t<div class=\"box-image\" >\n  \t\t\t\t\t\t<div class=\"image-cover\" style=\"padding-top:100%;\">\n\t\t\t\t\t\t\t<a href=\"https:\/\/addinformatica.com\/ca\/noticies\/concurs-navcia-2023-2024-celebrant-el-nadal-al-costat-dels-nostres-majors\/\" class=\"plain\" aria-label=\"Concurs NAV&#038;CIA 2023-2024: celebrant el Nadal al costat dels nostres majors\">\n\t\t\t\t\t\t\t\t<img loading=\"lazy\" decoding=\"async\" width=\"850\" height=\"480\" src=\"https:\/\/addinformatica.com\/wp-content\/uploads\/2024\/01\/concurso-nav-cia-2023-celebrando-las-navidades-junto-a-nuestros-mayores.jpg\" class=\"attachment-original size-original wp-post-image\" alt=\"\" srcset=\"https:\/\/addinformatica.com\/wp-content\/uploads\/2024\/01\/concurso-nav-cia-2023-celebrando-las-navidades-junto-a-nuestros-mayores.jpg 850w, https:\/\/addinformatica.com\/wp-content\/uploads\/2024\/01\/concurso-nav-cia-2023-celebrando-las-navidades-junto-a-nuestros-mayores-300x169.jpg 300w, https:\/\/addinformatica.com\/wp-content\/uploads\/2024\/01\/concurso-nav-cia-2023-celebrando-las-navidades-junto-a-nuestros-mayores-768x434.jpg 768w\" sizes=\"auto, (max-width: 850px) 100vw, 850px\" \/>\t\t\t\t\t\t\t<\/a>\n  \t\t\t\t\t\t\t  \t\t\t\t\t\t\t  \t\t\t\t\t\t<\/div>\n  \t\t\t\t\t\t  \t\t\t\t\t<\/div>\n          \t\t\t\t\t<div class=\"box-text text-left is-small\" style=\"padding:0px 0px 0px 0px;\">\n\t\t\t\t\t<div class=\"box-text-inner blog-post-inner\">\n\n\t\t\t\t\t\n\t\t\t\t\t\t\t\t\t\t<h5 class=\"post-title is-large \">\n\t\t\t\t\t\t<a href=\"https:\/\/addinformatica.com\/ca\/noticies\/concurs-navcia-2023-2024-celebrant-el-nadal-al-costat-dels-nostres-majors\/\" class=\"plain\">Concurs NAV&#038;CIA 2023-2024: celebrant el Nadal al costat dels nostres majors<\/a>\n\t\t\t\t\t<\/h5>\n\t\t\t\t\t\t\t\t\t\t<div class=\"is-divider\"><\/div>\n\t\t\t\t\t\t\t\t\t\t<p class=\"from_the_blog_excerpt \">\n\t\t\t\t\t\tEns enorgulleix comunicar que els residents de la [...]\t\t\t\t\t<\/p>\n\t\t\t\t\t                    \n\t\t\t\t\t\n\t\t\t\t\t\n\t\t\t\t\t<\/div>\n\t\t\t\t\t<\/div>\n\t\t\t\t\t\t\t\t\t<\/div>\n\t\t\t<\/div>\n\t\t<\/div><div class=\"col post-item\" >\n\t\t\t<div class=\"col-inner\">\n\t\t\t\t<div class=\"box box-normal box-text-bottom box-blog-post has-hover\">\n            \t\t\t\t\t<div class=\"box-image\" >\n  \t\t\t\t\t\t<div class=\"image-cover\" style=\"padding-top:100%;\">\n\t\t\t\t\t\t\t<a href=\"https:\/\/addinformatica.com\/ca\/noticies\/guanyadors-del-11e-concurs-navcia-2023-2024\/\" class=\"plain\" aria-label=\"Guanyadors del 11\u00e9 Concurs Nav&#038;Cia 2023-2024\">\n\t\t\t\t\t\t\t\t<img loading=\"lazy\" decoding=\"async\" width=\"850\" height=\"577\" src=\"https:\/\/addinformatica.com\/wp-content\/uploads\/2023\/11\/Navcia-2022-popups-CA.jpg\" class=\"attachment-original size-original wp-post-image\" alt=\"\" srcset=\"https:\/\/addinformatica.com\/wp-content\/uploads\/2023\/11\/Navcia-2022-popups-CA.jpg 850w, https:\/\/addinformatica.com\/wp-content\/uploads\/2023\/11\/Navcia-2022-popups-CA-300x204.jpg 300w, https:\/\/addinformatica.com\/wp-content\/uploads\/2023\/11\/Navcia-2022-popups-CA-768x521.jpg 768w\" sizes=\"auto, (max-width: 850px) 100vw, 850px\" \/>\t\t\t\t\t\t\t<\/a>\n  \t\t\t\t\t\t\t  \t\t\t\t\t\t\t  \t\t\t\t\t\t<\/div>\n  \t\t\t\t\t\t  \t\t\t\t\t<\/div>\n          \t\t\t\t\t<div class=\"box-text text-left is-small\" style=\"padding:0px 0px 0px 0px;\">\n\t\t\t\t\t<div class=\"box-text-inner blog-post-inner\">\n\n\t\t\t\t\t\n\t\t\t\t\t\t\t\t\t\t<h5 class=\"post-title is-large \">\n\t\t\t\t\t\t<a href=\"https:\/\/addinformatica.com\/ca\/noticies\/guanyadors-del-11e-concurs-navcia-2023-2024\/\" class=\"plain\">Guanyadors del 11\u00e9 Concurs Nav&#038;Cia 2023-2024<\/a>\n\t\t\t\t\t<\/h5>\n\t\t\t\t\t\t\t\t\t\t<div class=\"is-divider\"><\/div>\n\t\t\t\t\t\t\t\t\t\t<p class=\"from_the_blog_excerpt \">\n\t\t\t\t\t\t\t\t\t\t\t<\/p>\n\t\t\t\t\t                    \n\t\t\t\t\t\n\t\t\t\t\t\n\t\t\t\t\t<\/div>\n\t\t\t\t\t<\/div>\n\t\t\t\t\t\t\t\t\t<\/div>\n\t\t\t<\/div>\n\t\t<\/div><div class=\"col post-item\" >\n\t\t\t<div class=\"col-inner\">\n\t\t\t\t<div class=\"box box-normal box-text-bottom box-blog-post has-hover\">\n            \t\t\t\t\t<div class=\"box-image\" >\n  \t\t\t\t\t\t<div class=\"image-cover\" style=\"padding-top:100%;\">\n\t\t\t\t\t\t\t<a href=\"https:\/\/addinformatica.com\/ca\/noticies\/finalitzat-el-11e-concurs-de-manualitats-nadalenques-navcia-2023-2024\/\" class=\"plain\" aria-label=\"Finalitzat el 11\u00e8 Concurs de manualitats Nadalenques NAV&#038;CIA 2023-2024\">\n\t\t\t\t\t\t\t\t<img loading=\"lazy\" decoding=\"async\" width=\"850\" height=\"577\" src=\"https:\/\/addinformatica.com\/wp-content\/uploads\/2023\/11\/Navcia-2022-popups-ES.jpg\" class=\"attachment-original size-original wp-post-image\" alt=\"\" srcset=\"https:\/\/addinformatica.com\/wp-content\/uploads\/2023\/11\/Navcia-2022-popups-ES.jpg 850w, https:\/\/addinformatica.com\/wp-content\/uploads\/2023\/11\/Navcia-2022-popups-ES-300x204.jpg 300w, https:\/\/addinformatica.com\/wp-content\/uploads\/2023\/11\/Navcia-2022-popups-ES-768x521.jpg 768w\" sizes=\"auto, (max-width: 850px) 100vw, 850px\" \/>\t\t\t\t\t\t\t<\/a>\n  \t\t\t\t\t\t\t  \t\t\t\t\t\t\t  \t\t\t\t\t\t<\/div>\n  \t\t\t\t\t\t  \t\t\t\t\t<\/div>\n          \t\t\t\t\t<div class=\"box-text text-left is-small\" style=\"padding:0px 0px 0px 0px;\">\n\t\t\t\t\t<div class=\"box-text-inner blog-post-inner\">\n\n\t\t\t\t\t\n\t\t\t\t\t\t\t\t\t\t<h5 class=\"post-title is-large \">\n\t\t\t\t\t\t<a href=\"https:\/\/addinformatica.com\/ca\/noticies\/finalitzat-el-11e-concurs-de-manualitats-nadalenques-navcia-2023-2024\/\" class=\"plain\">Finalitzat el 11\u00e8 Concurs de manualitats Nadalenques NAV&#038;CIA 2023-2024<\/a>\n\t\t\t\t\t<\/h5>\n\t\t\t\t\t\t\t\t\t\t<div class=\"is-divider\"><\/div>\n\t\t\t\t\t\t\t\t\t\t<p class=\"from_the_blog_excerpt \">\n\t\t\t\t\t\t\t\t\t\t\t<\/p>\n\t\t\t\t\t                    \n\t\t\t\t\t\n\t\t\t\t\t\n\t\t\t\t\t<\/div>\n\t\t\t\t\t<\/div>\n\t\t\t\t\t\t\t\t\t<\/div>\n\t\t\t<\/div>\n\t\t<\/div><div class=\"col post-item\" >\n\t\t\t<div class=\"col-inner\">\n\t\t\t\t<div class=\"box box-normal box-text-bottom box-blog-post has-hover\">\n            \t\t\t\t\t<div class=\"box-image\" >\n  \t\t\t\t\t\t<div class=\"image-cover\" style=\"padding-top:100%;\">\n\t\t\t\t\t\t\t<a href=\"https:\/\/addinformatica.com\/ca\/noticies\/finalitzada-la-i-etapa-del-11e-concurs-navcia-2023-2024\/\" class=\"plain\" aria-label=\"Finalitzada la I Etapa del 11\u00e8 Concurs NAV&#038;CIA 2023-2024\">\n\t\t\t\t\t\t\t\t<img loading=\"lazy\" decoding=\"async\" width=\"850\" height=\"577\" src=\"https:\/\/addinformatica.com\/wp-content\/uploads\/2023\/11\/Navcia-2022-popups-CA.jpg\" class=\"attachment-original size-original wp-post-image\" alt=\"\" srcset=\"https:\/\/addinformatica.com\/wp-content\/uploads\/2023\/11\/Navcia-2022-popups-CA.jpg 850w, https:\/\/addinformatica.com\/wp-content\/uploads\/2023\/11\/Navcia-2022-popups-CA-300x204.jpg 300w, https:\/\/addinformatica.com\/wp-content\/uploads\/2023\/11\/Navcia-2022-popups-CA-768x521.jpg 768w\" sizes=\"auto, (max-width: 850px) 100vw, 850px\" \/>\t\t\t\t\t\t\t<\/a>\n  \t\t\t\t\t\t\t  \t\t\t\t\t\t\t  \t\t\t\t\t\t<\/div>\n  \t\t\t\t\t\t  \t\t\t\t\t<\/div>\n          \t\t\t\t\t<div class=\"box-text text-left is-small\" style=\"padding:0px 0px 0px 0px;\">\n\t\t\t\t\t<div class=\"box-text-inner blog-post-inner\">\n\n\t\t\t\t\t\n\t\t\t\t\t\t\t\t\t\t<h5 class=\"post-title is-large \">\n\t\t\t\t\t\t<a href=\"https:\/\/addinformatica.com\/ca\/noticies\/finalitzada-la-i-etapa-del-11e-concurs-navcia-2023-2024\/\" class=\"plain\">Finalitzada la I Etapa del 11\u00e8 Concurs NAV&#038;CIA 2023-2024<\/a>\n\t\t\t\t\t<\/h5>\n\t\t\t\t\t\t\t\t\t\t<div class=\"is-divider\"><\/div>\n\t\t\t\t\t\t\t\t\t\t<p class=\"from_the_blog_excerpt \">\n\t\t\t\t\t\t\t\t\t\t\t<\/p>\n\t\t\t\t\t                    \n\t\t\t\t\t\n\t\t\t\t\t\n\t\t\t\t\t<\/div>\n\t\t\t\t\t<\/div>\n\t\t\t\t\t\t\t\t\t<\/div>\n\t\t\t<\/div>\n\t\t<\/div><div class=\"col post-item\" >\n\t\t\t<div class=\"col-inner\">\n\t\t\t\t<div class=\"box box-normal box-text-bottom box-blog-post has-hover\">\n            \t\t\t\t\t<div class=\"box-image\" >\n  \t\t\t\t\t\t<div class=\"image-cover\" style=\"padding-top:100%;\">\n\t\t\t\t\t\t\t<a href=\"https:\/\/addinformatica.com\/ca\/noticies\/resiplus-present-al-34e-congres-de-la-societat-canaria-de-geriatria-i-gerontologi\/\" class=\"plain\" aria-label=\"ResiPlus present al 34\u00e8 Congr\u00e9s de la Societat Can\u00e0ria de Geriatria i Gerontologia\">\n\t\t\t\t\t\t\t\t<img loading=\"lazy\" decoding=\"async\" width=\"673\" height=\"673\" src=\"https:\/\/addinformatica.com\/wp-content\/uploads\/2023\/12\/34-congreso-sociedad-canaria-destaada-ok.jpg\" class=\"attachment-original size-original wp-post-image\" alt=\"\" srcset=\"https:\/\/addinformatica.com\/wp-content\/uploads\/2023\/12\/34-congreso-sociedad-canaria-destaada-ok.jpg 673w, https:\/\/addinformatica.com\/wp-content\/uploads\/2023\/12\/34-congreso-sociedad-canaria-destaada-ok-300x300.jpg 300w, https:\/\/addinformatica.com\/wp-content\/uploads\/2023\/12\/34-congreso-sociedad-canaria-destaada-ok-150x150.jpg 150w\" sizes=\"auto, (max-width: 673px) 100vw, 673px\" \/>\t\t\t\t\t\t\t<\/a>\n  \t\t\t\t\t\t\t  \t\t\t\t\t\t\t  \t\t\t\t\t\t<\/div>\n  \t\t\t\t\t\t  \t\t\t\t\t<\/div>\n          \t\t\t\t\t<div class=\"box-text text-left is-small\" style=\"padding:0px 0px 0px 0px;\">\n\t\t\t\t\t<div class=\"box-text-inner blog-post-inner\">\n\n\t\t\t\t\t\n\t\t\t\t\t\t\t\t\t\t<h5 class=\"post-title is-large \">\n\t\t\t\t\t\t<a href=\"https:\/\/addinformatica.com\/ca\/noticies\/resiplus-present-al-34e-congres-de-la-societat-canaria-de-geriatria-i-gerontologi\/\" class=\"plain\">ResiPlus present al 34\u00e8 Congr\u00e9s de la Societat Can\u00e0ria de Geriatria i Gerontologia<\/a>\n\t\t\t\t\t<\/h5>\n\t\t\t\t\t\t\t\t\t\t<div class=\"is-divider\"><\/div>\n\t\t\t\t\t\t\t\t\t\t<p class=\"from_the_blog_excerpt \">\n\t\t\t\t\t\tADD Inform\u00e0tica ha estat present al 34\u00e8 Congr\u00e9s [...]\t\t\t\t\t<\/p>\n\t\t\t\t\t                    \n\t\t\t\t\t\n\t\t\t\t\t\n\t\t\t\t\t<\/div>\n\t\t\t\t\t<\/div>\n\t\t\t\t\t\t\t\t\t<\/div>\n\t\t\t<\/div>\n\t\t<\/div><div class=\"col post-item\" >\n\t\t\t<div class=\"col-inner\">\n\t\t\t\t<div class=\"box box-normal box-text-bottom box-blog-post has-hover\">\n            \t\t\t\t\t<div class=\"box-image\" >\n  \t\t\t\t\t\t<div class=\"image-cover\" style=\"padding-top:100%;\">\n\t\t\t\t\t\t\t<a href=\"https:\/\/addinformatica.com\/ca\/noticies\/resiplus-present-al-iii-congres-envelliment-i-dependencia-realitzat-a-malaga\/\" class=\"plain\" aria-label=\"ResiPlus present  al III Congr\u00e9s Envelliment i Depend\u00e8ncia realitzat a M\u00e0laga\">\n\t\t\t\t\t\t\t\t<img loading=\"lazy\" decoding=\"async\" width=\"1000\" height=\"1333\" src=\"https:\/\/addinformatica.com\/wp-content\/uploads\/2023\/11\/el-envejecimiento-abordado-desde-un-enfoque-interdisciplinario.jpg\" class=\"attachment-original size-original wp-post-image\" alt=\"\" srcset=\"https:\/\/addinformatica.com\/wp-content\/uploads\/2023\/11\/el-envejecimiento-abordado-desde-un-enfoque-interdisciplinario.jpg 1000w, https:\/\/addinformatica.com\/wp-content\/uploads\/2023\/11\/el-envejecimiento-abordado-desde-un-enfoque-interdisciplinario-225x300.jpg 225w, https:\/\/addinformatica.com\/wp-content\/uploads\/2023\/11\/el-envejecimiento-abordado-desde-un-enfoque-interdisciplinario-768x1024.jpg 768w\" sizes=\"auto, (max-width: 1000px) 100vw, 1000px\" \/>\t\t\t\t\t\t\t<\/a>\n  \t\t\t\t\t\t\t  \t\t\t\t\t\t\t  \t\t\t\t\t\t<\/div>\n  \t\t\t\t\t\t  \t\t\t\t\t<\/div>\n          \t\t\t\t\t<div class=\"box-text text-left is-small\" style=\"padding:0px 0px 0px 0px;\">\n\t\t\t\t\t<div class=\"box-text-inner blog-post-inner\">\n\n\t\t\t\t\t\n\t\t\t\t\t\t\t\t\t\t<h5 class=\"post-title is-large \">\n\t\t\t\t\t\t<a href=\"https:\/\/addinformatica.com\/ca\/noticies\/resiplus-present-al-iii-congres-envelliment-i-dependencia-realitzat-a-malaga\/\" class=\"plain\">ResiPlus present  al III Congr\u00e9s Envelliment i Depend\u00e8ncia realitzat a M\u00e0laga<\/a>\n\t\t\t\t\t<\/h5>\n\t\t\t\t\t\t\t\t\t\t<div class=\"is-divider\"><\/div>\n\t\t\t\t\t\t\t\t\t\t<p class=\"from_the_blog_excerpt \">\n\t\t\t\t\t\tADD Inform\u00e0tica ha estat present al III Congr\u00e9s [...]\t\t\t\t\t<\/p>\n\t\t\t\t\t                    \n\t\t\t\t\t\n\t\t\t\t\t\n\t\t\t\t\t<\/div>\n\t\t\t\t\t<\/div>\n\t\t\t\t\t\t\t\t\t<\/div>\n\t\t\t<\/div>\n\t\t<\/div><div class=\"col post-item\" >\n\t\t\t<div class=\"col-inner\">\n\t\t\t\t<div class=\"box box-normal box-text-bottom box-blog-post has-hover\">\n            \t\t\t\t\t<div class=\"box-image\" >\n  \t\t\t\t\t\t<div class=\"image-cover\" style=\"padding-top:100%;\">\n\t\t\t\t\t\t\t<a href=\"https:\/\/addinformatica.com\/ca\/noticies\/dia-internacional-de-las-persones-amb-discapacitat-per-una-societat-mes-inclusiva\/\" class=\"plain\" aria-label=\"Dia Internacional de las Persones amb Discapacitat: per una societat m\u00e9s inclusiva\">\n\t\t\t\t\t\t\t\t<img loading=\"lazy\" decoding=\"async\" width=\"1100\" height=\"733\" src=\"https:\/\/addinformatica.com\/wp-content\/uploads\/2023\/12\/que-podemos-hacer-para-celebrar-el-dia-de-las-personas-con-discapacidad.jpg\" class=\"attachment-original size-original wp-post-image\" alt=\"\" srcset=\"https:\/\/addinformatica.com\/wp-content\/uploads\/2023\/12\/que-podemos-hacer-para-celebrar-el-dia-de-las-personas-con-discapacidad.jpg 1100w, https:\/\/addinformatica.com\/wp-content\/uploads\/2023\/12\/que-podemos-hacer-para-celebrar-el-dia-de-las-personas-con-discapacidad-300x200.jpg 300w, https:\/\/addinformatica.com\/wp-content\/uploads\/2023\/12\/que-podemos-hacer-para-celebrar-el-dia-de-las-personas-con-discapacidad-1024x682.jpg 1024w, https:\/\/addinformatica.com\/wp-content\/uploads\/2023\/12\/que-podemos-hacer-para-celebrar-el-dia-de-las-personas-con-discapacidad-768x512.jpg 768w\" sizes=\"auto, (max-width: 1100px) 100vw, 1100px\" \/>\t\t\t\t\t\t\t<\/a>\n  \t\t\t\t\t\t\t  \t\t\t\t\t\t\t  \t\t\t\t\t\t<\/div>\n  \t\t\t\t\t\t  \t\t\t\t\t<\/div>\n          \t\t\t\t\t<div class=\"box-text text-left is-small\" style=\"padding:0px 0px 0px 0px;\">\n\t\t\t\t\t<div class=\"box-text-inner blog-post-inner\">\n\n\t\t\t\t\t\n\t\t\t\t\t\t\t\t\t\t<h5 class=\"post-title is-large \">\n\t\t\t\t\t\t<a href=\"https:\/\/addinformatica.com\/ca\/noticies\/dia-internacional-de-las-persones-amb-discapacitat-per-una-societat-mes-inclusiva\/\" class=\"plain\">Dia Internacional de las Persones amb Discapacitat: per una societat m\u00e9s inclusiva<\/a>\n\t\t\t\t\t<\/h5>\n\t\t\t\t\t\t\t\t\t\t<div class=\"is-divider\"><\/div>\n\t\t\t\t\t\t\t\t\t\t<p class=\"from_the_blog_excerpt \">\n\t\t\t\t\t\tEl Dia Internacional de les Persones amb Discapacitat [...]\t\t\t\t\t<\/p>\n\t\t\t\t\t                    \n\t\t\t\t\t\n\t\t\t\t\t\n\t\t\t\t\t<\/div>\n\t\t\t\t\t<\/div>\n\t\t\t\t\t\t\t\t\t<\/div>\n\t\t\t<\/div>\n\t\t<\/div><div class=\"col post-item\" >\n\t\t\t<div class=\"col-inner\">\n\t\t\t\t<div class=\"box box-normal box-text-bottom box-blog-post has-hover\">\n            \t\t\t\t\t<div class=\"box-image\" >\n  \t\t\t\t\t\t<div class=\"image-cover\" style=\"padding-top:100%;\">\n\t\t\t\t\t\t\t<a href=\"https:\/\/addinformatica.com\/ca\/noticies\/20-de-novembre-dia-mundial-de-la-infancia\/\" class=\"plain\" aria-label=\"20 de novembre: Dia Mundial de la Inf\u00e0ncia\">\n\t\t\t\t\t\t\t\t<img loading=\"lazy\" decoding=\"async\" width=\"1000\" height=\"652\" src=\"https:\/\/addinformatica.com\/wp-content\/uploads\/2023\/11\/Ninos-de-diferentes-culturas-unidos-alrededor-del-mundo-celebrando-el-dia-mundial-de-la-infancia.jpg\" class=\"attachment-original size-original wp-post-image\" alt=\"\" srcset=\"https:\/\/addinformatica.com\/wp-content\/uploads\/2023\/11\/Ninos-de-diferentes-culturas-unidos-alrededor-del-mundo-celebrando-el-dia-mundial-de-la-infancia.jpg 1000w, https:\/\/addinformatica.com\/wp-content\/uploads\/2023\/11\/Ninos-de-diferentes-culturas-unidos-alrededor-del-mundo-celebrando-el-dia-mundial-de-la-infancia-300x196.jpg 300w, https:\/\/addinformatica.com\/wp-content\/uploads\/2023\/11\/Ninos-de-diferentes-culturas-unidos-alrededor-del-mundo-celebrando-el-dia-mundial-de-la-infancia-768x501.jpg 768w\" sizes=\"auto, (max-width: 1000px) 100vw, 1000px\" \/>\t\t\t\t\t\t\t<\/a>\n  \t\t\t\t\t\t\t  \t\t\t\t\t\t\t  \t\t\t\t\t\t<\/div>\n  \t\t\t\t\t\t  \t\t\t\t\t<\/div>\n          \t\t\t\t\t<div class=\"box-text text-left is-small\" style=\"padding:0px 0px 0px 0px;\">\n\t\t\t\t\t<div class=\"box-text-inner blog-post-inner\">\n\n\t\t\t\t\t\n\t\t\t\t\t\t\t\t\t\t<h5 class=\"post-title is-large \">\n\t\t\t\t\t\t<a href=\"https:\/\/addinformatica.com\/ca\/noticies\/20-de-novembre-dia-mundial-de-la-infancia\/\" class=\"plain\">20 de novembre: Dia Mundial de la Inf\u00e0ncia<\/a>\n\t\t\t\t\t<\/h5>\n\t\t\t\t\t\t\t\t\t\t<div class=\"is-divider\"><\/div>\n\t\t\t\t\t\t\t\t\t\t<p class=\"from_the_blog_excerpt \">\n\t\t\t\t\t\tEl Dia Mundial de la Inf\u00e0ncia , se [...]\t\t\t\t\t<\/p>\n\t\t\t\t\t                    \n\t\t\t\t\t\n\t\t\t\t\t\n\t\t\t\t\t<\/div>\n\t\t\t\t\t<\/div>\n\t\t\t\t\t\t\t\t\t<\/div>\n\t\t\t<\/div>\n\t\t<\/div><div class=\"col post-item\" >\n\t\t\t<div class=\"col-inner\">\n\t\t\t\t<div class=\"box box-normal box-text-bottom box-blog-post has-hover\">\n            \t\t\t\t\t<div class=\"box-image\" >\n  \t\t\t\t\t\t<div class=\"image-cover\" style=\"padding-top:100%;\">\n\t\t\t\t\t\t\t<a href=\"https:\/\/addinformatica.com\/ca\/noticies\/11e-concurs-de-manualitats-nadalenques-navcia-2023-2024\/\" class=\"plain\" aria-label=\"11\u00e9 Concurs de Manualitats Nadalenques NAV&#038;CIA 2023-2024\">\n\t\t\t\t\t\t\t\t<img loading=\"lazy\" decoding=\"async\" width=\"850\" height=\"577\" src=\"https:\/\/addinformatica.com\/wp-content\/uploads\/2023\/11\/Navcia-2022-popups-CA.jpg\" class=\"attachment-original size-original wp-post-image\" alt=\"\" srcset=\"https:\/\/addinformatica.com\/wp-content\/uploads\/2023\/11\/Navcia-2022-popups-CA.jpg 850w, https:\/\/addinformatica.com\/wp-content\/uploads\/2023\/11\/Navcia-2022-popups-CA-300x204.jpg 300w, https:\/\/addinformatica.com\/wp-content\/uploads\/2023\/11\/Navcia-2022-popups-CA-768x521.jpg 768w\" sizes=\"auto, (max-width: 850px) 100vw, 850px\" \/>\t\t\t\t\t\t\t<\/a>\n  \t\t\t\t\t\t\t  \t\t\t\t\t\t\t  \t\t\t\t\t\t<\/div>\n  \t\t\t\t\t\t  \t\t\t\t\t<\/div>\n          \t\t\t\t\t<div class=\"box-text text-left is-small\" style=\"padding:0px 0px 0px 0px;\">\n\t\t\t\t\t<div class=\"box-text-inner blog-post-inner\">\n\n\t\t\t\t\t\n\t\t\t\t\t\t\t\t\t\t<h5 class=\"post-title is-large \">\n\t\t\t\t\t\t<a href=\"https:\/\/addinformatica.com\/ca\/noticies\/11e-concurs-de-manualitats-nadalenques-navcia-2023-2024\/\" class=\"plain\">11\u00e9 Concurs de Manualitats Nadalenques NAV&#038;CIA 2023-2024<\/a>\n\t\t\t\t\t<\/h5>\n\t\t\t\t\t\t\t\t\t\t<div class=\"is-divider\"><\/div>\n\t\t\t\t\t\t\t\t\t\t<p class=\"from_the_blog_excerpt \">\n\t\t\t\t\t\t\t\t\t\t\t<\/p>\n\t\t\t\t\t                    \n\t\t\t\t\t\n\t\t\t\t\t\n\t\t\t\t\t<\/div>\n\t\t\t\t\t<\/div>\n\t\t\t\t\t\t\t\t\t<\/div>\n\t\t\t<\/div>\n\t\t<\/div><div class=\"col post-item\" >\n\t\t\t<div class=\"col-inner\">\n\t\t\t\t<div class=\"box box-normal box-text-bottom box-blog-post has-hover\">\n            \t\t\t\t\t<div class=\"box-image\" >\n  \t\t\t\t\t\t<div class=\"image-cover\" style=\"padding-top:100%;\">\n\t\t\t\t\t\t\t<a href=\"https:\/\/addinformatica.com\/ca\/noticies\/10-de-octubre-dia-mundial-de-la-salud-mental\/\" class=\"plain\" aria-label=\"10 d&#8217;octubre: Dia Mundial de la Salut Mental\">\n\t\t\t\t\t\t\t\t<img loading=\"lazy\" decoding=\"async\" width=\"600\" height=\"315\" src=\"https:\/\/addinformatica.com\/wp-content\/uploads\/2023\/10\/WhatsApp-Image-2023-10-06-at-14.07.05-2.jpeg\" class=\"attachment-original size-original wp-post-image\" alt=\"\" srcset=\"https:\/\/addinformatica.com\/wp-content\/uploads\/2023\/10\/WhatsApp-Image-2023-10-06-at-14.07.05-2.jpeg 600w, https:\/\/addinformatica.com\/wp-content\/uploads\/2023\/10\/WhatsApp-Image-2023-10-06-at-14.07.05-2-300x158.jpeg 300w\" sizes=\"auto, (max-width: 600px) 100vw, 600px\" \/>\t\t\t\t\t\t\t<\/a>\n  \t\t\t\t\t\t\t  \t\t\t\t\t\t\t  \t\t\t\t\t\t<\/div>\n  \t\t\t\t\t\t  \t\t\t\t\t<\/div>\n          \t\t\t\t\t<div class=\"box-text text-left is-small\" style=\"padding:0px 0px 0px 0px;\">\n\t\t\t\t\t<div class=\"box-text-inner blog-post-inner\">\n\n\t\t\t\t\t\n\t\t\t\t\t\t\t\t\t\t<h5 class=\"post-title is-large \">\n\t\t\t\t\t\t<a href=\"https:\/\/addinformatica.com\/ca\/noticies\/10-de-octubre-dia-mundial-de-la-salud-mental\/\" class=\"plain\">10 d&#8217;octubre: Dia Mundial de la Salut Mental<\/a>\n\t\t\t\t\t<\/h5>\n\t\t\t\t\t\t\t\t\t\t<div class=\"is-divider\"><\/div>\n\t\t\t\t\t\t\t\t\t\t<p class=\"from_the_blog_excerpt \">\n\t\t\t\t\t\tEl Dia Mundial de la Salut Mental se [...]\t\t\t\t\t<\/p>\n\t\t\t\t\t                    \n\t\t\t\t\t\n\t\t\t\t\t\n\t\t\t\t\t<\/div>\n\t\t\t\t\t<\/div>\n\t\t\t\t\t\t\t\t\t<\/div>\n\t\t\t<\/div>\n\t\t<\/div><div class=\"col post-item\" >\n\t\t\t<div class=\"col-inner\">\n\t\t\t\t<div class=\"box box-normal box-text-bottom box-blog-post has-hover\">\n            \t\t\t\t\t<div class=\"box-image\" >\n  \t\t\t\t\t\t<div class=\"image-cover\" style=\"padding-top:100%;\">\n\t\t\t\t\t\t\t<a href=\"https:\/\/addinformatica.com\/ca\/noticies\/dia-internacional-de-les-persones-sordes\/\" class=\"plain\" aria-label=\"Dia Internacional de les Persones Sordes\">\n\t\t\t\t\t\t\t\t<img loading=\"lazy\" decoding=\"async\" width=\"772\" height=\"565\" src=\"https:\/\/addinformatica.com\/wp-content\/uploads\/2023\/09\/Las-personas-sordas-tienen-la-imposibilidad-de-usar-el-sentido-del-oido.jpg\" class=\"attachment-original size-original wp-post-image\" alt=\"\" srcset=\"https:\/\/addinformatica.com\/wp-content\/uploads\/2023\/09\/Las-personas-sordas-tienen-la-imposibilidad-de-usar-el-sentido-del-oido.jpg 772w, https:\/\/addinformatica.com\/wp-content\/uploads\/2023\/09\/Las-personas-sordas-tienen-la-imposibilidad-de-usar-el-sentido-del-oido-300x220.jpg 300w, https:\/\/addinformatica.com\/wp-content\/uploads\/2023\/09\/Las-personas-sordas-tienen-la-imposibilidad-de-usar-el-sentido-del-oido-768x562.jpg 768w\" sizes=\"auto, (max-width: 772px) 100vw, 772px\" \/>\t\t\t\t\t\t\t<\/a>\n  \t\t\t\t\t\t\t  \t\t\t\t\t\t\t  \t\t\t\t\t\t<\/div>\n  \t\t\t\t\t\t  \t\t\t\t\t<\/div>\n          \t\t\t\t\t<div class=\"box-text text-left is-small\" style=\"padding:0px 0px 0px 0px;\">\n\t\t\t\t\t<div class=\"box-text-inner blog-post-inner\">\n\n\t\t\t\t\t\n\t\t\t\t\t\t\t\t\t\t<h5 class=\"post-title is-large \">\n\t\t\t\t\t\t<a href=\"https:\/\/addinformatica.com\/ca\/noticies\/dia-internacional-de-les-persones-sordes\/\" class=\"plain\">Dia Internacional de les Persones Sordes<\/a>\n\t\t\t\t\t<\/h5>\n\t\t\t\t\t\t\t\t\t\t<div class=\"is-divider\"><\/div>\n\t\t\t\t\t\t\t\t\t\t<p class=\"from_the_blog_excerpt \">\n\t\t\t\t\t\tAmb el Dia Internacional de les Persones Sordes [...]\t\t\t\t\t<\/p>\n\t\t\t\t\t                    \n\t\t\t\t\t\n\t\t\t\t\t\n\t\t\t\t\t<\/div>\n\t\t\t\t\t<\/div>\n\t\t\t\t\t\t\t\t\t<\/div>\n\t\t\t<\/div>\n\t\t<\/div><div class=\"col post-item\" >\n\t\t\t<div class=\"col-inner\">\n\t\t\t\t<div class=\"box box-normal box-text-bottom box-blog-post has-hover\">\n            \t\t\t\t\t<div class=\"box-image\" >\n  \t\t\t\t\t\t<div class=\"image-cover\" style=\"padding-top:100%;\">\n\t\t\t\t\t\t\t<a href=\"https:\/\/addinformatica.com\/ca\/noticies\/lestiu-convida-a-sortir-a-lexterior\/\" class=\"plain\" aria-label=\"L&#8217;estiu convida a sortir a l&#8217;exterior\">\n\t\t\t\t\t\t\t\t<img loading=\"lazy\" decoding=\"async\" width=\"726\" height=\"552\" src=\"https:\/\/addinformatica.com\/wp-content\/uploads\/2023\/09\/El-verano-es-una-epoca-ideal-para-realizar-actividades-al-aire-libre.jpg\" class=\"attachment-original size-original wp-post-image\" alt=\"\" srcset=\"https:\/\/addinformatica.com\/wp-content\/uploads\/2023\/09\/El-verano-es-una-epoca-ideal-para-realizar-actividades-al-aire-libre.jpg 726w, https:\/\/addinformatica.com\/wp-content\/uploads\/2023\/09\/El-verano-es-una-epoca-ideal-para-realizar-actividades-al-aire-libre-300x228.jpg 300w\" sizes=\"auto, (max-width: 726px) 100vw, 726px\" \/>\t\t\t\t\t\t\t<\/a>\n  \t\t\t\t\t\t\t  \t\t\t\t\t\t\t  \t\t\t\t\t\t<\/div>\n  \t\t\t\t\t\t  \t\t\t\t\t<\/div>\n          \t\t\t\t\t<div class=\"box-text text-left is-small\" style=\"padding:0px 0px 0px 0px;\">\n\t\t\t\t\t<div class=\"box-text-inner blog-post-inner\">\n\n\t\t\t\t\t\n\t\t\t\t\t\t\t\t\t\t<h5 class=\"post-title is-large \">\n\t\t\t\t\t\t<a href=\"https:\/\/addinformatica.com\/ca\/noticies\/lestiu-convida-a-sortir-a-lexterior\/\" class=\"plain\">L&#8217;estiu convida a sortir a l&#8217;exterior<\/a>\n\t\t\t\t\t<\/h5>\n\t\t\t\t\t\t\t\t\t\t<div class=\"is-divider\"><\/div>\n\t\t\t\t\t\t\t\t\t\t<p class=\"from_the_blog_excerpt \">\n\t\t\t\t\t\tSens dubte, l&#8217;\u00e8poca estiuenca \u00e9s quan la natura [...]\t\t\t\t\t<\/p>\n\t\t\t\t\t                    \n\t\t\t\t\t\n\t\t\t\t\t\n\t\t\t\t\t<\/div>\n\t\t\t\t\t<\/div>\n\t\t\t\t\t\t\t\t\t<\/div>\n\t\t\t<\/div>\n\t\t<\/div><div class=\"col post-item\" >\n\t\t\t<div class=\"col-inner\">\n\t\t\t\t<div class=\"box box-normal box-text-bottom box-blog-post has-hover\">\n            \t\t\t\t\t<div class=\"box-image\" >\n  \t\t\t\t\t\t<div class=\"image-cover\" style=\"padding-top:100%;\">\n\t\t\t\t\t\t\t<a href=\"https:\/\/addinformatica.com\/ca\/noticies\/setmana-internacional-de-laigua\/\" class=\"plain\" aria-label=\"Setmana Internacional de l&#8217;Aigua\">\n\t\t\t\t\t\t\t\t<img loading=\"lazy\" decoding=\"async\" width=\"1280\" height=\"840\" src=\"https:\/\/addinformatica.com\/wp-content\/uploads\/2023\/09\/Es-un-derecho-fundamental-para-el-ser-humano-el-acceso-a-agua-potable-limpia-y-segura.jpg\" class=\"attachment-original size-original wp-post-image\" alt=\"\" srcset=\"https:\/\/addinformatica.com\/wp-content\/uploads\/2023\/09\/Es-un-derecho-fundamental-para-el-ser-humano-el-acceso-a-agua-potable-limpia-y-segura.jpg 1280w, https:\/\/addinformatica.com\/wp-content\/uploads\/2023\/09\/Es-un-derecho-fundamental-para-el-ser-humano-el-acceso-a-agua-potable-limpia-y-segura-300x197.jpg 300w, https:\/\/addinformatica.com\/wp-content\/uploads\/2023\/09\/Es-un-derecho-fundamental-para-el-ser-humano-el-acceso-a-agua-potable-limpia-y-segura-1024x672.jpg 1024w, https:\/\/addinformatica.com\/wp-content\/uploads\/2023\/09\/Es-un-derecho-fundamental-para-el-ser-humano-el-acceso-a-agua-potable-limpia-y-segura-768x504.jpg 768w\" sizes=\"auto, (max-width: 1280px) 100vw, 1280px\" \/>\t\t\t\t\t\t\t<\/a>\n  \t\t\t\t\t\t\t  \t\t\t\t\t\t\t  \t\t\t\t\t\t<\/div>\n  \t\t\t\t\t\t  \t\t\t\t\t<\/div>\n          \t\t\t\t\t<div class=\"box-text text-left is-small\" style=\"padding:0px 0px 0px 0px;\">\n\t\t\t\t\t<div class=\"box-text-inner blog-post-inner\">\n\n\t\t\t\t\t\n\t\t\t\t\t\t\t\t\t\t<h5 class=\"post-title is-large \">\n\t\t\t\t\t\t<a href=\"https:\/\/addinformatica.com\/ca\/noticies\/setmana-internacional-de-laigua\/\" class=\"plain\">Setmana Internacional de l&#8217;Aigua<\/a>\n\t\t\t\t\t<\/h5>\n\t\t\t\t\t\t\t\t\t\t<div class=\"is-divider\"><\/div>\n\t\t\t\t\t\t\t\t\t\t<p class=\"from_the_blog_excerpt \">\n\t\t\t\t\t\tLa Setmana Internacional de l&#8217;Aigua 2023 es dur\u00e0 [...]\t\t\t\t\t<\/p>\n\t\t\t\t\t                    \n\t\t\t\t\t\n\t\t\t\t\t\n\t\t\t\t\t<\/div>\n\t\t\t\t\t<\/div>\n\t\t\t\t\t\t\t\t\t<\/div>\n\t\t\t<\/div>\n\t\t<\/div><div class=\"col post-item\" >\n\t\t\t<div class=\"col-inner\">\n\t\t\t\t<div class=\"box box-normal box-text-bottom box-blog-post has-hover\">\n            \t\t\t\t\t<div class=\"box-image\" >\n  \t\t\t\t\t\t<div class=\"image-cover\" style=\"padding-top:100%;\">\n\t\t\t\t\t\t\t<a href=\"https:\/\/addinformatica.com\/ca\/noticies\/de-quina-manera-es-garanteix-que-els-nens-desenvolupin-les-seves-capacitats-als-centres-ii-part\/\" class=\"plain\" aria-label=\"De quina manera es garanteix que els nens desenvolupin les seves capacitats als centres? II Part\">\n\t\t\t\t\t\t\t\t<img loading=\"lazy\" decoding=\"async\" width=\"1280\" height=\"853\" src=\"https:\/\/addinformatica.com\/wp-content\/uploads\/2023\/09\/Los-profesionales-tienen-un-perfil-especializado-para-desarrollar-las-capacidades-de-los-ninos.jpg\" class=\"attachment-original size-original wp-post-image\" alt=\"\" srcset=\"https:\/\/addinformatica.com\/wp-content\/uploads\/2023\/09\/Los-profesionales-tienen-un-perfil-especializado-para-desarrollar-las-capacidades-de-los-ninos.jpg 1280w, https:\/\/addinformatica.com\/wp-content\/uploads\/2023\/09\/Los-profesionales-tienen-un-perfil-especializado-para-desarrollar-las-capacidades-de-los-ninos-300x200.jpg 300w, https:\/\/addinformatica.com\/wp-content\/uploads\/2023\/09\/Los-profesionales-tienen-un-perfil-especializado-para-desarrollar-las-capacidades-de-los-ninos-1024x682.jpg 1024w, https:\/\/addinformatica.com\/wp-content\/uploads\/2023\/09\/Los-profesionales-tienen-un-perfil-especializado-para-desarrollar-las-capacidades-de-los-ninos-768x512.jpg 768w\" sizes=\"auto, (max-width: 1280px) 100vw, 1280px\" \/>\t\t\t\t\t\t\t<\/a>\n  \t\t\t\t\t\t\t  \t\t\t\t\t\t\t  \t\t\t\t\t\t<\/div>\n  \t\t\t\t\t\t  \t\t\t\t\t<\/div>\n          \t\t\t\t\t<div class=\"box-text text-left is-small\" style=\"padding:0px 0px 0px 0px;\">\n\t\t\t\t\t<div class=\"box-text-inner blog-post-inner\">\n\n\t\t\t\t\t\n\t\t\t\t\t\t\t\t\t\t<h5 class=\"post-title is-large \">\n\t\t\t\t\t\t<a href=\"https:\/\/addinformatica.com\/ca\/noticies\/de-quina-manera-es-garanteix-que-els-nens-desenvolupin-les-seves-capacitats-als-centres-ii-part\/\" class=\"plain\">De quina manera es garanteix que els nens desenvolupin les seves capacitats als centres? II Part<\/a>\n\t\t\t\t\t<\/h5>\n\t\t\t\t\t\t\t\t\t\t<div class=\"is-divider\"><\/div>\n\t\t\t\t\t\t\t\t\t\t<p class=\"from_the_blog_excerpt \">\n\t\t\t\t\t\tPer a la societat actual, el desenvolupament de [...]\t\t\t\t\t<\/p>\n\t\t\t\t\t                    \n\t\t\t\t\t\n\t\t\t\t\t\n\t\t\t\t\t<\/div>\n\t\t\t\t\t<\/div>\n\t\t\t\t\t\t\t\t\t<\/div>\n\t\t\t<\/div>\n\t\t<\/div><div class=\"col post-item\" >\n\t\t\t<div class=\"col-inner\">\n\t\t\t\t<div class=\"box box-normal box-text-bottom box-blog-post has-hover\">\n            \t\t\t\t\t<div class=\"box-image\" >\n  \t\t\t\t\t\t<div class=\"image-cover\" style=\"padding-top:100%;\">\n\t\t\t\t\t\t\t<a href=\"https:\/\/addinformatica.com\/ca\/noticies\/de-quina-manera-es-garanteix-que-els-nens-desenvolupin-les-seves-capacitats-als-centres\/\" class=\"plain\" aria-label=\"De quina manera es garanteix que els nens desenvolupin les seves capacitats als centres?\">\n\t\t\t\t\t\t\t\t<img loading=\"lazy\" decoding=\"async\" width=\"1280\" height=\"853\" src=\"https:\/\/addinformatica.com\/wp-content\/uploads\/2023\/08\/Los-ninos-y-adolescentes-necesitan-bases-solidas-para-que-aprendan-a-aprender.jpg\" class=\"attachment-original size-original wp-post-image\" alt=\"\" srcset=\"https:\/\/addinformatica.com\/wp-content\/uploads\/2023\/08\/Los-ninos-y-adolescentes-necesitan-bases-solidas-para-que-aprendan-a-aprender.jpg 1280w, https:\/\/addinformatica.com\/wp-content\/uploads\/2023\/08\/Los-ninos-y-adolescentes-necesitan-bases-solidas-para-que-aprendan-a-aprender-300x200.jpg 300w, https:\/\/addinformatica.com\/wp-content\/uploads\/2023\/08\/Los-ninos-y-adolescentes-necesitan-bases-solidas-para-que-aprendan-a-aprender-1024x682.jpg 1024w, https:\/\/addinformatica.com\/wp-content\/uploads\/2023\/08\/Los-ninos-y-adolescentes-necesitan-bases-solidas-para-que-aprendan-a-aprender-768x512.jpg 768w\" sizes=\"auto, (max-width: 1280px) 100vw, 1280px\" \/>\t\t\t\t\t\t\t<\/a>\n  \t\t\t\t\t\t\t  \t\t\t\t\t\t\t  \t\t\t\t\t\t<\/div>\n  \t\t\t\t\t\t  \t\t\t\t\t<\/div>\n          \t\t\t\t\t<div class=\"box-text text-left is-small\" style=\"padding:0px 0px 0px 0px;\">\n\t\t\t\t\t<div class=\"box-text-inner blog-post-inner\">\n\n\t\t\t\t\t\n\t\t\t\t\t\t\t\t\t\t<h5 class=\"post-title is-large \">\n\t\t\t\t\t\t<a href=\"https:\/\/addinformatica.com\/ca\/noticies\/de-quina-manera-es-garanteix-que-els-nens-desenvolupin-les-seves-capacitats-als-centres\/\" class=\"plain\">De quina manera es garanteix que els nens desenvolupin les seves capacitats als centres?<\/a>\n\t\t\t\t\t<\/h5>\n\t\t\t\t\t\t\t\t\t\t<div class=\"is-divider\"><\/div>\n\t\t\t\t\t\t\t\t\t\t<p class=\"from_the_blog_excerpt \">\n\t\t\t\t\t\tTots els nens neixen amb el dret a [...]\t\t\t\t\t<\/p>\n\t\t\t\t\t                    \n\t\t\t\t\t\n\t\t\t\t\t\n\t\t\t\t\t<\/div>\n\t\t\t\t\t<\/div>\n\t\t\t\t\t\t\t\t\t<\/div>\n\t\t\t<\/div>\n\t\t<\/div><div class=\"col post-item\" >\n\t\t\t<div class=\"col-inner\">\n\t\t\t\t<div class=\"box box-normal box-text-bottom box-blog-post has-hover\">\n            \t\t\t\t\t<div class=\"box-image\" >\n  \t\t\t\t\t\t<div class=\"image-cover\" style=\"padding-top:100%;\">\n\t\t\t\t\t\t\t<a href=\"https:\/\/addinformatica.com\/ca\/noticies\/dia-internacional-del-trastorn-per-deficit-datencio-i-hiperactivitat\/\" class=\"plain\" aria-label=\"Dia Internacional del Trastorn per D\u00e8ficit d&#8217;Atenci\u00f3 i Hiperactivitat\">\n\t\t\t\t\t\t\t\t<img loading=\"lazy\" decoding=\"async\" width=\"1050\" height=\"710\" src=\"https:\/\/addinformatica.com\/wp-content\/uploads\/2023\/08\/Una-persona-con-TDAH-enfrenta-diversos-desafios-en-su-vida-diaria.jpg\" class=\"attachment-original size-original wp-post-image\" alt=\"\" srcset=\"https:\/\/addinformatica.com\/wp-content\/uploads\/2023\/08\/Una-persona-con-TDAH-enfrenta-diversos-desafios-en-su-vida-diaria.jpg 1050w, https:\/\/addinformatica.com\/wp-content\/uploads\/2023\/08\/Una-persona-con-TDAH-enfrenta-diversos-desafios-en-su-vida-diaria-300x203.jpg 300w, https:\/\/addinformatica.com\/wp-content\/uploads\/2023\/08\/Una-persona-con-TDAH-enfrenta-diversos-desafios-en-su-vida-diaria-1024x692.jpg 1024w, https:\/\/addinformatica.com\/wp-content\/uploads\/2023\/08\/Una-persona-con-TDAH-enfrenta-diversos-desafios-en-su-vida-diaria-768x519.jpg 768w\" sizes=\"auto, (max-width: 1050px) 100vw, 1050px\" \/>\t\t\t\t\t\t\t<\/a>\n  \t\t\t\t\t\t\t  \t\t\t\t\t\t\t  \t\t\t\t\t\t<\/div>\n  \t\t\t\t\t\t  \t\t\t\t\t<\/div>\n          \t\t\t\t\t<div class=\"box-text text-left is-small\" style=\"padding:0px 0px 0px 0px;\">\n\t\t\t\t\t<div class=\"box-text-inner blog-post-inner\">\n\n\t\t\t\t\t\n\t\t\t\t\t\t\t\t\t\t<h5 class=\"post-title is-large \">\n\t\t\t\t\t\t<a href=\"https:\/\/addinformatica.com\/ca\/noticies\/dia-internacional-del-trastorn-per-deficit-datencio-i-hiperactivitat\/\" class=\"plain\">Dia Internacional del Trastorn per D\u00e8ficit d&#8217;Atenci\u00f3 i Hiperactivitat<\/a>\n\t\t\t\t\t<\/h5>\n\t\t\t\t\t\t\t\t\t\t<div class=\"is-divider\"><\/div>\n\t\t\t\t\t\t\t\t\t\t<p class=\"from_the_blog_excerpt \">\n\t\t\t\t\t\tEl trastorn per d\u00e8ficit d&#8217;atenci\u00f3 i hiperactivitat (TDAH) [...]\t\t\t\t\t<\/p>\n\t\t\t\t\t                    \n\t\t\t\t\t\n\t\t\t\t\t\n\t\t\t\t\t<\/div>\n\t\t\t\t\t<\/div>\n\t\t\t\t\t\t\t\t\t<\/div>\n\t\t\t<\/div>\n\t\t<\/div><div class=\"col post-item\" >\n\t\t\t<div class=\"col-inner\">\n\t\t\t\t<div class=\"box box-normal box-text-bottom box-blog-post has-hover\">\n            \t\t\t\t\t<div class=\"box-image\" >\n  \t\t\t\t\t\t<div class=\"image-cover\" style=\"padding-top:100%;\">\n\t\t\t\t\t\t\t<a href=\"https:\/\/addinformatica.com\/ca\/noticies\/el-21-de-juny-celebrem-el-dia-del-ioga-i-de-la-musica\/\" class=\"plain\" aria-label=\"El 21 de juny celebrem el Dia del ioga i de la m\u00fasica\">\n\t\t\t\t\t\t\t\t<img loading=\"lazy\" decoding=\"async\" width=\"1008\" height=\"648\" src=\"https:\/\/addinformatica.com\/wp-content\/uploads\/2023\/06\/El-yoga-y-la-musica-contribuyen-al-bienestar-fisico-y-mental.jpg\" class=\"attachment-original size-original wp-post-image\" alt=\"\" srcset=\"https:\/\/addinformatica.com\/wp-content\/uploads\/2023\/06\/El-yoga-y-la-musica-contribuyen-al-bienestar-fisico-y-mental.jpg 1008w, https:\/\/addinformatica.com\/wp-content\/uploads\/2023\/06\/El-yoga-y-la-musica-contribuyen-al-bienestar-fisico-y-mental-300x193.jpg 300w, https:\/\/addinformatica.com\/wp-content\/uploads\/2023\/06\/El-yoga-y-la-musica-contribuyen-al-bienestar-fisico-y-mental-768x494.jpg 768w\" sizes=\"auto, (max-width: 1008px) 100vw, 1008px\" \/>\t\t\t\t\t\t\t<\/a>\n  \t\t\t\t\t\t\t  \t\t\t\t\t\t\t  \t\t\t\t\t\t<\/div>\n  \t\t\t\t\t\t  \t\t\t\t\t<\/div>\n          \t\t\t\t\t<div class=\"box-text text-left is-small\" style=\"padding:0px 0px 0px 0px;\">\n\t\t\t\t\t<div class=\"box-text-inner blog-post-inner\">\n\n\t\t\t\t\t\n\t\t\t\t\t\t\t\t\t\t<h5 class=\"post-title is-large \">\n\t\t\t\t\t\t<a href=\"https:\/\/addinformatica.com\/ca\/noticies\/el-21-de-juny-celebrem-el-dia-del-ioga-i-de-la-musica\/\" class=\"plain\">El 21 de juny celebrem el Dia del ioga i de la m\u00fasica<\/a>\n\t\t\t\t\t<\/h5>\n\t\t\t\t\t\t\t\t\t\t<div class=\"is-divider\"><\/div>\n\t\t\t\t\t\t\t\t\t\t<p class=\"from_the_blog_excerpt \">\n\t\t\t\t\t\tEl Dia Internacional del Ioga i el Dia [...]\t\t\t\t\t<\/p>\n\t\t\t\t\t                    \n\t\t\t\t\t\n\t\t\t\t\t\n\t\t\t\t\t<\/div>\n\t\t\t\t\t<\/div>\n\t\t\t\t\t\t\t\t\t<\/div>\n\t\t\t<\/div>\n\t\t<\/div><div class=\"col post-item\" >\n\t\t\t<div class=\"col-inner\">\n\t\t\t\t<div class=\"box box-normal box-text-bottom box-blog-post has-hover\">\n            \t\t\t\t\t<div class=\"box-image\" >\n  \t\t\t\t\t\t<div class=\"image-cover\" style=\"padding-top:100%;\">\n\t\t\t\t\t\t\t<a href=\"https:\/\/addinformatica.com\/ca\/noticies\/dia-mundial-del-donant-de-sang\/\" class=\"plain\" aria-label=\"Dia Mundial del Donant de Sang\">\n\t\t\t\t\t\t\t\t<img loading=\"lazy\" decoding=\"async\" width=\"1022\" height=\"599\" src=\"https:\/\/addinformatica.com\/wp-content\/uploads\/2023\/06\/La-donacion-de-sangre-es-un-acto-de-generosidad-y-solidaridad.jpg\" class=\"attachment-original size-original wp-post-image\" alt=\"\" srcset=\"https:\/\/addinformatica.com\/wp-content\/uploads\/2023\/06\/La-donacion-de-sangre-es-un-acto-de-generosidad-y-solidaridad.jpg 1022w, https:\/\/addinformatica.com\/wp-content\/uploads\/2023\/06\/La-donacion-de-sangre-es-un-acto-de-generosidad-y-solidaridad-300x176.jpg 300w, https:\/\/addinformatica.com\/wp-content\/uploads\/2023\/06\/La-donacion-de-sangre-es-un-acto-de-generosidad-y-solidaridad-768x450.jpg 768w\" sizes=\"auto, (max-width: 1022px) 100vw, 1022px\" \/>\t\t\t\t\t\t\t<\/a>\n  \t\t\t\t\t\t\t  \t\t\t\t\t\t\t  \t\t\t\t\t\t<\/div>\n  \t\t\t\t\t\t  \t\t\t\t\t<\/div>\n          \t\t\t\t\t<div class=\"box-text text-left is-small\" style=\"padding:0px 0px 0px 0px;\">\n\t\t\t\t\t<div class=\"box-text-inner blog-post-inner\">\n\n\t\t\t\t\t\n\t\t\t\t\t\t\t\t\t\t<h5 class=\"post-title is-large \">\n\t\t\t\t\t\t<a href=\"https:\/\/addinformatica.com\/ca\/noticies\/dia-mundial-del-donant-de-sang\/\" class=\"plain\">Dia Mundial del Donant de Sang<\/a>\n\t\t\t\t\t<\/h5>\n\t\t\t\t\t\t\t\t\t\t<div class=\"is-divider\"><\/div>\n\t\t\t\t\t\t\t\t\t\t<p class=\"from_the_blog_excerpt \">\n\t\t\t\t\t\tEl 14 de juny de cada any se [...]\t\t\t\t\t<\/p>\n\t\t\t\t\t                    \n\t\t\t\t\t\n\t\t\t\t\t\n\t\t\t\t\t<\/div>\n\t\t\t\t\t<\/div>\n\t\t\t\t\t\t\t\t\t<\/div>\n\t\t\t<\/div>\n\t\t<\/div><div class=\"col post-item\" >\n\t\t\t<div class=\"col-inner\">\n\t\t\t\t<div class=\"box box-normal box-text-bottom box-blog-post has-hover\">\n            \t\t\t\t\t<div class=\"box-image\" >\n  \t\t\t\t\t\t<div class=\"image-cover\" style=\"padding-top:100%;\">\n\t\t\t\t\t\t\t<a href=\"https:\/\/addinformatica.com\/ca\/noticies\/resiplus-un-suport-per-treballar-en-projectes-de-vida\/\" class=\"plain\" aria-label=\"ResiPlus, un suport per treballar en projectes de vida\">\n\t\t\t\t\t\t\t\t<img loading=\"lazy\" decoding=\"async\" width=\"1022\" height=\"679\" src=\"https:\/\/addinformatica.com\/wp-content\/uploads\/2023\/03\/destacada-202302.jpg\" class=\"attachment-original size-original wp-post-image\" alt=\"\" srcset=\"https:\/\/addinformatica.com\/wp-content\/uploads\/2023\/03\/destacada-202302.jpg 1022w, https:\/\/addinformatica.com\/wp-content\/uploads\/2023\/03\/destacada-202302-300x199.jpg 300w, https:\/\/addinformatica.com\/wp-content\/uploads\/2023\/03\/destacada-202302-768x510.jpg 768w\" sizes=\"auto, (max-width: 1022px) 100vw, 1022px\" \/>\t\t\t\t\t\t\t<\/a>\n  \t\t\t\t\t\t\t  \t\t\t\t\t\t\t  \t\t\t\t\t\t<\/div>\n  \t\t\t\t\t\t  \t\t\t\t\t<\/div>\n          \t\t\t\t\t<div class=\"box-text text-left is-small\" style=\"padding:0px 0px 0px 0px;\">\n\t\t\t\t\t<div class=\"box-text-inner blog-post-inner\">\n\n\t\t\t\t\t\n\t\t\t\t\t\t\t\t\t\t<h5 class=\"post-title is-large \">\n\t\t\t\t\t\t<a href=\"https:\/\/addinformatica.com\/ca\/noticies\/resiplus-un-suport-per-treballar-en-projectes-de-vida\/\" class=\"plain\">ResiPlus, un suport per treballar en projectes de vida<\/a>\n\t\t\t\t\t<\/h5>\n\t\t\t\t\t\t\t\t\t\t<div class=\"is-divider\"><\/div>\n\t\t\t\t\t\t\t\t\t\t<p class=\"from_the_blog_excerpt \">\n\t\t\t\t\t\tAdd Inform\u00e0tica \u00e9s sensible a tots els canvis [...]\t\t\t\t\t<\/p>\n\t\t\t\t\t                    \n\t\t\t\t\t\n\t\t\t\t\t\n\t\t\t\t\t<\/div>\n\t\t\t\t\t<\/div>\n\t\t\t\t\t\t\t\t\t<\/div>\n\t\t\t<\/div>\n\t\t<\/div><div class=\"col post-item\" >\n\t\t\t<div class=\"col-inner\">\n\t\t\t\t<div class=\"box box-normal box-text-bottom box-blog-post has-hover\">\n            \t\t\t\t\t<div class=\"box-image\" >\n  \t\t\t\t\t\t<div class=\"image-cover\" style=\"padding-top:100%;\">\n\t\t\t\t\t\t\t<a href=\"https:\/\/addinformatica.com\/ca\/noticies\/da-internacional-de-la-infermeria\/\" class=\"plain\" aria-label=\"Da Internacional de la Infermer\u00eda\">\n\t\t\t\t\t\t\t\t<img loading=\"lazy\" decoding=\"async\" width=\"970\" height=\"617\" src=\"https:\/\/addinformatica.com\/wp-content\/uploads\/2023\/05\/En-el-Dia-Internacional-de-la-Enfermeri\u0301a-se-brinda-un-homenaje-a-los-heroes-y-heroinas-del-mundo.png\" class=\"attachment-original size-original wp-post-image\" alt=\"\" srcset=\"https:\/\/addinformatica.com\/wp-content\/uploads\/2023\/05\/En-el-Dia-Internacional-de-la-Enfermeri\u0301a-se-brinda-un-homenaje-a-los-heroes-y-heroinas-del-mundo.png 970w, https:\/\/addinformatica.com\/wp-content\/uploads\/2023\/05\/En-el-Dia-Internacional-de-la-Enfermeri\u0301a-se-brinda-un-homenaje-a-los-heroes-y-heroinas-del-mundo-300x191.png 300w, https:\/\/addinformatica.com\/wp-content\/uploads\/2023\/05\/En-el-Dia-Internacional-de-la-Enfermeri\u0301a-se-brinda-un-homenaje-a-los-heroes-y-heroinas-del-mundo-768x489.png 768w\" sizes=\"auto, (max-width: 970px) 100vw, 970px\" \/>\t\t\t\t\t\t\t<\/a>\n  \t\t\t\t\t\t\t  \t\t\t\t\t\t\t  \t\t\t\t\t\t<\/div>\n  \t\t\t\t\t\t  \t\t\t\t\t<\/div>\n          \t\t\t\t\t<div class=\"box-text text-left is-small\" style=\"padding:0px 0px 0px 0px;\">\n\t\t\t\t\t<div class=\"box-text-inner blog-post-inner\">\n\n\t\t\t\t\t\n\t\t\t\t\t\t\t\t\t\t<h5 class=\"post-title is-large \">\n\t\t\t\t\t\t<a href=\"https:\/\/addinformatica.com\/ca\/noticies\/da-internacional-de-la-infermeria\/\" class=\"plain\">Da Internacional de la Infermer\u00eda<\/a>\n\t\t\t\t\t<\/h5>\n\t\t\t\t\t\t\t\t\t\t<div class=\"is-divider\"><\/div>\n\t\t\t\t\t\t\t\t\t\t<p class=\"from_the_blog_excerpt \">\n\t\t\t\t\t\tCom a reconeixement a tots els qui es [...]\t\t\t\t\t<\/p>\n\t\t\t\t\t                    \n\t\t\t\t\t\n\t\t\t\t\t\n\t\t\t\t\t<\/div>\n\t\t\t\t\t<\/div>\n\t\t\t\t\t\t\t\t\t<\/div>\n\t\t\t<\/div>\n\t\t<\/div><div class=\"col post-item\" >\n\t\t\t<div class=\"col-inner\">\n\t\t\t\t<div class=\"box box-normal box-text-bottom box-blog-post has-hover\">\n            \t\t\t\t\t<div class=\"box-image\" >\n  \t\t\t\t\t\t<div class=\"image-cover\" style=\"padding-top:100%;\">\n\t\t\t\t\t\t\t<a href=\"https:\/\/addinformatica.com\/ca\/noticies\/dia-mundial-de-la-contrasenya-coneix-la-seva-importancia\/\" class=\"plain\" aria-label=\"Dia Mundial de la Contrasenya: coneix la seva import\u00e0ncia\">\n\t\t\t\t\t\t\t\t<img loading=\"lazy\" decoding=\"async\" width=\"1280\" height=\"905\" src=\"https:\/\/addinformatica.com\/wp-content\/uploads\/2023\/05\/El-primer-jueves-de-mayo-se-celebra-el-Dia-Mundial-de-la-Contrasen\u0303a-creado-por-informaticos.jpg\" class=\"attachment-original size-original wp-post-image\" alt=\"\" srcset=\"https:\/\/addinformatica.com\/wp-content\/uploads\/2023\/05\/El-primer-jueves-de-mayo-se-celebra-el-Dia-Mundial-de-la-Contrasen\u0303a-creado-por-informaticos.jpg 1280w, https:\/\/addinformatica.com\/wp-content\/uploads\/2023\/05\/El-primer-jueves-de-mayo-se-celebra-el-Dia-Mundial-de-la-Contrasen\u0303a-creado-por-informaticos-300x212.jpg 300w, https:\/\/addinformatica.com\/wp-content\/uploads\/2023\/05\/El-primer-jueves-de-mayo-se-celebra-el-Dia-Mundial-de-la-Contrasen\u0303a-creado-por-informaticos-1024x724.jpg 1024w, https:\/\/addinformatica.com\/wp-content\/uploads\/2023\/05\/El-primer-jueves-de-mayo-se-celebra-el-Dia-Mundial-de-la-Contrasen\u0303a-creado-por-informaticos-768x543.jpg 768w\" sizes=\"auto, (max-width: 1280px) 100vw, 1280px\" \/>\t\t\t\t\t\t\t<\/a>\n  \t\t\t\t\t\t\t  \t\t\t\t\t\t\t  \t\t\t\t\t\t<\/div>\n  \t\t\t\t\t\t  \t\t\t\t\t<\/div>\n          \t\t\t\t\t<div class=\"box-text text-left is-small\" style=\"padding:0px 0px 0px 0px;\">\n\t\t\t\t\t<div class=\"box-text-inner blog-post-inner\">\n\n\t\t\t\t\t\n\t\t\t\t\t\t\t\t\t\t<h5 class=\"post-title is-large \">\n\t\t\t\t\t\t<a href=\"https:\/\/addinformatica.com\/ca\/noticies\/dia-mundial-de-la-contrasenya-coneix-la-seva-importancia\/\" class=\"plain\">Dia Mundial de la Contrasenya: coneix la seva import\u00e0ncia<\/a>\n\t\t\t\t\t<\/h5>\n\t\t\t\t\t\t\t\t\t\t<div class=\"is-divider\"><\/div>\n\t\t\t\t\t\t\t\t\t\t<p class=\"from_the_blog_excerpt \">\n\t\t\t\t\t\tDes de l&#8217;any 2013 se celebra el Dia [...]\t\t\t\t\t<\/p>\n\t\t\t\t\t                    \n\t\t\t\t\t\n\t\t\t\t\t\n\t\t\t\t\t<\/div>\n\t\t\t\t\t<\/div>\n\t\t\t\t\t\t\t\t\t<\/div>\n\t\t\t<\/div>\n\t\t<\/div><div class=\"col post-item\" >\n\t\t\t<div class=\"col-inner\">\n\t\t\t\t<div class=\"box box-normal box-text-bottom box-blog-post has-hover\">\n            \t\t\t\t\t<div class=\"box-image\" >\n  \t\t\t\t\t\t<div class=\"image-cover\" style=\"padding-top:100%;\">\n\t\t\t\t\t\t\t<a href=\"https:\/\/addinformatica.com\/ca\/noticies\/dia-europeu-de-la-solidaritat-i-cooperacio-entre-generacions\/\" class=\"plain\" aria-label=\"Dia europeu de la solidaritat i cooperaci\u00f3 entre generacions\">\n\t\t\t\t\t\t\t\t<img loading=\"lazy\" decoding=\"async\" width=\"811\" height=\"535\" src=\"https:\/\/addinformatica.com\/wp-content\/uploads\/2023\/04\/La-ACP-es-un-mecanismo-que-brinda-mayor-autonomia-a-los-adultos-mayores.png\" class=\"attachment-original size-original wp-post-image\" alt=\"\" srcset=\"https:\/\/addinformatica.com\/wp-content\/uploads\/2023\/04\/La-ACP-es-un-mecanismo-que-brinda-mayor-autonomia-a-los-adultos-mayores.png 811w, https:\/\/addinformatica.com\/wp-content\/uploads\/2023\/04\/La-ACP-es-un-mecanismo-que-brinda-mayor-autonomia-a-los-adultos-mayores-300x198.png 300w, https:\/\/addinformatica.com\/wp-content\/uploads\/2023\/04\/La-ACP-es-un-mecanismo-que-brinda-mayor-autonomia-a-los-adultos-mayores-768x507.png 768w\" sizes=\"auto, (max-width: 811px) 100vw, 811px\" \/>\t\t\t\t\t\t\t<\/a>\n  \t\t\t\t\t\t\t  \t\t\t\t\t\t\t  \t\t\t\t\t\t<\/div>\n  \t\t\t\t\t\t  \t\t\t\t\t<\/div>\n          \t\t\t\t\t<div class=\"box-text text-left is-small\" style=\"padding:0px 0px 0px 0px;\">\n\t\t\t\t\t<div class=\"box-text-inner blog-post-inner\">\n\n\t\t\t\t\t\n\t\t\t\t\t\t\t\t\t\t<h5 class=\"post-title is-large \">\n\t\t\t\t\t\t<a href=\"https:\/\/addinformatica.com\/ca\/noticies\/dia-europeu-de-la-solidaritat-i-cooperacio-entre-generacions\/\" class=\"plain\">Dia europeu de la solidaritat i cooperaci\u00f3 entre generacions<\/a>\n\t\t\t\t\t<\/h5>\n\t\t\t\t\t\t\t\t\t\t<div class=\"is-divider\"><\/div>\n\t\t\t\t\t\t\t\t\t\t<p class=\"from_the_blog_excerpt \">\n\t\t\t\t\t\tEl Dia europeu de la solidaritat i la [...]\t\t\t\t\t<\/p>\n\t\t\t\t\t                    \n\t\t\t\t\t\n\t\t\t\t\t\n\t\t\t\t\t<\/div>\n\t\t\t\t\t<\/div>\n\t\t\t\t\t\t\t\t\t<\/div>\n\t\t\t<\/div>\n\t\t<\/div><div class=\"col post-item\" >\n\t\t\t<div class=\"col-inner\">\n\t\t\t\t<div class=\"box box-normal box-text-bottom box-blog-post has-hover\">\n            \t\t\t\t\t<div class=\"box-image\" >\n  \t\t\t\t\t\t<div class=\"image-cover\" style=\"padding-top:100%;\">\n\t\t\t\t\t\t\t<a href=\"https:\/\/addinformatica.com\/ca\/noticies\/desenvolupament-tecnologic-al-sector-de-la-dependencia\/\" class=\"plain\" aria-label=\"Desenvolupament tecnol\u00f2gic al sector de la depend\u00e8ncia\">\n\t\t\t\t\t\t\t\t<img loading=\"lazy\" decoding=\"async\" width=\"1071\" height=\"524\" src=\"https:\/\/addinformatica.com\/wp-content\/uploads\/2023\/04\/El-sector-de-la-dependencia-ha-mejorado-la-relacion-entre-usuarios-y-profesionales-gracias-a-la-tecnologia.png\" class=\"attachment-original size-original wp-post-image\" alt=\"\" srcset=\"https:\/\/addinformatica.com\/wp-content\/uploads\/2023\/04\/El-sector-de-la-dependencia-ha-mejorado-la-relacion-entre-usuarios-y-profesionales-gracias-a-la-tecnologia.png 1071w, https:\/\/addinformatica.com\/wp-content\/uploads\/2023\/04\/El-sector-de-la-dependencia-ha-mejorado-la-relacion-entre-usuarios-y-profesionales-gracias-a-la-tecnologia-300x147.png 300w, https:\/\/addinformatica.com\/wp-content\/uploads\/2023\/04\/El-sector-de-la-dependencia-ha-mejorado-la-relacion-entre-usuarios-y-profesionales-gracias-a-la-tecnologia-1024x501.png 1024w, https:\/\/addinformatica.com\/wp-content\/uploads\/2023\/04\/El-sector-de-la-dependencia-ha-mejorado-la-relacion-entre-usuarios-y-profesionales-gracias-a-la-tecnologia-768x376.png 768w\" sizes=\"auto, (max-width: 1071px) 100vw, 1071px\" \/>\t\t\t\t\t\t\t<\/a>\n  \t\t\t\t\t\t\t  \t\t\t\t\t\t\t  \t\t\t\t\t\t<\/div>\n  \t\t\t\t\t\t  \t\t\t\t\t<\/div>\n          \t\t\t\t\t<div class=\"box-text text-left is-small\" style=\"padding:0px 0px 0px 0px;\">\n\t\t\t\t\t<div class=\"box-text-inner blog-post-inner\">\n\n\t\t\t\t\t\n\t\t\t\t\t\t\t\t\t\t<h5 class=\"post-title is-large \">\n\t\t\t\t\t\t<a href=\"https:\/\/addinformatica.com\/ca\/noticies\/desenvolupament-tecnologic-al-sector-de-la-dependencia\/\" class=\"plain\">Desenvolupament tecnol\u00f2gic al sector de la depend\u00e8ncia<\/a>\n\t\t\t\t\t<\/h5>\n\t\t\t\t\t\t\t\t\t\t<div class=\"is-divider\"><\/div>\n\t\t\t\t\t\t\t\t\t\t<p class=\"from_the_blog_excerpt \">\n\t\t\t\t\t\tEl desenvolupament tecnol\u00f2gic al sector de la depend\u00e8ncia [...]\t\t\t\t\t<\/p>\n\t\t\t\t\t                    \n\t\t\t\t\t\n\t\t\t\t\t\n\t\t\t\t\t<\/div>\n\t\t\t\t\t<\/div>\n\t\t\t\t\t\t\t\t\t<\/div>\n\t\t\t<\/div>\n\t\t<\/div><div class=\"col post-item\" >\n\t\t\t<div class=\"col-inner\">\n\t\t\t\t<div class=\"box box-normal box-text-bottom box-blog-post has-hover\">\n            \t\t\t\t\t<div class=\"box-image\" >\n  \t\t\t\t\t\t<div class=\"image-cover\" style=\"padding-top:100%;\">\n\t\t\t\t\t\t\t<a href=\"https:\/\/addinformatica.com\/ca\/noticies\/resiplus-va-participar-al-hip-2023\/\" class=\"plain\" aria-label=\"ResiPlus va participar al HIP 2023\">\n\t\t\t\t\t\t\t\t<img loading=\"lazy\" decoding=\"async\" width=\"1600\" height=\"1200\" src=\"https:\/\/addinformatica.com\/wp-content\/uploads\/2023\/03\/Dijimos-presente-en-el-IV-Congreso-Nacional-de-Dependencia-y-Sanidad.jpeg\" class=\"attachment-original size-original wp-post-image\" alt=\"\" srcset=\"https:\/\/addinformatica.com\/wp-content\/uploads\/2023\/03\/Dijimos-presente-en-el-IV-Congreso-Nacional-de-Dependencia-y-Sanidad.jpeg 1600w, https:\/\/addinformatica.com\/wp-content\/uploads\/2023\/03\/Dijimos-presente-en-el-IV-Congreso-Nacional-de-Dependencia-y-Sanidad-300x225.jpeg 300w, https:\/\/addinformatica.com\/wp-content\/uploads\/2023\/03\/Dijimos-presente-en-el-IV-Congreso-Nacional-de-Dependencia-y-Sanidad-1024x768.jpeg 1024w, https:\/\/addinformatica.com\/wp-content\/uploads\/2023\/03\/Dijimos-presente-en-el-IV-Congreso-Nacional-de-Dependencia-y-Sanidad-768x576.jpeg 768w, https:\/\/addinformatica.com\/wp-content\/uploads\/2023\/03\/Dijimos-presente-en-el-IV-Congreso-Nacional-de-Dependencia-y-Sanidad-1536x1152.jpeg 1536w\" sizes=\"auto, (max-width: 1600px) 100vw, 1600px\" \/>\t\t\t\t\t\t\t<\/a>\n  \t\t\t\t\t\t\t  \t\t\t\t\t\t\t  \t\t\t\t\t\t<\/div>\n  \t\t\t\t\t\t  \t\t\t\t\t<\/div>\n          \t\t\t\t\t<div class=\"box-text text-left is-small\" style=\"padding:0px 0px 0px 0px;\">\n\t\t\t\t\t<div class=\"box-text-inner blog-post-inner\">\n\n\t\t\t\t\t\n\t\t\t\t\t\t\t\t\t\t<h5 class=\"post-title is-large \">\n\t\t\t\t\t\t<a href=\"https:\/\/addinformatica.com\/ca\/noticies\/resiplus-va-participar-al-hip-2023\/\" class=\"plain\">ResiPlus va participar al HIP 2023<\/a>\n\t\t\t\t\t<\/h5>\n\t\t\t\t\t\t\t\t\t\t<div class=\"is-divider\"><\/div>\n\t\t\t\t\t\t\t\t\t\t<p class=\"from_the_blog_excerpt \">\n\t\t\t\t\t\t\u00c9s el moment important per al sector sociosanitari [...]\t\t\t\t\t<\/p>\n\t\t\t\t\t                    \n\t\t\t\t\t\n\t\t\t\t\t\n\t\t\t\t\t<\/div>\n\t\t\t\t\t<\/div>\n\t\t\t\t\t\t\t\t\t<\/div>\n\t\t\t<\/div>\n\t\t<\/div><div class=\"col post-item\" >\n\t\t\t<div class=\"col-inner\">\n\t\t\t\t<div class=\"box box-normal box-text-bottom box-blog-post has-hover\">\n            \t\t\t\t\t<div class=\"box-image\" >\n  \t\t\t\t\t\t<div class=\"image-cover\" style=\"padding-top:100%;\">\n\t\t\t\t\t\t\t<a href=\"https:\/\/addinformatica.com\/ca\/noticies\/com-es-viu-el-14-de-febrer-sant-valenti-als-centres-dacolliment\/\" class=\"plain\" aria-label=\"Com es viu el 14 de Febrer Sant Valent\u00ed als centres d&#8217;acolliment\">\n\t\t\t\t\t\t\t\t<img loading=\"lazy\" decoding=\"async\" width=\"1112\" height=\"739\" src=\"https:\/\/addinformatica.com\/wp-content\/uploads\/2023\/02\/san-valentin-2023-destacada.jpg\" class=\"attachment-original size-original wp-post-image\" alt=\"\" srcset=\"https:\/\/addinformatica.com\/wp-content\/uploads\/2023\/02\/san-valentin-2023-destacada.jpg 1112w, https:\/\/addinformatica.com\/wp-content\/uploads\/2023\/02\/san-valentin-2023-destacada-300x199.jpg 300w, https:\/\/addinformatica.com\/wp-content\/uploads\/2023\/02\/san-valentin-2023-destacada-1024x681.jpg 1024w, https:\/\/addinformatica.com\/wp-content\/uploads\/2023\/02\/san-valentin-2023-destacada-768x510.jpg 768w\" sizes=\"auto, (max-width: 1112px) 100vw, 1112px\" \/>\t\t\t\t\t\t\t<\/a>\n  \t\t\t\t\t\t\t  \t\t\t\t\t\t\t  \t\t\t\t\t\t<\/div>\n  \t\t\t\t\t\t  \t\t\t\t\t<\/div>\n          \t\t\t\t\t<div class=\"box-text text-left is-small\" style=\"padding:0px 0px 0px 0px;\">\n\t\t\t\t\t<div class=\"box-text-inner blog-post-inner\">\n\n\t\t\t\t\t\n\t\t\t\t\t\t\t\t\t\t<h5 class=\"post-title is-large \">\n\t\t\t\t\t\t<a href=\"https:\/\/addinformatica.com\/ca\/noticies\/com-es-viu-el-14-de-febrer-sant-valenti-als-centres-dacolliment\/\" class=\"plain\">Com es viu el 14 de Febrer Sant Valent\u00ed als centres d&#8217;acolliment<\/a>\n\t\t\t\t\t<\/h5>\n\t\t\t\t\t\t\t\t\t\t<div class=\"is-divider\"><\/div>\n\t\t\t\t\t\t\t\t\t\t<p class=\"from_the_blog_excerpt \">\n\t\t\t\t\t\tCada 14 de febrer se celebra el Dia [...]\t\t\t\t\t<\/p>\n\t\t\t\t\t                    \n\t\t\t\t\t\n\t\t\t\t\t\n\t\t\t\t\t<\/div>\n\t\t\t\t\t<\/div>\n\t\t\t\t\t\t\t\t\t<\/div>\n\t\t\t<\/div>\n\t\t<\/div><div class=\"col post-item\" >\n\t\t\t<div class=\"col-inner\">\n\t\t\t\t<div class=\"box box-normal box-text-bottom box-blog-post has-hover\">\n            \t\t\t\t\t<div class=\"box-image\" >\n  \t\t\t\t\t\t<div class=\"image-cover\" style=\"padding-top:100%;\">\n\t\t\t\t\t\t\t<a href=\"https:\/\/addinformatica.com\/ca\/noticies\/acp-als-centres-datencio-a-la-dependencia-champagne-raims-i-desitjos-per-al-2023\/\" class=\"plain\" aria-label=\"ACP als centres d&#8217;atenci\u00f3 a la depend\u00e8ncia: Champagne, ra\u00efms i desitjos per al 2023\">\n\t\t\t\t\t\t\t\t<img loading=\"lazy\" decoding=\"async\" width=\"1084\" height=\"526\" src=\"https:\/\/addinformatica.com\/wp-content\/uploads\/2023\/01\/destacada-acp.jpg\" class=\"attachment-original size-original wp-post-image\" alt=\"\" srcset=\"https:\/\/addinformatica.com\/wp-content\/uploads\/2023\/01\/destacada-acp.jpg 1084w, https:\/\/addinformatica.com\/wp-content\/uploads\/2023\/01\/destacada-acp-300x146.jpg 300w, https:\/\/addinformatica.com\/wp-content\/uploads\/2023\/01\/destacada-acp-1024x497.jpg 1024w, https:\/\/addinformatica.com\/wp-content\/uploads\/2023\/01\/destacada-acp-768x373.jpg 768w\" sizes=\"auto, (max-width: 1084px) 100vw, 1084px\" \/>\t\t\t\t\t\t\t<\/a>\n  \t\t\t\t\t\t\t  \t\t\t\t\t\t\t  \t\t\t\t\t\t<\/div>\n  \t\t\t\t\t\t  \t\t\t\t\t<\/div>\n          \t\t\t\t\t<div class=\"box-text text-left is-small\" style=\"padding:0px 0px 0px 0px;\">\n\t\t\t\t\t<div class=\"box-text-inner blog-post-inner\">\n\n\t\t\t\t\t\n\t\t\t\t\t\t\t\t\t\t<h5 class=\"post-title is-large \">\n\t\t\t\t\t\t<a href=\"https:\/\/addinformatica.com\/ca\/noticies\/acp-als-centres-datencio-a-la-dependencia-champagne-raims-i-desitjos-per-al-2023\/\" class=\"plain\">ACP als centres d&#8217;atenci\u00f3 a la depend\u00e8ncia: Champagne, ra\u00efms i desitjos per al 2023<\/a>\n\t\t\t\t\t<\/h5>\n\t\t\t\t\t\t\t\t\t\t<div class=\"is-divider\"><\/div>\n\t\t\t\t\t\t\t\t\t\t<p class=\"from_the_blog_excerpt \">\n\t\t\t\t\t\tVivim en una societat on preval l&#8217;aprenentatge i [...]\t\t\t\t\t<\/p>\n\t\t\t\t\t                    \n\t\t\t\t\t\n\t\t\t\t\t\n\t\t\t\t\t<\/div>\n\t\t\t\t\t<\/div>\n\t\t\t\t\t\t\t\t\t<\/div>\n\t\t\t<\/div>\n\t\t<\/div><div class=\"col post-item\" >\n\t\t\t<div class=\"col-inner\">\n\t\t\t\t<div class=\"box box-normal box-text-bottom box-blog-post has-hover\">\n            \t\t\t\t\t<div class=\"box-image\" >\n  \t\t\t\t\t\t<div class=\"image-cover\" style=\"padding-top:100%;\">\n\t\t\t\t\t\t\t<a href=\"https:\/\/addinformatica.com\/ca\/noticies\/ana-lanima-del-concurs-navcia-a-addinformatica\/\" class=\"plain\" aria-label=\"Ana. L&#8217;\u00e0nima del concurs Nav&#038;Cia a ADDInform\u00e0tica\">\n\t\t\t\t\t\t\t\t<img loading=\"lazy\" decoding=\"async\" width=\"1009\" height=\"571\" src=\"https:\/\/addinformatica.com\/wp-content\/uploads\/2023\/01\/manualidades-navidenyas.jpg\" class=\"attachment-original size-original wp-post-image\" alt=\"\" srcset=\"https:\/\/addinformatica.com\/wp-content\/uploads\/2023\/01\/manualidades-navidenyas.jpg 1009w, https:\/\/addinformatica.com\/wp-content\/uploads\/2023\/01\/manualidades-navidenyas-300x170.jpg 300w, https:\/\/addinformatica.com\/wp-content\/uploads\/2023\/01\/manualidades-navidenyas-768x435.jpg 768w\" sizes=\"auto, (max-width: 1009px) 100vw, 1009px\" \/>\t\t\t\t\t\t\t<\/a>\n  \t\t\t\t\t\t\t  \t\t\t\t\t\t\t  \t\t\t\t\t\t<\/div>\n  \t\t\t\t\t\t  \t\t\t\t\t<\/div>\n          \t\t\t\t\t<div class=\"box-text text-left is-small\" style=\"padding:0px 0px 0px 0px;\">\n\t\t\t\t\t<div class=\"box-text-inner blog-post-inner\">\n\n\t\t\t\t\t\n\t\t\t\t\t\t\t\t\t\t<h5 class=\"post-title is-large \">\n\t\t\t\t\t\t<a href=\"https:\/\/addinformatica.com\/ca\/noticies\/ana-lanima-del-concurs-navcia-a-addinformatica\/\" class=\"plain\">Ana. L&#8217;\u00e0nima del concurs Nav&#038;Cia a ADDInform\u00e0tica<\/a>\n\t\t\t\t\t<\/h5>\n\t\t\t\t\t\t\t\t\t\t<div class=\"is-divider\"><\/div>\n\t\t\t\t\t\t\t\t\t\t<p class=\"from_the_blog_excerpt \">\n\t\t\t\t\t\t\u00c9s reconfortant adonar-se com en empreses que donem [...]\t\t\t\t\t<\/p>\n\t\t\t\t\t                    \n\t\t\t\t\t\n\t\t\t\t\t\n\t\t\t\t\t<\/div>\n\t\t\t\t\t<\/div>\n\t\t\t\t\t\t\t\t\t<\/div>\n\t\t\t<\/div>\n\t\t<\/div><div class=\"col post-item\" >\n\t\t\t<div class=\"col-inner\">\n\t\t\t\t<div class=\"box box-normal box-text-bottom box-blog-post has-hover\">\n            \t\t\t\t\t<div class=\"box-image\" >\n  \t\t\t\t\t\t<div class=\"image-cover\" style=\"padding-top:100%;\">\n\t\t\t\t\t\t\t<a href=\"https:\/\/addinformatica.com\/ca\/noticies\/guanyadors-del-10e-concurs-navcia-2022-2023\/\" class=\"plain\" aria-label=\"Guanyadors del 10\u00e9 Concurs Nav&#038;Cia 2022-2023\">\n\t\t\t\t\t\t\t\t<img loading=\"lazy\" decoding=\"async\" width=\"850\" height=\"577\" src=\"https:\/\/addinformatica.com\/wp-content\/uploads\/2022\/11\/Navcia-2022-popups-ES.jpg\" class=\"attachment-original size-original wp-post-image\" alt=\"\" srcset=\"https:\/\/addinformatica.com\/wp-content\/uploads\/2022\/11\/Navcia-2022-popups-ES.jpg 850w, https:\/\/addinformatica.com\/wp-content\/uploads\/2022\/11\/Navcia-2022-popups-ES-300x204.jpg 300w, https:\/\/addinformatica.com\/wp-content\/uploads\/2022\/11\/Navcia-2022-popups-ES-768x521.jpg 768w\" sizes=\"auto, (max-width: 850px) 100vw, 850px\" \/>\t\t\t\t\t\t\t<\/a>\n  \t\t\t\t\t\t\t  \t\t\t\t\t\t\t  \t\t\t\t\t\t<\/div>\n  \t\t\t\t\t\t  \t\t\t\t\t<\/div>\n          \t\t\t\t\t<div class=\"box-text text-left is-small\" style=\"padding:0px 0px 0px 0px;\">\n\t\t\t\t\t<div class=\"box-text-inner blog-post-inner\">\n\n\t\t\t\t\t\n\t\t\t\t\t\t\t\t\t\t<h5 class=\"post-title is-large \">\n\t\t\t\t\t\t<a href=\"https:\/\/addinformatica.com\/ca\/noticies\/guanyadors-del-10e-concurs-navcia-2022-2023\/\" class=\"plain\">Guanyadors del 10\u00e9 Concurs Nav&#038;Cia 2022-2023<\/a>\n\t\t\t\t\t<\/h5>\n\t\t\t\t\t\t\t\t\t\t<div class=\"is-divider\"><\/div>\n\t\t\t\t\t\t\t\t\t\t<p class=\"from_the_blog_excerpt \">\n\t\t\t\t\t\t\t\t\t\t\t<\/p>\n\t\t\t\t\t                    \n\t\t\t\t\t\n\t\t\t\t\t\n\t\t\t\t\t<\/div>\n\t\t\t\t\t<\/div>\n\t\t\t\t\t\t\t\t\t<\/div>\n\t\t\t<\/div>\n\t\t<\/div><div class=\"col post-item\" >\n\t\t\t<div class=\"col-inner\">\n\t\t\t\t<div class=\"box box-normal box-text-bottom box-blog-post has-hover\">\n            \t\t\t\t\t<div class=\"box-image\" >\n  \t\t\t\t\t\t<div class=\"image-cover\" style=\"padding-top:100%;\">\n\t\t\t\t\t\t\t<a href=\"https:\/\/addinformatica.com\/ca\/noticies\/dia-mundial-de-las-personas-con-discapacidad\/\" class=\"plain\" aria-label=\"Dia Mundial de les Persones amb Discapacitat\">\n\t\t\t\t\t\t\t\t<img loading=\"lazy\" decoding=\"async\" width=\"600\" height=\"400\" src=\"https:\/\/addinformatica.com\/wp-content\/uploads\/2022\/11\/dia-discapacidad-2022.jpeg\" class=\"attachment-original size-original wp-post-image\" alt=\"\" srcset=\"https:\/\/addinformatica.com\/wp-content\/uploads\/2022\/11\/dia-discapacidad-2022.jpeg 600w, https:\/\/addinformatica.com\/wp-content\/uploads\/2022\/11\/dia-discapacidad-2022-300x200.jpeg 300w\" sizes=\"auto, (max-width: 600px) 100vw, 600px\" \/>\t\t\t\t\t\t\t<\/a>\n  \t\t\t\t\t\t\t  \t\t\t\t\t\t\t  \t\t\t\t\t\t<\/div>\n  \t\t\t\t\t\t  \t\t\t\t\t<\/div>\n          \t\t\t\t\t<div class=\"box-text text-left is-small\" style=\"padding:0px 0px 0px 0px;\">\n\t\t\t\t\t<div class=\"box-text-inner blog-post-inner\">\n\n\t\t\t\t\t\n\t\t\t\t\t\t\t\t\t\t<h5 class=\"post-title is-large \">\n\t\t\t\t\t\t<a href=\"https:\/\/addinformatica.com\/ca\/noticies\/dia-mundial-de-las-personas-con-discapacidad\/\" class=\"plain\">Dia Mundial de les Persones amb Discapacitat<\/a>\n\t\t\t\t\t<\/h5>\n\t\t\t\t\t\t\t\t\t\t<div class=\"is-divider\"><\/div>\n\t\t\t\t\t\t\t\t\t\t<p class=\"from_the_blog_excerpt \">\n\t\t\t\t\t\tEl Dia Mundial de les Persones amb Discapacitat [...]\t\t\t\t\t<\/p>\n\t\t\t\t\t                    \n\t\t\t\t\t\n\t\t\t\t\t\n\t\t\t\t\t<\/div>\n\t\t\t\t\t<\/div>\n\t\t\t\t\t\t\t\t\t<\/div>\n\t\t\t<\/div>\n\t\t<\/div><div class=\"col post-item\" >\n\t\t\t<div class=\"col-inner\">\n\t\t\t\t<div class=\"box box-normal box-text-bottom box-blog-post has-hover\">\n            \t\t\t\t\t<div class=\"box-image\" >\n  \t\t\t\t\t\t<div class=\"image-cover\" style=\"padding-top:100%;\">\n\t\t\t\t\t\t\t<a href=\"https:\/\/addinformatica.com\/ca\/noticies\/la-importancia-de-la-familia-en-la-cura-dels-adults-grans\/\" class=\"plain\" aria-label=\"La import\u00e0ncia de la fam\u00edlia en la cura dels adults grans\">\n\t\t\t\t\t\t\t\t<img loading=\"lazy\" decoding=\"async\" width=\"996\" height=\"664\" src=\"https:\/\/addinformatica.com\/wp-content\/uploads\/2022\/11\/importancia-familia-adultos-mayores.jpg\" class=\"attachment-original size-original wp-post-image\" alt=\"\" srcset=\"https:\/\/addinformatica.com\/wp-content\/uploads\/2022\/11\/importancia-familia-adultos-mayores.jpg 996w, https:\/\/addinformatica.com\/wp-content\/uploads\/2022\/11\/importancia-familia-adultos-mayores-300x200.jpg 300w, https:\/\/addinformatica.com\/wp-content\/uploads\/2022\/11\/importancia-familia-adultos-mayores-768x512.jpg 768w\" sizes=\"auto, (max-width: 996px) 100vw, 996px\" \/>\t\t\t\t\t\t\t<\/a>\n  \t\t\t\t\t\t\t  \t\t\t\t\t\t\t  \t\t\t\t\t\t<\/div>\n  \t\t\t\t\t\t  \t\t\t\t\t<\/div>\n          \t\t\t\t\t<div class=\"box-text text-left is-small\" style=\"padding:0px 0px 0px 0px;\">\n\t\t\t\t\t<div class=\"box-text-inner blog-post-inner\">\n\n\t\t\t\t\t\n\t\t\t\t\t\t\t\t\t\t<h5 class=\"post-title is-large \">\n\t\t\t\t\t\t<a href=\"https:\/\/addinformatica.com\/ca\/noticies\/la-importancia-de-la-familia-en-la-cura-dels-adults-grans\/\" class=\"plain\">La import\u00e0ncia de la fam\u00edlia en la cura dels adults grans<\/a>\n\t\t\t\t\t<\/h5>\n\t\t\t\t\t\t\t\t\t\t<div class=\"is-divider\"><\/div>\n\t\t\t\t\t\t\t\t\t\t<p class=\"from_the_blog_excerpt \">\n\t\t\t\t\t\tParlar sobre la import\u00e0ncia de la fam\u00edlia en [...]\t\t\t\t\t<\/p>\n\t\t\t\t\t                    \n\t\t\t\t\t\n\t\t\t\t\t\n\t\t\t\t\t<\/div>\n\t\t\t\t\t<\/div>\n\t\t\t\t\t\t\t\t\t<\/div>\n\t\t\t<\/div>\n\t\t<\/div><div class=\"col post-item\" >\n\t\t\t<div class=\"col-inner\">\n\t\t\t\t<div class=\"box box-normal box-text-bottom box-blog-post has-hover\">\n            \t\t\t\t\t<div class=\"box-image\" >\n  \t\t\t\t\t\t<div class=\"image-cover\" style=\"padding-top:100%;\">\n\t\t\t\t\t\t\t<a href=\"https:\/\/addinformatica.com\/ca\/noticies\/habitatges-tutelats-per-a-discapacitat-que-son-i-com-ajuden-a-la-comunitat\/\" class=\"plain\" aria-label=\"Habitatges tutelats per a discapacitat: qu\u00e8 s\u00f3n i com ajuden a la comunitat\">\n\t\t\t\t\t\t\t\t<img loading=\"lazy\" decoding=\"async\" width=\"1280\" height=\"857\" src=\"https:\/\/addinformatica.com\/wp-content\/uploads\/2022\/11\/viviendas-tuteladas-para-discapacidad.jpg\" class=\"attachment-original size-original wp-post-image\" alt=\"\" srcset=\"https:\/\/addinformatica.com\/wp-content\/uploads\/2022\/11\/viviendas-tuteladas-para-discapacidad.jpg 1280w, https:\/\/addinformatica.com\/wp-content\/uploads\/2022\/11\/viviendas-tuteladas-para-discapacidad-300x201.jpg 300w, https:\/\/addinformatica.com\/wp-content\/uploads\/2022\/11\/viviendas-tuteladas-para-discapacidad-1024x686.jpg 1024w, https:\/\/addinformatica.com\/wp-content\/uploads\/2022\/11\/viviendas-tuteladas-para-discapacidad-768x514.jpg 768w\" sizes=\"auto, (max-width: 1280px) 100vw, 1280px\" \/>\t\t\t\t\t\t\t<\/a>\n  \t\t\t\t\t\t\t  \t\t\t\t\t\t\t  \t\t\t\t\t\t<\/div>\n  \t\t\t\t\t\t  \t\t\t\t\t<\/div>\n          \t\t\t\t\t<div class=\"box-text text-left is-small\" style=\"padding:0px 0px 0px 0px;\">\n\t\t\t\t\t<div class=\"box-text-inner blog-post-inner\">\n\n\t\t\t\t\t\n\t\t\t\t\t\t\t\t\t\t<h5 class=\"post-title is-large \">\n\t\t\t\t\t\t<a href=\"https:\/\/addinformatica.com\/ca\/noticies\/habitatges-tutelats-per-a-discapacitat-que-son-i-com-ajuden-a-la-comunitat\/\" class=\"plain\">Habitatges tutelats per a discapacitat: qu\u00e8 s\u00f3n i com ajuden a la comunitat<\/a>\n\t\t\t\t\t<\/h5>\n\t\t\t\t\t\t\t\t\t\t<div class=\"is-divider\"><\/div>\n\t\t\t\t\t\t\t\t\t\t<p class=\"from_the_blog_excerpt \">\n\t\t\t\t\t\tEls habitatges tutelats per a persones amb discapacitat [...]\t\t\t\t\t<\/p>\n\t\t\t\t\t                    \n\t\t\t\t\t\n\t\t\t\t\t\n\t\t\t\t\t<\/div>\n\t\t\t\t\t<\/div>\n\t\t\t\t\t\t\t\t\t<\/div>\n\t\t\t<\/div>\n\t\t<\/div><div class=\"col post-item\" >\n\t\t\t<div class=\"col-inner\">\n\t\t\t\t<div class=\"box box-normal box-text-bottom box-blog-post has-hover\">\n            \t\t\t\t\t<div class=\"box-image\" >\n  \t\t\t\t\t\t<div class=\"image-cover\" style=\"padding-top:100%;\">\n\t\t\t\t\t\t\t<a href=\"https:\/\/addinformatica.com\/ca\/noticies\/prevencio-a-la-tardor-i-hivern-de-malalties-per-a-la-gent-gran\/\" class=\"plain\" aria-label=\"Prevenci\u00f3 a la tardor i hivern de malalties per a la gent gran\">\n\t\t\t\t\t\t\t\t<img loading=\"lazy\" decoding=\"async\" width=\"996\" height=\"664\" src=\"https:\/\/addinformatica.com\/wp-content\/uploads\/2022\/11\/cuidados-otonyo-invierno-personas-mayores.jpg\" class=\"attachment-original size-original wp-post-image\" alt=\"\" srcset=\"https:\/\/addinformatica.com\/wp-content\/uploads\/2022\/11\/cuidados-otonyo-invierno-personas-mayores.jpg 996w, https:\/\/addinformatica.com\/wp-content\/uploads\/2022\/11\/cuidados-otonyo-invierno-personas-mayores-300x200.jpg 300w, https:\/\/addinformatica.com\/wp-content\/uploads\/2022\/11\/cuidados-otonyo-invierno-personas-mayores-768x512.jpg 768w\" sizes=\"auto, (max-width: 996px) 100vw, 996px\" \/>\t\t\t\t\t\t\t<\/a>\n  \t\t\t\t\t\t\t  \t\t\t\t\t\t\t  \t\t\t\t\t\t<\/div>\n  \t\t\t\t\t\t  \t\t\t\t\t<\/div>\n          \t\t\t\t\t<div class=\"box-text text-left is-small\" style=\"padding:0px 0px 0px 0px;\">\n\t\t\t\t\t<div class=\"box-text-inner blog-post-inner\">\n\n\t\t\t\t\t\n\t\t\t\t\t\t\t\t\t\t<h5 class=\"post-title is-large \">\n\t\t\t\t\t\t<a href=\"https:\/\/addinformatica.com\/ca\/noticies\/prevencio-a-la-tardor-i-hivern-de-malalties-per-a-la-gent-gran\/\" class=\"plain\">Prevenci\u00f3 a la tardor i hivern de malalties per a la gent gran<\/a>\n\t\t\t\t\t<\/h5>\n\t\t\t\t\t\t\t\t\t\t<div class=\"is-divider\"><\/div>\n\t\t\t\t\t\t\t\t\t\t<p class=\"from_the_blog_excerpt \">\n\t\t\t\t\t\tLa temporada de tardor i hivern \u00e9s l&#8217;\u00e8poca [...]\t\t\t\t\t<\/p>\n\t\t\t\t\t                    \n\t\t\t\t\t\n\t\t\t\t\t\n\t\t\t\t\t<\/div>\n\t\t\t\t\t<\/div>\n\t\t\t\t\t\t\t\t\t<\/div>\n\t\t\t<\/div>\n\t\t<\/div><div class=\"col post-item\" >\n\t\t\t<div class=\"col-inner\">\n\t\t\t\t<div class=\"box box-normal box-text-bottom box-blog-post has-hover\">\n            \t\t\t\t\t<div class=\"box-image\" >\n  \t\t\t\t\t\t<div class=\"image-cover\" style=\"padding-top:100%;\">\n\t\t\t\t\t\t\t<a href=\"https:\/\/addinformatica.com\/ca\/noticies\/dia-mundial-de-les-persones-dedat-1-doctubre\/\" class=\"plain\" aria-label=\"Dia mundial de les persones d&#8217;Edat, 1 d&#8217;octubre\">\n\t\t\t\t\t\t\t\t<img loading=\"lazy\" decoding=\"async\" width=\"1280\" height=\"853\" src=\"https:\/\/addinformatica.com\/wp-content\/uploads\/2022\/10\/como-celebrar-dia-persona-edad.jpg\" class=\"attachment-original size-original wp-post-image\" alt=\"\" srcset=\"https:\/\/addinformatica.com\/wp-content\/uploads\/2022\/10\/como-celebrar-dia-persona-edad.jpg 1280w, https:\/\/addinformatica.com\/wp-content\/uploads\/2022\/10\/como-celebrar-dia-persona-edad-300x200.jpg 300w, https:\/\/addinformatica.com\/wp-content\/uploads\/2022\/10\/como-celebrar-dia-persona-edad-1024x682.jpg 1024w, https:\/\/addinformatica.com\/wp-content\/uploads\/2022\/10\/como-celebrar-dia-persona-edad-768x512.jpg 768w\" sizes=\"auto, (max-width: 1280px) 100vw, 1280px\" \/>\t\t\t\t\t\t\t<\/a>\n  \t\t\t\t\t\t\t  \t\t\t\t\t\t\t  \t\t\t\t\t\t<\/div>\n  \t\t\t\t\t\t  \t\t\t\t\t<\/div>\n          \t\t\t\t\t<div class=\"box-text text-left is-small\" style=\"padding:0px 0px 0px 0px;\">\n\t\t\t\t\t<div class=\"box-text-inner blog-post-inner\">\n\n\t\t\t\t\t\n\t\t\t\t\t\t\t\t\t\t<h5 class=\"post-title is-large \">\n\t\t\t\t\t\t<a href=\"https:\/\/addinformatica.com\/ca\/noticies\/dia-mundial-de-les-persones-dedat-1-doctubre\/\" class=\"plain\">Dia mundial de les persones d&#8217;Edat, 1 d&#8217;octubre<\/a>\n\t\t\t\t\t<\/h5>\n\t\t\t\t\t\t\t\t\t\t<div class=\"is-divider\"><\/div>\n\t\t\t\t\t\t\t\t\t\t<p class=\"from_the_blog_excerpt \">\n\t\t\t\t\t\tEl dia mundial de la gent gran se [...]\t\t\t\t\t<\/p>\n\t\t\t\t\t                    \n\t\t\t\t\t\n\t\t\t\t\t\n\t\t\t\t\t<\/div>\n\t\t\t\t\t<\/div>\n\t\t\t\t\t\t\t\t\t<\/div>\n\t\t\t<\/div>\n\t\t<\/div><div class=\"col post-item\" >\n\t\t\t<div class=\"col-inner\">\n\t\t\t\t<div class=\"box box-normal box-text-bottom box-blog-post has-hover\">\n            \t\t\t\t\t<div class=\"box-image\" >\n  \t\t\t\t\t\t<div class=\"image-cover\" style=\"padding-top:100%;\">\n\t\t\t\t\t\t\t<a href=\"https:\/\/addinformatica.com\/ca\/noticies\/com-beneficia-i-ajuda-el-centre-per-a-menors-a-la-vida-del-joves\/\" class=\"plain\" aria-label=\"Com beneficia i ajuda el centre per a menors a la vida del joves?\">\n\t\t\t\t\t\t\t\t<img loading=\"lazy\" decoding=\"async\" width=\"735\" height=\"422\" src=\"https:\/\/addinformatica.com\/wp-content\/uploads\/2022\/09\/centros-menores-2022-092.jpg\" class=\"attachment-original size-original wp-post-image\" alt=\"\" srcset=\"https:\/\/addinformatica.com\/wp-content\/uploads\/2022\/09\/centros-menores-2022-092.jpg 735w, https:\/\/addinformatica.com\/wp-content\/uploads\/2022\/09\/centros-menores-2022-092-300x172.jpg 300w\" sizes=\"auto, (max-width: 735px) 100vw, 735px\" \/>\t\t\t\t\t\t\t<\/a>\n  \t\t\t\t\t\t\t  \t\t\t\t\t\t\t  \t\t\t\t\t\t<\/div>\n  \t\t\t\t\t\t  \t\t\t\t\t<\/div>\n          \t\t\t\t\t<div class=\"box-text text-left is-small\" style=\"padding:0px 0px 0px 0px;\">\n\t\t\t\t\t<div class=\"box-text-inner blog-post-inner\">\n\n\t\t\t\t\t\n\t\t\t\t\t\t\t\t\t\t<h5 class=\"post-title is-large \">\n\t\t\t\t\t\t<a href=\"https:\/\/addinformatica.com\/ca\/noticies\/com-beneficia-i-ajuda-el-centre-per-a-menors-a-la-vida-del-joves\/\" class=\"plain\">Com beneficia i ajuda el centre per a menors a la vida del joves?<\/a>\n\t\t\t\t\t<\/h5>\n\t\t\t\t\t\t\t\t\t\t<div class=\"is-divider\"><\/div>\n\t\t\t\t\t\t\t\t\t\t<p class=\"from_the_blog_excerpt \">\n\t\t\t\t\t\tUn centre per a menors beneficia i ajuda [...]\t\t\t\t\t<\/p>\n\t\t\t\t\t                    \n\t\t\t\t\t\n\t\t\t\t\t\n\t\t\t\t\t<\/div>\n\t\t\t\t\t<\/div>\n\t\t\t\t\t\t\t\t\t<\/div>\n\t\t\t<\/div>\n\t\t<\/div><div class=\"col post-item\" >\n\t\t\t<div class=\"col-inner\">\n\t\t\t\t<div class=\"box box-normal box-text-bottom box-blog-post has-hover\">\n            \t\t\t\t\t<div class=\"box-image\" >\n  \t\t\t\t\t\t<div class=\"image-cover\" style=\"padding-top:100%;\">\n\t\t\t\t\t\t\t<a href=\"https:\/\/addinformatica.com\/ca\/noticies\/dia-del-fisioterapeuta-i-el-seu-rol-dins-un-centre\/\" class=\"plain\" aria-label=\"Dia del Fisioterapeuta i el seu rol dins un centre\">\n\t\t\t\t\t\t\t\t<img loading=\"lazy\" decoding=\"async\" width=\"943\" height=\"593\" src=\"https:\/\/addinformatica.com\/wp-content\/uploads\/2022\/09\/fisioterapia-destacada.jpg\" class=\"attachment-original size-original wp-post-image\" alt=\"\" srcset=\"https:\/\/addinformatica.com\/wp-content\/uploads\/2022\/09\/fisioterapia-destacada.jpg 943w, https:\/\/addinformatica.com\/wp-content\/uploads\/2022\/09\/fisioterapia-destacada-300x189.jpg 300w, https:\/\/addinformatica.com\/wp-content\/uploads\/2022\/09\/fisioterapia-destacada-768x483.jpg 768w\" sizes=\"auto, (max-width: 943px) 100vw, 943px\" \/>\t\t\t\t\t\t\t<\/a>\n  \t\t\t\t\t\t\t  \t\t\t\t\t\t\t  \t\t\t\t\t\t<\/div>\n  \t\t\t\t\t\t  \t\t\t\t\t<\/div>\n          \t\t\t\t\t<div class=\"box-text text-left is-small\" style=\"padding:0px 0px 0px 0px;\">\n\t\t\t\t\t<div class=\"box-text-inner blog-post-inner\">\n\n\t\t\t\t\t\n\t\t\t\t\t\t\t\t\t\t<h5 class=\"post-title is-large \">\n\t\t\t\t\t\t<a href=\"https:\/\/addinformatica.com\/ca\/noticies\/dia-del-fisioterapeuta-i-el-seu-rol-dins-un-centre\/\" class=\"plain\">Dia del Fisioterapeuta i el seu rol dins un centre<\/a>\n\t\t\t\t\t<\/h5>\n\t\t\t\t\t\t\t\t\t\t<div class=\"is-divider\"><\/div>\n\t\t\t\t\t\t\t\t\t\t<p class=\"from_the_blog_excerpt \">\n\t\t\t\t\t\tEl Dia del Fisioterapeuta se celebra cada 8 [...]\t\t\t\t\t<\/p>\n\t\t\t\t\t                    \n\t\t\t\t\t\n\t\t\t\t\t\n\t\t\t\t\t<\/div>\n\t\t\t\t\t<\/div>\n\t\t\t\t\t\t\t\t\t<\/div>\n\t\t\t<\/div>\n\t\t<\/div><div class=\"col post-item\" >\n\t\t\t<div class=\"col-inner\">\n\t\t\t\t<div class=\"box box-normal box-text-bottom box-blog-post has-hover\">\n            \t\t\t\t\t<div class=\"box-image\" >\n  \t\t\t\t\t\t<div class=\"image-cover\" style=\"padding-top:100%;\">\n\t\t\t\t\t\t\t<a href=\"https:\/\/addinformatica.com\/ca\/noticies\/dia-mundial-de-lassistencia-humanitaria\/\" class=\"plain\" aria-label=\"Dia Mundial de l&#8217;Assist\u00e8ncia Humanit\u00e0ria\">\n\t\t\t\t\t\t\t\t<img loading=\"lazy\" decoding=\"async\" width=\"792\" height=\"524\" src=\"https:\/\/addinformatica.com\/wp-content\/uploads\/2022\/08\/asistencia-humanitaria-destacada.jpg\" class=\"attachment-original size-original wp-post-image\" alt=\"\" srcset=\"https:\/\/addinformatica.com\/wp-content\/uploads\/2022\/08\/asistencia-humanitaria-destacada.jpg 792w, https:\/\/addinformatica.com\/wp-content\/uploads\/2022\/08\/asistencia-humanitaria-destacada-300x198.jpg 300w, https:\/\/addinformatica.com\/wp-content\/uploads\/2022\/08\/asistencia-humanitaria-destacada-768x508.jpg 768w\" sizes=\"auto, (max-width: 792px) 100vw, 792px\" \/>\t\t\t\t\t\t\t<\/a>\n  \t\t\t\t\t\t\t  \t\t\t\t\t\t\t  \t\t\t\t\t\t<\/div>\n  \t\t\t\t\t\t  \t\t\t\t\t<\/div>\n          \t\t\t\t\t<div class=\"box-text text-left is-small\" style=\"padding:0px 0px 0px 0px;\">\n\t\t\t\t\t<div class=\"box-text-inner blog-post-inner\">\n\n\t\t\t\t\t\n\t\t\t\t\t\t\t\t\t\t<h5 class=\"post-title is-large \">\n\t\t\t\t\t\t<a href=\"https:\/\/addinformatica.com\/ca\/noticies\/dia-mundial-de-lassistencia-humanitaria\/\" class=\"plain\">Dia Mundial de l&#8217;Assist\u00e8ncia Humanit\u00e0ria<\/a>\n\t\t\t\t\t<\/h5>\n\t\t\t\t\t\t\t\t\t\t<div class=\"is-divider\"><\/div>\n\t\t\t\t\t\t\t\t\t\t<p class=\"from_the_blog_excerpt \">\n\t\t\t\t\t\tCada 19 d&#8217;agost se celebra el Dia Mundial [...]\t\t\t\t\t<\/p>\n\t\t\t\t\t                    \n\t\t\t\t\t\n\t\t\t\t\t\n\t\t\t\t\t<\/div>\n\t\t\t\t\t<\/div>\n\t\t\t\t\t\t\t\t\t<\/div>\n\t\t\t<\/div>\n\t\t<\/div><div class=\"col post-item\" >\n\t\t\t<div class=\"col-inner\">\n\t\t\t\t<div class=\"box box-normal box-text-bottom box-blog-post has-hover\">\n            \t\t\t\t\t<div class=\"box-image\" >\n  \t\t\t\t\t\t<div class=\"image-cover\" style=\"padding-top:100%;\">\n\t\t\t\t\t\t\t<a href=\"https:\/\/addinformatica.com\/ca\/noticies\/que-son-els-serveis-socials\/\" class=\"plain\" aria-label=\"\u00bfQu\u00e8 s\u00f3n els serveis socials?\">\n\t\t\t\t\t\t\t\t<img loading=\"lazy\" decoding=\"async\" width=\"659\" height=\"378\" src=\"https:\/\/addinformatica.com\/wp-content\/uploads\/2022\/08\/servicios-sociales-destacada.jpg\" class=\"attachment-original size-original wp-post-image\" alt=\"\" srcset=\"https:\/\/addinformatica.com\/wp-content\/uploads\/2022\/08\/servicios-sociales-destacada.jpg 659w, https:\/\/addinformatica.com\/wp-content\/uploads\/2022\/08\/servicios-sociales-destacada-300x172.jpg 300w\" sizes=\"auto, (max-width: 659px) 100vw, 659px\" \/>\t\t\t\t\t\t\t<\/a>\n  \t\t\t\t\t\t\t  \t\t\t\t\t\t\t  \t\t\t\t\t\t<\/div>\n  \t\t\t\t\t\t  \t\t\t\t\t<\/div>\n          \t\t\t\t\t<div class=\"box-text text-left is-small\" style=\"padding:0px 0px 0px 0px;\">\n\t\t\t\t\t<div class=\"box-text-inner blog-post-inner\">\n\n\t\t\t\t\t\n\t\t\t\t\t\t\t\t\t\t<h5 class=\"post-title is-large \">\n\t\t\t\t\t\t<a href=\"https:\/\/addinformatica.com\/ca\/noticies\/que-son-els-serveis-socials\/\" class=\"plain\">\u00bfQu\u00e8 s\u00f3n els serveis socials?<\/a>\n\t\t\t\t\t<\/h5>\n\t\t\t\t\t\t\t\t\t\t<div class=\"is-divider\"><\/div>\n\t\t\t\t\t\t\t\t\t\t<p class=\"from_the_blog_excerpt \">\n\t\t\t\t\t\tEls serveis socials s\u00f3n una part fonamental de [...]\t\t\t\t\t<\/p>\n\t\t\t\t\t                    \n\t\t\t\t\t\n\t\t\t\t\t\n\t\t\t\t\t<\/div>\n\t\t\t\t\t<\/div>\n\t\t\t\t\t\t\t\t\t<\/div>\n\t\t\t<\/div>\n\t\t<\/div><div class=\"col post-item\" >\n\t\t\t<div class=\"col-inner\">\n\t\t\t\t<div class=\"box box-normal box-text-bottom box-blog-post has-hover\">\n            \t\t\t\t\t<div class=\"box-image\" >\n  \t\t\t\t\t\t<div class=\"image-cover\" style=\"padding-top:100%;\">\n\t\t\t\t\t\t\t<a href=\"https:\/\/addinformatica.com\/ca\/noticies\/add-informatica-celebra-els-seus-25-anys-amb-els-seus-treballadors\/\" class=\"plain\" aria-label=\"ADD Inform\u00e1tica celebra els seus 25 anys amb els seus treballadors\">\n\t\t\t\t\t\t\t\t<img loading=\"lazy\" decoding=\"async\" width=\"1204\" height=\"1004\" src=\"https:\/\/addinformatica.com\/wp-content\/uploads\/2022\/06\/Captura-de-pantalla-2022-06-17-a-las-9.02.36.png\" class=\"attachment-original size-original wp-post-image\" alt=\"\" srcset=\"https:\/\/addinformatica.com\/wp-content\/uploads\/2022\/06\/Captura-de-pantalla-2022-06-17-a-las-9.02.36.png 1204w, https:\/\/addinformatica.com\/wp-content\/uploads\/2022\/06\/Captura-de-pantalla-2022-06-17-a-las-9.02.36-300x250.png 300w, https:\/\/addinformatica.com\/wp-content\/uploads\/2022\/06\/Captura-de-pantalla-2022-06-17-a-las-9.02.36-1024x854.png 1024w, https:\/\/addinformatica.com\/wp-content\/uploads\/2022\/06\/Captura-de-pantalla-2022-06-17-a-las-9.02.36-768x640.png 768w\" sizes=\"auto, (max-width: 1204px) 100vw, 1204px\" \/>\t\t\t\t\t\t\t<\/a>\n  \t\t\t\t\t\t\t  \t\t\t\t\t\t\t  \t\t\t\t\t\t<\/div>\n  \t\t\t\t\t\t  \t\t\t\t\t<\/div>\n          \t\t\t\t\t<div class=\"box-text text-left is-small\" style=\"padding:0px 0px 0px 0px;\">\n\t\t\t\t\t<div class=\"box-text-inner blog-post-inner\">\n\n\t\t\t\t\t\n\t\t\t\t\t\t\t\t\t\t<h5 class=\"post-title is-large \">\n\t\t\t\t\t\t<a href=\"https:\/\/addinformatica.com\/ca\/noticies\/add-informatica-celebra-els-seus-25-anys-amb-els-seus-treballadors\/\" class=\"plain\">ADD Inform\u00e1tica celebra els seus 25 anys amb els seus treballadors<\/a>\n\t\t\t\t\t<\/h5>\n\t\t\t\t\t\t\t\t\t\t<div class=\"is-divider\"><\/div>\n\t\t\t\t\t\t\t\t\t\t<p class=\"from_the_blog_excerpt \">\n\t\t\t\t\t\tVolem fer saber als nostres estimats treballadors que, [...]\t\t\t\t\t<\/p>\n\t\t\t\t\t                    \n\t\t\t\t\t\n\t\t\t\t\t\n\t\t\t\t\t<\/div>\n\t\t\t\t\t<\/div>\n\t\t\t\t\t\t\t\t\t<\/div>\n\t\t\t<\/div>\n\t\t<\/div><div class=\"col post-item\" >\n\t\t\t<div class=\"col-inner\">\n\t\t\t\t<div class=\"box box-normal box-text-bottom box-blog-post has-hover\">\n            \t\t\t\t\t<div class=\"box-image\" >\n  \t\t\t\t\t\t<div class=\"image-cover\" style=\"padding-top:100%;\">\n\t\t\t\t\t\t\t<a href=\"https:\/\/addinformatica.com\/ca\/noticies\/dia-dels-avis-lenllac-daurat-entre-avi-i-nets\/\" class=\"plain\" aria-label=\"Dia dels avis: l&#8217;enlla\u00e7 daurat entre avi i n\u00e9ts\">\n\t\t\t\t\t\t\t\t<img loading=\"lazy\" decoding=\"async\" width=\"951\" height=\"615\" src=\"https:\/\/addinformatica.com\/wp-content\/uploads\/2022\/07\/dia-abuelos-202202.jpg\" class=\"attachment-original size-original wp-post-image\" alt=\"\" srcset=\"https:\/\/addinformatica.com\/wp-content\/uploads\/2022\/07\/dia-abuelos-202202.jpg 951w, https:\/\/addinformatica.com\/wp-content\/uploads\/2022\/07\/dia-abuelos-202202-300x194.jpg 300w, https:\/\/addinformatica.com\/wp-content\/uploads\/2022\/07\/dia-abuelos-202202-768x497.jpg 768w\" sizes=\"auto, (max-width: 951px) 100vw, 951px\" \/>\t\t\t\t\t\t\t<\/a>\n  \t\t\t\t\t\t\t  \t\t\t\t\t\t\t  \t\t\t\t\t\t<\/div>\n  \t\t\t\t\t\t  \t\t\t\t\t<\/div>\n          \t\t\t\t\t<div class=\"box-text text-left is-small\" style=\"padding:0px 0px 0px 0px;\">\n\t\t\t\t\t<div class=\"box-text-inner blog-post-inner\">\n\n\t\t\t\t\t\n\t\t\t\t\t\t\t\t\t\t<h5 class=\"post-title is-large \">\n\t\t\t\t\t\t<a href=\"https:\/\/addinformatica.com\/ca\/noticies\/dia-dels-avis-lenllac-daurat-entre-avi-i-nets\/\" class=\"plain\">Dia dels avis: l&#8217;enlla\u00e7 daurat entre avi i n\u00e9ts<\/a>\n\t\t\t\t\t<\/h5>\n\t\t\t\t\t\t\t\t\t\t<div class=\"is-divider\"><\/div>\n\t\t\t\t\t\t\t\t\t\t<p class=\"from_the_blog_excerpt \">\n\t\t\t\t\t\tEls avis juguen un paper molt important a [...]\t\t\t\t\t<\/p>\n\t\t\t\t\t                    \n\t\t\t\t\t\n\t\t\t\t\t\n\t\t\t\t\t<\/div>\n\t\t\t\t\t<\/div>\n\t\t\t\t\t\t\t\t\t<\/div>\n\t\t\t<\/div>\n\t\t<\/div><div class=\"col post-item\" >\n\t\t\t<div class=\"col-inner\">\n\t\t\t\t<div class=\"box box-normal box-text-bottom box-blog-post has-hover\">\n            \t\t\t\t\t<div class=\"box-image\" >\n  \t\t\t\t\t\t<div class=\"image-cover\" style=\"padding-top:100%;\">\n\t\t\t\t\t\t\t<a href=\"https:\/\/addinformatica.com\/ca\/noticies\/com-educar-i-ajudar-nens-amb-sindrome-de-down\/\" class=\"plain\" aria-label=\"Com educar i ajudar nens amb S\u00edndrome de Down?\">\n\t\t\t\t\t\t\t\t<img loading=\"lazy\" decoding=\"async\" width=\"951\" height=\"472\" src=\"https:\/\/addinformatica.com\/wp-content\/uploads\/2022\/07\/Portada-1.jpg\" class=\"attachment-original size-original wp-post-image\" alt=\"\" srcset=\"https:\/\/addinformatica.com\/wp-content\/uploads\/2022\/07\/Portada-1.jpg 951w, https:\/\/addinformatica.com\/wp-content\/uploads\/2022\/07\/Portada-1-300x149.jpg 300w, https:\/\/addinformatica.com\/wp-content\/uploads\/2022\/07\/Portada-1-768x381.jpg 768w\" sizes=\"auto, (max-width: 951px) 100vw, 951px\" \/>\t\t\t\t\t\t\t<\/a>\n  \t\t\t\t\t\t\t  \t\t\t\t\t\t\t  \t\t\t\t\t\t<\/div>\n  \t\t\t\t\t\t  \t\t\t\t\t<\/div>\n          \t\t\t\t\t<div class=\"box-text text-left is-small\" style=\"padding:0px 0px 0px 0px;\">\n\t\t\t\t\t<div class=\"box-text-inner blog-post-inner\">\n\n\t\t\t\t\t\n\t\t\t\t\t\t\t\t\t\t<h5 class=\"post-title is-large \">\n\t\t\t\t\t\t<a href=\"https:\/\/addinformatica.com\/ca\/noticies\/com-educar-i-ajudar-nens-amb-sindrome-de-down\/\" class=\"plain\">Com educar i ajudar nens amb S\u00edndrome de Down?<\/a>\n\t\t\t\t\t<\/h5>\n\t\t\t\t\t\t\t\t\t\t<div class=\"is-divider\"><\/div>\n\t\t\t\t\t\t\t\t\t\t<p class=\"from_the_blog_excerpt \">\n\t\t\t\t\t\tLa S\u00edndrome de Down t\u00e9 efectes diversos en [...]\t\t\t\t\t<\/p>\n\t\t\t\t\t                    \n\t\t\t\t\t\n\t\t\t\t\t\n\t\t\t\t\t<\/div>\n\t\t\t\t\t<\/div>\n\t\t\t\t\t\t\t\t\t<\/div>\n\t\t\t<\/div>\n\t\t<\/div><div class=\"col post-item\" >\n\t\t\t<div class=\"col-inner\">\n\t\t\t\t<div class=\"box box-normal box-text-bottom box-blog-post has-hover\">\n            \t\t\t\t\t<div class=\"box-image\" >\n  \t\t\t\t\t\t<div class=\"image-cover\" style=\"padding-top:100%;\">\n\t\t\t\t\t\t\t<a href=\"https:\/\/addinformatica.com\/ca\/noticies\/residencia-assistida-san-camilo-mes-de-18-anys-amb-resiplus\/\" class=\"plain\" aria-label=\"Resid\u00e8ncia Assistida San Camilo: m\u00e9s de 18 anys amb ResiPlus\">\n\t\t\t\t\t\t\t\t<img loading=\"lazy\" decoding=\"async\" width=\"1200\" height=\"800\" src=\"https:\/\/addinformatica.com\/wp-content\/uploads\/2022\/06\/residencia-san-camilo-1.jpg\" class=\"attachment-original size-original wp-post-image\" alt=\"\" srcset=\"https:\/\/addinformatica.com\/wp-content\/uploads\/2022\/06\/residencia-san-camilo-1.jpg 1200w, https:\/\/addinformatica.com\/wp-content\/uploads\/2022\/06\/residencia-san-camilo-1-300x200.jpg 300w, https:\/\/addinformatica.com\/wp-content\/uploads\/2022\/06\/residencia-san-camilo-1-1024x683.jpg 1024w, https:\/\/addinformatica.com\/wp-content\/uploads\/2022\/06\/residencia-san-camilo-1-768x512.jpg 768w\" sizes=\"auto, (max-width: 1200px) 100vw, 1200px\" \/>\t\t\t\t\t\t\t<\/a>\n  \t\t\t\t\t\t\t  \t\t\t\t\t\t\t  \t\t\t\t\t\t<\/div>\n  \t\t\t\t\t\t  \t\t\t\t\t<\/div>\n          \t\t\t\t\t<div class=\"box-text text-left is-small\" style=\"padding:0px 0px 0px 0px;\">\n\t\t\t\t\t<div class=\"box-text-inner blog-post-inner\">\n\n\t\t\t\t\t\n\t\t\t\t\t\t\t\t\t\t<h5 class=\"post-title is-large \">\n\t\t\t\t\t\t<a href=\"https:\/\/addinformatica.com\/ca\/noticies\/residencia-assistida-san-camilo-mes-de-18-anys-amb-resiplus\/\" class=\"plain\">Resid\u00e8ncia Assistida San Camilo: m\u00e9s de 18 anys amb ResiPlus<\/a>\n\t\t\t\t\t<\/h5>\n\t\t\t\t\t\t\t\t\t\t<div class=\"is-divider\"><\/div>\n\t\t\t\t\t\t\t\t\t\t<p class=\"from_the_blog_excerpt \">\n\t\t\t\t\t\tEls professionals que treballen a la Resid\u00e8ncia Assistida [...]\t\t\t\t\t<\/p>\n\t\t\t\t\t                    \n\t\t\t\t\t\n\t\t\t\t\t\n\t\t\t\t\t<\/div>\n\t\t\t\t\t<\/div>\n\t\t\t\t\t\t\t\t\t<\/div>\n\t\t\t<\/div>\n\t\t<\/div><div class=\"col post-item\" >\n\t\t\t<div class=\"col-inner\">\n\t\t\t\t<div class=\"box box-normal box-text-bottom box-blog-post has-hover\">\n            \t\t\t\t\t<div class=\"box-image\" >\n  \t\t\t\t\t\t<div class=\"image-cover\" style=\"padding-top:100%;\">\n\t\t\t\t\t\t\t<a href=\"https:\/\/addinformatica.com\/ca\/noticies\/residencia-la-nostra-senyora-de-lestrella-confia-plenament-a-resiplus\/\" class=\"plain\" aria-label=\"Resid\u00e8ncia La nostra Senyora de L&#8217;Estrella confia plenament a ResiPlus\">\n\t\t\t\t\t\t\t\t<img loading=\"lazy\" decoding=\"async\" width=\"1200\" height=\"799\" src=\"https:\/\/addinformatica.com\/wp-content\/uploads\/2022\/06\/residencia-nuestra-senyora-estrella-1.jpg\" class=\"attachment-original size-original wp-post-image\" alt=\"\" srcset=\"https:\/\/addinformatica.com\/wp-content\/uploads\/2022\/06\/residencia-nuestra-senyora-estrella-1.jpg 1200w, https:\/\/addinformatica.com\/wp-content\/uploads\/2022\/06\/residencia-nuestra-senyora-estrella-1-300x200.jpg 300w, https:\/\/addinformatica.com\/wp-content\/uploads\/2022\/06\/residencia-nuestra-senyora-estrella-1-1024x682.jpg 1024w, https:\/\/addinformatica.com\/wp-content\/uploads\/2022\/06\/residencia-nuestra-senyora-estrella-1-768x511.jpg 768w\" sizes=\"auto, (max-width: 1200px) 100vw, 1200px\" \/>\t\t\t\t\t\t\t<\/a>\n  \t\t\t\t\t\t\t  \t\t\t\t\t\t\t  \t\t\t\t\t\t<\/div>\n  \t\t\t\t\t\t  \t\t\t\t\t<\/div>\n          \t\t\t\t\t<div class=\"box-text text-left is-small\" style=\"padding:0px 0px 0px 0px;\">\n\t\t\t\t\t<div class=\"box-text-inner blog-post-inner\">\n\n\t\t\t\t\t\n\t\t\t\t\t\t\t\t\t\t<h5 class=\"post-title is-large \">\n\t\t\t\t\t\t<a href=\"https:\/\/addinformatica.com\/ca\/noticies\/residencia-la-nostra-senyora-de-lestrella-confia-plenament-a-resiplus\/\" class=\"plain\">Resid\u00e8ncia La nostra Senyora de L&#8217;Estrella confia plenament a ResiPlus<\/a>\n\t\t\t\t\t<\/h5>\n\t\t\t\t\t\t\t\t\t\t<div class=\"is-divider\"><\/div>\n\t\t\t\t\t\t\t\t\t\t<p class=\"from_the_blog_excerpt \">\n\t\t\t\t\t\tPer a Maria Elena Piedras , directora de [...]\t\t\t\t\t<\/p>\n\t\t\t\t\t                    \n\t\t\t\t\t\n\t\t\t\t\t\n\t\t\t\t\t<\/div>\n\t\t\t\t\t<\/div>\n\t\t\t\t\t\t\t\t\t<\/div>\n\t\t\t<\/div>\n\t\t<\/div><div class=\"col post-item\" >\n\t\t\t<div class=\"col-inner\">\n\t\t\t\t<div class=\"box box-normal box-text-bottom box-blog-post has-hover\">\n            \t\t\t\t\t<div class=\"box-image\" >\n  \t\t\t\t\t\t<div class=\"image-cover\" style=\"padding-top:100%;\">\n\t\t\t\t\t\t\t<a href=\"https:\/\/addinformatica.com\/ca\/noticies\/resiplus-celebra-el-25e-aniversari-treballant-en-la-gestio-integral-de-centres\/\" class=\"plain\" aria-label=\"ResiPlus celebra el 25\u00e8 aniversari treballant en la gesti\u00f3 integral de centres. Tenint cura dels que cuiden\">\n\t\t\t\t\t\t\t\t<img loading=\"lazy\" decoding=\"async\" width=\"1204\" height=\"1004\" src=\"https:\/\/addinformatica.com\/wp-content\/uploads\/2022\/06\/Captura-de-pantalla-2022-06-17-a-las-9.02.36.png\" class=\"attachment-original size-original wp-post-image\" alt=\"\" srcset=\"https:\/\/addinformatica.com\/wp-content\/uploads\/2022\/06\/Captura-de-pantalla-2022-06-17-a-las-9.02.36.png 1204w, https:\/\/addinformatica.com\/wp-content\/uploads\/2022\/06\/Captura-de-pantalla-2022-06-17-a-las-9.02.36-300x250.png 300w, https:\/\/addinformatica.com\/wp-content\/uploads\/2022\/06\/Captura-de-pantalla-2022-06-17-a-las-9.02.36-1024x854.png 1024w, https:\/\/addinformatica.com\/wp-content\/uploads\/2022\/06\/Captura-de-pantalla-2022-06-17-a-las-9.02.36-768x640.png 768w\" sizes=\"auto, (max-width: 1204px) 100vw, 1204px\" \/>\t\t\t\t\t\t\t<\/a>\n  \t\t\t\t\t\t\t  \t\t\t\t\t\t\t  \t\t\t\t\t\t<\/div>\n  \t\t\t\t\t\t  \t\t\t\t\t<\/div>\n          \t\t\t\t\t<div class=\"box-text text-left is-small\" style=\"padding:0px 0px 0px 0px;\">\n\t\t\t\t\t<div class=\"box-text-inner blog-post-inner\">\n\n\t\t\t\t\t\n\t\t\t\t\t\t\t\t\t\t<h5 class=\"post-title is-large \">\n\t\t\t\t\t\t<a href=\"https:\/\/addinformatica.com\/ca\/noticies\/resiplus-celebra-el-25e-aniversari-treballant-en-la-gestio-integral-de-centres\/\" class=\"plain\">ResiPlus celebra el 25\u00e8 aniversari treballant en la gesti\u00f3 integral de centres. Tenint cura dels que cuiden<\/a>\n\t\t\t\t\t<\/h5>\n\t\t\t\t\t\t\t\t\t\t<div class=\"is-divider\"><\/div>\n\t\t\t\t\t\t\t\t\t\t<p class=\"from_the_blog_excerpt \">\n\t\t\t\t\t\tL&#8217;any 1997, ADD Inform\u00e0tica comen\u00e7a a desenvolupar ResiPlus\u00ae [...]\t\t\t\t\t<\/p>\n\t\t\t\t\t                    \n\t\t\t\t\t\n\t\t\t\t\t\n\t\t\t\t\t<\/div>\n\t\t\t\t\t<\/div>\n\t\t\t\t\t\t\t\t\t<\/div>\n\t\t\t<\/div>\n\t\t<\/div><div class=\"col post-item\" >\n\t\t\t<div class=\"col-inner\">\n\t\t\t\t<div class=\"box box-normal box-text-bottom box-blog-post has-hover\">\n            \t\t\t\t\t<div class=\"box-image\" >\n  \t\t\t\t\t\t<div class=\"image-cover\" style=\"padding-top:100%;\">\n\t\t\t\t\t\t\t<a href=\"https:\/\/addinformatica.com\/ca\/noticies\/todo-lo-que-necesitas-saber-sobre-el-autismo\/\" class=\"plain\" aria-label=\"Tot el que cal saber sobre l&#8217;autisme\">\n\t\t\t\t\t\t\t\t<img loading=\"lazy\" decoding=\"async\" width=\"951\" height=\"628\" src=\"https:\/\/addinformatica.com\/wp-content\/uploads\/2022\/06\/todo-sobre-autismo-1.jpg\" class=\"attachment-original size-original wp-post-image\" alt=\"\" srcset=\"https:\/\/addinformatica.com\/wp-content\/uploads\/2022\/06\/todo-sobre-autismo-1.jpg 951w, https:\/\/addinformatica.com\/wp-content\/uploads\/2022\/06\/todo-sobre-autismo-1-300x198.jpg 300w, https:\/\/addinformatica.com\/wp-content\/uploads\/2022\/06\/todo-sobre-autismo-1-768x507.jpg 768w\" sizes=\"auto, (max-width: 951px) 100vw, 951px\" \/>\t\t\t\t\t\t\t<\/a>\n  \t\t\t\t\t\t\t  \t\t\t\t\t\t\t  \t\t\t\t\t\t<\/div>\n  \t\t\t\t\t\t  \t\t\t\t\t<\/div>\n          \t\t\t\t\t<div class=\"box-text text-left is-small\" style=\"padding:0px 0px 0px 0px;\">\n\t\t\t\t\t<div class=\"box-text-inner blog-post-inner\">\n\n\t\t\t\t\t\n\t\t\t\t\t\t\t\t\t\t<h5 class=\"post-title is-large \">\n\t\t\t\t\t\t<a href=\"https:\/\/addinformatica.com\/ca\/noticies\/todo-lo-que-necesitas-saber-sobre-el-autismo\/\" class=\"plain\">Tot el que cal saber sobre l&#8217;autisme<\/a>\n\t\t\t\t\t<\/h5>\n\t\t\t\t\t\t\t\t\t\t<div class=\"is-divider\"><\/div>\n\t\t\t\t\t\t\t\t\t\t<p class=\"from_the_blog_excerpt \">\n\t\t\t\t\t\tL&#8217; \u00edndex de persones amb autisme als diferents [...]\t\t\t\t\t<\/p>\n\t\t\t\t\t                    \n\t\t\t\t\t\n\t\t\t\t\t\n\t\t\t\t\t<\/div>\n\t\t\t\t\t<\/div>\n\t\t\t\t\t\t\t\t\t<\/div>\n\t\t\t<\/div>\n\t\t<\/div><div class=\"col post-item\" >\n\t\t\t<div class=\"col-inner\">\n\t\t\t\t<div class=\"box box-normal box-text-bottom box-blog-post has-hover\">\n            \t\t\t\t\t<div class=\"box-image\" >\n  \t\t\t\t\t\t<div class=\"image-cover\" style=\"padding-top:100%;\">\n\t\t\t\t\t\t\t<a href=\"https:\/\/addinformatica.com\/ca\/noticies\/dia-mundial-de-toma-de-conciencia-del-abuso-y-maltrato-en-la-vejez\/\" class=\"plain\" aria-label=\"Dia Mundial de Presa de Consci\u00e8ncia de l&#8217;Ab\u00fas i Maltractament a la Vellesa\">\n\t\t\t\t\t\t\t\t<img loading=\"lazy\" decoding=\"async\" width=\"955\" height=\"636\" src=\"https:\/\/addinformatica.com\/wp-content\/uploads\/2022\/06\/dia-maltrato-1.jpg\" class=\"attachment-original size-original wp-post-image\" alt=\"\" srcset=\"https:\/\/addinformatica.com\/wp-content\/uploads\/2022\/06\/dia-maltrato-1.jpg 955w, https:\/\/addinformatica.com\/wp-content\/uploads\/2022\/06\/dia-maltrato-1-300x200.jpg 300w, https:\/\/addinformatica.com\/wp-content\/uploads\/2022\/06\/dia-maltrato-1-768x511.jpg 768w\" sizes=\"auto, (max-width: 955px) 100vw, 955px\" \/>\t\t\t\t\t\t\t<\/a>\n  \t\t\t\t\t\t\t  \t\t\t\t\t\t\t  \t\t\t\t\t\t<\/div>\n  \t\t\t\t\t\t  \t\t\t\t\t<\/div>\n          \t\t\t\t\t<div class=\"box-text text-left is-small\" style=\"padding:0px 0px 0px 0px;\">\n\t\t\t\t\t<div class=\"box-text-inner blog-post-inner\">\n\n\t\t\t\t\t\n\t\t\t\t\t\t\t\t\t\t<h5 class=\"post-title is-large \">\n\t\t\t\t\t\t<a href=\"https:\/\/addinformatica.com\/ca\/noticies\/dia-mundial-de-toma-de-conciencia-del-abuso-y-maltrato-en-la-vejez\/\" class=\"plain\">Dia Mundial de Presa de Consci\u00e8ncia de l&#8217;Ab\u00fas i Maltractament a la Vellesa<\/a>\n\t\t\t\t\t<\/h5>\n\t\t\t\t\t\t\t\t\t\t<div class=\"is-divider\"><\/div>\n\t\t\t\t\t\t\t\t\t\t<p class=\"from_the_blog_excerpt \">\n\t\t\t\t\t\tCada 15 de juny se celebra el Dia [...]\t\t\t\t\t<\/p>\n\t\t\t\t\t                    \n\t\t\t\t\t\n\t\t\t\t\t\n\t\t\t\t\t<\/div>\n\t\t\t\t\t<\/div>\n\t\t\t\t\t\t\t\t\t<\/div>\n\t\t\t<\/div>\n\t\t<\/div><div class=\"col post-item\" >\n\t\t\t<div class=\"col-inner\">\n\t\t\t\t<div class=\"box box-normal box-text-bottom box-blog-post has-hover\">\n            \t\t\t\t\t<div class=\"box-image\" >\n  \t\t\t\t\t\t<div class=\"image-cover\" style=\"padding-top:100%;\">\n\t\t\t\t\t\t\t<a href=\"https:\/\/addinformatica.com\/ca\/noticies\/el-21-de-maig-es-celebra-el-dia-mundial-de-la-diversitat-cultural\/\" class=\"plain\" aria-label=\"El 21 de maig es celebra el Dia Mundial de la Diversitat Cultural\">\n\t\t\t\t\t\t\t\t<img loading=\"lazy\" decoding=\"async\" width=\"944\" height=\"650\" src=\"https:\/\/addinformatica.com\/wp-content\/uploads\/2022\/05\/diversidad-cultural-202205-1.jpg\" class=\"attachment-original size-original wp-post-image\" alt=\"\" srcset=\"https:\/\/addinformatica.com\/wp-content\/uploads\/2022\/05\/diversidad-cultural-202205-1.jpg 944w, https:\/\/addinformatica.com\/wp-content\/uploads\/2022\/05\/diversidad-cultural-202205-1-300x207.jpg 300w, https:\/\/addinformatica.com\/wp-content\/uploads\/2022\/05\/diversidad-cultural-202205-1-768x529.jpg 768w\" sizes=\"auto, (max-width: 944px) 100vw, 944px\" \/>\t\t\t\t\t\t\t<\/a>\n  \t\t\t\t\t\t\t  \t\t\t\t\t\t\t  \t\t\t\t\t\t<\/div>\n  \t\t\t\t\t\t  \t\t\t\t\t<\/div>\n          \t\t\t\t\t<div class=\"box-text text-left is-small\" style=\"padding:0px 0px 0px 0px;\">\n\t\t\t\t\t<div class=\"box-text-inner blog-post-inner\">\n\n\t\t\t\t\t\n\t\t\t\t\t\t\t\t\t\t<h5 class=\"post-title is-large \">\n\t\t\t\t\t\t<a href=\"https:\/\/addinformatica.com\/ca\/noticies\/el-21-de-maig-es-celebra-el-dia-mundial-de-la-diversitat-cultural\/\" class=\"plain\">El 21 de maig es celebra el Dia Mundial de la Diversitat Cultural<\/a>\n\t\t\t\t\t<\/h5>\n\t\t\t\t\t\t\t\t\t\t<div class=\"is-divider\"><\/div>\n\t\t\t\t\t\t\t\t\t\t<p class=\"from_the_blog_excerpt \">\n\t\t\t\t\t\tEl 21 de maig se celebra el Dia [...]\t\t\t\t\t<\/p>\n\t\t\t\t\t                    \n\t\t\t\t\t\n\t\t\t\t\t\n\t\t\t\t\t<\/div>\n\t\t\t\t\t<\/div>\n\t\t\t\t\t\t\t\t\t<\/div>\n\t\t\t<\/div>\n\t\t<\/div><div class=\"col post-item\" >\n\t\t\t<div class=\"col-inner\">\n\t\t\t\t<div class=\"box box-normal box-text-bottom box-blog-post has-hover\">\n            \t\t\t\t\t<div class=\"box-image\" >\n  \t\t\t\t\t\t<div class=\"image-cover\" style=\"padding-top:100%;\">\n\t\t\t\t\t\t\t<a href=\"https:\/\/addinformatica.com\/ca\/noticies\/entrevista-amb-el-soci-i-director-dadministracio-y-rrhh-de-add-informatica-vicente-ferrer\/\" class=\"plain\" aria-label=\"Entrevista amb el Soci i Director d&#8217;Administraci\u00f3 y RRHH de ADD Inform\u00e1tica, Vicente Ferrer\">\n\t\t\t\t\t\t\t\t<img loading=\"lazy\" decoding=\"async\" width=\"525\" height=\"525\" src=\"https:\/\/addinformatica.com\/wp-content\/uploads\/2015\/07\/Vicente-Ferrer2.jpg\" class=\"attachment-original size-original wp-post-image\" alt=\"\" srcset=\"https:\/\/addinformatica.com\/wp-content\/uploads\/2015\/07\/Vicente-Ferrer2.jpg 525w, https:\/\/addinformatica.com\/wp-content\/uploads\/2015\/07\/Vicente-Ferrer2-300x300.jpg 300w, https:\/\/addinformatica.com\/wp-content\/uploads\/2015\/07\/Vicente-Ferrer2-150x150.jpg 150w\" sizes=\"auto, (max-width: 525px) 100vw, 525px\" \/>\t\t\t\t\t\t\t<\/a>\n  \t\t\t\t\t\t\t  \t\t\t\t\t\t\t  \t\t\t\t\t\t<\/div>\n  \t\t\t\t\t\t  \t\t\t\t\t<\/div>\n          \t\t\t\t\t<div class=\"box-text text-left is-small\" style=\"padding:0px 0px 0px 0px;\">\n\t\t\t\t\t<div class=\"box-text-inner blog-post-inner\">\n\n\t\t\t\t\t\n\t\t\t\t\t\t\t\t\t\t<h5 class=\"post-title is-large \">\n\t\t\t\t\t\t<a href=\"https:\/\/addinformatica.com\/ca\/noticies\/entrevista-amb-el-soci-i-director-dadministracio-y-rrhh-de-add-informatica-vicente-ferrer\/\" class=\"plain\">Entrevista amb el Soci i Director d&#8217;Administraci\u00f3 y RRHH de ADD Inform\u00e1tica, Vicente Ferrer<\/a>\n\t\t\t\t\t<\/h5>\n\t\t\t\t\t\t\t\t\t\t<div class=\"is-divider\"><\/div>\n\t\t\t\t\t\t\t\t\t\t<p class=\"from_the_blog_excerpt \">\n\t\t\t\t\t\tCompartim entrevista realitzada per Negocis i Depend\u00e8ncia. El [...]\t\t\t\t\t<\/p>\n\t\t\t\t\t                    \n\t\t\t\t\t\n\t\t\t\t\t\n\t\t\t\t\t<\/div>\n\t\t\t\t\t<\/div>\n\t\t\t\t\t\t\t\t\t<\/div>\n\t\t\t<\/div>\n\t\t<\/div><div class=\"col post-item\" >\n\t\t\t<div class=\"col-inner\">\n\t\t\t\t<div class=\"box box-normal box-text-bottom box-blog-post has-hover\">\n            \t\t\t\t\t<div class=\"box-image\" >\n  \t\t\t\t\t\t<div class=\"image-cover\" style=\"padding-top:100%;\">\n\t\t\t\t\t\t\t<a href=\"https:\/\/addinformatica.com\/ca\/noticies\/el-portal-negocios-y-dependencia-entrevista-a-youssef-abdelilah\/\" class=\"plain\" aria-label=\"El portal Negocis i Depend\u00e8ncia entrevista a Youssef Abdelilah\">\n\t\t\t\t\t\t\t\t<img loading=\"lazy\" decoding=\"async\" width=\"504\" height=\"263\" src=\"https:\/\/addinformatica.com\/wp-content\/uploads\/2022\/05\/Imagen-1.png\" class=\"attachment-original size-original wp-post-image\" alt=\"\" srcset=\"https:\/\/addinformatica.com\/wp-content\/uploads\/2022\/05\/Imagen-1.png 504w, https:\/\/addinformatica.com\/wp-content\/uploads\/2022\/05\/Imagen-1-300x157.png 300w\" sizes=\"auto, (max-width: 504px) 100vw, 504px\" \/>\t\t\t\t\t\t\t<\/a>\n  \t\t\t\t\t\t\t  \t\t\t\t\t\t\t  \t\t\t\t\t\t<\/div>\n  \t\t\t\t\t\t  \t\t\t\t\t<\/div>\n          \t\t\t\t\t<div class=\"box-text text-left is-small\" style=\"padding:0px 0px 0px 0px;\">\n\t\t\t\t\t<div class=\"box-text-inner blog-post-inner\">\n\n\t\t\t\t\t\n\t\t\t\t\t\t\t\t\t\t<h5 class=\"post-title is-large \">\n\t\t\t\t\t\t<a href=\"https:\/\/addinformatica.com\/ca\/noticies\/el-portal-negocios-y-dependencia-entrevista-a-youssef-abdelilah\/\" class=\"plain\">El portal Negocis i Depend\u00e8ncia entrevista a Youssef Abdelilah<\/a>\n\t\t\t\t\t<\/h5>\n\t\t\t\t\t\t\t\t\t\t<div class=\"is-divider\"><\/div>\n\t\t\t\t\t\t\t\t\t\t<p class=\"from_the_blog_excerpt \">\n\t\t\t\t\t\tYoussef Abdelilah,&nbsp;Director Comercial de ADD Inform\u00e1tica: \u201cLa informatizaci\u00f3n [...]\t\t\t\t\t<\/p>\n\t\t\t\t\t                    \n\t\t\t\t\t\n\t\t\t\t\t\n\t\t\t\t\t<\/div>\n\t\t\t\t\t<\/div>\n\t\t\t\t\t\t\t\t\t<\/div>\n\t\t\t<\/div>\n\t\t<\/div><div class=\"col post-item\" >\n\t\t\t<div class=\"col-inner\">\n\t\t\t\t<div class=\"box box-normal box-text-bottom box-blog-post has-hover\">\n            \t\t\t\t\t<div class=\"box-image\" >\n  \t\t\t\t\t\t<div class=\"image-cover\" style=\"padding-top:100%;\">\n\t\t\t\t\t\t\t<a href=\"https:\/\/addinformatica.com\/ca\/noticies\/dia-internacional-del-treball-social\/\" class=\"plain\" aria-label=\"\ufffcDia Internacional del Treball Social\">\n\t\t\t\t\t\t\t\t<img loading=\"lazy\" decoding=\"async\" width=\"949\" height=\"620\" src=\"https:\/\/addinformatica.com\/wp-content\/uploads\/2022\/03\/Portada.jpg\" class=\"attachment-original size-original wp-post-image\" alt=\"\" srcset=\"https:\/\/addinformatica.com\/wp-content\/uploads\/2022\/03\/Portada.jpg 949w, https:\/\/addinformatica.com\/wp-content\/uploads\/2022\/03\/Portada-300x196.jpg 300w, https:\/\/addinformatica.com\/wp-content\/uploads\/2022\/03\/Portada-768x502.jpg 768w\" sizes=\"auto, (max-width: 949px) 100vw, 949px\" \/>\t\t\t\t\t\t\t<\/a>\n  \t\t\t\t\t\t\t  \t\t\t\t\t\t\t  \t\t\t\t\t\t<\/div>\n  \t\t\t\t\t\t  \t\t\t\t\t<\/div>\n          \t\t\t\t\t<div class=\"box-text text-left is-small\" style=\"padding:0px 0px 0px 0px;\">\n\t\t\t\t\t<div class=\"box-text-inner blog-post-inner\">\n\n\t\t\t\t\t\n\t\t\t\t\t\t\t\t\t\t<h5 class=\"post-title is-large \">\n\t\t\t\t\t\t<a href=\"https:\/\/addinformatica.com\/ca\/noticies\/dia-internacional-del-treball-social\/\" class=\"plain\">\ufffcDia Internacional del Treball Social<\/a>\n\t\t\t\t\t<\/h5>\n\t\t\t\t\t\t\t\t\t\t<div class=\"is-divider\"><\/div>\n\t\t\t\t\t\t\t\t\t\t<p class=\"from_the_blog_excerpt \">\n\t\t\t\t\t\tEl Dia Internacional del Treball Social 2022 se [...]\t\t\t\t\t<\/p>\n\t\t\t\t\t                    \n\t\t\t\t\t\n\t\t\t\t\t\n\t\t\t\t\t<\/div>\n\t\t\t\t\t<\/div>\n\t\t\t\t\t\t\t\t\t<\/div>\n\t\t\t<\/div>\n\t\t<\/div><div class=\"col post-item\" >\n\t\t\t<div class=\"col-inner\">\n\t\t\t\t<div class=\"box box-normal box-text-bottom box-blog-post has-hover\">\n            \t\t\t\t\t<div class=\"box-image\" >\n  \t\t\t\t\t\t<div class=\"image-cover\" style=\"padding-top:100%;\">\n\t\t\t\t\t\t\t<a href=\"https:\/\/addinformatica.com\/ca\/noticies\/famosos-discapacitats-que-van-demostrar-que-els-limits-no-existeixen\/\" class=\"plain\" aria-label=\"\ufffcFamosos discapacitats que van demostrar que els l\u00edmits no existeixen\">\n\t\t\t\t\t\t\t\t<img loading=\"lazy\" decoding=\"async\" width=\"944\" height=\"631\" src=\"https:\/\/addinformatica.com\/wp-content\/uploads\/2022\/03\/Portada-2.jpg\" class=\"attachment-original size-original wp-post-image\" alt=\"\" srcset=\"https:\/\/addinformatica.com\/wp-content\/uploads\/2022\/03\/Portada-2.jpg 944w, https:\/\/addinformatica.com\/wp-content\/uploads\/2022\/03\/Portada-2-300x201.jpg 300w, https:\/\/addinformatica.com\/wp-content\/uploads\/2022\/03\/Portada-2-768x513.jpg 768w\" sizes=\"auto, (max-width: 944px) 100vw, 944px\" \/>\t\t\t\t\t\t\t<\/a>\n  \t\t\t\t\t\t\t  \t\t\t\t\t\t\t  \t\t\t\t\t\t<\/div>\n  \t\t\t\t\t\t  \t\t\t\t\t<\/div>\n          \t\t\t\t\t<div class=\"box-text text-left is-small\" style=\"padding:0px 0px 0px 0px;\">\n\t\t\t\t\t<div class=\"box-text-inner blog-post-inner\">\n\n\t\t\t\t\t\n\t\t\t\t\t\t\t\t\t\t<h5 class=\"post-title is-large \">\n\t\t\t\t\t\t<a href=\"https:\/\/addinformatica.com\/ca\/noticies\/famosos-discapacitats-que-van-demostrar-que-els-limits-no-existeixen\/\" class=\"plain\">\ufffcFamosos discapacitats que van demostrar que els l\u00edmits no existeixen<\/a>\n\t\t\t\t\t<\/h5>\n\t\t\t\t\t\t\t\t\t\t<div class=\"is-divider\"><\/div>\n\t\t\t\t\t\t\t\t\t\t<p class=\"from_the_blog_excerpt \">\n\t\t\t\t\t\tLa vida de les persones amb discapacitat no [...]\t\t\t\t\t<\/p>\n\t\t\t\t\t                    \n\t\t\t\t\t\n\t\t\t\t\t\n\t\t\t\t\t<\/div>\n\t\t\t\t\t<\/div>\n\t\t\t\t\t\t\t\t\t<\/div>\n\t\t\t<\/div>\n\t\t<\/div><div class=\"col post-item\" >\n\t\t\t<div class=\"col-inner\">\n\t\t\t\t<div class=\"box box-normal box-text-bottom box-blog-post has-hover\">\n            \t\t\t\t\t<div class=\"box-image\" >\n  \t\t\t\t\t\t<div class=\"image-cover\" style=\"padding-top:100%;\">\n\t\t\t\t\t\t\t<a href=\"https:\/\/addinformatica.com\/ca\/noticies\/coneix-els-guanyadors-del-9e-concurs-de-manualitats-nadalenques-nav-cia-2021-2022\/\" class=\"plain\" aria-label=\"Coneix els guanyadors del 9\u00e8 Concurs de manualitats Nadalenques Nav &#038; C\u00eda. 2021-2022\">\n\t\t\t\t\t\t\t\t<img loading=\"lazy\" decoding=\"async\" width=\"661\" height=\"733\" src=\"https:\/\/addinformatica.com\/wp-content\/uploads\/2022\/02\/Por-novena-ocasio\u0301n-ADD-Informa\u0301tica-organiza-este-concurso-en-navidad.jpg\" class=\"attachment-original size-original wp-post-image\" alt=\"\" srcset=\"https:\/\/addinformatica.com\/wp-content\/uploads\/2022\/02\/Por-novena-ocasio\u0301n-ADD-Informa\u0301tica-organiza-este-concurso-en-navidad.jpg 661w, https:\/\/addinformatica.com\/wp-content\/uploads\/2022\/02\/Por-novena-ocasio\u0301n-ADD-Informa\u0301tica-organiza-este-concurso-en-navidad-271x300.jpg 271w\" sizes=\"auto, (max-width: 661px) 100vw, 661px\" \/>\t\t\t\t\t\t\t<\/a>\n  \t\t\t\t\t\t\t  \t\t\t\t\t\t\t  \t\t\t\t\t\t<\/div>\n  \t\t\t\t\t\t  \t\t\t\t\t<\/div>\n          \t\t\t\t\t<div class=\"box-text text-left is-small\" style=\"padding:0px 0px 0px 0px;\">\n\t\t\t\t\t<div class=\"box-text-inner blog-post-inner\">\n\n\t\t\t\t\t\n\t\t\t\t\t\t\t\t\t\t<h5 class=\"post-title is-large \">\n\t\t\t\t\t\t<a href=\"https:\/\/addinformatica.com\/ca\/noticies\/coneix-els-guanyadors-del-9e-concurs-de-manualitats-nadalenques-nav-cia-2021-2022\/\" class=\"plain\">Coneix els guanyadors del 9\u00e8 Concurs de manualitats Nadalenques Nav &#038; C\u00eda. 2021-2022<\/a>\n\t\t\t\t\t<\/h5>\n\t\t\t\t\t\t\t\t\t\t<div class=\"is-divider\"><\/div>\n\t\t\t\t\t\t\t\t\t\t<p class=\"from_the_blog_excerpt \">\n\t\t\t\t\t\tJa va acabar el nadal i vam poder [...]\t\t\t\t\t<\/p>\n\t\t\t\t\t                    \n\t\t\t\t\t\n\t\t\t\t\t\n\t\t\t\t\t<\/div>\n\t\t\t\t\t<\/div>\n\t\t\t\t\t\t\t\t\t<\/div>\n\t\t\t<\/div>\n\t\t<\/div><div class=\"col post-item\" >\n\t\t\t<div class=\"col-inner\">\n\t\t\t\t<div class=\"box box-normal box-text-bottom box-blog-post has-hover\">\n            \t\t\t\t\t<div class=\"box-image\" >\n  \t\t\t\t\t\t<div class=\"image-cover\" style=\"padding-top:100%;\">\n\t\t\t\t\t\t\t<a href=\"https:\/\/addinformatica.com\/ca\/noticies\/com-se-celebra-sant-valenti-als-centres-de-la-tercera-edat\/\" class=\"plain\" aria-label=\"Com se celebra Sant Valent\u00ed als centres de la tercera edat?\">\n\t\t\t\t\t\t\t\t<img loading=\"lazy\" decoding=\"async\" width=\"895\" height=\"577\" src=\"https:\/\/addinformatica.com\/wp-content\/uploads\/2022\/02\/Los-centros-de-la-tercera-edad-celebran-el-Di\u0301a-de-San-Valenti\u0301n-con-mucho-amor.jpg\" class=\"attachment-original size-original wp-post-image\" alt=\"\" srcset=\"https:\/\/addinformatica.com\/wp-content\/uploads\/2022\/02\/Los-centros-de-la-tercera-edad-celebran-el-Di\u0301a-de-San-Valenti\u0301n-con-mucho-amor.jpg 895w, https:\/\/addinformatica.com\/wp-content\/uploads\/2022\/02\/Los-centros-de-la-tercera-edad-celebran-el-Di\u0301a-de-San-Valenti\u0301n-con-mucho-amor-300x193.jpg 300w, https:\/\/addinformatica.com\/wp-content\/uploads\/2022\/02\/Los-centros-de-la-tercera-edad-celebran-el-Di\u0301a-de-San-Valenti\u0301n-con-mucho-amor-768x495.jpg 768w\" sizes=\"auto, (max-width: 895px) 100vw, 895px\" \/>\t\t\t\t\t\t\t<\/a>\n  \t\t\t\t\t\t\t  \t\t\t\t\t\t\t  \t\t\t\t\t\t<\/div>\n  \t\t\t\t\t\t  \t\t\t\t\t<\/div>\n          \t\t\t\t\t<div class=\"box-text text-left is-small\" style=\"padding:0px 0px 0px 0px;\">\n\t\t\t\t\t<div class=\"box-text-inner blog-post-inner\">\n\n\t\t\t\t\t\n\t\t\t\t\t\t\t\t\t\t<h5 class=\"post-title is-large \">\n\t\t\t\t\t\t<a href=\"https:\/\/addinformatica.com\/ca\/noticies\/com-se-celebra-sant-valenti-als-centres-de-la-tercera-edat\/\" class=\"plain\">Com se celebra Sant Valent\u00ed als centres de la tercera edat?<\/a>\n\t\t\t\t\t<\/h5>\n\t\t\t\t\t\t\t\t\t\t<div class=\"is-divider\"><\/div>\n\t\t\t\t\t\t\t\t\t\t<p class=\"from_the_blog_excerpt \">\n\t\t\t\t\t\tEl Dia de Sant Valent\u00ed \u00e9s una data [...]\t\t\t\t\t<\/p>\n\t\t\t\t\t                    \n\t\t\t\t\t\n\t\t\t\t\t\n\t\t\t\t\t<\/div>\n\t\t\t\t\t<\/div>\n\t\t\t\t\t\t\t\t\t<\/div>\n\t\t\t<\/div>\n\t\t<\/div><div class=\"col post-item\" >\n\t\t\t<div class=\"col-inner\">\n\t\t\t\t<div class=\"box box-normal box-text-bottom box-blog-post has-hover\">\n            \t\t\t\t\t<div class=\"box-image\" >\n  \t\t\t\t\t\t<div class=\"image-cover\" style=\"padding-top:100%;\">\n\t\t\t\t\t\t\t<a href=\"https:\/\/addinformatica.com\/ca\/noticies\/esdeveniment-silver-economy-de-gipuzkoa-tot-un-exit\/\" class=\"plain\" aria-label=\"Esdeveniment Silver Economy de Gipuzkoa: tot un \u00e8xit\">\n\t\t\t\t\t\t\t\t<img loading=\"lazy\" decoding=\"async\" width=\"926\" height=\"601\" src=\"https:\/\/addinformatica.com\/wp-content\/uploads\/2022\/02\/1.Portada.jpg\" class=\"attachment-original size-original wp-post-image\" alt=\"\" srcset=\"https:\/\/addinformatica.com\/wp-content\/uploads\/2022\/02\/1.Portada.jpg 926w, https:\/\/addinformatica.com\/wp-content\/uploads\/2022\/02\/1.Portada-300x195.jpg 300w, https:\/\/addinformatica.com\/wp-content\/uploads\/2022\/02\/1.Portada-768x498.jpg 768w\" sizes=\"auto, (max-width: 926px) 100vw, 926px\" \/>\t\t\t\t\t\t\t<\/a>\n  \t\t\t\t\t\t\t  \t\t\t\t\t\t\t  \t\t\t\t\t\t<\/div>\n  \t\t\t\t\t\t  \t\t\t\t\t<\/div>\n          \t\t\t\t\t<div class=\"box-text text-left is-small\" style=\"padding:0px 0px 0px 0px;\">\n\t\t\t\t\t<div class=\"box-text-inner blog-post-inner\">\n\n\t\t\t\t\t\n\t\t\t\t\t\t\t\t\t\t<h5 class=\"post-title is-large \">\n\t\t\t\t\t\t<a href=\"https:\/\/addinformatica.com\/ca\/noticies\/esdeveniment-silver-economy-de-gipuzkoa-tot-un-exit\/\" class=\"plain\">Esdeveniment Silver Economy de Gipuzkoa: tot un \u00e8xit<\/a>\n\t\t\t\t\t<\/h5>\n\t\t\t\t\t\t\t\t\t\t<div class=\"is-divider\"><\/div>\n\t\t\t\t\t\t\t\t\t\t<p class=\"from_the_blog_excerpt \">\n\t\t\t\t\t\tEl passat 27 de gener es va celebrar [...]\t\t\t\t\t<\/p>\n\t\t\t\t\t                    \n\t\t\t\t\t\n\t\t\t\t\t\n\t\t\t\t\t<\/div>\n\t\t\t\t\t<\/div>\n\t\t\t\t\t\t\t\t\t<\/div>\n\t\t\t<\/div>\n\t\t<\/div><div class=\"col post-item\" >\n\t\t\t<div class=\"col-inner\">\n\t\t\t\t<div class=\"box box-normal box-text-bottom box-blog-post has-hover\">\n            \t\t\t\t\t<div class=\"box-image\" >\n  \t\t\t\t\t\t<div class=\"image-cover\" style=\"padding-top:100%;\">\n\t\t\t\t\t\t\t<a href=\"https:\/\/addinformatica.com\/ca\/noticies\/15-de-febrer-dia-internacional-de-la-sindrome-dangelman\/\" class=\"plain\" aria-label=\"15 de febrer: D\u00eda Internacional de la S\u00edndrome d&#8217;Angelman\">\n\t\t\t\t\t\t\t\t<img loading=\"lazy\" decoding=\"async\" width=\"945\" height=\"507\" src=\"https:\/\/addinformatica.com\/wp-content\/uploads\/2022\/02\/El-Si\u0301ndrome-de-Angelman-tiene-origen-gene\u0301tico-y-es-una-condicio\u0301n-poco-comu\u0301n.jpg\" class=\"attachment-original size-original wp-post-image\" alt=\"\" srcset=\"https:\/\/addinformatica.com\/wp-content\/uploads\/2022\/02\/El-Si\u0301ndrome-de-Angelman-tiene-origen-gene\u0301tico-y-es-una-condicio\u0301n-poco-comu\u0301n.jpg 945w, https:\/\/addinformatica.com\/wp-content\/uploads\/2022\/02\/El-Si\u0301ndrome-de-Angelman-tiene-origen-gene\u0301tico-y-es-una-condicio\u0301n-poco-comu\u0301n-300x161.jpg 300w, https:\/\/addinformatica.com\/wp-content\/uploads\/2022\/02\/El-Si\u0301ndrome-de-Angelman-tiene-origen-gene\u0301tico-y-es-una-condicio\u0301n-poco-comu\u0301n-768x412.jpg 768w\" sizes=\"auto, (max-width: 945px) 100vw, 945px\" \/>\t\t\t\t\t\t\t<\/a>\n  \t\t\t\t\t\t\t  \t\t\t\t\t\t\t  \t\t\t\t\t\t<\/div>\n  \t\t\t\t\t\t  \t\t\t\t\t<\/div>\n          \t\t\t\t\t<div class=\"box-text text-left is-small\" style=\"padding:0px 0px 0px 0px;\">\n\t\t\t\t\t<div class=\"box-text-inner blog-post-inner\">\n\n\t\t\t\t\t\n\t\t\t\t\t\t\t\t\t\t<h5 class=\"post-title is-large \">\n\t\t\t\t\t\t<a href=\"https:\/\/addinformatica.com\/ca\/noticies\/15-de-febrer-dia-internacional-de-la-sindrome-dangelman\/\" class=\"plain\">15 de febrer: D\u00eda Internacional de la S\u00edndrome d&#8217;Angelman<\/a>\n\t\t\t\t\t<\/h5>\n\t\t\t\t\t\t\t\t\t\t<div class=\"is-divider\"><\/div>\n\t\t\t\t\t\t\t\t\t\t<p class=\"from_the_blog_excerpt \">\n\t\t\t\t\t\tDes de l&#8217;any 2013 cada 15 de febrer [...]\t\t\t\t\t<\/p>\n\t\t\t\t\t                    \n\t\t\t\t\t\n\t\t\t\t\t\n\t\t\t\t\t<\/div>\n\t\t\t\t\t<\/div>\n\t\t\t\t\t\t\t\t\t<\/div>\n\t\t\t<\/div>\n\t\t<\/div><div class=\"col post-item\" >\n\t\t\t<div class=\"col-inner\">\n\t\t\t\t<div class=\"box box-normal box-text-bottom box-blog-post has-hover\">\n            \t\t\t\t\t<div class=\"box-image\" >\n  \t\t\t\t\t\t<div class=\"image-cover\" style=\"padding-top:100%;\">\n\t\t\t\t\t\t\t<a href=\"https:\/\/addinformatica.com\/ca\/noticies\/la-vida-despres-del-centre-dacollida\/\" class=\"plain\" aria-label=\"La vida despr\u00e9s del centre d\u00b4acollida\">\n\t\t\t\t\t\t\t\t<img loading=\"lazy\" decoding=\"async\" width=\"954\" height=\"634\" src=\"https:\/\/addinformatica.com\/wp-content\/uploads\/2022\/01\/Los-centros-de-acogida-brindan-herramientas-a-las-personas-para-continuar-con-su-vida..jpg\" class=\"attachment-original size-original wp-post-image\" alt=\"\" srcset=\"https:\/\/addinformatica.com\/wp-content\/uploads\/2022\/01\/Los-centros-de-acogida-brindan-herramientas-a-las-personas-para-continuar-con-su-vida..jpg 954w, https:\/\/addinformatica.com\/wp-content\/uploads\/2022\/01\/Los-centros-de-acogida-brindan-herramientas-a-las-personas-para-continuar-con-su-vida.-300x199.jpg 300w, https:\/\/addinformatica.com\/wp-content\/uploads\/2022\/01\/Los-centros-de-acogida-brindan-herramientas-a-las-personas-para-continuar-con-su-vida.-768x510.jpg 768w\" sizes=\"auto, (max-width: 954px) 100vw, 954px\" \/>\t\t\t\t\t\t\t<\/a>\n  \t\t\t\t\t\t\t  \t\t\t\t\t\t\t  \t\t\t\t\t\t<\/div>\n  \t\t\t\t\t\t  \t\t\t\t\t<\/div>\n          \t\t\t\t\t<div class=\"box-text text-left is-small\" style=\"padding:0px 0px 0px 0px;\">\n\t\t\t\t\t<div class=\"box-text-inner blog-post-inner\">\n\n\t\t\t\t\t\n\t\t\t\t\t\t\t\t\t\t<h5 class=\"post-title is-large \">\n\t\t\t\t\t\t<a href=\"https:\/\/addinformatica.com\/ca\/noticies\/la-vida-despres-del-centre-dacollida\/\" class=\"plain\">La vida despr\u00e9s del centre d\u00b4acollida<\/a>\n\t\t\t\t\t<\/h5>\n\t\t\t\t\t\t\t\t\t\t<div class=\"is-divider\"><\/div>\n\t\t\t\t\t\t\t\t\t\t<p class=\"from_the_blog_excerpt \">\n\t\t\t\t\t\tLa vida despr\u00e9s del centre d&#8217;acollida continua , [...]\t\t\t\t\t<\/p>\n\t\t\t\t\t                    \n\t\t\t\t\t\n\t\t\t\t\t\n\t\t\t\t\t<\/div>\n\t\t\t\t\t<\/div>\n\t\t\t\t\t\t\t\t\t<\/div>\n\t\t\t<\/div>\n\t\t<\/div><div class=\"col post-item\" >\n\t\t\t<div class=\"col-inner\">\n\t\t\t\t<div class=\"box box-normal box-text-bottom box-blog-post has-hover\">\n            \t\t\t\t\t<div class=\"box-image\" >\n  \t\t\t\t\t\t<div class=\"image-cover\" style=\"padding-top:100%;\">\n\t\t\t\t\t\t\t<a href=\"https:\/\/addinformatica.com\/ca\/noticies\/cada-24-de-gener-se-celebra-dia-mundial-de-la-sindrome-de-moebius\/\" class=\"plain\" aria-label=\"Cada 24 de gener se celebra Dia Mundial de la S\u00edndrome de Moebius\">\n\t\t\t\t\t\t\t\t<img loading=\"lazy\" decoding=\"async\" width=\"645\" height=\"422\" src=\"https:\/\/addinformatica.com\/wp-content\/uploads\/2022\/01\/El-Si\u0301ndrome-de-Moebius-fue-descubierto-por-Paul-Julius-Moebius.jpg\" class=\"attachment-original size-original wp-post-image\" alt=\"\" srcset=\"https:\/\/addinformatica.com\/wp-content\/uploads\/2022\/01\/El-Si\u0301ndrome-de-Moebius-fue-descubierto-por-Paul-Julius-Moebius.jpg 645w, https:\/\/addinformatica.com\/wp-content\/uploads\/2022\/01\/El-Si\u0301ndrome-de-Moebius-fue-descubierto-por-Paul-Julius-Moebius-300x196.jpg 300w\" sizes=\"auto, (max-width: 645px) 100vw, 645px\" \/>\t\t\t\t\t\t\t<\/a>\n  \t\t\t\t\t\t\t  \t\t\t\t\t\t\t  \t\t\t\t\t\t<\/div>\n  \t\t\t\t\t\t  \t\t\t\t\t<\/div>\n          \t\t\t\t\t<div class=\"box-text text-left is-small\" style=\"padding:0px 0px 0px 0px;\">\n\t\t\t\t\t<div class=\"box-text-inner blog-post-inner\">\n\n\t\t\t\t\t\n\t\t\t\t\t\t\t\t\t\t<h5 class=\"post-title is-large \">\n\t\t\t\t\t\t<a href=\"https:\/\/addinformatica.com\/ca\/noticies\/cada-24-de-gener-se-celebra-dia-mundial-de-la-sindrome-de-moebius\/\" class=\"plain\">Cada 24 de gener se celebra Dia Mundial de la S\u00edndrome de Moebius<\/a>\n\t\t\t\t\t<\/h5>\n\t\t\t\t\t\t\t\t\t\t<div class=\"is-divider\"><\/div>\n\t\t\t\t\t\t\t\t\t\t<p class=\"from_the_blog_excerpt \">\n\t\t\t\t\t\tA finals del segle XIX, un metge alemany [...]\t\t\t\t\t<\/p>\n\t\t\t\t\t                    \n\t\t\t\t\t\n\t\t\t\t\t\n\t\t\t\t\t<\/div>\n\t\t\t\t\t<\/div>\n\t\t\t\t\t\t\t\t\t<\/div>\n\t\t\t<\/div>\n\t\t<\/div><div class=\"col post-item\" >\n\t\t\t<div class=\"col-inner\">\n\t\t\t\t<div class=\"box box-normal box-text-bottom box-blog-post has-hover\">\n            \t\t\t\t\t<div class=\"box-image\" >\n  \t\t\t\t\t\t<div class=\"image-cover\" style=\"padding-top:100%;\">\n\t\t\t\t\t\t\t<a href=\"https:\/\/addinformatica.com\/ca\/noticies\/guanyadors-del-9e-concurs-de-manualitats-nadalenques-nav-cia-2021-2022\/\" class=\"plain\" aria-label=\"Guanyadors del 9\u00e9 Concurs de manualitats Nadalenques Nav &#038; C\u00eda. 2021-2022\">\n\t\t\t\t\t\t\t\t<img loading=\"lazy\" decoding=\"async\" width=\"1200\" height=\"1200\" src=\"https:\/\/addinformatica.com\/wp-content\/uploads\/2021\/11\/NavCia-ES.jpg\" class=\"attachment-original size-original wp-post-image\" alt=\"\" srcset=\"https:\/\/addinformatica.com\/wp-content\/uploads\/2021\/11\/NavCia-ES.jpg 1200w, https:\/\/addinformatica.com\/wp-content\/uploads\/2021\/11\/NavCia-ES-300x300.jpg 300w, https:\/\/addinformatica.com\/wp-content\/uploads\/2021\/11\/NavCia-ES-1024x1024.jpg 1024w, https:\/\/addinformatica.com\/wp-content\/uploads\/2021\/11\/NavCia-ES-150x150.jpg 150w, https:\/\/addinformatica.com\/wp-content\/uploads\/2021\/11\/NavCia-ES-768x768.jpg 768w\" sizes=\"auto, (max-width: 1200px) 100vw, 1200px\" \/>\t\t\t\t\t\t\t<\/a>\n  \t\t\t\t\t\t\t  \t\t\t\t\t\t\t  \t\t\t\t\t\t<\/div>\n  \t\t\t\t\t\t  \t\t\t\t\t<\/div>\n          \t\t\t\t\t<div class=\"box-text text-left is-small\" style=\"padding:0px 0px 0px 0px;\">\n\t\t\t\t\t<div class=\"box-text-inner blog-post-inner\">\n\n\t\t\t\t\t\n\t\t\t\t\t\t\t\t\t\t<h5 class=\"post-title is-large \">\n\t\t\t\t\t\t<a href=\"https:\/\/addinformatica.com\/ca\/noticies\/guanyadors-del-9e-concurs-de-manualitats-nadalenques-nav-cia-2021-2022\/\" class=\"plain\">Guanyadors del 9\u00e9 Concurs de manualitats Nadalenques Nav &#038; C\u00eda. 2021-2022<\/a>\n\t\t\t\t\t<\/h5>\n\t\t\t\t\t\t\t\t\t\t<div class=\"is-divider\"><\/div>\n\t\t\t\t\t\t\t\t\t\t<p class=\"from_the_blog_excerpt \">\n\t\t\t\t\t\t\t\t\t\t\t<\/p>\n\t\t\t\t\t                    \n\t\t\t\t\t\n\t\t\t\t\t\n\t\t\t\t\t<\/div>\n\t\t\t\t\t<\/div>\n\t\t\t\t\t\t\t\t\t<\/div>\n\t\t\t<\/div>\n\t\t<\/div><div class=\"col post-item\" >\n\t\t\t<div class=\"col-inner\">\n\t\t\t\t<div class=\"box box-normal box-text-bottom box-blog-post has-hover\">\n            \t\t\t\t\t<div class=\"box-image\" >\n  \t\t\t\t\t\t<div class=\"image-cover\" style=\"padding-top:100%;\">\n\t\t\t\t\t\t\t<a href=\"https:\/\/addinformatica.com\/ca\/noticies\/nadal-als-centres-dajuda\/\" class=\"plain\" aria-label=\"Nadal als centres d&#8217;ajuda\">\n\t\t\t\t\t\t\t\t<img loading=\"lazy\" decoding=\"async\" width=\"700\" height=\"450\" src=\"https:\/\/addinformatica.com\/wp-content\/uploads\/2021\/12\/Navidad-en-los-centros.png\" class=\"attachment-original size-original wp-post-image\" alt=\"\" srcset=\"https:\/\/addinformatica.com\/wp-content\/uploads\/2021\/12\/Navidad-en-los-centros.png 700w, https:\/\/addinformatica.com\/wp-content\/uploads\/2021\/12\/Navidad-en-los-centros-300x193.png 300w\" sizes=\"auto, (max-width: 700px) 100vw, 700px\" \/>\t\t\t\t\t\t\t<\/a>\n  \t\t\t\t\t\t\t  \t\t\t\t\t\t\t  \t\t\t\t\t\t<\/div>\n  \t\t\t\t\t\t  \t\t\t\t\t<\/div>\n          \t\t\t\t\t<div class=\"box-text text-left is-small\" style=\"padding:0px 0px 0px 0px;\">\n\t\t\t\t\t<div class=\"box-text-inner blog-post-inner\">\n\n\t\t\t\t\t\n\t\t\t\t\t\t\t\t\t\t<h5 class=\"post-title is-large \">\n\t\t\t\t\t\t<a href=\"https:\/\/addinformatica.com\/ca\/noticies\/nadal-als-centres-dajuda\/\" class=\"plain\">Nadal als centres d&#8217;ajuda<\/a>\n\t\t\t\t\t<\/h5>\n\t\t\t\t\t\t\t\t\t\t<div class=\"is-divider\"><\/div>\n\t\t\t\t\t\t\t\t\t\t<p class=\"from_the_blog_excerpt \">\n\t\t\t\t\t\tNo hi ha dubte que el&nbsp;nadal&nbsp;\u00e9s sin\u00f2nim de [...]\t\t\t\t\t<\/p>\n\t\t\t\t\t                    \n\t\t\t\t\t\n\t\t\t\t\t\n\t\t\t\t\t<\/div>\n\t\t\t\t\t<\/div>\n\t\t\t\t\t\t\t\t\t<\/div>\n\t\t\t<\/div>\n\t\t<\/div><div class=\"col post-item\" >\n\t\t\t<div class=\"col-inner\">\n\t\t\t\t<div class=\"box box-normal box-text-bottom box-blog-post has-hover\">\n            \t\t\t\t\t<div class=\"box-image\" >\n  \t\t\t\t\t\t<div class=\"image-cover\" style=\"padding-top:100%;\">\n\t\t\t\t\t\t\t<a href=\"https:\/\/addinformatica.com\/ca\/noticies\/dia-internacional-de-lesclerosi-multiple\/\" class=\"plain\" aria-label=\"Dia internacional de l&#8217;Esclerosi M\u00faltiple\">\n\t\t\t\t\t\t\t\t<img loading=\"lazy\" decoding=\"async\" width=\"700\" height=\"450\" src=\"https:\/\/addinformatica.com\/wp-content\/uploads\/2021\/12\/Di\u0301a-internacional-EM.png\" class=\"attachment-original size-original wp-post-image\" alt=\"\" srcset=\"https:\/\/addinformatica.com\/wp-content\/uploads\/2021\/12\/Di\u0301a-internacional-EM.png 700w, https:\/\/addinformatica.com\/wp-content\/uploads\/2021\/12\/Di\u0301a-internacional-EM-300x193.png 300w\" sizes=\"auto, (max-width: 700px) 100vw, 700px\" \/>\t\t\t\t\t\t\t<\/a>\n  \t\t\t\t\t\t\t  \t\t\t\t\t\t\t  \t\t\t\t\t\t<\/div>\n  \t\t\t\t\t\t  \t\t\t\t\t<\/div>\n          \t\t\t\t\t<div class=\"box-text text-left is-small\" style=\"padding:0px 0px 0px 0px;\">\n\t\t\t\t\t<div class=\"box-text-inner blog-post-inner\">\n\n\t\t\t\t\t\n\t\t\t\t\t\t\t\t\t\t<h5 class=\"post-title is-large \">\n\t\t\t\t\t\t<a href=\"https:\/\/addinformatica.com\/ca\/noticies\/dia-internacional-de-lesclerosi-multiple\/\" class=\"plain\">Dia internacional de l&#8217;Esclerosi M\u00faltiple<\/a>\n\t\t\t\t\t<\/h5>\n\t\t\t\t\t\t\t\t\t\t<div class=\"is-divider\"><\/div>\n\t\t\t\t\t\t\t\t\t\t<p class=\"from_the_blog_excerpt \">\n\t\t\t\t\t\tL&#8217;&nbsp;esclerosi m\u00faltiple&nbsp;\u00e9s una malaltia que afecta gaireb\u00e9 tres [...]\t\t\t\t\t<\/p>\n\t\t\t\t\t                    \n\t\t\t\t\t\n\t\t\t\t\t\n\t\t\t\t\t<\/div>\n\t\t\t\t\t<\/div>\n\t\t\t\t\t\t\t\t\t<\/div>\n\t\t\t<\/div>\n\t\t<\/div><div class=\"col post-item\" >\n\t\t\t<div class=\"col-inner\">\n\t\t\t\t<div class=\"box box-normal box-text-bottom box-blog-post has-hover\">\n            \t\t\t\t\t<div class=\"box-image\" >\n  \t\t\t\t\t\t<div class=\"image-cover\" style=\"padding-top:100%;\">\n\t\t\t\t\t\t\t<a href=\"https:\/\/addinformatica.com\/ca\/noticies\/dia-internacional-de-la-lluita-contra-els-trastorns-de-la-conducta-alimentaria\/\" class=\"plain\" aria-label=\"Dia internacional de la lluita contra els Trastorns de la Conducta Aliment\u00e0ria\">\n\t\t\t\t\t\t\t\t<img loading=\"lazy\" decoding=\"async\" width=\"800\" height=\"533\" src=\"https:\/\/addinformatica.com\/wp-content\/uploads\/2021\/11\/NOVIEMBRE-2o-dia-internacional-de-la-lucha-contra-los-trastornos-de-la-conducta-alimentaria.png\" class=\"attachment-original size-original wp-post-image\" alt=\"\" srcset=\"https:\/\/addinformatica.com\/wp-content\/uploads\/2021\/11\/NOVIEMBRE-2o-dia-internacional-de-la-lucha-contra-los-trastornos-de-la-conducta-alimentaria.png 800w, https:\/\/addinformatica.com\/wp-content\/uploads\/2021\/11\/NOVIEMBRE-2o-dia-internacional-de-la-lucha-contra-los-trastornos-de-la-conducta-alimentaria-300x200.png 300w, https:\/\/addinformatica.com\/wp-content\/uploads\/2021\/11\/NOVIEMBRE-2o-dia-internacional-de-la-lucha-contra-los-trastornos-de-la-conducta-alimentaria-768x512.png 768w\" sizes=\"auto, (max-width: 800px) 100vw, 800px\" \/>\t\t\t\t\t\t\t<\/a>\n  \t\t\t\t\t\t\t  \t\t\t\t\t\t\t  \t\t\t\t\t\t<\/div>\n  \t\t\t\t\t\t  \t\t\t\t\t<\/div>\n          \t\t\t\t\t<div class=\"box-text text-left is-small\" style=\"padding:0px 0px 0px 0px;\">\n\t\t\t\t\t<div class=\"box-text-inner blog-post-inner\">\n\n\t\t\t\t\t\n\t\t\t\t\t\t\t\t\t\t<h5 class=\"post-title is-large \">\n\t\t\t\t\t\t<a href=\"https:\/\/addinformatica.com\/ca\/noticies\/dia-internacional-de-la-lluita-contra-els-trastorns-de-la-conducta-alimentaria\/\" class=\"plain\">Dia internacional de la lluita contra els Trastorns de la Conducta Aliment\u00e0ria<\/a>\n\t\t\t\t\t<\/h5>\n\t\t\t\t\t\t\t\t\t\t<div class=\"is-divider\"><\/div>\n\t\t\t\t\t\t\t\t\t\t<p class=\"from_the_blog_excerpt \">\n\t\t\t\t\t\tDes de fa 9 anys, la comunitat internacional [...]\t\t\t\t\t<\/p>\n\t\t\t\t\t                    \n\t\t\t\t\t\n\t\t\t\t\t\n\t\t\t\t\t<\/div>\n\t\t\t\t\t<\/div>\n\t\t\t\t\t\t\t\t\t<\/div>\n\t\t\t<\/div>\n\t\t<\/div><div class=\"col post-item\" >\n\t\t\t<div class=\"col-inner\">\n\t\t\t\t<div class=\"box box-normal box-text-bottom box-blog-post has-hover\">\n            \t\t\t\t\t<div class=\"box-image\" >\n  \t\t\t\t\t\t<div class=\"image-cover\" style=\"padding-top:100%;\">\n\t\t\t\t\t\t\t<a href=\"https:\/\/addinformatica.com\/ca\/noticies\/finalitzat-el-9e-concurs-de-manualitats-nadalenques-navcia-2021-2022\/\" class=\"plain\" aria-label=\"Finalitzat el 9\u00e8 Concurs de manualitats Nadalenques NAV&#038;CIA 2021-2022\">\n\t\t\t\t\t\t\t\t<img loading=\"lazy\" decoding=\"async\" width=\"1200\" height=\"1200\" src=\"https:\/\/addinformatica.com\/wp-content\/uploads\/2021\/11\/NavCia-CA.jpg\" class=\"attachment-original size-original wp-post-image\" alt=\"\" srcset=\"https:\/\/addinformatica.com\/wp-content\/uploads\/2021\/11\/NavCia-CA.jpg 1200w, https:\/\/addinformatica.com\/wp-content\/uploads\/2021\/11\/NavCia-CA-300x300.jpg 300w, https:\/\/addinformatica.com\/wp-content\/uploads\/2021\/11\/NavCia-CA-1024x1024.jpg 1024w, https:\/\/addinformatica.com\/wp-content\/uploads\/2021\/11\/NavCia-CA-150x150.jpg 150w, https:\/\/addinformatica.com\/wp-content\/uploads\/2021\/11\/NavCia-CA-768x768.jpg 768w\" sizes=\"auto, (max-width: 1200px) 100vw, 1200px\" \/>\t\t\t\t\t\t\t<\/a>\n  \t\t\t\t\t\t\t  \t\t\t\t\t\t\t  \t\t\t\t\t\t<\/div>\n  \t\t\t\t\t\t  \t\t\t\t\t<\/div>\n          \t\t\t\t\t<div class=\"box-text text-left is-small\" style=\"padding:0px 0px 0px 0px;\">\n\t\t\t\t\t<div class=\"box-text-inner blog-post-inner\">\n\n\t\t\t\t\t\n\t\t\t\t\t\t\t\t\t\t<h5 class=\"post-title is-large \">\n\t\t\t\t\t\t<a href=\"https:\/\/addinformatica.com\/ca\/noticies\/finalitzat-el-9e-concurs-de-manualitats-nadalenques-navcia-2021-2022\/\" class=\"plain\">Finalitzat el 9\u00e8 Concurs de manualitats Nadalenques NAV&#038;CIA 2021-2022<\/a>\n\t\t\t\t\t<\/h5>\n\t\t\t\t\t\t\t\t\t\t<div class=\"is-divider\"><\/div>\n\t\t\t\t\t\t\t\t\t\t<p class=\"from_the_blog_excerpt \">\n\t\t\t\t\t\t\t\t\t\t\t<\/p>\n\t\t\t\t\t                    \n\t\t\t\t\t\n\t\t\t\t\t\n\t\t\t\t\t<\/div>\n\t\t\t\t\t<\/div>\n\t\t\t\t\t\t\t\t\t<\/div>\n\t\t\t<\/div>\n\t\t<\/div><div class=\"col post-item\" >\n\t\t\t<div class=\"col-inner\">\n\t\t\t\t<div class=\"box box-normal box-text-bottom box-blog-post has-hover\">\n            \t\t\t\t\t<div class=\"box-image\" >\n  \t\t\t\t\t\t<div class=\"image-cover\" style=\"padding-top:100%;\">\n\t\t\t\t\t\t\t<a href=\"https:\/\/addinformatica.com\/ca\/noticies\/finalitzada-la-i-etapa-del-9e-concurs-navcia-2021-2022\/\" class=\"plain\" aria-label=\"Finalitzada la I Etapa del 9\u00e8 Concurs NAV&#038;CIA 2021-2022\">\n\t\t\t\t\t\t\t\t<img loading=\"lazy\" decoding=\"async\" width=\"1200\" height=\"1200\" src=\"https:\/\/addinformatica.com\/wp-content\/uploads\/2021\/11\/NavCia-CA.jpg\" class=\"attachment-original size-original wp-post-image\" alt=\"\" srcset=\"https:\/\/addinformatica.com\/wp-content\/uploads\/2021\/11\/NavCia-CA.jpg 1200w, https:\/\/addinformatica.com\/wp-content\/uploads\/2021\/11\/NavCia-CA-300x300.jpg 300w, https:\/\/addinformatica.com\/wp-content\/uploads\/2021\/11\/NavCia-CA-1024x1024.jpg 1024w, https:\/\/addinformatica.com\/wp-content\/uploads\/2021\/11\/NavCia-CA-150x150.jpg 150w, https:\/\/addinformatica.com\/wp-content\/uploads\/2021\/11\/NavCia-CA-768x768.jpg 768w\" sizes=\"auto, (max-width: 1200px) 100vw, 1200px\" \/>\t\t\t\t\t\t\t<\/a>\n  \t\t\t\t\t\t\t  \t\t\t\t\t\t\t  \t\t\t\t\t\t<\/div>\n  \t\t\t\t\t\t  \t\t\t\t\t<\/div>\n          \t\t\t\t\t<div class=\"box-text text-left is-small\" style=\"padding:0px 0px 0px 0px;\">\n\t\t\t\t\t<div class=\"box-text-inner blog-post-inner\">\n\n\t\t\t\t\t\n\t\t\t\t\t\t\t\t\t\t<h5 class=\"post-title is-large \">\n\t\t\t\t\t\t<a href=\"https:\/\/addinformatica.com\/ca\/noticies\/finalitzada-la-i-etapa-del-9e-concurs-navcia-2021-2022\/\" class=\"plain\">Finalitzada la I Etapa del 9\u00e8 Concurs NAV&#038;CIA 2021-2022<\/a>\n\t\t\t\t\t<\/h5>\n\t\t\t\t\t\t\t\t\t\t<div class=\"is-divider\"><\/div>\n\t\t\t\t\t\t\t\t\t\t<p class=\"from_the_blog_excerpt \">\n\t\t\t\t\t\t\t\t\t\t\t<\/p>\n\t\t\t\t\t                    \n\t\t\t\t\t\n\t\t\t\t\t\n\t\t\t\t\t<\/div>\n\t\t\t\t\t<\/div>\n\t\t\t\t\t\t\t\t\t<\/div>\n\t\t\t<\/div>\n\t\t<\/div><div class=\"col post-item\" >\n\t\t\t<div class=\"col-inner\">\n\t\t\t\t<div class=\"box box-normal box-text-bottom box-blog-post has-hover\">\n            \t\t\t\t\t<div class=\"box-image\" >\n  \t\t\t\t\t\t<div class=\"image-cover\" style=\"padding-top:100%;\">\n\t\t\t\t\t\t\t<a href=\"https:\/\/addinformatica.com\/ca\/noticies\/9o-concurs-de-manualitats-de-nadal-navcia-2021-2022\/\" class=\"plain\" aria-label=\"9\u00e8 Concurs de Manualitats de Nadal NAV&#038;CIA 2021-2022\">\n\t\t\t\t\t\t\t\t<img loading=\"lazy\" decoding=\"async\" width=\"1200\" height=\"1200\" src=\"https:\/\/addinformatica.com\/wp-content\/uploads\/2021\/11\/NavCia-CA.jpg\" class=\"attachment-original size-original wp-post-image\" alt=\"\" srcset=\"https:\/\/addinformatica.com\/wp-content\/uploads\/2021\/11\/NavCia-CA.jpg 1200w, https:\/\/addinformatica.com\/wp-content\/uploads\/2021\/11\/NavCia-CA-300x300.jpg 300w, https:\/\/addinformatica.com\/wp-content\/uploads\/2021\/11\/NavCia-CA-1024x1024.jpg 1024w, https:\/\/addinformatica.com\/wp-content\/uploads\/2021\/11\/NavCia-CA-150x150.jpg 150w, https:\/\/addinformatica.com\/wp-content\/uploads\/2021\/11\/NavCia-CA-768x768.jpg 768w\" sizes=\"auto, (max-width: 1200px) 100vw, 1200px\" \/>\t\t\t\t\t\t\t<\/a>\n  \t\t\t\t\t\t\t  \t\t\t\t\t\t\t  \t\t\t\t\t\t<\/div>\n  \t\t\t\t\t\t  \t\t\t\t\t<\/div>\n          \t\t\t\t\t<div class=\"box-text text-left is-small\" style=\"padding:0px 0px 0px 0px;\">\n\t\t\t\t\t<div class=\"box-text-inner blog-post-inner\">\n\n\t\t\t\t\t\n\t\t\t\t\t\t\t\t\t\t<h5 class=\"post-title is-large \">\n\t\t\t\t\t\t<a href=\"https:\/\/addinformatica.com\/ca\/noticies\/9o-concurs-de-manualitats-de-nadal-navcia-2021-2022\/\" class=\"plain\">9\u00e8 Concurs de Manualitats de Nadal NAV&#038;CIA 2021-2022<\/a>\n\t\t\t\t\t<\/h5>\n\t\t\t\t\t\t\t\t\t\t<div class=\"is-divider\"><\/div>\n\t\t\t\t\t\t\t\t\t\t<p class=\"from_the_blog_excerpt \">\n\t\t\t\t\t\tUn any m\u00e9s, ADD Inform\u00e1tica (ResiPlus\u00ae) et convida [...]\t\t\t\t\t<\/p>\n\t\t\t\t\t                    \n\t\t\t\t\t\n\t\t\t\t\t\n\t\t\t\t\t<\/div>\n\t\t\t\t\t<\/div>\n\t\t\t\t\t\t\t\t\t<\/div>\n\t\t\t<\/div>\n\t\t<\/div><div class=\"col post-item\" >\n\t\t\t<div class=\"col-inner\">\n\t\t\t\t<div class=\"box box-normal box-text-bottom box-blog-post has-hover\">\n            \t\t\t\t\t<div class=\"box-image\" >\n  \t\t\t\t\t\t<div class=\"image-cover\" style=\"padding-top:100%;\">\n\t\t\t\t\t\t\t<a href=\"https:\/\/addinformatica.com\/ca\/noticies\/beneficis-de-tindre-els-nostres-majors-en-residencies\/\" class=\"plain\" aria-label=\"Beneficis de tindre els nostres majors en resid\u00e8ncies\">\n\t\t\t\t\t\t\t\t<img loading=\"lazy\" decoding=\"async\" width=\"720\" height=\"400\" src=\"https:\/\/addinformatica.com\/wp-content\/uploads\/2021\/11\/beneficios-de-tener-a-nuestros-mayores-en-residencias.jpg\" class=\"attachment-original size-original wp-post-image\" alt=\"\" srcset=\"https:\/\/addinformatica.com\/wp-content\/uploads\/2021\/11\/beneficios-de-tener-a-nuestros-mayores-en-residencias.jpg 720w, https:\/\/addinformatica.com\/wp-content\/uploads\/2021\/11\/beneficios-de-tener-a-nuestros-mayores-en-residencias-300x167.jpg 300w\" sizes=\"auto, (max-width: 720px) 100vw, 720px\" \/>\t\t\t\t\t\t\t<\/a>\n  \t\t\t\t\t\t\t  \t\t\t\t\t\t\t  \t\t\t\t\t\t<\/div>\n  \t\t\t\t\t\t  \t\t\t\t\t<\/div>\n          \t\t\t\t\t<div class=\"box-text text-left is-small\" style=\"padding:0px 0px 0px 0px;\">\n\t\t\t\t\t<div class=\"box-text-inner blog-post-inner\">\n\n\t\t\t\t\t\n\t\t\t\t\t\t\t\t\t\t<h5 class=\"post-title is-large \">\n\t\t\t\t\t\t<a href=\"https:\/\/addinformatica.com\/ca\/noticies\/beneficis-de-tindre-els-nostres-majors-en-residencies\/\" class=\"plain\">Beneficis de tindre els nostres majors en resid\u00e8ncies<\/a>\n\t\t\t\t\t<\/h5>\n\t\t\t\t\t\t\t\t\t\t<div class=\"is-divider\"><\/div>\n\t\t\t\t\t\t\t\t\t\t<p class=\"from_the_blog_excerpt \">\n\t\t\t\t\t\tLa vellesa&nbsp;\u00e9s una etapa de la vida en [...]\t\t\t\t\t<\/p>\n\t\t\t\t\t                    \n\t\t\t\t\t\n\t\t\t\t\t\n\t\t\t\t\t<\/div>\n\t\t\t\t\t<\/div>\n\t\t\t\t\t\t\t\t\t<\/div>\n\t\t\t<\/div>\n\t\t<\/div><div class=\"col post-item\" >\n\t\t\t<div class=\"col-inner\">\n\t\t\t\t<div class=\"box box-normal box-text-bottom box-blog-post has-hover\">\n            \t\t\t\t\t<div class=\"box-image\" >\n  \t\t\t\t\t\t<div class=\"image-cover\" style=\"padding-top:100%;\">\n\t\t\t\t\t\t\t<a href=\"https:\/\/addinformatica.com\/ca\/noticies\/com-identificar-els-signes-de-lautisme\/\" class=\"plain\" aria-label=\"Com identificar els signes de l&#8217;autisme?\">\n\t\t\t\t\t\t\t\t<img loading=\"lazy\" decoding=\"async\" width=\"941\" height=\"554\" src=\"https:\/\/addinformatica.com\/wp-content\/uploads\/2021\/11\/Los-TEA-se-caracterizan-la-dificultad-en-la-interaccio\u0301n-social-y-la-comunicacion..jpg\" class=\"attachment-original size-original wp-post-image\" alt=\"\" srcset=\"https:\/\/addinformatica.com\/wp-content\/uploads\/2021\/11\/Los-TEA-se-caracterizan-la-dificultad-en-la-interaccio\u0301n-social-y-la-comunicacion..jpg 941w, https:\/\/addinformatica.com\/wp-content\/uploads\/2021\/11\/Los-TEA-se-caracterizan-la-dificultad-en-la-interaccio\u0301n-social-y-la-comunicacion.-300x177.jpg 300w, https:\/\/addinformatica.com\/wp-content\/uploads\/2021\/11\/Los-TEA-se-caracterizan-la-dificultad-en-la-interaccio\u0301n-social-y-la-comunicacion.-768x452.jpg 768w\" sizes=\"auto, (max-width: 941px) 100vw, 941px\" \/>\t\t\t\t\t\t\t<\/a>\n  \t\t\t\t\t\t\t  \t\t\t\t\t\t\t  \t\t\t\t\t\t<\/div>\n  \t\t\t\t\t\t  \t\t\t\t\t<\/div>\n          \t\t\t\t\t<div class=\"box-text text-left is-small\" style=\"padding:0px 0px 0px 0px;\">\n\t\t\t\t\t<div class=\"box-text-inner blog-post-inner\">\n\n\t\t\t\t\t\n\t\t\t\t\t\t\t\t\t\t<h5 class=\"post-title is-large \">\n\t\t\t\t\t\t<a href=\"https:\/\/addinformatica.com\/ca\/noticies\/com-identificar-els-signes-de-lautisme\/\" class=\"plain\">Com identificar els signes de l&#8217;autisme?<\/a>\n\t\t\t\t\t<\/h5>\n\t\t\t\t\t\t\t\t\t\t<div class=\"is-divider\"><\/div>\n\t\t\t\t\t\t\t\t\t\t<p class=\"from_the_blog_excerpt \">\n\t\t\t\t\t\tSegons dades oferides per l&#8217;Organitzaci\u00f3 Mundial de la [...]\t\t\t\t\t<\/p>\n\t\t\t\t\t                    \n\t\t\t\t\t\n\t\t\t\t\t\n\t\t\t\t\t<\/div>\n\t\t\t\t\t<\/div>\n\t\t\t\t\t\t\t\t\t<\/div>\n\t\t\t<\/div>\n\t\t<\/div><div class=\"col post-item\" >\n\t\t\t<div class=\"col-inner\">\n\t\t\t\t<div class=\"box box-normal box-text-bottom box-blog-post has-hover\">\n            \t\t\t\t\t<div class=\"box-image\" >\n  \t\t\t\t\t\t<div class=\"image-cover\" style=\"padding-top:100%;\">\n\t\t\t\t\t\t\t<a href=\"https:\/\/addinformatica.com\/ca\/noticies\/cada-10-de-octubre-se-celebra-el-dia-mundial-de-la-salud-mental\/\" class=\"plain\" aria-label=\"Cada 10 d&#8217;octubre se celebra el Dia Mundial de la Salut Mental\">\n\t\t\t\t\t\t\t\t<img loading=\"lazy\" decoding=\"async\" width=\"1200\" height=\"796\" src=\"https:\/\/addinformatica.com\/wp-content\/uploads\/2021\/10\/El-lema-del-anyo-2021-es-Atencion-de-salud-mental-para-todos.jpg\" class=\"attachment-original size-original wp-post-image\" alt=\"\" srcset=\"https:\/\/addinformatica.com\/wp-content\/uploads\/2021\/10\/El-lema-del-anyo-2021-es-Atencion-de-salud-mental-para-todos.jpg 1200w, https:\/\/addinformatica.com\/wp-content\/uploads\/2021\/10\/El-lema-del-anyo-2021-es-Atencion-de-salud-mental-para-todos-300x199.jpg 300w, https:\/\/addinformatica.com\/wp-content\/uploads\/2021\/10\/El-lema-del-anyo-2021-es-Atencion-de-salud-mental-para-todos-1024x679.jpg 1024w, https:\/\/addinformatica.com\/wp-content\/uploads\/2021\/10\/El-lema-del-anyo-2021-es-Atencion-de-salud-mental-para-todos-768x509.jpg 768w\" sizes=\"auto, (max-width: 1200px) 100vw, 1200px\" \/>\t\t\t\t\t\t\t<\/a>\n  \t\t\t\t\t\t\t  \t\t\t\t\t\t\t  \t\t\t\t\t\t<\/div>\n  \t\t\t\t\t\t  \t\t\t\t\t<\/div>\n          \t\t\t\t\t<div class=\"box-text text-left is-small\" style=\"padding:0px 0px 0px 0px;\">\n\t\t\t\t\t<div class=\"box-text-inner blog-post-inner\">\n\n\t\t\t\t\t\n\t\t\t\t\t\t\t\t\t\t<h5 class=\"post-title is-large \">\n\t\t\t\t\t\t<a href=\"https:\/\/addinformatica.com\/ca\/noticies\/cada-10-de-octubre-se-celebra-el-dia-mundial-de-la-salud-mental\/\" class=\"plain\">Cada 10 d&#8217;octubre se celebra el Dia Mundial de la Salut Mental<\/a>\n\t\t\t\t\t<\/h5>\n\t\t\t\t\t\t\t\t\t\t<div class=\"is-divider\"><\/div>\n\t\t\t\t\t\t\t\t\t\t<p class=\"from_the_blog_excerpt \">\n\t\t\t\t\t\tDes de l&#8217;any 1992, cada&nbsp;10 d&#8217;octubre es celebra [...]\t\t\t\t\t<\/p>\n\t\t\t\t\t                    \n\t\t\t\t\t\n\t\t\t\t\t\n\t\t\t\t\t<\/div>\n\t\t\t\t\t<\/div>\n\t\t\t\t\t\t\t\t\t<\/div>\n\t\t\t<\/div>\n\t\t<\/div><div class=\"col post-item\" >\n\t\t\t<div class=\"col-inner\">\n\t\t\t\t<div class=\"box box-normal box-text-bottom box-blog-post has-hover\">\n            \t\t\t\t\t<div class=\"box-image\" >\n  \t\t\t\t\t\t<div class=\"image-cover\" style=\"padding-top:100%;\">\n\t\t\t\t\t\t\t<a href=\"https:\/\/addinformatica.com\/ca\/noticies\/integracions-resiplus-checkthemeds\/\" class=\"plain\" aria-label=\"Integracions ResiPlus: Checkthemeds\">\n\t\t\t\t\t\t\t\t<img loading=\"lazy\" decoding=\"async\" width=\"800\" height=\"600\" src=\"https:\/\/addinformatica.com\/wp-content\/uploads\/2021\/08\/noticia-checkthemeds.png\" class=\"attachment-original size-original wp-post-image\" alt=\"\" srcset=\"https:\/\/addinformatica.com\/wp-content\/uploads\/2021\/08\/noticia-checkthemeds.png 800w, https:\/\/addinformatica.com\/wp-content\/uploads\/2021\/08\/noticia-checkthemeds-300x225.png 300w, https:\/\/addinformatica.com\/wp-content\/uploads\/2021\/08\/noticia-checkthemeds-768x576.png 768w\" sizes=\"auto, (max-width: 800px) 100vw, 800px\" \/>\t\t\t\t\t\t\t<\/a>\n  \t\t\t\t\t\t\t  \t\t\t\t\t\t\t  \t\t\t\t\t\t<\/div>\n  \t\t\t\t\t\t  \t\t\t\t\t<\/div>\n          \t\t\t\t\t<div class=\"box-text text-left is-small\" style=\"padding:0px 0px 0px 0px;\">\n\t\t\t\t\t<div class=\"box-text-inner blog-post-inner\">\n\n\t\t\t\t\t\n\t\t\t\t\t\t\t\t\t\t<h5 class=\"post-title is-large \">\n\t\t\t\t\t\t<a href=\"https:\/\/addinformatica.com\/ca\/noticies\/integracions-resiplus-checkthemeds\/\" class=\"plain\">Integracions ResiPlus: Checkthemeds<\/a>\n\t\t\t\t\t<\/h5>\n\t\t\t\t\t\t\t\t\t\t<div class=\"is-divider\"><\/div>\n\t\t\t\t\t\t\t\t\t\t<p class=\"from_the_blog_excerpt \">\n\t\t\t\t\t\tInformem que gr\u00e0cies a la integraci\u00f3 de ResiPlus\u00ae [...]\t\t\t\t\t<\/p>\n\t\t\t\t\t                    \n\t\t\t\t\t\n\t\t\t\t\t\n\t\t\t\t\t<\/div>\n\t\t\t\t\t<\/div>\n\t\t\t\t\t\t\t\t\t<\/div>\n\t\t\t<\/div>\n\t\t<\/div><div class=\"col post-item\" >\n\t\t\t<div class=\"col-inner\">\n\t\t\t\t<div class=\"box box-normal box-text-bottom box-blog-post has-hover\">\n            \t\t\t\t\t<div class=\"box-image\" >\n  \t\t\t\t\t\t<div class=\"image-cover\" style=\"padding-top:100%;\">\n\t\t\t\t\t\t\t<a href=\"https:\/\/addinformatica.com\/ca\/noticies\/guanyadors-del-8e-concurs-de-manualitats-nadalenques-nav-cia-2020-2021\/\" class=\"plain\" aria-label=\"Guanyadors del 8\u00e9 Concurs de manualitats Nadalenques Nav &#038; C\u00eda. 2020-2021\">\n\t\t\t\t\t\t\t\t<img loading=\"lazy\" decoding=\"async\" width=\"1000\" height=\"688\" src=\"https:\/\/addinformatica.com\/wp-content\/uploads\/2013\/10\/Noticia-NAVCIA-2020-CA.jpg\" class=\"attachment-original size-original wp-post-image\" alt=\"\" srcset=\"https:\/\/addinformatica.com\/wp-content\/uploads\/2013\/10\/Noticia-NAVCIA-2020-CA.jpg 1000w, https:\/\/addinformatica.com\/wp-content\/uploads\/2013\/10\/Noticia-NAVCIA-2020-CA-300x206.jpg 300w, https:\/\/addinformatica.com\/wp-content\/uploads\/2013\/10\/Noticia-NAVCIA-2020-CA-768x528.jpg 768w\" sizes=\"auto, (max-width: 1000px) 100vw, 1000px\" \/>\t\t\t\t\t\t\t<\/a>\n  \t\t\t\t\t\t\t  \t\t\t\t\t\t\t  \t\t\t\t\t\t<\/div>\n  \t\t\t\t\t\t  \t\t\t\t\t<\/div>\n          \t\t\t\t\t<div class=\"box-text text-left is-small\" style=\"padding:0px 0px 0px 0px;\">\n\t\t\t\t\t<div class=\"box-text-inner blog-post-inner\">\n\n\t\t\t\t\t\n\t\t\t\t\t\t\t\t\t\t<h5 class=\"post-title is-large \">\n\t\t\t\t\t\t<a href=\"https:\/\/addinformatica.com\/ca\/noticies\/guanyadors-del-8e-concurs-de-manualitats-nadalenques-nav-cia-2020-2021\/\" class=\"plain\">Guanyadors del 8\u00e9 Concurs de manualitats Nadalenques Nav &#038; C\u00eda. 2020-2021<\/a>\n\t\t\t\t\t<\/h5>\n\t\t\t\t\t\t\t\t\t\t<div class=\"is-divider\"><\/div>\n\t\t\t\t\t\t\t\t\t\t<p class=\"from_the_blog_excerpt \">\n\t\t\t\t\t\tDespr\u00e9s de la revisi\u00f3 i recomptes de Likes, [...]\t\t\t\t\t<\/p>\n\t\t\t\t\t                    \n\t\t\t\t\t\n\t\t\t\t\t\n\t\t\t\t\t<\/div>\n\t\t\t\t\t<\/div>\n\t\t\t\t\t\t\t\t\t<\/div>\n\t\t\t<\/div>\n\t\t<\/div><div class=\"col post-item\" >\n\t\t\t<div class=\"col-inner\">\n\t\t\t\t<div class=\"box box-normal box-text-bottom box-blog-post has-hover\">\n            \t\t\t\t\t<div class=\"box-image\" >\n  \t\t\t\t\t\t<div class=\"image-cover\" style=\"padding-top:100%;\">\n\t\t\t\t\t\t\t<a href=\"https:\/\/addinformatica.com\/ca\/noticies\/finalitzat-el-8e-concurs-de-manualitats-nadalenques-navcia-2020-2021\/\" class=\"plain\" aria-label=\"Finalitzat el 8\u00e8 Concurs de manualitats Nadalenques NAV&#038;CIA 2020-2021\">\n\t\t\t\t\t\t\t\t<img loading=\"lazy\" decoding=\"async\" width=\"1000\" height=\"688\" src=\"https:\/\/addinformatica.com\/wp-content\/uploads\/2013\/10\/Noticia-NAVCIA-2020-CA.jpg\" class=\"attachment-original size-original wp-post-image\" alt=\"\" srcset=\"https:\/\/addinformatica.com\/wp-content\/uploads\/2013\/10\/Noticia-NAVCIA-2020-CA.jpg 1000w, https:\/\/addinformatica.com\/wp-content\/uploads\/2013\/10\/Noticia-NAVCIA-2020-CA-300x206.jpg 300w, https:\/\/addinformatica.com\/wp-content\/uploads\/2013\/10\/Noticia-NAVCIA-2020-CA-768x528.jpg 768w\" sizes=\"auto, (max-width: 1000px) 100vw, 1000px\" \/>\t\t\t\t\t\t\t<\/a>\n  \t\t\t\t\t\t\t  \t\t\t\t\t\t\t  \t\t\t\t\t\t<\/div>\n  \t\t\t\t\t\t  \t\t\t\t\t<\/div>\n          \t\t\t\t\t<div class=\"box-text text-left is-small\" style=\"padding:0px 0px 0px 0px;\">\n\t\t\t\t\t<div class=\"box-text-inner blog-post-inner\">\n\n\t\t\t\t\t\n\t\t\t\t\t\t\t\t\t\t<h5 class=\"post-title is-large \">\n\t\t\t\t\t\t<a href=\"https:\/\/addinformatica.com\/ca\/noticies\/finalitzat-el-8e-concurs-de-manualitats-nadalenques-navcia-2020-2021\/\" class=\"plain\">Finalitzat el 8\u00e8 Concurs de manualitats Nadalenques NAV&#038;CIA 2020-2021<\/a>\n\t\t\t\t\t<\/h5>\n\t\t\t\t\t\t\t\t\t\t<div class=\"is-divider\"><\/div>\n\t\t\t\t\t\t\t\t\t\t<p class=\"from_the_blog_excerpt \">\n\t\t\t\t\t\tADD Inform\u00e1tica comunica la finalitzaci\u00f3 del 8\u00e8 Concurs [...]\t\t\t\t\t<\/p>\n\t\t\t\t\t                    \n\t\t\t\t\t\n\t\t\t\t\t\n\t\t\t\t\t<\/div>\n\t\t\t\t\t<\/div>\n\t\t\t\t\t\t\t\t\t<\/div>\n\t\t\t<\/div>\n\t\t<\/div><div class=\"col post-item\" >\n\t\t\t<div class=\"col-inner\">\n\t\t\t\t<div class=\"box box-normal box-text-bottom box-blog-post has-hover\">\n            \t\t\t\t\t<div class=\"box-image\" >\n  \t\t\t\t\t\t<div class=\"image-cover\" style=\"padding-top:100%;\">\n\t\t\t\t\t\t\t<a href=\"https:\/\/addinformatica.com\/ca\/noticies\/finalitzada-la-i-etapa-del-8e-concurs-navcia-2020-2021\/\" class=\"plain\" aria-label=\"Finalitzada la I Etapa del 8\u00e8 Concurs NAV&#038;CIA 2020-2021\">\n\t\t\t\t\t\t\t\t<img loading=\"lazy\" decoding=\"async\" width=\"1000\" height=\"688\" src=\"https:\/\/addinformatica.com\/wp-content\/uploads\/2013\/10\/Noticia-NAVCIA-2020-CA.jpg\" class=\"attachment-original size-original wp-post-image\" alt=\"\" srcset=\"https:\/\/addinformatica.com\/wp-content\/uploads\/2013\/10\/Noticia-NAVCIA-2020-CA.jpg 1000w, https:\/\/addinformatica.com\/wp-content\/uploads\/2013\/10\/Noticia-NAVCIA-2020-CA-300x206.jpg 300w, https:\/\/addinformatica.com\/wp-content\/uploads\/2013\/10\/Noticia-NAVCIA-2020-CA-768x528.jpg 768w\" sizes=\"auto, (max-width: 1000px) 100vw, 1000px\" \/>\t\t\t\t\t\t\t<\/a>\n  \t\t\t\t\t\t\t  \t\t\t\t\t\t\t  \t\t\t\t\t\t<\/div>\n  \t\t\t\t\t\t  \t\t\t\t\t<\/div>\n          \t\t\t\t\t<div class=\"box-text text-left is-small\" style=\"padding:0px 0px 0px 0px;\">\n\t\t\t\t\t<div class=\"box-text-inner blog-post-inner\">\n\n\t\t\t\t\t\n\t\t\t\t\t\t\t\t\t\t<h5 class=\"post-title is-large \">\n\t\t\t\t\t\t<a href=\"https:\/\/addinformatica.com\/ca\/noticies\/finalitzada-la-i-etapa-del-8e-concurs-navcia-2020-2021\/\" class=\"plain\">Finalitzada la I Etapa del 8\u00e8 Concurs NAV&#038;CIA 2020-2021<\/a>\n\t\t\t\t\t<\/h5>\n\t\t\t\t\t\t\t\t\t\t<div class=\"is-divider\"><\/div>\n\t\t\t\t\t\t\t\t\t\t<p class=\"from_the_blog_excerpt \">\n\t\t\t\t\t\tADD Inform\u00e1tica comunica la finalitzaci\u00f3 de la I [...]\t\t\t\t\t<\/p>\n\t\t\t\t\t                    \n\t\t\t\t\t\n\t\t\t\t\t\n\t\t\t\t\t<\/div>\n\t\t\t\t\t<\/div>\n\t\t\t\t\t\t\t\t\t<\/div>\n\t\t\t<\/div>\n\t\t<\/div><div class=\"col post-item\" >\n\t\t\t<div class=\"col-inner\">\n\t\t\t\t<div class=\"box box-normal box-text-bottom box-blog-post has-hover\">\n            \t\t\t\t\t<div class=\"box-image\" >\n  \t\t\t\t\t\t<div class=\"image-cover\" style=\"padding-top:100%;\">\n\t\t\t\t\t\t\t<a href=\"https:\/\/addinformatica.com\/ca\/noticies\/8e-concurs-de-manualitats-de-nadal-navcia-2020-2021\/\" class=\"plain\" aria-label=\"8\u00e8 Concurs de Manualitats de Nadal NAV&#038;CIA 2020-2021\">\n\t\t\t\t\t\t\t\t<img loading=\"lazy\" decoding=\"async\" width=\"1000\" height=\"688\" src=\"https:\/\/addinformatica.com\/wp-content\/uploads\/2013\/10\/Noticia-NAVCIA-2020-CA.jpg\" class=\"attachment-original size-original wp-post-image\" alt=\"\" srcset=\"https:\/\/addinformatica.com\/wp-content\/uploads\/2013\/10\/Noticia-NAVCIA-2020-CA.jpg 1000w, https:\/\/addinformatica.com\/wp-content\/uploads\/2013\/10\/Noticia-NAVCIA-2020-CA-300x206.jpg 300w, https:\/\/addinformatica.com\/wp-content\/uploads\/2013\/10\/Noticia-NAVCIA-2020-CA-768x528.jpg 768w\" sizes=\"auto, (max-width: 1000px) 100vw, 1000px\" \/>\t\t\t\t\t\t\t<\/a>\n  \t\t\t\t\t\t\t  \t\t\t\t\t\t\t  \t\t\t\t\t\t<\/div>\n  \t\t\t\t\t\t  \t\t\t\t\t<\/div>\n          \t\t\t\t\t<div class=\"box-text text-left is-small\" style=\"padding:0px 0px 0px 0px;\">\n\t\t\t\t\t<div class=\"box-text-inner blog-post-inner\">\n\n\t\t\t\t\t\n\t\t\t\t\t\t\t\t\t\t<h5 class=\"post-title is-large \">\n\t\t\t\t\t\t<a href=\"https:\/\/addinformatica.com\/ca\/noticies\/8e-concurs-de-manualitats-de-nadal-navcia-2020-2021\/\" class=\"plain\">8\u00e8 Concurs de Manualitats de Nadal NAV&#038;CIA 2020-2021<\/a>\n\t\t\t\t\t<\/h5>\n\t\t\t\t\t\t\t\t\t\t<div class=\"is-divider\"><\/div>\n\t\t\t\t\t\t\t\t\t\t<p class=\"from_the_blog_excerpt \">\n\t\t\t\t\t\tNEW EDITION Per qu\u00e8 aquest any, m\u00e9s que [...]\t\t\t\t\t<\/p>\n\t\t\t\t\t                    \n\t\t\t\t\t\n\t\t\t\t\t\n\t\t\t\t\t<\/div>\n\t\t\t\t\t<\/div>\n\t\t\t\t\t\t\t\t\t<\/div>\n\t\t\t<\/div>\n\t\t<\/div><div class=\"col post-item\" >\n\t\t\t<div class=\"col-inner\">\n\t\t\t\t<div class=\"box box-normal box-text-bottom box-blog-post has-hover\">\n            \t\t\t\t\t<div class=\"box-image\" >\n  \t\t\t\t\t\t<div class=\"image-cover\" style=\"padding-top:100%;\">\n\t\t\t\t\t\t\t<a href=\"https:\/\/addinformatica.com\/ca\/conferencies\/jornada-digitalitzacio-residencial\/\" class=\"plain\" aria-label=\"Jornada: Digitalitzaci\u00f3 Residencial\">\n\t\t\t\t\t\t\t\t<img loading=\"lazy\" decoding=\"async\" width=\"1200\" height=\"720\" src=\"https:\/\/addinformatica.com\/wp-content\/uploads\/2020\/02\/destacada-jornada-digitalizacion-residencial-es-1.jpg\" class=\"attachment-original size-original wp-post-image\" alt=\"\" srcset=\"https:\/\/addinformatica.com\/wp-content\/uploads\/2020\/02\/destacada-jornada-digitalizacion-residencial-es-1.jpg 1200w, https:\/\/addinformatica.com\/wp-content\/uploads\/2020\/02\/destacada-jornada-digitalizacion-residencial-es-1-300x180.jpg 300w, https:\/\/addinformatica.com\/wp-content\/uploads\/2020\/02\/destacada-jornada-digitalizacion-residencial-es-1-1024x614.jpg 1024w, https:\/\/addinformatica.com\/wp-content\/uploads\/2020\/02\/destacada-jornada-digitalizacion-residencial-es-1-768x461.jpg 768w\" sizes=\"auto, (max-width: 1200px) 100vw, 1200px\" \/>\t\t\t\t\t\t\t<\/a>\n  \t\t\t\t\t\t\t  \t\t\t\t\t\t\t  \t\t\t\t\t\t<\/div>\n  \t\t\t\t\t\t  \t\t\t\t\t<\/div>\n          \t\t\t\t\t<div class=\"box-text text-left is-small\" style=\"padding:0px 0px 0px 0px;\">\n\t\t\t\t\t<div class=\"box-text-inner blog-post-inner\">\n\n\t\t\t\t\t\n\t\t\t\t\t\t\t\t\t\t<h5 class=\"post-title is-large \">\n\t\t\t\t\t\t<a href=\"https:\/\/addinformatica.com\/ca\/conferencies\/jornada-digitalitzacio-residencial\/\" class=\"plain\">Jornada: Digitalitzaci\u00f3 Residencial<\/a>\n\t\t\t\t\t<\/h5>\n\t\t\t\t\t\t\t\t\t\t<div class=\"is-divider\"><\/div>\n\t\t\t\t\t\t\t\t\t\t<p class=\"from_the_blog_excerpt \">\n\t\t\t\t\t\tEns trobem en l&#8217;era de la digitalitzaci\u00f3, del [...]\t\t\t\t\t<\/p>\n\t\t\t\t\t                    \n\t\t\t\t\t\n\t\t\t\t\t\n\t\t\t\t\t<\/div>\n\t\t\t\t\t<\/div>\n\t\t\t\t\t\t\t\t\t<\/div>\n\t\t\t<\/div>\n\t\t<\/div><div class=\"col post-item\" >\n\t\t\t<div class=\"col-inner\">\n\t\t\t\t<div class=\"box box-normal box-text-bottom box-blog-post has-hover\">\n            \t\t\t\t\t<div class=\"box-image\" >\n  \t\t\t\t\t\t<div class=\"image-cover\" style=\"padding-top:100%;\">\n\t\t\t\t\t\t\t<a href=\"https:\/\/addinformatica.com\/ca\/noticies\/add-informatica-en-hip-2020\/\" class=\"plain\" aria-label=\"ADD Inform\u00e1tica en HIP 2020\">\n\t\t\t\t\t\t\t\t<img loading=\"lazy\" decoding=\"async\" width=\"1074\" height=\"696\" src=\"https:\/\/addinformatica.com\/wp-content\/uploads\/2020\/02\/congreso-sanidad-HIP2020.jpg\" class=\"attachment-original size-original wp-post-image\" alt=\"\" srcset=\"https:\/\/addinformatica.com\/wp-content\/uploads\/2020\/02\/congreso-sanidad-HIP2020.jpg 1074w, https:\/\/addinformatica.com\/wp-content\/uploads\/2020\/02\/congreso-sanidad-HIP2020-300x194.jpg 300w, https:\/\/addinformatica.com\/wp-content\/uploads\/2020\/02\/congreso-sanidad-HIP2020-1024x664.jpg 1024w, https:\/\/addinformatica.com\/wp-content\/uploads\/2020\/02\/congreso-sanidad-HIP2020-768x498.jpg 768w\" sizes=\"auto, (max-width: 1074px) 100vw, 1074px\" \/>\t\t\t\t\t\t\t<\/a>\n  \t\t\t\t\t\t\t  \t\t\t\t\t\t\t  \t\t\t\t\t\t<\/div>\n  \t\t\t\t\t\t  \t\t\t\t\t<\/div>\n          \t\t\t\t\t<div class=\"box-text text-left is-small\" style=\"padding:0px 0px 0px 0px;\">\n\t\t\t\t\t<div class=\"box-text-inner blog-post-inner\">\n\n\t\t\t\t\t\n\t\t\t\t\t\t\t\t\t\t<h5 class=\"post-title is-large \">\n\t\t\t\t\t\t<a href=\"https:\/\/addinformatica.com\/ca\/noticies\/add-informatica-en-hip-2020\/\" class=\"plain\">ADD Inform\u00e1tica en HIP 2020<\/a>\n\t\t\t\t\t<\/h5>\n\t\t\t\t\t\t\t\t\t\t<div class=\"is-divider\"><\/div>\n\t\t\t\t\t\t\t\t\t\t<p class=\"from_the_blog_excerpt \">\n\t\t\t\t\t\tUn any m\u00e9s ADD Inform\u00e1tica estar\u00e0 present a [...]\t\t\t\t\t<\/p>\n\t\t\t\t\t                    \n\t\t\t\t\t\n\t\t\t\t\t\n\t\t\t\t\t<\/div>\n\t\t\t\t\t<\/div>\n\t\t\t\t\t\t\t\t\t<\/div>\n\t\t\t<\/div>\n\t\t<\/div><div class=\"col post-item\" >\n\t\t\t<div class=\"col-inner\">\n\t\t\t\t<div class=\"box box-normal box-text-bottom box-blog-post has-hover\">\n            \t\t\t\t\t<div class=\"box-image\" >\n  \t\t\t\t\t\t<div class=\"image-cover\" style=\"padding-top:100%;\">\n\t\t\t\t\t\t\t<a href=\"https:\/\/addinformatica.com\/ca\/noticies\/ganadores-del-7o-concurso-de-manualidades-navidenas-nav-cia-2019-2020\/\" class=\"plain\" aria-label=\"Guanyadors del 7\u00ba Concurs de manualitats Nadalenques Nav &#038; C\u00eda. 2019-2020\">\n\t\t\t\t\t\t\t\t<img loading=\"lazy\" decoding=\"async\" width=\"1000\" height=\"688\" src=\"https:\/\/addinformatica.com\/wp-content\/uploads\/2013\/10\/naviyayo2019_es.jpg\" class=\"attachment-original size-original wp-post-image\" alt=\"\" srcset=\"https:\/\/addinformatica.com\/wp-content\/uploads\/2013\/10\/naviyayo2019_es.jpg 1000w, https:\/\/addinformatica.com\/wp-content\/uploads\/2013\/10\/naviyayo2019_es-300x206.jpg 300w, https:\/\/addinformatica.com\/wp-content\/uploads\/2013\/10\/naviyayo2019_es-768x528.jpg 768w\" sizes=\"auto, (max-width: 1000px) 100vw, 1000px\" \/>\t\t\t\t\t\t\t<\/a>\n  \t\t\t\t\t\t\t  \t\t\t\t\t\t\t  \t\t\t\t\t\t<\/div>\n  \t\t\t\t\t\t  \t\t\t\t\t<\/div>\n          \t\t\t\t\t<div class=\"box-text text-left is-small\" style=\"padding:0px 0px 0px 0px;\">\n\t\t\t\t\t<div class=\"box-text-inner blog-post-inner\">\n\n\t\t\t\t\t\n\t\t\t\t\t\t\t\t\t\t<h5 class=\"post-title is-large \">\n\t\t\t\t\t\t<a href=\"https:\/\/addinformatica.com\/ca\/noticies\/ganadores-del-7o-concurso-de-manualidades-navidenas-nav-cia-2019-2020\/\" class=\"plain\">Guanyadors del 7\u00ba Concurs de manualitats Nadalenques Nav &#038; C\u00eda. 2019-2020<\/a>\n\t\t\t\t\t<\/h5>\n\t\t\t\t\t\t\t\t\t\t<div class=\"is-divider\"><\/div>\n\t\t\t\t\t\t\t\t\t\t<p class=\"from_the_blog_excerpt \">\n\t\t\t\t\t\tDespr\u00e9s de la revisi\u00f3 i recomptes de Likes, [...]\t\t\t\t\t<\/p>\n\t\t\t\t\t                    \n\t\t\t\t\t\n\t\t\t\t\t\n\t\t\t\t\t<\/div>\n\t\t\t\t\t<\/div>\n\t\t\t\t\t\t\t\t\t<\/div>\n\t\t\t<\/div>\n\t\t<\/div><div class=\"col post-item\" >\n\t\t\t<div class=\"col-inner\">\n\t\t\t\t<div class=\"box box-normal box-text-bottom box-blog-post has-hover\">\n            \t\t\t\t\t<div class=\"box-image\" >\n  \t\t\t\t\t\t<div class=\"image-cover\" style=\"padding-top:100%;\">\n\t\t\t\t\t\t\t<a href=\"https:\/\/addinformatica.com\/ca\/noticies\/ajornada-la-resolucio-del-7o-concurs-de-manualitats-nadalenques-nav-cia-2019-2020\/\" class=\"plain\" aria-label=\"Ajornada la resoluci\u00f3 del 7\u00ba Concurs de manualitats Nadalenques Nav &#038; C\u00eda 2019-2020\">\n\t\t\t\t\t\t\t\t<img loading=\"lazy\" decoding=\"async\" width=\"1000\" height=\"688\" src=\"https:\/\/addinformatica.com\/wp-content\/uploads\/2013\/10\/naviyayo2019_ca.jpg\" class=\"attachment-original size-original wp-post-image\" alt=\"\" srcset=\"https:\/\/addinformatica.com\/wp-content\/uploads\/2013\/10\/naviyayo2019_ca.jpg 1000w, https:\/\/addinformatica.com\/wp-content\/uploads\/2013\/10\/naviyayo2019_ca-300x206.jpg 300w, https:\/\/addinformatica.com\/wp-content\/uploads\/2013\/10\/naviyayo2019_ca-768x528.jpg 768w\" sizes=\"auto, (max-width: 1000px) 100vw, 1000px\" \/>\t\t\t\t\t\t\t<\/a>\n  \t\t\t\t\t\t\t  \t\t\t\t\t\t\t  \t\t\t\t\t\t<\/div>\n  \t\t\t\t\t\t  \t\t\t\t\t<\/div>\n          \t\t\t\t\t<div class=\"box-text text-left is-small\" style=\"padding:0px 0px 0px 0px;\">\n\t\t\t\t\t<div class=\"box-text-inner blog-post-inner\">\n\n\t\t\t\t\t\n\t\t\t\t\t\t\t\t\t\t<h5 class=\"post-title is-large \">\n\t\t\t\t\t\t<a href=\"https:\/\/addinformatica.com\/ca\/noticies\/ajornada-la-resolucio-del-7o-concurs-de-manualitats-nadalenques-nav-cia-2019-2020\/\" class=\"plain\">Ajornada la resoluci\u00f3 del 7\u00ba Concurs de manualitats Nadalenques Nav &#038; C\u00eda 2019-2020<\/a>\n\t\t\t\t\t<\/h5>\n\t\t\t\t\t\t\t\t\t\t<div class=\"is-divider\"><\/div>\n\t\t\t\t\t\t\t\t\t\t<p class=\"from_the_blog_excerpt \">\n\t\t\t\t\t\t\t\t\t\t\t<\/p>\n\t\t\t\t\t                    \n\t\t\t\t\t\n\t\t\t\t\t\n\t\t\t\t\t<\/div>\n\t\t\t\t\t<\/div>\n\t\t\t\t\t\t\t\t\t<\/div>\n\t\t\t<\/div>\n\t\t<\/div><div class=\"col post-item\" >\n\t\t\t<div class=\"col-inner\">\n\t\t\t\t<div class=\"box box-normal box-text-bottom box-blog-post has-hover\">\n            \t\t\t\t\t<div class=\"box-image\" >\n  \t\t\t\t\t\t<div class=\"image-cover\" style=\"padding-top:100%;\">\n\t\t\t\t\t\t\t<a href=\"https:\/\/addinformatica.com\/ca\/noticies\/add-informatica-en-uruguay\/\" class=\"plain\" aria-label=\"ADD Inform\u00e0tica a Uruguai\">\n\t\t\t\t\t\t\t\t<img loading=\"lazy\" decoding=\"async\" width=\"863\" height=\"486\" src=\"https:\/\/addinformatica.com\/wp-content\/uploads\/2019\/11\/image002.png\" class=\"attachment-original size-original wp-post-image\" alt=\"\" srcset=\"https:\/\/addinformatica.com\/wp-content\/uploads\/2019\/11\/image002.png 863w, https:\/\/addinformatica.com\/wp-content\/uploads\/2019\/11\/image002-300x169.png 300w, https:\/\/addinformatica.com\/wp-content\/uploads\/2019\/11\/image002-768x433.png 768w\" sizes=\"auto, (max-width: 863px) 100vw, 863px\" \/>\t\t\t\t\t\t\t<\/a>\n  \t\t\t\t\t\t\t  \t\t\t\t\t\t\t  \t\t\t\t\t\t<\/div>\n  \t\t\t\t\t\t  \t\t\t\t\t<\/div>\n          \t\t\t\t\t<div class=\"box-text text-left is-small\" style=\"padding:0px 0px 0px 0px;\">\n\t\t\t\t\t<div class=\"box-text-inner blog-post-inner\">\n\n\t\t\t\t\t\n\t\t\t\t\t\t\t\t\t\t<h5 class=\"post-title is-large \">\n\t\t\t\t\t\t<a href=\"https:\/\/addinformatica.com\/ca\/noticies\/add-informatica-en-uruguay\/\" class=\"plain\">ADD Inform\u00e0tica a Uruguai<\/a>\n\t\t\t\t\t<\/h5>\n\t\t\t\t\t\t\t\t\t\t<div class=\"is-divider\"><\/div>\n\t\t\t\t\t\t\t\t\t\t<p class=\"from_the_blog_excerpt \">\n\t\t\t\t\t\tEl 17, 18 i 19 d&#8217;octubre passat, ADD [...]\t\t\t\t\t<\/p>\n\t\t\t\t\t                    \n\t\t\t\t\t\n\t\t\t\t\t\n\t\t\t\t\t<\/div>\n\t\t\t\t\t<\/div>\n\t\t\t\t\t\t\t\t\t<\/div>\n\t\t\t<\/div>\n\t\t<\/div><div class=\"col post-item\" >\n\t\t\t<div class=\"col-inner\">\n\t\t\t\t<div class=\"box box-normal box-text-bottom box-blog-post has-hover\">\n            \t\t\t\t\t<div class=\"box-image\" >\n  \t\t\t\t\t\t<div class=\"image-cover\" style=\"padding-top:100%;\">\n\t\t\t\t\t\t\t<a href=\"https:\/\/addinformatica.com\/ca\/noticies\/finalizado-el-7o-concurso-de-manualidades-navidenas-navcia-2019-2020\/\" class=\"plain\" aria-label=\"Finalitzat el 7\u00ba Concurs de manualitats Nadalenques NAV&#038;CIA 2019-2020\">\n\t\t\t\t\t\t\t\t<img loading=\"lazy\" decoding=\"async\" width=\"1000\" height=\"688\" src=\"https:\/\/addinformatica.com\/wp-content\/uploads\/2013\/10\/naviyayo2019_es.jpg\" class=\"attachment-original size-original wp-post-image\" alt=\"\" srcset=\"https:\/\/addinformatica.com\/wp-content\/uploads\/2013\/10\/naviyayo2019_es.jpg 1000w, https:\/\/addinformatica.com\/wp-content\/uploads\/2013\/10\/naviyayo2019_es-300x206.jpg 300w, https:\/\/addinformatica.com\/wp-content\/uploads\/2013\/10\/naviyayo2019_es-768x528.jpg 768w\" sizes=\"auto, (max-width: 1000px) 100vw, 1000px\" \/>\t\t\t\t\t\t\t<\/a>\n  \t\t\t\t\t\t\t  \t\t\t\t\t\t\t  \t\t\t\t\t\t<\/div>\n  \t\t\t\t\t\t  \t\t\t\t\t<\/div>\n          \t\t\t\t\t<div class=\"box-text text-left is-small\" style=\"padding:0px 0px 0px 0px;\">\n\t\t\t\t\t<div class=\"box-text-inner blog-post-inner\">\n\n\t\t\t\t\t\n\t\t\t\t\t\t\t\t\t\t<h5 class=\"post-title is-large \">\n\t\t\t\t\t\t<a href=\"https:\/\/addinformatica.com\/ca\/noticies\/finalizado-el-7o-concurso-de-manualidades-navidenas-navcia-2019-2020\/\" class=\"plain\">Finalitzat el 7\u00ba Concurs de manualitats Nadalenques NAV&#038;CIA 2019-2020<\/a>\n\t\t\t\t\t<\/h5>\n\t\t\t\t\t\t\t\t\t\t<div class=\"is-divider\"><\/div>\n\t\t\t\t\t\t\t\t\t\t<p class=\"from_the_blog_excerpt \">\n\t\t\t\t\t\t\t\t\t\t\t<\/p>\n\t\t\t\t\t                    \n\t\t\t\t\t\n\t\t\t\t\t\n\t\t\t\t\t<\/div>\n\t\t\t\t\t<\/div>\n\t\t\t\t\t\t\t\t\t<\/div>\n\t\t\t<\/div>\n\t\t<\/div><div class=\"col post-item\" >\n\t\t\t<div class=\"col-inner\">\n\t\t\t\t<div class=\"box box-normal box-text-bottom box-blog-post has-hover\">\n            \t\t\t\t\t<div class=\"box-image\" >\n  \t\t\t\t\t\t<div class=\"image-cover\" style=\"padding-top:100%;\">\n\t\t\t\t\t\t\t<a href=\"https:\/\/addinformatica.com\/ca\/noticies\/finalizada-la-i-etapa-del-7o-concurso-navcia-2019-2020\/\" class=\"plain\" aria-label=\"Finalitzada la I Etapa del 7\u00ba Concurs NAV&#038;CIA 2019-2020\">\n\t\t\t\t\t\t\t\t<img loading=\"lazy\" decoding=\"async\" width=\"1000\" height=\"688\" src=\"https:\/\/addinformatica.com\/wp-content\/uploads\/2013\/10\/naviyayo2019_ca.jpg\" class=\"attachment-original size-original wp-post-image\" alt=\"\" srcset=\"https:\/\/addinformatica.com\/wp-content\/uploads\/2013\/10\/naviyayo2019_ca.jpg 1000w, https:\/\/addinformatica.com\/wp-content\/uploads\/2013\/10\/naviyayo2019_ca-300x206.jpg 300w, https:\/\/addinformatica.com\/wp-content\/uploads\/2013\/10\/naviyayo2019_ca-768x528.jpg 768w\" sizes=\"auto, (max-width: 1000px) 100vw, 1000px\" \/>\t\t\t\t\t\t\t<\/a>\n  \t\t\t\t\t\t\t  \t\t\t\t\t\t\t  \t\t\t\t\t\t<\/div>\n  \t\t\t\t\t\t  \t\t\t\t\t<\/div>\n          \t\t\t\t\t<div class=\"box-text text-left is-small\" style=\"padding:0px 0px 0px 0px;\">\n\t\t\t\t\t<div class=\"box-text-inner blog-post-inner\">\n\n\t\t\t\t\t\n\t\t\t\t\t\t\t\t\t\t<h5 class=\"post-title is-large \">\n\t\t\t\t\t\t<a href=\"https:\/\/addinformatica.com\/ca\/noticies\/finalizada-la-i-etapa-del-7o-concurso-navcia-2019-2020\/\" class=\"plain\">Finalitzada la I Etapa del 7\u00ba Concurs NAV&#038;CIA 2019-2020<\/a>\n\t\t\t\t\t<\/h5>\n\t\t\t\t\t\t\t\t\t\t<div class=\"is-divider\"><\/div>\n\t\t\t\t\t\t\t\t\t\t<p class=\"from_the_blog_excerpt \">\n\t\t\t\t\t\tADD Inform\u00e1tica comunica la finalitzaci\u00f3 de la I [...]\t\t\t\t\t<\/p>\n\t\t\t\t\t                    \n\t\t\t\t\t\n\t\t\t\t\t\n\t\t\t\t\t<\/div>\n\t\t\t\t\t<\/div>\n\t\t\t\t\t\t\t\t\t<\/div>\n\t\t\t<\/div>\n\t\t<\/div><div class=\"col post-item\" >\n\t\t\t<div class=\"col-inner\">\n\t\t\t\t<div class=\"box box-normal box-text-bottom box-blog-post has-hover\">\n            \t\t\t\t\t<div class=\"box-image\" >\n  \t\t\t\t\t\t<div class=\"image-cover\" style=\"padding-top:100%;\">\n\t\t\t\t\t\t\t<a href=\"https:\/\/addinformatica.com\/ca\/noticies\/7o-concurso-de-manualidades-navidenas-navcia-2019-2020\/\" class=\"plain\" aria-label=\"7\u00ba Concurs de Manualitats de Nadal NAV&#038;CIA 2019-2020\">\n\t\t\t\t\t\t\t\t<img loading=\"lazy\" decoding=\"async\" width=\"1000\" height=\"688\" src=\"https:\/\/addinformatica.com\/wp-content\/uploads\/2013\/10\/naviyayo2019_es.jpg\" class=\"attachment-original size-original wp-post-image\" alt=\"\" srcset=\"https:\/\/addinformatica.com\/wp-content\/uploads\/2013\/10\/naviyayo2019_es.jpg 1000w, https:\/\/addinformatica.com\/wp-content\/uploads\/2013\/10\/naviyayo2019_es-300x206.jpg 300w, https:\/\/addinformatica.com\/wp-content\/uploads\/2013\/10\/naviyayo2019_es-768x528.jpg 768w\" sizes=\"auto, (max-width: 1000px) 100vw, 1000px\" \/>\t\t\t\t\t\t\t<\/a>\n  \t\t\t\t\t\t\t  \t\t\t\t\t\t\t  \t\t\t\t\t\t<\/div>\n  \t\t\t\t\t\t  \t\t\t\t\t<\/div>\n          \t\t\t\t\t<div class=\"box-text text-left is-small\" style=\"padding:0px 0px 0px 0px;\">\n\t\t\t\t\t<div class=\"box-text-inner blog-post-inner\">\n\n\t\t\t\t\t\n\t\t\t\t\t\t\t\t\t\t<h5 class=\"post-title is-large \">\n\t\t\t\t\t\t<a href=\"https:\/\/addinformatica.com\/ca\/noticies\/7o-concurso-de-manualidades-navidenas-navcia-2019-2020\/\" class=\"plain\">7\u00ba Concurs de Manualitats de Nadal NAV&#038;CIA 2019-2020<\/a>\n\t\t\t\t\t<\/h5>\n\t\t\t\t\t\t\t\t\t\t<div class=\"is-divider\"><\/div>\n\t\t\t\t\t\t\t\t\t\t<p class=\"from_the_blog_excerpt \">\n\t\t\t\t\t\tUn any m\u00e9s, ADD Inform\u00e1tica (ResiPlus\u00ae) et convida [...]\t\t\t\t\t<\/p>\n\t\t\t\t\t                    \n\t\t\t\t\t\n\t\t\t\t\t\n\t\t\t\t\t<\/div>\n\t\t\t\t\t<\/div>\n\t\t\t\t\t\t\t\t\t<\/div>\n\t\t\t<\/div>\n\t\t<\/div><div class=\"col post-item\" >\n\t\t\t<div class=\"col-inner\">\n\t\t\t\t<div class=\"box box-normal box-text-bottom box-blog-post has-hover\">\n            \t\t\t\t\t<div class=\"box-image\" >\n  \t\t\t\t\t\t<div class=\"image-cover\" style=\"padding-top:100%;\">\n\t\t\t\t\t\t\t<a href=\"https:\/\/addinformatica.com\/ca\/noticies\/amese-al-pit-no-li-dones-lesquena\/\" class=\"plain\" aria-label=\"AMESE: Al pit no li dones l&#8217;esquena\">\n\t\t\t\t\t\t\t\t<img loading=\"lazy\" decoding=\"async\" width=\"1577\" height=\"917\" src=\"https:\/\/addinformatica.com\/wp-content\/uploads\/2019\/10\/1.png\" class=\"attachment-original size-original wp-post-image\" alt=\"\" srcset=\"https:\/\/addinformatica.com\/wp-content\/uploads\/2019\/10\/1.png 1577w, https:\/\/addinformatica.com\/wp-content\/uploads\/2019\/10\/1-300x174.png 300w, https:\/\/addinformatica.com\/wp-content\/uploads\/2019\/10\/1-1024x595.png 1024w, https:\/\/addinformatica.com\/wp-content\/uploads\/2019\/10\/1-768x447.png 768w, https:\/\/addinformatica.com\/wp-content\/uploads\/2019\/10\/1-1536x893.png 1536w\" sizes=\"auto, (max-width: 1577px) 100vw, 1577px\" \/>\t\t\t\t\t\t\t<\/a>\n  \t\t\t\t\t\t\t  \t\t\t\t\t\t\t  \t\t\t\t\t\t<\/div>\n  \t\t\t\t\t\t  \t\t\t\t\t<\/div>\n          \t\t\t\t\t<div class=\"box-text text-left is-small\" style=\"padding:0px 0px 0px 0px;\">\n\t\t\t\t\t<div class=\"box-text-inner blog-post-inner\">\n\n\t\t\t\t\t\n\t\t\t\t\t\t\t\t\t\t<h5 class=\"post-title is-large \">\n\t\t\t\t\t\t<a href=\"https:\/\/addinformatica.com\/ca\/noticies\/amese-al-pit-no-li-dones-lesquena\/\" class=\"plain\">AMESE: Al pit no li dones l&#8217;esquena<\/a>\n\t\t\t\t\t<\/h5>\n\t\t\t\t\t\t\t\t\t\t<div class=\"is-divider\"><\/div>\n\t\t\t\t\t\t\t\t\t\t<p class=\"from_the_blog_excerpt \">\n\t\t\t\t\t\tEl proper 24 d&#8217;Octubre comptarem amb la participaci\u00f3 [...]\t\t\t\t\t<\/p>\n\t\t\t\t\t                    \n\t\t\t\t\t\n\t\t\t\t\t\n\t\t\t\t\t<\/div>\n\t\t\t\t\t<\/div>\n\t\t\t\t\t\t\t\t\t<\/div>\n\t\t\t<\/div>\n\t\t<\/div><div class=\"col post-item\" >\n\t\t\t<div class=\"col-inner\">\n\t\t\t\t<div class=\"box box-normal box-text-bottom box-blog-post has-hover\">\n            \t\t\t\t\t<div class=\"box-image\" >\n  \t\t\t\t\t\t<div class=\"image-cover\" style=\"padding-top:100%;\">\n\t\t\t\t\t\t\t<a href=\"https:\/\/addinformatica.com\/ca\/noticies\/resiplus-en-colombia\/\" class=\"plain\" aria-label=\"ResiPlus en Col\u00f2mbia\">\n\t\t\t\t\t\t\t\t<img loading=\"lazy\" decoding=\"async\" width=\"2016\" height=\"1512\" src=\"https:\/\/addinformatica.com\/wp-content\/uploads\/2019\/10\/image001.jpg\" class=\"attachment-original size-original wp-post-image\" alt=\"\" srcset=\"https:\/\/addinformatica.com\/wp-content\/uploads\/2019\/10\/image001.jpg 2016w, https:\/\/addinformatica.com\/wp-content\/uploads\/2019\/10\/image001-300x225.jpg 300w, https:\/\/addinformatica.com\/wp-content\/uploads\/2019\/10\/image001-1024x768.jpg 1024w, https:\/\/addinformatica.com\/wp-content\/uploads\/2019\/10\/image001-768x576.jpg 768w, https:\/\/addinformatica.com\/wp-content\/uploads\/2019\/10\/image001-1536x1152.jpg 1536w\" sizes=\"auto, (max-width: 2016px) 100vw, 2016px\" \/>\t\t\t\t\t\t\t<\/a>\n  \t\t\t\t\t\t\t  \t\t\t\t\t\t\t  \t\t\t\t\t\t<\/div>\n  \t\t\t\t\t\t  \t\t\t\t\t<\/div>\n          \t\t\t\t\t<div class=\"box-text text-left is-small\" style=\"padding:0px 0px 0px 0px;\">\n\t\t\t\t\t<div class=\"box-text-inner blog-post-inner\">\n\n\t\t\t\t\t\n\t\t\t\t\t\t\t\t\t\t<h5 class=\"post-title is-large \">\n\t\t\t\t\t\t<a href=\"https:\/\/addinformatica.com\/ca\/noticies\/resiplus-en-colombia\/\" class=\"plain\">ResiPlus en Col\u00f2mbia<\/a>\n\t\t\t\t\t<\/h5>\n\t\t\t\t\t\t\t\t\t\t<div class=\"is-divider\"><\/div>\n\t\t\t\t\t\t\t\t\t\t<p class=\"from_the_blog_excerpt \">\n\t\t\t\t\t\tEl 5 de setembre passat ADD Inform\u00e0tica va [...]\t\t\t\t\t<\/p>\n\t\t\t\t\t                    \n\t\t\t\t\t\n\t\t\t\t\t\n\t\t\t\t\t<\/div>\n\t\t\t\t\t<\/div>\n\t\t\t\t\t\t\t\t\t<\/div>\n\t\t\t<\/div>\n\t\t<\/div><div class=\"col post-item\" >\n\t\t\t<div class=\"col-inner\">\n\t\t\t\t<div class=\"box box-normal box-text-bottom box-blog-post has-hover\">\n            \t\t\t\t\t<div class=\"box-image\" >\n  \t\t\t\t\t\t<div class=\"image-cover\" style=\"padding-top:100%;\">\n\t\t\t\t\t\t\t<a href=\"https:\/\/addinformatica.com\/ca\/noticies\/capacitar-nos-per-a-observar-millor-lobservacio-com-a-instrument-de-treball\/\" class=\"plain\" aria-label=\"Capacitar-nos per a observar millor. L&#8217;observaci\u00f3 com a instrument de treball\">\n\t\t\t\t\t\t\t\t<img loading=\"lazy\" decoding=\"async\" width=\"1200\" height=\"781\" src=\"https:\/\/addinformatica.com\/wp-content\/uploads\/2019\/10\/altheimer-noticia.jpg\" class=\"attachment-original size-original wp-post-image\" alt=\"\" srcset=\"https:\/\/addinformatica.com\/wp-content\/uploads\/2019\/10\/altheimer-noticia.jpg 1200w, https:\/\/addinformatica.com\/wp-content\/uploads\/2019\/10\/altheimer-noticia-300x195.jpg 300w, https:\/\/addinformatica.com\/wp-content\/uploads\/2019\/10\/altheimer-noticia-1024x666.jpg 1024w, https:\/\/addinformatica.com\/wp-content\/uploads\/2019\/10\/altheimer-noticia-768x500.jpg 768w\" sizes=\"auto, (max-width: 1200px) 100vw, 1200px\" \/>\t\t\t\t\t\t\t<\/a>\n  \t\t\t\t\t\t\t  \t\t\t\t\t\t\t  \t\t\t\t\t\t<\/div>\n  \t\t\t\t\t\t  \t\t\t\t\t<\/div>\n          \t\t\t\t\t<div class=\"box-text text-left is-small\" style=\"padding:0px 0px 0px 0px;\">\n\t\t\t\t\t<div class=\"box-text-inner blog-post-inner\">\n\n\t\t\t\t\t\n\t\t\t\t\t\t\t\t\t\t<h5 class=\"post-title is-large \">\n\t\t\t\t\t\t<a href=\"https:\/\/addinformatica.com\/ca\/noticies\/capacitar-nos-per-a-observar-millor-lobservacio-com-a-instrument-de-treball\/\" class=\"plain\">Capacitar-nos per a observar millor. L&#8217;observaci\u00f3 com a instrument de treball<\/a>\n\t\t\t\t\t<\/h5>\n\t\t\t\t\t\t\t\t\t\t<div class=\"is-divider\"><\/div>\n\t\t\t\t\t\t\t\t\t\t<p class=\"from_the_blog_excerpt \">\n\t\t\t\t\t\tElena Fern\u00e1ndez i Josep Vila, psic\u00f2legs experts en [...]\t\t\t\t\t<\/p>\n\t\t\t\t\t                    \n\t\t\t\t\t\n\t\t\t\t\t\n\t\t\t\t\t<\/div>\n\t\t\t\t\t<\/div>\n\t\t\t\t\t\t\t\t\t<\/div>\n\t\t\t<\/div>\n\t\t<\/div><div class=\"col post-item\" >\n\t\t\t<div class=\"col-inner\">\n\t\t\t\t<div class=\"box box-normal box-text-bottom box-blog-post has-hover\">\n            \t\t\t\t\t<div class=\"box-image\" >\n  \t\t\t\t\t\t<div class=\"image-cover\" style=\"padding-top:100%;\">\n\t\t\t\t\t\t\t<a href=\"https:\/\/addinformatica.com\/ca\/noticies\/sergio-canellas-informe-regles-i-indicadors\/\" class=\"plain\" aria-label=\"Sergio Ca\u00f1ellas: Informe \u201cRegles i Indicadors\u201d\">\n\t\t\t\t\t\t\t\t<img loading=\"lazy\" decoding=\"async\" width=\"480\" height=\"317\" src=\"https:\/\/addinformatica.com\/wp-content\/uploads\/2021\/02\/reglas-modulo1-480x317-1.jpg\" class=\"attachment-original size-original wp-post-image\" alt=\"\" srcset=\"https:\/\/addinformatica.com\/wp-content\/uploads\/2021\/02\/reglas-modulo1-480x317-1.jpg 480w, https:\/\/addinformatica.com\/wp-content\/uploads\/2021\/02\/reglas-modulo1-480x317-1-300x198.jpg 300w\" sizes=\"auto, (max-width: 480px) 100vw, 480px\" \/>\t\t\t\t\t\t\t<\/a>\n  \t\t\t\t\t\t\t  \t\t\t\t\t\t\t  \t\t\t\t\t\t<\/div>\n  \t\t\t\t\t\t  \t\t\t\t\t<\/div>\n          \t\t\t\t\t<div class=\"box-text text-left is-small\" style=\"padding:0px 0px 0px 0px;\">\n\t\t\t\t\t<div class=\"box-text-inner blog-post-inner\">\n\n\t\t\t\t\t\n\t\t\t\t\t\t\t\t\t\t<h5 class=\"post-title is-large \">\n\t\t\t\t\t\t<a href=\"https:\/\/addinformatica.com\/ca\/noticies\/sergio-canellas-informe-regles-i-indicadors\/\" class=\"plain\">Sergio Ca\u00f1ellas: Informe \u201cRegles i Indicadors\u201d<\/a>\n\t\t\t\t\t<\/h5>\n\t\t\t\t\t\t\t\t\t\t<div class=\"is-divider\"><\/div>\n\t\t\t\t\t\t\t\t\t\t<p class=\"from_the_blog_excerpt \">\n\t\t\t\t\t\tSergio Ca\u00f1ellas, Consultor amb m\u00e9s de 25 anys [...]\t\t\t\t\t<\/p>\n\t\t\t\t\t                    \n\t\t\t\t\t\n\t\t\t\t\t\n\t\t\t\t\t<\/div>\n\t\t\t\t\t<\/div>\n\t\t\t\t\t\t\t\t\t<\/div>\n\t\t\t<\/div>\n\t\t<\/div><div class=\"col post-item\" >\n\t\t\t<div class=\"col-inner\">\n\t\t\t\t<div class=\"box box-normal box-text-bottom box-blog-post has-hover\">\n            \t\t\t\t\t<div class=\"box-image\" >\n  \t\t\t\t\t\t<div class=\"image-cover\" style=\"padding-top:100%;\">\n\t\t\t\t\t\t\t<a href=\"https:\/\/addinformatica.com\/ca\/noticies\/guanyadors-del-6o-concurs-de-manualitats-nadalenques-nav-cia-2018-2019\/\" class=\"plain\" aria-label=\"Guanyadors del 6\u00ba Concurs de manualitats Nadalenques Nav &#038; Cia 2018-2019\">\n\t\t\t\t\t\t\t\t<img loading=\"lazy\" decoding=\"async\" width=\"1000\" height=\"688\" src=\"https:\/\/addinformatica.com\/wp-content\/uploads\/2013\/10\/naviyayo2018_ca.jpg\" class=\"attachment-original size-original wp-post-image\" alt=\"\" srcset=\"https:\/\/addinformatica.com\/wp-content\/uploads\/2013\/10\/naviyayo2018_ca.jpg 1000w, https:\/\/addinformatica.com\/wp-content\/uploads\/2013\/10\/naviyayo2018_ca-300x206.jpg 300w, https:\/\/addinformatica.com\/wp-content\/uploads\/2013\/10\/naviyayo2018_ca-768x528.jpg 768w\" sizes=\"auto, (max-width: 1000px) 100vw, 1000px\" \/>\t\t\t\t\t\t\t<\/a>\n  \t\t\t\t\t\t\t  \t\t\t\t\t\t\t  \t\t\t\t\t\t<\/div>\n  \t\t\t\t\t\t  \t\t\t\t\t<\/div>\n          \t\t\t\t\t<div class=\"box-text text-left is-small\" style=\"padding:0px 0px 0px 0px;\">\n\t\t\t\t\t<div class=\"box-text-inner blog-post-inner\">\n\n\t\t\t\t\t\n\t\t\t\t\t\t\t\t\t\t<h5 class=\"post-title is-large \">\n\t\t\t\t\t\t<a href=\"https:\/\/addinformatica.com\/ca\/noticies\/guanyadors-del-6o-concurs-de-manualitats-nadalenques-nav-cia-2018-2019\/\" class=\"plain\">Guanyadors del 6\u00ba Concurs de manualitats Nadalenques Nav &#038; Cia 2018-2019<\/a>\n\t\t\t\t\t<\/h5>\n\t\t\t\t\t\t\t\t\t\t<div class=\"is-divider\"><\/div>\n\t\t\t\t\t\t\t\t\t\t<p class=\"from_the_blog_excerpt \">\n\t\t\t\t\t\tA continuacio es detallen els guanyadors del 6\u00ba [...]\t\t\t\t\t<\/p>\n\t\t\t\t\t                    \n\t\t\t\t\t\n\t\t\t\t\t\n\t\t\t\t\t<\/div>\n\t\t\t\t\t<\/div>\n\t\t\t\t\t\t\t\t\t<\/div>\n\t\t\t<\/div>\n\t\t<\/div><div class=\"col post-item\" >\n\t\t\t<div class=\"col-inner\">\n\t\t\t\t<div class=\"box box-normal box-text-bottom box-blog-post has-hover\">\n            \t\t\t\t\t<div class=\"box-image\" >\n  \t\t\t\t\t\t<div class=\"image-cover\" style=\"padding-top:100%;\">\n\t\t\t\t\t\t\t<a href=\"https:\/\/addinformatica.com\/ca\/noticies\/finalitzat-el-6o-concurs-de-manualitats-nadalenques-nav-cia-2018-2019\/\" class=\"plain\" aria-label=\"Finalitzat el 6\u00ba Concurs de manualitats Nadalenques NAV&#038;CIA 2018-2019\">\n\t\t\t\t\t\t\t\t<img loading=\"lazy\" decoding=\"async\" width=\"1000\" height=\"688\" src=\"https:\/\/addinformatica.com\/wp-content\/uploads\/2013\/10\/naviyayo2018_ca.jpg\" class=\"attachment-original size-original wp-post-image\" alt=\"\" srcset=\"https:\/\/addinformatica.com\/wp-content\/uploads\/2013\/10\/naviyayo2018_ca.jpg 1000w, https:\/\/addinformatica.com\/wp-content\/uploads\/2013\/10\/naviyayo2018_ca-300x206.jpg 300w, https:\/\/addinformatica.com\/wp-content\/uploads\/2013\/10\/naviyayo2018_ca-768x528.jpg 768w\" sizes=\"auto, (max-width: 1000px) 100vw, 1000px\" \/>\t\t\t\t\t\t\t<\/a>\n  \t\t\t\t\t\t\t  \t\t\t\t\t\t\t  \t\t\t\t\t\t<\/div>\n  \t\t\t\t\t\t  \t\t\t\t\t<\/div>\n          \t\t\t\t\t<div class=\"box-text text-left is-small\" style=\"padding:0px 0px 0px 0px;\">\n\t\t\t\t\t<div class=\"box-text-inner blog-post-inner\">\n\n\t\t\t\t\t\n\t\t\t\t\t\t\t\t\t\t<h5 class=\"post-title is-large \">\n\t\t\t\t\t\t<a href=\"https:\/\/addinformatica.com\/ca\/noticies\/finalitzat-el-6o-concurs-de-manualitats-nadalenques-nav-cia-2018-2019\/\" class=\"plain\">Finalitzat el 6\u00ba Concurs de manualitats Nadalenques NAV&#038;CIA 2018-2019<\/a>\n\t\t\t\t\t<\/h5>\n\t\t\t\t\t\t\t\t\t\t<div class=\"is-divider\"><\/div>\n\t\t\t\t\t\t\t\t\t\t<p class=\"from_the_blog_excerpt \">\n\t\t\t\t\t\tADD Inform\u00e1tica comunica la finalitzaci\u00f3 del 6\u00ba Concurs [...]\t\t\t\t\t<\/p>\n\t\t\t\t\t                    \n\t\t\t\t\t\n\t\t\t\t\t\n\t\t\t\t\t<\/div>\n\t\t\t\t\t<\/div>\n\t\t\t\t\t\t\t\t\t<\/div>\n\t\t\t<\/div>\n\t\t<\/div><div class=\"col post-item\" >\n\t\t\t<div class=\"col-inner\">\n\t\t\t\t<div class=\"box box-normal box-text-bottom box-blog-post has-hover\">\n            \t\t\t\t\t<div class=\"box-image\" >\n  \t\t\t\t\t\t<div class=\"image-cover\" style=\"padding-top:100%;\">\n\t\t\t\t\t\t\t<a href=\"https:\/\/addinformatica.com\/ca\/noticies\/finalitzada-la-i-etapa-del-6o-concurs-nav-cia-2018-2019\/\" class=\"plain\" aria-label=\"Finalitzada la I Etapa del 6\u00ba Concurs NAV&#038;CIA 2018-2019\">\n\t\t\t\t\t\t\t\t<img loading=\"lazy\" decoding=\"async\" width=\"1000\" height=\"688\" src=\"https:\/\/addinformatica.com\/wp-content\/uploads\/2013\/10\/naviyayo2018_ca.jpg\" class=\"attachment-original size-original wp-post-image\" alt=\"\" srcset=\"https:\/\/addinformatica.com\/wp-content\/uploads\/2013\/10\/naviyayo2018_ca.jpg 1000w, https:\/\/addinformatica.com\/wp-content\/uploads\/2013\/10\/naviyayo2018_ca-300x206.jpg 300w, https:\/\/addinformatica.com\/wp-content\/uploads\/2013\/10\/naviyayo2018_ca-768x528.jpg 768w\" sizes=\"auto, (max-width: 1000px) 100vw, 1000px\" \/>\t\t\t\t\t\t\t<\/a>\n  \t\t\t\t\t\t\t  \t\t\t\t\t\t\t  \t\t\t\t\t\t<\/div>\n  \t\t\t\t\t\t  \t\t\t\t\t<\/div>\n          \t\t\t\t\t<div class=\"box-text text-left is-small\" style=\"padding:0px 0px 0px 0px;\">\n\t\t\t\t\t<div class=\"box-text-inner blog-post-inner\">\n\n\t\t\t\t\t\n\t\t\t\t\t\t\t\t\t\t<h5 class=\"post-title is-large \">\n\t\t\t\t\t\t<a href=\"https:\/\/addinformatica.com\/ca\/noticies\/finalitzada-la-i-etapa-del-6o-concurs-nav-cia-2018-2019\/\" class=\"plain\">Finalitzada la I Etapa del 6\u00ba Concurs NAV&#038;CIA 2018-2019<\/a>\n\t\t\t\t\t<\/h5>\n\t\t\t\t\t\t\t\t\t\t<div class=\"is-divider\"><\/div>\n\t\t\t\t\t\t\t\t\t\t<p class=\"from_the_blog_excerpt \">\n\t\t\t\t\t\tADD Inform\u00e1tica comunica la finalitzaci\u00f3 de la I [...]\t\t\t\t\t<\/p>\n\t\t\t\t\t                    \n\t\t\t\t\t\n\t\t\t\t\t\n\t\t\t\t\t<\/div>\n\t\t\t\t\t<\/div>\n\t\t\t\t\t\t\t\t\t<\/div>\n\t\t\t<\/div>\n\t\t<\/div><div class=\"col post-item\" >\n\t\t\t<div class=\"col-inner\">\n\t\t\t\t<div class=\"box box-normal box-text-bottom box-blog-post has-hover\">\n            \t\t\t\t\t<div class=\"box-image\" >\n  \t\t\t\t\t\t<div class=\"image-cover\" style=\"padding-top:100%;\">\n\t\t\t\t\t\t\t<a href=\"https:\/\/addinformatica.com\/ca\/noticies\/6o-concurs-de-manualitats-de-nadal-nav-cia-2018-2019\/\" class=\"plain\" aria-label=\"6\u00ba Concurs de Manualitats de Nadal NAV&#038;CIA 2018-2019\">\n\t\t\t\t\t\t\t\t<img loading=\"lazy\" decoding=\"async\" width=\"1000\" height=\"688\" src=\"https:\/\/addinformatica.com\/wp-content\/uploads\/2013\/10\/naviyayo2018_ca.jpg\" class=\"attachment-original size-original wp-post-image\" alt=\"\" srcset=\"https:\/\/addinformatica.com\/wp-content\/uploads\/2013\/10\/naviyayo2018_ca.jpg 1000w, https:\/\/addinformatica.com\/wp-content\/uploads\/2013\/10\/naviyayo2018_ca-300x206.jpg 300w, https:\/\/addinformatica.com\/wp-content\/uploads\/2013\/10\/naviyayo2018_ca-768x528.jpg 768w\" sizes=\"auto, (max-width: 1000px) 100vw, 1000px\" \/>\t\t\t\t\t\t\t<\/a>\n  \t\t\t\t\t\t\t  \t\t\t\t\t\t\t  \t\t\t\t\t\t<\/div>\n  \t\t\t\t\t\t  \t\t\t\t\t<\/div>\n          \t\t\t\t\t<div class=\"box-text text-left is-small\" style=\"padding:0px 0px 0px 0px;\">\n\t\t\t\t\t<div class=\"box-text-inner blog-post-inner\">\n\n\t\t\t\t\t\n\t\t\t\t\t\t\t\t\t\t<h5 class=\"post-title is-large \">\n\t\t\t\t\t\t<a href=\"https:\/\/addinformatica.com\/ca\/noticies\/6o-concurs-de-manualitats-de-nadal-nav-cia-2018-2019\/\" class=\"plain\">6\u00ba Concurs de Manualitats de Nadal NAV&#038;CIA 2018-2019<\/a>\n\t\t\t\t\t<\/h5>\n\t\t\t\t\t\t\t\t\t\t<div class=\"is-divider\"><\/div>\n\t\t\t\t\t\t\t\t\t\t<p class=\"from_the_blog_excerpt \">\n\t\t\t\t\t\tUn any m\u00e9s, ADD Inform\u00e1tica (ResiPlus\u00ae) et convida [...]\t\t\t\t\t<\/p>\n\t\t\t\t\t                    \n\t\t\t\t\t\n\t\t\t\t\t\n\t\t\t\t\t<\/div>\n\t\t\t\t\t<\/div>\n\t\t\t\t\t\t\t\t\t<\/div>\n\t\t\t<\/div>\n\t\t<\/div><div class=\"col post-item\" >\n\t\t\t<div class=\"col-inner\">\n\t\t\t\t<div class=\"box box-normal box-text-bottom box-blog-post has-hover\">\n            \t\t\t\t\t<div class=\"box-image\" >\n  \t\t\t\t\t\t<div class=\"image-cover\" style=\"padding-top:100%;\">\n\t\t\t\t\t\t\t<a href=\"https:\/\/addinformatica.com\/ca\/noticies\/guanyadors-5-concurs-manualitats-nadalenques-naviyayo-2017-2018\/\" class=\"plain\" aria-label=\"Guanyadors del 5\u00ba Concurs de manualitats Nadalenques Naviyayo &#038; Cia 2017-2018\">\n\t\t\t\t\t\t\t\t<img loading=\"lazy\" decoding=\"async\" width=\"1000\" height=\"688\" src=\"https:\/\/addinformatica.com\/wp-content\/uploads\/2017\/10\/naviyayo2017_ca.jpg\" class=\"attachment-original size-original wp-post-image\" alt=\"\" srcset=\"https:\/\/addinformatica.com\/wp-content\/uploads\/2017\/10\/naviyayo2017_ca.jpg 1000w, https:\/\/addinformatica.com\/wp-content\/uploads\/2017\/10\/naviyayo2017_ca-300x206.jpg 300w, https:\/\/addinformatica.com\/wp-content\/uploads\/2017\/10\/naviyayo2017_ca-768x528.jpg 768w\" sizes=\"auto, (max-width: 1000px) 100vw, 1000px\" \/>\t\t\t\t\t\t\t<\/a>\n  \t\t\t\t\t\t\t  \t\t\t\t\t\t\t  \t\t\t\t\t\t<\/div>\n  \t\t\t\t\t\t  \t\t\t\t\t<\/div>\n          \t\t\t\t\t<div class=\"box-text text-left is-small\" style=\"padding:0px 0px 0px 0px;\">\n\t\t\t\t\t<div class=\"box-text-inner blog-post-inner\">\n\n\t\t\t\t\t\n\t\t\t\t\t\t\t\t\t\t<h5 class=\"post-title is-large \">\n\t\t\t\t\t\t<a href=\"https:\/\/addinformatica.com\/ca\/noticies\/guanyadors-5-concurs-manualitats-nadalenques-naviyayo-2017-2018\/\" class=\"plain\">Guanyadors del 5\u00ba Concurs de manualitats Nadalenques Naviyayo &#038; Cia 2017-2018<\/a>\n\t\t\t\t\t<\/h5>\n\t\t\t\t\t\t\t\t\t\t<div class=\"is-divider\"><\/div>\n\t\t\t\t\t\t\t\t\t\t<p class=\"from_the_blog_excerpt \">\n\t\t\t\t\t\tA continuacio es detallen els guanyadors del 5 [...]\t\t\t\t\t<\/p>\n\t\t\t\t\t                    \n\t\t\t\t\t\n\t\t\t\t\t\n\t\t\t\t\t<\/div>\n\t\t\t\t\t<\/div>\n\t\t\t\t\t\t\t\t\t<\/div>\n\t\t\t<\/div>\n\t\t<\/div><div class=\"col post-item\" >\n\t\t\t<div class=\"col-inner\">\n\t\t\t\t<div class=\"box box-normal box-text-bottom box-blog-post has-hover\">\n            \t\t\t\t\t<div class=\"box-image\" >\n  \t\t\t\t\t\t<div class=\"image-cover\" style=\"padding-top:100%;\">\n\t\t\t\t\t\t\t<a href=\"https:\/\/addinformatica.com\/ca\/noticies\/finalitzat-5o-concurs-manualitats-nadalenques-naviyayo-2017-2018\/\" class=\"plain\" aria-label=\"Finalitzat el 5\u00ba Concurs de manualitats Nadalenques Naviyayo &#038; C\u00eda. 2017-2018\">\n\t\t\t\t\t\t\t\t<img loading=\"lazy\" decoding=\"async\" width=\"1000\" height=\"688\" src=\"https:\/\/addinformatica.com\/wp-content\/uploads\/2017\/10\/naviyayo2017_ca.jpg\" class=\"attachment-original size-original wp-post-image\" alt=\"\" srcset=\"https:\/\/addinformatica.com\/wp-content\/uploads\/2017\/10\/naviyayo2017_ca.jpg 1000w, https:\/\/addinformatica.com\/wp-content\/uploads\/2017\/10\/naviyayo2017_ca-300x206.jpg 300w, https:\/\/addinformatica.com\/wp-content\/uploads\/2017\/10\/naviyayo2017_ca-768x528.jpg 768w\" sizes=\"auto, (max-width: 1000px) 100vw, 1000px\" \/>\t\t\t\t\t\t\t<\/a>\n  \t\t\t\t\t\t\t  \t\t\t\t\t\t\t  \t\t\t\t\t\t<\/div>\n  \t\t\t\t\t\t  \t\t\t\t\t<\/div>\n          \t\t\t\t\t<div class=\"box-text text-left is-small\" style=\"padding:0px 0px 0px 0px;\">\n\t\t\t\t\t<div class=\"box-text-inner blog-post-inner\">\n\n\t\t\t\t\t\n\t\t\t\t\t\t\t\t\t\t<h5 class=\"post-title is-large \">\n\t\t\t\t\t\t<a href=\"https:\/\/addinformatica.com\/ca\/noticies\/finalitzat-5o-concurs-manualitats-nadalenques-naviyayo-2017-2018\/\" class=\"plain\">Finalitzat el 5\u00ba Concurs de manualitats Nadalenques Naviyayo &#038; C\u00eda. 2017-2018<\/a>\n\t\t\t\t\t<\/h5>\n\t\t\t\t\t\t\t\t\t\t<div class=\"is-divider\"><\/div>\n\t\t\t\t\t\t\t\t\t\t<p class=\"from_the_blog_excerpt \">\n\t\t\t\t\t\tADD Inform\u00e1tica comunica la finalitzaci\u00f3 del 5\u00ba Concurs [...]\t\t\t\t\t<\/p>\n\t\t\t\t\t                    \n\t\t\t\t\t\n\t\t\t\t\t\n\t\t\t\t\t<\/div>\n\t\t\t\t\t<\/div>\n\t\t\t\t\t\t\t\t\t<\/div>\n\t\t\t<\/div>\n\t\t<\/div><div class=\"col post-item\" >\n\t\t\t<div class=\"col-inner\">\n\t\t\t\t<div class=\"box box-normal box-text-bottom box-blog-post has-hover\">\n            \t\t\t\t\t<div class=\"box-image\" >\n  \t\t\t\t\t\t<div class=\"image-cover\" style=\"padding-top:100%;\">\n\t\t\t\t\t\t\t<a href=\"https:\/\/addinformatica.com\/ca\/noticies\/finalitzada-i-etapa-5o-concurs-naviyayo-2017-2018\/\" class=\"plain\" aria-label=\"Finalitzada la I Etapa del 5\u00ba Concurs Naviyayo &#038; C\u00eda. 2017-2018\">\n\t\t\t\t\t\t\t\t<img loading=\"lazy\" decoding=\"async\" width=\"1000\" height=\"688\" src=\"https:\/\/addinformatica.com\/wp-content\/uploads\/2017\/10\/naviyayo2017_ca.jpg\" class=\"attachment-original size-original wp-post-image\" alt=\"\" srcset=\"https:\/\/addinformatica.com\/wp-content\/uploads\/2017\/10\/naviyayo2017_ca.jpg 1000w, https:\/\/addinformatica.com\/wp-content\/uploads\/2017\/10\/naviyayo2017_ca-300x206.jpg 300w, https:\/\/addinformatica.com\/wp-content\/uploads\/2017\/10\/naviyayo2017_ca-768x528.jpg 768w\" sizes=\"auto, (max-width: 1000px) 100vw, 1000px\" \/>\t\t\t\t\t\t\t<\/a>\n  \t\t\t\t\t\t\t  \t\t\t\t\t\t\t  \t\t\t\t\t\t<\/div>\n  \t\t\t\t\t\t  \t\t\t\t\t<\/div>\n          \t\t\t\t\t<div class=\"box-text text-left is-small\" style=\"padding:0px 0px 0px 0px;\">\n\t\t\t\t\t<div class=\"box-text-inner blog-post-inner\">\n\n\t\t\t\t\t\n\t\t\t\t\t\t\t\t\t\t<h5 class=\"post-title is-large \">\n\t\t\t\t\t\t<a href=\"https:\/\/addinformatica.com\/ca\/noticies\/finalitzada-i-etapa-5o-concurs-naviyayo-2017-2018\/\" class=\"plain\">Finalitzada la I Etapa del 5\u00ba Concurs Naviyayo &#038; C\u00eda. 2017-2018<\/a>\n\t\t\t\t\t<\/h5>\n\t\t\t\t\t\t\t\t\t\t<div class=\"is-divider\"><\/div>\n\t\t\t\t\t\t\t\t\t\t<p class=\"from_the_blog_excerpt \">\n\t\t\t\t\t\tADD Inform\u00e1tica comunica la finalitzaci\u00f3 de la I [...]\t\t\t\t\t<\/p>\n\t\t\t\t\t                    \n\t\t\t\t\t\n\t\t\t\t\t\n\t\t\t\t\t<\/div>\n\t\t\t\t\t<\/div>\n\t\t\t\t\t\t\t\t\t<\/div>\n\t\t\t<\/div>\n\t\t<\/div><div class=\"col post-item\" >\n\t\t\t<div class=\"col-inner\">\n\t\t\t\t<div class=\"box box-normal box-text-bottom box-blog-post has-hover\">\n            \t\t\t\t\t<div class=\"box-image\" >\n  \t\t\t\t\t\t<div class=\"image-cover\" style=\"padding-top:100%;\">\n\t\t\t\t\t\t\t<a href=\"https:\/\/addinformatica.com\/ca\/noticies\/5o-concurs-manualitats-nadal-naviyayo-2017-2018\/\" class=\"plain\" aria-label=\"5\u00ba Concurs de Manualitats de Nadal NaviYayo &#038; Cia. 2017-2018\">\n\t\t\t\t\t\t\t\t<img loading=\"lazy\" decoding=\"async\" width=\"1000\" height=\"688\" src=\"https:\/\/addinformatica.com\/wp-content\/uploads\/2017\/10\/naviyayo2017_es.jpg\" class=\"attachment-original size-original wp-post-image\" alt=\"\" srcset=\"https:\/\/addinformatica.com\/wp-content\/uploads\/2017\/10\/naviyayo2017_es.jpg 1000w, https:\/\/addinformatica.com\/wp-content\/uploads\/2017\/10\/naviyayo2017_es-300x206.jpg 300w, https:\/\/addinformatica.com\/wp-content\/uploads\/2017\/10\/naviyayo2017_es-768x528.jpg 768w\" sizes=\"auto, (max-width: 1000px) 100vw, 1000px\" \/>\t\t\t\t\t\t\t<\/a>\n  \t\t\t\t\t\t\t  \t\t\t\t\t\t\t  \t\t\t\t\t\t<\/div>\n  \t\t\t\t\t\t  \t\t\t\t\t<\/div>\n          \t\t\t\t\t<div class=\"box-text text-left is-small\" style=\"padding:0px 0px 0px 0px;\">\n\t\t\t\t\t<div class=\"box-text-inner blog-post-inner\">\n\n\t\t\t\t\t\n\t\t\t\t\t\t\t\t\t\t<h5 class=\"post-title is-large \">\n\t\t\t\t\t\t<a href=\"https:\/\/addinformatica.com\/ca\/noticies\/5o-concurs-manualitats-nadal-naviyayo-2017-2018\/\" class=\"plain\">5\u00ba Concurs de Manualitats de Nadal NaviYayo &#038; Cia. 2017-2018<\/a>\n\t\t\t\t\t<\/h5>\n\t\t\t\t\t\t\t\t\t\t<div class=\"is-divider\"><\/div>\n\t\t\t\t\t\t\t\t\t\t<p class=\"from_the_blog_excerpt \">\n\t\t\t\t\t\tUn any m\u00e9s, ADD Inform\u00e1tica (ResiPlus\u00ae) et convida [...]\t\t\t\t\t<\/p>\n\t\t\t\t\t                    \n\t\t\t\t\t\n\t\t\t\t\t\n\t\t\t\t\t<\/div>\n\t\t\t\t\t<\/div>\n\t\t\t\t\t\t\t\t\t<\/div>\n\t\t\t<\/div>\n\t\t<\/div><div class=\"col post-item\" >\n\t\t\t<div class=\"col-inner\">\n\t\t\t\t<div class=\"box box-normal box-text-bottom box-blog-post has-hover\">\n            \t\t\t\t\t<div class=\"box-image\" >\n  \t\t\t\t\t\t<div class=\"image-cover\" style=\"padding-top:100%;\">\n\t\t\t\t\t\t\t<a href=\"https:\/\/addinformatica.com\/ca\/noticies\/windows-10-una-necessitat-per-estar-protegit\/\" class=\"plain\" aria-label=\"Windows 10, una necessitat per estar protegit\">\n\t\t\t\t\t\t\t\t<img loading=\"lazy\" decoding=\"async\" width=\"715\" height=\"374\" src=\"https:\/\/addinformatica.com\/wp-content\/uploads\/2016\/05\/windows10keyboard.jpg\" class=\"attachment-original size-original wp-post-image\" alt=\"\" srcset=\"https:\/\/addinformatica.com\/wp-content\/uploads\/2016\/05\/windows10keyboard.jpg 715w, https:\/\/addinformatica.com\/wp-content\/uploads\/2016\/05\/windows10keyboard-300x157.jpg 300w\" sizes=\"auto, (max-width: 715px) 100vw, 715px\" \/>\t\t\t\t\t\t\t<\/a>\n  \t\t\t\t\t\t\t  \t\t\t\t\t\t\t  \t\t\t\t\t\t<\/div>\n  \t\t\t\t\t\t  \t\t\t\t\t<\/div>\n          \t\t\t\t\t<div class=\"box-text text-left is-small\" style=\"padding:0px 0px 0px 0px;\">\n\t\t\t\t\t<div class=\"box-text-inner blog-post-inner\">\n\n\t\t\t\t\t\n\t\t\t\t\t\t\t\t\t\t<h5 class=\"post-title is-large \">\n\t\t\t\t\t\t<a href=\"https:\/\/addinformatica.com\/ca\/noticies\/windows-10-una-necessitat-per-estar-protegit\/\" class=\"plain\">Windows 10, una necessitat per estar protegit<\/a>\n\t\t\t\t\t<\/h5>\n\t\t\t\t\t\t\t\t\t\t<div class=\"is-divider\"><\/div>\n\t\t\t\t\t\t\t\t\t\t<p class=\"from_the_blog_excerpt \">\n\t\t\t\t\t\tDe tots \u00e9s conegut el gran impacte que [...]\t\t\t\t\t<\/p>\n\t\t\t\t\t                    \n\t\t\t\t\t\n\t\t\t\t\t\n\t\t\t\t\t<\/div>\n\t\t\t\t\t<\/div>\n\t\t\t\t\t\t\t\t\t<\/div>\n\t\t\t<\/div>\n\t\t<\/div><div class=\"col post-item\" >\n\t\t\t<div class=\"col-inner\">\n\t\t\t\t<div class=\"box box-normal box-text-bottom box-blog-post has-hover\">\n            \t\t\t\t\t<div class=\"box-image\" >\n  \t\t\t\t\t\t<div class=\"image-cover\" style=\"padding-top:100%;\">\n\t\t\t\t\t\t\t<a href=\"https:\/\/addinformatica.com\/ca\/noticies\/els-centres-objectes-destudi-en-la-tesi-doctoral-de-la-dra-ana-urrutia-van-arreplegar-les-dades-en-resiplus\/\" class=\"plain\" aria-label=\"Els Centres objectes d&#8217;estudi en la tesi doctoral de la Dra. Ana Urrutia van arreplegar les dades en ResiPlus\">\n\t\t\t\t\t\t\t\t<img loading=\"lazy\" decoding=\"async\" width=\"480\" height=\"320\" src=\"https:\/\/addinformatica.com\/wp-content\/uploads\/2021\/02\/laptop-480x320-1.jpg\" class=\"attachment-original size-original wp-post-image\" alt=\"\" srcset=\"https:\/\/addinformatica.com\/wp-content\/uploads\/2021\/02\/laptop-480x320-1.jpg 480w, https:\/\/addinformatica.com\/wp-content\/uploads\/2021\/02\/laptop-480x320-1-300x200.jpg 300w\" sizes=\"auto, (max-width: 480px) 100vw, 480px\" \/>\t\t\t\t\t\t\t<\/a>\n  \t\t\t\t\t\t\t  \t\t\t\t\t\t\t  \t\t\t\t\t\t<\/div>\n  \t\t\t\t\t\t  \t\t\t\t\t<\/div>\n          \t\t\t\t\t<div class=\"box-text text-left is-small\" style=\"padding:0px 0px 0px 0px;\">\n\t\t\t\t\t<div class=\"box-text-inner blog-post-inner\">\n\n\t\t\t\t\t\n\t\t\t\t\t\t\t\t\t\t<h5 class=\"post-title is-large \">\n\t\t\t\t\t\t<a href=\"https:\/\/addinformatica.com\/ca\/noticies\/els-centres-objectes-destudi-en-la-tesi-doctoral-de-la-dra-ana-urrutia-van-arreplegar-les-dades-en-resiplus\/\" class=\"plain\">Els Centres objectes d&#8217;estudi en la tesi doctoral de la Dra. Ana Urrutia van arreplegar les dades en ResiPlus<\/a>\n\t\t\t\t\t<\/h5>\n\t\t\t\t\t\t\t\t\t\t<div class=\"is-divider\"><\/div>\n\t\t\t\t\t\t\t\t\t\t<p class=\"from_the_blog_excerpt \">\n\t\t\t\t\t\tLa Doctora Ana M\u00aa Urrutia va presentar la [...]\t\t\t\t\t<\/p>\n\t\t\t\t\t                    \n\t\t\t\t\t\n\t\t\t\t\t\n\t\t\t\t\t<\/div>\n\t\t\t\t\t<\/div>\n\t\t\t\t\t\t\t\t\t<\/div>\n\t\t\t<\/div>\n\t\t<\/div><div class=\"col post-item\" >\n\t\t\t<div class=\"col-inner\">\n\t\t\t\t<div class=\"box box-normal box-text-bottom box-blog-post has-hover\">\n            \t\t\t\t\t<div class=\"box-image\" >\n  \t\t\t\t\t\t<div class=\"image-cover\" style=\"padding-top:100%;\">\n\t\t\t\t\t\t\t<a href=\"https:\/\/addinformatica.com\/ca\/conferencies\/i-jornada-tecnologica-arade\/\" class=\"plain\" aria-label=\"I Jornada Tecnol\u00f2gica ARADE\">\n\t\t\t\t\t\t\t\t<img loading=\"lazy\" decoding=\"async\" width=\"682\" height=\"407\" src=\"https:\/\/addinformatica.com\/wp-content\/uploads\/2017\/05\/Captura-de-pantalla-2017-05-15-a-las-19.19.26.png\" class=\"attachment-original size-original wp-post-image\" alt=\"\" srcset=\"https:\/\/addinformatica.com\/wp-content\/uploads\/2017\/05\/Captura-de-pantalla-2017-05-15-a-las-19.19.26.png 682w, https:\/\/addinformatica.com\/wp-content\/uploads\/2017\/05\/Captura-de-pantalla-2017-05-15-a-las-19.19.26-300x179.png 300w\" sizes=\"auto, (max-width: 682px) 100vw, 682px\" \/>\t\t\t\t\t\t\t<\/a>\n  \t\t\t\t\t\t\t  \t\t\t\t\t\t\t  \t\t\t\t\t\t<\/div>\n  \t\t\t\t\t\t  \t\t\t\t\t<\/div>\n          \t\t\t\t\t<div class=\"box-text text-left is-small\" style=\"padding:0px 0px 0px 0px;\">\n\t\t\t\t\t<div class=\"box-text-inner blog-post-inner\">\n\n\t\t\t\t\t\n\t\t\t\t\t\t\t\t\t\t<h5 class=\"post-title is-large \">\n\t\t\t\t\t\t<a href=\"https:\/\/addinformatica.com\/ca\/conferencies\/i-jornada-tecnologica-arade\/\" class=\"plain\">I Jornada Tecnol\u00f2gica ARADE<\/a>\n\t\t\t\t\t<\/h5>\n\t\t\t\t\t\t\t\t\t\t<div class=\"is-divider\"><\/div>\n\t\t\t\t\t\t\t\t\t\t<p class=\"from_the_blog_excerpt \">\n\t\t\t\t\t\tEl pr\u00f2xim 26 de Maig ARADE organitza la [...]\t\t\t\t\t<\/p>\n\t\t\t\t\t                    \n\t\t\t\t\t\n\t\t\t\t\t\n\t\t\t\t\t<\/div>\n\t\t\t\t\t<\/div>\n\t\t\t\t\t\t\t\t\t<\/div>\n\t\t\t<\/div>\n\t\t<\/div><div class=\"col post-item\" >\n\t\t\t<div class=\"col-inner\">\n\t\t\t\t<div class=\"box box-normal box-text-bottom box-blog-post has-hover\">\n            \t\t\t\t\t<div class=\"box-image\" >\n  \t\t\t\t\t\t<div class=\"image-cover\" style=\"padding-top:100%;\">\n\t\t\t\t\t\t\t<a href=\"https:\/\/addinformatica.com\/ca\/noticies\/guanyadors-del-4o-concurs-de-manualitats-nadalenques-naviyayo-cia-2016-2017\/\" class=\"plain\" aria-label=\"Guanyadors del 4\u00ba Concurs de manualitats Nadalenques Naviyayo &#038; C\u00eda 2016-2017\">\n\t\t\t\t\t\t\t\t<img loading=\"lazy\" decoding=\"async\" width=\"1000\" height=\"688\" src=\"https:\/\/addinformatica.com\/wp-content\/uploads\/2016\/11\/naviyayo2016_es.jpg\" class=\"attachment-original size-original wp-post-image\" alt=\"\" srcset=\"https:\/\/addinformatica.com\/wp-content\/uploads\/2016\/11\/naviyayo2016_es.jpg 1000w, https:\/\/addinformatica.com\/wp-content\/uploads\/2016\/11\/naviyayo2016_es-300x206.jpg 300w, https:\/\/addinformatica.com\/wp-content\/uploads\/2016\/11\/naviyayo2016_es-768x528.jpg 768w\" sizes=\"auto, (max-width: 1000px) 100vw, 1000px\" \/>\t\t\t\t\t\t\t<\/a>\n  \t\t\t\t\t\t\t  \t\t\t\t\t\t\t  \t\t\t\t\t\t<\/div>\n  \t\t\t\t\t\t  \t\t\t\t\t<\/div>\n          \t\t\t\t\t<div class=\"box-text text-left is-small\" style=\"padding:0px 0px 0px 0px;\">\n\t\t\t\t\t<div class=\"box-text-inner blog-post-inner\">\n\n\t\t\t\t\t\n\t\t\t\t\t\t\t\t\t\t<h5 class=\"post-title is-large \">\n\t\t\t\t\t\t<a href=\"https:\/\/addinformatica.com\/ca\/noticies\/guanyadors-del-4o-concurs-de-manualitats-nadalenques-naviyayo-cia-2016-2017\/\" class=\"plain\">Guanyadors del 4\u00ba Concurs de manualitats Nadalenques Naviyayo &#038; C\u00eda 2016-2017<\/a>\n\t\t\t\t\t<\/h5>\n\t\t\t\t\t\t\t\t\t\t<div class=\"is-divider\"><\/div>\n\t\t\t\t\t\t\t\t\t\t<p class=\"from_the_blog_excerpt \">\n\t\t\t\t\t\tFinalitzada la investigaci\u00f3 oberta el passat 11\/01\/2017, a [...]\t\t\t\t\t<\/p>\n\t\t\t\t\t                    \n\t\t\t\t\t\n\t\t\t\t\t\n\t\t\t\t\t<\/div>\n\t\t\t\t\t<\/div>\n\t\t\t\t\t\t\t\t\t<\/div>\n\t\t\t<\/div>\n\t\t<\/div><div class=\"col post-item\" >\n\t\t\t<div class=\"col-inner\">\n\t\t\t\t<div class=\"box box-normal box-text-bottom box-blog-post has-hover\">\n            \t\t\t\t\t<div class=\"box-image\" >\n  \t\t\t\t\t\t<div class=\"image-cover\" style=\"padding-top:100%;\">\n\t\t\t\t\t\t\t<a href=\"https:\/\/addinformatica.com\/ca\/noticies\/ajornada-la-resolucio-del-4o-concurs-de-manualitats-nadalenques-naviyayo-cia-2016-2017\/\" class=\"plain\" aria-label=\"Ajornada la resoluci\u00f3 del 4\u00ba Concurs de manualitats Nadalenques Naviyayo &#038; C\u00eda 2016-2017\">\n\t\t\t\t\t\t\t\t<img loading=\"lazy\" decoding=\"async\" width=\"1000\" height=\"688\" src=\"https:\/\/addinformatica.com\/wp-content\/uploads\/2016\/11\/naviyayo2016_ca.jpg\" class=\"attachment-original size-original wp-post-image\" alt=\"\" srcset=\"https:\/\/addinformatica.com\/wp-content\/uploads\/2016\/11\/naviyayo2016_ca.jpg 1000w, https:\/\/addinformatica.com\/wp-content\/uploads\/2016\/11\/naviyayo2016_ca-300x206.jpg 300w, https:\/\/addinformatica.com\/wp-content\/uploads\/2016\/11\/naviyayo2016_ca-768x528.jpg 768w\" sizes=\"auto, (max-width: 1000px) 100vw, 1000px\" \/>\t\t\t\t\t\t\t<\/a>\n  \t\t\t\t\t\t\t  \t\t\t\t\t\t\t  \t\t\t\t\t\t<\/div>\n  \t\t\t\t\t\t  \t\t\t\t\t<\/div>\n          \t\t\t\t\t<div class=\"box-text text-left is-small\" style=\"padding:0px 0px 0px 0px;\">\n\t\t\t\t\t<div class=\"box-text-inner blog-post-inner\">\n\n\t\t\t\t\t\n\t\t\t\t\t\t\t\t\t\t<h5 class=\"post-title is-large \">\n\t\t\t\t\t\t<a href=\"https:\/\/addinformatica.com\/ca\/noticies\/ajornada-la-resolucio-del-4o-concurs-de-manualitats-nadalenques-naviyayo-cia-2016-2017\/\" class=\"plain\">Ajornada la resoluci\u00f3 del 4\u00ba Concurs de manualitats Nadalenques Naviyayo &#038; C\u00eda 2016-2017<\/a>\n\t\t\t\t\t<\/h5>\n\t\t\t\t\t\t\t\t\t\t<div class=\"is-divider\"><\/div>\n\t\t\t\t\t\t\t\t\t\t<p class=\"from_the_blog_excerpt \">\n\t\t\t\t\t\tBenvolguts participants del Concurs Naviyayo &amp; Cia 2016-2017, [...]\t\t\t\t\t<\/p>\n\t\t\t\t\t                    \n\t\t\t\t\t\n\t\t\t\t\t\n\t\t\t\t\t<\/div>\n\t\t\t\t\t<\/div>\n\t\t\t\t\t\t\t\t\t<\/div>\n\t\t\t<\/div>\n\t\t<\/div><div class=\"col post-item\" >\n\t\t\t<div class=\"col-inner\">\n\t\t\t\t<div class=\"box box-normal box-text-bottom box-blog-post has-hover\">\n            \t\t\t\t\t<div class=\"box-image\" >\n  \t\t\t\t\t\t<div class=\"image-cover\" style=\"padding-top:100%;\">\n\t\t\t\t\t\t\t<a href=\"https:\/\/addinformatica.com\/ca\/noticies\/finalitzat-el-4o-concurs-de-manualitats-nadalenques-naviyayo-cia-2016-2017\/\" class=\"plain\" aria-label=\"Finalitzat el 4\u00ba Concurs de manualitats Nadalenques Naviyayo &#038; C\u00eda 2016-2017\">\n\t\t\t\t\t\t\t\t<img loading=\"lazy\" decoding=\"async\" width=\"1000\" height=\"688\" src=\"https:\/\/addinformatica.com\/wp-content\/uploads\/2016\/11\/naviyayo2016_ca.jpg\" class=\"attachment-original size-original wp-post-image\" alt=\"\" srcset=\"https:\/\/addinformatica.com\/wp-content\/uploads\/2016\/11\/naviyayo2016_ca.jpg 1000w, https:\/\/addinformatica.com\/wp-content\/uploads\/2016\/11\/naviyayo2016_ca-300x206.jpg 300w, https:\/\/addinformatica.com\/wp-content\/uploads\/2016\/11\/naviyayo2016_ca-768x528.jpg 768w\" sizes=\"auto, (max-width: 1000px) 100vw, 1000px\" \/>\t\t\t\t\t\t\t<\/a>\n  \t\t\t\t\t\t\t  \t\t\t\t\t\t\t  \t\t\t\t\t\t<\/div>\n  \t\t\t\t\t\t  \t\t\t\t\t<\/div>\n          \t\t\t\t\t<div class=\"box-text text-left is-small\" style=\"padding:0px 0px 0px 0px;\">\n\t\t\t\t\t<div class=\"box-text-inner blog-post-inner\">\n\n\t\t\t\t\t\n\t\t\t\t\t\t\t\t\t\t<h5 class=\"post-title is-large \">\n\t\t\t\t\t\t<a href=\"https:\/\/addinformatica.com\/ca\/noticies\/finalitzat-el-4o-concurs-de-manualitats-nadalenques-naviyayo-cia-2016-2017\/\" class=\"plain\">Finalitzat el 4\u00ba Concurs de manualitats Nadalenques Naviyayo &#038; C\u00eda 2016-2017<\/a>\n\t\t\t\t\t<\/h5>\n\t\t\t\t\t\t\t\t\t\t<div class=\"is-divider\"><\/div>\n\t\t\t\t\t\t\t\t\t\t<p class=\"from_the_blog_excerpt \">\n\t\t\t\t\t\tADD Inform\u00e1tica comunica la finalitzaci\u00f3 del 4\u00ba Concurs [...]\t\t\t\t\t<\/p>\n\t\t\t\t\t                    \n\t\t\t\t\t\n\t\t\t\t\t\n\t\t\t\t\t<\/div>\n\t\t\t\t\t<\/div>\n\t\t\t\t\t\t\t\t\t<\/div>\n\t\t\t<\/div>\n\t\t<\/div><div class=\"col post-item\" >\n\t\t\t<div class=\"col-inner\">\n\t\t\t\t<div class=\"box box-normal box-text-bottom box-blog-post has-hover\">\n            \t\t\t\t\t<div class=\"box-image\" >\n  \t\t\t\t\t\t<div class=\"image-cover\" style=\"padding-top:100%;\">\n\t\t\t\t\t\t\t<a href=\"https:\/\/addinformatica.com\/ca\/noticies\/finalitzada-la-i-etapa-del-4o-concurs-naviyayo-cia-2016-2017\/\" class=\"plain\" aria-label=\"Finalitzada la I Etapa del 4\u00ba Concurs Naviyayo &#038; C\u00eda 2016-2017\">\n\t\t\t\t\t\t\t\t<img loading=\"lazy\" decoding=\"async\" width=\"1000\" height=\"688\" src=\"https:\/\/addinformatica.com\/wp-content\/uploads\/2016\/11\/naviyayo2016_ca.jpg\" class=\"attachment-original size-original wp-post-image\" alt=\"\" srcset=\"https:\/\/addinformatica.com\/wp-content\/uploads\/2016\/11\/naviyayo2016_ca.jpg 1000w, https:\/\/addinformatica.com\/wp-content\/uploads\/2016\/11\/naviyayo2016_ca-300x206.jpg 300w, https:\/\/addinformatica.com\/wp-content\/uploads\/2016\/11\/naviyayo2016_ca-768x528.jpg 768w\" sizes=\"auto, (max-width: 1000px) 100vw, 1000px\" \/>\t\t\t\t\t\t\t<\/a>\n  \t\t\t\t\t\t\t  \t\t\t\t\t\t\t  \t\t\t\t\t\t<\/div>\n  \t\t\t\t\t\t  \t\t\t\t\t<\/div>\n          \t\t\t\t\t<div class=\"box-text text-left is-small\" style=\"padding:0px 0px 0px 0px;\">\n\t\t\t\t\t<div class=\"box-text-inner blog-post-inner\">\n\n\t\t\t\t\t\n\t\t\t\t\t\t\t\t\t\t<h5 class=\"post-title is-large \">\n\t\t\t\t\t\t<a href=\"https:\/\/addinformatica.com\/ca\/noticies\/finalitzada-la-i-etapa-del-4o-concurs-naviyayo-cia-2016-2017\/\" class=\"plain\">Finalitzada la I Etapa del 4\u00ba Concurs Naviyayo &#038; C\u00eda 2016-2017<\/a>\n\t\t\t\t\t<\/h5>\n\t\t\t\t\t\t\t\t\t\t<div class=\"is-divider\"><\/div>\n\t\t\t\t\t\t\t\t\t\t<p class=\"from_the_blog_excerpt \">\n\t\t\t\t\t\tADD Inform\u00e1tica comunica la finalitzaci\u00f3 de la I [...]\t\t\t\t\t<\/p>\n\t\t\t\t\t                    \n\t\t\t\t\t\n\t\t\t\t\t\n\t\t\t\t\t<\/div>\n\t\t\t\t\t<\/div>\n\t\t\t\t\t\t\t\t\t<\/div>\n\t\t\t<\/div>\n\t\t<\/div><div class=\"col post-item\" >\n\t\t\t<div class=\"col-inner\">\n\t\t\t\t<div class=\"box box-normal box-text-bottom box-blog-post has-hover\">\n            \t\t\t\t\t<div class=\"box-image\" >\n  \t\t\t\t\t\t<div class=\"image-cover\" style=\"padding-top:100%;\">\n\t\t\t\t\t\t\t<a href=\"https:\/\/addinformatica.com\/ca\/noticies\/4o-concurs-de-manualitats-de-nadal-naviyayo-cia-2016-2017\/\" class=\"plain\" aria-label=\"4\u00ba Concurs de Manualitats de Nadal NaviYayo &#038; Cia 2016-2017\">\n\t\t\t\t\t\t\t\t<img loading=\"lazy\" decoding=\"async\" width=\"1000\" height=\"688\" src=\"https:\/\/addinformatica.com\/wp-content\/uploads\/2016\/11\/naviyayo2016_es.jpg\" class=\"attachment-original size-original wp-post-image\" alt=\"\" srcset=\"https:\/\/addinformatica.com\/wp-content\/uploads\/2016\/11\/naviyayo2016_es.jpg 1000w, https:\/\/addinformatica.com\/wp-content\/uploads\/2016\/11\/naviyayo2016_es-300x206.jpg 300w, https:\/\/addinformatica.com\/wp-content\/uploads\/2016\/11\/naviyayo2016_es-768x528.jpg 768w\" sizes=\"auto, (max-width: 1000px) 100vw, 1000px\" \/>\t\t\t\t\t\t\t<\/a>\n  \t\t\t\t\t\t\t  \t\t\t\t\t\t\t  \t\t\t\t\t\t<\/div>\n  \t\t\t\t\t\t  \t\t\t\t\t<\/div>\n          \t\t\t\t\t<div class=\"box-text text-left is-small\" style=\"padding:0px 0px 0px 0px;\">\n\t\t\t\t\t<div class=\"box-text-inner blog-post-inner\">\n\n\t\t\t\t\t\n\t\t\t\t\t\t\t\t\t\t<h5 class=\"post-title is-large \">\n\t\t\t\t\t\t<a href=\"https:\/\/addinformatica.com\/ca\/noticies\/4o-concurs-de-manualitats-de-nadal-naviyayo-cia-2016-2017\/\" class=\"plain\">4\u00ba Concurs de Manualitats de Nadal NaviYayo &#038; Cia 2016-2017<\/a>\n\t\t\t\t\t<\/h5>\n\t\t\t\t\t\t\t\t\t\t<div class=\"is-divider\"><\/div>\n\t\t\t\t\t\t\t\t\t\t<p class=\"from_the_blog_excerpt \">\n\t\t\t\t\t\tUn any m\u00e9s, ADD Inform\u00e1tica (ResiPlus\u00ae) et convida [...]\t\t\t\t\t<\/p>\n\t\t\t\t\t                    \n\t\t\t\t\t\n\t\t\t\t\t\n\t\t\t\t\t<\/div>\n\t\t\t\t\t<\/div>\n\t\t\t\t\t\t\t\t\t<\/div>\n\t\t\t<\/div>\n\t\t<\/div><div class=\"col post-item\" >\n\t\t\t<div class=\"col-inner\">\n\t\t\t\t<div class=\"box box-normal box-text-bottom box-blog-post has-hover\">\n            \t\t\t\t\t<div class=\"box-image\" >\n  \t\t\t\t\t\t<div class=\"image-cover\" style=\"padding-top:100%;\">\n\t\t\t\t\t\t\t<a href=\"https:\/\/addinformatica.com\/ca\/noticies\/conrea-la-teva-paciencia-i-estalvia-diners-amb-windows-10\/\" class=\"plain\" aria-label=\"Conrea la teva paci\u00e8ncia i estalvia diners amb Windows 10\">\n\t\t\t\t\t\t\t\t<img loading=\"lazy\" decoding=\"async\" width=\"480\" height=\"262\" src=\"https:\/\/addinformatica.com\/wp-content\/uploads\/2021\/02\/Windows-10-480x262-1.jpg\" class=\"attachment-original size-original wp-post-image\" alt=\"\" srcset=\"https:\/\/addinformatica.com\/wp-content\/uploads\/2021\/02\/Windows-10-480x262-1.jpg 480w, https:\/\/addinformatica.com\/wp-content\/uploads\/2021\/02\/Windows-10-480x262-1-300x164.jpg 300w\" sizes=\"auto, (max-width: 480px) 100vw, 480px\" \/>\t\t\t\t\t\t\t<\/a>\n  \t\t\t\t\t\t\t  \t\t\t\t\t\t\t  \t\t\t\t\t\t<\/div>\n  \t\t\t\t\t\t  \t\t\t\t\t<\/div>\n          \t\t\t\t\t<div class=\"box-text text-left is-small\" style=\"padding:0px 0px 0px 0px;\">\n\t\t\t\t\t<div class=\"box-text-inner blog-post-inner\">\n\n\t\t\t\t\t\n\t\t\t\t\t\t\t\t\t\t<h5 class=\"post-title is-large \">\n\t\t\t\t\t\t<a href=\"https:\/\/addinformatica.com\/ca\/noticies\/conrea-la-teva-paciencia-i-estalvia-diners-amb-windows-10\/\" class=\"plain\">Conrea la teva paci\u00e8ncia i estalvia diners amb Windows 10<\/a>\n\t\t\t\t\t<\/h5>\n\t\t\t\t\t\t\t\t\t\t<div class=\"is-divider\"><\/div>\n\t\t\t\t\t\t\t\t\t\t<p class=\"from_the_blog_excerpt \">\n\t\t\t\t\t\t\u00daltims dies per a actualitzaci\u00f3 gratu\u00efta. Aprofita-la! L&#8217;\u00e9sser [...]\t\t\t\t\t<\/p>\n\t\t\t\t\t                    \n\t\t\t\t\t\n\t\t\t\t\t\n\t\t\t\t\t<\/div>\n\t\t\t\t\t<\/div>\n\t\t\t\t\t\t\t\t\t<\/div>\n\t\t\t<\/div>\n\t\t<\/div><div class=\"col post-item\" >\n\t\t\t<div class=\"col-inner\">\n\t\t\t\t<div class=\"box box-normal box-text-bottom box-blog-post has-hover\">\n            \t\t\t\t\t<div class=\"box-image\" >\n  \t\t\t\t\t\t<div class=\"image-cover\" style=\"padding-top:100%;\">\n\t\t\t\t\t\t\t<a href=\"https:\/\/addinformatica.com\/ca\/noticies\/acord-add-check-meds-technology\/\" class=\"plain\" aria-label=\"ADD Informatica signa un acord de col\u00b7laboraci\u00f3 amb l&#8217;empresa CHECK THE MEDS TECHNOLOGY per a l&#8217;enlla\u00e7 de les seves aplicacions\">\n\t\t\t\t\t\t\t\t<img loading=\"lazy\" decoding=\"async\" width=\"700\" height=\"475\" src=\"https:\/\/addinformatica.com\/wp-content\/uploads\/2015\/08\/add.jpg\" class=\"attachment-original size-original wp-post-image\" alt=\"\" srcset=\"https:\/\/addinformatica.com\/wp-content\/uploads\/2015\/08\/add.jpg 700w, https:\/\/addinformatica.com\/wp-content\/uploads\/2015\/08\/add-300x204.jpg 300w\" sizes=\"auto, (max-width: 700px) 100vw, 700px\" \/>\t\t\t\t\t\t\t<\/a>\n  \t\t\t\t\t\t\t  \t\t\t\t\t\t\t  \t\t\t\t\t\t<\/div>\n  \t\t\t\t\t\t  \t\t\t\t\t<\/div>\n          \t\t\t\t\t<div class=\"box-text text-left is-small\" style=\"padding:0px 0px 0px 0px;\">\n\t\t\t\t\t<div class=\"box-text-inner blog-post-inner\">\n\n\t\t\t\t\t\n\t\t\t\t\t\t\t\t\t\t<h5 class=\"post-title is-large \">\n\t\t\t\t\t\t<a href=\"https:\/\/addinformatica.com\/ca\/noticies\/acord-add-check-meds-technology\/\" class=\"plain\">ADD Informatica signa un acord de col\u00b7laboraci\u00f3 amb l&#8217;empresa CHECK THE MEDS TECHNOLOGY per a l&#8217;enlla\u00e7 de les seves aplicacions<\/a>\n\t\t\t\t\t<\/h5>\n\t\t\t\t\t\t\t\t\t\t<div class=\"is-divider\"><\/div>\n\t\t\t\t\t\t\t\t\t\t<p class=\"from_the_blog_excerpt \">\n\t\t\t\t\t\tADD Inform\u00e0tica ha signat un acord de col\u00b7laboraci\u00f3 [...]\t\t\t\t\t<\/p>\n\t\t\t\t\t                    \n\t\t\t\t\t\n\t\t\t\t\t\n\t\t\t\t\t<\/div>\n\t\t\t\t\t<\/div>\n\t\t\t\t\t\t\t\t\t<\/div>\n\t\t\t<\/div>\n\t\t<\/div><div class=\"col post-item\" >\n\t\t\t<div class=\"col-inner\">\n\t\t\t\t<div class=\"box box-normal box-text-bottom box-blog-post has-hover\">\n            \t\t\t\t\t<div class=\"box-image\" >\n  \t\t\t\t\t\t<div class=\"image-cover\" style=\"padding-top:100%;\">\n\t\t\t\t\t\t\t<a href=\"https:\/\/addinformatica.com\/ca\/conferencies\/gerotecnologia-i-gestio-asistencial\/\" class=\"plain\" aria-label=\"Gerotecnologia i gesti\u00f3 asistencial\">\n\t\t\t\t\t\t\t\t<img loading=\"lazy\" decoding=\"async\" width=\"1000\" height=\"611\" src=\"https:\/\/addinformatica.com\/wp-content\/uploads\/2016\/02\/img_gerotecnologia.jpg\" class=\"attachment-original size-original wp-post-image\" alt=\"\" srcset=\"https:\/\/addinformatica.com\/wp-content\/uploads\/2016\/02\/img_gerotecnologia.jpg 1000w, https:\/\/addinformatica.com\/wp-content\/uploads\/2016\/02\/img_gerotecnologia-300x183.jpg 300w, https:\/\/addinformatica.com\/wp-content\/uploads\/2016\/02\/img_gerotecnologia-768x469.jpg 768w\" sizes=\"auto, (max-width: 1000px) 100vw, 1000px\" \/>\t\t\t\t\t\t\t<\/a>\n  \t\t\t\t\t\t\t  \t\t\t\t\t\t\t  \t\t\t\t\t\t<\/div>\n  \t\t\t\t\t\t  \t\t\t\t\t<\/div>\n          \t\t\t\t\t<div class=\"box-text text-left is-small\" style=\"padding:0px 0px 0px 0px;\">\n\t\t\t\t\t<div class=\"box-text-inner blog-post-inner\">\n\n\t\t\t\t\t\n\t\t\t\t\t\t\t\t\t\t<h5 class=\"post-title is-large \">\n\t\t\t\t\t\t<a href=\"https:\/\/addinformatica.com\/ca\/conferencies\/gerotecnologia-i-gestio-asistencial\/\" class=\"plain\">Gerotecnologia i gesti\u00f3 asistencial<\/a>\n\t\t\t\t\t<\/h5>\n\t\t\t\t\t\t\t\t\t\t<div class=\"is-divider\"><\/div>\n\t\t\t\t\t\t\t\t\t\t<p class=\"from_the_blog_excerpt \">\n\t\t\t\t\t\tDimecres 16 de Mar\u00e7 el convidem a participar [...]\t\t\t\t\t<\/p>\n\t\t\t\t\t                    \n\t\t\t\t\t\n\t\t\t\t\t\n\t\t\t\t\t<\/div>\n\t\t\t\t\t<\/div>\n\t\t\t\t\t\t\t\t\t<\/div>\n\t\t\t<\/div>\n\t\t<\/div><div class=\"col post-item\" >\n\t\t\t<div class=\"col-inner\">\n\t\t\t\t<div class=\"box box-normal box-text-bottom box-blog-post has-hover\">\n            \t\t\t\t\t<div class=\"box-image\" >\n  \t\t\t\t\t\t<div class=\"image-cover\" style=\"padding-top:100%;\">\n\t\t\t\t\t\t\t<a href=\"https:\/\/addinformatica.com\/ca\/noticies\/posem-cara-als-guanyadors-de-naviyayo-2015-16\/\" class=\"plain\" aria-label=\"Posem cara als guanyadors de Naviyayo 2015-16\">\n\t\t\t\t\t\t\t\t<img loading=\"lazy\" decoding=\"async\" width=\"1000\" height=\"688\" src=\"https:\/\/addinformatica.com\/wp-content\/uploads\/2015\/11\/noticia_Naviyayo_es.jpg\" class=\"attachment-original size-original wp-post-image\" alt=\"\" srcset=\"https:\/\/addinformatica.com\/wp-content\/uploads\/2015\/11\/noticia_Naviyayo_es.jpg 1000w, https:\/\/addinformatica.com\/wp-content\/uploads\/2015\/11\/noticia_Naviyayo_es-300x206.jpg 300w, https:\/\/addinformatica.com\/wp-content\/uploads\/2015\/11\/noticia_Naviyayo_es-768x528.jpg 768w\" sizes=\"auto, (max-width: 1000px) 100vw, 1000px\" \/>\t\t\t\t\t\t\t<\/a>\n  \t\t\t\t\t\t\t  \t\t\t\t\t\t\t  \t\t\t\t\t\t<\/div>\n  \t\t\t\t\t\t  \t\t\t\t\t<\/div>\n          \t\t\t\t\t<div class=\"box-text text-left is-small\" style=\"padding:0px 0px 0px 0px;\">\n\t\t\t\t\t<div class=\"box-text-inner blog-post-inner\">\n\n\t\t\t\t\t\n\t\t\t\t\t\t\t\t\t\t<h5 class=\"post-title is-large \">\n\t\t\t\t\t\t<a href=\"https:\/\/addinformatica.com\/ca\/noticies\/posem-cara-als-guanyadors-de-naviyayo-2015-16\/\" class=\"plain\">Posem cara als guanyadors de Naviyayo 2015-16<\/a>\n\t\t\t\t\t<\/h5>\n\t\t\t\t\t\t\t\t\t\t<div class=\"is-divider\"><\/div>\n\t\t\t\t\t\t\t\t\t\t<p class=\"from_the_blog_excerpt \">\n\t\t\t\t\t\tEns agradaria aprofitar aquesta not\u00edcia, en la qual [...]\t\t\t\t\t<\/p>\n\t\t\t\t\t                    \n\t\t\t\t\t\n\t\t\t\t\t\n\t\t\t\t\t<\/div>\n\t\t\t\t\t<\/div>\n\t\t\t\t\t\t\t\t\t<\/div>\n\t\t\t<\/div>\n\t\t<\/div><div class=\"col post-item\" >\n\t\t\t<div class=\"col-inner\">\n\t\t\t\t<div class=\"box box-normal box-text-bottom box-blog-post has-hover\">\n            \t\t\t\t\t<div class=\"box-image\" >\n  \t\t\t\t\t\t<div class=\"image-cover\" style=\"padding-top:100%;\">\n\t\t\t\t\t\t\t<a href=\"https:\/\/addinformatica.com\/ca\/noticies\/una-ciutat-per-al-record\/\" class=\"plain\" aria-label=\"Una ciutat per al record\">\n\t\t\t\t\t\t\t\t<img loading=\"lazy\" decoding=\"async\" width=\"480\" height=\"146\" src=\"https:\/\/addinformatica.com\/wp-content\/uploads\/2021\/02\/dementia_village-480x146-1.jpg\" class=\"attachment-original size-original wp-post-image\" alt=\"\" srcset=\"https:\/\/addinformatica.com\/wp-content\/uploads\/2021\/02\/dementia_village-480x146-1.jpg 480w, https:\/\/addinformatica.com\/wp-content\/uploads\/2021\/02\/dementia_village-480x146-1-300x91.jpg 300w\" sizes=\"auto, (max-width: 480px) 100vw, 480px\" \/>\t\t\t\t\t\t\t<\/a>\n  \t\t\t\t\t\t\t  \t\t\t\t\t\t\t  \t\t\t\t\t\t<\/div>\n  \t\t\t\t\t\t  \t\t\t\t\t<\/div>\n          \t\t\t\t\t<div class=\"box-text text-left is-small\" style=\"padding:0px 0px 0px 0px;\">\n\t\t\t\t\t<div class=\"box-text-inner blog-post-inner\">\n\n\t\t\t\t\t\n\t\t\t\t\t\t\t\t\t\t<h5 class=\"post-title is-large \">\n\t\t\t\t\t\t<a href=\"https:\/\/addinformatica.com\/ca\/noticies\/una-ciutat-per-al-record\/\" class=\"plain\">Una ciutat per al record<\/a>\n\t\t\t\t\t<\/h5>\n\t\t\t\t\t\t\t\t\t\t<div class=\"is-divider\"><\/div>\n\t\t\t\t\t\t\t\t\t\t<p class=\"from_the_blog_excerpt \">\n\t\t\t\t\t\t\u201cDeixant all\u00ed i continuant durant tres dies cap [...]\t\t\t\t\t<\/p>\n\t\t\t\t\t                    \n\t\t\t\t\t\n\t\t\t\t\t\n\t\t\t\t\t<\/div>\n\t\t\t\t\t<\/div>\n\t\t\t\t\t\t\t\t\t<\/div>\n\t\t\t<\/div>\n\t\t<\/div><div class=\"col post-item\" >\n\t\t\t<div class=\"col-inner\">\n\t\t\t\t<div class=\"box box-normal box-text-bottom box-blog-post has-hover\">\n            \t\t\t\t\t<div class=\"box-image\" >\n  \t\t\t\t\t\t<div class=\"image-cover\" style=\"padding-top:100%;\">\n\t\t\t\t\t\t\t<a href=\"https:\/\/addinformatica.com\/ca\/noticies\/un-postre-per-a-tots-els-publics\/\" class=\"plain\" aria-label=\"Un postre per a tots els p\u00fablics\">\n\t\t\t\t\t\t\t\t<img loading=\"lazy\" decoding=\"async\" width=\"480\" height=\"313\" src=\"https:\/\/addinformatica.com\/wp-content\/uploads\/2021\/02\/yogurt-con-miel-y-nueces-480x313-1.jpg\" class=\"attachment-original size-original wp-post-image\" alt=\"\" srcset=\"https:\/\/addinformatica.com\/wp-content\/uploads\/2021\/02\/yogurt-con-miel-y-nueces-480x313-1.jpg 480w, https:\/\/addinformatica.com\/wp-content\/uploads\/2021\/02\/yogurt-con-miel-y-nueces-480x313-1-300x196.jpg 300w\" sizes=\"auto, (max-width: 480px) 100vw, 480px\" \/>\t\t\t\t\t\t\t<\/a>\n  \t\t\t\t\t\t\t  \t\t\t\t\t\t\t  \t\t\t\t\t\t<\/div>\n  \t\t\t\t\t\t  \t\t\t\t\t<\/div>\n          \t\t\t\t\t<div class=\"box-text text-left is-small\" style=\"padding:0px 0px 0px 0px;\">\n\t\t\t\t\t<div class=\"box-text-inner blog-post-inner\">\n\n\t\t\t\t\t\n\t\t\t\t\t\t\t\t\t\t<h5 class=\"post-title is-large \">\n\t\t\t\t\t\t<a href=\"https:\/\/addinformatica.com\/ca\/noticies\/un-postre-per-a-tots-els-publics\/\" class=\"plain\">Un postre per a tots els p\u00fablics<\/a>\n\t\t\t\t\t<\/h5>\n\t\t\t\t\t\t\t\t\t\t<div class=\"is-divider\"><\/div>\n\t\t\t\t\t\t\t\t\t\t<p class=\"from_the_blog_excerpt \">\n\t\t\t\t\t\tEn ADD Inform\u00e1tica portem donant-li voltes diversos dies [...]\t\t\t\t\t<\/p>\n\t\t\t\t\t                    \n\t\t\t\t\t\n\t\t\t\t\t\n\t\t\t\t\t<\/div>\n\t\t\t\t\t<\/div>\n\t\t\t\t\t\t\t\t\t<\/div>\n\t\t\t<\/div>\n\t\t<\/div><div class=\"col post-item\" >\n\t\t\t<div class=\"col-inner\">\n\t\t\t\t<div class=\"box box-normal box-text-bottom box-blog-post has-hover\">\n            \t\t\t\t\t<div class=\"box-image\" >\n  \t\t\t\t\t\t<div class=\"image-cover\" style=\"padding-top:100%;\">\n\t\t\t\t\t\t\t<a href=\"https:\/\/addinformatica.com\/ca\/noticies\/guanyadors-3o-concurs-de-manualitats-nadalenques-naviyayo-2015-2016\/\" class=\"plain\" aria-label=\"Guanyadors 3\u00ba Concurs de Manualitats Nadalenques NaviYayo 2015-2016\">\n\t\t\t\t\t\t\t\t<img loading=\"lazy\" decoding=\"async\" width=\"1000\" height=\"688\" src=\"https:\/\/addinformatica.com\/wp-content\/uploads\/2015\/11\/noticia_Naviyayo_es.jpg\" class=\"attachment-original size-original wp-post-image\" alt=\"\" srcset=\"https:\/\/addinformatica.com\/wp-content\/uploads\/2015\/11\/noticia_Naviyayo_es.jpg 1000w, https:\/\/addinformatica.com\/wp-content\/uploads\/2015\/11\/noticia_Naviyayo_es-300x206.jpg 300w, https:\/\/addinformatica.com\/wp-content\/uploads\/2015\/11\/noticia_Naviyayo_es-768x528.jpg 768w\" sizes=\"auto, (max-width: 1000px) 100vw, 1000px\" \/>\t\t\t\t\t\t\t<\/a>\n  \t\t\t\t\t\t\t  \t\t\t\t\t\t\t  \t\t\t\t\t\t<\/div>\n  \t\t\t\t\t\t  \t\t\t\t\t<\/div>\n          \t\t\t\t\t<div class=\"box-text text-left is-small\" style=\"padding:0px 0px 0px 0px;\">\n\t\t\t\t\t<div class=\"box-text-inner blog-post-inner\">\n\n\t\t\t\t\t\n\t\t\t\t\t\t\t\t\t\t<h5 class=\"post-title is-large \">\n\t\t\t\t\t\t<a href=\"https:\/\/addinformatica.com\/ca\/noticies\/guanyadors-3o-concurs-de-manualitats-nadalenques-naviyayo-2015-2016\/\" class=\"plain\">Guanyadors 3\u00ba Concurs de Manualitats Nadalenques NaviYayo 2015-2016<\/a>\n\t\t\t\t\t<\/h5>\n\t\t\t\t\t\t\t\t\t\t<div class=\"is-divider\"><\/div>\n\t\t\t\t\t\t\t\t\t\t<p class=\"from_the_blog_excerpt \">\n\t\t\t\t\t\tEnhorabona a tots els participants! Com un altre [...]\t\t\t\t\t<\/p>\n\t\t\t\t\t                    \n\t\t\t\t\t\n\t\t\t\t\t\n\t\t\t\t\t<\/div>\n\t\t\t\t\t<\/div>\n\t\t\t\t\t\t\t\t\t<\/div>\n\t\t\t<\/div>\n\t\t<\/div><div class=\"col post-item\" >\n\t\t\t<div class=\"col-inner\">\n\t\t\t\t<div class=\"box box-normal box-text-bottom box-blog-post has-hover\">\n            \t\t\t\t\t<div class=\"box-image\" >\n  \t\t\t\t\t\t<div class=\"image-cover\" style=\"padding-top:100%;\">\n\t\t\t\t\t\t\t<a href=\"https:\/\/addinformatica.com\/ca\/noticies\/disseny-dinteriors-per-a-residencies\/\" class=\"plain\" aria-label=\"Disseny d&#8217;interiors per a Resid\u00e8ncies\">\n\t\t\t\t\t\t\t\t<img loading=\"lazy\" decoding=\"async\" width=\"480\" height=\"146\" src=\"https:\/\/addinformatica.com\/wp-content\/uploads\/2021\/02\/dementia_village-480x146-2.jpg\" class=\"attachment-original size-original wp-post-image\" alt=\"\" srcset=\"https:\/\/addinformatica.com\/wp-content\/uploads\/2021\/02\/dementia_village-480x146-2.jpg 480w, https:\/\/addinformatica.com\/wp-content\/uploads\/2021\/02\/dementia_village-480x146-2-300x91.jpg 300w\" sizes=\"auto, (max-width: 480px) 100vw, 480px\" \/>\t\t\t\t\t\t\t<\/a>\n  \t\t\t\t\t\t\t  \t\t\t\t\t\t\t  \t\t\t\t\t\t<\/div>\n  \t\t\t\t\t\t  \t\t\t\t\t<\/div>\n          \t\t\t\t\t<div class=\"box-text text-left is-small\" style=\"padding:0px 0px 0px 0px;\">\n\t\t\t\t\t<div class=\"box-text-inner blog-post-inner\">\n\n\t\t\t\t\t\n\t\t\t\t\t\t\t\t\t\t<h5 class=\"post-title is-large \">\n\t\t\t\t\t\t<a href=\"https:\/\/addinformatica.com\/ca\/noticies\/disseny-dinteriors-per-a-residencies\/\" class=\"plain\">Disseny d&#8217;interiors per a Resid\u00e8ncies<\/a>\n\t\t\t\t\t<\/h5>\n\t\t\t\t\t\t\t\t\t\t<div class=\"is-divider\"><\/div>\n\t\t\t\t\t\t\t\t\t\t<p class=\"from_the_blog_excerpt \">\n\t\t\t\t\t\tHabitualment quan es decideix valorar a una Resid\u00e8ncia [...]\t\t\t\t\t<\/p>\n\t\t\t\t\t                    \n\t\t\t\t\t\n\t\t\t\t\t\n\t\t\t\t\t<\/div>\n\t\t\t\t\t<\/div>\n\t\t\t\t\t\t\t\t\t<\/div>\n\t\t\t<\/div>\n\t\t<\/div><div class=\"col post-item\" >\n\t\t\t<div class=\"col-inner\">\n\t\t\t\t<div class=\"box box-normal box-text-bottom box-blog-post has-hover\">\n            \t\t\t\t\t<div class=\"box-image\" >\n  \t\t\t\t\t\t<div class=\"image-cover\" style=\"padding-top:100%;\">\n\t\t\t\t\t\t\t<a href=\"https:\/\/addinformatica.com\/ca\/concursos-ca\/et-convidem-a-participar-en-el-3o-concurs-de-manualitats-nadalenques-naviyayo-2015-2016\/\" class=\"plain\" aria-label=\"Us convidem a participar en el 3\u00ba Concurs de Manualitats Nadalenques NaviYayo 2015-2016\">\n\t\t\t\t\t\t\t\t<img loading=\"lazy\" decoding=\"async\" width=\"1000\" height=\"688\" src=\"https:\/\/addinformatica.com\/wp-content\/uploads\/2015\/11\/noticia_Naviyayo_es.jpg\" class=\"attachment-original size-original wp-post-image\" alt=\"\" srcset=\"https:\/\/addinformatica.com\/wp-content\/uploads\/2015\/11\/noticia_Naviyayo_es.jpg 1000w, https:\/\/addinformatica.com\/wp-content\/uploads\/2015\/11\/noticia_Naviyayo_es-300x206.jpg 300w, https:\/\/addinformatica.com\/wp-content\/uploads\/2015\/11\/noticia_Naviyayo_es-768x528.jpg 768w\" sizes=\"auto, (max-width: 1000px) 100vw, 1000px\" \/>\t\t\t\t\t\t\t<\/a>\n  \t\t\t\t\t\t\t  \t\t\t\t\t\t\t  \t\t\t\t\t\t<\/div>\n  \t\t\t\t\t\t  \t\t\t\t\t<\/div>\n          \t\t\t\t\t<div class=\"box-text text-left is-small\" style=\"padding:0px 0px 0px 0px;\">\n\t\t\t\t\t<div class=\"box-text-inner blog-post-inner\">\n\n\t\t\t\t\t\n\t\t\t\t\t\t\t\t\t\t<h5 class=\"post-title is-large \">\n\t\t\t\t\t\t<a href=\"https:\/\/addinformatica.com\/ca\/concursos-ca\/et-convidem-a-participar-en-el-3o-concurs-de-manualitats-nadalenques-naviyayo-2015-2016\/\" class=\"plain\">Us convidem a participar en el 3\u00ba Concurs de Manualitats Nadalenques NaviYayo 2015-2016<\/a>\n\t\t\t\t\t<\/h5>\n\t\t\t\t\t\t\t\t\t\t<div class=\"is-divider\"><\/div>\n\t\t\t\t\t\t\t\t\t\t<p class=\"from_the_blog_excerpt \">\n\t\t\t\t\t\tUn any m\u00e9s, promovem l&#8217;activitat creativa entre els [...]\t\t\t\t\t<\/p>\n\t\t\t\t\t                    \n\t\t\t\t\t\n\t\t\t\t\t\n\t\t\t\t\t<\/div>\n\t\t\t\t\t<\/div>\n\t\t\t\t\t\t\t\t\t<\/div>\n\t\t\t<\/div>\n\t\t<\/div><div class=\"col post-item\" >\n\t\t\t<div class=\"col-inner\">\n\t\t\t\t<div class=\"box box-normal box-text-bottom box-blog-post has-hover\">\n          \t\t\t\t\t<div class=\"box-text text-left is-small\" style=\"padding:0px 0px 0px 0px;\">\n\t\t\t\t\t<div class=\"box-text-inner blog-post-inner\">\n\n\t\t\t\t\t\n\t\t\t\t\t\t\t\t\t\t<h5 class=\"post-title is-large \">\n\t\t\t\t\t\t<a href=\"https:\/\/addinformatica.com\/ca\/noticies\/add-informatica-dona-un-pas-mes-qui-vota-decideix\/\" class=\"plain\">ADD Inform\u00e0tica d\u00f3na un pas m\u00e9s. Qui vota decideix\u2026 nou enfocament per a prioritzar millores&#8230;<\/a>\n\t\t\t\t\t<\/h5>\n\t\t\t\t\t\t\t\t\t\t<div class=\"is-divider\"><\/div>\n\t\t\t\t\t\t\t\t\t\t<p class=\"from_the_blog_excerpt \">\n\t\t\t\t\t\tActualment, som m\u00e9s de 950 centres i contem [...]\t\t\t\t\t<\/p>\n\t\t\t\t\t                    \n\t\t\t\t\t\n\t\t\t\t\t\n\t\t\t\t\t<\/div>\n\t\t\t\t\t<\/div>\n\t\t\t\t\t\t\t\t\t<\/div>\n\t\t\t<\/div>\n\t\t<\/div><div class=\"col post-item\" >\n\t\t\t<div class=\"col-inner\">\n\t\t\t\t<div class=\"box box-normal box-text-bottom box-blog-post has-hover\">\n          \t\t\t\t\t<div class=\"box-text text-left is-small\" style=\"padding:0px 0px 0px 0px;\">\n\t\t\t\t\t<div class=\"box-text-inner blog-post-inner\">\n\n\t\t\t\t\t\n\t\t\t\t\t\t\t\t\t\t<h5 class=\"post-title is-large \">\n\t\t\t\t\t\t<a href=\"https:\/\/addinformatica.com\/ca\/noticies\/resiplus-ha-assistit-al-congres-de-lautonomia-personal-i-expo-senior\/\" class=\"plain\">ADD Inform\u00e0tica ha participat al &#8216;Congr\u00e9s de l&#8217;Autonomia Personal&#8217; &#8211; &#8216;Expo S\u00e8nior&#8217;<\/a>\n\t\t\t\t\t<\/h5>\n\t\t\t\t\t\t\t\t\t\t<div class=\"is-divider\"><\/div>\n\t\t\t\t\t\t\t\t\t\t<p class=\"from_the_blog_excerpt \">\n\t\t\t\t\t\tADD Inform\u00e0tica va assistir al &#8216;Congr\u00e9s de l&#8217;autonomia [...]\t\t\t\t\t<\/p>\n\t\t\t\t\t                    \n\t\t\t\t\t\n\t\t\t\t\t\n\t\t\t\t\t<\/div>\n\t\t\t\t\t<\/div>\n\t\t\t\t\t\t\t\t\t<\/div>\n\t\t\t<\/div>\n\t\t<\/div><div class=\"col post-item\" >\n\t\t\t<div class=\"col-inner\">\n\t\t\t\t<div class=\"box box-normal box-text-bottom box-blog-post has-hover\">\n          \t\t\t\t\t<div class=\"box-text text-left is-small\" style=\"padding:0px 0px 0px 0px;\">\n\t\t\t\t\t<div class=\"box-text-inner blog-post-inner\">\n\n\t\t\t\t\t\n\t\t\t\t\t\t\t\t\t\t<h5 class=\"post-title is-large \">\n\t\t\t\t\t\t<a href=\"https:\/\/addinformatica.com\/ca\/noticies\/resiplus-acudira-a-jornades-residencies-gent-gran\/\" class=\"plain\">ADD Inform\u00e0tica participar\u00e0 a &#8216;Jornades Resid\u00e8ncies Gent Gran&#8217;<\/a>\n\t\t\t\t\t<\/h5>\n\t\t\t\t\t\t\t\t\t\t<div class=\"is-divider\"><\/div>\n\t\t\t\t\t\t\t\t\t\t<p class=\"from_the_blog_excerpt \">\n\t\t\t\t\t\tADD Inform\u00e0tica estar\u00e0 present com a expositor, en [...]\t\t\t\t\t<\/p>\n\t\t\t\t\t                    \n\t\t\t\t\t\n\t\t\t\t\t\n\t\t\t\t\t<\/div>\n\t\t\t\t\t<\/div>\n\t\t\t\t\t\t\t\t\t<\/div>\n\t\t\t<\/div>\n\t\t<\/div><div class=\"col post-item\" >\n\t\t\t<div class=\"col-inner\">\n\t\t\t\t<div class=\"box box-normal box-text-bottom box-blog-post has-hover\">\n          \t\t\t\t\t<div class=\"box-text text-left is-small\" style=\"padding:0px 0px 0px 0px;\">\n\t\t\t\t\t<div class=\"box-text-inner blog-post-inner\">\n\n\t\t\t\t\t\n\t\t\t\t\t\t\t\t\t\t<h5 class=\"post-title is-large \">\n\t\t\t\t\t\t<a href=\"https:\/\/addinformatica.com\/ca\/noticies\/resiplus-renova-la-seva-interficie\/\" class=\"plain\">ResiPlus renova la seva interf\u00edcie<\/a>\n\t\t\t\t\t<\/h5>\n\t\t\t\t\t\t\t\t\t\t<div class=\"is-divider\"><\/div>\n\t\t\t\t\t\t\t\t\t\t<p class=\"from_the_blog_excerpt \">\n\t\t\t\t\t\tResiPlus ha renovat la Interf\u00edcie del programa de [...]\t\t\t\t\t<\/p>\n\t\t\t\t\t                    \n\t\t\t\t\t\n\t\t\t\t\t\n\t\t\t\t\t<\/div>\n\t\t\t\t\t<\/div>\n\t\t\t\t\t\t\t\t\t<\/div>\n\t\t\t<\/div>\n\t\t<\/div><div class=\"col post-item\" >\n\t\t\t<div class=\"col-inner\">\n\t\t\t\t<div class=\"box box-normal box-text-bottom box-blog-post has-hover\">\n            \t\t\t\t\t<div class=\"box-image\" >\n  \t\t\t\t\t\t<div class=\"image-cover\" style=\"padding-top:100%;\">\n\t\t\t\t\t\t\t<a href=\"https:\/\/addinformatica.com\/ca\/noticies\/els-sorprenents-abans-i-despres\/\" class=\"plain\" aria-label=\"Els sorprenents \u201cabans i despr\u00e9s\u201d\">\n\t\t\t\t\t\t\t\t<img loading=\"lazy\" decoding=\"async\" width=\"700\" height=\"475\" src=\"https:\/\/addinformatica.com\/wp-content\/uploads\/2015\/08\/add.jpg\" class=\"attachment-original size-original wp-post-image\" alt=\"\" srcset=\"https:\/\/addinformatica.com\/wp-content\/uploads\/2015\/08\/add.jpg 700w, https:\/\/addinformatica.com\/wp-content\/uploads\/2015\/08\/add-300x204.jpg 300w\" sizes=\"auto, (max-width: 700px) 100vw, 700px\" \/>\t\t\t\t\t\t\t<\/a>\n  \t\t\t\t\t\t\t  \t\t\t\t\t\t\t  \t\t\t\t\t\t<\/div>\n  \t\t\t\t\t\t  \t\t\t\t\t<\/div>\n          \t\t\t\t\t<div class=\"box-text text-left is-small\" style=\"padding:0px 0px 0px 0px;\">\n\t\t\t\t\t<div class=\"box-text-inner blog-post-inner\">\n\n\t\t\t\t\t\n\t\t\t\t\t\t\t\t\t\t<h5 class=\"post-title is-large \">\n\t\t\t\t\t\t<a href=\"https:\/\/addinformatica.com\/ca\/noticies\/els-sorprenents-abans-i-despres\/\" class=\"plain\">Els sorprenents \u201cabans i despr\u00e9s\u201d<\/a>\n\t\t\t\t\t<\/h5>\n\t\t\t\t\t\t\t\t\t\t<div class=\"is-divider\"><\/div>\n\t\t\t\t\t\t\t\t\t\t<p class=\"from_the_blog_excerpt \">\n\t\t\t\t\t\tFa unes setmanes coneix\u00edem la sorprenent hist\u00f2ria d&#8217;una [...]\t\t\t\t\t<\/p>\n\t\t\t\t\t                    \n\t\t\t\t\t\n\t\t\t\t\t\n\t\t\t\t\t<\/div>\n\t\t\t\t\t<\/div>\n\t\t\t\t\t\t\t\t\t<\/div>\n\t\t\t<\/div>\n\t\t<\/div><div class=\"col post-item\" >\n\t\t\t<div class=\"col-inner\">\n\t\t\t\t<div class=\"box box-normal box-text-bottom box-blog-post has-hover\">\n            \t\t\t\t\t<div class=\"box-image\" >\n  \t\t\t\t\t\t<div class=\"image-cover\" style=\"padding-top:100%;\">\n\t\t\t\t\t\t\t<a href=\"https:\/\/addinformatica.com\/ca\/noticies\/add-informatica-participa-congres-internacional-discapacitat-vicente-lopez\/\" class=\"plain\" aria-label=\"ADD Inform\u00e0tica participa al I Congr\u00e9s Internacional de Discapacitat Vicente L\u00f3pez\">\n\t\t\t\t\t\t\t\t<img loading=\"lazy\" decoding=\"async\" width=\"480\" height=\"267\" src=\"https:\/\/addinformatica.com\/wp-content\/uploads\/2021\/02\/CongresoDiscapacidadVicenteLopez1-480x267-1.jpg\" class=\"attachment-original size-original wp-post-image\" alt=\"\" srcset=\"https:\/\/addinformatica.com\/wp-content\/uploads\/2021\/02\/CongresoDiscapacidadVicenteLopez1-480x267-1.jpg 480w, https:\/\/addinformatica.com\/wp-content\/uploads\/2021\/02\/CongresoDiscapacidadVicenteLopez1-480x267-1-300x167.jpg 300w\" sizes=\"auto, (max-width: 480px) 100vw, 480px\" \/>\t\t\t\t\t\t\t<\/a>\n  \t\t\t\t\t\t\t  \t\t\t\t\t\t\t  \t\t\t\t\t\t<\/div>\n  \t\t\t\t\t\t  \t\t\t\t\t<\/div>\n          \t\t\t\t\t<div class=\"box-text text-left is-small\" style=\"padding:0px 0px 0px 0px;\">\n\t\t\t\t\t<div class=\"box-text-inner blog-post-inner\">\n\n\t\t\t\t\t\n\t\t\t\t\t\t\t\t\t\t<h5 class=\"post-title is-large \">\n\t\t\t\t\t\t<a href=\"https:\/\/addinformatica.com\/ca\/noticies\/add-informatica-participa-congres-internacional-discapacitat-vicente-lopez\/\" class=\"plain\">ADD Inform\u00e0tica participa al I Congr\u00e9s Internacional de Discapacitat Vicente L\u00f3pez<\/a>\n\t\t\t\t\t<\/h5>\n\t\t\t\t\t\t\t\t\t\t<div class=\"is-divider\"><\/div>\n\t\t\t\t\t\t\t\t\t\t<p class=\"from_the_blog_excerpt \">\n\t\t\t\t\t\tADD INFORMATICA ha estat present en la I [...]\t\t\t\t\t<\/p>\n\t\t\t\t\t                    \n\t\t\t\t\t\n\t\t\t\t\t\n\t\t\t\t\t<\/div>\n\t\t\t\t\t<\/div>\n\t\t\t\t\t\t\t\t\t<\/div>\n\t\t\t<\/div>\n\t\t<\/div><div class=\"col post-item\" >\n\t\t\t<div class=\"col-inner\">\n\t\t\t\t<div class=\"box box-normal box-text-bottom box-blog-post has-hover\">\n            \t\t\t\t\t<div class=\"box-image\" >\n  \t\t\t\t\t\t<div class=\"image-cover\" style=\"padding-top:100%;\">\n\t\t\t\t\t\t\t<a href=\"https:\/\/addinformatica.com\/ca\/noticies\/robotica-demencia-paro-bebe-foca\/\" class=\"plain\" aria-label=\"Rob\u00f2tica y dem\u00e8ncia: Paro, el beb\u00e9 foca\">\n\t\t\t\t\t\t\t\t<img loading=\"lazy\" decoding=\"async\" width=\"480\" height=\"258\" src=\"https:\/\/addinformatica.com\/wp-content\/uploads\/2021\/02\/paro-foca-480x258-1.jpg\" class=\"attachment-original size-original wp-post-image\" alt=\"\" srcset=\"https:\/\/addinformatica.com\/wp-content\/uploads\/2021\/02\/paro-foca-480x258-1.jpg 480w, https:\/\/addinformatica.com\/wp-content\/uploads\/2021\/02\/paro-foca-480x258-1-300x161.jpg 300w\" sizes=\"auto, (max-width: 480px) 100vw, 480px\" \/>\t\t\t\t\t\t\t<\/a>\n  \t\t\t\t\t\t\t  \t\t\t\t\t\t\t  \t\t\t\t\t\t<\/div>\n  \t\t\t\t\t\t  \t\t\t\t\t<\/div>\n          \t\t\t\t\t<div class=\"box-text text-left is-small\" style=\"padding:0px 0px 0px 0px;\">\n\t\t\t\t\t<div class=\"box-text-inner blog-post-inner\">\n\n\t\t\t\t\t\n\t\t\t\t\t\t\t\t\t\t<h5 class=\"post-title is-large \">\n\t\t\t\t\t\t<a href=\"https:\/\/addinformatica.com\/ca\/noticies\/robotica-demencia-paro-bebe-foca\/\" class=\"plain\">Rob\u00f2tica y dem\u00e8ncia: Paro, el beb\u00e9 foca<\/a>\n\t\t\t\t\t<\/h5>\n\t\t\t\t\t\t\t\t\t\t<div class=\"is-divider\"><\/div>\n\t\t\t\t\t\t\t\t\t\t<p class=\"from_the_blog_excerpt \">\n\t\t\t\t\t\tL&#8217;envelliment de la poblaci\u00f3 europea que s&#8217;est\u00e0 produint, [...]\t\t\t\t\t<\/p>\n\t\t\t\t\t                    \n\t\t\t\t\t\n\t\t\t\t\t\n\t\t\t\t\t<\/div>\n\t\t\t\t\t<\/div>\n\t\t\t\t\t\t\t\t\t<\/div>\n\t\t\t<\/div>\n\t\t<\/div><\/div>\n\n\n<\/div><\/div><\/div>\n\n\t\t<\/div>\n\t\t\t\t\n<style>\n#col-1330853869 > .col-inner {\n  padding: 10px 0px 0px 0px;\n}\n<\/style>\n\t<\/div>\n\n\t\n\n\n<style>\n#row-1325222953 > .col > .col-inner {\n  background-color: rgb(235, 235, 235);\n}\n<\/style>\n<\/div>\n\n\t\t<\/div>\n\n\t\t\n<style>\n#section_1686511754 {\n  padding-top: 0px;\n  padding-bottom: 0px;\n  background-color: rgb(235, 235, 235);\n}\n<\/style>\n\t<\/section>\n\t\n\n","protected":false},"excerpt":{"rendered":"","protected":false},"author":1,"featured_media":0,"parent":0,"menu_order":0,"comment_status":"closed","ping_status":"closed","template":"page-blank.php","meta":{"_acf_changed":false,"footnotes":""},"class_list":["post-20688","page","type-page","status-publish","hentry"],"acf":[],"yoast_head":"<!-- This site is optimized with the Yoast SEO plugin v27.4 - https:\/\/yoast.com\/product\/yoast-seo-wordpress\/ -->\n<title>Actualitat - ResiPlus<\/title>\n<meta name=\"robots\" content=\"index, follow, max-snippet:-1, max-image-preview:large, max-video-preview:-1\" \/>\n<link rel=\"canonical\" href=\"https:\/\/addinformatica.com\/ca\/noticies\/\" \/>\n<meta property=\"og:locale\" content=\"ca_ES\" \/>\n<meta property=\"og:type\" content=\"article\" \/>\n<meta property=\"og:title\" content=\"Actualitat - ResiPlus\" \/>\n<meta property=\"og:url\" content=\"https:\/\/addinformatica.com\/ca\/noticies\/\" \/>\n<meta property=\"og:site_name\" content=\"ResiPlus\" \/>\n<meta property=\"article:modified_time\" content=\"2024-04-09T07:06:48+00:00\" \/>\n<meta name=\"twitter:card\" content=\"summary_large_image\" \/>\n<meta name=\"twitter:label1\" content=\"Temps estimat de lectura\" \/>\n\t<meta name=\"twitter:data1\" content=\"1 minut\" \/>\n<script type=\"application\/ld+json\" class=\"yoast-schema-graph\">{\"@context\":\"https:\\\/\\\/schema.org\",\"@graph\":[{\"@type\":\"WebPage\",\"@id\":\"https:\\\/\\\/addinformatica.com\\\/ca\\\/noticies\\\/\",\"url\":\"https:\\\/\\\/addinformatica.com\\\/ca\\\/noticies\\\/\",\"name\":\"Actualitat - ResiPlus\",\"isPartOf\":{\"@id\":\"https:\\\/\\\/addinformatica.com\\\/#website\"},\"datePublished\":\"2014-08-22T14:51:51+00:00\",\"dateModified\":\"2024-04-09T07:06:48+00:00\",\"breadcrumb\":{\"@id\":\"https:\\\/\\\/addinformatica.com\\\/ca\\\/noticies\\\/#breadcrumb\"},\"inLanguage\":\"ca\",\"potentialAction\":[{\"@type\":\"ReadAction\",\"target\":[\"https:\\\/\\\/addinformatica.com\\\/ca\\\/noticies\\\/\"]}]},{\"@type\":\"BreadcrumbList\",\"@id\":\"https:\\\/\\\/addinformatica.com\\\/ca\\\/noticies\\\/#breadcrumb\",\"itemListElement\":[{\"@type\":\"ListItem\",\"position\":1,\"name\":\"Portada\",\"item\":\"https:\\\/\\\/addinformatica.com\\\/ca\\\/\"},{\"@type\":\"ListItem\",\"position\":2,\"name\":\"Actualitat\"}]},{\"@type\":\"WebSite\",\"@id\":\"https:\\\/\\\/addinformatica.com\\\/#website\",\"url\":\"https:\\\/\\\/addinformatica.com\\\/\",\"name\":\"ResiPlus\",\"description\":\"Software de gesti\u00f3n de residencias, centros de d\u00eda y discapacitados | ResiPlus\",\"potentialAction\":[{\"@type\":\"SearchAction\",\"target\":{\"@type\":\"EntryPoint\",\"urlTemplate\":\"https:\\\/\\\/addinformatica.com\\\/?s={search_term_string}\"},\"query-input\":{\"@type\":\"PropertyValueSpecification\",\"valueRequired\":true,\"valueName\":\"search_term_string\"}}],\"inLanguage\":\"ca\"}]}<\/script>\n<!-- \/ Yoast SEO plugin. -->","yoast_head_json":{"title":"Actualitat - ResiPlus","robots":{"index":"index","follow":"follow","max-snippet":"max-snippet:-1","max-image-preview":"max-image-preview:large","max-video-preview":"max-video-preview:-1"},"canonical":"https:\/\/addinformatica.com\/ca\/noticies\/","og_locale":"ca_ES","og_type":"article","og_title":"Actualitat - ResiPlus","og_url":"https:\/\/addinformatica.com\/ca\/noticies\/","og_site_name":"ResiPlus","article_modified_time":"2024-04-09T07:06:48+00:00","twitter_card":"summary_large_image","twitter_misc":{"Temps estimat de lectura":"1 minut"},"schema":{"@context":"https:\/\/schema.org","@graph":[{"@type":"WebPage","@id":"https:\/\/addinformatica.com\/ca\/noticies\/","url":"https:\/\/addinformatica.com\/ca\/noticies\/","name":"Actualitat - ResiPlus","isPartOf":{"@id":"https:\/\/addinformatica.com\/#website"},"datePublished":"2014-08-22T14:51:51+00:00","dateModified":"2024-04-09T07:06:48+00:00","breadcrumb":{"@id":"https:\/\/addinformatica.com\/ca\/noticies\/#breadcrumb"},"inLanguage":"ca","potentialAction":[{"@type":"ReadAction","target":["https:\/\/addinformatica.com\/ca\/noticies\/"]}]},{"@type":"BreadcrumbList","@id":"https:\/\/addinformatica.com\/ca\/noticies\/#breadcrumb","itemListElement":[{"@type":"ListItem","position":1,"name":"Portada","item":"https:\/\/addinformatica.com\/ca\/"},{"@type":"ListItem","position":2,"name":"Actualitat"}]},{"@type":"WebSite","@id":"https:\/\/addinformatica.com\/#website","url":"https:\/\/addinformatica.com\/","name":"ResiPlus","description":"Software de gesti\u00f3n de residencias, centros de d\u00eda y discapacitados | ResiPlus","potentialAction":[{"@type":"SearchAction","target":{"@type":"EntryPoint","urlTemplate":"https:\/\/addinformatica.com\/?s={search_term_string}"},"query-input":{"@type":"PropertyValueSpecification","valueRequired":true,"valueName":"search_term_string"}}],"inLanguage":"ca"}]}},"_links":{"self":[{"href":"https:\/\/addinformatica.com\/ca\/wp-json\/wp\/v2\/pages\/20688","targetHints":{"allow":["GET"]}}],"collection":[{"href":"https:\/\/addinformatica.com\/ca\/wp-json\/wp\/v2\/pages"}],"about":[{"href":"https:\/\/addinformatica.com\/ca\/wp-json\/wp\/v2\/types\/page"}],"author":[{"embeddable":true,"href":"https:\/\/addinformatica.com\/ca\/wp-json\/wp\/v2\/users\/1"}],"replies":[{"embeddable":true,"href":"https:\/\/addinformatica.com\/ca\/wp-json\/wp\/v2\/comments?post=20688"}],"version-history":[{"count":0,"href":"https:\/\/addinformatica.com\/ca\/wp-json\/wp\/v2\/pages\/20688\/revisions"}],"wp:attachment":[{"href":"https:\/\/addinformatica.com\/ca\/wp-json\/wp\/v2\/media?parent=20688"}],"curies":[{"name":"wp","href":"https:\/\/api.w.org\/{rel}","templated":true}]}}