{"id":20684,"date":"2015-04-28T07:34:20","date_gmt":"2015-04-28T07:34:20","guid":{"rendered":"https:\/\/resiplus.dagocreativo.com\/programari-gestio-residencies\/"},"modified":"2024-03-20T13:18:30","modified_gmt":"2024-03-20T13:18:30","slug":"programari-gestio-residencies","status":"publish","type":"page","link":"https:\/\/addinformatica.com\/ca\/programari-gestio-residencies\/","title":{"rendered":"Programari de gesti\u00f3 de Resid\u00e8ncies"},"content":{"rendered":"\n\n\t<section class=\"section\" id=\"section_21383402\">\n\t\t<div class=\"section-bg fill\" >\n\t\t\t\t\t\t\t\t\t\n\t\t\t\n\n\t\t<\/div>\n\n\t\t\n\n\t\t<div class=\"section-content relative\">\n\t\t\t\n\n<div class=\"row\"  id=\"row-1456480161\">\n\n\n\t<div id=\"col-1056923854\" class=\"col small-12 large-12\"  >\n\t\t\t\t<div class=\"col-inner\"  >\n\t\t\t\n\t\t\t\n\n\t<div id=\"text-2213683821\" class=\"text\">\n\t\t\n\n<h4><b>PROGRAMARI DE GESTI\u00d3 DE RESID\u00c8NCIES<\/b><\/h4>\n\t\t\n<style>\n#text-2213683821 {\n  font-size: 1rem;\n  text-align: center;\n  color: rgb(0, 0, 0);\n}\n#text-2213683821 > * {\n  color: rgb(0, 0, 0);\n}\n<\/style>\n\t<\/div>\n\t\n\n\t\t<\/div>\n\t\t\t\t\t<\/div>\n\n\t\n\n\t<div id=\"col-1773406332\" class=\"col medium-4 small-12 large-4\"  >\n\t\t\t\t<div class=\"col-inner\"  >\n\t\t\t\n\t\t\t\n\n\t<div id=\"text-3439623521\" class=\"text\">\n\t\t\n\n<h2>L&#8217;origen del nostre programari especialitzat per a resid\u00e8ncies de gent gran<\/h2>\n\t\t\n<style>\n#text-3439623521 {\n  font-size: 1.5rem;\n  text-align: left;\n  color: rgb(0, 0, 0);\n}\n#text-3439623521 > * {\n  color: rgb(0, 0, 0);\n}\n<\/style>\n\t<\/div>\n\t\n\n\t\t<\/div>\n\t\t\t\t\t<\/div>\n\n\t\n\n\t<div id=\"col-331587839\" class=\"col medium-8 small-12 large-8\"  >\n\t\t\t\t<div class=\"col-inner\"  >\n\t\t\t\n\t\t\t\n\n\t<div id=\"text-3110152429\" class=\"text\">\n\t\t\n\n<p>A <strong>ADD Inform\u00e1tica<\/strong> ens dediquem al desenvolupament de programari espec\u00edfic per al sector de la depend\u00e8ncia. L\u2019empresa va n\u00e9ixer el 1997 amb un objectiu clar: dotar les resid\u00e8ncies de gent gran, centres de dia, centres de diversitat funcional, centres ocupacionals i centres d&#8217;inf\u00e1ncia i adolesc\u00e8ncia d\u2019una <strong>eina que els permet\u00e9s dur a terme la gesti\u00f3 integral<\/strong> de forma \u00e0gil, efectiva i senzilla: Resi<b>Plus<\/b><sup>\u00ae<\/sup><\/p>\n\n\t\t\n<style>\n#text-3110152429 {\n  color: rgb(0, 0, 0);\n}\n#text-3110152429 > * {\n  color: rgb(0, 0, 0);\n}\n<\/style>\n\t<\/div>\n\t\n\n\t\t<\/div>\n\t\t\t\t\t<\/div>\n\n\t\n\n<\/div>\n<div class=\"accordion\">\n\n\t<div id=\"accordion-1513841594\" class=\"accordion-item leer-acordeon-cat\">\n\t\t<a id=\"accordion-1513841594-label\" class=\"accordion-title plain\" href=\"#accordion-item-llegir-m\u00c9s\" aria-expanded=\"false\" aria-controls=\"accordion-1513841594-content\">\n\t\t\t<button class=\"toggle\" aria-label=\"Toggle\"><i class=\"icon-angle-down\" aria-hidden=\"true\"><\/i><\/button>\n\t\t\t<span>LLEGIR M\u00c9S<\/span>\n\t\t<\/a>\n\t\t<div id=\"accordion-1513841594-content\" class=\"accordion-inner\" aria-labelledby=\"accordion-1513841594-label\">\n\t\t\t\n\n<div class=\"row\"  id=\"row-1910455766\">\n\n\n\t<div id=\"col-988172075\" class=\"col small-12 large-12\"  >\n\t\t\t\t<div class=\"col-inner\"  >\n\t\t\t\n\t\t\t\n\n\t<div id=\"text-2486534719\" class=\"text\">\n\t\t\n\n<p>Des del principi, la nostra obsessi\u00f3 ha estat desenvolupar un programari escoltant i atenent sempre les necessitats, els suggeriments i les aportacions dels usuaris. Per fer-ho, hem comptat amb un equip encarregat de mantenir una comunicaci\u00f3 permanent amb els usuaris del programa a trav\u00e9s d\u2019una plataforma en qu\u00e8 poden anar aportant suggeriments i millores o indicant noves necessitats. Alhora, gr\u00e0cies a la important inversi\u00f3 que hem realitzat en R+D, els desenvolupadors inform\u00e0tics s\u2019encarreguen d\u2019implementar aquestes idees de forma r\u00e0pida i pr\u00e0ctica en els suports necessaris (ordinadors de sobretaula, port\u00e0tils, tauletes o smartphones).<\/p>\n<p>D\u2019aquesta manera, les actualitzacions que s\u2019inclouen al programari (sense cost addicional) es desenvolupen prenent com a base les necessitats dels usuaris. Resi<b>Plus<\/b><sup>\u00ae<\/sup> es converteix aix\u00ed en una eina totalment&nbsp;<strong>ajustada i adaptada al seu treball diari<\/strong>. A m\u00e9s, com que els usuaris mateixos van participant en l\u2019evoluci\u00f3 del programa, tenen la confian\u00e7a absoluta que Resi<b>Plus<\/b><sup>\u00ae<\/sup> no nom\u00e9s els resol les necessitats actuals, sin\u00f3 tamb\u00e9 les futures.<\/p>\n<p>Una altra de les caracter\u00edstiques del programari \u00e9s la seva enorme flexibilitat, perqu\u00e8 ofereix&nbsp;<strong>diferents configuracions<\/strong>&nbsp;en funci\u00f3 de les necessitats dels centres i&nbsp;<strong>diferents opcions de llic\u00e8ncia<\/strong>.<\/p>\n<p>Tot aix\u00f2, unit al nostre comprm\u00eds amb el sector, situa el nostre programari com <b>la soluci\u00f3 tecnol\u00f2gica de refer\u00e8ncia.<\/b><\/p>\n\t\t\n<style>\n#text-2486534719 {\n  color: rgb(0,0,0);\n}\n#text-2486534719 > * {\n  color: rgb(0,0,0);\n}\n<\/style>\n\t<\/div>\n\t\n\n\t\t<\/div>\n\t\t\t\t\t<\/div>\n\n\t\n\n<\/div>\n\n\t\t<\/div>\n\t<\/div>\n\t\n\n<\/div>\n\n\t\t<\/div>\n\n\t\t\n<style>\n#section_21383402 {\n  padding-top: 30px;\n  padding-bottom: 30px;\n  background-color: rgb(235, 235, 235);\n}\n<\/style>\n\t<\/section>\n\t\n<div class=\"accordion centros-acordeon\">\n\n\t<div id=\"accordion-2941652075\" class=\"accordion-item acordeon-centro-mayores\">\n\t\t<a id=\"accordion-2941652075-label\" class=\"accordion-title plain\" href=\"#accordion-item-centres-de-gent-gran\" aria-expanded=\"false\" aria-controls=\"accordion-2941652075-content\">\n\t\t\t<button class=\"toggle\" aria-label=\"Toggle\"><i class=\"icon-angle-down\" aria-hidden=\"true\"><\/i><\/button>\n\t\t\t<span>CENTRES DE GENT GRAN<\/span>\n\t\t<\/a>\n\t\t<div id=\"accordion-2941652075-content\" class=\"accordion-inner\" aria-labelledby=\"accordion-2941652075-label\">\n\t\t\t\n\n\n\t<section class=\"section\" id=\"section_2011984601\">\n\t\t<div class=\"section-bg fill\" >\n\t\t\t\t\t\t\t\t\t\n\t\t\t\n\n\t\t<\/div>\n\n\t\t\n\n\t\t<div class=\"section-content relative\">\n\t\t\t\n\n\t<div id=\"gap-2111019720\" class=\"gap-element clearfix\" style=\"display:block; height:auto;\">\n\t\t\n<style>\n#gap-2111019720 {\n  padding-top: 20px;\n}\n<\/style>\n\t<\/div>\n\t\n\n<div class=\"row align-middle row-accordion-soft\"  id=\"row-727478327\">\n\n\n\t<div id=\"col-875068295\" class=\"col medium-6 small-12 large-6\"  >\n\t\t\t\t<div class=\"col-inner text-center\"  >\n\t\t\t\n\t\t\t\n\n\t<div class=\"img has-hover x md-x lg-x y md-y lg-y\" id=\"image_855656708\">\n\t\t\t\t\t\t\t\t<div class=\"img-inner dark\" >\n\t\t\t<img loading=\"lazy\" decoding=\"async\" width=\"1017\" height=\"809\" src=\"https:\/\/addinformatica.com\/wp-content\/uploads\/2021\/03\/Recurso-5.png\" class=\"attachment-original size-original\" alt=\"\" srcset=\"https:\/\/addinformatica.com\/wp-content\/uploads\/2021\/03\/Recurso-5.png 1017w, https:\/\/addinformatica.com\/wp-content\/uploads\/2021\/03\/Recurso-5-300x239.png 300w, https:\/\/addinformatica.com\/wp-content\/uploads\/2021\/03\/Recurso-5-768x611.png 768w\" sizes=\"auto, (max-width: 1017px) 100vw, 1017px\" \/>\t\t\t\t\t\t\n\t\t\t\t\t<\/div>\n\t\t\t\t\t\t\t\t\n<style>\n#image_855656708 {\n  width: 80%;\n}\n<\/style>\n\t<\/div>\n\t\n\n\n\t\t<\/div>\n\t\t\t\t\t<\/div>\n\n\t\n\n\t<div id=\"col-11294385\" class=\"col medium-6 small-12 large-6\"  >\n\t\t\t\t<div class=\"col-inner text-left\"  >\n\t\t\t\n\t\t\t\n\n\t<div id=\"text-1166136803\" class=\"text\">\n\t\t\n\n<p>Resi<b>Plus<\/b><sup>\u00ae<\/sup> <strong>Centres de Gent Gran <\/strong>\u00e9s l&#8217;eina que permet complir amb les diferents tasques de gesti\u00f3 d&#8217;una Resid\u00e8ncia de majors de forma efica\u00e7 i senzilla augmentant la productivitat dels diferents departaments de la mateixa<\/p>\n\t<div id=\"solicite-demo\"\n\t     class=\"lightbox-by-id lightbox-content mfp-hide lightbox-white \"\n\t     style=\"max-width:600px ;padding:50px\">\n\t\t\n<div class=\"wpcf7 no-js\" id=\"wpcf7-f15596-o1\" lang=\"en-US\" dir=\"ltr\" data-wpcf7-id=\"15596\">\n<div class=\"screen-reader-response\"><p role=\"status\" aria-live=\"polite\" aria-atomic=\"true\"><\/p> <ul><\/ul><\/div>\n<form action=\"\/ca\/wp-json\/wp\/v2\/pages\/20684#wpcf7-f15596-o1\" method=\"post\" class=\"wpcf7-form init\" aria-label=\"Contact form\" novalidate=\"novalidate\" data-status=\"init\">\n<fieldset class=\"hidden-fields-container\"><input type=\"hidden\" name=\"_wpcf7\" value=\"15596\" \/><input type=\"hidden\" name=\"_wpcf7_version\" value=\"6.1.5\" \/><input type=\"hidden\" name=\"_wpcf7_locale\" value=\"en_US\" \/><input type=\"hidden\" name=\"_wpcf7_unit_tag\" value=\"wpcf7-f15596-o1\" \/><input type=\"hidden\" name=\"_wpcf7_container_post\" value=\"0\" \/><input type=\"hidden\" name=\"_wpcf7_posted_data_hash\" value=\"\" \/><input type=\"hidden\" name=\"_wpcf7_recaptcha_response\" value=\"\" \/>\n<\/fieldset>\n<p><span class=\"wpcf7-form-control-wrap\" data-name=\"your-name\"><input size=\"40\" maxlength=\"400\" class=\"wpcf7-form-control wpcf7-text wpcf7-validates-as-required\" aria-required=\"true\" aria-invalid=\"false\" placeholder=\"Nom\" value=\"\" type=\"text\" name=\"your-name\" \/><\/span>\n<\/p>\n<p><span class=\"wpcf7-form-control-wrap\" data-name=\"tel\"><input size=\"40\" maxlength=\"400\" class=\"wpcf7-form-control wpcf7-tel wpcf7-validates-as-required wpcf7-text wpcf7-validates-as-tel\" aria-required=\"true\" aria-invalid=\"false\" placeholder=\"Tel\u00e8fon\" value=\"\" type=\"tel\" name=\"tel\" \/><\/span>\n<\/p>\n<p><span class=\"wpcf7-form-control-wrap\" data-name=\"your-email\"><input size=\"40\" maxlength=\"400\" class=\"wpcf7-form-control wpcf7-email wpcf7-validates-as-required wpcf7-text wpcf7-validates-as-email\" aria-required=\"true\" aria-invalid=\"false\" placeholder=\"Email\" value=\"\" type=\"email\" name=\"your-email\" \/><\/span>\n<\/p>\n<p><span class=\"wpcf7-form-control-wrap\" data-name=\"acceptance-331\"><span class=\"wpcf7-form-control wpcf7-acceptance\"><span class=\"wpcf7-list-item\"><input type=\"checkbox\" name=\"acceptance-331\" value=\"1\" aria-invalid=\"false\" \/><\/span><\/span><\/span><a class=\"privacy-btn\" href=\"https:\/\/addinformatica.com\/ca\/politica-privadesa\" target=\"_blank\">Estic d'acord amb la Pol\u00edtica de Privacitat<\/a>\n<\/p>\n<p><input class=\"wpcf7-form-control wpcf7-submit has-spinner\" type=\"submit\" value=\"ENVIAR\" \/>\n<\/p>\n<p class=\"small-text\">RESPONSABLE DEL TRACTAMENT: Aphelion Soluciones Inform\u00e1ticas S.L | FINALITAT EN EL TRACTAMENT DE LES DADES: Respondre i gestionar les sol\u00b7licituds de les donem ofertes per l'organitzaci\u00f3. | LEGITIMACI\u00d3 EN EL TRACTAMENT DE LES SEVES DADES: Consentiment de l'interessat. | DRETS DELS INTERESSATS: Vost\u00e8 podr\u00e0 exercir els drets sobre protecci\u00f3 de dades per correu electr\u00f2nic a rgpd@addinformatica.com. En qualsevol cas, pot sol\u00b7licitar la tutela de l'Ag\u00e8ncia Espanyola de Protecci\u00f3 de Dades a trav\u00e9s de la seva p\u00e0gina web https:\/\/www.aepd.es\/. Pot consultar m\u00e9s informaci\u00f3 sobre la pol\u00edtica de privacitat <a href=\"https:\/\/addinformatica.com\/ca\/politica-privadesa\" target=\"_blank\"> ac\u00ed<\/a>.\n<\/p><input type='hidden' class='wpcf7-pum' value='{\"closepopup\":false,\"closedelay\":0,\"openpopup\":false,\"openpopup_id\":0}' \/><div class=\"wpcf7-response-output\" aria-hidden=\"true\"><\/div>\n<\/form>\n<\/div>\n\t<\/div>\n\t\n\t\n\t\t\n<style>\n#text-1166136803 {\n  text-align: left;\n  color: rgb(255, 255, 255);\n}\n#text-1166136803 > * {\n  color: rgb(255, 255, 255);\n}\n<\/style>\n\t<\/div>\n\t\n<a href=\"https:\/\/addinformatica.com\/ca\/programari-gestio-centres-gent-gran\/#software\" class=\"button white is-outline btn-transparent\" style=\"border-radius:99px;\">\n\t\t<span>SABER M\u00c9S<\/span>\n\t<\/a>\n\n\n<a href=\"#solicite-demo\" class=\"button secondary\" style=\"border-radius:99px;\">\n\t\t<span>SOL\u00b7LICITI DEMO<\/span>\n\t<\/a>\n\n\n\n\t\t<\/div>\n\t\t\t\t\t<\/div>\n\n\t\n\n<\/div>\n\n\t\t<\/div>\n\n\t\t\n<style>\n#section_2011984601 {\n  padding-top: 30px;\n  padding-bottom: 30px;\n  background-color: rgb(81, 81, 175);\n}\n<\/style>\n\t<\/section>\n\t\n\n\t\t<\/div>\n\t<\/div>\n\t\n\t<div id=\"accordion-691995166\" class=\"accordion-item acordeon-centro-dia\">\n\t\t<a id=\"accordion-691995166-label\" class=\"accordion-title plain\" href=\"#accordion-item-centres-de-dia\" aria-expanded=\"false\" aria-controls=\"accordion-691995166-content\">\n\t\t\t<button class=\"toggle\" aria-label=\"Toggle\"><i class=\"icon-angle-down\" aria-hidden=\"true\"><\/i><\/button>\n\t\t\t<span>CENTRES DE DIA<\/span>\n\t\t<\/a>\n\t\t<div id=\"accordion-691995166-content\" class=\"accordion-inner\" aria-labelledby=\"accordion-691995166-label\">\n\t\t\t\n\n\n\t<section class=\"section\" id=\"section_1718789384\">\n\t\t<div class=\"section-bg fill\" >\n\t\t\t\t\t\t\t\t\t<div class=\"section-bg-overlay absolute fill\"><\/div>\n\t\t\t\n\n\t\t<\/div>\n\n\t\t\n\n\t\t<div class=\"section-content relative\">\n\t\t\t\n\n\t<div id=\"gap-18140318\" class=\"gap-element clearfix\" style=\"display:block; height:auto;\">\n\t\t\n<style>\n#gap-18140318 {\n  padding-top: 20px;\n}\n<\/style>\n\t<\/div>\n\t\n\n<div class=\"row align-middle row-accordion-soft\"  id=\"row-1256481890\">\n\n\n\t<div id=\"col-241504252\" class=\"col medium-6 small-12 large-6\"  >\n\t\t\t\t<div class=\"col-inner text-left\"  >\n\t\t\t\n\t\t\t\n\n\t<div id=\"text-4004949082\" class=\"text\">\n\t\t\n\n<p>Amb Resi<b>Plus<\/b><sup>\u00ae<\/sup> <strong>Centres de D\u00eda<\/strong> gestionar rutes de transport, planificar tasques i controlar horaris de pres\u00e8ncia dels usuaris s\u00f3n nom\u00e9s algunes de les tasques quotidianes d&#8217;un centre de dia, Resi<b>Plus<\/b><sup>\u00ae<\/sup> Centres de Dia permet donar-li soluci\u00f3 a totes elles i a m\u00e9s tasques administratives perqu\u00e8 el personal dediqui tot el temps possible a l&#8217;atenci\u00f3 dels seus usuaris.<\/p>\n\t<div id=\"solicite-demo\"\n\t     class=\"lightbox-by-id lightbox-content mfp-hide lightbox-white \"\n\t     style=\"max-width:600px ;padding:50px\">\n\t\t\n<div class=\"wpcf7 no-js\" id=\"wpcf7-f15596-o2\" lang=\"en-US\" dir=\"ltr\" data-wpcf7-id=\"15596\">\n<div class=\"screen-reader-response\"><p role=\"status\" aria-live=\"polite\" aria-atomic=\"true\"><\/p> <ul><\/ul><\/div>\n<form action=\"\/ca\/wp-json\/wp\/v2\/pages\/20684#wpcf7-f15596-o2\" method=\"post\" class=\"wpcf7-form init\" aria-label=\"Contact form\" novalidate=\"novalidate\" data-status=\"init\">\n<fieldset class=\"hidden-fields-container\"><input type=\"hidden\" name=\"_wpcf7\" value=\"15596\" \/><input type=\"hidden\" name=\"_wpcf7_version\" value=\"6.1.5\" \/><input type=\"hidden\" name=\"_wpcf7_locale\" value=\"en_US\" \/><input type=\"hidden\" name=\"_wpcf7_unit_tag\" value=\"wpcf7-f15596-o2\" \/><input type=\"hidden\" name=\"_wpcf7_container_post\" value=\"0\" \/><input type=\"hidden\" name=\"_wpcf7_posted_data_hash\" value=\"\" \/><input type=\"hidden\" name=\"_wpcf7_recaptcha_response\" value=\"\" \/>\n<\/fieldset>\n<p><span class=\"wpcf7-form-control-wrap\" data-name=\"your-name\"><input size=\"40\" maxlength=\"400\" class=\"wpcf7-form-control wpcf7-text wpcf7-validates-as-required\" aria-required=\"true\" aria-invalid=\"false\" placeholder=\"Nom\" value=\"\" type=\"text\" name=\"your-name\" \/><\/span>\n<\/p>\n<p><span class=\"wpcf7-form-control-wrap\" data-name=\"tel\"><input size=\"40\" maxlength=\"400\" class=\"wpcf7-form-control wpcf7-tel wpcf7-validates-as-required wpcf7-text wpcf7-validates-as-tel\" aria-required=\"true\" aria-invalid=\"false\" placeholder=\"Tel\u00e8fon\" value=\"\" type=\"tel\" name=\"tel\" \/><\/span>\n<\/p>\n<p><span class=\"wpcf7-form-control-wrap\" data-name=\"your-email\"><input size=\"40\" maxlength=\"400\" class=\"wpcf7-form-control wpcf7-email wpcf7-validates-as-required wpcf7-text wpcf7-validates-as-email\" aria-required=\"true\" aria-invalid=\"false\" placeholder=\"Email\" value=\"\" type=\"email\" name=\"your-email\" \/><\/span>\n<\/p>\n<p><span class=\"wpcf7-form-control-wrap\" data-name=\"acceptance-331\"><span class=\"wpcf7-form-control wpcf7-acceptance\"><span class=\"wpcf7-list-item\"><input type=\"checkbox\" name=\"acceptance-331\" value=\"1\" aria-invalid=\"false\" \/><\/span><\/span><\/span><a class=\"privacy-btn\" href=\"https:\/\/addinformatica.com\/ca\/politica-privadesa\" target=\"_blank\">Estic d'acord amb la Pol\u00edtica de Privacitat<\/a>\n<\/p>\n<p><input class=\"wpcf7-form-control wpcf7-submit has-spinner\" type=\"submit\" value=\"ENVIAR\" \/>\n<\/p>\n<p class=\"small-text\">RESPONSABLE DEL TRACTAMENT: Aphelion Soluciones Inform\u00e1ticas S.L | FINALITAT EN EL TRACTAMENT DE LES DADES: Respondre i gestionar les sol\u00b7licituds de les donem ofertes per l'organitzaci\u00f3. | LEGITIMACI\u00d3 EN EL TRACTAMENT DE LES SEVES DADES: Consentiment de l'interessat. | DRETS DELS INTERESSATS: Vost\u00e8 podr\u00e0 exercir els drets sobre protecci\u00f3 de dades per correu electr\u00f2nic a rgpd@addinformatica.com. En qualsevol cas, pot sol\u00b7licitar la tutela de l'Ag\u00e8ncia Espanyola de Protecci\u00f3 de Dades a trav\u00e9s de la seva p\u00e0gina web https:\/\/www.aepd.es\/. Pot consultar m\u00e9s informaci\u00f3 sobre la pol\u00edtica de privacitat <a href=\"https:\/\/addinformatica.com\/ca\/politica-privadesa\" target=\"_blank\"> ac\u00ed<\/a>.\n<\/p><input type='hidden' class='wpcf7-pum' value='{\"closepopup\":false,\"closedelay\":0,\"openpopup\":false,\"openpopup_id\":0}' \/><div class=\"wpcf7-response-output\" aria-hidden=\"true\"><\/div>\n<\/form>\n<\/div>\n\t<\/div>\n\t\n\t\n\t\t\n<style>\n#text-4004949082 {\n  text-align: left;\n  color: rgb(255, 255, 255);\n}\n#text-4004949082 > * {\n  color: rgb(255, 255, 255);\n}\n<\/style>\n\t<\/div>\n\t\n<a href=\"https:\/\/addinformatica.com\/ca\/programari-gestio-centres-centres-dia\/#software\" class=\"button white is-outline btn-transparent\" style=\"border-radius:99px;\">\n\t\t<span>SABER M\u00c9S<\/span>\n\t<\/a>\n\n\n<a href=\"#solicite-demo\" class=\"button secondary acordeon-button orange\" style=\"border-radius:99px;\">\n\t\t<span>SOL\u00b7LICITI DEMO<\/span>\n\t<\/a>\n\n\n\n\t\t<\/div>\n\t\t\t\t\t<\/div>\n\n\t\n\n\t<div id=\"col-728400836\" class=\"col medium-6 small-12 large-6 small-col-first\"  >\n\t\t\t\t<div class=\"col-inner text-center\"  >\n\t\t\t\n\t\t\t\n\n\t<div class=\"img has-hover x md-x lg-x y md-y lg-y\" id=\"image_768297620\">\n\t\t\t\t\t\t\t\t<div class=\"img-inner dark\" >\n\t\t\t<img loading=\"lazy\" decoding=\"async\" width=\"1500\" height=\"1192\" src=\"https:\/\/addinformatica.com\/wp-content\/uploads\/2021\/03\/resiplus-centro-dia.png\" class=\"attachment-original size-original\" alt=\"\" srcset=\"https:\/\/addinformatica.com\/wp-content\/uploads\/2021\/03\/resiplus-centro-dia.png 1500w, https:\/\/addinformatica.com\/wp-content\/uploads\/2021\/03\/resiplus-centro-dia-300x238.png 300w, https:\/\/addinformatica.com\/wp-content\/uploads\/2021\/03\/resiplus-centro-dia-1024x814.png 1024w, https:\/\/addinformatica.com\/wp-content\/uploads\/2021\/03\/resiplus-centro-dia-768x610.png 768w\" sizes=\"auto, (max-width: 1500px) 100vw, 1500px\" \/>\t\t\t\t\t\t\n\t\t\t\t\t<\/div>\n\t\t\t\t\t\t\t\t\n<style>\n#image_768297620 {\n  width: 80%;\n}\n<\/style>\n\t<\/div>\n\t\n\n\n\t\t<\/div>\n\t\t\t\t\t<\/div>\n\n\t\n\n<\/div>\n\n\t\t<\/div>\n\n\t\t\n<style>\n#section_1718789384 {\n  padding-top: 30px;\n  padding-bottom: 30px;\n  background-color: rgb(225, 170, 36);\n}\n#section_1718789384 .section-bg-overlay {\n  background-color: rgb(225, 170, 36);\n}\n<\/style>\n\t<\/section>\n\t\n\n\t\t<\/div>\n\t<\/div>\n\t\n\t<div id=\"accordion-3807928789\" class=\"accordion-item acordeon-diversidad-funcional\">\n\t\t<a id=\"accordion-3807928789-label\" class=\"accordion-title plain\" href=\"#accordion-item-centres-de-diversitat-funcional\" aria-expanded=\"false\" aria-controls=\"accordion-3807928789-content\">\n\t\t\t<button class=\"toggle\" aria-label=\"Toggle\"><i class=\"icon-angle-down\" aria-hidden=\"true\"><\/i><\/button>\n\t\t\t<span>CENTRES DE DIVERSITAT FUNCIONAL<\/span>\n\t\t<\/a>\n\t\t<div id=\"accordion-3807928789-content\" class=\"accordion-inner\" aria-labelledby=\"accordion-3807928789-label\">\n\t\t\t\n\n\n\t<section class=\"section\" id=\"section_1694210130\">\n\t\t<div class=\"section-bg fill\" >\n\t\t\t\t\t\t\t\t\t\n\t\t\t\n\n\t\t<\/div>\n\n\t\t\n\n\t\t<div class=\"section-content relative\">\n\t\t\t\n\n\t<div id=\"gap-352866966\" class=\"gap-element clearfix\" style=\"display:block; height:auto;\">\n\t\t\n<style>\n#gap-352866966 {\n  padding-top: 20px;\n}\n<\/style>\n\t<\/div>\n\t\n\n<div class=\"row align-middle row-accordion-soft\"  id=\"row-1204125391\">\n\n\n\t<div id=\"col-300281068\" class=\"col medium-6 small-12 large-6\"  >\n\t\t\t\t<div class=\"col-inner text-center\"  >\n\t\t\t\n\t\t\t\n\n\t<div class=\"img has-hover x md-x lg-x y md-y lg-y\" id=\"image_613315226\">\n\t\t\t\t\t\t\t\t<div class=\"img-inner dark\" >\n\t\t\t<img loading=\"lazy\" decoding=\"async\" width=\"1500\" height=\"1192\" src=\"https:\/\/addinformatica.com\/wp-content\/uploads\/2021\/03\/resiplus-diversidad-funcional.png\" class=\"attachment-original size-original\" alt=\"\" srcset=\"https:\/\/addinformatica.com\/wp-content\/uploads\/2021\/03\/resiplus-diversidad-funcional.png 1500w, https:\/\/addinformatica.com\/wp-content\/uploads\/2021\/03\/resiplus-diversidad-funcional-300x238.png 300w, https:\/\/addinformatica.com\/wp-content\/uploads\/2021\/03\/resiplus-diversidad-funcional-1024x814.png 1024w, https:\/\/addinformatica.com\/wp-content\/uploads\/2021\/03\/resiplus-diversidad-funcional-768x610.png 768w\" sizes=\"auto, (max-width: 1500px) 100vw, 1500px\" \/>\t\t\t\t\t\t\n\t\t\t\t\t<\/div>\n\t\t\t\t\t\t\t\t\n<style>\n#image_613315226 {\n  width: 80%;\n}\n<\/style>\n\t<\/div>\n\t\n\n\n\t\t<\/div>\n\t\t\t\t\t<\/div>\n\n\t\n\n\t<div id=\"col-2098676754\" class=\"col medium-6 small-12 large-6\"  >\n\t\t\t\t<div class=\"col-inner text-left\"  >\n\t\t\t\n\t\t\t\n\n\t<div id=\"text-1428954446\" class=\"text\">\n\t\t\n\n<p>Resi<b>Plus<\/b><sup>\u00ae<\/sup> <strong>Centres de Diversitat Funcional<\/strong>. L&#8217;atenci\u00f3 especial que requereixen els usuaris d&#8217;una Resid\u00e8ncia de Diversitat Funcional fa que els professionals han de disposar de la millor eina de gesti\u00f3 per al seu dia a dia, amb Resi<b>Plus<\/b><sup>\u00ae<\/sup> Diversitat funcional tenen la garantia d&#8217;una eina que els permet registrar, controlar i comunicar tots els esdeveniments tant de l&#8217;usuari com de la resid\u00e8ncia.<\/p>\n\t<div id=\"solicite-demo\"\n\t     class=\"lightbox-by-id lightbox-content mfp-hide lightbox-white \"\n\t     style=\"max-width:600px ;padding:50px\">\n\t\t\n<div class=\"wpcf7 no-js\" id=\"wpcf7-f15596-o3\" lang=\"en-US\" dir=\"ltr\" data-wpcf7-id=\"15596\">\n<div class=\"screen-reader-response\"><p role=\"status\" aria-live=\"polite\" aria-atomic=\"true\"><\/p> <ul><\/ul><\/div>\n<form action=\"\/ca\/wp-json\/wp\/v2\/pages\/20684#wpcf7-f15596-o3\" method=\"post\" class=\"wpcf7-form init\" aria-label=\"Contact form\" novalidate=\"novalidate\" data-status=\"init\">\n<fieldset class=\"hidden-fields-container\"><input type=\"hidden\" name=\"_wpcf7\" value=\"15596\" \/><input type=\"hidden\" name=\"_wpcf7_version\" value=\"6.1.5\" \/><input type=\"hidden\" name=\"_wpcf7_locale\" value=\"en_US\" \/><input type=\"hidden\" name=\"_wpcf7_unit_tag\" value=\"wpcf7-f15596-o3\" \/><input type=\"hidden\" name=\"_wpcf7_container_post\" value=\"0\" \/><input type=\"hidden\" name=\"_wpcf7_posted_data_hash\" value=\"\" \/><input type=\"hidden\" name=\"_wpcf7_recaptcha_response\" value=\"\" \/>\n<\/fieldset>\n<p><span class=\"wpcf7-form-control-wrap\" data-name=\"your-name\"><input size=\"40\" maxlength=\"400\" class=\"wpcf7-form-control wpcf7-text wpcf7-validates-as-required\" aria-required=\"true\" aria-invalid=\"false\" placeholder=\"Nom\" value=\"\" type=\"text\" name=\"your-name\" \/><\/span>\n<\/p>\n<p><span class=\"wpcf7-form-control-wrap\" data-name=\"tel\"><input size=\"40\" maxlength=\"400\" class=\"wpcf7-form-control wpcf7-tel wpcf7-validates-as-required wpcf7-text wpcf7-validates-as-tel\" aria-required=\"true\" aria-invalid=\"false\" placeholder=\"Tel\u00e8fon\" value=\"\" type=\"tel\" name=\"tel\" \/><\/span>\n<\/p>\n<p><span class=\"wpcf7-form-control-wrap\" data-name=\"your-email\"><input size=\"40\" maxlength=\"400\" class=\"wpcf7-form-control wpcf7-email wpcf7-validates-as-required wpcf7-text wpcf7-validates-as-email\" aria-required=\"true\" aria-invalid=\"false\" placeholder=\"Email\" value=\"\" type=\"email\" name=\"your-email\" \/><\/span>\n<\/p>\n<p><span class=\"wpcf7-form-control-wrap\" data-name=\"acceptance-331\"><span class=\"wpcf7-form-control wpcf7-acceptance\"><span class=\"wpcf7-list-item\"><input type=\"checkbox\" name=\"acceptance-331\" value=\"1\" aria-invalid=\"false\" \/><\/span><\/span><\/span><a class=\"privacy-btn\" href=\"https:\/\/addinformatica.com\/ca\/politica-privadesa\" target=\"_blank\">Estic d'acord amb la Pol\u00edtica de Privacitat<\/a>\n<\/p>\n<p><input class=\"wpcf7-form-control wpcf7-submit has-spinner\" type=\"submit\" value=\"ENVIAR\" \/>\n<\/p>\n<p class=\"small-text\">RESPONSABLE DEL TRACTAMENT: Aphelion Soluciones Inform\u00e1ticas S.L | FINALITAT EN EL TRACTAMENT DE LES DADES: Respondre i gestionar les sol\u00b7licituds de les donem ofertes per l'organitzaci\u00f3. | LEGITIMACI\u00d3 EN EL TRACTAMENT DE LES SEVES DADES: Consentiment de l'interessat. | DRETS DELS INTERESSATS: Vost\u00e8 podr\u00e0 exercir els drets sobre protecci\u00f3 de dades per correu electr\u00f2nic a rgpd@addinformatica.com. En qualsevol cas, pot sol\u00b7licitar la tutela de l'Ag\u00e8ncia Espanyola de Protecci\u00f3 de Dades a trav\u00e9s de la seva p\u00e0gina web https:\/\/www.aepd.es\/. Pot consultar m\u00e9s informaci\u00f3 sobre la pol\u00edtica de privacitat <a href=\"https:\/\/addinformatica.com\/ca\/politica-privadesa\" target=\"_blank\"> ac\u00ed<\/a>.\n<\/p><input type='hidden' class='wpcf7-pum' value='{\"closepopup\":false,\"closedelay\":0,\"openpopup\":false,\"openpopup_id\":0}' \/><div class=\"wpcf7-response-output\" aria-hidden=\"true\"><\/div>\n<\/form>\n<\/div>\n\t<\/div>\n\t\n\t\n\t\t\n<style>\n#text-1428954446 {\n  text-align: left;\n  color: rgb(255, 255, 255);\n}\n#text-1428954446 > * {\n  color: rgb(255, 255, 255);\n}\n<\/style>\n\t<\/div>\n\t\n<a href=\"https:\/\/addinformatica.com\/ca\/programari-gestio-centres-diversitat-funcional\/#software\" class=\"button white is-outline btn-transparent\" style=\"border-radius:99px;\">\n\t\t<span>SABER M\u00c9S<\/span>\n\t<\/a>\n\n\n<a href=\"#solicite-demo\" class=\"button secondary acordeon-button green\" style=\"border-radius:99px;\">\n\t\t<span>SOL\u00b7LICITI DEMO<\/span>\n\t<\/a>\n\n\n\n\t\t<\/div>\n\t\t\t\t\t<\/div>\n\n\t\n\n<\/div>\n\n\t\t<\/div>\n\n\t\t\n<style>\n#section_1694210130 {\n  padding-top: 30px;\n  padding-bottom: 30px;\n  background-color: rgb(102, 173, 177);\n}\n<\/style>\n\t<\/section>\n\t\n\n\t\t<\/div>\n\t<\/div>\n\t\n\t<div id=\"accordion-2632701079\" class=\"accordion-item acordeon-ocupacionales\">\n\t\t<a id=\"accordion-2632701079-label\" class=\"accordion-title plain\" href=\"#accordion-item-centres-ocupacionals\" aria-expanded=\"false\" aria-controls=\"accordion-2632701079-content\">\n\t\t\t<button class=\"toggle\" aria-label=\"Toggle\"><i class=\"icon-angle-down\" aria-hidden=\"true\"><\/i><\/button>\n\t\t\t<span>CENTRES OCUPACIONALS<\/span>\n\t\t<\/a>\n\t\t<div id=\"accordion-2632701079-content\" class=\"accordion-inner\" aria-labelledby=\"accordion-2632701079-label\">\n\t\t\t\n\n\n\t<section class=\"section\" id=\"section_439373746\">\n\t\t<div class=\"section-bg fill\" >\n\t\t\t\t\t\t\t\t\t\n\t\t\t\n\n\t\t<\/div>\n\n\t\t\n\n\t\t<div class=\"section-content relative\">\n\t\t\t\n\n\t<div id=\"gap-425576847\" class=\"gap-element clearfix\" style=\"display:block; height:auto;\">\n\t\t\n<style>\n#gap-425576847 {\n  padding-top: 20px;\n}\n<\/style>\n\t<\/div>\n\t\n\n<div class=\"row align-middle row-accordion-soft\"  id=\"row-1348053171\">\n\n\n\t<div id=\"col-1876528952\" class=\"col medium-6 small-12 large-6\"  >\n\t\t\t\t<div class=\"col-inner text-left\"  >\n\t\t\t\n\t\t\t\n\n\t<div id=\"text-2668389373\" class=\"text\">\n\t\t\n\n<p>Resi<b>Plus<\/b><sup>\u00ae<\/sup> <strong> Centres Ocupacionals <\/strong>. Les necessitats especials de cada usuari fan que cada un d&#8217;ells requereixi una programaci\u00f3 especial de tasques di\u00e0ries, Resi<b>Plus<\/b><sup>\u00ae<\/sup> Centres Ocupacionals ajuda els professionals en aquesta i altres tasques del dia a dia d&#8217;aquest tipus d&#8217;establiments siguin d&#8217;organitzaci\u00f3, administratives o sociosanit\u00e0ries.<\/p>\n\t<div id=\"solicite-demo\"\n\t     class=\"lightbox-by-id lightbox-content mfp-hide lightbox-white \"\n\t     style=\"max-width:600px ;padding:50px\">\n\t\t\n<div class=\"wpcf7 no-js\" id=\"wpcf7-f15596-o4\" lang=\"en-US\" dir=\"ltr\" data-wpcf7-id=\"15596\">\n<div class=\"screen-reader-response\"><p role=\"status\" aria-live=\"polite\" aria-atomic=\"true\"><\/p> <ul><\/ul><\/div>\n<form action=\"\/ca\/wp-json\/wp\/v2\/pages\/20684#wpcf7-f15596-o4\" method=\"post\" class=\"wpcf7-form init\" aria-label=\"Contact form\" novalidate=\"novalidate\" data-status=\"init\">\n<fieldset class=\"hidden-fields-container\"><input type=\"hidden\" name=\"_wpcf7\" value=\"15596\" \/><input type=\"hidden\" name=\"_wpcf7_version\" value=\"6.1.5\" \/><input type=\"hidden\" name=\"_wpcf7_locale\" value=\"en_US\" \/><input type=\"hidden\" name=\"_wpcf7_unit_tag\" value=\"wpcf7-f15596-o4\" \/><input type=\"hidden\" name=\"_wpcf7_container_post\" value=\"0\" \/><input type=\"hidden\" name=\"_wpcf7_posted_data_hash\" value=\"\" \/><input type=\"hidden\" name=\"_wpcf7_recaptcha_response\" value=\"\" \/>\n<\/fieldset>\n<p><span class=\"wpcf7-form-control-wrap\" data-name=\"your-name\"><input size=\"40\" maxlength=\"400\" class=\"wpcf7-form-control wpcf7-text wpcf7-validates-as-required\" aria-required=\"true\" aria-invalid=\"false\" placeholder=\"Nom\" value=\"\" type=\"text\" name=\"your-name\" \/><\/span>\n<\/p>\n<p><span class=\"wpcf7-form-control-wrap\" data-name=\"tel\"><input size=\"40\" maxlength=\"400\" class=\"wpcf7-form-control wpcf7-tel wpcf7-validates-as-required wpcf7-text wpcf7-validates-as-tel\" aria-required=\"true\" aria-invalid=\"false\" placeholder=\"Tel\u00e8fon\" value=\"\" type=\"tel\" name=\"tel\" \/><\/span>\n<\/p>\n<p><span class=\"wpcf7-form-control-wrap\" data-name=\"your-email\"><input size=\"40\" maxlength=\"400\" class=\"wpcf7-form-control wpcf7-email wpcf7-validates-as-required wpcf7-text wpcf7-validates-as-email\" aria-required=\"true\" aria-invalid=\"false\" placeholder=\"Email\" value=\"\" type=\"email\" name=\"your-email\" \/><\/span>\n<\/p>\n<p><span class=\"wpcf7-form-control-wrap\" data-name=\"acceptance-331\"><span class=\"wpcf7-form-control wpcf7-acceptance\"><span class=\"wpcf7-list-item\"><input type=\"checkbox\" name=\"acceptance-331\" value=\"1\" aria-invalid=\"false\" \/><\/span><\/span><\/span><a class=\"privacy-btn\" href=\"https:\/\/addinformatica.com\/ca\/politica-privadesa\" target=\"_blank\">Estic d'acord amb la Pol\u00edtica de Privacitat<\/a>\n<\/p>\n<p><input class=\"wpcf7-form-control wpcf7-submit has-spinner\" type=\"submit\" value=\"ENVIAR\" \/>\n<\/p>\n<p class=\"small-text\">RESPONSABLE DEL TRACTAMENT: Aphelion Soluciones Inform\u00e1ticas S.L | FINALITAT EN EL TRACTAMENT DE LES DADES: Respondre i gestionar les sol\u00b7licituds de les donem ofertes per l'organitzaci\u00f3. | LEGITIMACI\u00d3 EN EL TRACTAMENT DE LES SEVES DADES: Consentiment de l'interessat. | DRETS DELS INTERESSATS: Vost\u00e8 podr\u00e0 exercir els drets sobre protecci\u00f3 de dades per correu electr\u00f2nic a rgpd@addinformatica.com. En qualsevol cas, pot sol\u00b7licitar la tutela de l'Ag\u00e8ncia Espanyola de Protecci\u00f3 de Dades a trav\u00e9s de la seva p\u00e0gina web https:\/\/www.aepd.es\/. Pot consultar m\u00e9s informaci\u00f3 sobre la pol\u00edtica de privacitat <a href=\"https:\/\/addinformatica.com\/ca\/politica-privadesa\" target=\"_blank\"> ac\u00ed<\/a>.\n<\/p><input type='hidden' class='wpcf7-pum' value='{\"closepopup\":false,\"closedelay\":0,\"openpopup\":false,\"openpopup_id\":0}' \/><div class=\"wpcf7-response-output\" aria-hidden=\"true\"><\/div>\n<\/form>\n<\/div>\n\t<\/div>\n\t\n\t\n\t\t\n<style>\n#text-2668389373 {\n  text-align: left;\n  color: rgb(255, 255, 255);\n}\n#text-2668389373 > * {\n  color: rgb(255, 255, 255);\n}\n<\/style>\n\t<\/div>\n\t\n<a href=\"https:\/\/addinformatica.com\/ca\/programari-gestio-centres-ocupacionals\/#software\" class=\"button white is-outline btn-transparent\" style=\"border-radius:99px;\">\n\t\t<span>SABER M\u00c9S<\/span>\n\t<\/a>\n\n\n<a href=\"#solicite-demo\" class=\"button secondary acordeon-button magenta\" style=\"border-radius:99px;\">\n\t\t<span>SOL\u00b7LICITI DEMO<\/span>\n\t<\/a>\n\n\n\n\t\t<\/div>\n\t\t\t\t\t<\/div>\n\n\t\n\n\t<div id=\"col-111580273\" class=\"col medium-6 small-12 large-6 small-col-first\"  >\n\t\t\t\t<div class=\"col-inner text-center\"  >\n\t\t\t\n\t\t\t\n\n\t<div class=\"img has-hover x md-x lg-x y md-y lg-y\" id=\"image_639846563\">\n\t\t\t\t\t\t\t\t<div class=\"img-inner dark\" >\n\t\t\t<img loading=\"lazy\" decoding=\"async\" width=\"1500\" height=\"1192\" src=\"https:\/\/addinformatica.com\/wp-content\/uploads\/2021\/03\/resiplus-centro-ocupacional.png\" class=\"attachment-original size-original\" alt=\"\" srcset=\"https:\/\/addinformatica.com\/wp-content\/uploads\/2021\/03\/resiplus-centro-ocupacional.png 1500w, https:\/\/addinformatica.com\/wp-content\/uploads\/2021\/03\/resiplus-centro-ocupacional-300x238.png 300w, https:\/\/addinformatica.com\/wp-content\/uploads\/2021\/03\/resiplus-centro-ocupacional-1024x814.png 1024w, https:\/\/addinformatica.com\/wp-content\/uploads\/2021\/03\/resiplus-centro-ocupacional-768x610.png 768w\" sizes=\"auto, (max-width: 1500px) 100vw, 1500px\" \/>\t\t\t\t\t\t\n\t\t\t\t\t<\/div>\n\t\t\t\t\t\t\t\t\n<style>\n#image_639846563 {\n  width: 80%;\n}\n<\/style>\n\t<\/div>\n\t\n\n\n\t\t<\/div>\n\t\t\t\t\t<\/div>\n\n\t\n\n<\/div>\n\n\t\t<\/div>\n\n\t\t\n<style>\n#section_439373746 {\n  padding-top: 30px;\n  padding-bottom: 30px;\n  background-color: rgb(177, 92, 140);\n}\n<\/style>\n\t<\/section>\n\t\n\n\t\t<\/div>\n\t<\/div>\n\t\n\t<div id=\"accordion-3458563663\" class=\"accordion-item acordeon-vivienda\">\n\t\t<a id=\"accordion-3458563663-label\" class=\"accordion-title plain\" href=\"#accordion-item-habitatges-tutelats\" aria-expanded=\"false\" aria-controls=\"accordion-3458563663-content\">\n\t\t\t<button class=\"toggle\" aria-label=\"Toggle\"><i class=\"icon-angle-down\" aria-hidden=\"true\"><\/i><\/button>\n\t\t\t<span>HABITATGES TUTELATS<\/span>\n\t\t<\/a>\n\t\t<div id=\"accordion-3458563663-content\" class=\"accordion-inner\" aria-labelledby=\"accordion-3458563663-label\">\n\t\t\t\n\n\n\t<section class=\"section\" id=\"section_936640192\">\n\t\t<div class=\"section-bg fill\" >\n\t\t\t\t\t\t\t\t\t\n\t\t\t\n\n\t\t<\/div>\n\n\t\t\n\n\t\t<div class=\"section-content relative\">\n\t\t\t\n\n\t<div id=\"gap-995859953\" class=\"gap-element clearfix\" style=\"display:block; height:auto;\">\n\t\t\n<style>\n#gap-995859953 {\n  padding-top: 20px;\n}\n<\/style>\n\t<\/div>\n\t\n\n<div class=\"row align-middle row-accordion-soft\"  id=\"row-2073144698\">\n\n\n\t<div id=\"col-992536854\" class=\"col medium-6 small-12 large-6\"  >\n\t\t\t\t<div class=\"col-inner text-center\"  >\n\t\t\t\n\t\t\t\n\n\t<div class=\"img has-hover x md-x lg-x y md-y lg-y\" id=\"image_1745795867\">\n\t\t\t\t\t\t\t\t<div class=\"img-inner dark\" >\n\t\t\t<img loading=\"lazy\" decoding=\"async\" width=\"1500\" height=\"1192\" src=\"https:\/\/addinformatica.com\/wp-content\/uploads\/2021\/03\/resiplus-vivienda-tutelada.png\" class=\"attachment-original size-original\" alt=\"\" srcset=\"https:\/\/addinformatica.com\/wp-content\/uploads\/2021\/03\/resiplus-vivienda-tutelada.png 1500w, https:\/\/addinformatica.com\/wp-content\/uploads\/2021\/03\/resiplus-vivienda-tutelada-300x238.png 300w, https:\/\/addinformatica.com\/wp-content\/uploads\/2021\/03\/resiplus-vivienda-tutelada-1024x814.png 1024w, https:\/\/addinformatica.com\/wp-content\/uploads\/2021\/03\/resiplus-vivienda-tutelada-768x610.png 768w\" sizes=\"auto, (max-width: 1500px) 100vw, 1500px\" \/>\t\t\t\t\t\t\n\t\t\t\t\t<\/div>\n\t\t\t\t\t\t\t\t\n<style>\n#image_1745795867 {\n  width: 80%;\n}\n<\/style>\n\t<\/div>\n\t\n\n\n\t\t<\/div>\n\t\t\t\t\t<\/div>\n\n\t\n\n\t<div id=\"col-1507745096\" class=\"col medium-6 small-12 large-6\"  >\n\t\t\t\t<div class=\"col-inner text-left\"  >\n\t\t\t\n\t\t\t\n\n\t<div id=\"text-1047686569\" class=\"text\">\n\t\t\n\n<p>Resi<b>Plus<\/b><sup>\u00ae<\/sup> <strong>Habitatges Tutelats <\/strong>\u00e9s l&#8217;aliat perfecte perqu\u00e8 els responsables d&#8217;aquest tipus d&#8217;establiments assoleixin una organitzaci\u00f3 i control \u00f2ptims i aix\u00ed aconseguir una conviv\u00e8ncia \u00f2ptima entre els residents.<\/p>\n\t<div id=\"solicite-demo\"\n\t     class=\"lightbox-by-id lightbox-content mfp-hide lightbox-white \"\n\t     style=\"max-width:600px ;padding:50px\">\n\t\t\n<div class=\"wpcf7 no-js\" id=\"wpcf7-f15596-o5\" lang=\"en-US\" dir=\"ltr\" data-wpcf7-id=\"15596\">\n<div class=\"screen-reader-response\"><p role=\"status\" aria-live=\"polite\" aria-atomic=\"true\"><\/p> <ul><\/ul><\/div>\n<form action=\"\/ca\/wp-json\/wp\/v2\/pages\/20684#wpcf7-f15596-o5\" method=\"post\" class=\"wpcf7-form init\" aria-label=\"Contact form\" novalidate=\"novalidate\" data-status=\"init\">\n<fieldset class=\"hidden-fields-container\"><input type=\"hidden\" name=\"_wpcf7\" value=\"15596\" \/><input type=\"hidden\" name=\"_wpcf7_version\" value=\"6.1.5\" \/><input type=\"hidden\" name=\"_wpcf7_locale\" value=\"en_US\" \/><input type=\"hidden\" name=\"_wpcf7_unit_tag\" value=\"wpcf7-f15596-o5\" \/><input type=\"hidden\" name=\"_wpcf7_container_post\" value=\"0\" \/><input type=\"hidden\" name=\"_wpcf7_posted_data_hash\" value=\"\" \/><input type=\"hidden\" name=\"_wpcf7_recaptcha_response\" value=\"\" \/>\n<\/fieldset>\n<p><span class=\"wpcf7-form-control-wrap\" data-name=\"your-name\"><input size=\"40\" maxlength=\"400\" class=\"wpcf7-form-control wpcf7-text wpcf7-validates-as-required\" aria-required=\"true\" aria-invalid=\"false\" placeholder=\"Nom\" value=\"\" type=\"text\" name=\"your-name\" \/><\/span>\n<\/p>\n<p><span class=\"wpcf7-form-control-wrap\" data-name=\"tel\"><input size=\"40\" maxlength=\"400\" class=\"wpcf7-form-control wpcf7-tel wpcf7-validates-as-required wpcf7-text wpcf7-validates-as-tel\" aria-required=\"true\" aria-invalid=\"false\" placeholder=\"Tel\u00e8fon\" value=\"\" type=\"tel\" name=\"tel\" \/><\/span>\n<\/p>\n<p><span class=\"wpcf7-form-control-wrap\" data-name=\"your-email\"><input size=\"40\" maxlength=\"400\" class=\"wpcf7-form-control wpcf7-email wpcf7-validates-as-required wpcf7-text wpcf7-validates-as-email\" aria-required=\"true\" aria-invalid=\"false\" placeholder=\"Email\" value=\"\" type=\"email\" name=\"your-email\" \/><\/span>\n<\/p>\n<p><span class=\"wpcf7-form-control-wrap\" data-name=\"acceptance-331\"><span class=\"wpcf7-form-control wpcf7-acceptance\"><span class=\"wpcf7-list-item\"><input type=\"checkbox\" name=\"acceptance-331\" value=\"1\" aria-invalid=\"false\" \/><\/span><\/span><\/span><a class=\"privacy-btn\" href=\"https:\/\/addinformatica.com\/ca\/politica-privadesa\" target=\"_blank\">Estic d'acord amb la Pol\u00edtica de Privacitat<\/a>\n<\/p>\n<p><input class=\"wpcf7-form-control wpcf7-submit has-spinner\" type=\"submit\" value=\"ENVIAR\" \/>\n<\/p>\n<p class=\"small-text\">RESPONSABLE DEL TRACTAMENT: Aphelion Soluciones Inform\u00e1ticas S.L | FINALITAT EN EL TRACTAMENT DE LES DADES: Respondre i gestionar les sol\u00b7licituds de les donem ofertes per l'organitzaci\u00f3. | LEGITIMACI\u00d3 EN EL TRACTAMENT DE LES SEVES DADES: Consentiment de l'interessat. | DRETS DELS INTERESSATS: Vost\u00e8 podr\u00e0 exercir els drets sobre protecci\u00f3 de dades per correu electr\u00f2nic a rgpd@addinformatica.com. En qualsevol cas, pot sol\u00b7licitar la tutela de l'Ag\u00e8ncia Espanyola de Protecci\u00f3 de Dades a trav\u00e9s de la seva p\u00e0gina web https:\/\/www.aepd.es\/. Pot consultar m\u00e9s informaci\u00f3 sobre la pol\u00edtica de privacitat <a href=\"https:\/\/addinformatica.com\/ca\/politica-privadesa\" target=\"_blank\"> ac\u00ed<\/a>.\n<\/p><input type='hidden' class='wpcf7-pum' value='{\"closepopup\":false,\"closedelay\":0,\"openpopup\":false,\"openpopup_id\":0}' \/><div class=\"wpcf7-response-output\" aria-hidden=\"true\"><\/div>\n<\/form>\n<\/div>\n\t<\/div>\n\t\n\t\n\t\t\n<style>\n#text-1047686569 {\n  text-align: left;\n  color: rgb(255, 255, 255);\n}\n#text-1047686569 > * {\n  color: rgb(255, 255, 255);\n}\n<\/style>\n\t<\/div>\n\t\n<a href=\"https:\/\/addinformatica.com\/ca\/programari-gestio-habitatges-tutelats\/#software\" class=\"button white is-outline btn-transparent\" style=\"border-radius:99px;\">\n\t\t<span>SABER M\u00c9S<\/span>\n\t<\/a>\n\n\n<a href=\"#solicite-demo\" class=\"button secondary acordeon-button green2\" style=\"border-radius:99px;\">\n\t\t<span>SOL\u00b7LICITI DEMO<\/span>\n\t<\/a>\n\n\n\n\t\t<\/div>\n\t\t\t\t\t<\/div>\n\n\t\n\n<\/div>\n\n\t\t<\/div>\n\n\t\t\n<style>\n#section_936640192 {\n  padding-top: 30px;\n  padding-bottom: 30px;\n  background-color: rgb(191, 205, 49);\n}\n<\/style>\n\t<\/section>\n\t\n\n\t\t<\/div>\n\t<\/div>\n\t\n\n<\/div>\n\n\t<section class=\"section\" id=\"section_1651235388\">\n\t\t<div class=\"section-bg fill\" >\n\t\t\t\t\t\t\t\t\t\n\t\t\t\n\n\t\t<\/div>\n\n\t\t\n\n\t\t<div class=\"section-content relative\">\n\t\t\t\n\n\t<div id=\"gap-1779053417\" class=\"gap-element clearfix\" style=\"display:block; height:auto;\">\n\t\t\n<style>\n#gap-1779053417 {\n  padding-top: 50px;\n}\n<\/style>\n\t<\/div>\n\t\n\n<div class=\"row align-middle align-center testimonial-title\"  id=\"row-161786199\">\n\n\n\t<div id=\"col-358079037\" class=\"col small-12 large-12\"  >\n\t\t\t\t<div class=\"col-inner\"  >\n\t\t\t\n\t\t\t\n\n\t<div id=\"text-1274132716\" class=\"text\">\n\t\t\n\n<p>L&#8217;opini\u00f3 dels nostres clients<\/p>\n\t\t\n<style>\n#text-1274132716 {\n  text-align: center;\n  color: rgb(0,0,0);\n}\n#text-1274132716 > * {\n  color: rgb(0,0,0);\n}\n<\/style>\n\t<\/div>\n\t\n\n\t\t<\/div>\n\t\t\t\t\n<style>\n#col-358079037 > .col-inner {\n  padding: 0px 0px 0 0px;\n}\n<\/style>\n\t<\/div>\n\n\t\n\n<\/div>\n<div class=\"slider-wrapper relative\" id=\"slider-2010955695\" style=\"background-color:rgb(235, 235, 235);\">\n    <div class=\"slider slider-nav-circle slider-nav-large slider-nav-dark slider-style-normal slider-show-nav\"\n        data-flickity-options='{\n            \"cellAlign\": \"center\",\n            \"imagesLoaded\": true,\n            \"lazyLoad\": 1,\n            \"freeScroll\": false,\n            \"wrapAround\": true,\n            \"autoPlay\": 6000,\n            \"pauseAutoPlayOnHover\" : true,\n            \"prevNextButtons\": true,\n            \"contain\" : true,\n            \"adaptiveHeight\" : true,\n            \"dragThreshold\" : 10,\n            \"percentPosition\": true,\n            \"pageDots\": false,\n            \"rightToLeft\": false,\n            \"draggable\": true,\n            \"selectedAttraction\": 0.1,\n            \"parallax\" : 0,\n            \"friction\": 0.6        }'\n        >\n        \n\n\n  <div class=\"banner has-hover\" id=\"banner-1464913790\">\n          <div class=\"banner-inner fill\">\n        <div class=\"banner-bg fill\" >\n                                                \n                    <\/div>\n\t\t\n        <div class=\"banner-layers container\">\n            <div class=\"fill banner-link\"><\/div>            \n\n   <div id=\"text-box-369739435\" class=\"text-box banner-layer x50 md-x50 lg-x50 y0 md-y0 lg-y0 res-text\">\n                                <div class=\"text-box-content text dark\">\n              \n              <div class=\"text-inner text-center\">\n                  \n\n  <div class=\"icon-box testimonial-box icon-box-center text-center is-large\">\n                <div class=\"icon-box-img testimonial-image circle\" style=\"width: 20px\">\n                      <\/div>\n                <div class=\"icon-box-text p-last-0\">\n            \t\t\t\t<div class=\"testimonial-text line-height-small italic test_text first-reset last-reset is-italic\">\n            \n\n\t<div id=\"text-105175455\" class=\"text\">\n\t\t\n\n<p>Considerem els professionals de Resi<strong>Plus<\/strong><sup>\u00ae<\/sup> com a part del nostre equip: sempre ens fan costat resolent els nostres problemes de gesti\u00f3 i adaptant el programari a les nostres necessitats. Per aix\u00f2 creiem que Resi<strong>Plus<\/strong><sup>\u00ae<\/sup> \u00e9s una eina de gesti\u00f3 f\u00e0cil i c\u00f2moda de fer servir<\/p>\n\t\t\n<style>\n#text-105175455 {\n  text-align: center;\n  color: rgb(0,0,0);\n}\n#text-105175455 > * {\n  color: rgb(0,0,0);\n}\n<\/style>\n\t<\/div>\n\t\n\n          <\/div>\n          <div class=\"testimonial-meta pt-half\">\n             <strong class=\"testimonial-name test_name\">Inmaculada Andreu<\/strong>\n             <span class=\"testimonial-name-divider\"> \/ <\/span>             <span class=\"testimonial-company test_company\">Directora de Resid\u00e8ncia Bonaire(Torrent, Valencia)<\/span>\n          <\/div>\n        <\/div>\n  <\/div>\n\n  \n\n              <\/div>\n           <\/div>\n                            \n<style>\n#text-box-369739435 {\n  width: 100%;\n}\n#text-box-369739435 .text-box-content {\n  font-size: 100%;\n}\n@media (min-width:550px) {\n  #text-box-369739435 {\n    width: 78%;\n  }\n}\n<\/style>\n    <\/div>\n \n\n        <\/div>\n      <\/div>\n\n            \n<style>\n#banner-1464913790 {\n  padding-top: 230px;\n  background-color: rgb(235, 235, 235);\n}\n<\/style>\n  <\/div>\n\n\n\n  <div class=\"banner has-hover\" id=\"banner-882989388\">\n          <div class=\"banner-inner fill\">\n        <div class=\"banner-bg fill\" >\n                                                \n                    <\/div>\n\t\t\n        <div class=\"banner-layers container\">\n            <div class=\"fill banner-link\"><\/div>            \n\n   <div id=\"text-box-1145453944\" class=\"text-box banner-layer x50 md-x50 lg-x50 y0 md-y0 lg-y0 res-text\">\n                                <div class=\"text-box-content text dark\">\n              \n              <div class=\"text-inner text-center\">\n                  \n\n  <div class=\"icon-box testimonial-box icon-box-center text-center is-large\">\n                <div class=\"icon-box-img testimonial-image circle\" style=\"width: 142px\">\n                      <\/div>\n                <div class=\"icon-box-text p-last-0\">\n            \t\t\t\t<div class=\"testimonial-text line-height-small italic test_text first-reset last-reset is-italic\">\n            \n\n\t<div id=\"text-173852296\" class=\"text\">\n\t\t\n\n<p>El que m\u00e9s destacaria de Resi<strong>Plus<\/strong><sup>\u00ae<\/sup>&nbsp;\u00e9s la seva adaptabilitat als canvis. Quan vam haver d&#8217;implantar la ISO 9001, els responsables del programari es van posar a treballar r\u00e0pidament amb el nostre equip per incloure aquests par\u00e0metres al programari. Aix\u00f2 va facilitar la feina dels professionals del nostre centre.<\/p>\n\t\t\n<style>\n#text-173852296 {\n  color: rgb(0,0,0);\n}\n#text-173852296 > * {\n  color: rgb(0,0,0);\n}\n<\/style>\n\t<\/div>\n\t\n\n          <\/div>\n          <div class=\"testimonial-meta pt-half\">\n             <strong class=\"testimonial-name test_name\">Mar\u00eda Mart\u00ednez<\/strong>\n             <span class=\"testimonial-name-divider\"> \/ <\/span>             <span class=\"testimonial-company test_company\">Directora RPMD Montesol (l'Eliana, Val\u00e8ncia)<\/span>\n          <\/div>\n        <\/div>\n  <\/div>\n\n  \n\n              <\/div>\n           <\/div>\n                            \n<style>\n#text-box-1145453944 {\n  width: 100%;\n}\n#text-box-1145453944 .text-box-content {\n  font-size: 100%;\n}\n@media (min-width:550px) {\n  #text-box-1145453944 {\n    width: 78%;\n  }\n}\n<\/style>\n    <\/div>\n \n\n        <\/div>\n      <\/div>\n\n            \n<style>\n#banner-882989388 {\n  padding-top: 230px;\n  background-color: rgb(235, 235, 235);\n}\n#banner-882989388 .banner-bg img {\n  object-position: 79% 68%;\n}\n<\/style>\n  <\/div>\n\n\n\n  <div class=\"banner has-hover\" id=\"banner-1327677096\">\n          <div class=\"banner-inner fill\">\n        <div class=\"banner-bg fill\" >\n                                                \n                    <\/div>\n\t\t\n        <div class=\"banner-layers container\">\n            <div class=\"fill banner-link\"><\/div>            \n\n   <div id=\"text-box-566151524\" class=\"text-box banner-layer x50 md-x50 lg-x50 y0 md-y0 lg-y0 res-text\">\n                                <div class=\"text-box-content text dark\">\n              \n              <div class=\"text-inner text-center\">\n                  \n\n  <div class=\"icon-box testimonial-box icon-box-center text-center is-large\">\n                <div class=\"icon-box-img testimonial-image circle\" style=\"width: 142px\">\n                      <\/div>\n                <div class=\"icon-box-text p-last-0\">\n            \t\t\t\t<div class=\"testimonial-text line-height-small italic test_text first-reset last-reset is-italic\">\n            \n\n\t<div id=\"text-1819858812\" class=\"text\">\n\t\t\n\n<p>Ens sentim part del programari perqu\u00e8 des del principi els seus responsables han estat oberts a tots els suggeriments que els hem fet. D&#8217;aquesta manera s&#8217;ha convertit en el que \u00e9s avui: el millor programa de gesti\u00f3 del sector de la depend\u00e8ncia.<\/p>\n\t\t\n<style>\n#text-1819858812 {\n  color: rgb(0,0,0);\n}\n#text-1819858812 > * {\n  color: rgb(0,0,0);\n}\n<\/style>\n\t<\/div>\n\t\n\n          <\/div>\n          <div class=\"testimonial-meta pt-half\">\n             <strong class=\"testimonial-name test_name\">Jose Lu\u00eds Palacios<\/strong>\n             <span class=\"testimonial-name-divider\"> \/ <\/span>             <span class=\"testimonial-company test_company\">Gerent de Resid\u00e8ncia Palacios Ciempozuelos, Madrid)<\/span>\n          <\/div>\n        <\/div>\n  <\/div>\n\n  \n\n              <\/div>\n           <\/div>\n                            \n<style>\n#text-box-566151524 {\n  width: 100%;\n}\n#text-box-566151524 .text-box-content {\n  font-size: 100%;\n}\n@media (min-width:550px) {\n  #text-box-566151524 {\n    width: 78%;\n  }\n}\n<\/style>\n    <\/div>\n \n\n        <\/div>\n      <\/div>\n\n            \n<style>\n#banner-1327677096 {\n  padding-top: 230px;\n  background-color: rgb(235, 235, 235);\n}\n#banner-1327677096 .banner-bg img {\n  object-position: 79% 68%;\n}\n<\/style>\n  <\/div>\n\n\n\n  <div class=\"banner has-hover\" id=\"banner-806851085\">\n          <div class=\"banner-inner fill\">\n        <div class=\"banner-bg fill\" >\n                                                \n                    <\/div>\n\t\t\n        <div class=\"banner-layers container\">\n            <div class=\"fill banner-link\"><\/div>            \n\n   <div id=\"text-box-271807917\" class=\"text-box banner-layer x50 md-x50 lg-x50 y0 md-y0 lg-y0 res-text\">\n                                <div class=\"text-box-content text dark\">\n              \n              <div class=\"text-inner text-center\">\n                  \n\n  <div class=\"icon-box testimonial-box icon-box-center text-center is-large\">\n                <div class=\"icon-box-img testimonial-image circle\" style=\"width: 142px\">\n                      <\/div>\n                <div class=\"icon-box-text p-last-0\">\n            \t\t\t\t<div class=\"testimonial-text line-height-small italic test_text first-reset last-reset is-italic\">\n            \n\n\t<div id=\"text-3994306569\" class=\"text\">\n\t\t\n\n<p>Amb Resi<strong>Plus<\/strong><sup>\u00ae<\/sup>, tenim un programari que s&#8217;ha anat perfeccionant al llarg del temps per oferir-nos prestacions cada vegada millors. A m\u00e9s, es va adaptar r\u00e0pidament i sense problemes al Sistema B\u00e0sic de Qualitat, impulsat per la Conselleria de Benestar Social. Despr\u00e9s de deu anys, tot el nostre equip est\u00e0 molt satisfet de treballar amb Resi<strong>Plus<\/strong><sup>\u00ae<\/sup>.<\/p>\n\t\t\n<style>\n#text-3994306569 {\n  color: rgb(0,0,0);\n}\n#text-3994306569 > * {\n  color: rgb(0,0,0);\n}\n<\/style>\n\t<\/div>\n\t\n\n          <\/div>\n          <div class=\"testimonial-meta pt-half\">\n             <strong class=\"testimonial-name test_name\">Josefa Mart\u00ednez<\/strong>\n             <span class=\"testimonial-name-divider\"> \/ <\/span>             <span class=\"testimonial-company test_company\">Directora de Resid\u00e8ncia Gent Gran (Rafelbunyol, Val\u00e8ncia)<\/span>\n          <\/div>\n        <\/div>\n  <\/div>\n\n  \n\n              <\/div>\n           <\/div>\n                            \n<style>\n#text-box-271807917 {\n  width: 100%;\n}\n#text-box-271807917 .text-box-content {\n  font-size: 100%;\n}\n@media (min-width:550px) {\n  #text-box-271807917 {\n    width: 78%;\n  }\n}\n<\/style>\n    <\/div>\n \n\n        <\/div>\n      <\/div>\n\n            \n<style>\n#banner-806851085 {\n  padding-top: 250px;\n  background-color: rgb(235, 235, 235);\n}\n#banner-806851085 .banner-bg img {\n  object-position: 79% 68%;\n}\n<\/style>\n  <\/div>\n\n\n\n  <div class=\"banner has-hover\" id=\"banner-1715113065\">\n          <div class=\"banner-inner fill\">\n        <div class=\"banner-bg fill\" >\n                                                \n                    <\/div>\n\t\t\n        <div class=\"banner-layers container\">\n            <div class=\"fill banner-link\"><\/div>            \n\n   <div id=\"text-box-1441383911\" class=\"text-box banner-layer x50 md-x50 lg-x50 y0 md-y0 lg-y0 res-text\">\n                                <div class=\"text-box-content text dark\">\n              \n              <div class=\"text-inner text-center\">\n                  \n\n  <div class=\"icon-box testimonial-box icon-box-center text-center is-large\">\n                <div class=\"icon-box-img testimonial-image circle\" style=\"width: 142px\">\n                      <\/div>\n                <div class=\"icon-box-text p-last-0\">\n            \t\t\t\t<div class=\"testimonial-text line-height-small italic test_text first-reset last-reset is-italic\">\n            \n\n\t<div id=\"text-2018404982\" class=\"text\">\n\t\t\n\n<p>Pensem que amb Resi<strong>Plus<\/strong><sup>\u00ae<\/sup>&nbsp;el nostre temps de treball \u00e9s m\u00e9s \u00fatil i productiu, ja que ens facilita la feina i redueix el temps de gesti\u00f3 per poder-nos dedicar m\u00e9s als nostres residents.<\/p>\n\t\t\n<style>\n#text-2018404982 {\n  color: rgb(0,0,0);\n}\n#text-2018404982 > * {\n  color: rgb(0,0,0);\n}\n<\/style>\n\t<\/div>\n\t\n\n          <\/div>\n          <div class=\"testimonial-meta pt-half\">\n             <strong class=\"testimonial-name test_name\">Inmaculada Andreu<\/strong>\n             <span class=\"testimonial-name-divider\"> \/ <\/span>             <span class=\"testimonial-company test_company\">Directora de Resid\u00e8ncia Bonaire (Torrent, Val\u00e8ncia)<\/span>\n          <\/div>\n        <\/div>\n  <\/div>\n\n  \n\n              <\/div>\n           <\/div>\n                            \n<style>\n#text-box-1441383911 {\n  width: 100%;\n}\n#text-box-1441383911 .text-box-content {\n  font-size: 100%;\n}\n@media (min-width:550px) {\n  #text-box-1441383911 {\n    width: 78%;\n  }\n}\n<\/style>\n    <\/div>\n \n\n        <\/div>\n      <\/div>\n\n            \n<style>\n#banner-1715113065 {\n  padding-top: 200px;\n  background-color: rgb(235, 235, 235);\n}\n#banner-1715113065 .banner-bg img {\n  object-position: 79% 68%;\n}\n<\/style>\n  <\/div>\n\n\n\n  <div class=\"banner has-hover\" id=\"banner-1342471715\">\n          <div class=\"banner-inner fill\">\n        <div class=\"banner-bg fill\" >\n                                                \n                    <\/div>\n\t\t\n        <div class=\"banner-layers container\">\n            <div class=\"fill banner-link\"><\/div>            \n\n   <div id=\"text-box-81607596\" class=\"text-box banner-layer x50 md-x50 lg-x50 y0 md-y0 lg-y0 res-text\">\n                                <div class=\"text-box-content text dark\">\n              \n              <div class=\"text-inner text-center\">\n                  \n\n  <div class=\"icon-box testimonial-box icon-box-center text-center is-large\">\n                <div class=\"icon-box-img testimonial-image circle\" style=\"width: 142px\">\n                      <\/div>\n                <div class=\"icon-box-text p-last-0\">\n            \t\t\t\t<div class=\"testimonial-text line-height-small italic test_text first-reset last-reset is-italic\">\n            \n\n\t<div id=\"text-290796771\" class=\"text\">\n\t\t\n\n<div class=\"testimonial-text text-large\">Conec Resi<strong>Plus<\/strong><sup>\u00ae<\/sup>&nbsp;des de fa 14 anys. Al principi s&#8217;assemblava a un programa de facturaci\u00f3 convencional. Per\u00f2 com que ha sabut adaptar la part administrativa, sanit\u00e0ria i social en un programari senzill i c\u00f2mode d&#8217;usar, s&#8217;ha convertit en una eina imprescindible en el nostre dia a dia.<\/div>\n\t\t\n<style>\n#text-290796771 {\n  color: rgb(0,0,0);\n}\n#text-290796771 > * {\n  color: rgb(0,0,0);\n}\n<\/style>\n\t<\/div>\n\t\n\n          <\/div>\n          <div class=\"testimonial-meta pt-half\">\n             <strong class=\"testimonial-name test_name\">Mar\u00eda Mart\u00ednez<\/strong>\n             <span class=\"testimonial-name-divider\"> \/ <\/span>             <span class=\"testimonial-company test_company\">Directora RPMD Montesol (l'Eliana, Val\u00e8ncia)<\/span>\n          <\/div>\n        <\/div>\n  <\/div>\n\n  \n\n              <\/div>\n           <\/div>\n                            \n<style>\n#text-box-81607596 {\n  width: 100%;\n}\n#text-box-81607596 .text-box-content {\n  font-size: 100%;\n}\n@media (min-width:550px) {\n  #text-box-81607596 {\n    width: 78%;\n  }\n}\n<\/style>\n    <\/div>\n \n\n        <\/div>\n      <\/div>\n\n            \n<style>\n#banner-1342471715 {\n  padding-top: 230px;\n  background-color: rgb(235, 235, 235);\n}\n#banner-1342471715 .banner-bg img {\n  object-position: 79% 68%;\n}\n<\/style>\n  <\/div>\n\n\n\n  <div class=\"banner has-hover\" id=\"banner-1046350634\">\n          <div class=\"banner-inner fill\">\n        <div class=\"banner-bg fill\" >\n                                                \n                    <\/div>\n\t\t\n        <div class=\"banner-layers container\">\n            <div class=\"fill banner-link\"><\/div>            \n\n   <div id=\"text-box-188588038\" class=\"text-box banner-layer x50 md-x50 lg-x50 y0 md-y0 lg-y0 res-text\">\n                                <div class=\"text-box-content text dark\">\n              \n              <div class=\"text-inner text-center\">\n                  \n\n  <div class=\"icon-box testimonial-box icon-box-center text-center is-large\">\n                <div class=\"icon-box-img testimonial-image circle\" style=\"width: 142px\">\n                      <\/div>\n                <div class=\"icon-box-text p-last-0\">\n            \t\t\t\t<div class=\"testimonial-text line-height-small italic test_text first-reset last-reset is-italic\">\n            \n\n\t<div id=\"text-3599498317\" class=\"text\">\n\t\t\n\n<p>Tot i els nombrosos canvis que ha sofert el nostre centre durant els darrers 14 anys, hem comptat amb Resi<strong>Plus<\/strong><sup>\u00ae<\/sup>&nbsp;des del principi, perqu\u00e8 s&#8217;ha anat adaptant a les nostres necessitats i ha fet que la nostra feina sigui m\u00e9s c\u00f2moda i f\u00e0cil de gestionar.<\/p>\n\t\t\n<style>\n#text-3599498317 {\n  color: rgb(0,0,0);\n}\n#text-3599498317 > * {\n  color: rgb(0,0,0);\n}\n<\/style>\n\t<\/div>\n\t\n\n          <\/div>\n          <div class=\"testimonial-meta pt-half\">\n             <strong class=\"testimonial-name test_name\">Mar\u00eda Mart\u00ednez<\/strong>\n             <span class=\"testimonial-name-divider\"> \/ <\/span>             <span class=\"testimonial-company test_company\">Directora RPMD Montesol (l'Eliana, Val\u00e8ncia)<\/span>\n          <\/div>\n        <\/div>\n  <\/div>\n\n  \n\n              <\/div>\n           <\/div>\n                            \n<style>\n#text-box-188588038 {\n  width: 100%;\n}\n#text-box-188588038 .text-box-content {\n  font-size: 100%;\n}\n@media (min-width:550px) {\n  #text-box-188588038 {\n    width: 78%;\n  }\n}\n<\/style>\n    <\/div>\n \n\n        <\/div>\n      <\/div>\n\n            \n<style>\n#banner-1046350634 {\n  padding-top: 230px;\n  background-color: rgb(235, 235, 235);\n}\n#banner-1046350634 .banner-bg img {\n  object-position: 79% 68%;\n}\n<\/style>\n  <\/div>\n\n\n\n  <div class=\"banner has-hover\" id=\"banner-988548909\">\n          <div class=\"banner-inner fill\">\n        <div class=\"banner-bg fill\" >\n                                                \n                    <\/div>\n\t\t\n        <div class=\"banner-layers container\">\n            <div class=\"fill banner-link\"><\/div>            \n\n   <div id=\"text-box-817471455\" class=\"text-box banner-layer x50 md-x50 lg-x50 y0 md-y0 lg-y0 res-text\">\n                                <div class=\"text-box-content text dark\">\n              \n              <div class=\"text-inner text-center\">\n                  \n\n  <div class=\"icon-box testimonial-box icon-box-center text-center is-large\">\n                <div class=\"icon-box-img testimonial-image circle\" style=\"width: 142px\">\n                      <\/div>\n                <div class=\"icon-box-text p-last-0\">\n            \t\t\t\t<div class=\"testimonial-text line-height-small italic test_text first-reset last-reset is-italic\">\n            \n\n\t<div id=\"text-1835772747\" class=\"text\">\n\t\t\n\n<p>Des que fem servir Resi<strong>Plus<\/strong><sup>\u00ae<\/sup>, els seus responsables sempre han escoltat les nostres inquietuds i necessitats. A m\u00e9s, ens han demanat que hi col\u00b7labor\u00e9ssim per anar ajustant al m\u00e0xim el programa a les nostres necessitats com a professionals. Aix\u00ed doncs, \u00e9s un programari de gesti\u00f3 que ens permet donar als nostres residents l&#8217;atenci\u00f3 m\u00e9s completa i de la millor qualitat.<\/p>\n\t\t\n<style>\n#text-1835772747 {\n  color: rgb(0,0,0);\n}\n#text-1835772747 > * {\n  color: rgb(0,0,0);\n}\n<\/style>\n\t<\/div>\n\t\n\n          <\/div>\n          <div class=\"testimonial-meta pt-half\">\n             <strong class=\"testimonial-name test_name\">Inmaculada Andreu<\/strong>\n             <span class=\"testimonial-name-divider\"> \/ <\/span>             <span class=\"testimonial-company test_company\">Directora de Resid\u00e8ncia Bonaire (Torrent, Val\u00e8ncia)<\/span>\n          <\/div>\n        <\/div>\n  <\/div>\n\n  \n\n              <\/div>\n           <\/div>\n                            \n<style>\n#text-box-817471455 {\n  width: 100%;\n}\n#text-box-817471455 .text-box-content {\n  font-size: 100%;\n}\n@media (min-width:550px) {\n  #text-box-817471455 {\n    width: 78%;\n  }\n}\n<\/style>\n    <\/div>\n \n\n        <\/div>\n      <\/div>\n\n            \n<style>\n#banner-988548909 {\n  padding-top: 260px;\n  background-color: rgb(235, 235, 235);\n}\n#banner-988548909 .banner-bg img {\n  object-position: 79% 68%;\n}\n<\/style>\n  <\/div>\n\n\n\n  <div class=\"banner has-hover\" id=\"banner-1467992794\">\n          <div class=\"banner-inner fill\">\n        <div class=\"banner-bg fill\" >\n                                                \n                    <\/div>\n\t\t\n        <div class=\"banner-layers container\">\n            <div class=\"fill banner-link\"><\/div>            \n\n   <div id=\"text-box-1001816163\" class=\"text-box banner-layer x50 md-x50 lg-x50 y0 md-y0 lg-y0 res-text\">\n                                <div class=\"text-box-content text dark\">\n              \n              <div class=\"text-inner text-center\">\n                  \n\n  <div class=\"icon-box testimonial-box icon-box-center text-center is-large\">\n                <div class=\"icon-box-img testimonial-image circle\" style=\"width: 142px\">\n                      <\/div>\n                <div class=\"icon-box-text p-last-0\">\n            \t\t\t\t<div class=\"testimonial-text line-height-small italic test_text first-reset last-reset is-italic\">\n            \n\n\t<div id=\"text-3106020068\" class=\"text\">\n\t\t\n\n<p>Trobem a ADD una empresa pr\u00f2xima i receptiva per atendre propostes de millora. Com a grup de resid\u00e8ncies he de dir que sempre hem comptat amb el suport de l&#8217;equip de ADD i en cap cas han estat obstacle per implantar millores, m\u00e9s aviat tot el contrari, complementen les nostres idees que, en molts casos, havien estat detectades ja per ells com a necessitat i tenien projectes relacionats en marxa. \u00c9s un partner que s&#8217;implica en els projectes de l&#8217;empresa i en el qual es pot confiar.<\/p>\n\t\t\n<style>\n#text-3106020068 {\n  color: rgb(0,0,0);\n}\n#text-3106020068 > * {\n  color: rgb(0,0,0);\n}\n<\/style>\n\t<\/div>\n\t\n\n          <\/div>\n          <div class=\"testimonial-meta pt-half\">\n             <strong class=\"testimonial-name test_name\">Pablo Bosch Conde<\/strong>\n             <span class=\"testimonial-name-divider\"> \/ <\/span>             <span class=\"testimonial-company test_company\">Director de Operaciones Geroresidenciales Solimar<\/span>\n          <\/div>\n        <\/div>\n  <\/div>\n\n  \n\n              <\/div>\n           <\/div>\n                            \n<style>\n#text-box-1001816163 {\n  width: 100%;\n}\n#text-box-1001816163 .text-box-content {\n  font-size: 100%;\n}\n@media (min-width:550px) {\n  #text-box-1001816163 {\n    width: 78%;\n  }\n}\n<\/style>\n    <\/div>\n \n\n        <\/div>\n      <\/div>\n\n            \n<style>\n#banner-1467992794 {\n  padding-top: 270px;\n  background-color: rgb(235, 235, 235);\n}\n#banner-1467992794 .banner-bg img {\n  object-position: 79% 68%;\n}\n<\/style>\n  <\/div>\n\n\n\n  <div class=\"banner has-hover\" id=\"banner-1102721556\">\n          <div class=\"banner-inner fill\">\n        <div class=\"banner-bg fill\" >\n                                                \n                    <\/div>\n\t\t\n        <div class=\"banner-layers container\">\n            <div class=\"fill banner-link\"><\/div>            \n\n   <div id=\"text-box-1828495058\" class=\"text-box banner-layer x50 md-x50 lg-x50 y0 md-y0 lg-y0 res-text\">\n                                <div class=\"text-box-content text dark\">\n              \n              <div class=\"text-inner text-center\">\n                  \n\n  <div class=\"icon-box testimonial-box icon-box-center text-center is-large\">\n                <div class=\"icon-box-img testimonial-image circle\" style=\"width: 142px\">\n                      <\/div>\n                <div class=\"icon-box-text p-last-0\">\n            \t\t\t\t<div class=\"testimonial-text line-height-small italic test_text first-reset last-reset is-italic\">\n            \n\n\t<div id=\"text-850615049\" class=\"text\">\n\t\t\n\n<p>Per la nostra part, tot \u00e9s correcte. Cal destacar l&#8217;atenci\u00f3 tan efica\u00e7 de les incid\u00e8ncies que tenim, la capacitat de resoldre incid\u00e8ncies en el moment i gran capacitat d&#8217;empatitzar i resoldre problemes o solucionar qualsevol plantejament que fem. Treball efica\u00e7 i eficient.<\/p>\n\t\t\n<style>\n#text-850615049 {\n  color: rgb(0,0,0);\n}\n#text-850615049 > * {\n  color: rgb(0,0,0);\n}\n<\/style>\n\t<\/div>\n\t\n\n          <\/div>\n          <div class=\"testimonial-meta pt-half\">\n             <strong class=\"testimonial-name test_name\">Jos\u00e9 Luis \u00c1lvarez Pe\u00f1alver<\/strong>\n             <span class=\"testimonial-name-divider\"> \/ <\/span>             <span class=\"testimonial-company test_company\">Director T\u00e8cnic de Centres y Servicis Fundaci\u00f3 ANDE \u2013 Resid\u00e8ncia San Vicent<\/span>\n          <\/div>\n        <\/div>\n  <\/div>\n\n  \n\n              <\/div>\n           <\/div>\n                            \n<style>\n#text-box-1828495058 {\n  width: 100%;\n}\n#text-box-1828495058 .text-box-content {\n  font-size: 100%;\n}\n@media (min-width:550px) {\n  #text-box-1828495058 {\n    width: 78%;\n  }\n}\n<\/style>\n    <\/div>\n \n\n        <\/div>\n      <\/div>\n\n            \n<style>\n#banner-1102721556 {\n  padding-top: 230px;\n  background-color: rgb(235, 235, 235);\n}\n#banner-1102721556 .banner-bg img {\n  object-position: 79% 68%;\n}\n<\/style>\n  <\/div>\n\n\n\n  <div class=\"banner has-hover\" id=\"banner-1253523291\">\n          <div class=\"banner-inner fill\">\n        <div class=\"banner-bg fill\" >\n                                                \n                    <\/div>\n\t\t\n        <div class=\"banner-layers container\">\n            <div class=\"fill banner-link\"><\/div>            \n\n   <div id=\"text-box-1634395280\" class=\"text-box banner-layer x50 md-x50 lg-x50 y0 md-y0 lg-y0 res-text\">\n                                <div class=\"text-box-content text dark\">\n              \n              <div class=\"text-inner text-center\">\n                  \n\n  <div class=\"icon-box testimonial-box icon-box-center text-center is-large\">\n                <div class=\"icon-box-img testimonial-image circle\" style=\"width: 142px\">\n                      <\/div>\n                <div class=\"icon-box-text p-last-0\">\n            \t\t\t\t<div class=\"testimonial-text line-height-small italic test_text first-reset last-reset is-italic\">\n            \n\n\t<div id=\"text-863023484\" class=\"text\">\n\t\t\n\n<p>El suport t\u00e8cnic tal com est\u00e0 funcionant, \u00e9s essencial per no perjudicar el dia a dia de la gesti\u00f3 dels nostres centres. Gr\u00e0cies per l&#8217;atenci\u00f3 rebuda i la rapidesa en resoldre els problemes.<\/p>\n\t\t\n<style>\n#text-863023484 {\n  color: rgb(0,0,0);\n}\n#text-863023484 > * {\n  color: rgb(0,0,0);\n}\n<\/style>\n\t<\/div>\n\t\n\n          <\/div>\n          <div class=\"testimonial-meta pt-half\">\n             <strong class=\"testimonial-name test_name\">Josep Mar\u00e9s Pal\u00f3s<\/strong>\n             <span class=\"testimonial-name-divider\"> \/ <\/span>             <span class=\"testimonial-company test_company\">Director Resid\u00e8ncia Pi i Sunyer<\/span>\n          <\/div>\n        <\/div>\n  <\/div>\n\n  \n\n              <\/div>\n           <\/div>\n                            \n<style>\n#text-box-1634395280 {\n  width: 100%;\n}\n#text-box-1634395280 .text-box-content {\n  font-size: 100%;\n}\n@media (min-width:550px) {\n  #text-box-1634395280 {\n    width: 78%;\n  }\n}\n<\/style>\n    <\/div>\n \n\n        <\/div>\n      <\/div>\n\n            \n<style>\n#banner-1253523291 {\n  padding-top: 200px;\n  background-color: rgb(235, 235, 235);\n}\n#banner-1253523291 .banner-bg img {\n  object-position: 79% 68%;\n}\n<\/style>\n  <\/div>\n\n\n\n  <div class=\"banner has-hover\" id=\"banner-1074712386\">\n          <div class=\"banner-inner fill\">\n        <div class=\"banner-bg fill\" >\n                                                \n                    <\/div>\n\t\t\n        <div class=\"banner-layers container\">\n            <div class=\"fill banner-link\"><\/div>            \n\n   <div id=\"text-box-1817545463\" class=\"text-box banner-layer x50 md-x50 lg-x50 y0 md-y0 lg-y0 res-text\">\n                                <div class=\"text-box-content text dark\">\n              \n              <div class=\"text-inner text-center\">\n                  \n\n  <div class=\"icon-box testimonial-box icon-box-center text-center is-large\">\n                <div class=\"icon-box-img testimonial-image circle\" style=\"width: 142px\">\n                      <\/div>\n                <div class=\"icon-box-text p-last-0\">\n            \t\t\t\t<div class=\"testimonial-text line-height-small italic test_text first-reset last-reset is-italic\">\n            \n\n\t<div id=\"text-2744365539\" class=\"text\">\n\t\t\n\n<p>Els t\u00e8cnics tenen molts coneixements i molta paci\u00e8ncia per resoldre els dubtes plantejats.<\/p>\n\t\t\n<style>\n#text-2744365539 {\n  color: rgb(0,0,0);\n}\n#text-2744365539 > * {\n  color: rgb(0,0,0);\n}\n<\/style>\n\t<\/div>\n\t\n\n          <\/div>\n          <div class=\"testimonial-meta pt-half\">\n             <strong class=\"testimonial-name test_name\">Amparo Bonaque Ortiz<\/strong>\n             <span class=\"testimonial-name-divider\"> \/ <\/span>             <span class=\"testimonial-company test_company\">Directora Resid\u00e8ncia de Gent Gran Pensionistes Ferroviaris de Aguilas<\/span>\n          <\/div>\n        <\/div>\n  <\/div>\n\n  \n\n              <\/div>\n           <\/div>\n                            \n<style>\n#text-box-1817545463 {\n  width: 100%;\n}\n#text-box-1817545463 .text-box-content {\n  font-size: 100%;\n}\n@media (min-width:550px) {\n  #text-box-1817545463 {\n    width: 78%;\n  }\n}\n<\/style>\n    <\/div>\n \n\n        <\/div>\n      <\/div>\n\n            \n<style>\n#banner-1074712386 {\n  padding-top: 170px;\n  background-color: rgb(235, 235, 235);\n}\n#banner-1074712386 .banner-bg img {\n  object-position: 79% 68%;\n}\n<\/style>\n  <\/div>\n\n\n\n     <\/div>\n\n     <div class=\"loading-spin dark large centered\"><\/div>\n\n\t<\/div>\n\n\n\t<div id=\"gap-153294949\" class=\"gap-element clearfix\" style=\"display:block; height:auto;\">\n\t\t\n<style>\n#gap-153294949 {\n  padding-top: 20px;\n}\n<\/style>\n\t<\/div>\n\t\n\n\n\t\t<\/div>\n\n\t\t\n<style>\n#section_1651235388 {\n  padding-top: 30px;\n  padding-bottom: 30px;\n  background-color: rgb(235, 235, 235);\n}\n<\/style>\n\t<\/section>\n\t\n\n","protected":false},"excerpt":{"rendered":"","protected":false},"author":1,"featured_media":0,"parent":0,"menu_order":0,"comment_status":"closed","ping_status":"closed","template":"page-blank.php","meta":{"_acf_changed":false,"footnotes":""},"class_list":["post-20684","page","type-page","status-publish","hentry"],"acf":[],"yoast_head":"<!-- This site is optimized with the Yoast SEO plugin v27.4 - https:\/\/yoast.com\/product\/yoast-seo-wordpress\/ -->\n<title>Programari de gesti\u00f3 de Resid\u00e8ncies - ResiPlus<\/title>\n<meta name=\"robots\" content=\"index, follow, max-snippet:-1, max-image-preview:large, max-video-preview:-1\" \/>\n<link rel=\"canonical\" href=\"https:\/\/addinformatica.com\/ca\/programari-gestio-residencies\/\" \/>\n<meta property=\"og:locale\" content=\"ca_ES\" \/>\n<meta property=\"og:type\" content=\"article\" \/>\n<meta property=\"og:title\" content=\"Programari de gesti\u00f3 de Resid\u00e8ncies - ResiPlus\" \/>\n<meta property=\"og:url\" content=\"https:\/\/addinformatica.com\/ca\/programari-gestio-residencies\/\" \/>\n<meta property=\"og:site_name\" content=\"ResiPlus\" \/>\n<meta property=\"article:modified_time\" content=\"2024-03-20T13:18:30+00:00\" \/>\n<meta name=\"twitter:card\" content=\"summary_large_image\" \/>\n<meta name=\"twitter:label1\" content=\"Temps estimat de lectura\" \/>\n\t<meta name=\"twitter:data1\" content=\"9 minuts\" \/>\n<script type=\"application\/ld+json\" class=\"yoast-schema-graph\">{\"@context\":\"https:\\\/\\\/schema.org\",\"@graph\":[{\"@type\":\"WebPage\",\"@id\":\"https:\\\/\\\/addinformatica.com\\\/ca\\\/programari-gestio-residencies\\\/\",\"url\":\"https:\\\/\\\/addinformatica.com\\\/ca\\\/programari-gestio-residencies\\\/\",\"name\":\"Programari de gesti\u00f3 de Resid\u00e8ncies - ResiPlus\",\"isPartOf\":{\"@id\":\"https:\\\/\\\/addinformatica.com\\\/#website\"},\"datePublished\":\"2015-04-28T07:34:20+00:00\",\"dateModified\":\"2024-03-20T13:18:30+00:00\",\"breadcrumb\":{\"@id\":\"https:\\\/\\\/addinformatica.com\\\/ca\\\/programari-gestio-residencies\\\/#breadcrumb\"},\"inLanguage\":\"ca\",\"potentialAction\":[{\"@type\":\"ReadAction\",\"target\":[\"https:\\\/\\\/addinformatica.com\\\/ca\\\/programari-gestio-residencies\\\/\"]}]},{\"@type\":\"BreadcrumbList\",\"@id\":\"https:\\\/\\\/addinformatica.com\\\/ca\\\/programari-gestio-residencies\\\/#breadcrumb\",\"itemListElement\":[{\"@type\":\"ListItem\",\"position\":1,\"name\":\"Portada\",\"item\":\"https:\\\/\\\/addinformatica.com\\\/ca\\\/\"},{\"@type\":\"ListItem\",\"position\":2,\"name\":\"Programari de gesti\u00f3 de Resid\u00e8ncies\"}]},{\"@type\":\"WebSite\",\"@id\":\"https:\\\/\\\/addinformatica.com\\\/#website\",\"url\":\"https:\\\/\\\/addinformatica.com\\\/\",\"name\":\"ResiPlus\",\"description\":\"Software de gesti\u00f3n de residencias, centros de d\u00eda y discapacitados | ResiPlus\",\"potentialAction\":[{\"@type\":\"SearchAction\",\"target\":{\"@type\":\"EntryPoint\",\"urlTemplate\":\"https:\\\/\\\/addinformatica.com\\\/?s={search_term_string}\"},\"query-input\":{\"@type\":\"PropertyValueSpecification\",\"valueRequired\":true,\"valueName\":\"search_term_string\"}}],\"inLanguage\":\"ca\"}]}<\/script>\n<!-- \/ Yoast SEO plugin. -->","yoast_head_json":{"title":"Programari de gesti\u00f3 de Resid\u00e8ncies - ResiPlus","robots":{"index":"index","follow":"follow","max-snippet":"max-snippet:-1","max-image-preview":"max-image-preview:large","max-video-preview":"max-video-preview:-1"},"canonical":"https:\/\/addinformatica.com\/ca\/programari-gestio-residencies\/","og_locale":"ca_ES","og_type":"article","og_title":"Programari de gesti\u00f3 de Resid\u00e8ncies - ResiPlus","og_url":"https:\/\/addinformatica.com\/ca\/programari-gestio-residencies\/","og_site_name":"ResiPlus","article_modified_time":"2024-03-20T13:18:30+00:00","twitter_card":"summary_large_image","twitter_misc":{"Temps estimat de lectura":"9 minuts"},"schema":{"@context":"https:\/\/schema.org","@graph":[{"@type":"WebPage","@id":"https:\/\/addinformatica.com\/ca\/programari-gestio-residencies\/","url":"https:\/\/addinformatica.com\/ca\/programari-gestio-residencies\/","name":"Programari de gesti\u00f3 de Resid\u00e8ncies - ResiPlus","isPartOf":{"@id":"https:\/\/addinformatica.com\/#website"},"datePublished":"2015-04-28T07:34:20+00:00","dateModified":"2024-03-20T13:18:30+00:00","breadcrumb":{"@id":"https:\/\/addinformatica.com\/ca\/programari-gestio-residencies\/#breadcrumb"},"inLanguage":"ca","potentialAction":[{"@type":"ReadAction","target":["https:\/\/addinformatica.com\/ca\/programari-gestio-residencies\/"]}]},{"@type":"BreadcrumbList","@id":"https:\/\/addinformatica.com\/ca\/programari-gestio-residencies\/#breadcrumb","itemListElement":[{"@type":"ListItem","position":1,"name":"Portada","item":"https:\/\/addinformatica.com\/ca\/"},{"@type":"ListItem","position":2,"name":"Programari de gesti\u00f3 de Resid\u00e8ncies"}]},{"@type":"WebSite","@id":"https:\/\/addinformatica.com\/#website","url":"https:\/\/addinformatica.com\/","name":"ResiPlus","description":"Software de gesti\u00f3n de residencias, centros de d\u00eda y discapacitados | ResiPlus","potentialAction":[{"@type":"SearchAction","target":{"@type":"EntryPoint","urlTemplate":"https:\/\/addinformatica.com\/?s={search_term_string}"},"query-input":{"@type":"PropertyValueSpecification","valueRequired":true,"valueName":"search_term_string"}}],"inLanguage":"ca"}]}},"_links":{"self":[{"href":"https:\/\/addinformatica.com\/ca\/wp-json\/wp\/v2\/pages\/20684","targetHints":{"allow":["GET"]}}],"collection":[{"href":"https:\/\/addinformatica.com\/ca\/wp-json\/wp\/v2\/pages"}],"about":[{"href":"https:\/\/addinformatica.com\/ca\/wp-json\/wp\/v2\/types\/page"}],"author":[{"embeddable":true,"href":"https:\/\/addinformatica.com\/ca\/wp-json\/wp\/v2\/users\/1"}],"replies":[{"embeddable":true,"href":"https:\/\/addinformatica.com\/ca\/wp-json\/wp\/v2\/comments?post=20684"}],"version-history":[{"count":0,"href":"https:\/\/addinformatica.com\/ca\/wp-json\/wp\/v2\/pages\/20684\/revisions"}],"wp:attachment":[{"href":"https:\/\/addinformatica.com\/ca\/wp-json\/wp\/v2\/media?parent=20684"}],"curies":[{"name":"wp","href":"https:\/\/api.w.org\/{rel}","templated":true}]}}