{"id":59081,"date":"2026-02-25T17:51:17","date_gmt":"2026-02-25T17:51:17","guid":{"rendered":"https:\/\/addinformatica.com\/cursos-formacion\/grupos-y-usuarios-gestion-de-seguridad\/"},"modified":"2026-02-25T18:53:17","modified_gmt":"2026-02-25T18:53:17","slug":"grups-i-usuaris-gestio-de-seguretat","status":"publish","type":"ajde_events","link":"https:\/\/addinformatica.com\/ca\/cursos-formacion\/grups-i-usuaris-gestio-de-seguretat\/","title":{"rendered":"Grups i Usuaris. Gesti\u00f3 de Seguretat"},"content":{"rendered":"<p><strong>Contingut:<\/strong><br>\nInterf\u00edcie de grups i usuaris i opcions de configuraci\u00f3. \nAlta de grups, permisos, grups vinculats. \nRegistre d&#8217;acc\u00e9s.<\/p>\n<p><strong>Cas pr\u00e0ctic:<\/strong><br>\nRevisar la interf\u00edcie de grups i usuaris i les opcions disponibles des de la pestanya configuraci\u00f3. \nDonar d&#8217;alta un grup i assignar els seus permisos generals. \nDonar d&#8217;alta un segon grup per a explicar la funcionalitat de grup vinculat.\nRevisar la funcionalitat de registre d&#8217;acc\u00e9s.<\/p>\n<p><strong>Destinataris:<\/strong><br>\nDirectors, responsables alta d&#8217;usuaris en ResiPlus\u00ae.<\/p>\n<p><strong>ID del seminari web:<\/strong> 890-895-267<\/p>\n<p><strong>Usuaris ResiPlus<sup>\u00ae<\/sup> &#8211; Inscripci\u00f3 gratuita<\/strong><\/p>\n\n\n<a href=\"https:\/\/register.gotowebinar.com\/#register\/3233826878633132885\" target=\"_blank\" class=\"button primary\" rel=\"noopener\" style=\"border-radius:99px;\">\n\t\t<span>INSCRIGUI<\/span>\n\t<\/a>\n\n","protected":false},"author":1,"featured_media":26256,"menu_order":0,"comment_status":"closed","ping_status":"closed","template":"","meta":{"_acf_changed":false},"tags":[],"event_type":[],"event_type_2":[],"class_list":["post-59081","ajde_events","type-ajde_events","status-publish","has-post-thumbnail","hentry"],"acf":[],"yoast_head":"<!-- This site is optimized with the Yoast SEO plugin v27.4 - https:\/\/yoast.com\/product\/yoast-seo-wordpress\/ -->\n<title>Grups i Usuaris. Gesti\u00f3 de Seguretat - ResiPlus<\/title>\n<meta name=\"robots\" content=\"index, follow, max-snippet:-1, max-image-preview:large, max-video-preview:-1\" \/>\n<link rel=\"canonical\" href=\"https:\/\/addinformatica.com\/ca\/cursos-formacion\/grups-i-usuaris-gestio-de-seguretat\/\" \/>\n<meta property=\"og:locale\" content=\"ca_ES\" \/>\n<meta property=\"og:type\" content=\"article\" \/>\n<meta property=\"og:title\" content=\"Grups i Usuaris. Gesti\u00f3 de Seguretat - ResiPlus\" \/>\n<meta property=\"og:description\" content=\"Contingut: Interf\u00edcie de grups i usuaris i opcions de configuraci\u00f3. Alta de grups, permisos, grups vinculats. Registre d&#8217;acc\u00e9s. Cas pr\u00e0ctic: Revisar la interf\u00edcie de grups i usuaris i les opcions disponibles des de la pestanya configuraci\u00f3. Donar d&#8217;alta un grup i assignar els seus permisos generals. Donar d&#8217;alta un segon grup per a explicar la [...]\" \/>\n<meta property=\"og:url\" content=\"https:\/\/addinformatica.com\/ca\/cursos-formacion\/grups-i-usuaris-gestio-de-seguretat\/\" \/>\n<meta property=\"og:site_name\" content=\"ResiPlus\" \/>\n<meta property=\"article:modified_time\" content=\"2026-02-25T18:53:17+00:00\" \/>\n<meta property=\"og:image\" content=\"https:\/\/addinformatica.com\/wp-content\/uploads\/2021\/04\/curso-gruposyusuarios-orange.png\" \/>\n\t<meta property=\"og:image:width\" content=\"400\" \/>\n\t<meta property=\"og:image:height\" content=\"400\" \/>\n\t<meta property=\"og:image:type\" content=\"image\/png\" \/>\n<meta name=\"twitter:card\" content=\"summary_large_image\" \/>\n<meta name=\"twitter:label1\" content=\"Temps estimat de lectura\" \/>\n\t<meta name=\"twitter:data1\" content=\"1 minut\" \/>\n<script type=\"application\/ld+json\" class=\"yoast-schema-graph\">{\"@context\":\"https:\\\/\\\/schema.org\",\"@graph\":[{\"@type\":\"WebPage\",\"@id\":\"https:\\\/\\\/addinformatica.com\\\/ca\\\/cursos-formacion\\\/grups-i-usuaris-gestio-de-seguretat\\\/\",\"url\":\"https:\\\/\\\/addinformatica.com\\\/ca\\\/cursos-formacion\\\/grups-i-usuaris-gestio-de-seguretat\\\/\",\"name\":\"Grups i Usuaris. Gesti\u00f3 de Seguretat - ResiPlus\",\"isPartOf\":{\"@id\":\"https:\\\/\\\/addinformatica.com\\\/#website\"},\"primaryImageOfPage\":{\"@id\":\"https:\\\/\\\/addinformatica.com\\\/ca\\\/cursos-formacion\\\/grups-i-usuaris-gestio-de-seguretat\\\/#primaryimage\"},\"image\":{\"@id\":\"https:\\\/\\\/addinformatica.com\\\/ca\\\/cursos-formacion\\\/grups-i-usuaris-gestio-de-seguretat\\\/#primaryimage\"},\"thumbnailUrl\":\"https:\\\/\\\/addinformatica.com\\\/wp-content\\\/uploads\\\/2021\\\/04\\\/curso-gruposyusuarios-orange.png\",\"datePublished\":\"2026-02-25T17:51:17+00:00\",\"dateModified\":\"2026-02-25T18:53:17+00:00\",\"breadcrumb\":{\"@id\":\"https:\\\/\\\/addinformatica.com\\\/ca\\\/cursos-formacion\\\/grups-i-usuaris-gestio-de-seguretat\\\/#breadcrumb\"},\"inLanguage\":\"ca\",\"potentialAction\":[{\"@type\":\"ReadAction\",\"target\":[\"https:\\\/\\\/addinformatica.com\\\/ca\\\/cursos-formacion\\\/grups-i-usuaris-gestio-de-seguretat\\\/\"]}]},{\"@type\":\"ImageObject\",\"inLanguage\":\"ca\",\"@id\":\"https:\\\/\\\/addinformatica.com\\\/ca\\\/cursos-formacion\\\/grups-i-usuaris-gestio-de-seguretat\\\/#primaryimage\",\"url\":\"https:\\\/\\\/addinformatica.com\\\/wp-content\\\/uploads\\\/2021\\\/04\\\/curso-gruposyusuarios-orange.png\",\"contentUrl\":\"https:\\\/\\\/addinformatica.com\\\/wp-content\\\/uploads\\\/2021\\\/04\\\/curso-gruposyusuarios-orange.png\",\"width\":400,\"height\":400},{\"@type\":\"BreadcrumbList\",\"@id\":\"https:\\\/\\\/addinformatica.com\\\/ca\\\/cursos-formacion\\\/grups-i-usuaris-gestio-de-seguretat\\\/#breadcrumb\",\"itemListElement\":[{\"@type\":\"ListItem\",\"position\":1,\"name\":\"Portada\",\"item\":\"https:\\\/\\\/addinformatica.com\\\/ca\\\/\"},{\"@type\":\"ListItem\",\"position\":2,\"name\":\"Events\",\"item\":\"https:\\\/\\\/addinformatica.com\\\/cursos-formacion\\\/\"},{\"@type\":\"ListItem\",\"position\":3,\"name\":\"Grups i Usuaris. Gesti\u00f3 de Seguretat\"}]},{\"@type\":\"WebSite\",\"@id\":\"https:\\\/\\\/addinformatica.com\\\/#website\",\"url\":\"https:\\\/\\\/addinformatica.com\\\/\",\"name\":\"ResiPlus\",\"description\":\"Software de gesti\u00f3n de residencias, centros de d\u00eda y discapacitados | ResiPlus\",\"potentialAction\":[{\"@type\":\"SearchAction\",\"target\":{\"@type\":\"EntryPoint\",\"urlTemplate\":\"https:\\\/\\\/addinformatica.com\\\/?s={search_term_string}\"},\"query-input\":{\"@type\":\"PropertyValueSpecification\",\"valueRequired\":true,\"valueName\":\"search_term_string\"}}],\"inLanguage\":\"ca\"}]}<\/script>\n<!-- \/ Yoast SEO plugin. -->","yoast_head_json":{"title":"Grups i Usuaris. Gesti\u00f3 de Seguretat - ResiPlus","robots":{"index":"index","follow":"follow","max-snippet":"max-snippet:-1","max-image-preview":"max-image-preview:large","max-video-preview":"max-video-preview:-1"},"canonical":"https:\/\/addinformatica.com\/ca\/cursos-formacion\/grups-i-usuaris-gestio-de-seguretat\/","og_locale":"ca_ES","og_type":"article","og_title":"Grups i Usuaris. Gesti\u00f3 de Seguretat - ResiPlus","og_description":"Contingut: Interf\u00edcie de grups i usuaris i opcions de configuraci\u00f3. Alta de grups, permisos, grups vinculats. Registre d&#8217;acc\u00e9s. Cas pr\u00e0ctic: Revisar la interf\u00edcie de grups i usuaris i les opcions disponibles des de la pestanya configuraci\u00f3. Donar d&#8217;alta un grup i assignar els seus permisos generals. Donar d&#8217;alta un segon grup per a explicar la [...]","og_url":"https:\/\/addinformatica.com\/ca\/cursos-formacion\/grups-i-usuaris-gestio-de-seguretat\/","og_site_name":"ResiPlus","article_modified_time":"2026-02-25T18:53:17+00:00","og_image":[{"width":400,"height":400,"url":"https:\/\/addinformatica.com\/wp-content\/uploads\/2021\/04\/curso-gruposyusuarios-orange.png","type":"image\/png"}],"twitter_card":"summary_large_image","twitter_misc":{"Temps estimat de lectura":"1 minut"},"schema":{"@context":"https:\/\/schema.org","@graph":[{"@type":"WebPage","@id":"https:\/\/addinformatica.com\/ca\/cursos-formacion\/grups-i-usuaris-gestio-de-seguretat\/","url":"https:\/\/addinformatica.com\/ca\/cursos-formacion\/grups-i-usuaris-gestio-de-seguretat\/","name":"Grups i Usuaris. Gesti\u00f3 de Seguretat - ResiPlus","isPartOf":{"@id":"https:\/\/addinformatica.com\/#website"},"primaryImageOfPage":{"@id":"https:\/\/addinformatica.com\/ca\/cursos-formacion\/grups-i-usuaris-gestio-de-seguretat\/#primaryimage"},"image":{"@id":"https:\/\/addinformatica.com\/ca\/cursos-formacion\/grups-i-usuaris-gestio-de-seguretat\/#primaryimage"},"thumbnailUrl":"https:\/\/addinformatica.com\/wp-content\/uploads\/2021\/04\/curso-gruposyusuarios-orange.png","datePublished":"2026-02-25T17:51:17+00:00","dateModified":"2026-02-25T18:53:17+00:00","breadcrumb":{"@id":"https:\/\/addinformatica.com\/ca\/cursos-formacion\/grups-i-usuaris-gestio-de-seguretat\/#breadcrumb"},"inLanguage":"ca","potentialAction":[{"@type":"ReadAction","target":["https:\/\/addinformatica.com\/ca\/cursos-formacion\/grups-i-usuaris-gestio-de-seguretat\/"]}]},{"@type":"ImageObject","inLanguage":"ca","@id":"https:\/\/addinformatica.com\/ca\/cursos-formacion\/grups-i-usuaris-gestio-de-seguretat\/#primaryimage","url":"https:\/\/addinformatica.com\/wp-content\/uploads\/2021\/04\/curso-gruposyusuarios-orange.png","contentUrl":"https:\/\/addinformatica.com\/wp-content\/uploads\/2021\/04\/curso-gruposyusuarios-orange.png","width":400,"height":400},{"@type":"BreadcrumbList","@id":"https:\/\/addinformatica.com\/ca\/cursos-formacion\/grups-i-usuaris-gestio-de-seguretat\/#breadcrumb","itemListElement":[{"@type":"ListItem","position":1,"name":"Portada","item":"https:\/\/addinformatica.com\/ca\/"},{"@type":"ListItem","position":2,"name":"Events","item":"https:\/\/addinformatica.com\/cursos-formacion\/"},{"@type":"ListItem","position":3,"name":"Grups i Usuaris. Gesti\u00f3 de Seguretat"}]},{"@type":"WebSite","@id":"https:\/\/addinformatica.com\/#website","url":"https:\/\/addinformatica.com\/","name":"ResiPlus","description":"Software de gesti\u00f3n de residencias, centros de d\u00eda y discapacitados | ResiPlus","potentialAction":[{"@type":"SearchAction","target":{"@type":"EntryPoint","urlTemplate":"https:\/\/addinformatica.com\/?s={search_term_string}"},"query-input":{"@type":"PropertyValueSpecification","valueRequired":true,"valueName":"search_term_string"}}],"inLanguage":"ca"}]}},"_links":{"self":[{"href":"https:\/\/addinformatica.com\/ca\/wp-json\/wp\/v2\/ajde_events\/59081","targetHints":{"allow":["GET"]}}],"collection":[{"href":"https:\/\/addinformatica.com\/ca\/wp-json\/wp\/v2\/ajde_events"}],"about":[{"href":"https:\/\/addinformatica.com\/ca\/wp-json\/wp\/v2\/types\/ajde_events"}],"author":[{"embeddable":true,"href":"https:\/\/addinformatica.com\/ca\/wp-json\/wp\/v2\/users\/1"}],"replies":[{"embeddable":true,"href":"https:\/\/addinformatica.com\/ca\/wp-json\/wp\/v2\/comments?post=59081"}],"wp:featuredmedia":[{"embeddable":true,"href":"https:\/\/addinformatica.com\/ca\/wp-json\/wp\/v2\/media\/26256"}],"wp:attachment":[{"href":"https:\/\/addinformatica.com\/ca\/wp-json\/wp\/v2\/media?parent=59081"}],"wp:term":[{"taxonomy":"post_tag","embeddable":true,"href":"https:\/\/addinformatica.com\/ca\/wp-json\/wp\/v2\/tags?post=59081"},{"taxonomy":"event_type","embeddable":true,"href":"https:\/\/addinformatica.com\/ca\/wp-json\/wp\/v2\/event_type?post=59081"},{"taxonomy":"event_type_2","embeddable":true,"href":"https:\/\/addinformatica.com\/ca\/wp-json\/wp\/v2\/event_type_2?post=59081"}],"curies":[{"name":"wp","href":"https:\/\/api.w.org\/{rel}","templated":true}]}}