{"id":32151,"date":"2024-04-23T06:37:06","date_gmt":"2024-04-23T06:37:06","guid":{"rendered":"https:\/\/addinformatica.com\/cursos-formacion\/liderazgo-y-humanizacion\/"},"modified":"2024-04-24T05:52:07","modified_gmt":"2024-04-24T05:52:07","slug":"lideratge-i-humanitzacio","status":"publish","type":"ajde_events","link":"https:\/\/addinformatica.com\/ca\/cursos-formacion\/lideratge-i-humanitzacio\/","title":{"rendered":"Lideratge i humanitzaci\u00f3"},"content":{"rendered":"<p><strong>Contingut:<\/strong><br \/>\nCom humanitzar el m\u00f3n de les organitzacions en l&#8217;\u00e0mbit sociosanitari? Quines claus ajuden a humanitzar el lideratge? Qu\u00e8 significa gestionar amb cor?<\/p>\n<p><strong>Ponent:<\/strong><br \/>\nJos\u00e9 Carlos Bermejo Higuera \u00e9s Doctor en Teologia Pastoral Sanit\u00e0ria, M\u00e0ster en Counselling, M\u00e0ster en Bio\u00e8tica, Postgrau de Gesti\u00f3 de Resid\u00e8ncies i Servicis per a Persones Majors. Actualment, \u00e9s director del Centre d&#8217;Humanitzaci\u00f3 de la Salut, Director del Centre Assistencial Sant Camilo, Professor Universitat Ram\u00f3n Llull (Barcelona, Pere Tarr\u00e9s) Professor Universitat Cat\u00f2lica Portugal (Lisboa) Professor Pontif\u00edcia Universitat de Salamanca (seu Madrid). Habitualment imparteix formaci\u00f3 sobre: Counselling, dol, bio\u00e8tica, pastoral de la salut. Es descriu com una persona apassionada, treballadora, reflexiva, accessible i creativa.<\/p>\n<p><strong>Destinataris:<\/strong><br \/>\nProfessionals del sector sociosanitari.<\/p>\n<p><strong>ID del seminario web:<\/strong> 966-947-091<\/p>\n<p><strong>Usuarios ResiPlus<sup>\u00ae<\/sup> &#8211; Inscripci\u00f3n gratuita<\/strong><\/p>\n\n\n<a href=\"https:\/\/register.gotowebinar.com\/register\/724064030001872733\" target=\"_blank\" class=\"button primary\" rel=\"noopener\" style=\"border-radius:99px;\">\n\t\t<span>INSCR\u00cdBASE<\/span>\n\t<\/a>\n\n","protected":false},"author":1,"featured_media":30709,"menu_order":0,"comment_status":"closed","ping_status":"closed","template":"","meta":{"_acf_changed":false},"tags":[],"event_type":[],"event_type_2":[],"class_list":["post-32151","ajde_events","type-ajde_events","status-publish","has-post-thumbnail","hentry"],"acf":[],"yoast_head":"<!-- This site is optimized with the Yoast SEO plugin v27.4 - https:\/\/yoast.com\/product\/yoast-seo-wordpress\/ -->\n<title>Lideratge i humanitzaci\u00f3 - ResiPlus<\/title>\n<meta name=\"robots\" content=\"index, follow, max-snippet:-1, max-image-preview:large, max-video-preview:-1\" \/>\n<link rel=\"canonical\" href=\"https:\/\/addinformatica.com\/ca\/cursos-formacion\/lideratge-i-humanitzacio\/\" \/>\n<meta property=\"og:locale\" content=\"ca_ES\" \/>\n<meta property=\"og:type\" content=\"article\" \/>\n<meta property=\"og:title\" content=\"Lideratge i humanitzaci\u00f3 - ResiPlus\" \/>\n<meta property=\"og:description\" content=\"Contingut: Com humanitzar el m\u00f3n de les organitzacions en l&#8217;\u00e0mbit sociosanitari? Quines claus ajuden a humanitzar el lideratge? Qu\u00e8 significa gestionar amb cor? Ponent: Jos\u00e9 Carlos Bermejo Higuera \u00e9s Doctor en Teologia Pastoral Sanit\u00e0ria, M\u00e0ster en Counselling, M\u00e0ster en Bio\u00e8tica, Postgrau de Gesti\u00f3 de Resid\u00e8ncies i Servicis per a Persones Majors. Actualment, \u00e9s director del [...]\" \/>\n<meta property=\"og:url\" content=\"https:\/\/addinformatica.com\/ca\/cursos-formacion\/lideratge-i-humanitzacio\/\" \/>\n<meta property=\"og:site_name\" content=\"ResiPlus\" \/>\n<meta property=\"article:modified_time\" content=\"2024-04-24T05:52:07+00:00\" \/>\n<meta property=\"og:image\" content=\"https:\/\/addinformatica.com\/wp-content\/uploads\/2023\/10\/curso-centro-humanizacion-salud.gif\" \/>\n\t<meta property=\"og:image:width\" content=\"400\" \/>\n\t<meta property=\"og:image:height\" content=\"400\" \/>\n\t<meta property=\"og:image:type\" content=\"image\/gif\" \/>\n<meta name=\"twitter:card\" content=\"summary_large_image\" \/>\n<meta name=\"twitter:label1\" content=\"Temps estimat de lectura\" \/>\n\t<meta name=\"twitter:data1\" content=\"1 minut\" \/>\n<script type=\"application\/ld+json\" class=\"yoast-schema-graph\">{\"@context\":\"https:\\\/\\\/schema.org\",\"@graph\":[{\"@type\":\"WebPage\",\"@id\":\"https:\\\/\\\/addinformatica.com\\\/ca\\\/cursos-formacion\\\/lideratge-i-humanitzacio\\\/\",\"url\":\"https:\\\/\\\/addinformatica.com\\\/ca\\\/cursos-formacion\\\/lideratge-i-humanitzacio\\\/\",\"name\":\"Lideratge i humanitzaci\u00f3 - ResiPlus\",\"isPartOf\":{\"@id\":\"https:\\\/\\\/addinformatica.com\\\/#website\"},\"primaryImageOfPage\":{\"@id\":\"https:\\\/\\\/addinformatica.com\\\/ca\\\/cursos-formacion\\\/lideratge-i-humanitzacio\\\/#primaryimage\"},\"image\":{\"@id\":\"https:\\\/\\\/addinformatica.com\\\/ca\\\/cursos-formacion\\\/lideratge-i-humanitzacio\\\/#primaryimage\"},\"thumbnailUrl\":\"https:\\\/\\\/addinformatica.com\\\/wp-content\\\/uploads\\\/2023\\\/10\\\/curso-centro-humanizacion-salud.gif\",\"datePublished\":\"2024-04-23T06:37:06+00:00\",\"dateModified\":\"2024-04-24T05:52:07+00:00\",\"breadcrumb\":{\"@id\":\"https:\\\/\\\/addinformatica.com\\\/ca\\\/cursos-formacion\\\/lideratge-i-humanitzacio\\\/#breadcrumb\"},\"inLanguage\":\"ca\",\"potentialAction\":[{\"@type\":\"ReadAction\",\"target\":[\"https:\\\/\\\/addinformatica.com\\\/ca\\\/cursos-formacion\\\/lideratge-i-humanitzacio\\\/\"]}]},{\"@type\":\"ImageObject\",\"inLanguage\":\"ca\",\"@id\":\"https:\\\/\\\/addinformatica.com\\\/ca\\\/cursos-formacion\\\/lideratge-i-humanitzacio\\\/#primaryimage\",\"url\":\"https:\\\/\\\/addinformatica.com\\\/wp-content\\\/uploads\\\/2023\\\/10\\\/curso-centro-humanizacion-salud.gif\",\"contentUrl\":\"https:\\\/\\\/addinformatica.com\\\/wp-content\\\/uploads\\\/2023\\\/10\\\/curso-centro-humanizacion-salud.gif\",\"width\":400,\"height\":400},{\"@type\":\"BreadcrumbList\",\"@id\":\"https:\\\/\\\/addinformatica.com\\\/ca\\\/cursos-formacion\\\/lideratge-i-humanitzacio\\\/#breadcrumb\",\"itemListElement\":[{\"@type\":\"ListItem\",\"position\":1,\"name\":\"Portada\",\"item\":\"https:\\\/\\\/addinformatica.com\\\/ca\\\/\"},{\"@type\":\"ListItem\",\"position\":2,\"name\":\"Events\",\"item\":\"https:\\\/\\\/addinformatica.com\\\/cursos-formacion\\\/\"},{\"@type\":\"ListItem\",\"position\":3,\"name\":\"Lideratge i humanitzaci\u00f3\"}]},{\"@type\":\"WebSite\",\"@id\":\"https:\\\/\\\/addinformatica.com\\\/#website\",\"url\":\"https:\\\/\\\/addinformatica.com\\\/\",\"name\":\"ResiPlus\",\"description\":\"Software de gesti\u00f3n de residencias, centros de d\u00eda y discapacitados | ResiPlus\",\"potentialAction\":[{\"@type\":\"SearchAction\",\"target\":{\"@type\":\"EntryPoint\",\"urlTemplate\":\"https:\\\/\\\/addinformatica.com\\\/?s={search_term_string}\"},\"query-input\":{\"@type\":\"PropertyValueSpecification\",\"valueRequired\":true,\"valueName\":\"search_term_string\"}}],\"inLanguage\":\"ca\"}]}<\/script>\n<!-- \/ Yoast SEO plugin. -->","yoast_head_json":{"title":"Lideratge i humanitzaci\u00f3 - ResiPlus","robots":{"index":"index","follow":"follow","max-snippet":"max-snippet:-1","max-image-preview":"max-image-preview:large","max-video-preview":"max-video-preview:-1"},"canonical":"https:\/\/addinformatica.com\/ca\/cursos-formacion\/lideratge-i-humanitzacio\/","og_locale":"ca_ES","og_type":"article","og_title":"Lideratge i humanitzaci\u00f3 - ResiPlus","og_description":"Contingut: Com humanitzar el m\u00f3n de les organitzacions en l&#8217;\u00e0mbit sociosanitari? Quines claus ajuden a humanitzar el lideratge? Qu\u00e8 significa gestionar amb cor? Ponent: Jos\u00e9 Carlos Bermejo Higuera \u00e9s Doctor en Teologia Pastoral Sanit\u00e0ria, M\u00e0ster en Counselling, M\u00e0ster en Bio\u00e8tica, Postgrau de Gesti\u00f3 de Resid\u00e8ncies i Servicis per a Persones Majors. Actualment, \u00e9s director del [...]","og_url":"https:\/\/addinformatica.com\/ca\/cursos-formacion\/lideratge-i-humanitzacio\/","og_site_name":"ResiPlus","article_modified_time":"2024-04-24T05:52:07+00:00","og_image":[{"width":400,"height":400,"url":"https:\/\/addinformatica.com\/wp-content\/uploads\/2023\/10\/curso-centro-humanizacion-salud.gif","type":"image\/gif"}],"twitter_card":"summary_large_image","twitter_misc":{"Temps estimat de lectura":"1 minut"},"schema":{"@context":"https:\/\/schema.org","@graph":[{"@type":"WebPage","@id":"https:\/\/addinformatica.com\/ca\/cursos-formacion\/lideratge-i-humanitzacio\/","url":"https:\/\/addinformatica.com\/ca\/cursos-formacion\/lideratge-i-humanitzacio\/","name":"Lideratge i humanitzaci\u00f3 - ResiPlus","isPartOf":{"@id":"https:\/\/addinformatica.com\/#website"},"primaryImageOfPage":{"@id":"https:\/\/addinformatica.com\/ca\/cursos-formacion\/lideratge-i-humanitzacio\/#primaryimage"},"image":{"@id":"https:\/\/addinformatica.com\/ca\/cursos-formacion\/lideratge-i-humanitzacio\/#primaryimage"},"thumbnailUrl":"https:\/\/addinformatica.com\/wp-content\/uploads\/2023\/10\/curso-centro-humanizacion-salud.gif","datePublished":"2024-04-23T06:37:06+00:00","dateModified":"2024-04-24T05:52:07+00:00","breadcrumb":{"@id":"https:\/\/addinformatica.com\/ca\/cursos-formacion\/lideratge-i-humanitzacio\/#breadcrumb"},"inLanguage":"ca","potentialAction":[{"@type":"ReadAction","target":["https:\/\/addinformatica.com\/ca\/cursos-formacion\/lideratge-i-humanitzacio\/"]}]},{"@type":"ImageObject","inLanguage":"ca","@id":"https:\/\/addinformatica.com\/ca\/cursos-formacion\/lideratge-i-humanitzacio\/#primaryimage","url":"https:\/\/addinformatica.com\/wp-content\/uploads\/2023\/10\/curso-centro-humanizacion-salud.gif","contentUrl":"https:\/\/addinformatica.com\/wp-content\/uploads\/2023\/10\/curso-centro-humanizacion-salud.gif","width":400,"height":400},{"@type":"BreadcrumbList","@id":"https:\/\/addinformatica.com\/ca\/cursos-formacion\/lideratge-i-humanitzacio\/#breadcrumb","itemListElement":[{"@type":"ListItem","position":1,"name":"Portada","item":"https:\/\/addinformatica.com\/ca\/"},{"@type":"ListItem","position":2,"name":"Events","item":"https:\/\/addinformatica.com\/cursos-formacion\/"},{"@type":"ListItem","position":3,"name":"Lideratge i humanitzaci\u00f3"}]},{"@type":"WebSite","@id":"https:\/\/addinformatica.com\/#website","url":"https:\/\/addinformatica.com\/","name":"ResiPlus","description":"Software de gesti\u00f3n de residencias, centros de d\u00eda y discapacitados | ResiPlus","potentialAction":[{"@type":"SearchAction","target":{"@type":"EntryPoint","urlTemplate":"https:\/\/addinformatica.com\/?s={search_term_string}"},"query-input":{"@type":"PropertyValueSpecification","valueRequired":true,"valueName":"search_term_string"}}],"inLanguage":"ca"}]}},"_links":{"self":[{"href":"https:\/\/addinformatica.com\/ca\/wp-json\/wp\/v2\/ajde_events\/32151","targetHints":{"allow":["GET"]}}],"collection":[{"href":"https:\/\/addinformatica.com\/ca\/wp-json\/wp\/v2\/ajde_events"}],"about":[{"href":"https:\/\/addinformatica.com\/ca\/wp-json\/wp\/v2\/types\/ajde_events"}],"author":[{"embeddable":true,"href":"https:\/\/addinformatica.com\/ca\/wp-json\/wp\/v2\/users\/1"}],"replies":[{"embeddable":true,"href":"https:\/\/addinformatica.com\/ca\/wp-json\/wp\/v2\/comments?post=32151"}],"wp:featuredmedia":[{"embeddable":true,"href":"https:\/\/addinformatica.com\/ca\/wp-json\/wp\/v2\/media\/30709"}],"wp:attachment":[{"href":"https:\/\/addinformatica.com\/ca\/wp-json\/wp\/v2\/media?parent=32151"}],"wp:term":[{"taxonomy":"post_tag","embeddable":true,"href":"https:\/\/addinformatica.com\/ca\/wp-json\/wp\/v2\/tags?post=32151"},{"taxonomy":"event_type","embeddable":true,"href":"https:\/\/addinformatica.com\/ca\/wp-json\/wp\/v2\/event_type?post=32151"},{"taxonomy":"event_type_2","embeddable":true,"href":"https:\/\/addinformatica.com\/ca\/wp-json\/wp\/v2\/event_type_2?post=32151"}],"curies":[{"name":"wp","href":"https:\/\/api.w.org\/{rel}","templated":true}]}}